{"id":2593,"date":"2026-01-07T12:44:58","date_gmt":"2026-01-07T11:44:58","guid":{"rendered":"https:\/\/www.regionsaris.sk\/?post_type=nabozensky-turizmus&#038;p=2593"},"modified":"2026-02-05T13:48:26","modified_gmt":"2026-02-05T12:48:26","slug":"dreveny-greckokatolicky-chram-ochrany-presvatej-bohorodicky-z-obce-mikulasova-bardejovske-kupele","status":"publish","type":"nabozensky-turizmus","link":"https:\/\/www.regionsaris.sk\/hu\/nabozensky-turizmus\/dreveny-greckokatolicky-chram-ochrany-presvatej-bohorodicky-z-obce-mikulasova-bardejovske-kupele\/","title":{"rendered":"G\u00f6r\u00f6gkatolikus fatemplom a Legszentebb Sz\u0171zanya oltalm\u00e1nak templom\u00e1r\u00f3l, Mikul\u00e1\u0161ov\u00e1 (Bardejovsk\u00e9 K\u00fapele) falub\u00f3l."},"content":{"rendered":"<p>Az eredeti fatemplom ismeretlen felszentel\u00e9s\u0171 volt, 1701-ben \u00e9p\u00fclt. \u00dagy v\u00e9lik, hogy 1727-ben t\u0171zv\u00e9sz puszt\u00edtotta el. Ezt k\u00f6vet\u0151en azonban 1730-ban elk\u00e9sz\u00fclt egy \u00faj, szint\u00e9n fatemplom, amelyet a Legszentebb Sz\u0171zanya v\u00e9delm\u00e9re szenteltek. A templomot 1931-ben \u00e1thelyezt\u00e9k Bardejovsk\u00e9 K\u00fapel\u00e9be, ahol ma is vonzza a l\u00e1togat\u00f3k figyelm\u00e9t.<br>A templom r\u00f6nkszerkezete k\u0151alapzaton \u00e1ll, h\u00e1romr\u00e9szes, h\u00e1rom t\u00e9rrel \u00e9s h\u00e1rom toronnyal, h\u00e1rom kereszttel. A f\u0151torony oszlopos szerkezet\u0171. A m\u00e1sik kett\u0151 hagyma alak\u00fa. A f\u0151toronyban egy harang tal\u00e1lhat\u00f3. A bej\u00e1rat a nyugati r\u00e9szen tal\u00e1lhat\u00f3, \u00e9s az el\u0151csarnokba vezet.<br>Az ikonoszt\u00e1z \u00f6thaj\u00f3s, \u00f6t emeleten helyezkedik el. Az eredeti a 18. sz\u00e1zadb\u00f3l sz\u00e1rmazik, de egy r\u00e9sze a bardejovi m\u00fazeumban tal\u00e1lhat\u00f3, val\u00f3sz\u00edn\u0171leg bomlott \u00e1llapotban. Az ikonoszt\u00e1z csontv\u00e1za eredeti, ak\u00e1rcsak a c\u00e1ri ajt\u00f3, a pr\u00f3f\u00e9t\u00e1k ikonjai, a De\u00e9sis \u00e9s a f\u0151ikonok alatti ikonok (5. sor). Az ikonokr\u00f3l 2005-ben m\u00e1solatokat k\u00e9sz\u00edtettek a n\u00e9gy f\u0151ikonr\u00f3l, az \u00fcnnepek \u00e9s az apostolok ikonjair\u00f3l. A megfelel\u0151 patr\u00f3nusi ikon helyett, ismeretlen okokb\u00f3l, a Legszentebb Theotokos mennybemenetel\u00e9nek ikonja volt.<br>Az ikonoszt\u00e1zon k\u00e9tsz\u00e1rny\u00fa c\u00e1ri ajt\u00f3 tal\u00e1lhat\u00f3. A tetej\u00e9n hat medalion tal\u00e1lhat\u00f3 - n\u00e9gy evang\u00e9lista \u00e9s k\u00e9t bemond\u00f3 medalion. Ezek felett az Utols\u00f3 vacsora helyett a Mandylion l\u00e1that\u00f3. Az els\u0151, f\u0151 sorban Szent Mikl\u00f3s p\u00fcsp\u00f6k, Hodigitria Istenanya, Krisztus a Tan\u00edt\u00f3 ikonjai, az utols\u00f3 a Legszentebb Theotokos mennybemenetel\u00e9nek hib\u00e1s ikonja . Helyesen a Legszentebb Sz\u0171zanya oltalm\u00e1nak ikonja kellene, hogy legyen. A m\u00e1sodik sorban az \u00fcnnepek \u00e1br\u00e1zol\u00e1sa tal\u00e1lhat\u00f3. A harmadik sor az apostolok sora, k\u00f6z\u00e9pen Krisztus f\u0151pap, Szent Theotokos \u00e9s Keresztel\u0151 Szent J\u00e1nos. A negyedik sor n\u00e9gy medaliont tartalmaz, mindegyikben a pr\u00f3f\u00e9t\u00e1k k\u00e9t alakj\u00e1val. K\u00f6z\u00e9pen egy h\u00e1romkar\u00e9jos kereszt tal\u00e1lhat\u00f3. A f\u0151 sor alatti \u00f6t\u00f6dik sor ikonokb\u00f3l \u00e1ll: D\u00e1vid kir\u00e1ly, Izs\u00e1k fel\u00e1ldoz\u00e1sa, Judit Holofern\u00e9sz katonai t\u00e1bor\u00e1ban, Judit meg\u00f6li Holofern\u00e9szt.<br>A szent\u00e9lyben a tr\u00f3nuson a 18. sz\u00e1zadb\u00f3l sz\u00e1rmaz\u00f3 egyh\u00e1zi \u00fcnnep - a Legszentebb Sz\u0171zanya oltalma ikonja tal\u00e1lhat\u00f3.<br>A templom k\u00fclsej\u00e9t 2006-ban teljesen fel\u00faj\u00edtott\u00e1k.<\/p>\n\n\n\n<p>Forr\u00e1s: www.drevenechramy.sk<\/p>\n\n\n\n<p>F\u00e9nyk\u00e9p: OOCR r\u00e9gi\u00f3 \u0160ari\u0161 Bardejov<\/p>","protected":false},"featured_media":2594,"template":"","meta":{"_acf_changed":false},"kategoria-poi":[186,168],"lokalita":[178],"sezona-poi":[12],"trvanie-vyletu":[217],"class_list":["post-2593","nabozensky-turizmus","type-nabozensky-turizmus","status-publish","has-post-thumbnail","hentry","kategoria-poi-drevene-chramy","kategoria-poi-nabozensky-turizmus","lokalita-bardejov-a-okolie","sezona-poi-celorocne","trvanie-vyletu-kratke-vylety"],"acf":[],"yoast_head":"<!-- This site is optimized with the Yoast SEO Premium plugin v26.3 (Yoast SEO v26.8) - https:\/\/yoast.com\/product\/yoast-seo-premium-wordpress\/ -->\n<title>Dreven\u00fd gr\u00e9ckokatol\u00edcky chr\u00e1m Ochrany Presv\u00e4tej Bohorodi\u010dky, z obce Mikul\u00e1\u0161ov\u00e1 (Bardejovsk\u00e9 K\u00fapele) - OOCR \u0160ari\u0161<\/title>\n<meta name=\"robots\" content=\"index, follow, max-snippet:-1, max-image-preview:large, max-video-preview:-1\" \/>\n<link rel=\"canonical\" href=\"https:\/\/www.regionsaris.sk\/hu\/nabozensky-turizmus\/dreveny-greckokatolicky-chram-ochrany-presvatej-bohorodicky-z-obce-mikulasova-bardejovske-kupele\/\" \/>\n<meta property=\"og:locale\" content=\"hu_HU\" \/>\n<meta property=\"og:type\" content=\"article\" \/>\n<meta property=\"og:title\" content=\"Dreven\u00fd gr\u00e9ckokatol\u00edcky chr\u00e1m Ochrany Presv\u00e4tej Bohorodi\u010dky, z obce Mikul\u00e1\u0161ov\u00e1 (Bardejovsk\u00e9 K\u00fapele)\" \/>\n<meta property=\"og:description\" content=\"P\u00f4vodn\u00fd dreven\u00fd chr\u00e1m bol nezn\u00e1meho zasv\u00e4tenia, postaven\u00fd v roku 1701. Predpoklad\u00e1 sa, \u017ee zrejme v...\" \/>\n<meta property=\"og:url\" content=\"https:\/\/www.regionsaris.sk\/hu\/nabozensky-turizmus\/dreveny-greckokatolicky-chram-ochrany-presvatej-bohorodicky-z-obce-mikulasova-bardejovske-kupele\/\" \/>\n<meta property=\"og:site_name\" content=\"OOCR \u0160ari\u0161\" \/>\n<meta property=\"article:modified_time\" content=\"2026-02-05T12:48:26+00:00\" \/>\n<meta property=\"og:image\" content=\"https:\/\/www.regionsaris.sk\/wp-content\/uploads\/2026\/01\/bjkupele263-thumb.jpg\" \/>\n\t<meta property=\"og:image:width\" content=\"600\" \/>\n\t<meta property=\"og:image:height\" content=\"400\" \/>\n\t<meta property=\"og:image:type\" content=\"image\/jpeg\" \/>\n<meta name=\"twitter:card\" content=\"summary_large_image\" \/>\n<meta name=\"twitter:label1\" content=\"Becs\u00fclt olvas\u00e1si id\u0151\" \/>\n\t<meta name=\"twitter:data1\" content=\"2 perc\" \/>\n<script type=\"application\/ld+json\" class=\"yoast-schema-graph\">{\"@context\":\"https:\/\/schema.org\",\"@graph\":[{\"@type\":\"WebPage\",\"@id\":\"https:\/\/www.regionsaris.sk\/nabozensky-turizmus\/dreveny-greckokatolicky-chram-ochrany-presvatej-bohorodicky-z-obce-mikulasova-bardejovske-kupele\/\",\"url\":\"https:\/\/www.regionsaris.sk\/nabozensky-turizmus\/dreveny-greckokatolicky-chram-ochrany-presvatej-bohorodicky-z-obce-mikulasova-bardejovske-kupele\/\",\"name\":\"Dreven\u00fd gr\u00e9ckokatol\u00edcky chr\u00e1m Ochrany Presv\u00e4tej Bohorodi\u010dky, z obce Mikul\u00e1\u0161ov\u00e1 (Bardejovsk\u00e9 K\u00fapele) - OOCR \u0160ari\u0161\",\"isPartOf\":{\"@id\":\"https:\/\/www.regionsaris.sk\/#website\"},\"primaryImageOfPage\":{\"@id\":\"https:\/\/www.regionsaris.sk\/nabozensky-turizmus\/dreveny-greckokatolicky-chram-ochrany-presvatej-bohorodicky-z-obce-mikulasova-bardejovske-kupele\/#primaryimage\"},\"image\":{\"@id\":\"https:\/\/www.regionsaris.sk\/nabozensky-turizmus\/dreveny-greckokatolicky-chram-ochrany-presvatej-bohorodicky-z-obce-mikulasova-bardejovske-kupele\/#primaryimage\"},\"thumbnailUrl\":\"https:\/\/www.regionsaris.sk\/wp-content\/uploads\/2026\/01\/bjkupele263-thumb.jpg\",\"datePublished\":\"2026-01-07T11:44:58+00:00\",\"dateModified\":\"2026-02-05T12:48:26+00:00\",\"breadcrumb\":{\"@id\":\"https:\/\/www.regionsaris.sk\/nabozensky-turizmus\/dreveny-greckokatolicky-chram-ochrany-presvatej-bohorodicky-z-obce-mikulasova-bardejovske-kupele\/#breadcrumb\"},\"inLanguage\":\"hu\",\"potentialAction\":[{\"@type\":\"ReadAction\",\"target\":[\"https:\/\/www.regionsaris.sk\/nabozensky-turizmus\/dreveny-greckokatolicky-chram-ochrany-presvatej-bohorodicky-z-obce-mikulasova-bardejovske-kupele\/\"]}]},{\"@type\":\"ImageObject\",\"inLanguage\":\"hu\",\"@id\":\"https:\/\/www.regionsaris.sk\/nabozensky-turizmus\/dreveny-greckokatolicky-chram-ochrany-presvatej-bohorodicky-z-obce-mikulasova-bardejovske-kupele\/#primaryimage\",\"url\":\"https:\/\/www.regionsaris.sk\/wp-content\/uploads\/2026\/01\/bjkupele263-thumb.jpg\",\"contentUrl\":\"https:\/\/www.regionsaris.sk\/wp-content\/uploads\/2026\/01\/bjkupele263-thumb.jpg\",\"width\":600,\"height\":400},{\"@type\":\"BreadcrumbList\",\"@id\":\"https:\/\/www.regionsaris.sk\/nabozensky-turizmus\/dreveny-greckokatolicky-chram-ochrany-presvatej-bohorodicky-z-obce-mikulasova-bardejovske-kupele\/#breadcrumb\",\"itemListElement\":[{\"@type\":\"ListItem\",\"position\":1,\"name\":\"Domov\",\"item\":\"https:\/\/www.regionsaris.sk\/\"},{\"@type\":\"ListItem\",\"position\":2,\"name\":\"N\u00e1bo\u017eensk\u00fd turizmus v regi\u00f3ne\",\"item\":\"https:\/\/www.regionsaris.sk\/nabozensky-turizmus-v-regione\/\"},{\"@type\":\"ListItem\",\"position\":3,\"name\":\"Dreven\u00fd gr\u00e9ckokatol\u00edcky chr\u00e1m Ochrany Presv\u00e4tej Bohorodi\u010dky, z obce Mikul\u00e1\u0161ov\u00e1 (Bardejovsk\u00e9 K\u00fapele)\"}]},{\"@type\":\"WebSite\",\"@id\":\"https:\/\/www.regionsaris.sk\/#website\",\"url\":\"https:\/\/www.regionsaris.sk\/\",\"name\":\"OOCR \u0160ari\u0161\",\"description\":\"\",\"potentialAction\":[{\"@type\":\"SearchAction\",\"target\":{\"@type\":\"EntryPoint\",\"urlTemplate\":\"https:\/\/www.regionsaris.sk\/?s={search_term_string}\"},\"query-input\":{\"@type\":\"PropertyValueSpecification\",\"valueRequired\":true,\"valueName\":\"search_term_string\"}}],\"inLanguage\":\"hu\"}]}<\/script>\n<!-- \/ Yoast SEO Premium plugin. -->","yoast_head_json":{"title":"Dreven\u00fd gr\u00e9ckokatol\u00edcky chr\u00e1m Ochrany Presv\u00e4tej Bohorodi\u010dky, z obce Mikul\u00e1\u0161ov\u00e1 (Bardejovsk\u00e9 K\u00fapele) - OOCR \u0160ari\u0161","robots":{"index":"index","follow":"follow","max-snippet":"max-snippet:-1","max-image-preview":"max-image-preview:large","max-video-preview":"max-video-preview:-1"},"canonical":"https:\/\/www.regionsaris.sk\/hu\/nabozensky-turizmus\/dreveny-greckokatolicky-chram-ochrany-presvatej-bohorodicky-z-obce-mikulasova-bardejovske-kupele\/","og_locale":"hu_HU","og_type":"article","og_title":"Dreven\u00fd gr\u00e9ckokatol\u00edcky chr\u00e1m Ochrany Presv\u00e4tej Bohorodi\u010dky, z obce Mikul\u00e1\u0161ov\u00e1 (Bardejovsk\u00e9 K\u00fapele)","og_description":"P\u00f4vodn\u00fd dreven\u00fd chr\u00e1m bol nezn\u00e1meho zasv\u00e4tenia, postaven\u00fd v roku 1701. Predpoklad\u00e1 sa, \u017ee zrejme v...","og_url":"https:\/\/www.regionsaris.sk\/hu\/nabozensky-turizmus\/dreveny-greckokatolicky-chram-ochrany-presvatej-bohorodicky-z-obce-mikulasova-bardejovske-kupele\/","og_site_name":"OOCR \u0160ari\u0161","article_modified_time":"2026-02-05T12:48:26+00:00","og_image":[{"width":600,"height":400,"url":"https:\/\/www.regionsaris.sk\/wp-content\/uploads\/2026\/01\/bjkupele263-thumb.jpg","type":"image\/jpeg"}],"twitter_card":"summary_large_image","twitter_misc":{"Becs\u00fclt olvas\u00e1si id\u0151":"2 perc"},"schema":{"@context":"https:\/\/schema.org","@graph":[{"@type":"WebPage","@id":"https:\/\/www.regionsaris.sk\/nabozensky-turizmus\/dreveny-greckokatolicky-chram-ochrany-presvatej-bohorodicky-z-obce-mikulasova-bardejovske-kupele\/","url":"https:\/\/www.regionsaris.sk\/nabozensky-turizmus\/dreveny-greckokatolicky-chram-ochrany-presvatej-bohorodicky-z-obce-mikulasova-bardejovske-kupele\/","name":"Dreven\u00fd gr\u00e9ckokatol\u00edcky chr\u00e1m Ochrany Presv\u00e4tej Bohorodi\u010dky, z obce Mikul\u00e1\u0161ov\u00e1 (Bardejovsk\u00e9 K\u00fapele) - OOCR \u0160ari\u0161","isPartOf":{"@id":"https:\/\/www.regionsaris.sk\/#website"},"primaryImageOfPage":{"@id":"https:\/\/www.regionsaris.sk\/nabozensky-turizmus\/dreveny-greckokatolicky-chram-ochrany-presvatej-bohorodicky-z-obce-mikulasova-bardejovske-kupele\/#primaryimage"},"image":{"@id":"https:\/\/www.regionsaris.sk\/nabozensky-turizmus\/dreveny-greckokatolicky-chram-ochrany-presvatej-bohorodicky-z-obce-mikulasova-bardejovske-kupele\/#primaryimage"},"thumbnailUrl":"https:\/\/www.regionsaris.sk\/wp-content\/uploads\/2026\/01\/bjkupele263-thumb.jpg","datePublished":"2026-01-07T11:44:58+00:00","dateModified":"2026-02-05T12:48:26+00:00","breadcrumb":{"@id":"https:\/\/www.regionsaris.sk\/nabozensky-turizmus\/dreveny-greckokatolicky-chram-ochrany-presvatej-bohorodicky-z-obce-mikulasova-bardejovske-kupele\/#breadcrumb"},"inLanguage":"hu","potentialAction":[{"@type":"ReadAction","target":["https:\/\/www.regionsaris.sk\/nabozensky-turizmus\/dreveny-greckokatolicky-chram-ochrany-presvatej-bohorodicky-z-obce-mikulasova-bardejovske-kupele\/"]}]},{"@type":"ImageObject","inLanguage":"hu","@id":"https:\/\/www.regionsaris.sk\/nabozensky-turizmus\/dreveny-greckokatolicky-chram-ochrany-presvatej-bohorodicky-z-obce-mikulasova-bardejovske-kupele\/#primaryimage","url":"https:\/\/www.regionsaris.sk\/wp-content\/uploads\/2026\/01\/bjkupele263-thumb.jpg","contentUrl":"https:\/\/www.regionsaris.sk\/wp-content\/uploads\/2026\/01\/bjkupele263-thumb.jpg","width":600,"height":400},{"@type":"BreadcrumbList","@id":"https:\/\/www.regionsaris.sk\/nabozensky-turizmus\/dreveny-greckokatolicky-chram-ochrany-presvatej-bohorodicky-z-obce-mikulasova-bardejovske-kupele\/#breadcrumb","itemListElement":[{"@type":"ListItem","position":1,"name":"Domov","item":"https:\/\/www.regionsaris.sk\/"},{"@type":"ListItem","position":2,"name":"N\u00e1bo\u017eensk\u00fd turizmus v regi\u00f3ne","item":"https:\/\/www.regionsaris.sk\/nabozensky-turizmus-v-regione\/"},{"@type":"ListItem","position":3,"name":"Dreven\u00fd gr\u00e9ckokatol\u00edcky chr\u00e1m Ochrany Presv\u00e4tej Bohorodi\u010dky, z obce Mikul\u00e1\u0161ov\u00e1 (Bardejovsk\u00e9 K\u00fapele)"}]},{"@type":"WebSite","@id":"https:\/\/www.regionsaris.sk\/#website","url":"https:\/\/www.regionsaris.sk\/","name":"OOCR \u0160ari\u0161","description":"","potentialAction":[{"@type":"SearchAction","target":{"@type":"EntryPoint","urlTemplate":"https:\/\/www.regionsaris.sk\/?s={search_term_string}"},"query-input":{"@type":"PropertyValueSpecification","valueRequired":true,"valueName":"search_term_string"}}],"inLanguage":"hu"}]}},"_links":{"self":[{"href":"https:\/\/www.regionsaris.sk\/hu\/wp-json\/wp\/v2\/nabozensky-turizmus\/2593","targetHints":{"allow":["GET"]}}],"collection":[{"href":"https:\/\/www.regionsaris.sk\/hu\/wp-json\/wp\/v2\/nabozensky-turizmus"}],"about":[{"href":"https:\/\/www.regionsaris.sk\/hu\/wp-json\/wp\/v2\/types\/nabozensky-turizmus"}],"wp:featuredmedia":[{"embeddable":true,"href":"https:\/\/www.regionsaris.sk\/hu\/wp-json\/wp\/v2\/media\/2594"}],"wp:attachment":[{"href":"https:\/\/www.regionsaris.sk\/hu\/wp-json\/wp\/v2\/media?parent=2593"}],"wp:term":[{"taxonomy":"kategoria-poi","embeddable":true,"href":"https:\/\/www.regionsaris.sk\/hu\/wp-json\/wp\/v2\/kategoria-poi?post=2593"},{"taxonomy":"lokalita","embeddable":true,"href":"https:\/\/www.regionsaris.sk\/hu\/wp-json\/wp\/v2\/lokalita?post=2593"},{"taxonomy":"sezona-poi","embeddable":true,"href":"https:\/\/www.regionsaris.sk\/hu\/wp-json\/wp\/v2\/sezona-poi?post=2593"},{"taxonomy":"trvanie-vyletu","embeddable":true,"href":"https:\/\/www.regionsaris.sk\/hu\/wp-json\/wp\/v2\/trvanie-vyletu?post=2593"}],"curies":[{"name":"wp","href":"https:\/\/api.w.org\/{rel}","templated":true}]}}