{"id":2591,"date":"2026-01-07T12:44:58","date_gmt":"2026-01-07T11:44:58","guid":{"rendered":"https:\/\/www.regionsaris.sk\/?post_type=nabozensky-turizmus&#038;p=2591"},"modified":"2026-02-05T13:47:46","modified_gmt":"2026-02-05T12:47:46","slug":"dreveny-greckokatolicky-chram-svatych-kozmu-a-damiana-lukov","status":"publish","type":"nabozensky-turizmus","link":"https:\/\/www.regionsaris.sk\/hu\/nabozensky-turizmus\/dreveny-greckokatolicky-chram-svatych-kozmu-a-damiana-lukov\/","title":{"rendered":"Szent Kozma \u00e9s Damj\u00e1n g\u00f6r\u00f6gkatolikus fatemplom, Lukov"},"content":{"rendered":"<p align=\"justify\">A Szent Kozma \u00e9s Damj\u00e1n f\u00e1b\u00f3l k\u00e9sz\u00fclt g\u00f6r\u00f6gkatolikus templom 1708-ban \u00e9p\u00fclt. Val\u00f3sz\u00edn\u0171leg 1740-ben jelent\u0151sen \u00e1t\u00e9p\u00edtett\u00e9k \u00e9s \u00e1t\u00e9p\u00edtett\u00e9k, ekkor nyerte el mai form\u00e1j\u00e1t.\n<strong>K\u00fcls\u0151:\u00a0<\/strong>A terep egyenetlens\u00e9geit kiegyenl\u00edt\u0151 massz\u00edv k\u0151alapzaton \u00e1ll a f\u00e1b\u00f3l k\u00e9sz\u00fclt r\u00f6nkarchitekt\u00fara, amely a kelet-szlov\u00e1kiai fatemplomok r\u00e9gebbi k\u00f6z\u00e9ps\u0151 \u00e9s \u00fajabb hosszanti t\u00edpusa k\u00f6z\u00f6tti \u00e1tmenetet k\u00e9pviseli. H\u00e1rom t\u00e9rb\u0151l \u00e1ll - egy szent\u00e9lyb\u0151l, egy hosszanti haj\u00f3b\u00f3l \u00e9s egy nyitott el\u0151csarnokb\u00f3l, amely f\u00f6l\u00f6tt egy \u00f6nhord\u00f3, oszlopos szerkezet\u0171 torony emelkedik, tetej\u00e9n a harangok sz\u00e1m\u00e1ra kialak\u00edtott helyis\u00e9ggel. A szent\u00e9ly alatt egy kisebb pince tal\u00e1lhat\u00f3. <strong>Ez az egyetlen alagsori templom Szlov\u00e1ki\u00e1ban<\/strong>. \u00c9p\u00edt\u00e9szeti <strong>z<\/strong><strong>k\u00fcl\u00f6nlegess\u00e9ge a haj\u00f3 oldalain l\u00e9v\u0151 meghosszabb\u00edtott padl\u00e1s<\/strong>. A tet\u0151t fazsindely fedi, amelyb\u0151l nyugat fel\u00e9 h\u00e1rom torony emelkedik. Ezek ihlanoid v\u00e9gz\u0151d\u00e9s\u0171ek, tetej\u00fck\u00f6n pedig egyedi tervez\u00e9s\u0171, eredeti profiloz\u00e1s\u00fa f\u00e9mkereszteket helyeztek el.\n<strong>Bels\u0151 t\u00e9r:<\/strong> A bels\u0151 d\u00edsz\u00edt\u00e9s t\u00f6bbnyire 18. sz\u00e1zadi barokk, de vannak 16. \u00e9s 17. sz\u00e1zadi ikonok is. A k\u00f6z\u00e9pen l\u00e9v\u0151 kir\u00e1lyi ajt\u00f3 rokok\u00f3 faragv\u00e1nyokkal \u00e9s festm\u00e9nyekkel d\u00edsz\u00edtett, \u00e9s a m\u0171v\u00e9sz n\u00e9pi hat\u00e1s\u00e1r\u00f3l tan\u00faskodik. Az ikonoszt\u00e1z egy m\u00e1sik r\u00e9sze vall\u00e1si \u00fcnnepek (\u201e\u0151sszentek\u201c) sorozata, amelynek k\u00fcl\u00f6nlegess\u00e9ge Krisztus arc\u00e1nak \u00e1br\u00e1zol\u00e1sa. Ez ugyanis nem a klasszikus keleti Mandylion, hanem a nyugati Veraikon, Krisztus megk\u00ednzott arc\u00e1nak lenyomata, Veronika kend\u0151j\u00e9n t\u00f6viskoron\u00e1val. Az ikonoszt\u00e1z legfel\u00fclj\u00e9n egy szokatlan h\u00e1romdimenzi\u00f3s K\u00e1lv\u00e1ria-szobor tal\u00e1lhat\u00f3. Az olt\u00e1r az \u00fajsz\u00f6vets\u00e9gi Szenth\u00e1roms\u00e1g k\u00f6zponti k\u00e9p\u00e9vel a 18. sz\u00e1zad v\u00e9g\u00e9r\u0151l sz\u00e1rmazik. A k\u00f6rmeneti ikon a k\u00e9toldali k\u00e9pekkel a 19. sz\u00e1zadb\u00f3l sz\u00e1rmazik.\nAz egyik ikon als\u00f3 r\u00e9sz\u00e9n fennmaradt az adom\u00e1nyoz\u00f3 felirata, amelyb\u0151l kider\u00fcl, hogy 1654. j\u00falius 27-\u00e9n adom\u00e1nyozt\u00e1k a lengyelorsz\u00e1gi Nowa Wies faluban (Lukovt\u00f3l mintegy 35 km-re \u00e9szaknyugatra) tal\u00e1lhat\u00f3 Istensz\u00fcl\u0151 Sz\u0171z M\u00e1ria sz\u00fclet\u00e9se templomnak. A t\u00f6rt\u00e9nelmi forr\u00e1sok szerint ez a templom volt az. Id\u0151vel alkalmatlann\u00e1 \u00e9s feleslegess\u00e9 v\u00e1lt. Ez\u00e9rt onnan megv\u00e1s\u00e1rolt\u00e1k, elsz\u00e1ll\u00edtott\u00e1k \u00e9s \u00fajj\u00e1\u00e9p\u00edtett\u00e9k. Val\u00f3sz\u00edn\u0171leg 1708-ban szentelt\u00e9k fel \u00fajra, \u00e9s kapta meg az \u00faj v\u00e9d\u0151szentet, Szent Kozma \u00e9s Damj\u00e1nt.\nA templom eredeti berendez\u00e9sei k\u00f6z\u00f6tt volt k\u00e9t mandylion a 16. vagy 17. sz\u00e1zad v\u00e9g\u00e9r\u0151l \u00e9s egy 16. sz\u00e1zadi kir\u00e1lyi ajt\u00f3 t\u00f6red\u00e9kei. Ezeket az \u00e9rt\u00e9kes eml\u00e9keket 1968-ban a pozsonyi Szlov\u00e1k Nemzeti Gal\u00e9ri\u00e1ba sz\u00e1ll\u00edtott\u00e1k. A 16. sz\u00e1zadi mandyillon 1970-ben az els\u0151 csehszlov\u00e1k b\u00e9lyegen is szerepelt. Nem szabad elfelejten\u00fcnk azt sem, ami n\u00e9h\u00e1ny \u00e9vvel ezel\u0151tt \u00e9rte ezt a templomot, amikor a belsej\u00e9b\u0151l elloptak egy 1628-b\u00f3l sz\u00e1rmaz\u00f3 kir\u00e1lyi ajt\u00f3t, amely eredetileg a lengyelorsz\u00e1gi Leluchov faluban tal\u00e1lhat\u00f3 templomb\u00f3l sz\u00e1rmazik, \u00f6t kisebb ikont \u00e9s a v\u00e1szonra festett Keresztrefesz\u00edt\u00e9st.\nEnnek ellen\u00e9re a lukov-venyimi templom tov\u00e1bbra is \u00e9rdekes marad.<strong>\u00a0Nemzeti kultur\u00e1lis m\u0171eml\u00e9k, gazdag bels\u0151 t\u00e9rrel \u00e9s \u00e9rdekes \u00e9p\u00edt\u00e9szettel.<\/strong><\/p>\nForr\u00e1s : Lukov \u00f6nkorm\u00e1nyzata www.lukov.sk\n\nF\u00e9nyk\u00e9p: Jerzy Bednarek, Lukov v\u00e1ros \u00f6nkorm\u00e1nyzata","protected":false},"featured_media":2592,"template":"","meta":{"_acf_changed":false},"kategoria-poi":[186,168],"lokalita":[178],"sezona-poi":[12],"trvanie-vyletu":[217],"class_list":["post-2591","nabozensky-turizmus","type-nabozensky-turizmus","status-publish","has-post-thumbnail","hentry","kategoria-poi-drevene-chramy","kategoria-poi-nabozensky-turizmus","lokalita-bardejov-a-okolie","sezona-poi-celorocne","trvanie-vyletu-kratke-vylety"],"acf":[],"yoast_head":"<!-- This site is optimized with the Yoast SEO Premium plugin v26.3 (Yoast SEO v26.8) - https:\/\/yoast.com\/product\/yoast-seo-premium-wordpress\/ -->\n<title>Dreven\u00fd gr\u00e9ckokatol\u00edcky chr\u00e1m sv\u00e4t\u00fdch Kozmu a Dami\u00e1na, Lukov - OOCR \u0160ari\u0161<\/title>\n<meta name=\"robots\" content=\"index, follow, max-snippet:-1, max-image-preview:large, max-video-preview:-1\" \/>\n<link rel=\"canonical\" href=\"https:\/\/www.regionsaris.sk\/hu\/nabozensky-turizmus\/dreveny-greckokatolicky-chram-svatych-kozmu-a-damiana-lukov\/\" \/>\n<meta property=\"og:locale\" content=\"hu_HU\" \/>\n<meta property=\"og:type\" content=\"article\" \/>\n<meta property=\"og:title\" content=\"Dreven\u00fd gr\u00e9ckokatol\u00edcky chr\u00e1m sv\u00e4t\u00fdch Kozmu a Dami\u00e1na, Lukov\" \/>\n<meta property=\"og:description\" content=\"Dreven\u00fd gr\u00e9ckokatol\u00edcky chr\u00e1m sv\u00e4t\u00e9ho Kozmu a Dami\u00e1na bol postaven\u00fd v roku 1708. V roku 1740...\" \/>\n<meta property=\"og:url\" content=\"https:\/\/www.regionsaris.sk\/hu\/nabozensky-turizmus\/dreveny-greckokatolicky-chram-svatych-kozmu-a-damiana-lukov\/\" \/>\n<meta property=\"og:site_name\" content=\"OOCR \u0160ari\u0161\" \/>\n<meta property=\"article:modified_time\" content=\"2026-02-05T12:47:46+00:00\" \/>\n<meta property=\"og:image\" content=\"https:\/\/www.regionsaris.sk\/wp-content\/uploads\/2026\/01\/Lukov260-thumb.jpg\" \/>\n\t<meta property=\"og:image:width\" content=\"600\" \/>\n\t<meta property=\"og:image:height\" content=\"400\" \/>\n\t<meta property=\"og:image:type\" content=\"image\/jpeg\" \/>\n<meta name=\"twitter:card\" content=\"summary_large_image\" \/>\n<meta name=\"twitter:label1\" content=\"Becs\u00fclt olvas\u00e1si id\u0151\" \/>\n\t<meta name=\"twitter:data1\" content=\"3 perc\" \/>\n<script type=\"application\/ld+json\" class=\"yoast-schema-graph\">{\"@context\":\"https:\/\/schema.org\",\"@graph\":[{\"@type\":\"WebPage\",\"@id\":\"https:\/\/www.regionsaris.sk\/nabozensky-turizmus\/dreveny-greckokatolicky-chram-svatych-kozmu-a-damiana-lukov\/\",\"url\":\"https:\/\/www.regionsaris.sk\/nabozensky-turizmus\/dreveny-greckokatolicky-chram-svatych-kozmu-a-damiana-lukov\/\",\"name\":\"Dreven\u00fd gr\u00e9ckokatol\u00edcky chr\u00e1m sv\u00e4t\u00fdch Kozmu a Dami\u00e1na, Lukov - OOCR \u0160ari\u0161\",\"isPartOf\":{\"@id\":\"https:\/\/www.regionsaris.sk\/#website\"},\"primaryImageOfPage\":{\"@id\":\"https:\/\/www.regionsaris.sk\/nabozensky-turizmus\/dreveny-greckokatolicky-chram-svatych-kozmu-a-damiana-lukov\/#primaryimage\"},\"image\":{\"@id\":\"https:\/\/www.regionsaris.sk\/nabozensky-turizmus\/dreveny-greckokatolicky-chram-svatych-kozmu-a-damiana-lukov\/#primaryimage\"},\"thumbnailUrl\":\"https:\/\/www.regionsaris.sk\/wp-content\/uploads\/2026\/01\/Lukov260-thumb.jpg\",\"datePublished\":\"2026-01-07T11:44:58+00:00\",\"dateModified\":\"2026-02-05T12:47:46+00:00\",\"breadcrumb\":{\"@id\":\"https:\/\/www.regionsaris.sk\/nabozensky-turizmus\/dreveny-greckokatolicky-chram-svatych-kozmu-a-damiana-lukov\/#breadcrumb\"},\"inLanguage\":\"hu\",\"potentialAction\":[{\"@type\":\"ReadAction\",\"target\":[\"https:\/\/www.regionsaris.sk\/nabozensky-turizmus\/dreveny-greckokatolicky-chram-svatych-kozmu-a-damiana-lukov\/\"]}]},{\"@type\":\"ImageObject\",\"inLanguage\":\"hu\",\"@id\":\"https:\/\/www.regionsaris.sk\/nabozensky-turizmus\/dreveny-greckokatolicky-chram-svatych-kozmu-a-damiana-lukov\/#primaryimage\",\"url\":\"https:\/\/www.regionsaris.sk\/wp-content\/uploads\/2026\/01\/Lukov260-thumb.jpg\",\"contentUrl\":\"https:\/\/www.regionsaris.sk\/wp-content\/uploads\/2026\/01\/Lukov260-thumb.jpg\",\"width\":600,\"height\":400},{\"@type\":\"BreadcrumbList\",\"@id\":\"https:\/\/www.regionsaris.sk\/nabozensky-turizmus\/dreveny-greckokatolicky-chram-svatych-kozmu-a-damiana-lukov\/#breadcrumb\",\"itemListElement\":[{\"@type\":\"ListItem\",\"position\":1,\"name\":\"Domov\",\"item\":\"https:\/\/www.regionsaris.sk\/\"},{\"@type\":\"ListItem\",\"position\":2,\"name\":\"N\u00e1bo\u017eensk\u00fd turizmus v regi\u00f3ne\",\"item\":\"https:\/\/www.regionsaris.sk\/nabozensky-turizmus-v-regione\/\"},{\"@type\":\"ListItem\",\"position\":3,\"name\":\"Dreven\u00fd gr\u00e9ckokatol\u00edcky chr\u00e1m sv\u00e4t\u00fdch Kozmu a Dami\u00e1na, Lukov\"}]},{\"@type\":\"WebSite\",\"@id\":\"https:\/\/www.regionsaris.sk\/#website\",\"url\":\"https:\/\/www.regionsaris.sk\/\",\"name\":\"OOCR \u0160ari\u0161\",\"description\":\"\",\"potentialAction\":[{\"@type\":\"SearchAction\",\"target\":{\"@type\":\"EntryPoint\",\"urlTemplate\":\"https:\/\/www.regionsaris.sk\/?s={search_term_string}\"},\"query-input\":{\"@type\":\"PropertyValueSpecification\",\"valueRequired\":true,\"valueName\":\"search_term_string\"}}],\"inLanguage\":\"hu\"}]}<\/script>\n<!-- \/ Yoast SEO Premium plugin. -->","yoast_head_json":{"title":"Dreven\u00fd gr\u00e9ckokatol\u00edcky chr\u00e1m sv\u00e4t\u00fdch Kozmu a Dami\u00e1na, Lukov - OOCR \u0160ari\u0161","robots":{"index":"index","follow":"follow","max-snippet":"max-snippet:-1","max-image-preview":"max-image-preview:large","max-video-preview":"max-video-preview:-1"},"canonical":"https:\/\/www.regionsaris.sk\/hu\/nabozensky-turizmus\/dreveny-greckokatolicky-chram-svatych-kozmu-a-damiana-lukov\/","og_locale":"hu_HU","og_type":"article","og_title":"Dreven\u00fd gr\u00e9ckokatol\u00edcky chr\u00e1m sv\u00e4t\u00fdch Kozmu a Dami\u00e1na, Lukov","og_description":"Dreven\u00fd gr\u00e9ckokatol\u00edcky chr\u00e1m sv\u00e4t\u00e9ho Kozmu a Dami\u00e1na bol postaven\u00fd v roku 1708. V roku 1740...","og_url":"https:\/\/www.regionsaris.sk\/hu\/nabozensky-turizmus\/dreveny-greckokatolicky-chram-svatych-kozmu-a-damiana-lukov\/","og_site_name":"OOCR \u0160ari\u0161","article_modified_time":"2026-02-05T12:47:46+00:00","og_image":[{"width":600,"height":400,"url":"https:\/\/www.regionsaris.sk\/wp-content\/uploads\/2026\/01\/Lukov260-thumb.jpg","type":"image\/jpeg"}],"twitter_card":"summary_large_image","twitter_misc":{"Becs\u00fclt olvas\u00e1si id\u0151":"3 perc"},"schema":{"@context":"https:\/\/schema.org","@graph":[{"@type":"WebPage","@id":"https:\/\/www.regionsaris.sk\/nabozensky-turizmus\/dreveny-greckokatolicky-chram-svatych-kozmu-a-damiana-lukov\/","url":"https:\/\/www.regionsaris.sk\/nabozensky-turizmus\/dreveny-greckokatolicky-chram-svatych-kozmu-a-damiana-lukov\/","name":"Dreven\u00fd gr\u00e9ckokatol\u00edcky chr\u00e1m sv\u00e4t\u00fdch Kozmu a Dami\u00e1na, Lukov - OOCR \u0160ari\u0161","isPartOf":{"@id":"https:\/\/www.regionsaris.sk\/#website"},"primaryImageOfPage":{"@id":"https:\/\/www.regionsaris.sk\/nabozensky-turizmus\/dreveny-greckokatolicky-chram-svatych-kozmu-a-damiana-lukov\/#primaryimage"},"image":{"@id":"https:\/\/www.regionsaris.sk\/nabozensky-turizmus\/dreveny-greckokatolicky-chram-svatych-kozmu-a-damiana-lukov\/#primaryimage"},"thumbnailUrl":"https:\/\/www.regionsaris.sk\/wp-content\/uploads\/2026\/01\/Lukov260-thumb.jpg","datePublished":"2026-01-07T11:44:58+00:00","dateModified":"2026-02-05T12:47:46+00:00","breadcrumb":{"@id":"https:\/\/www.regionsaris.sk\/nabozensky-turizmus\/dreveny-greckokatolicky-chram-svatych-kozmu-a-damiana-lukov\/#breadcrumb"},"inLanguage":"hu","potentialAction":[{"@type":"ReadAction","target":["https:\/\/www.regionsaris.sk\/nabozensky-turizmus\/dreveny-greckokatolicky-chram-svatych-kozmu-a-damiana-lukov\/"]}]},{"@type":"ImageObject","inLanguage":"hu","@id":"https:\/\/www.regionsaris.sk\/nabozensky-turizmus\/dreveny-greckokatolicky-chram-svatych-kozmu-a-damiana-lukov\/#primaryimage","url":"https:\/\/www.regionsaris.sk\/wp-content\/uploads\/2026\/01\/Lukov260-thumb.jpg","contentUrl":"https:\/\/www.regionsaris.sk\/wp-content\/uploads\/2026\/01\/Lukov260-thumb.jpg","width":600,"height":400},{"@type":"BreadcrumbList","@id":"https:\/\/www.regionsaris.sk\/nabozensky-turizmus\/dreveny-greckokatolicky-chram-svatych-kozmu-a-damiana-lukov\/#breadcrumb","itemListElement":[{"@type":"ListItem","position":1,"name":"Domov","item":"https:\/\/www.regionsaris.sk\/"},{"@type":"ListItem","position":2,"name":"N\u00e1bo\u017eensk\u00fd turizmus v regi\u00f3ne","item":"https:\/\/www.regionsaris.sk\/nabozensky-turizmus-v-regione\/"},{"@type":"ListItem","position":3,"name":"Dreven\u00fd gr\u00e9ckokatol\u00edcky chr\u00e1m sv\u00e4t\u00fdch Kozmu a Dami\u00e1na, Lukov"}]},{"@type":"WebSite","@id":"https:\/\/www.regionsaris.sk\/#website","url":"https:\/\/www.regionsaris.sk\/","name":"OOCR \u0160ari\u0161","description":"","potentialAction":[{"@type":"SearchAction","target":{"@type":"EntryPoint","urlTemplate":"https:\/\/www.regionsaris.sk\/?s={search_term_string}"},"query-input":{"@type":"PropertyValueSpecification","valueRequired":true,"valueName":"search_term_string"}}],"inLanguage":"hu"}]}},"_links":{"self":[{"href":"https:\/\/www.regionsaris.sk\/hu\/wp-json\/wp\/v2\/nabozensky-turizmus\/2591","targetHints":{"allow":["GET"]}}],"collection":[{"href":"https:\/\/www.regionsaris.sk\/hu\/wp-json\/wp\/v2\/nabozensky-turizmus"}],"about":[{"href":"https:\/\/www.regionsaris.sk\/hu\/wp-json\/wp\/v2\/types\/nabozensky-turizmus"}],"wp:featuredmedia":[{"embeddable":true,"href":"https:\/\/www.regionsaris.sk\/hu\/wp-json\/wp\/v2\/media\/2592"}],"wp:attachment":[{"href":"https:\/\/www.regionsaris.sk\/hu\/wp-json\/wp\/v2\/media?parent=2591"}],"wp:term":[{"taxonomy":"kategoria-poi","embeddable":true,"href":"https:\/\/www.regionsaris.sk\/hu\/wp-json\/wp\/v2\/kategoria-poi?post=2591"},{"taxonomy":"lokalita","embeddable":true,"href":"https:\/\/www.regionsaris.sk\/hu\/wp-json\/wp\/v2\/lokalita?post=2591"},{"taxonomy":"sezona-poi","embeddable":true,"href":"https:\/\/www.regionsaris.sk\/hu\/wp-json\/wp\/v2\/sezona-poi?post=2591"},{"taxonomy":"trvanie-vyletu","embeddable":true,"href":"https:\/\/www.regionsaris.sk\/hu\/wp-json\/wp\/v2\/trvanie-vyletu?post=2591"}],"curies":[{"name":"wp","href":"https:\/\/api.w.org\/{rel}","templated":true}]}}