{"id":2589,"date":"2026-01-07T12:44:59","date_gmt":"2026-01-07T11:44:59","guid":{"rendered":"https:\/\/www.regionsaris.sk\/?post_type=nabozensky-turizmus&#038;p=2589"},"modified":"2026-02-05T13:47:27","modified_gmt":"2026-02-05T12:47:27","slug":"dreveny-greckokatolicky-chram-svateho-lukasa-krive","status":"publish","type":"nabozensky-turizmus","link":"https:\/\/www.regionsaris.sk\/hu\/nabozensky-turizmus\/dreveny-greckokatolicky-chram-svateho-lukasa-krive\/","title":{"rendered":"Szent Luk\u00e1cs g\u00f6r\u00f6gkatolikus fatemplom, Krive"},"content":{"rendered":"<p>A Kriv\u00e9 faluban tal\u00e1lhat\u00f3, Luk\u00e1cs apostol \u00e9s evang\u00e9lista tisztelet\u00e9re szentelt g\u00f6r\u00f6gkatolikus fatemplomra jellemz\u0151 a t\u00f6m\u00f6rs\u00e9g \u00e9s az egyszer\u0171s\u00e9g.<br>A r\u00f6nkszerkezet k\u0151alapzaton \u00e1ll, amely a nyugati oldalon elt\u0171nik. Az eg\u00e9sz \u00e9p\u00fclet egys\u00e9ges t\u00e9glalap alaprajz\u00fa, soksz\u00f6glet\u0171 szent\u00e9llyel, ny\u00fajtott haj\u00f3val \u00e9s n\u00e9gyzetes toronnyal. A torony a narthexb\u0151l emelkedik ki, f\u00fcgg\u0151legesen lamb\u00e9ri\u00e1zott \u00e9s d\u00edsz\u00edtett, \u00e9s egy barokk l\u00e1mp\u00e1s tetej\u00e9n pipacs \u00e9s kereszt l\u00e1that\u00f3. Belsej\u00e9ben k\u00e9t harang tal\u00e1lhat\u00f3. Az egyik harang 1826-b\u00f3l sz\u00e1rmazik, a templom \u00e9p\u00edt\u00e9s\u00e9nek \u00e9v\u00e9b\u0151l. A templomot egyszer\u0171 nyeregtet\u0151vel fedt\u00e9k be, \u00edgy elvesz\u00edtette a k\u00f6rny\u00e9k k\u00f6rnyez\u0151 \u00e9p\u00fcleteire oly jellemz\u0151 h\u00e1romtornyos megjelen\u00e9st. A szent\u00e9ly \u00e9s a haj\u00f3 zsindelyez\u00e9s\u00e9nek, valamint a narthex lemezel\u00e9s\u00e9nek k\u00f6sz\u00f6nhet\u0151en a templom egy egybe\u00e9p\u00edtett \u00e9p\u00fclet benyom\u00e1s\u00e1t kelti.<br>Val\u00f3j\u00e1ban ez egy h\u00e1romter\u0171 \u00e9p\u00fclet. A bej\u00e1rati r\u00e9szt csarnoknak, a k\u00f6znyelvben magt\u00e1rnak nevezik. R\u00e9gen ez a katekumenek \u00e9s a b\u0171nb\u00e1n\u00f3k sz\u00e1m\u00e1ra fenntartott hely volt. Szimbolikusan a purgat\u00f3riumot vagy a szenved\u0151 egyh\u00e1zat jelk\u00e9pezi.<br>A k\u00f6vetkez\u0151 r\u00e9sz a haj\u00f3. Itt \u00f6sszpontosulnak a szertart\u00e1sokon r\u00e9szt vev\u0151 h\u00edvek. Szimbolikusan a v\u00e1ndorl\u00f3 egyh\u00e1zat, azaz a f\u00f6ld\u00f6n \u00e9l\u0151 kereszt\u00e9nyeket jelk\u00e9pezi. A harmadik r\u00e9szt, amely az ikonoszt\u00e1z - a k\u00e9pfal - m\u00f6g\u00f6tt tal\u00e1lhat\u00f3, szent\u00e9lynek nevezik. Ez a mennyek orsz\u00e1g\u00e1t - a paradicsomot \u00e9s egyben a mennyben diadalmaskod\u00f3 megdics\u0151\u00fclt Egyh\u00e1zat jelk\u00e9pezi. Az \u00e9rt\u00e9kes ikonoszt\u00e1z k\u00fcl\u00f6nb\u00f6z\u0151 korszakokb\u00f3l sz\u00e1rmaz\u00f3 ikonokb\u00f3l \u00e1ll. A f\u0151 sorban k\u00f6z\u00e9pen faragott kir\u00e1lyi ajt\u00f3k vannak, az evang\u00e9list\u00e1k medalionjaival \u00e9s az Annunci\u00e1ci\u00f3 jeleneteivel. Szent Mikl\u00f3s, Hodigitria Istenanya, Krisztus tan\u00edt\u00f3 \u00e9s Szent Luk\u00e1cs apostol ikonjaival egy\u00fctt a 18. sz\u00e1zad elej\u00e9r\u0151l sz\u00e1rmaznak. Az ikonoszt\u00e1z n\u00e9gyhaj\u00f3s architekt\u00far\u00e1j\u00fa, n\u00e9gy emeleten helyezkedik el. T\u00e9glav\u00f6r\u00f6s sz\u00edn\u0171re van hangolva. Szokatlan a c\u00e1ri ajt\u00f3 kereteinek k\u00e9k keretez\u00e9se. Az oszlopok \u00e9s az ikonkeretek aranyozottak, a c\u00e1ri ajt\u00f3t sz\u0151l\u0151f\u00fcrt\u00f6k d\u00edsz\u00edtik.<br>Szlov\u00e1ki\u00e1ban sehol sincs hasonl\u00f3 ikonoszt\u00e1z ebb\u0151l a korszakb\u00f3l ilyen j\u00f3l meg\u0151rz\u00f6tt \u00e1llapotban \u00e9s ilyen sz\u00e1mban. Van itt egy 17. sz\u00e1zadban festett kereszt, egy 19. sz\u00e1zadi Keresztrefesz\u00edt\u00e9s ikon \u00e9s egy 18. sz\u00e1zadi Krisztus szenved\u00e9s\u00e9t \u00e1br\u00e1zol\u00f3 ikon is. Az ikon k\u00f6zep\u00e9n Krisztus \u00e1ll a szenved\u00e9s sebeivel, k\u00f6r\u00fcl\u00f6tte pedig a szenved\u00e9ssel kapcsolatos t\u00e1rgyak vannak \u00e1br\u00e1zolva.<\/p>\n\n\n\n<p>Forr\u00e1s: www.drevenchramy.sk<\/p>\n\n\n\n<p>F\u00e9nyk\u00e9p: Henryk Bielamowicz, cergov.sk<\/p>","protected":false},"featured_media":2590,"template":"","meta":{"_acf_changed":false},"kategoria-poi":[186,168],"lokalita":[178],"sezona-poi":[12],"trvanie-vyletu":[217],"class_list":["post-2589","nabozensky-turizmus","type-nabozensky-turizmus","status-publish","has-post-thumbnail","hentry","kategoria-poi-drevene-chramy","kategoria-poi-nabozensky-turizmus","lokalita-bardejov-a-okolie","sezona-poi-celorocne","trvanie-vyletu-kratke-vylety"],"acf":[],"yoast_head":"<!-- This site is optimized with the Yoast SEO Premium plugin v26.3 (Yoast SEO v26.8) - https:\/\/yoast.com\/product\/yoast-seo-premium-wordpress\/ -->\n<title>Dreven\u00fd gr\u00e9ckokatol\u00edcky chr\u00e1m sv\u00e4t\u00e9ho Luk\u00e1\u0161a, Kriv\u00e9 - OOCR \u0160ari\u0161<\/title>\n<meta name=\"robots\" content=\"index, follow, max-snippet:-1, max-image-preview:large, max-video-preview:-1\" \/>\n<link rel=\"canonical\" href=\"https:\/\/www.regionsaris.sk\/hu\/nabozensky-turizmus\/dreveny-greckokatolicky-chram-svateho-lukasa-krive\/\" \/>\n<meta property=\"og:locale\" content=\"hu_HU\" \/>\n<meta property=\"og:type\" content=\"article\" \/>\n<meta property=\"og:title\" content=\"Dreven\u00fd gr\u00e9ckokatol\u00edcky chr\u00e1m sv\u00e4t\u00e9ho Luk\u00e1\u0161a, Kriv\u00e9\" \/>\n<meta property=\"og:description\" content=\"Dreven\u00fd gr\u00e9ckokatol\u00edcky chr\u00e1m v obci Kriv\u00e9, zasv\u00e4ten\u00fd sv\u00e4t\u00e9mu apo\u0161tolovi a evanjelistovi Luk\u00e1\u0161ovi je charakteristicky svojou...\" \/>\n<meta property=\"og:url\" content=\"https:\/\/www.regionsaris.sk\/hu\/nabozensky-turizmus\/dreveny-greckokatolicky-chram-svateho-lukasa-krive\/\" \/>\n<meta property=\"og:site_name\" content=\"OOCR \u0160ari\u0161\" \/>\n<meta property=\"article:modified_time\" content=\"2026-02-05T12:47:27+00:00\" \/>\n<meta property=\"og:image\" content=\"https:\/\/www.regionsaris.sk\/wp-content\/uploads\/2026\/01\/krive259-thumb.jpg\" \/>\n\t<meta property=\"og:image:width\" content=\"600\" \/>\n\t<meta property=\"og:image:height\" content=\"400\" \/>\n\t<meta property=\"og:image:type\" content=\"image\/jpeg\" \/>\n<meta name=\"twitter:card\" content=\"summary_large_image\" \/>\n<meta name=\"twitter:label1\" content=\"Becs\u00fclt olvas\u00e1si id\u0151\" \/>\n\t<meta name=\"twitter:data1\" content=\"2 perc\" \/>\n<script type=\"application\/ld+json\" class=\"yoast-schema-graph\">{\"@context\":\"https:\/\/schema.org\",\"@graph\":[{\"@type\":\"WebPage\",\"@id\":\"https:\/\/www.regionsaris.sk\/nabozensky-turizmus\/dreveny-greckokatolicky-chram-svateho-lukasa-krive\/\",\"url\":\"https:\/\/www.regionsaris.sk\/nabozensky-turizmus\/dreveny-greckokatolicky-chram-svateho-lukasa-krive\/\",\"name\":\"Dreven\u00fd gr\u00e9ckokatol\u00edcky chr\u00e1m sv\u00e4t\u00e9ho Luk\u00e1\u0161a, Kriv\u00e9 - OOCR \u0160ari\u0161\",\"isPartOf\":{\"@id\":\"https:\/\/www.regionsaris.sk\/#website\"},\"primaryImageOfPage\":{\"@id\":\"https:\/\/www.regionsaris.sk\/nabozensky-turizmus\/dreveny-greckokatolicky-chram-svateho-lukasa-krive\/#primaryimage\"},\"image\":{\"@id\":\"https:\/\/www.regionsaris.sk\/nabozensky-turizmus\/dreveny-greckokatolicky-chram-svateho-lukasa-krive\/#primaryimage\"},\"thumbnailUrl\":\"https:\/\/www.regionsaris.sk\/wp-content\/uploads\/2026\/01\/krive259-thumb.jpg\",\"datePublished\":\"2026-01-07T11:44:59+00:00\",\"dateModified\":\"2026-02-05T12:47:27+00:00\",\"breadcrumb\":{\"@id\":\"https:\/\/www.regionsaris.sk\/nabozensky-turizmus\/dreveny-greckokatolicky-chram-svateho-lukasa-krive\/#breadcrumb\"},\"inLanguage\":\"hu\",\"potentialAction\":[{\"@type\":\"ReadAction\",\"target\":[\"https:\/\/www.regionsaris.sk\/nabozensky-turizmus\/dreveny-greckokatolicky-chram-svateho-lukasa-krive\/\"]}]},{\"@type\":\"ImageObject\",\"inLanguage\":\"hu\",\"@id\":\"https:\/\/www.regionsaris.sk\/nabozensky-turizmus\/dreveny-greckokatolicky-chram-svateho-lukasa-krive\/#primaryimage\",\"url\":\"https:\/\/www.regionsaris.sk\/wp-content\/uploads\/2026\/01\/krive259-thumb.jpg\",\"contentUrl\":\"https:\/\/www.regionsaris.sk\/wp-content\/uploads\/2026\/01\/krive259-thumb.jpg\",\"width\":600,\"height\":400},{\"@type\":\"BreadcrumbList\",\"@id\":\"https:\/\/www.regionsaris.sk\/nabozensky-turizmus\/dreveny-greckokatolicky-chram-svateho-lukasa-krive\/#breadcrumb\",\"itemListElement\":[{\"@type\":\"ListItem\",\"position\":1,\"name\":\"Domov\",\"item\":\"https:\/\/www.regionsaris.sk\/\"},{\"@type\":\"ListItem\",\"position\":2,\"name\":\"N\u00e1bo\u017eensk\u00fd turizmus v regi\u00f3ne\",\"item\":\"https:\/\/www.regionsaris.sk\/nabozensky-turizmus-v-regione\/\"},{\"@type\":\"ListItem\",\"position\":3,\"name\":\"Dreven\u00fd gr\u00e9ckokatol\u00edcky chr\u00e1m sv\u00e4t\u00e9ho Luk\u00e1\u0161a, Kriv\u00e9\"}]},{\"@type\":\"WebSite\",\"@id\":\"https:\/\/www.regionsaris.sk\/#website\",\"url\":\"https:\/\/www.regionsaris.sk\/\",\"name\":\"OOCR \u0160ari\u0161\",\"description\":\"\",\"potentialAction\":[{\"@type\":\"SearchAction\",\"target\":{\"@type\":\"EntryPoint\",\"urlTemplate\":\"https:\/\/www.regionsaris.sk\/?s={search_term_string}\"},\"query-input\":{\"@type\":\"PropertyValueSpecification\",\"valueRequired\":true,\"valueName\":\"search_term_string\"}}],\"inLanguage\":\"hu\"}]}<\/script>\n<!-- \/ Yoast SEO Premium plugin. -->","yoast_head_json":{"title":"Dreven\u00fd gr\u00e9ckokatol\u00edcky chr\u00e1m sv\u00e4t\u00e9ho Luk\u00e1\u0161a, Kriv\u00e9 - OOCR \u0160ari\u0161","robots":{"index":"index","follow":"follow","max-snippet":"max-snippet:-1","max-image-preview":"max-image-preview:large","max-video-preview":"max-video-preview:-1"},"canonical":"https:\/\/www.regionsaris.sk\/hu\/nabozensky-turizmus\/dreveny-greckokatolicky-chram-svateho-lukasa-krive\/","og_locale":"hu_HU","og_type":"article","og_title":"Dreven\u00fd gr\u00e9ckokatol\u00edcky chr\u00e1m sv\u00e4t\u00e9ho Luk\u00e1\u0161a, Kriv\u00e9","og_description":"Dreven\u00fd gr\u00e9ckokatol\u00edcky chr\u00e1m v obci Kriv\u00e9, zasv\u00e4ten\u00fd sv\u00e4t\u00e9mu apo\u0161tolovi a evanjelistovi Luk\u00e1\u0161ovi je charakteristicky svojou...","og_url":"https:\/\/www.regionsaris.sk\/hu\/nabozensky-turizmus\/dreveny-greckokatolicky-chram-svateho-lukasa-krive\/","og_site_name":"OOCR \u0160ari\u0161","article_modified_time":"2026-02-05T12:47:27+00:00","og_image":[{"width":600,"height":400,"url":"https:\/\/www.regionsaris.sk\/wp-content\/uploads\/2026\/01\/krive259-thumb.jpg","type":"image\/jpeg"}],"twitter_card":"summary_large_image","twitter_misc":{"Becs\u00fclt olvas\u00e1si id\u0151":"2 perc"},"schema":{"@context":"https:\/\/schema.org","@graph":[{"@type":"WebPage","@id":"https:\/\/www.regionsaris.sk\/nabozensky-turizmus\/dreveny-greckokatolicky-chram-svateho-lukasa-krive\/","url":"https:\/\/www.regionsaris.sk\/nabozensky-turizmus\/dreveny-greckokatolicky-chram-svateho-lukasa-krive\/","name":"Dreven\u00fd gr\u00e9ckokatol\u00edcky chr\u00e1m sv\u00e4t\u00e9ho Luk\u00e1\u0161a, Kriv\u00e9 - OOCR \u0160ari\u0161","isPartOf":{"@id":"https:\/\/www.regionsaris.sk\/#website"},"primaryImageOfPage":{"@id":"https:\/\/www.regionsaris.sk\/nabozensky-turizmus\/dreveny-greckokatolicky-chram-svateho-lukasa-krive\/#primaryimage"},"image":{"@id":"https:\/\/www.regionsaris.sk\/nabozensky-turizmus\/dreveny-greckokatolicky-chram-svateho-lukasa-krive\/#primaryimage"},"thumbnailUrl":"https:\/\/www.regionsaris.sk\/wp-content\/uploads\/2026\/01\/krive259-thumb.jpg","datePublished":"2026-01-07T11:44:59+00:00","dateModified":"2026-02-05T12:47:27+00:00","breadcrumb":{"@id":"https:\/\/www.regionsaris.sk\/nabozensky-turizmus\/dreveny-greckokatolicky-chram-svateho-lukasa-krive\/#breadcrumb"},"inLanguage":"hu","potentialAction":[{"@type":"ReadAction","target":["https:\/\/www.regionsaris.sk\/nabozensky-turizmus\/dreveny-greckokatolicky-chram-svateho-lukasa-krive\/"]}]},{"@type":"ImageObject","inLanguage":"hu","@id":"https:\/\/www.regionsaris.sk\/nabozensky-turizmus\/dreveny-greckokatolicky-chram-svateho-lukasa-krive\/#primaryimage","url":"https:\/\/www.regionsaris.sk\/wp-content\/uploads\/2026\/01\/krive259-thumb.jpg","contentUrl":"https:\/\/www.regionsaris.sk\/wp-content\/uploads\/2026\/01\/krive259-thumb.jpg","width":600,"height":400},{"@type":"BreadcrumbList","@id":"https:\/\/www.regionsaris.sk\/nabozensky-turizmus\/dreveny-greckokatolicky-chram-svateho-lukasa-krive\/#breadcrumb","itemListElement":[{"@type":"ListItem","position":1,"name":"Domov","item":"https:\/\/www.regionsaris.sk\/"},{"@type":"ListItem","position":2,"name":"N\u00e1bo\u017eensk\u00fd turizmus v regi\u00f3ne","item":"https:\/\/www.regionsaris.sk\/nabozensky-turizmus-v-regione\/"},{"@type":"ListItem","position":3,"name":"Dreven\u00fd gr\u00e9ckokatol\u00edcky chr\u00e1m sv\u00e4t\u00e9ho Luk\u00e1\u0161a, Kriv\u00e9"}]},{"@type":"WebSite","@id":"https:\/\/www.regionsaris.sk\/#website","url":"https:\/\/www.regionsaris.sk\/","name":"OOCR \u0160ari\u0161","description":"","potentialAction":[{"@type":"SearchAction","target":{"@type":"EntryPoint","urlTemplate":"https:\/\/www.regionsaris.sk\/?s={search_term_string}"},"query-input":{"@type":"PropertyValueSpecification","valueRequired":true,"valueName":"search_term_string"}}],"inLanguage":"hu"}]}},"_links":{"self":[{"href":"https:\/\/www.regionsaris.sk\/hu\/wp-json\/wp\/v2\/nabozensky-turizmus\/2589","targetHints":{"allow":["GET"]}}],"collection":[{"href":"https:\/\/www.regionsaris.sk\/hu\/wp-json\/wp\/v2\/nabozensky-turizmus"}],"about":[{"href":"https:\/\/www.regionsaris.sk\/hu\/wp-json\/wp\/v2\/types\/nabozensky-turizmus"}],"wp:featuredmedia":[{"embeddable":true,"href":"https:\/\/www.regionsaris.sk\/hu\/wp-json\/wp\/v2\/media\/2590"}],"wp:attachment":[{"href":"https:\/\/www.regionsaris.sk\/hu\/wp-json\/wp\/v2\/media?parent=2589"}],"wp:term":[{"taxonomy":"kategoria-poi","embeddable":true,"href":"https:\/\/www.regionsaris.sk\/hu\/wp-json\/wp\/v2\/kategoria-poi?post=2589"},{"taxonomy":"lokalita","embeddable":true,"href":"https:\/\/www.regionsaris.sk\/hu\/wp-json\/wp\/v2\/lokalita?post=2589"},{"taxonomy":"sezona-poi","embeddable":true,"href":"https:\/\/www.regionsaris.sk\/hu\/wp-json\/wp\/v2\/sezona-poi?post=2589"},{"taxonomy":"trvanie-vyletu","embeddable":true,"href":"https:\/\/www.regionsaris.sk\/hu\/wp-json\/wp\/v2\/trvanie-vyletu?post=2589"}],"curies":[{"name":"wp","href":"https:\/\/api.w.org\/{rel}","templated":true}]}}