{"id":2581,"date":"2026-01-07T12:45:00","date_gmt":"2026-01-07T11:45:00","guid":{"rendered":"https:\/\/www.regionsaris.sk\/?post_type=nabozensky-turizmus&#038;p=2581"},"modified":"2026-02-05T13:46:09","modified_gmt":"2026-02-05T12:46:09","slug":"dreveny-greckokatolicky-chram-sv-archanjela-michala-fricka","status":"publish","type":"nabozensky-turizmus","link":"https:\/\/www.regionsaris.sk\/hu\/nabozensky-turizmus\/dreveny-greckokatolicky-chram-sv-archanjela-michala-fricka\/","title":{"rendered":"Szent Mih\u00e1ly arkangyal g\u00f6r\u00f6gkatolikus fatemplom, Fri\u010dka"},"content":{"rendered":"<p><strong>F\u00e1b\u00f3l k\u00e9sz\u00fclt filialis templom Fri\u010dk\u00e1ban\u00a0<\/strong>1829-ben \u00e9p\u00fclt a falu k\u00f6zep\u00e9n egy enyhe emelked\u0151n. Ebb\u0151l az id\u0151szakb\u00f3l a templom meg\u0151rizte jelenlegi k\u00fclsej\u00e9t, b\u00e1r 1933-ban \u00e9s 1971-ben jelent\u0151s \u00e1talak\u00edt\u00e1sokon esett \u00e1t. A templomot Szent Mih\u00e1ly arkangyal tisztelet\u00e9re szentelt\u00e9k fel. Szerkezetileg egy h\u00e1romr\u00e9szes, h\u00e1romter\u0171, k\u00e9ttorny\u00fa templom, h\u00e1rom kereszttel. A templom k\u0151alapzatra \u00e9p\u00fclt. A templom szerkezete r\u00f6nkszerkezet\u0171, a tornyon oszlopokkal.<br>A nyugati oldalt egy hatalmas torony uralja, amelyben h\u00e1rom harang is helyet kapott, a legr\u00e9gebbi 1697-b\u0151l sz\u00e1rmazik.<br>A templomban egy f\u00e1b\u00f3l k\u00e9sz\u00fclt ikonoszt\u00e1z v\u00e1lasztja el a szent\u00e9lyt \u00e9s a templomhaj\u00f3t. Ez a 18-19. sz\u00e1zadb\u00f3l sz\u00e1rmazik.<br>Az ikonoszt\u00e1z \u00f6thaj\u00f3s architekt\u00far\u00e1j\u00fa. Az els\u0151 - a f\u0151 sor a k\u00f6vetkez\u0151 ikonokb\u00f3l \u00e1ll: Szent Mikl\u00f3s p\u00fcsp\u00f6k, Hodigitria Istenanya, Krisztus a tan\u00edt\u00f3, Szent Mih\u00e1ly arkangyal v\u00e9d\u0151szent ikonja. A m\u00e1sodik ikonsor az \u00fcnnepek ikonjai, amelyeket rendhagy\u00f3 m\u00f3don a Veraikon v\u00e1laszt el. Az ezt k\u00f6vet\u0151 harmadik sor az apostolok ikonjaib\u00f3l \u00e1ll, k\u00f6z\u00e9pen Krisztus f\u0151pap ikonj\u00e1val. A negyedik pr\u00f3f\u00e9tasor hat ikonb\u00f3l \u00e1ll, amelyeken hat alakp\u00e1r l\u00e1that\u00f3. Az \u00f6t\u00f6dik sor a f\u0151ikonok alatt helyezkedik el. Ez a n\u00e9gy ikon esem\u00e9nyeket \u00e1br\u00e1zol: Szent Mikl\u00f3s p\u00fcsp\u00f6k megnyugtatja a tengert, Szent Antal \u00e9s Theodosius, a h\u00e1rom hierarcha, Keresztel\u0151 Szent J\u00e1nos. Az ikonoszt\u00e1z a Keresztrefesz\u00edt\u00e9ssel \u00e9r v\u00e9get, oldalt az Istenanya \u00e9s Szent J\u00e1nos evang\u00e9lista alakjaival.<br>Az ikonoszt\u00e1zon bel\u00fcl tal\u00e1lhat\u00f3 egy gazdagon faragott c\u00e1ri ajt\u00f3, hat medalionnal, amelyek a n\u00e9gy evang\u00e9list\u00e1t \u00e9s az Annunci\u00e1ci\u00f3 jeleneteit \u00e1br\u00e1zolj\u00e1k. A k\u00e9t diak\u00f3nusi ajt\u00f3 feletti teret az Utols\u00f3 vacsora \u00e9s J\u00e9zus s\u00edrba t\u00e9tel\u00e9nek ikonja t\u00f6lti ki. A szent\u00e9ly mennyezet\u00e9nek festm\u00e9nye a 20. sz\u00e1zadb\u00f3l sz\u00e1rmazik.<\/p>\n\n\n\n<p>Forr\u00e1s : www.drevenechramy.sk, wikipedia<\/p>","protected":false},"featured_media":2582,"template":"","meta":{"_acf_changed":false},"kategoria-poi":[186,168],"lokalita":[178],"sezona-poi":[12],"trvanie-vyletu":[217,180],"class_list":["post-2581","nabozensky-turizmus","type-nabozensky-turizmus","status-publish","has-post-thumbnail","hentry","kategoria-poi-drevene-chramy","kategoria-poi-nabozensky-turizmus","lokalita-bardejov-a-okolie","sezona-poi-celorocne","trvanie-vyletu-kratke-vylety","trvanie-vyletu-poldenne-vylety"],"acf":[],"yoast_head":"<!-- This site is optimized with the Yoast SEO Premium plugin v26.3 (Yoast SEO v26.8) - https:\/\/yoast.com\/product\/yoast-seo-premium-wordpress\/ -->\n<title>Dreven\u00fd gr\u00e9ckokatol\u00edcky chr\u00e1m sv. archanjela Michala, Fri\u010dka - OOCR \u0160ari\u0161<\/title>\n<meta name=\"robots\" content=\"index, follow, max-snippet:-1, max-image-preview:large, max-video-preview:-1\" \/>\n<link rel=\"canonical\" href=\"https:\/\/www.regionsaris.sk\/hu\/nabozensky-turizmus\/dreveny-greckokatolicky-chram-sv-archanjela-michala-fricka\/\" \/>\n<meta property=\"og:locale\" content=\"hu_HU\" \/>\n<meta property=\"og:type\" content=\"article\" \/>\n<meta property=\"og:title\" content=\"Dreven\u00fd gr\u00e9ckokatol\u00edcky chr\u00e1m sv. archanjela Michala, Fri\u010dka\" \/>\n<meta property=\"og:description\" content=\"Dreven\u00fd fili\u00e1lny chr\u00e1m vo Fri\u010dke\u00a0bol postaven\u00fd na miernej vyv\u00fd\u0161enine uprostred dediny v roku 1829. Z...\" \/>\n<meta property=\"og:url\" content=\"https:\/\/www.regionsaris.sk\/hu\/nabozensky-turizmus\/dreveny-greckokatolicky-chram-sv-archanjela-michala-fricka\/\" \/>\n<meta property=\"og:site_name\" content=\"OOCR \u0160ari\u0161\" \/>\n<meta property=\"article:modified_time\" content=\"2026-02-05T12:46:09+00:00\" \/>\n<meta property=\"og:image\" content=\"https:\/\/www.regionsaris.sk\/wp-content\/uploads\/2026\/01\/Fricka255-thumb.jpg\" \/>\n\t<meta property=\"og:image:width\" content=\"600\" \/>\n\t<meta property=\"og:image:height\" content=\"400\" \/>\n\t<meta property=\"og:image:type\" content=\"image\/jpeg\" \/>\n<meta name=\"twitter:card\" content=\"summary_large_image\" \/>\n<meta name=\"twitter:label1\" content=\"Becs\u00fclt olvas\u00e1si id\u0151\" \/>\n\t<meta name=\"twitter:data1\" content=\"2 perc\" \/>\n<script type=\"application\/ld+json\" class=\"yoast-schema-graph\">{\"@context\":\"https:\/\/schema.org\",\"@graph\":[{\"@type\":\"WebPage\",\"@id\":\"https:\/\/www.regionsaris.sk\/nabozensky-turizmus\/dreveny-greckokatolicky-chram-sv-archanjela-michala-fricka\/\",\"url\":\"https:\/\/www.regionsaris.sk\/nabozensky-turizmus\/dreveny-greckokatolicky-chram-sv-archanjela-michala-fricka\/\",\"name\":\"Dreven\u00fd gr\u00e9ckokatol\u00edcky chr\u00e1m sv. archanjela Michala, Fri\u010dka - OOCR \u0160ari\u0161\",\"isPartOf\":{\"@id\":\"https:\/\/www.regionsaris.sk\/#website\"},\"primaryImageOfPage\":{\"@id\":\"https:\/\/www.regionsaris.sk\/nabozensky-turizmus\/dreveny-greckokatolicky-chram-sv-archanjela-michala-fricka\/#primaryimage\"},\"image\":{\"@id\":\"https:\/\/www.regionsaris.sk\/nabozensky-turizmus\/dreveny-greckokatolicky-chram-sv-archanjela-michala-fricka\/#primaryimage\"},\"thumbnailUrl\":\"https:\/\/www.regionsaris.sk\/wp-content\/uploads\/2026\/01\/Fricka255-thumb.jpg\",\"datePublished\":\"2026-01-07T11:45:00+00:00\",\"dateModified\":\"2026-02-05T12:46:09+00:00\",\"breadcrumb\":{\"@id\":\"https:\/\/www.regionsaris.sk\/nabozensky-turizmus\/dreveny-greckokatolicky-chram-sv-archanjela-michala-fricka\/#breadcrumb\"},\"inLanguage\":\"hu\",\"potentialAction\":[{\"@type\":\"ReadAction\",\"target\":[\"https:\/\/www.regionsaris.sk\/nabozensky-turizmus\/dreveny-greckokatolicky-chram-sv-archanjela-michala-fricka\/\"]}]},{\"@type\":\"ImageObject\",\"inLanguage\":\"hu\",\"@id\":\"https:\/\/www.regionsaris.sk\/nabozensky-turizmus\/dreveny-greckokatolicky-chram-sv-archanjela-michala-fricka\/#primaryimage\",\"url\":\"https:\/\/www.regionsaris.sk\/wp-content\/uploads\/2026\/01\/Fricka255-thumb.jpg\",\"contentUrl\":\"https:\/\/www.regionsaris.sk\/wp-content\/uploads\/2026\/01\/Fricka255-thumb.jpg\",\"width\":600,\"height\":400},{\"@type\":\"BreadcrumbList\",\"@id\":\"https:\/\/www.regionsaris.sk\/nabozensky-turizmus\/dreveny-greckokatolicky-chram-sv-archanjela-michala-fricka\/#breadcrumb\",\"itemListElement\":[{\"@type\":\"ListItem\",\"position\":1,\"name\":\"Domov\",\"item\":\"https:\/\/www.regionsaris.sk\/\"},{\"@type\":\"ListItem\",\"position\":2,\"name\":\"N\u00e1bo\u017eensk\u00fd turizmus v regi\u00f3ne\",\"item\":\"https:\/\/www.regionsaris.sk\/nabozensky-turizmus-v-regione\/\"},{\"@type\":\"ListItem\",\"position\":3,\"name\":\"Dreven\u00fd gr\u00e9ckokatol\u00edcky chr\u00e1m sv. archanjela Michala, Fri\u010dka\"}]},{\"@type\":\"WebSite\",\"@id\":\"https:\/\/www.regionsaris.sk\/#website\",\"url\":\"https:\/\/www.regionsaris.sk\/\",\"name\":\"OOCR \u0160ari\u0161\",\"description\":\"\",\"potentialAction\":[{\"@type\":\"SearchAction\",\"target\":{\"@type\":\"EntryPoint\",\"urlTemplate\":\"https:\/\/www.regionsaris.sk\/?s={search_term_string}\"},\"query-input\":{\"@type\":\"PropertyValueSpecification\",\"valueRequired\":true,\"valueName\":\"search_term_string\"}}],\"inLanguage\":\"hu\"}]}<\/script>\n<!-- \/ Yoast SEO Premium plugin. -->","yoast_head_json":{"title":"Dreven\u00fd gr\u00e9ckokatol\u00edcky chr\u00e1m sv. archanjela Michala, Fri\u010dka - OOCR \u0160ari\u0161","robots":{"index":"index","follow":"follow","max-snippet":"max-snippet:-1","max-image-preview":"max-image-preview:large","max-video-preview":"max-video-preview:-1"},"canonical":"https:\/\/www.regionsaris.sk\/hu\/nabozensky-turizmus\/dreveny-greckokatolicky-chram-sv-archanjela-michala-fricka\/","og_locale":"hu_HU","og_type":"article","og_title":"Dreven\u00fd gr\u00e9ckokatol\u00edcky chr\u00e1m sv. archanjela Michala, Fri\u010dka","og_description":"Dreven\u00fd fili\u00e1lny chr\u00e1m vo Fri\u010dke\u00a0bol postaven\u00fd na miernej vyv\u00fd\u0161enine uprostred dediny v roku 1829. Z...","og_url":"https:\/\/www.regionsaris.sk\/hu\/nabozensky-turizmus\/dreveny-greckokatolicky-chram-sv-archanjela-michala-fricka\/","og_site_name":"OOCR \u0160ari\u0161","article_modified_time":"2026-02-05T12:46:09+00:00","og_image":[{"width":600,"height":400,"url":"https:\/\/www.regionsaris.sk\/wp-content\/uploads\/2026\/01\/Fricka255-thumb.jpg","type":"image\/jpeg"}],"twitter_card":"summary_large_image","twitter_misc":{"Becs\u00fclt olvas\u00e1si id\u0151":"2 perc"},"schema":{"@context":"https:\/\/schema.org","@graph":[{"@type":"WebPage","@id":"https:\/\/www.regionsaris.sk\/nabozensky-turizmus\/dreveny-greckokatolicky-chram-sv-archanjela-michala-fricka\/","url":"https:\/\/www.regionsaris.sk\/nabozensky-turizmus\/dreveny-greckokatolicky-chram-sv-archanjela-michala-fricka\/","name":"Dreven\u00fd gr\u00e9ckokatol\u00edcky chr\u00e1m sv. archanjela Michala, Fri\u010dka - OOCR \u0160ari\u0161","isPartOf":{"@id":"https:\/\/www.regionsaris.sk\/#website"},"primaryImageOfPage":{"@id":"https:\/\/www.regionsaris.sk\/nabozensky-turizmus\/dreveny-greckokatolicky-chram-sv-archanjela-michala-fricka\/#primaryimage"},"image":{"@id":"https:\/\/www.regionsaris.sk\/nabozensky-turizmus\/dreveny-greckokatolicky-chram-sv-archanjela-michala-fricka\/#primaryimage"},"thumbnailUrl":"https:\/\/www.regionsaris.sk\/wp-content\/uploads\/2026\/01\/Fricka255-thumb.jpg","datePublished":"2026-01-07T11:45:00+00:00","dateModified":"2026-02-05T12:46:09+00:00","breadcrumb":{"@id":"https:\/\/www.regionsaris.sk\/nabozensky-turizmus\/dreveny-greckokatolicky-chram-sv-archanjela-michala-fricka\/#breadcrumb"},"inLanguage":"hu","potentialAction":[{"@type":"ReadAction","target":["https:\/\/www.regionsaris.sk\/nabozensky-turizmus\/dreveny-greckokatolicky-chram-sv-archanjela-michala-fricka\/"]}]},{"@type":"ImageObject","inLanguage":"hu","@id":"https:\/\/www.regionsaris.sk\/nabozensky-turizmus\/dreveny-greckokatolicky-chram-sv-archanjela-michala-fricka\/#primaryimage","url":"https:\/\/www.regionsaris.sk\/wp-content\/uploads\/2026\/01\/Fricka255-thumb.jpg","contentUrl":"https:\/\/www.regionsaris.sk\/wp-content\/uploads\/2026\/01\/Fricka255-thumb.jpg","width":600,"height":400},{"@type":"BreadcrumbList","@id":"https:\/\/www.regionsaris.sk\/nabozensky-turizmus\/dreveny-greckokatolicky-chram-sv-archanjela-michala-fricka\/#breadcrumb","itemListElement":[{"@type":"ListItem","position":1,"name":"Domov","item":"https:\/\/www.regionsaris.sk\/"},{"@type":"ListItem","position":2,"name":"N\u00e1bo\u017eensk\u00fd turizmus v regi\u00f3ne","item":"https:\/\/www.regionsaris.sk\/nabozensky-turizmus-v-regione\/"},{"@type":"ListItem","position":3,"name":"Dreven\u00fd gr\u00e9ckokatol\u00edcky chr\u00e1m sv. archanjela Michala, Fri\u010dka"}]},{"@type":"WebSite","@id":"https:\/\/www.regionsaris.sk\/#website","url":"https:\/\/www.regionsaris.sk\/","name":"OOCR \u0160ari\u0161","description":"","potentialAction":[{"@type":"SearchAction","target":{"@type":"EntryPoint","urlTemplate":"https:\/\/www.regionsaris.sk\/?s={search_term_string}"},"query-input":{"@type":"PropertyValueSpecification","valueRequired":true,"valueName":"search_term_string"}}],"inLanguage":"hu"}]}},"_links":{"self":[{"href":"https:\/\/www.regionsaris.sk\/hu\/wp-json\/wp\/v2\/nabozensky-turizmus\/2581","targetHints":{"allow":["GET"]}}],"collection":[{"href":"https:\/\/www.regionsaris.sk\/hu\/wp-json\/wp\/v2\/nabozensky-turizmus"}],"about":[{"href":"https:\/\/www.regionsaris.sk\/hu\/wp-json\/wp\/v2\/types\/nabozensky-turizmus"}],"wp:featuredmedia":[{"embeddable":true,"href":"https:\/\/www.regionsaris.sk\/hu\/wp-json\/wp\/v2\/media\/2582"}],"wp:attachment":[{"href":"https:\/\/www.regionsaris.sk\/hu\/wp-json\/wp\/v2\/media?parent=2581"}],"wp:term":[{"taxonomy":"kategoria-poi","embeddable":true,"href":"https:\/\/www.regionsaris.sk\/hu\/wp-json\/wp\/v2\/kategoria-poi?post=2581"},{"taxonomy":"lokalita","embeddable":true,"href":"https:\/\/www.regionsaris.sk\/hu\/wp-json\/wp\/v2\/lokalita?post=2581"},{"taxonomy":"sezona-poi","embeddable":true,"href":"https:\/\/www.regionsaris.sk\/hu\/wp-json\/wp\/v2\/sezona-poi?post=2581"},{"taxonomy":"trvanie-vyletu","embeddable":true,"href":"https:\/\/www.regionsaris.sk\/hu\/wp-json\/wp\/v2\/trvanie-vyletu?post=2581"}],"curies":[{"name":"wp","href":"https:\/\/api.w.org\/{rel}","templated":true}]}}