{"id":2579,"date":"2026-01-07T12:45:01","date_gmt":"2026-01-07T11:45:01","guid":{"rendered":"https:\/\/www.regionsaris.sk\/?post_type=nabozensky-turizmus&#038;p=2579"},"modified":"2026-02-05T13:45:46","modified_gmt":"2026-02-05T12:45:46","slug":"dreveny-chram-sv-velkomucenika-dimitrija-solunskeho-medvedie","status":"publish","type":"nabozensky-turizmus","link":"https:\/\/www.regionsaris.sk\/hu\/nabozensky-turizmus\/dreveny-chram-sv-velkomucenika-dimitrija-solunskeho-medvedie\/","title":{"rendered":"Szaloniki Szent Dimitri Nagym\u00e1rt\u00edr fatemplom, Medvedie, Szaloniki, Medvedie"},"content":{"rendered":"<p>Medvedie k\u00f6zs\u00e9g k\u00f6zep\u00e9n tal\u00e1lhat\u00f3 a Thesszaloniki Szent Dimitrij ortodox fatemplom, amely Szlov\u00e1kia egyik kultur\u00e1lis m\u0171eml\u00e9ke. A templomot 1903-ban \u00e9p\u00edtett\u00e9k, \u00e9s k\u00fclseje fenn\u00e1ll\u00e1sa sor\u00e1n t\u00f6bbsz\u00f6r v\u00e1ltozott. A II. vil\u00e1gh\u00e1bor\u00fa alatt megs\u00e9r\u00fclt, majd 1946-1947-ben kijav\u00edtott\u00e1k. 1980 k\u00f6r\u00fcl fel\u00faj\u00edt\u00e1son esett \u00e1t, amely jelent\u0151sen megv\u00e1ltoztatta megjelen\u00e9s\u00e9t. A templom falait k\u00edv\u00fclr\u0151l f\u00e9mlemezzel fedt\u00e9k be, hogy az id\u0151j\u00e1r\u00e1s ne gyakoroljon nemk\u00edv\u00e1natos hat\u00e1st a faburkolatra. B\u00e1r megjelen\u00e9se akkoriban nem volt t\u00fal vonz\u00f3 \u00e9s m\u00e9lt\u00f3s\u00e1gteljes, a falak burkol\u00e1sa hozz\u00e1j\u00e1rult ahhoz, hogy a templom a mai napig megmaradt.<\/p>\n\n\n\n<p>2009-ben megkezd\u0151d\u00f6tt a templom fel\u00faj\u00edt\u00e1sa azzal a c\u00e9llal, hogy vissza\u00e1ll\u00edts\u00e1k eredeti \u00e9s m\u00e9lt\u00f3s\u00e1gteljes megjelen\u00e9s\u00e9t. 2010-re elt\u00e1vol\u00edtott\u00e1k a bels\u0151 t\u00e9r m\u0171anyag burkolat\u00e1t, \u00e9s helyre\u00e1ll\u00edtott\u00e1k a bels\u0151 burkolatot alkot\u00f3 deszk\u00e1kat. Ezt k\u00f6vette a k\u00fcls\u0151 fel\u00faj\u00edt\u00e1s, amelyre 2012-2013-ban ker\u00fclt sor. A f\u00e9mburkolatot elt\u00e1vol\u00edtott\u00e1k, \u00e9s a templom \u00faj, f\u00e1b\u00f3l k\u00e9sz\u00fclt burkolatot kapott. A templom l\u00e9pcs\u0151h\u00e1za feletti terjedelmes tet\u0151szerkezetet is elt\u00e1vol\u00edtott\u00e1k. A burkolat helyre\u00e1ll\u00edt\u00e1s\u00e1t a tet\u0151 fel\u00faj\u00edt\u00e1sa k\u00f6vette. A r\u00e9gi b\u00e1dogtet\u0151t r\u00e9z tet\u0151re cser\u00e9lt\u00e9k. Jelenleg a templom fapadl\u00f3j\u00e1t restaur\u00e1lt\u00e1k, \u00e9s az ikonoszt\u00e1z restaur\u00e1l\u00e1sa is folyamatban van.<\/p>\n\n\n\n<p>Forr\u00e1s : web: www.drevenechramy.sk, Wikipedia, \u00f6nkorm\u00e1nyzat<\/p>","protected":false},"featured_media":2580,"template":"","meta":{"_acf_changed":false},"kategoria-poi":[186,168],"lokalita":[115],"sezona-poi":[12],"trvanie-vyletu":[217,180],"class_list":["post-2579","nabozensky-turizmus","type-nabozensky-turizmus","status-publish","has-post-thumbnail","hentry","kategoria-poi-drevene-chramy","kategoria-poi-nabozensky-turizmus","lokalita-svidnik-a-okolie","sezona-poi-celorocne","trvanie-vyletu-kratke-vylety","trvanie-vyletu-poldenne-vylety"],"acf":[],"yoast_head":"<!-- This site is optimized with the Yoast SEO Premium plugin v26.3 (Yoast SEO v26.8) - https:\/\/yoast.com\/product\/yoast-seo-premium-wordpress\/ -->\n<title>Dreven\u00fd chr\u00e1m Sv. Ve\u013ekomu\u010den\u00edka Dimitrija Sol\u00fanskeho, Medvedie - OOCR \u0160ari\u0161<\/title>\n<meta name=\"robots\" content=\"index, follow, max-snippet:-1, max-image-preview:large, max-video-preview:-1\" \/>\n<link rel=\"canonical\" href=\"https:\/\/www.regionsaris.sk\/hu\/nabozensky-turizmus\/dreveny-chram-sv-velkomucenika-dimitrija-solunskeho-medvedie\/\" \/>\n<meta property=\"og:locale\" content=\"hu_HU\" \/>\n<meta property=\"og:type\" content=\"article\" \/>\n<meta property=\"og:title\" content=\"Dreven\u00fd chr\u00e1m Sv. Ve\u013ekomu\u010den\u00edka Dimitrija Sol\u00fanskeho, Medvedie\" \/>\n<meta property=\"og:description\" content=\"Uprostred obce Medvedie sa na kopci nach\u00e1dza dreven\u00fd pravosl\u00e1vny chr\u00e1m sv. ve\u013ekomu\u010den\u00edka Dimitrija Sol\u00fanskeho, ktor\u00fd...\" \/>\n<meta property=\"og:url\" content=\"https:\/\/www.regionsaris.sk\/hu\/nabozensky-turizmus\/dreveny-chram-sv-velkomucenika-dimitrija-solunskeho-medvedie\/\" \/>\n<meta property=\"og:site_name\" content=\"OOCR \u0160ari\u0161\" \/>\n<meta property=\"article:modified_time\" content=\"2026-02-05T12:45:46+00:00\" \/>\n<meta property=\"og:image\" content=\"https:\/\/www.regionsaris.sk\/wp-content\/uploads\/2026\/01\/medvedie254-thumb.jpg\" \/>\n\t<meta property=\"og:image:width\" content=\"600\" \/>\n\t<meta property=\"og:image:height\" content=\"400\" \/>\n\t<meta property=\"og:image:type\" content=\"image\/jpeg\" \/>\n<meta name=\"twitter:card\" content=\"summary_large_image\" \/>\n<meta name=\"twitter:label1\" content=\"Becs\u00fclt olvas\u00e1si id\u0151\" \/>\n\t<meta name=\"twitter:data1\" content=\"1 perc\" \/>\n<script type=\"application\/ld+json\" class=\"yoast-schema-graph\">{\"@context\":\"https:\/\/schema.org\",\"@graph\":[{\"@type\":\"WebPage\",\"@id\":\"https:\/\/www.regionsaris.sk\/nabozensky-turizmus\/dreveny-chram-sv-velkomucenika-dimitrija-solunskeho-medvedie\/\",\"url\":\"https:\/\/www.regionsaris.sk\/nabozensky-turizmus\/dreveny-chram-sv-velkomucenika-dimitrija-solunskeho-medvedie\/\",\"name\":\"Dreven\u00fd chr\u00e1m Sv. Ve\u013ekomu\u010den\u00edka Dimitrija Sol\u00fanskeho, Medvedie - OOCR \u0160ari\u0161\",\"isPartOf\":{\"@id\":\"https:\/\/www.regionsaris.sk\/#website\"},\"primaryImageOfPage\":{\"@id\":\"https:\/\/www.regionsaris.sk\/nabozensky-turizmus\/dreveny-chram-sv-velkomucenika-dimitrija-solunskeho-medvedie\/#primaryimage\"},\"image\":{\"@id\":\"https:\/\/www.regionsaris.sk\/nabozensky-turizmus\/dreveny-chram-sv-velkomucenika-dimitrija-solunskeho-medvedie\/#primaryimage\"},\"thumbnailUrl\":\"https:\/\/www.regionsaris.sk\/wp-content\/uploads\/2026\/01\/medvedie254-thumb.jpg\",\"datePublished\":\"2026-01-07T11:45:01+00:00\",\"dateModified\":\"2026-02-05T12:45:46+00:00\",\"breadcrumb\":{\"@id\":\"https:\/\/www.regionsaris.sk\/nabozensky-turizmus\/dreveny-chram-sv-velkomucenika-dimitrija-solunskeho-medvedie\/#breadcrumb\"},\"inLanguage\":\"hu\",\"potentialAction\":[{\"@type\":\"ReadAction\",\"target\":[\"https:\/\/www.regionsaris.sk\/nabozensky-turizmus\/dreveny-chram-sv-velkomucenika-dimitrija-solunskeho-medvedie\/\"]}]},{\"@type\":\"ImageObject\",\"inLanguage\":\"hu\",\"@id\":\"https:\/\/www.regionsaris.sk\/nabozensky-turizmus\/dreveny-chram-sv-velkomucenika-dimitrija-solunskeho-medvedie\/#primaryimage\",\"url\":\"https:\/\/www.regionsaris.sk\/wp-content\/uploads\/2026\/01\/medvedie254-thumb.jpg\",\"contentUrl\":\"https:\/\/www.regionsaris.sk\/wp-content\/uploads\/2026\/01\/medvedie254-thumb.jpg\",\"width\":600,\"height\":400},{\"@type\":\"BreadcrumbList\",\"@id\":\"https:\/\/www.regionsaris.sk\/nabozensky-turizmus\/dreveny-chram-sv-velkomucenika-dimitrija-solunskeho-medvedie\/#breadcrumb\",\"itemListElement\":[{\"@type\":\"ListItem\",\"position\":1,\"name\":\"Domov\",\"item\":\"https:\/\/www.regionsaris.sk\/\"},{\"@type\":\"ListItem\",\"position\":2,\"name\":\"N\u00e1bo\u017eensk\u00fd turizmus v regi\u00f3ne\",\"item\":\"https:\/\/www.regionsaris.sk\/nabozensky-turizmus-v-regione\/\"},{\"@type\":\"ListItem\",\"position\":3,\"name\":\"Dreven\u00fd chr\u00e1m Sv. Ve\u013ekomu\u010den\u00edka Dimitrija Sol\u00fanskeho, Medvedie\"}]},{\"@type\":\"WebSite\",\"@id\":\"https:\/\/www.regionsaris.sk\/#website\",\"url\":\"https:\/\/www.regionsaris.sk\/\",\"name\":\"OOCR \u0160ari\u0161\",\"description\":\"\",\"potentialAction\":[{\"@type\":\"SearchAction\",\"target\":{\"@type\":\"EntryPoint\",\"urlTemplate\":\"https:\/\/www.regionsaris.sk\/?s={search_term_string}\"},\"query-input\":{\"@type\":\"PropertyValueSpecification\",\"valueRequired\":true,\"valueName\":\"search_term_string\"}}],\"inLanguage\":\"hu\"}]}<\/script>\n<!-- \/ Yoast SEO Premium plugin. -->","yoast_head_json":{"title":"Dreven\u00fd chr\u00e1m Sv. Ve\u013ekomu\u010den\u00edka Dimitrija Sol\u00fanskeho, Medvedie - OOCR \u0160ari\u0161","robots":{"index":"index","follow":"follow","max-snippet":"max-snippet:-1","max-image-preview":"max-image-preview:large","max-video-preview":"max-video-preview:-1"},"canonical":"https:\/\/www.regionsaris.sk\/hu\/nabozensky-turizmus\/dreveny-chram-sv-velkomucenika-dimitrija-solunskeho-medvedie\/","og_locale":"hu_HU","og_type":"article","og_title":"Dreven\u00fd chr\u00e1m Sv. Ve\u013ekomu\u010den\u00edka Dimitrija Sol\u00fanskeho, Medvedie","og_description":"Uprostred obce Medvedie sa na kopci nach\u00e1dza dreven\u00fd pravosl\u00e1vny chr\u00e1m sv. ve\u013ekomu\u010den\u00edka Dimitrija Sol\u00fanskeho, ktor\u00fd...","og_url":"https:\/\/www.regionsaris.sk\/hu\/nabozensky-turizmus\/dreveny-chram-sv-velkomucenika-dimitrija-solunskeho-medvedie\/","og_site_name":"OOCR \u0160ari\u0161","article_modified_time":"2026-02-05T12:45:46+00:00","og_image":[{"width":600,"height":400,"url":"https:\/\/www.regionsaris.sk\/wp-content\/uploads\/2026\/01\/medvedie254-thumb.jpg","type":"image\/jpeg"}],"twitter_card":"summary_large_image","twitter_misc":{"Becs\u00fclt olvas\u00e1si id\u0151":"1 perc"},"schema":{"@context":"https:\/\/schema.org","@graph":[{"@type":"WebPage","@id":"https:\/\/www.regionsaris.sk\/nabozensky-turizmus\/dreveny-chram-sv-velkomucenika-dimitrija-solunskeho-medvedie\/","url":"https:\/\/www.regionsaris.sk\/nabozensky-turizmus\/dreveny-chram-sv-velkomucenika-dimitrija-solunskeho-medvedie\/","name":"Dreven\u00fd chr\u00e1m Sv. Ve\u013ekomu\u010den\u00edka Dimitrija Sol\u00fanskeho, Medvedie - OOCR \u0160ari\u0161","isPartOf":{"@id":"https:\/\/www.regionsaris.sk\/#website"},"primaryImageOfPage":{"@id":"https:\/\/www.regionsaris.sk\/nabozensky-turizmus\/dreveny-chram-sv-velkomucenika-dimitrija-solunskeho-medvedie\/#primaryimage"},"image":{"@id":"https:\/\/www.regionsaris.sk\/nabozensky-turizmus\/dreveny-chram-sv-velkomucenika-dimitrija-solunskeho-medvedie\/#primaryimage"},"thumbnailUrl":"https:\/\/www.regionsaris.sk\/wp-content\/uploads\/2026\/01\/medvedie254-thumb.jpg","datePublished":"2026-01-07T11:45:01+00:00","dateModified":"2026-02-05T12:45:46+00:00","breadcrumb":{"@id":"https:\/\/www.regionsaris.sk\/nabozensky-turizmus\/dreveny-chram-sv-velkomucenika-dimitrija-solunskeho-medvedie\/#breadcrumb"},"inLanguage":"hu","potentialAction":[{"@type":"ReadAction","target":["https:\/\/www.regionsaris.sk\/nabozensky-turizmus\/dreveny-chram-sv-velkomucenika-dimitrija-solunskeho-medvedie\/"]}]},{"@type":"ImageObject","inLanguage":"hu","@id":"https:\/\/www.regionsaris.sk\/nabozensky-turizmus\/dreveny-chram-sv-velkomucenika-dimitrija-solunskeho-medvedie\/#primaryimage","url":"https:\/\/www.regionsaris.sk\/wp-content\/uploads\/2026\/01\/medvedie254-thumb.jpg","contentUrl":"https:\/\/www.regionsaris.sk\/wp-content\/uploads\/2026\/01\/medvedie254-thumb.jpg","width":600,"height":400},{"@type":"BreadcrumbList","@id":"https:\/\/www.regionsaris.sk\/nabozensky-turizmus\/dreveny-chram-sv-velkomucenika-dimitrija-solunskeho-medvedie\/#breadcrumb","itemListElement":[{"@type":"ListItem","position":1,"name":"Domov","item":"https:\/\/www.regionsaris.sk\/"},{"@type":"ListItem","position":2,"name":"N\u00e1bo\u017eensk\u00fd turizmus v regi\u00f3ne","item":"https:\/\/www.regionsaris.sk\/nabozensky-turizmus-v-regione\/"},{"@type":"ListItem","position":3,"name":"Dreven\u00fd chr\u00e1m Sv. Ve\u013ekomu\u010den\u00edka Dimitrija Sol\u00fanskeho, Medvedie"}]},{"@type":"WebSite","@id":"https:\/\/www.regionsaris.sk\/#website","url":"https:\/\/www.regionsaris.sk\/","name":"OOCR \u0160ari\u0161","description":"","potentialAction":[{"@type":"SearchAction","target":{"@type":"EntryPoint","urlTemplate":"https:\/\/www.regionsaris.sk\/?s={search_term_string}"},"query-input":{"@type":"PropertyValueSpecification","valueRequired":true,"valueName":"search_term_string"}}],"inLanguage":"hu"}]}},"_links":{"self":[{"href":"https:\/\/www.regionsaris.sk\/hu\/wp-json\/wp\/v2\/nabozensky-turizmus\/2579","targetHints":{"allow":["GET"]}}],"collection":[{"href":"https:\/\/www.regionsaris.sk\/hu\/wp-json\/wp\/v2\/nabozensky-turizmus"}],"about":[{"href":"https:\/\/www.regionsaris.sk\/hu\/wp-json\/wp\/v2\/types\/nabozensky-turizmus"}],"wp:featuredmedia":[{"embeddable":true,"href":"https:\/\/www.regionsaris.sk\/hu\/wp-json\/wp\/v2\/media\/2580"}],"wp:attachment":[{"href":"https:\/\/www.regionsaris.sk\/hu\/wp-json\/wp\/v2\/media?parent=2579"}],"wp:term":[{"taxonomy":"kategoria-poi","embeddable":true,"href":"https:\/\/www.regionsaris.sk\/hu\/wp-json\/wp\/v2\/kategoria-poi?post=2579"},{"taxonomy":"lokalita","embeddable":true,"href":"https:\/\/www.regionsaris.sk\/hu\/wp-json\/wp\/v2\/lokalita?post=2579"},{"taxonomy":"sezona-poi","embeddable":true,"href":"https:\/\/www.regionsaris.sk\/hu\/wp-json\/wp\/v2\/sezona-poi?post=2579"},{"taxonomy":"trvanie-vyletu","embeddable":true,"href":"https:\/\/www.regionsaris.sk\/hu\/wp-json\/wp\/v2\/trvanie-vyletu?post=2579"}],"curies":[{"name":"wp","href":"https:\/\/api.w.org\/{rel}","templated":true}]}}