{"id":2577,"date":"2026-01-07T12:45:01","date_gmt":"2026-01-07T11:45:01","guid":{"rendered":"https:\/\/www.regionsaris.sk\/?post_type=nabozensky-turizmus&#038;p=2577"},"modified":"2026-02-05T13:45:28","modified_gmt":"2026-02-05T12:45:28","slug":"dreveny-chram-presvatej-bohorodicky-korejovce","status":"publish","type":"nabozensky-turizmus","link":"https:\/\/www.regionsaris.sk\/hu\/nabozensky-turizmus\/dreveny-chram-presvatej-bohorodicky-korejovce\/","title":{"rendered":"A Legszentebb Sz\u0171zanya fatemplom, Korejovce"},"content":{"rendered":"<p>Az 1764-b\u0151l sz\u00e1rmaz\u00f3 fatemplom k\u0151alapra \u00e9p\u00fclt, k\u00edv\u00fclr\u0151l f\u00fcgg\u0151leges deszk\u00e1kkal \u00e9s l\u00e9cekkel fedett. A torony el\u0151csarnoka el\u0151tt, amelyet a n\u00e9pnyelv magt\u00e1rnak nevez, egy miniat\u0171r el\u0151csarnok k\u00e9sz\u00fclt el. R\u00e9gen a templom bej\u00e1rata d\u00e9l fel\u0151l volt, szemben a jelenlegi keleti bej\u00e1rattal. A templom mindh\u00e1rom r\u00e9sz\u00e9t, a torony el\u0151csarnok\u00e1t, a n\u00e9gyzetes haj\u00f3j\u00e1t \u00e9s a szent\u00e9lyt hagymakupol\u00e1k koron\u00e1zz\u00e1k, amelyekben keresztek vannak elhelyezve. A tet\u0151, bele\u00e9rtve a tornyokat is, zsindellyel fedett. A templomban nem volt teljes ikonoszt\u00e1z. A lelt\u00e1r legr\u00e9gebbi r\u00e9sze a Hodigitria-ikon szoliterje a 17. sz\u00e1zadb\u00f3l, t\u0171level\u0171 falapon. Eleuszisz f\u0151 ikonja a XVIII. sz\u00e1zad els\u0151 fel\u00e9b\u0151l sz\u00e1rmazik. A bor\u00edt\u00f3, az alatta l\u00e9v\u0151 ikon egy Ryboticze-i lengyel m\u0171hely munk\u00e1ja, \u00e9s a XVIII. sz\u00e1zad k\u00f6zep\u00e9r\u0151l sz\u00e1rmazik. Sz\u00e1zadb\u00f3l sz\u00e1rmazik. A c\u00e1ri ajt\u00f3 sz\u00e1rnyait a v\u00e1ros n\u00e9h\u00e1ny professzion\u00e1lis farag\u00f3m\u0171hely\u00e9ben faragt\u00e1k, \u00e9s a XVII. sz\u00e1zad v\u00e9g\u00e9r\u0151l sz\u00e1rmaznak. A sz\u00e1jhagyom\u00e1ny szerint a II. vil\u00e1gh\u00e1bor\u00fa alatt az eredeti c\u00e1ri ajt\u00f3t lerombolt\u00e1k \u00e9s a jelenlegi, Krajna Bystr\u00e1b\u00f3l import\u00e1lt ajt\u00f3val helyettes\u00edtett\u00e9k. A templomban elhelyezett egy\u00e9b ikonok szint\u00e9n Krajna Bystr\u00e1b\u00f3l sz\u00e1rmaznak, a ma m\u00e1r nem l\u00e9tez\u0151 Szent Mih\u00e1ly-templom 1791-b\u0151l. A S\u00e1rk\u00e1ny\u00f6l\u0151 Szent Mih\u00e1ly ikon a XVII. sz\u00e1zad harmadik harmad\u00e1b\u00f3l sz\u00e1rmazik. Ugyanebb\u0151l az id\u0151szakb\u00f3l sz\u00e1rmazik Szent Onufrio - a remete szent, aki leveles k\u00f6penyt visel \u00e1gy\u00e9k\u00e1n, hossz\u00fa szak\u00e1ll\u00e1ba burkol\u00f3zva. Az oroszl\u00e1np\u00e1r a remete \u00e9s az er\u00e9nyek szimb\u00f3luma. Az egyszer\u0171 ruh\u00e1s Krisztus tan\u00edt\u00f3 ikonja a XVII. sz\u00e1zad utols\u00f3 negyed\u00e9b\u0151l sz\u00e1rmazik. Az \u00fcnnepnapok, az egyh\u00e1zi \u00e9v f\u0151 \u00fcnnepeinek sorozata. Krisztus \u00e9s M\u00e1ria ikonja a XVII. sz\u00e1zad v\u00e9g\u00e9r\u0151l \u00e9s a XVIII. sz\u00e1zad elej\u00e9r\u0151l sz\u00e1rmazik. A f\u00e1b\u00f3l k\u00e9sz\u00fclt harangl\u00e1bnak h\u00e1rom harangja van. Az egyik harang 1769-b\u0151l val\u00f3, a Szent Csal\u00e1dot \u00e1br\u00e1zol\u00f3 domborm\u0171ves feliratot visel. A m\u00e1sodik, 1771-b\u0151l sz\u00e1rmaz\u00f3 harang felirattal \u00e9s egy keresztet \u00e1br\u00e1zol\u00f3 domborm\u0171vel van ell\u00e1tva, alatta Sz\u0171z M\u00e1ri\u00e1val.<\/p>\n\n\n\n<p>A harangtorony \u00e9s a h\u00e1romter\u0171 fat\u00f6rzs\u0171 fatemplom - keleti t\u00edpus\u00fa \u00e9s r\u00edtus\u00fa cerkov - nemzeti kultur\u00e1lis m\u0171eml\u00e9k.<\/p>\n\n\n\n<p>Forr\u00e1s: https:\/\/obeckorejovce.webnode.sk\/kulturne-pamiatky\/<\/p>","protected":false},"featured_media":2578,"template":"","meta":{"_acf_changed":false},"kategoria-poi":[186,168],"lokalita":[115],"sezona-poi":[12],"trvanie-vyletu":[217,180],"class_list":["post-2577","nabozensky-turizmus","type-nabozensky-turizmus","status-publish","has-post-thumbnail","hentry","kategoria-poi-drevene-chramy","kategoria-poi-nabozensky-turizmus","lokalita-svidnik-a-okolie","sezona-poi-celorocne","trvanie-vyletu-kratke-vylety","trvanie-vyletu-poldenne-vylety"],"acf":[],"yoast_head":"<!-- This site is optimized with the Yoast SEO Premium plugin v26.3 (Yoast SEO v26.8) - https:\/\/yoast.com\/product\/yoast-seo-premium-wordpress\/ -->\n<title>Dreven\u00fd chr\u00e1m Presv\u00e4tej Bohorodi\u010dky, Korejovce - OOCR \u0160ari\u0161<\/title>\n<meta name=\"robots\" content=\"index, follow, max-snippet:-1, max-image-preview:large, max-video-preview:-1\" \/>\n<link rel=\"canonical\" href=\"https:\/\/www.regionsaris.sk\/hu\/nabozensky-turizmus\/dreveny-chram-presvatej-bohorodicky-korejovce\/\" \/>\n<meta property=\"og:locale\" content=\"hu_HU\" \/>\n<meta property=\"og:type\" content=\"article\" \/>\n<meta property=\"og:title\" content=\"Dreven\u00fd chr\u00e1m Presv\u00e4tej Bohorodi\u010dky, Korejovce\" \/>\n<meta property=\"og:description\" content=\"Dreven\u00e1 cerkov z roku 1764 je postaven\u00e1 na kamennej podmurovke, z vonkaj\u0161ej strany pokryt\u00e1 vertik\u00e1lnymi...\" \/>\n<meta property=\"og:url\" content=\"https:\/\/www.regionsaris.sk\/hu\/nabozensky-turizmus\/dreveny-chram-presvatej-bohorodicky-korejovce\/\" \/>\n<meta property=\"og:site_name\" content=\"OOCR \u0160ari\u0161\" \/>\n<meta property=\"article:modified_time\" content=\"2026-02-05T12:45:28+00:00\" \/>\n<meta property=\"og:image\" content=\"https:\/\/www.regionsaris.sk\/wp-content\/uploads\/2026\/01\/Korejovce253-thumb.jpg\" \/>\n\t<meta property=\"og:image:width\" content=\"600\" \/>\n\t<meta property=\"og:image:height\" content=\"400\" \/>\n\t<meta property=\"og:image:type\" content=\"image\/jpeg\" \/>\n<meta name=\"twitter:card\" content=\"summary_large_image\" \/>\n<meta name=\"twitter:label1\" content=\"Becs\u00fclt olvas\u00e1si id\u0151\" \/>\n\t<meta name=\"twitter:data1\" content=\"2 perc\" \/>\n<script type=\"application\/ld+json\" class=\"yoast-schema-graph\">{\"@context\":\"https:\/\/schema.org\",\"@graph\":[{\"@type\":\"WebPage\",\"@id\":\"https:\/\/www.regionsaris.sk\/nabozensky-turizmus\/dreveny-chram-presvatej-bohorodicky-korejovce\/\",\"url\":\"https:\/\/www.regionsaris.sk\/nabozensky-turizmus\/dreveny-chram-presvatej-bohorodicky-korejovce\/\",\"name\":\"Dreven\u00fd chr\u00e1m Presv\u00e4tej Bohorodi\u010dky, Korejovce - OOCR \u0160ari\u0161\",\"isPartOf\":{\"@id\":\"https:\/\/www.regionsaris.sk\/#website\"},\"primaryImageOfPage\":{\"@id\":\"https:\/\/www.regionsaris.sk\/nabozensky-turizmus\/dreveny-chram-presvatej-bohorodicky-korejovce\/#primaryimage\"},\"image\":{\"@id\":\"https:\/\/www.regionsaris.sk\/nabozensky-turizmus\/dreveny-chram-presvatej-bohorodicky-korejovce\/#primaryimage\"},\"thumbnailUrl\":\"https:\/\/www.regionsaris.sk\/wp-content\/uploads\/2026\/01\/Korejovce253-thumb.jpg\",\"datePublished\":\"2026-01-07T11:45:01+00:00\",\"dateModified\":\"2026-02-05T12:45:28+00:00\",\"breadcrumb\":{\"@id\":\"https:\/\/www.regionsaris.sk\/nabozensky-turizmus\/dreveny-chram-presvatej-bohorodicky-korejovce\/#breadcrumb\"},\"inLanguage\":\"hu\",\"potentialAction\":[{\"@type\":\"ReadAction\",\"target\":[\"https:\/\/www.regionsaris.sk\/nabozensky-turizmus\/dreveny-chram-presvatej-bohorodicky-korejovce\/\"]}]},{\"@type\":\"ImageObject\",\"inLanguage\":\"hu\",\"@id\":\"https:\/\/www.regionsaris.sk\/nabozensky-turizmus\/dreveny-chram-presvatej-bohorodicky-korejovce\/#primaryimage\",\"url\":\"https:\/\/www.regionsaris.sk\/wp-content\/uploads\/2026\/01\/Korejovce253-thumb.jpg\",\"contentUrl\":\"https:\/\/www.regionsaris.sk\/wp-content\/uploads\/2026\/01\/Korejovce253-thumb.jpg\",\"width\":600,\"height\":400},{\"@type\":\"BreadcrumbList\",\"@id\":\"https:\/\/www.regionsaris.sk\/nabozensky-turizmus\/dreveny-chram-presvatej-bohorodicky-korejovce\/#breadcrumb\",\"itemListElement\":[{\"@type\":\"ListItem\",\"position\":1,\"name\":\"Domov\",\"item\":\"https:\/\/www.regionsaris.sk\/\"},{\"@type\":\"ListItem\",\"position\":2,\"name\":\"N\u00e1bo\u017eensk\u00fd turizmus v regi\u00f3ne\",\"item\":\"https:\/\/www.regionsaris.sk\/nabozensky-turizmus-v-regione\/\"},{\"@type\":\"ListItem\",\"position\":3,\"name\":\"Dreven\u00fd chr\u00e1m Presv\u00e4tej Bohorodi\u010dky, Korejovce\"}]},{\"@type\":\"WebSite\",\"@id\":\"https:\/\/www.regionsaris.sk\/#website\",\"url\":\"https:\/\/www.regionsaris.sk\/\",\"name\":\"OOCR \u0160ari\u0161\",\"description\":\"\",\"potentialAction\":[{\"@type\":\"SearchAction\",\"target\":{\"@type\":\"EntryPoint\",\"urlTemplate\":\"https:\/\/www.regionsaris.sk\/?s={search_term_string}\"},\"query-input\":{\"@type\":\"PropertyValueSpecification\",\"valueRequired\":true,\"valueName\":\"search_term_string\"}}],\"inLanguage\":\"hu\"}]}<\/script>\n<!-- \/ Yoast SEO Premium plugin. -->","yoast_head_json":{"title":"Dreven\u00fd chr\u00e1m Presv\u00e4tej Bohorodi\u010dky, Korejovce - OOCR \u0160ari\u0161","robots":{"index":"index","follow":"follow","max-snippet":"max-snippet:-1","max-image-preview":"max-image-preview:large","max-video-preview":"max-video-preview:-1"},"canonical":"https:\/\/www.regionsaris.sk\/hu\/nabozensky-turizmus\/dreveny-chram-presvatej-bohorodicky-korejovce\/","og_locale":"hu_HU","og_type":"article","og_title":"Dreven\u00fd chr\u00e1m Presv\u00e4tej Bohorodi\u010dky, Korejovce","og_description":"Dreven\u00e1 cerkov z roku 1764 je postaven\u00e1 na kamennej podmurovke, z vonkaj\u0161ej strany pokryt\u00e1 vertik\u00e1lnymi...","og_url":"https:\/\/www.regionsaris.sk\/hu\/nabozensky-turizmus\/dreveny-chram-presvatej-bohorodicky-korejovce\/","og_site_name":"OOCR \u0160ari\u0161","article_modified_time":"2026-02-05T12:45:28+00:00","og_image":[{"width":600,"height":400,"url":"https:\/\/www.regionsaris.sk\/wp-content\/uploads\/2026\/01\/Korejovce253-thumb.jpg","type":"image\/jpeg"}],"twitter_card":"summary_large_image","twitter_misc":{"Becs\u00fclt olvas\u00e1si id\u0151":"2 perc"},"schema":{"@context":"https:\/\/schema.org","@graph":[{"@type":"WebPage","@id":"https:\/\/www.regionsaris.sk\/nabozensky-turizmus\/dreveny-chram-presvatej-bohorodicky-korejovce\/","url":"https:\/\/www.regionsaris.sk\/nabozensky-turizmus\/dreveny-chram-presvatej-bohorodicky-korejovce\/","name":"Dreven\u00fd chr\u00e1m Presv\u00e4tej Bohorodi\u010dky, Korejovce - OOCR \u0160ari\u0161","isPartOf":{"@id":"https:\/\/www.regionsaris.sk\/#website"},"primaryImageOfPage":{"@id":"https:\/\/www.regionsaris.sk\/nabozensky-turizmus\/dreveny-chram-presvatej-bohorodicky-korejovce\/#primaryimage"},"image":{"@id":"https:\/\/www.regionsaris.sk\/nabozensky-turizmus\/dreveny-chram-presvatej-bohorodicky-korejovce\/#primaryimage"},"thumbnailUrl":"https:\/\/www.regionsaris.sk\/wp-content\/uploads\/2026\/01\/Korejovce253-thumb.jpg","datePublished":"2026-01-07T11:45:01+00:00","dateModified":"2026-02-05T12:45:28+00:00","breadcrumb":{"@id":"https:\/\/www.regionsaris.sk\/nabozensky-turizmus\/dreveny-chram-presvatej-bohorodicky-korejovce\/#breadcrumb"},"inLanguage":"hu","potentialAction":[{"@type":"ReadAction","target":["https:\/\/www.regionsaris.sk\/nabozensky-turizmus\/dreveny-chram-presvatej-bohorodicky-korejovce\/"]}]},{"@type":"ImageObject","inLanguage":"hu","@id":"https:\/\/www.regionsaris.sk\/nabozensky-turizmus\/dreveny-chram-presvatej-bohorodicky-korejovce\/#primaryimage","url":"https:\/\/www.regionsaris.sk\/wp-content\/uploads\/2026\/01\/Korejovce253-thumb.jpg","contentUrl":"https:\/\/www.regionsaris.sk\/wp-content\/uploads\/2026\/01\/Korejovce253-thumb.jpg","width":600,"height":400},{"@type":"BreadcrumbList","@id":"https:\/\/www.regionsaris.sk\/nabozensky-turizmus\/dreveny-chram-presvatej-bohorodicky-korejovce\/#breadcrumb","itemListElement":[{"@type":"ListItem","position":1,"name":"Domov","item":"https:\/\/www.regionsaris.sk\/"},{"@type":"ListItem","position":2,"name":"N\u00e1bo\u017eensk\u00fd turizmus v regi\u00f3ne","item":"https:\/\/www.regionsaris.sk\/nabozensky-turizmus-v-regione\/"},{"@type":"ListItem","position":3,"name":"Dreven\u00fd chr\u00e1m Presv\u00e4tej Bohorodi\u010dky, Korejovce"}]},{"@type":"WebSite","@id":"https:\/\/www.regionsaris.sk\/#website","url":"https:\/\/www.regionsaris.sk\/","name":"OOCR \u0160ari\u0161","description":"","potentialAction":[{"@type":"SearchAction","target":{"@type":"EntryPoint","urlTemplate":"https:\/\/www.regionsaris.sk\/?s={search_term_string}"},"query-input":{"@type":"PropertyValueSpecification","valueRequired":true,"valueName":"search_term_string"}}],"inLanguage":"hu"}]}},"_links":{"self":[{"href":"https:\/\/www.regionsaris.sk\/hu\/wp-json\/wp\/v2\/nabozensky-turizmus\/2577","targetHints":{"allow":["GET"]}}],"collection":[{"href":"https:\/\/www.regionsaris.sk\/hu\/wp-json\/wp\/v2\/nabozensky-turizmus"}],"about":[{"href":"https:\/\/www.regionsaris.sk\/hu\/wp-json\/wp\/v2\/types\/nabozensky-turizmus"}],"wp:featuredmedia":[{"embeddable":true,"href":"https:\/\/www.regionsaris.sk\/hu\/wp-json\/wp\/v2\/media\/2578"}],"wp:attachment":[{"href":"https:\/\/www.regionsaris.sk\/hu\/wp-json\/wp\/v2\/media?parent=2577"}],"wp:term":[{"taxonomy":"kategoria-poi","embeddable":true,"href":"https:\/\/www.regionsaris.sk\/hu\/wp-json\/wp\/v2\/kategoria-poi?post=2577"},{"taxonomy":"lokalita","embeddable":true,"href":"https:\/\/www.regionsaris.sk\/hu\/wp-json\/wp\/v2\/lokalita?post=2577"},{"taxonomy":"sezona-poi","embeddable":true,"href":"https:\/\/www.regionsaris.sk\/hu\/wp-json\/wp\/v2\/sezona-poi?post=2577"},{"taxonomy":"trvanie-vyletu","embeddable":true,"href":"https:\/\/www.regionsaris.sk\/hu\/wp-json\/wp\/v2\/trvanie-vyletu?post=2577"}],"curies":[{"name":"wp","href":"https:\/\/api.w.org\/{rel}","templated":true}]}}