{"id":2573,"date":"2026-01-07T12:45:02","date_gmt":"2026-01-07T11:45:02","guid":{"rendered":"https:\/\/www.regionsaris.sk\/?post_type=nabozensky-turizmus&#038;p=2573"},"modified":"2026-02-05T13:44:50","modified_gmt":"2026-02-05T12:44:50","slug":"dreveny-chram-svatej-paraskevy-nova-polianka-svidnik","status":"publish","type":"nabozensky-turizmus","link":"https:\/\/www.regionsaris.sk\/hu\/nabozensky-turizmus\/dreveny-chram-svatej-paraskevy-nova-polianka-svidnik\/","title":{"rendered":"Szent Paraskeva fatemplom, (Nov\u00e1 Polianka) Svidn\u00edk"},"content":{"rendered":"<p><strong>Szent Paraskeva templom<\/strong> egy f\u00e1b\u00f3l k\u00e9sz\u00fclt szakr\u00e1lis \u00e9p\u00fclet, amely eredetileg Nov\u00e1 Poliank\u00e1n \u00e1llt, jelenleg a Svidn\u00edk-i szabadt\u00e9ri m\u00fazeumban tal\u00e1lhat\u00f3. Szent Paraszk\u00e1nak van szentelve, \u00e9s 1766-ban \u00e9p\u00fclt. A m\u00e1sodik vil\u00e1gh\u00e1bor\u00fa katonai m\u0171veletei sor\u00e1n 1944 november\u00e9ben a K\u00e1rp\u00e1t-Dukla hadm\u0171velet ter\u00fclet\u00e9n megs\u00e9r\u00fclt. K\u00f6zvetlen\u00fcl a h\u00e1bor\u00fa befejez\u00e9se ut\u00e1n a falu lak\u00f3i \u00fajj\u00e1\u00e9p\u00edtett\u00e9k. A templomot 1961-ben lebontott\u00e1k. A Svidn\u00edk-i szabadt\u00e9ri m\u00fazeumban helyezt\u00e9k el 1986-ban. A szabadt\u00e9ri m\u00fazeumba val\u00f3 \u00e1thelyez\u00e9s\u00e9t a Szent P\u00e9ter \u00e9s P\u00e1l t\u00e9glatemplom \u00e9p\u00edt\u00e9se tette lehet\u0151v\u00e9 (1937-ben).<\/p>\n\n\n\n<p>A templom alaprajza h\u00e1rom hosszanti ir\u00e1nyban elhelyezked\u0151 \u00e9p\u00fcletb\u0151l \u00e1ll, a k\u00f6vetkez\u0151 sorrendben: presbit\u00e9rium, haj\u00f3 \u00e9s f\u0151haj\u00f3. Ez az elrendez\u00e9s a Szenth\u00e1roms\u00e1g elv\u00e9t hangs\u00falyozza. A kelet-nyugati t\u00e1jol\u00e1s az istentiszteleti cselekm\u00e9nyen alapul. Az ikonoszt\u00e1z 18. sz\u00e1zadi mesterek munk\u00e1ja, \u00e9s egy m\u00e1sik egyh\u00e1zi \u00e9p\u00fcletb\u0151l sz\u00e1rmazik.<\/p>\n\n\n\n<p>Az \u00e9p\u00fclet t\u00f6mege t\u0171level\u0171 r\u00f6nk, \u00e9s egyszer\u0171 k\u0151alapzatra van szerelve. A r\u00f6nkgerend\u00e1k \u00e9s a f\u0171r\u00e9sz\u00e1ruk \u00f6sszek\u00f6t\u00e9s\u00e9t \u00e1cslakatokkal r\u00f6gz\u00edtett\u00e9k, amelyekhez csapokat, csapokat \u00e9s hornyokat haszn\u00e1ltak. Az \u00e1csk\u00f6t\u00e9sek \u00f6sszek\u00f6t\u00e9s\u00e9re \u00e1ltal\u00e1ban t\u00f6lgyfa csapokat haszn\u00e1ltak, amelyeket a gerenda f\u00fart lyukaiba \u00fct\u00f6ttek. F\u00e9msz\u00f6geket nem haszn\u00e1ltak az eg\u00e9sz \u00e9p\u00fcletben. Az ablakok a d\u00e9li oldalon helyezkednek el. A k\u00e9tszintes tet\u0151t zsindellyel fedt\u00e9k, \u00e9s az elej\u00e9n csipkeszeg\u00e9llyel d\u00edsz\u00edtettek. A nyugati torony a legmagasabb, \u00e9s form\u00e1ja megk\u00fcl\u00f6nb\u00f6zteti a templomhaj\u00f3t\u00f3l \u00e9s a presbit\u00e9riumt\u00f3l.<br>A templomot 1993 \u00f3ta haszn\u00e1lj\u00e1k istentiszteletekre.<\/p>\n\n\n\n<p>Forr\u00e1s: <a href=\"http:\/\/www.drevenchramy.sk\">www.drevenchramy.sk<\/a><\/p>\n\n\n\n<p>F\u00e9nyk\u00e9p: Henryk Bielamowicz<\/p>","protected":false},"featured_media":2574,"template":"","meta":{"_acf_changed":false},"kategoria-poi":[186,168],"lokalita":[115],"sezona-poi":[12],"trvanie-vyletu":[217,180],"class_list":["post-2573","nabozensky-turizmus","type-nabozensky-turizmus","status-publish","has-post-thumbnail","hentry","kategoria-poi-drevene-chramy","kategoria-poi-nabozensky-turizmus","lokalita-svidnik-a-okolie","sezona-poi-celorocne","trvanie-vyletu-kratke-vylety","trvanie-vyletu-poldenne-vylety"],"acf":[],"yoast_head":"<!-- This site is optimized with the Yoast SEO Premium plugin v26.3 (Yoast SEO v26.8) - https:\/\/yoast.com\/product\/yoast-seo-premium-wordpress\/ -->\n<title>Dreven\u00fd chr\u00e1m sv\u00e4tej Paraskevy, (Nov\u00e1 Polianka) Svidn\u00edk - OOCR \u0160ari\u0161<\/title>\n<meta name=\"robots\" content=\"index, follow, max-snippet:-1, max-image-preview:large, max-video-preview:-1\" \/>\n<link rel=\"canonical\" href=\"https:\/\/www.regionsaris.sk\/hu\/nabozensky-turizmus\/dreveny-chram-svatej-paraskevy-nova-polianka-svidnik\/\" \/>\n<meta property=\"og:locale\" content=\"hu_HU\" \/>\n<meta property=\"og:type\" content=\"article\" \/>\n<meta property=\"og:title\" content=\"Dreven\u00fd chr\u00e1m sv\u00e4tej Paraskevy, (Nov\u00e1 Polianka) Svidn\u00edk\" \/>\n<meta property=\"og:description\" content=\"Chr\u00e1m sv\u00e4tej Paraskevy je dreven\u00e1 sakr\u00e1lna stavba, ktor\u00e1 p\u00f4vodne st\u00e1la v Novej Polianke, v s\u00fa\u010dasnosti...\" \/>\n<meta property=\"og:url\" content=\"https:\/\/www.regionsaris.sk\/hu\/nabozensky-turizmus\/dreveny-chram-svatej-paraskevy-nova-polianka-svidnik\/\" \/>\n<meta property=\"og:site_name\" content=\"OOCR \u0160ari\u0161\" \/>\n<meta property=\"article:modified_time\" content=\"2026-02-05T12:44:50+00:00\" \/>\n<meta property=\"og:image\" content=\"https:\/\/www.regionsaris.sk\/wp-content\/uploads\/2026\/01\/nova-polianka-241-thumb.jpg\" \/>\n\t<meta property=\"og:image:width\" content=\"600\" \/>\n\t<meta property=\"og:image:height\" content=\"400\" \/>\n\t<meta property=\"og:image:type\" content=\"image\/jpeg\" \/>\n<meta name=\"twitter:card\" content=\"summary_large_image\" \/>\n<meta name=\"twitter:label1\" content=\"Becs\u00fclt olvas\u00e1si id\u0151\" \/>\n\t<meta name=\"twitter:data1\" content=\"1 perc\" \/>\n<script type=\"application\/ld+json\" class=\"yoast-schema-graph\">{\"@context\":\"https:\/\/schema.org\",\"@graph\":[{\"@type\":\"WebPage\",\"@id\":\"https:\/\/www.regionsaris.sk\/nabozensky-turizmus\/dreveny-chram-svatej-paraskevy-nova-polianka-svidnik\/\",\"url\":\"https:\/\/www.regionsaris.sk\/nabozensky-turizmus\/dreveny-chram-svatej-paraskevy-nova-polianka-svidnik\/\",\"name\":\"Dreven\u00fd chr\u00e1m sv\u00e4tej Paraskevy, (Nov\u00e1 Polianka) Svidn\u00edk - OOCR \u0160ari\u0161\",\"isPartOf\":{\"@id\":\"https:\/\/www.regionsaris.sk\/#website\"},\"primaryImageOfPage\":{\"@id\":\"https:\/\/www.regionsaris.sk\/nabozensky-turizmus\/dreveny-chram-svatej-paraskevy-nova-polianka-svidnik\/#primaryimage\"},\"image\":{\"@id\":\"https:\/\/www.regionsaris.sk\/nabozensky-turizmus\/dreveny-chram-svatej-paraskevy-nova-polianka-svidnik\/#primaryimage\"},\"thumbnailUrl\":\"https:\/\/www.regionsaris.sk\/wp-content\/uploads\/2026\/01\/nova-polianka-241-thumb.jpg\",\"datePublished\":\"2026-01-07T11:45:02+00:00\",\"dateModified\":\"2026-02-05T12:44:50+00:00\",\"breadcrumb\":{\"@id\":\"https:\/\/www.regionsaris.sk\/nabozensky-turizmus\/dreveny-chram-svatej-paraskevy-nova-polianka-svidnik\/#breadcrumb\"},\"inLanguage\":\"hu\",\"potentialAction\":[{\"@type\":\"ReadAction\",\"target\":[\"https:\/\/www.regionsaris.sk\/nabozensky-turizmus\/dreveny-chram-svatej-paraskevy-nova-polianka-svidnik\/\"]}]},{\"@type\":\"ImageObject\",\"inLanguage\":\"hu\",\"@id\":\"https:\/\/www.regionsaris.sk\/nabozensky-turizmus\/dreveny-chram-svatej-paraskevy-nova-polianka-svidnik\/#primaryimage\",\"url\":\"https:\/\/www.regionsaris.sk\/wp-content\/uploads\/2026\/01\/nova-polianka-241-thumb.jpg\",\"contentUrl\":\"https:\/\/www.regionsaris.sk\/wp-content\/uploads\/2026\/01\/nova-polianka-241-thumb.jpg\",\"width\":600,\"height\":400},{\"@type\":\"BreadcrumbList\",\"@id\":\"https:\/\/www.regionsaris.sk\/nabozensky-turizmus\/dreveny-chram-svatej-paraskevy-nova-polianka-svidnik\/#breadcrumb\",\"itemListElement\":[{\"@type\":\"ListItem\",\"position\":1,\"name\":\"Domov\",\"item\":\"https:\/\/www.regionsaris.sk\/\"},{\"@type\":\"ListItem\",\"position\":2,\"name\":\"N\u00e1bo\u017eensk\u00fd turizmus v regi\u00f3ne\",\"item\":\"https:\/\/www.regionsaris.sk\/nabozensky-turizmus-v-regione\/\"},{\"@type\":\"ListItem\",\"position\":3,\"name\":\"Dreven\u00fd chr\u00e1m sv\u00e4tej Paraskevy, (Nov\u00e1 Polianka) Svidn\u00edk\"}]},{\"@type\":\"WebSite\",\"@id\":\"https:\/\/www.regionsaris.sk\/#website\",\"url\":\"https:\/\/www.regionsaris.sk\/\",\"name\":\"OOCR \u0160ari\u0161\",\"description\":\"\",\"potentialAction\":[{\"@type\":\"SearchAction\",\"target\":{\"@type\":\"EntryPoint\",\"urlTemplate\":\"https:\/\/www.regionsaris.sk\/?s={search_term_string}\"},\"query-input\":{\"@type\":\"PropertyValueSpecification\",\"valueRequired\":true,\"valueName\":\"search_term_string\"}}],\"inLanguage\":\"hu\"}]}<\/script>\n<!-- \/ Yoast SEO Premium plugin. -->","yoast_head_json":{"title":"Dreven\u00fd chr\u00e1m sv\u00e4tej Paraskevy, (Nov\u00e1 Polianka) Svidn\u00edk - OOCR \u0160ari\u0161","robots":{"index":"index","follow":"follow","max-snippet":"max-snippet:-1","max-image-preview":"max-image-preview:large","max-video-preview":"max-video-preview:-1"},"canonical":"https:\/\/www.regionsaris.sk\/hu\/nabozensky-turizmus\/dreveny-chram-svatej-paraskevy-nova-polianka-svidnik\/","og_locale":"hu_HU","og_type":"article","og_title":"Dreven\u00fd chr\u00e1m sv\u00e4tej Paraskevy, (Nov\u00e1 Polianka) Svidn\u00edk","og_description":"Chr\u00e1m sv\u00e4tej Paraskevy je dreven\u00e1 sakr\u00e1lna stavba, ktor\u00e1 p\u00f4vodne st\u00e1la v Novej Polianke, v s\u00fa\u010dasnosti...","og_url":"https:\/\/www.regionsaris.sk\/hu\/nabozensky-turizmus\/dreveny-chram-svatej-paraskevy-nova-polianka-svidnik\/","og_site_name":"OOCR \u0160ari\u0161","article_modified_time":"2026-02-05T12:44:50+00:00","og_image":[{"width":600,"height":400,"url":"https:\/\/www.regionsaris.sk\/wp-content\/uploads\/2026\/01\/nova-polianka-241-thumb.jpg","type":"image\/jpeg"}],"twitter_card":"summary_large_image","twitter_misc":{"Becs\u00fclt olvas\u00e1si id\u0151":"1 perc"},"schema":{"@context":"https:\/\/schema.org","@graph":[{"@type":"WebPage","@id":"https:\/\/www.regionsaris.sk\/nabozensky-turizmus\/dreveny-chram-svatej-paraskevy-nova-polianka-svidnik\/","url":"https:\/\/www.regionsaris.sk\/nabozensky-turizmus\/dreveny-chram-svatej-paraskevy-nova-polianka-svidnik\/","name":"Dreven\u00fd chr\u00e1m sv\u00e4tej Paraskevy, (Nov\u00e1 Polianka) Svidn\u00edk - OOCR \u0160ari\u0161","isPartOf":{"@id":"https:\/\/www.regionsaris.sk\/#website"},"primaryImageOfPage":{"@id":"https:\/\/www.regionsaris.sk\/nabozensky-turizmus\/dreveny-chram-svatej-paraskevy-nova-polianka-svidnik\/#primaryimage"},"image":{"@id":"https:\/\/www.regionsaris.sk\/nabozensky-turizmus\/dreveny-chram-svatej-paraskevy-nova-polianka-svidnik\/#primaryimage"},"thumbnailUrl":"https:\/\/www.regionsaris.sk\/wp-content\/uploads\/2026\/01\/nova-polianka-241-thumb.jpg","datePublished":"2026-01-07T11:45:02+00:00","dateModified":"2026-02-05T12:44:50+00:00","breadcrumb":{"@id":"https:\/\/www.regionsaris.sk\/nabozensky-turizmus\/dreveny-chram-svatej-paraskevy-nova-polianka-svidnik\/#breadcrumb"},"inLanguage":"hu","potentialAction":[{"@type":"ReadAction","target":["https:\/\/www.regionsaris.sk\/nabozensky-turizmus\/dreveny-chram-svatej-paraskevy-nova-polianka-svidnik\/"]}]},{"@type":"ImageObject","inLanguage":"hu","@id":"https:\/\/www.regionsaris.sk\/nabozensky-turizmus\/dreveny-chram-svatej-paraskevy-nova-polianka-svidnik\/#primaryimage","url":"https:\/\/www.regionsaris.sk\/wp-content\/uploads\/2026\/01\/nova-polianka-241-thumb.jpg","contentUrl":"https:\/\/www.regionsaris.sk\/wp-content\/uploads\/2026\/01\/nova-polianka-241-thumb.jpg","width":600,"height":400},{"@type":"BreadcrumbList","@id":"https:\/\/www.regionsaris.sk\/nabozensky-turizmus\/dreveny-chram-svatej-paraskevy-nova-polianka-svidnik\/#breadcrumb","itemListElement":[{"@type":"ListItem","position":1,"name":"Domov","item":"https:\/\/www.regionsaris.sk\/"},{"@type":"ListItem","position":2,"name":"N\u00e1bo\u017eensk\u00fd turizmus v regi\u00f3ne","item":"https:\/\/www.regionsaris.sk\/nabozensky-turizmus-v-regione\/"},{"@type":"ListItem","position":3,"name":"Dreven\u00fd chr\u00e1m sv\u00e4tej Paraskevy, (Nov\u00e1 Polianka) Svidn\u00edk"}]},{"@type":"WebSite","@id":"https:\/\/www.regionsaris.sk\/#website","url":"https:\/\/www.regionsaris.sk\/","name":"OOCR \u0160ari\u0161","description":"","potentialAction":[{"@type":"SearchAction","target":{"@type":"EntryPoint","urlTemplate":"https:\/\/www.regionsaris.sk\/?s={search_term_string}"},"query-input":{"@type":"PropertyValueSpecification","valueRequired":true,"valueName":"search_term_string"}}],"inLanguage":"hu"}]}},"_links":{"self":[{"href":"https:\/\/www.regionsaris.sk\/hu\/wp-json\/wp\/v2\/nabozensky-turizmus\/2573","targetHints":{"allow":["GET"]}}],"collection":[{"href":"https:\/\/www.regionsaris.sk\/hu\/wp-json\/wp\/v2\/nabozensky-turizmus"}],"about":[{"href":"https:\/\/www.regionsaris.sk\/hu\/wp-json\/wp\/v2\/types\/nabozensky-turizmus"}],"wp:featuredmedia":[{"embeddable":true,"href":"https:\/\/www.regionsaris.sk\/hu\/wp-json\/wp\/v2\/media\/2574"}],"wp:attachment":[{"href":"https:\/\/www.regionsaris.sk\/hu\/wp-json\/wp\/v2\/media?parent=2573"}],"wp:term":[{"taxonomy":"kategoria-poi","embeddable":true,"href":"https:\/\/www.regionsaris.sk\/hu\/wp-json\/wp\/v2\/kategoria-poi?post=2573"},{"taxonomy":"lokalita","embeddable":true,"href":"https:\/\/www.regionsaris.sk\/hu\/wp-json\/wp\/v2\/lokalita?post=2573"},{"taxonomy":"sezona-poi","embeddable":true,"href":"https:\/\/www.regionsaris.sk\/hu\/wp-json\/wp\/v2\/sezona-poi?post=2573"},{"taxonomy":"trvanie-vyletu","embeddable":true,"href":"https:\/\/www.regionsaris.sk\/hu\/wp-json\/wp\/v2\/trvanie-vyletu?post=2573"}],"curies":[{"name":"wp","href":"https:\/\/api.w.org\/{rel}","templated":true}]}}