{"id":2565,"date":"2026-01-07T12:45:04","date_gmt":"2026-01-07T11:45:04","guid":{"rendered":"https:\/\/www.regionsaris.sk\/?post_type=nabozensky-turizmus&#038;p=2565"},"modified":"2026-02-05T13:43:09","modified_gmt":"2026-02-05T12:43:09","slug":"dreveny-chram-sv-bazila-velkeho-krajne-cierno","status":"publish","type":"nabozensky-turizmus","link":"https:\/\/www.regionsaris.sk\/hu\/nabozensky-turizmus\/dreveny-chram-sv-bazila-velkeho-krajne-cierno\/","title":{"rendered":"Nagy Szent Bazil fatemplom, Krajn\u00e9 \u010cierno"},"content":{"rendered":"<p><strong>Nagy Szent Bazil templom<\/strong> g\u00f6r\u00f6gkatolikus templom Krajn\u00e9 \u010cierno k\u00f6zs\u00e9gben, a Svidn\u00edki j\u00e1r\u00e1sban.<\/p>\n\n\n\n<p>A Nagy Szent Bazil h\u00e1romr\u00e9szes r\u00f6nktemplom\u00e1t a 18. sz\u00e1zad v\u00e9g\u00e9n \u00e9p\u00edtett\u00e9k. A r\u00f6nkh\u00e1z k\u00fclsej\u00e9t zsindellyel bor\u00edtott\u00e1k. A tet\u0151szerkezet szint\u00e9n t\u0171level\u0171 r\u00f6nk\u00f6k k\u00e9zzel has\u00edtott zsindelye. A templom alaprajza h\u00e1rom, egy vonalban elhelyezett n\u00e9gyzetb\u0151l \u00e1ll, amely a keleti oldalon a presbit\u00e9riummal, a n\u00e9gyzetes haj\u00f3val kezd\u0151dik, \u00e9s nyugaton a haj\u00f3val v\u00e9gz\u0151dik. A haj\u00f3 sz\u00e9less\u00e9ge megegyezik a f\u0151haj\u00f3 sz\u00e9less\u00e9g\u00e9vel. A szent\u00e9lyben \u00e9s a haj\u00f3ban a bels\u0151 elrendez\u00e9snek egy r\u00f6nkrendszere van. Mindk\u00e9t t\u00e9r f\u00f6l\u00f6tt csonka torony alak\u00fa kupol\u00e1k \u00e1llnak. A haj\u00f3 feletti torony m\u00e9rete megk\u00f6zel\u00edt\u0151leg megegyezik a templomhaj\u00f3 sz\u00e9less\u00e9g\u00e9vel. A torony v\u00e9delm\u00e9t t\u0171level\u0171 f\u00e1b\u00f3l k\u00e9sz\u00fclt f\u00fcgg\u0151leges deszk\u00e1k \u00e9s nem zsindelyek alkotj\u00e1k, mint a templom m\u00e1s r\u00e9szein. Ez a k\u00e9t t\u00e9r, amelyet a haj\u00f3 v\u00e1laszt el egym\u00e1st\u00f3l, harmoniz\u00e1l egym\u00e1ssal, \u00e9s optikailag egys\u00e9ges rendszert alkot az eg\u00e9sz \u00e9p\u00fcletben.<\/p>\n\n\n\n<p>A haj\u00f3 f\u00f6l\u00f6tti k\u00e9tszintes n\u00e9gysz\u00f6gletes s\u00e1tortet\u0151n a gerincen kis k\u00fap alak\u00fa tet\u0151 (nem hagym\u00e1s toldal\u00e9kkal, mint Ladomirov\u00e1n, Hunkovc\u00e9n, Bodru\u017ealiban \u00e9s Miroliban), amelyen kov\u00e1csolt f\u00e9mkereszt van. A presbit\u00e9rium feletti tet\u0151szerkezet m\u00f3dos\u00edtott, egyik oldal\u00e1n cs\u00fccsk\u00f6s, a haj\u00f3hoz r\u00f6gz\u00edtett, a gerincen n\u00e9gyzet alak\u00fa fel\u00e9p\u00edtm\u00e9nnyel, tetej\u00e9n k\u00fapos tet\u0151vel \u00e9s kereszttel.<\/p>\n\n\n\n<p>A templom \u00e9p\u00edt\u00e9szete a biz\u00e1nci szakr\u00e1lis \u00e9p\u00fcletek k\u00f6z\u00e9 tartozik, ahol a keleti r\u00edtus \u00e9s a J\u00e1nos Krizosztomosz egyh\u00e1zi liturgi\u00e1ja zajlik. A templom belseje egy barokk ikonoszt\u00e1zb\u00f3l \u00e1ll, polikr\u00f3m fafarag\u00e1sokkal \u00e9s ikonokkal, amelyek a 18. sz\u00e1zadban k\u00e9sz\u00fcltek. A templomban kor\u00e1bbi id\u0151szakb\u00f3l sz\u00e1rmaz\u00f3 ikonok is tal\u00e1lhat\u00f3k. A templomot egy f\u00e1b\u00f3l k\u00e9sz\u00fclt, zsindelytet\u0151vel fedett r\u00f6nkh\u00e1z veszi k\u00f6r\u00fcl. A templom\u00e9p\u00fcletbe egy zsindellyel fedett k\u00fapos tet\u0151vel ell\u00e1tott kapun kereszt\u00fcl lehet bejutni. A templomot 1947 \u00e9s 1948 k\u00f6z\u00f6tt, valamint a 21. sz\u00e1zad elej\u00e9n restaur\u00e1lt\u00e1k.<\/p>\n\n\n\n<p>Figyelemre m\u00e9lt\u00f3, hogy a falu elej\u00e9n m\u00e9g mindig \u00e1ll egy b\u00e1doggal fedett fatemplom.<\/p>\n\n\n\n<p>A Svidnica r\u00e9gi\u00f3ban tal\u00e1lhat\u00f3 fatemplomok \u00e9rdekess\u00e9ge, hogy M\u00e1ria Ter\u00e9zia uralkod\u00e1sa alatt \u00e9p\u00fcltek.<\/p>\n\n\n\n<p>Forr\u00e1s: <a href=\"http:\/\/www.drevenchramy.sk\/\">www.drevenchramy.sk<\/a><\/p>\n\n\n\n<p>Fot\u00f3k:<strong>\u00a0<\/strong>Henryk Bielamowicz<\/p>","protected":false},"featured_media":2566,"template":"","meta":{"_acf_changed":false},"kategoria-poi":[186,168],"lokalita":[115],"sezona-poi":[12],"trvanie-vyletu":[180],"class_list":["post-2565","nabozensky-turizmus","type-nabozensky-turizmus","status-publish","has-post-thumbnail","hentry","kategoria-poi-drevene-chramy","kategoria-poi-nabozensky-turizmus","lokalita-svidnik-a-okolie","sezona-poi-celorocne","trvanie-vyletu-poldenne-vylety"],"acf":[],"yoast_head":"<!-- This site is optimized with the Yoast SEO Premium plugin v26.3 (Yoast SEO v26.8) - https:\/\/yoast.com\/product\/yoast-seo-premium-wordpress\/ -->\n<title>Dreven\u00fd chr\u00e1m Sv. Bazila Ve\u013ek\u00e9ho, Krajn\u00e9 \u010cierno - OOCR \u0160ari\u0161<\/title>\n<meta name=\"robots\" content=\"index, follow, max-snippet:-1, max-image-preview:large, max-video-preview:-1\" \/>\n<link rel=\"canonical\" href=\"https:\/\/www.regionsaris.sk\/hu\/nabozensky-turizmus\/dreveny-chram-sv-bazila-velkeho-krajne-cierno\/\" \/>\n<meta property=\"og:locale\" content=\"hu_HU\" \/>\n<meta property=\"og:type\" content=\"article\" \/>\n<meta property=\"og:title\" content=\"Dreven\u00fd chr\u00e1m Sv. Bazila Ve\u013ek\u00e9ho, Krajn\u00e9 \u010cierno\" \/>\n<meta property=\"og:description\" content=\"Chr\u00e1m sv\u00e4t\u00e9ho Bazila Ve\u013ek\u00e9ho je gr\u00e9ckokatol\u00edcka cerkva v obci Krajn\u00e9 \u010cierno v okrese Svidn\u00edk. Trojdielna...\" \/>\n<meta property=\"og:url\" content=\"https:\/\/www.regionsaris.sk\/hu\/nabozensky-turizmus\/dreveny-chram-sv-bazila-velkeho-krajne-cierno\/\" \/>\n<meta property=\"og:site_name\" content=\"OOCR \u0160ari\u0161\" \/>\n<meta property=\"article:modified_time\" content=\"2026-02-05T12:43:09+00:00\" \/>\n<meta property=\"og:image\" content=\"https:\/\/www.regionsaris.sk\/wp-content\/uploads\/2026\/01\/krajne-cierno245-thumb.jpg\" \/>\n\t<meta property=\"og:image:width\" content=\"600\" \/>\n\t<meta property=\"og:image:height\" content=\"400\" \/>\n\t<meta property=\"og:image:type\" content=\"image\/jpeg\" \/>\n<meta name=\"twitter:card\" content=\"summary_large_image\" \/>\n<meta name=\"twitter:label1\" content=\"Becs\u00fclt olvas\u00e1si id\u0151\" \/>\n\t<meta name=\"twitter:data1\" content=\"2 perc\" \/>\n<script type=\"application\/ld+json\" class=\"yoast-schema-graph\">{\"@context\":\"https:\/\/schema.org\",\"@graph\":[{\"@type\":\"WebPage\",\"@id\":\"https:\/\/www.regionsaris.sk\/nabozensky-turizmus\/dreveny-chram-sv-bazila-velkeho-krajne-cierno\/\",\"url\":\"https:\/\/www.regionsaris.sk\/nabozensky-turizmus\/dreveny-chram-sv-bazila-velkeho-krajne-cierno\/\",\"name\":\"Dreven\u00fd chr\u00e1m Sv. Bazila Ve\u013ek\u00e9ho, Krajn\u00e9 \u010cierno - OOCR \u0160ari\u0161\",\"isPartOf\":{\"@id\":\"https:\/\/www.regionsaris.sk\/#website\"},\"primaryImageOfPage\":{\"@id\":\"https:\/\/www.regionsaris.sk\/nabozensky-turizmus\/dreveny-chram-sv-bazila-velkeho-krajne-cierno\/#primaryimage\"},\"image\":{\"@id\":\"https:\/\/www.regionsaris.sk\/nabozensky-turizmus\/dreveny-chram-sv-bazila-velkeho-krajne-cierno\/#primaryimage\"},\"thumbnailUrl\":\"https:\/\/www.regionsaris.sk\/wp-content\/uploads\/2026\/01\/krajne-cierno245-thumb.jpg\",\"datePublished\":\"2026-01-07T11:45:04+00:00\",\"dateModified\":\"2026-02-05T12:43:09+00:00\",\"breadcrumb\":{\"@id\":\"https:\/\/www.regionsaris.sk\/nabozensky-turizmus\/dreveny-chram-sv-bazila-velkeho-krajne-cierno\/#breadcrumb\"},\"inLanguage\":\"hu\",\"potentialAction\":[{\"@type\":\"ReadAction\",\"target\":[\"https:\/\/www.regionsaris.sk\/nabozensky-turizmus\/dreveny-chram-sv-bazila-velkeho-krajne-cierno\/\"]}]},{\"@type\":\"ImageObject\",\"inLanguage\":\"hu\",\"@id\":\"https:\/\/www.regionsaris.sk\/nabozensky-turizmus\/dreveny-chram-sv-bazila-velkeho-krajne-cierno\/#primaryimage\",\"url\":\"https:\/\/www.regionsaris.sk\/wp-content\/uploads\/2026\/01\/krajne-cierno245-thumb.jpg\",\"contentUrl\":\"https:\/\/www.regionsaris.sk\/wp-content\/uploads\/2026\/01\/krajne-cierno245-thumb.jpg\",\"width\":600,\"height\":400},{\"@type\":\"BreadcrumbList\",\"@id\":\"https:\/\/www.regionsaris.sk\/nabozensky-turizmus\/dreveny-chram-sv-bazila-velkeho-krajne-cierno\/#breadcrumb\",\"itemListElement\":[{\"@type\":\"ListItem\",\"position\":1,\"name\":\"Domov\",\"item\":\"https:\/\/www.regionsaris.sk\/\"},{\"@type\":\"ListItem\",\"position\":2,\"name\":\"N\u00e1bo\u017eensk\u00fd turizmus v regi\u00f3ne\",\"item\":\"https:\/\/www.regionsaris.sk\/nabozensky-turizmus-v-regione\/\"},{\"@type\":\"ListItem\",\"position\":3,\"name\":\"Dreven\u00fd chr\u00e1m Sv. Bazila Ve\u013ek\u00e9ho, Krajn\u00e9 \u010cierno\"}]},{\"@type\":\"WebSite\",\"@id\":\"https:\/\/www.regionsaris.sk\/#website\",\"url\":\"https:\/\/www.regionsaris.sk\/\",\"name\":\"OOCR \u0160ari\u0161\",\"description\":\"\",\"potentialAction\":[{\"@type\":\"SearchAction\",\"target\":{\"@type\":\"EntryPoint\",\"urlTemplate\":\"https:\/\/www.regionsaris.sk\/?s={search_term_string}\"},\"query-input\":{\"@type\":\"PropertyValueSpecification\",\"valueRequired\":true,\"valueName\":\"search_term_string\"}}],\"inLanguage\":\"hu\"}]}<\/script>\n<!-- \/ Yoast SEO Premium plugin. -->","yoast_head_json":{"title":"Dreven\u00fd chr\u00e1m Sv. Bazila Ve\u013ek\u00e9ho, Krajn\u00e9 \u010cierno - OOCR \u0160ari\u0161","robots":{"index":"index","follow":"follow","max-snippet":"max-snippet:-1","max-image-preview":"max-image-preview:large","max-video-preview":"max-video-preview:-1"},"canonical":"https:\/\/www.regionsaris.sk\/hu\/nabozensky-turizmus\/dreveny-chram-sv-bazila-velkeho-krajne-cierno\/","og_locale":"hu_HU","og_type":"article","og_title":"Dreven\u00fd chr\u00e1m Sv. Bazila Ve\u013ek\u00e9ho, Krajn\u00e9 \u010cierno","og_description":"Chr\u00e1m sv\u00e4t\u00e9ho Bazila Ve\u013ek\u00e9ho je gr\u00e9ckokatol\u00edcka cerkva v obci Krajn\u00e9 \u010cierno v okrese Svidn\u00edk. Trojdielna...","og_url":"https:\/\/www.regionsaris.sk\/hu\/nabozensky-turizmus\/dreveny-chram-sv-bazila-velkeho-krajne-cierno\/","og_site_name":"OOCR \u0160ari\u0161","article_modified_time":"2026-02-05T12:43:09+00:00","og_image":[{"width":600,"height":400,"url":"https:\/\/www.regionsaris.sk\/wp-content\/uploads\/2026\/01\/krajne-cierno245-thumb.jpg","type":"image\/jpeg"}],"twitter_card":"summary_large_image","twitter_misc":{"Becs\u00fclt olvas\u00e1si id\u0151":"2 perc"},"schema":{"@context":"https:\/\/schema.org","@graph":[{"@type":"WebPage","@id":"https:\/\/www.regionsaris.sk\/nabozensky-turizmus\/dreveny-chram-sv-bazila-velkeho-krajne-cierno\/","url":"https:\/\/www.regionsaris.sk\/nabozensky-turizmus\/dreveny-chram-sv-bazila-velkeho-krajne-cierno\/","name":"Dreven\u00fd chr\u00e1m Sv. Bazila Ve\u013ek\u00e9ho, Krajn\u00e9 \u010cierno - OOCR \u0160ari\u0161","isPartOf":{"@id":"https:\/\/www.regionsaris.sk\/#website"},"primaryImageOfPage":{"@id":"https:\/\/www.regionsaris.sk\/nabozensky-turizmus\/dreveny-chram-sv-bazila-velkeho-krajne-cierno\/#primaryimage"},"image":{"@id":"https:\/\/www.regionsaris.sk\/nabozensky-turizmus\/dreveny-chram-sv-bazila-velkeho-krajne-cierno\/#primaryimage"},"thumbnailUrl":"https:\/\/www.regionsaris.sk\/wp-content\/uploads\/2026\/01\/krajne-cierno245-thumb.jpg","datePublished":"2026-01-07T11:45:04+00:00","dateModified":"2026-02-05T12:43:09+00:00","breadcrumb":{"@id":"https:\/\/www.regionsaris.sk\/nabozensky-turizmus\/dreveny-chram-sv-bazila-velkeho-krajne-cierno\/#breadcrumb"},"inLanguage":"hu","potentialAction":[{"@type":"ReadAction","target":["https:\/\/www.regionsaris.sk\/nabozensky-turizmus\/dreveny-chram-sv-bazila-velkeho-krajne-cierno\/"]}]},{"@type":"ImageObject","inLanguage":"hu","@id":"https:\/\/www.regionsaris.sk\/nabozensky-turizmus\/dreveny-chram-sv-bazila-velkeho-krajne-cierno\/#primaryimage","url":"https:\/\/www.regionsaris.sk\/wp-content\/uploads\/2026\/01\/krajne-cierno245-thumb.jpg","contentUrl":"https:\/\/www.regionsaris.sk\/wp-content\/uploads\/2026\/01\/krajne-cierno245-thumb.jpg","width":600,"height":400},{"@type":"BreadcrumbList","@id":"https:\/\/www.regionsaris.sk\/nabozensky-turizmus\/dreveny-chram-sv-bazila-velkeho-krajne-cierno\/#breadcrumb","itemListElement":[{"@type":"ListItem","position":1,"name":"Domov","item":"https:\/\/www.regionsaris.sk\/"},{"@type":"ListItem","position":2,"name":"N\u00e1bo\u017eensk\u00fd turizmus v regi\u00f3ne","item":"https:\/\/www.regionsaris.sk\/nabozensky-turizmus-v-regione\/"},{"@type":"ListItem","position":3,"name":"Dreven\u00fd chr\u00e1m Sv. Bazila Ve\u013ek\u00e9ho, Krajn\u00e9 \u010cierno"}]},{"@type":"WebSite","@id":"https:\/\/www.regionsaris.sk\/#website","url":"https:\/\/www.regionsaris.sk\/","name":"OOCR \u0160ari\u0161","description":"","potentialAction":[{"@type":"SearchAction","target":{"@type":"EntryPoint","urlTemplate":"https:\/\/www.regionsaris.sk\/?s={search_term_string}"},"query-input":{"@type":"PropertyValueSpecification","valueRequired":true,"valueName":"search_term_string"}}],"inLanguage":"hu"}]}},"_links":{"self":[{"href":"https:\/\/www.regionsaris.sk\/hu\/wp-json\/wp\/v2\/nabozensky-turizmus\/2565","targetHints":{"allow":["GET"]}}],"collection":[{"href":"https:\/\/www.regionsaris.sk\/hu\/wp-json\/wp\/v2\/nabozensky-turizmus"}],"about":[{"href":"https:\/\/www.regionsaris.sk\/hu\/wp-json\/wp\/v2\/types\/nabozensky-turizmus"}],"wp:featuredmedia":[{"embeddable":true,"href":"https:\/\/www.regionsaris.sk\/hu\/wp-json\/wp\/v2\/media\/2566"}],"wp:attachment":[{"href":"https:\/\/www.regionsaris.sk\/hu\/wp-json\/wp\/v2\/media?parent=2565"}],"wp:term":[{"taxonomy":"kategoria-poi","embeddable":true,"href":"https:\/\/www.regionsaris.sk\/hu\/wp-json\/wp\/v2\/kategoria-poi?post=2565"},{"taxonomy":"lokalita","embeddable":true,"href":"https:\/\/www.regionsaris.sk\/hu\/wp-json\/wp\/v2\/lokalita?post=2565"},{"taxonomy":"sezona-poi","embeddable":true,"href":"https:\/\/www.regionsaris.sk\/hu\/wp-json\/wp\/v2\/sezona-poi?post=2565"},{"taxonomy":"trvanie-vyletu","embeddable":true,"href":"https:\/\/www.regionsaris.sk\/hu\/wp-json\/wp\/v2\/trvanie-vyletu?post=2565"}],"curies":[{"name":"wp","href":"https:\/\/api.w.org\/{rel}","templated":true}]}}