{"id":2559,"date":"2026-01-07T12:45:05","date_gmt":"2026-01-07T11:45:05","guid":{"rendered":"https:\/\/www.regionsaris.sk\/?post_type=nabozensky-turizmus&#038;p=2559"},"modified":"2026-02-05T13:41:54","modified_gmt":"2026-02-05T12:41:54","slug":"dreveny-chram-ochrany-presvatej-bohorodicky-hunkovce","status":"publish","type":"nabozensky-turizmus","link":"https:\/\/www.regionsaris.sk\/hu\/nabozensky-turizmus\/dreveny-chram-ochrany-presvatej-bohorodicky-hunkovce\/","title":{"rendered":"A Legszentebb Sz\u0171zanya oltalm\u00e1nak fatemploma, Hunkovce"},"content":{"rendered":"<p><strong>Hunkovcei g\u00f6r\u00f6gkatolikus templom a Legszentebb Sz\u0171zanya oltalm\u00e1nak f\u00e1b\u00f3l k\u00e9sz\u00fclt temploma<\/strong> A falu k\u00f6zep\u00e9n, egy dombon, a temet\u0151ben tal\u00e1lhat\u00f3, f\u00e1kkal k\u00f6r\u00fclv\u00e9ve.<br>A kor\u00e1bbi kutat\u00e1sok szerint a hunkovcei fatemplom a 18. sz\u00e1zad v\u00e9g\u00e9r\u0151l sz\u00e1rmazik. A templom a hagyom\u00e1ny szerint h\u00e1rom r\u00e9szre oszlik. A f\u0151torony alatt tal\u00e1lhat\u00f3 a narthex, amelyet a n\u00e9pnyelv magt\u00e1rnak nevez. Eredetileg a katekumenek, azaz a kereszts\u00e9gre k\u00e9sz\u00fcl\u0151k, illetve a b\u0171nb\u00e1n\u00f3k sz\u00e1m\u00e1ra fenntartott hely volt. A templom m\u00e1sik r\u00e9sze, a haj\u00f3 a narthexhez kapcsol\u00f3dik. Itt \u00f6sszpontosulnak a szertart\u00e1sokon r\u00e9szt vev\u0151 h\u00edvek. Szimbolikusan a v\u00e1ndorl\u00f3 egyh\u00e1zat, vagyis a f\u00f6ld\u00f6n \u00e9l\u0151 kereszt\u00e9nyeket jelk\u00e9pezi. A templom harmadik \u00e9s legfontosabb r\u00e9sze a szent\u00e9ly. Szimbolikusan a mennyek orsz\u00e1g\u00e1t, vagyis a megdics\u0151\u00fclt Egyh\u00e1zat jelk\u00e9pezi. A szent\u00e9lyt a f\u0151haj\u00f3t\u00f3l egy magas k\u00e9pfal, az \u00fagynevezett ikonoszt\u00e1z v\u00e1lasztja el. Az ikonoszt\u00e1z azonban hi\u00e1nyzik ebb\u0151l a templomb\u00f3l. Hagyom\u00e1nyosan Krisztus, az Istenanya \u00e9s a szentek ikonjait \u00e1br\u00e1zolja, akiknek p\u00e9ld\u00e1jukkal seg\u00edteni\u00fck kell a templom f\u0151haj\u00f3j\u00e1ban l\u00e9v\u0151 h\u00edveket, hogy \u00e1tmenjenek az \u00f6r\u00f6k \u00e9let \u00f6r\u00f6m\u00e9be, amelyet a szent\u00e9ly k\u00e9pvisel. A templom h\u00e1rom r\u00e9szb\u0151l \u00e1ll, h\u00e1rom t\u00e9rb\u0151l \u00e9s h\u00e1rom toronyb\u00f3l \u00e1ll. Alacsony k\u0151alapzatra \u00e9p\u00fclt. Az \u00e9p\u00fclet r\u00f6nkszerkezet\u0171. A templom teljes teste f\u00fcgg\u0151legesen deszk\u00e1kkal \u00e9s l\u00e9cekkel van b\u00e9lelve. A torony, amely a narthex cs\u00fccsk\u00f6s tetej\u00e9b\u0151l emelkedik ki, \u00e9s felfel\u00e9 keskenyedik, oszlopos szerkezet\u0171. A tetej\u00e9n kisz\u00e9lesedik, ami egy \u00fagynevezett szob\u00e1ra utal. A harangok m\u00e1r nem l\u00f3gnak a toronyban. A tornyon alacsony, piramis alak\u00fa tet\u0151 van. F\u00f6l\u00f6tte pipacs, vak\u00edt\u00f3 l\u00e1mp\u00e1s, baldachin \u00e9s egy kisebb hagyma l\u00e1that\u00f3. A tetej\u00e9n k\u00e9tkar\u00e9jos d\u00edszkereszt van lunett\u00e1val. A haj\u00f3 d\u00e9li oldal\u00e1n a parapet f\u00f6l\u00f6tt k\u00e9t ablak van. A haj\u00f3 teteje s\u00e1tortet\u0151s, \u00e9s k\u00e9t r\u00e9szre van osztva. A szent\u00e9ly teteje piramis alak\u00fa. A haj\u00f3 \u00e9s a szent\u00e9ly teteje f\u00f6l\u00f6tt a f\u0151 toronnyal megegyez\u0151 tet\u0151zet van. Az eg\u00e9sz templomot osztott zsindellyel fedik. A templom funkcion\u00e1lis magja - az ikonoszt\u00e1z, a tr\u00f3nus \u00e9s m\u00e1s eredeti d\u00edsz\u00edt\u00e9s m\u00e1r nincs a templomban. Az 1922-es jav\u00edt\u00e1sok ut\u00e1n a templomot 1935-ben el akart\u00e1k adni \u00e9s \u00dast\u00ed nad Orlic\u00edba sz\u00e1ll\u00edtani, az elad\u00e1sb\u00f3l sz\u00e1rmaz\u00f3 bev\u00e9telt pedig egy \u00faj templom \u00e9p\u00edt\u00e9s\u00e9nek finansz\u00edroz\u00e1s\u00e1ra ford\u00edtott\u00e1k. Az 1944 \u0151szi frontharcok sor\u00e1n s\u00falyosan megrong\u00e1l\u00f3dott, \u00e9s 1947-ben jav\u00edtott\u00e1k ki. A hunkovyi fatemplomban 1957-ben m\u00e9g t\u00f6bb, a 18. sz\u00e1zad k\u00f6zep\u00e9r\u0151l sz\u00e1rmaz\u00f3 ikon volt (Szent Mih\u00e1ly arkangyal, \u00c1ld\u00f3 Krisztus, Fed\u00e9l - a Legszentebb Sz\u0171zanya oltalma), amelyek sorsa azonban m\u00e1r nem ismert. Az ikon - Spas nerukotvornyj, Jakub Zesi 1671-b\u0151l sz\u00e1rmaz\u00f3 alkot\u00e1sa, a b\u00e1rtfai \u0160ari\u0161 M\u00fazeum gy\u0171jtem\u00e9ny\u00e9ben tal\u00e1lhat\u00f3.<br>2010-ben a templom zsindelytet\u0151j\u00e9t \u00e9s teljes burkolat\u00e1t kicser\u00e9lt\u00e9k a Nemzetk\u00f6zi F\u00e1b\u00f3l k\u00e9sz\u00fclt \u00fat f\u00e1b\u00f3l k\u00e9sz\u00fclt templomainak megment\u00e9se projekt r\u00e9szek\u00e9nt.<strong><br><\/strong><\/p>\n\n\n\n<p>Forr\u00e1s: www.drevenchramy.sk<br>Fot\u00f3k: Henryk Bielamowicz<\/p>","protected":false},"featured_media":2560,"template":"","meta":{"_acf_changed":false},"kategoria-poi":[186,168],"lokalita":[115],"sezona-poi":[12],"trvanie-vyletu":[180],"class_list":["post-2559","nabozensky-turizmus","type-nabozensky-turizmus","status-publish","has-post-thumbnail","hentry","kategoria-poi-drevene-chramy","kategoria-poi-nabozensky-turizmus","lokalita-svidnik-a-okolie","sezona-poi-celorocne","trvanie-vyletu-poldenne-vylety"],"acf":[],"yoast_head":"<!-- This site is optimized with the Yoast SEO Premium plugin v26.3 (Yoast SEO v26.8) - https:\/\/yoast.com\/product\/yoast-seo-premium-wordpress\/ -->\n<title>Dreven\u00fd chr\u00e1m Ochrany Presv\u00e4tej Bohorodi\u010dky, Hunkovce - OOCR \u0160ari\u0161<\/title>\n<meta name=\"robots\" content=\"index, follow, max-snippet:-1, max-image-preview:large, max-video-preview:-1\" \/>\n<link rel=\"canonical\" href=\"https:\/\/www.regionsaris.sk\/hu\/nabozensky-turizmus\/dreveny-chram-ochrany-presvatej-bohorodicky-hunkovce\/\" \/>\n<meta property=\"og:locale\" content=\"hu_HU\" \/>\n<meta property=\"og:type\" content=\"article\" \/>\n<meta property=\"og:title\" content=\"Dreven\u00fd chr\u00e1m Ochrany Presv\u00e4tej Bohorodi\u010dky, Hunkovce\" \/>\n<meta property=\"og:description\" content=\"Dreven\u00fd gr\u00e9ckokatol\u00edcky chr\u00e1m Ochrany Presv\u00e4tej Bohorodi\u010dky v Hunkovciach n\u00e1jdete v strede obce na kop\u010deku na...\" \/>\n<meta property=\"og:url\" content=\"https:\/\/www.regionsaris.sk\/hu\/nabozensky-turizmus\/dreveny-chram-ochrany-presvatej-bohorodicky-hunkovce\/\" \/>\n<meta property=\"og:site_name\" content=\"OOCR \u0160ari\u0161\" \/>\n<meta property=\"article:modified_time\" content=\"2026-02-05T12:41:54+00:00\" \/>\n<meta property=\"og:image\" content=\"https:\/\/www.regionsaris.sk\/wp-content\/uploads\/2026\/01\/Hunkovce246-447.jpg\" \/>\n\t<meta property=\"og:image:width\" content=\"600\" \/>\n\t<meta property=\"og:image:height\" content=\"600\" \/>\n\t<meta property=\"og:image:type\" content=\"image\/jpeg\" \/>\n<meta name=\"twitter:card\" content=\"summary_large_image\" \/>\n<meta name=\"twitter:label1\" content=\"Becs\u00fclt olvas\u00e1si id\u0151\" \/>\n\t<meta name=\"twitter:data1\" content=\"3 perc\" \/>\n<script type=\"application\/ld+json\" class=\"yoast-schema-graph\">{\"@context\":\"https:\/\/schema.org\",\"@graph\":[{\"@type\":\"WebPage\",\"@id\":\"https:\/\/www.regionsaris.sk\/nabozensky-turizmus\/dreveny-chram-ochrany-presvatej-bohorodicky-hunkovce\/\",\"url\":\"https:\/\/www.regionsaris.sk\/nabozensky-turizmus\/dreveny-chram-ochrany-presvatej-bohorodicky-hunkovce\/\",\"name\":\"Dreven\u00fd chr\u00e1m Ochrany Presv\u00e4tej Bohorodi\u010dky, Hunkovce - OOCR \u0160ari\u0161\",\"isPartOf\":{\"@id\":\"https:\/\/www.regionsaris.sk\/#website\"},\"primaryImageOfPage\":{\"@id\":\"https:\/\/www.regionsaris.sk\/nabozensky-turizmus\/dreveny-chram-ochrany-presvatej-bohorodicky-hunkovce\/#primaryimage\"},\"image\":{\"@id\":\"https:\/\/www.regionsaris.sk\/nabozensky-turizmus\/dreveny-chram-ochrany-presvatej-bohorodicky-hunkovce\/#primaryimage\"},\"thumbnailUrl\":\"https:\/\/www.regionsaris.sk\/wp-content\/uploads\/2026\/01\/Hunkovce246-447.jpg\",\"datePublished\":\"2026-01-07T11:45:05+00:00\",\"dateModified\":\"2026-02-05T12:41:54+00:00\",\"breadcrumb\":{\"@id\":\"https:\/\/www.regionsaris.sk\/nabozensky-turizmus\/dreveny-chram-ochrany-presvatej-bohorodicky-hunkovce\/#breadcrumb\"},\"inLanguage\":\"hu\",\"potentialAction\":[{\"@type\":\"ReadAction\",\"target\":[\"https:\/\/www.regionsaris.sk\/nabozensky-turizmus\/dreveny-chram-ochrany-presvatej-bohorodicky-hunkovce\/\"]}]},{\"@type\":\"ImageObject\",\"inLanguage\":\"hu\",\"@id\":\"https:\/\/www.regionsaris.sk\/nabozensky-turizmus\/dreveny-chram-ochrany-presvatej-bohorodicky-hunkovce\/#primaryimage\",\"url\":\"https:\/\/www.regionsaris.sk\/wp-content\/uploads\/2026\/01\/Hunkovce246-447.jpg\",\"contentUrl\":\"https:\/\/www.regionsaris.sk\/wp-content\/uploads\/2026\/01\/Hunkovce246-447.jpg\",\"width\":600,\"height\":600},{\"@type\":\"BreadcrumbList\",\"@id\":\"https:\/\/www.regionsaris.sk\/nabozensky-turizmus\/dreveny-chram-ochrany-presvatej-bohorodicky-hunkovce\/#breadcrumb\",\"itemListElement\":[{\"@type\":\"ListItem\",\"position\":1,\"name\":\"Domov\",\"item\":\"https:\/\/www.regionsaris.sk\/\"},{\"@type\":\"ListItem\",\"position\":2,\"name\":\"N\u00e1bo\u017eensk\u00fd turizmus v regi\u00f3ne\",\"item\":\"https:\/\/www.regionsaris.sk\/nabozensky-turizmus-v-regione\/\"},{\"@type\":\"ListItem\",\"position\":3,\"name\":\"Dreven\u00fd chr\u00e1m Ochrany Presv\u00e4tej Bohorodi\u010dky, Hunkovce\"}]},{\"@type\":\"WebSite\",\"@id\":\"https:\/\/www.regionsaris.sk\/#website\",\"url\":\"https:\/\/www.regionsaris.sk\/\",\"name\":\"OOCR \u0160ari\u0161\",\"description\":\"\",\"potentialAction\":[{\"@type\":\"SearchAction\",\"target\":{\"@type\":\"EntryPoint\",\"urlTemplate\":\"https:\/\/www.regionsaris.sk\/?s={search_term_string}\"},\"query-input\":{\"@type\":\"PropertyValueSpecification\",\"valueRequired\":true,\"valueName\":\"search_term_string\"}}],\"inLanguage\":\"hu\"}]}<\/script>\n<!-- \/ Yoast SEO Premium plugin. -->","yoast_head_json":{"title":"Dreven\u00fd chr\u00e1m Ochrany Presv\u00e4tej Bohorodi\u010dky, Hunkovce - OOCR \u0160ari\u0161","robots":{"index":"index","follow":"follow","max-snippet":"max-snippet:-1","max-image-preview":"max-image-preview:large","max-video-preview":"max-video-preview:-1"},"canonical":"https:\/\/www.regionsaris.sk\/hu\/nabozensky-turizmus\/dreveny-chram-ochrany-presvatej-bohorodicky-hunkovce\/","og_locale":"hu_HU","og_type":"article","og_title":"Dreven\u00fd chr\u00e1m Ochrany Presv\u00e4tej Bohorodi\u010dky, Hunkovce","og_description":"Dreven\u00fd gr\u00e9ckokatol\u00edcky chr\u00e1m Ochrany Presv\u00e4tej Bohorodi\u010dky v Hunkovciach n\u00e1jdete v strede obce na kop\u010deku na...","og_url":"https:\/\/www.regionsaris.sk\/hu\/nabozensky-turizmus\/dreveny-chram-ochrany-presvatej-bohorodicky-hunkovce\/","og_site_name":"OOCR \u0160ari\u0161","article_modified_time":"2026-02-05T12:41:54+00:00","og_image":[{"width":600,"height":600,"url":"https:\/\/www.regionsaris.sk\/wp-content\/uploads\/2026\/01\/Hunkovce246-447.jpg","type":"image\/jpeg"}],"twitter_card":"summary_large_image","twitter_misc":{"Becs\u00fclt olvas\u00e1si id\u0151":"3 perc"},"schema":{"@context":"https:\/\/schema.org","@graph":[{"@type":"WebPage","@id":"https:\/\/www.regionsaris.sk\/nabozensky-turizmus\/dreveny-chram-ochrany-presvatej-bohorodicky-hunkovce\/","url":"https:\/\/www.regionsaris.sk\/nabozensky-turizmus\/dreveny-chram-ochrany-presvatej-bohorodicky-hunkovce\/","name":"Dreven\u00fd chr\u00e1m Ochrany Presv\u00e4tej Bohorodi\u010dky, Hunkovce - OOCR \u0160ari\u0161","isPartOf":{"@id":"https:\/\/www.regionsaris.sk\/#website"},"primaryImageOfPage":{"@id":"https:\/\/www.regionsaris.sk\/nabozensky-turizmus\/dreveny-chram-ochrany-presvatej-bohorodicky-hunkovce\/#primaryimage"},"image":{"@id":"https:\/\/www.regionsaris.sk\/nabozensky-turizmus\/dreveny-chram-ochrany-presvatej-bohorodicky-hunkovce\/#primaryimage"},"thumbnailUrl":"https:\/\/www.regionsaris.sk\/wp-content\/uploads\/2026\/01\/Hunkovce246-447.jpg","datePublished":"2026-01-07T11:45:05+00:00","dateModified":"2026-02-05T12:41:54+00:00","breadcrumb":{"@id":"https:\/\/www.regionsaris.sk\/nabozensky-turizmus\/dreveny-chram-ochrany-presvatej-bohorodicky-hunkovce\/#breadcrumb"},"inLanguage":"hu","potentialAction":[{"@type":"ReadAction","target":["https:\/\/www.regionsaris.sk\/nabozensky-turizmus\/dreveny-chram-ochrany-presvatej-bohorodicky-hunkovce\/"]}]},{"@type":"ImageObject","inLanguage":"hu","@id":"https:\/\/www.regionsaris.sk\/nabozensky-turizmus\/dreveny-chram-ochrany-presvatej-bohorodicky-hunkovce\/#primaryimage","url":"https:\/\/www.regionsaris.sk\/wp-content\/uploads\/2026\/01\/Hunkovce246-447.jpg","contentUrl":"https:\/\/www.regionsaris.sk\/wp-content\/uploads\/2026\/01\/Hunkovce246-447.jpg","width":600,"height":600},{"@type":"BreadcrumbList","@id":"https:\/\/www.regionsaris.sk\/nabozensky-turizmus\/dreveny-chram-ochrany-presvatej-bohorodicky-hunkovce\/#breadcrumb","itemListElement":[{"@type":"ListItem","position":1,"name":"Domov","item":"https:\/\/www.regionsaris.sk\/"},{"@type":"ListItem","position":2,"name":"N\u00e1bo\u017eensk\u00fd turizmus v regi\u00f3ne","item":"https:\/\/www.regionsaris.sk\/nabozensky-turizmus-v-regione\/"},{"@type":"ListItem","position":3,"name":"Dreven\u00fd chr\u00e1m Ochrany Presv\u00e4tej Bohorodi\u010dky, Hunkovce"}]},{"@type":"WebSite","@id":"https:\/\/www.regionsaris.sk\/#website","url":"https:\/\/www.regionsaris.sk\/","name":"OOCR \u0160ari\u0161","description":"","potentialAction":[{"@type":"SearchAction","target":{"@type":"EntryPoint","urlTemplate":"https:\/\/www.regionsaris.sk\/?s={search_term_string}"},"query-input":{"@type":"PropertyValueSpecification","valueRequired":true,"valueName":"search_term_string"}}],"inLanguage":"hu"}]}},"_links":{"self":[{"href":"https:\/\/www.regionsaris.sk\/hu\/wp-json\/wp\/v2\/nabozensky-turizmus\/2559","targetHints":{"allow":["GET"]}}],"collection":[{"href":"https:\/\/www.regionsaris.sk\/hu\/wp-json\/wp\/v2\/nabozensky-turizmus"}],"about":[{"href":"https:\/\/www.regionsaris.sk\/hu\/wp-json\/wp\/v2\/types\/nabozensky-turizmus"}],"wp:featuredmedia":[{"embeddable":true,"href":"https:\/\/www.regionsaris.sk\/hu\/wp-json\/wp\/v2\/media\/2560"}],"wp:attachment":[{"href":"https:\/\/www.regionsaris.sk\/hu\/wp-json\/wp\/v2\/media?parent=2559"}],"wp:term":[{"taxonomy":"kategoria-poi","embeddable":true,"href":"https:\/\/www.regionsaris.sk\/hu\/wp-json\/wp\/v2\/kategoria-poi?post=2559"},{"taxonomy":"lokalita","embeddable":true,"href":"https:\/\/www.regionsaris.sk\/hu\/wp-json\/wp\/v2\/lokalita?post=2559"},{"taxonomy":"sezona-poi","embeddable":true,"href":"https:\/\/www.regionsaris.sk\/hu\/wp-json\/wp\/v2\/sezona-poi?post=2559"},{"taxonomy":"trvanie-vyletu","embeddable":true,"href":"https:\/\/www.regionsaris.sk\/hu\/wp-json\/wp\/v2\/trvanie-vyletu?post=2559"}],"curies":[{"name":"wp","href":"https:\/\/api.w.org\/{rel}","templated":true}]}}