{"id":2553,"date":"2026-01-07T12:45:06","date_gmt":"2026-01-07T11:45:06","guid":{"rendered":"https:\/\/www.regionsaris.sk\/?post_type=nabozensky-turizmus&#038;p=2553"},"modified":"2026-02-05T13:40:32","modified_gmt":"2026-02-05T12:40:32","slug":"dreveny-greckokatolicky-chram-svateho-lukasa-evanjelistu-brezany","status":"publish","type":"nabozensky-turizmus","link":"https:\/\/www.regionsaris.sk\/hu\/nabozensky-turizmus\/dreveny-greckokatolicky-chram-svateho-lukasa-evanjelistu-brezany\/","title":{"rendered":"F\u00e1b\u00f3l k\u00e9sz\u00fclt g\u00f6r\u00f6gkatolikus Szent Luk\u00e1cs evang\u00e9lista templom, Bre\u017eany"},"content":{"rendered":"<p data-start=\"138\" data-end=\"428\"><strong data-start=\"138\" data-end=\"198\">G\u00f6r\u00f6g katolikus Szent Luk\u00e1cs fatemplom Bre\u017eanyban<\/strong> az \u00e9vb\u0151l sz\u00e1rmaz\u00f3 d\u00e1tumok <strong data-start=\"215\" data-end=\"223\">1727<\/strong>. V <strong data-start=\"227\" data-end=\"254\">1950s<\/strong>, amikor a helyi h\u00edv\u0151k a <strong data-start=\"292\" data-end=\"320\">a r\u00f3mai katolikus r\u00edtushoz<\/strong>, a templomot kezdt\u00e9k haszn\u00e1lni az istentisztelet\u00fckre, b\u00e1r <strong data-start=\"370\" data-end=\"427\">tov\u00e1bbra is a g\u00f6r\u00f6g katolikus egyh\u00e1z tulajdona maradt.<\/strong>.<\/p>\n<p data-start=\"430\" data-end=\"917\">\u00c9p\u00edt\u00e9szeti szempontb\u00f3l <strong data-start=\"465\" data-end=\"516\">h\u00e1romr\u00e9szes, h\u00e1romter\u0171, egytornyos \u00e9p\u00fclet<\/strong> s <strong data-start=\"519\" data-end=\"535\">k\u00e9t kereszttel<\/strong>. <strong data-start=\"537\" data-end=\"554\">Haj\u00f3 \u00e9s mened\u00e9khely<\/strong> \u00e9p\u00fclnek <strong data-start=\"568\" data-end=\"590\">r\u00f6nkh\u00e1z technika<\/strong>, m\u00edg a <strong data-start=\"596\" data-end=\"627\">a torony oszlopos szerkezet\u0171<\/strong>. A gerend\u00e1k k\u00f6z\u00f6tti r\u00e9sek <strong data-start=\"654\" data-end=\"678\">kit\u00f6ltve \u00e9s kifeh\u00e9r\u00edtve<\/strong>, ami jellegzetes rusztikus megjelen\u00e9st k\u00f6lcs\u00f6n\u00f6z az \u00e9p\u00fcletnek. <strong data-start=\"724\" data-end=\"746\">Piramis tet\u0151<\/strong> le van fedve <strong data-start=\"758\" data-end=\"770\">zsindely<\/strong> \u00e9s a <strong data-start=\"776\" data-end=\"784\">tornyok<\/strong> felf\u00fcggeszt\u00e9sre ker\u00fclnek <strong data-start=\"797\" data-end=\"810\">k\u00e9t harang<\/strong>. A tetej\u00e9n kiemelkedik <strong data-start=\"837\" data-end=\"865\">dekorat\u00edv h\u00e1romkar\u00fa kereszt<\/strong>, amely a k\u00f6vetkez\u0151k k\u00f6z\u00e9 tartozik <strong data-start=\"885\" data-end=\"916\">a legszebb az eg\u00e9sz egyh\u00e1zmegy\u00e9ben.<\/strong>.<\/p>\n<p data-start=\"430\" data-end=\"917\"><\/p>\n<p data-start=\"430\" data-end=\"917\"><a href=\"https:\/\/www.regionsaris.sk\/wp-content\/uploads\/2026\/01\/REGIONSARIS_IMG_0014_zmensene.jpg\"><img loading=\"lazy\" decoding=\"async\" class=\"wp-image-34365 alignnone\" src=\"https:\/\/www.regionsaris.sk\/wp-content\/uploads\/2026\/01\/REGIONSARIS_IMG_0014_zmensene-300x200.jpg\" alt=\"\" width=\"914\" height=\"609\" \/><\/a><\/p>\n<p data-start=\"430\" data-end=\"917\"><\/p>\n<p data-start=\"919\" data-end=\"1257\">A templom elhaladt <strong data-start=\"933\" data-end=\"976\">r\u00e9szleges fel\u00faj\u00edt\u00e1s 1999-ben \u00e9s 2001-ben<\/strong>. A <strong data-start=\"983\" data-end=\"1006\">bels\u0151 berendez\u00e9sek<\/strong> sz\u00e1rmazik <strong data-start=\"1018\" data-end=\"1049\">a 18. sz\u00e1zad els\u0151 fele<\/strong>. A domin\u00e1ns jellemz\u0151 <strong data-start=\"1065\" data-end=\"1100\">ikonoszt\u00e1z n\u00e9gy ikonsorral<\/strong> az \u00e9v <strong data-start=\"1108\" data-end=\"1116\">1733<\/strong>, amely abban a tekintetben kiv\u00e9teles, hogy <strong data-start=\"1145\" data-end=\"1201\">hi\u00e1nyzik a keresztre fesz\u00edt\u00e9s vagy a kereszt hagyom\u00e1nyos \u00e1br\u00e1zol\u00e1sa<\/strong> a tetej\u00e9n, ami szokatlan a templomok ikonogr\u00e1fi\u00e1j\u00e1ban.<\/p>\n<p data-start=\"919\" data-end=\"1257\"><strong data-start=\"1719\" data-end=\"1735\">F\u0151olt\u00e1r<\/strong> az \u00e9vb\u0151l sz\u00e1rmaz\u00f3 d\u00e1tumok <strong data-start=\"1752\" data-end=\"1760\">1782<\/strong> \u00e9s ez <strong data-start=\"1766\" data-end=\"1778\">Barokk<\/strong>. Az al\u00e1bbi helyen tal\u00e1lhat\u00f3 <strong data-start=\"1795\" data-end=\"1814\">t\u00e9gla \u00e9tkezde<\/strong> \u00e9s feld\u00edsz\u00edtve <strong data-start=\"1826\" data-end=\"1859\">Sz\u0171z M\u00e1ria megkoron\u00e1z\u00e1s\u00e1nak k\u00e9pe<\/strong> A  c\u00edmr\u0151l <strong data-start=\"1863\" data-end=\"1896\">Francis Ferdinand (1782)<\/strong>, a <strong data-start=\"1910\" data-end=\"1944\">oszlopos olt\u00e1r \u00e9p\u00edt\u00e9szet<\/strong>. <strong data-start=\"1946\" data-end=\"1977\">Kir\u00e1lyi \u00e9s diak\u00f3niai ajt\u00f3k<\/strong> volt a m\u00faltban <strong data-start=\"1995\" data-end=\"2027\">a f\u0151olt\u00e1r m\u00f6g\u00e9 k\u00f6lt\u00f6z\u00f6tt<\/strong>.<\/p>\n<p data-start=\"919\" data-end=\"1257\"><\/p>\n<p data-start=\"919\" data-end=\"1257\"><a href=\"https:\/\/www.regionsaris.sk\/wp-content\/uploads\/2026\/01\/REGIONSARIS_IMG_0013_zmensene.jpg\"><img loading=\"lazy\" decoding=\"async\" class=\"wp-image-34361 alignnone\" src=\"https:\/\/www.regionsaris.sk\/wp-content\/uploads\/2026\/01\/REGIONSARIS_IMG_0013_zmensene-300x200.jpg\" alt=\"\" width=\"918\" height=\"612\" \/><\/a><\/p>\n<p data-start=\"2032\" data-end=\"2309\">A d\u00edsz\u00edt\u00e9s leg\u00e9rt\u00e9kesebb r\u00e9szei a k\u00f6vetkez\u0151k <strong data-start=\"2071\" data-end=\"2103\">Szent Luk\u00e1cs evang\u00e9lista ikonja<\/strong>, az evang\u00e9lium szerz\u0151j\u00e9t \u00e1br\u00e1zolja. <strong data-start=\"2134\" data-end=\"2163\">teljes alkot\u00f3tev\u00e9kenys\u00e9gben<\/strong> a szent sz\u00f6vegek lejegyz\u00e9s\u00e9ben. A keret alj\u00e1n a k\u00f6vetkez\u0151k l\u00e1that\u00f3k <strong data-start=\"2232\" data-end=\"2261\">a templom t\u00e9rdel\u0151 t\u00e1mogat\u00f3i<\/strong>, akik <strong data-start=\"2272\" data-end=\"2306\">im\u00e1dkoz\u00e1s a megfesz\u00edtett Krisztushoz<\/strong>.<\/p>\n<p data-start=\"2311\" data-end=\"2766\">A templom r\u00e9sze a <strong data-start=\"2329\" data-end=\"2355\">t\u00f6rt\u00e9nelmi temet\u0151<\/strong>, ahol megtal\u00e1lhat\u00f3 <strong data-start=\"2373\" data-end=\"2412\">sz\u00e1z \u00e9vn\u00e9l r\u00e9gebbi s\u00edrok \u00e9s keresztek<\/strong>. K\u00fcl\u00f6n\u00f6sen a <strong data-start=\"2421\" data-end=\"2437\">f\u00e9mkeresztek<\/strong> rendk\u00edv\u00fcl \u00e9rdekesek. A temet\u0151 egyik r\u00e9sze <strong data-start=\"2492\" data-end=\"2530\">az \u00fajsz\u00fcl\u00f6ttek s\u00edrjainak fenntartva.<\/strong> - hat kis s\u00edr, <strong data-start=\"2553\" data-end=\"2581\">egy m\u00e9tern\u00e9l r\u00f6videbb<\/strong>, a k\u00f6vetkez\u0151 jel\u00f6l\u00e9ssel van ell\u00e1tva <strong data-start=\"2597\" data-end=\"2629\">apr\u00f3 fakeresztek<\/strong>, csak magas <strong data-start=\"2644\" data-end=\"2668\">k\u00f6r\u00fclbel\u00fcl 20 centim\u00e9ter<\/strong>. Ez a n\u00e9zet <strong data-start=\"2686\" data-end=\"2717\">\u00e9rint\u00e9s \u00e9s h\u0171s\u00edt\u00e9s egyszerre<\/strong> \u00e9s eml\u00e9keztet <strong data-start=\"2730\" data-end=\"2763\">az emberi \u00e9let muland\u00f3s\u00e1ga<\/strong>.<\/p>\n&nbsp;\n\n<span style=\"font-weight: 400;\">A r\u00e9gi\u00f3ban m\u00e1s fatemplomokat is tal\u00e1lhat. \u00c9rdemes megl\u00e1togatni p\u00e9ld\u00e1ul:<\/span><a href=\"https:\/\/www.regionsaris.sk\/hu\/nabozensky_turizmus\/dreveny-chram-sv-michala-archanjela-unesco-ladomirova\/\"> <span style=\"font-weight: 400;\">Szent Mih\u00e1ly arkangyal UNESCO fatemplom Ladom\u00edrov\u00f3ban<\/span><\/a><span style=\"font-weight: 400;\">,<\/span><a href=\"https:\/\/www.regionsaris.sk\/hu\/nabozensky_turizmus\/dreveny-chram-ochrany-presvatej-bohorodicky-hunkovce\/\"> <span style=\"font-weight: 400;\">Hunkovcei Sz\u0171z M\u00e1ria oltalm\u00e1nak fatemploma<\/span><\/a><span style=\"font-weight: 400;\">,<\/span><a href=\"https:\/\/www.regionsaris.sk\/hu\/nabozensky_turizmus\/dreveny-chram-svateho-mikulasa-bodruzal\/\"> <span style=\"font-weight: 400;\">Szent Mikl\u00f3s fatemplom Bodru\u017ealban<\/span><\/a><span style=\"font-weight: 400;\">,<\/span><a href=\"https:\/\/www.regionsaris.sk\/hu\/nabozensky_turizmus\/dreveny-chram-svatej-paraskevy-nova-polianka-svidnik\/\"> <span style=\"font-weight: 400;\">Svidn\u00edk-i Szent Paraszkeva fatemplom<\/span><\/a><span style=\"font-weight: 400;\">,<\/span><a href=\"https:\/\/www.regionsaris.sk\/hu\/nabozensky_turizmus\/dreveny-chram-sv-velkomucenika-dimitrija-solunskeho-medvedie\/\"> <span style=\"font-weight: 400;\">Szaloniki Szent Dimitriosz nagym\u00e1rt\u00edr fatemploma Medvediben<\/span><\/a><span style=\"font-weight: 400;\"> vagy<\/span><a href=\"https:\/\/www.regionsaris.sk\/hu\/nabozensky_turizmus\/dreveny-greckokatolicky-chram-stretnutia-pana-so-simeonom-kozany\/\"> <span style=\"font-weight: 400;\">Az \u00dar \u00e9s Simeon tal\u00e1lkoz\u00e1s\u00e1nak f\u00e1b\u00f3l k\u00e9sz\u00fclt g\u00f6r\u00f6gkatolikus templom Ko\u017eanyban<\/span><\/a><span style=\"font-weight: 400;\">, stb.\u00a0<\/span>\n\n<span style=\"font-weight: 400;\">A fatemplomok list\u00e1ja megtal\u00e1lhat\u00f3 a k\u00f6vetkez\u0151 aloldalon <a href=\"https:\/\/regionpoloniny.sk\/drevene-chramy\/\">a Poloniny r\u00e9gi\u00f3<\/a>.<\/span>\n\n&nbsp;","protected":false},"featured_media":2556,"template":"","meta":{"_acf_changed":false},"kategoria-poi":[186,169,168],"lokalita":[28],"sezona-poi":[12],"trvanie-vyletu":[180],"class_list":["post-2553","nabozensky-turizmus","type-nabozensky-turizmus","status-publish","has-post-thumbnail","hentry","kategoria-poi-drevene-chramy","kategoria-poi-kostoly","kategoria-poi-nabozensky-turizmus","lokalita-presov-a-okolie","sezona-poi-celorocne","trvanie-vyletu-poldenne-vylety"],"acf":[],"yoast_head":"<!-- This site is optimized with the Yoast SEO Premium plugin v26.3 (Yoast SEO v26.8) - https:\/\/yoast.com\/product\/yoast-seo-premium-wordpress\/ -->\n<title>Dreven\u00fd gr\u00e9ckokatol\u00edcky chr\u00e1m sv\u00e4t\u00e9ho Luk\u00e1\u0161a Evanjelistu, Bre\u017eany - OOCR \u0160ari\u0161<\/title>\n<meta name=\"robots\" content=\"index, follow, max-snippet:-1, max-image-preview:large, max-video-preview:-1\" \/>\n<link rel=\"canonical\" href=\"https:\/\/www.regionsaris.sk\/hu\/nabozensky-turizmus\/dreveny-greckokatolicky-chram-svateho-lukasa-evanjelistu-brezany\/\" \/>\n<meta property=\"og:locale\" content=\"hu_HU\" \/>\n<meta property=\"og:type\" content=\"article\" \/>\n<meta property=\"og:title\" content=\"Dreven\u00fd gr\u00e9ckokatol\u00edcky chr\u00e1m sv\u00e4t\u00e9ho Luk\u00e1\u0161a Evanjelistu, Bre\u017eany\" \/>\n<meta property=\"og:description\" content=\"Gr\u00e9ckokatol\u00edcky dreven\u00fd chr\u00e1m sv\u00e4t\u00e9ho Luk\u00e1\u0161a v Bre\u017eanoch poch\u00e1dza z roku 1727. V 50. rokoch 20....\" \/>\n<meta property=\"og:url\" content=\"https:\/\/www.regionsaris.sk\/hu\/nabozensky-turizmus\/dreveny-greckokatolicky-chram-svateho-lukasa-evanjelistu-brezany\/\" \/>\n<meta property=\"og:site_name\" content=\"OOCR \u0160ari\u0161\" \/>\n<meta property=\"article:modified_time\" content=\"2026-02-05T12:40:32+00:00\" \/>\n<meta property=\"og:image\" content=\"https:\/\/www.regionsaris.sk\/wp-content\/uploads\/2026\/01\/REGIONSARIS_IMG_0133.jpg\" \/>\n\t<meta property=\"og:image:width\" content=\"1024\" \/>\n\t<meta property=\"og:image:height\" content=\"576\" \/>\n\t<meta property=\"og:image:type\" content=\"image\/jpeg\" \/>\n<meta name=\"twitter:card\" content=\"summary_large_image\" \/>\n<meta name=\"twitter:label1\" content=\"Becs\u00fclt olvas\u00e1si id\u0151\" \/>\n\t<meta name=\"twitter:data1\" content=\"2 perc\" \/>\n<script type=\"application\/ld+json\" class=\"yoast-schema-graph\">{\"@context\":\"https:\/\/schema.org\",\"@graph\":[{\"@type\":\"WebPage\",\"@id\":\"https:\/\/www.regionsaris.sk\/nabozensky-turizmus\/dreveny-greckokatolicky-chram-svateho-lukasa-evanjelistu-brezany\/\",\"url\":\"https:\/\/www.regionsaris.sk\/nabozensky-turizmus\/dreveny-greckokatolicky-chram-svateho-lukasa-evanjelistu-brezany\/\",\"name\":\"Dreven\u00fd gr\u00e9ckokatol\u00edcky chr\u00e1m sv\u00e4t\u00e9ho Luk\u00e1\u0161a Evanjelistu, Bre\u017eany - OOCR \u0160ari\u0161\",\"isPartOf\":{\"@id\":\"https:\/\/www.regionsaris.sk\/#website\"},\"primaryImageOfPage\":{\"@id\":\"https:\/\/www.regionsaris.sk\/nabozensky-turizmus\/dreveny-greckokatolicky-chram-svateho-lukasa-evanjelistu-brezany\/#primaryimage\"},\"image\":{\"@id\":\"https:\/\/www.regionsaris.sk\/nabozensky-turizmus\/dreveny-greckokatolicky-chram-svateho-lukasa-evanjelistu-brezany\/#primaryimage\"},\"thumbnailUrl\":\"https:\/\/www.regionsaris.sk\/wp-content\/uploads\/2026\/01\/REGIONSARIS_IMG_0133.jpg\",\"datePublished\":\"2026-01-07T11:45:06+00:00\",\"dateModified\":\"2026-02-05T12:40:32+00:00\",\"breadcrumb\":{\"@id\":\"https:\/\/www.regionsaris.sk\/nabozensky-turizmus\/dreveny-greckokatolicky-chram-svateho-lukasa-evanjelistu-brezany\/#breadcrumb\"},\"inLanguage\":\"hu\",\"potentialAction\":[{\"@type\":\"ReadAction\",\"target\":[\"https:\/\/www.regionsaris.sk\/nabozensky-turizmus\/dreveny-greckokatolicky-chram-svateho-lukasa-evanjelistu-brezany\/\"]}]},{\"@type\":\"ImageObject\",\"inLanguage\":\"hu\",\"@id\":\"https:\/\/www.regionsaris.sk\/nabozensky-turizmus\/dreveny-greckokatolicky-chram-svateho-lukasa-evanjelistu-brezany\/#primaryimage\",\"url\":\"https:\/\/www.regionsaris.sk\/wp-content\/uploads\/2026\/01\/REGIONSARIS_IMG_0133.jpg\",\"contentUrl\":\"https:\/\/www.regionsaris.sk\/wp-content\/uploads\/2026\/01\/REGIONSARIS_IMG_0133.jpg\",\"width\":1024,\"height\":576},{\"@type\":\"BreadcrumbList\",\"@id\":\"https:\/\/www.regionsaris.sk\/nabozensky-turizmus\/dreveny-greckokatolicky-chram-svateho-lukasa-evanjelistu-brezany\/#breadcrumb\",\"itemListElement\":[{\"@type\":\"ListItem\",\"position\":1,\"name\":\"Domov\",\"item\":\"https:\/\/www.regionsaris.sk\/\"},{\"@type\":\"ListItem\",\"position\":2,\"name\":\"N\u00e1bo\u017eensk\u00fd turizmus v regi\u00f3ne\",\"item\":\"https:\/\/www.regionsaris.sk\/nabozensky-turizmus-v-regione\/\"},{\"@type\":\"ListItem\",\"position\":3,\"name\":\"Dreven\u00fd gr\u00e9ckokatol\u00edcky chr\u00e1m sv\u00e4t\u00e9ho Luk\u00e1\u0161a Evanjelistu, Bre\u017eany\"}]},{\"@type\":\"WebSite\",\"@id\":\"https:\/\/www.regionsaris.sk\/#website\",\"url\":\"https:\/\/www.regionsaris.sk\/\",\"name\":\"OOCR \u0160ari\u0161\",\"description\":\"\",\"potentialAction\":[{\"@type\":\"SearchAction\",\"target\":{\"@type\":\"EntryPoint\",\"urlTemplate\":\"https:\/\/www.regionsaris.sk\/?s={search_term_string}\"},\"query-input\":{\"@type\":\"PropertyValueSpecification\",\"valueRequired\":true,\"valueName\":\"search_term_string\"}}],\"inLanguage\":\"hu\"}]}<\/script>\n<!-- \/ Yoast SEO Premium plugin. -->","yoast_head_json":{"title":"Dreven\u00fd gr\u00e9ckokatol\u00edcky chr\u00e1m sv\u00e4t\u00e9ho Luk\u00e1\u0161a Evanjelistu, Bre\u017eany - OOCR \u0160ari\u0161","robots":{"index":"index","follow":"follow","max-snippet":"max-snippet:-1","max-image-preview":"max-image-preview:large","max-video-preview":"max-video-preview:-1"},"canonical":"https:\/\/www.regionsaris.sk\/hu\/nabozensky-turizmus\/dreveny-greckokatolicky-chram-svateho-lukasa-evanjelistu-brezany\/","og_locale":"hu_HU","og_type":"article","og_title":"Dreven\u00fd gr\u00e9ckokatol\u00edcky chr\u00e1m sv\u00e4t\u00e9ho Luk\u00e1\u0161a Evanjelistu, Bre\u017eany","og_description":"Gr\u00e9ckokatol\u00edcky dreven\u00fd chr\u00e1m sv\u00e4t\u00e9ho Luk\u00e1\u0161a v Bre\u017eanoch poch\u00e1dza z roku 1727. V 50. rokoch 20....","og_url":"https:\/\/www.regionsaris.sk\/hu\/nabozensky-turizmus\/dreveny-greckokatolicky-chram-svateho-lukasa-evanjelistu-brezany\/","og_site_name":"OOCR \u0160ari\u0161","article_modified_time":"2026-02-05T12:40:32+00:00","og_image":[{"width":1024,"height":576,"url":"https:\/\/www.regionsaris.sk\/wp-content\/uploads\/2026\/01\/REGIONSARIS_IMG_0133.jpg","type":"image\/jpeg"}],"twitter_card":"summary_large_image","twitter_misc":{"Becs\u00fclt olvas\u00e1si id\u0151":"2 perc"},"schema":{"@context":"https:\/\/schema.org","@graph":[{"@type":"WebPage","@id":"https:\/\/www.regionsaris.sk\/nabozensky-turizmus\/dreveny-greckokatolicky-chram-svateho-lukasa-evanjelistu-brezany\/","url":"https:\/\/www.regionsaris.sk\/nabozensky-turizmus\/dreveny-greckokatolicky-chram-svateho-lukasa-evanjelistu-brezany\/","name":"Dreven\u00fd gr\u00e9ckokatol\u00edcky chr\u00e1m sv\u00e4t\u00e9ho Luk\u00e1\u0161a Evanjelistu, Bre\u017eany - OOCR \u0160ari\u0161","isPartOf":{"@id":"https:\/\/www.regionsaris.sk\/#website"},"primaryImageOfPage":{"@id":"https:\/\/www.regionsaris.sk\/nabozensky-turizmus\/dreveny-greckokatolicky-chram-svateho-lukasa-evanjelistu-brezany\/#primaryimage"},"image":{"@id":"https:\/\/www.regionsaris.sk\/nabozensky-turizmus\/dreveny-greckokatolicky-chram-svateho-lukasa-evanjelistu-brezany\/#primaryimage"},"thumbnailUrl":"https:\/\/www.regionsaris.sk\/wp-content\/uploads\/2026\/01\/REGIONSARIS_IMG_0133.jpg","datePublished":"2026-01-07T11:45:06+00:00","dateModified":"2026-02-05T12:40:32+00:00","breadcrumb":{"@id":"https:\/\/www.regionsaris.sk\/nabozensky-turizmus\/dreveny-greckokatolicky-chram-svateho-lukasa-evanjelistu-brezany\/#breadcrumb"},"inLanguage":"hu","potentialAction":[{"@type":"ReadAction","target":["https:\/\/www.regionsaris.sk\/nabozensky-turizmus\/dreveny-greckokatolicky-chram-svateho-lukasa-evanjelistu-brezany\/"]}]},{"@type":"ImageObject","inLanguage":"hu","@id":"https:\/\/www.regionsaris.sk\/nabozensky-turizmus\/dreveny-greckokatolicky-chram-svateho-lukasa-evanjelistu-brezany\/#primaryimage","url":"https:\/\/www.regionsaris.sk\/wp-content\/uploads\/2026\/01\/REGIONSARIS_IMG_0133.jpg","contentUrl":"https:\/\/www.regionsaris.sk\/wp-content\/uploads\/2026\/01\/REGIONSARIS_IMG_0133.jpg","width":1024,"height":576},{"@type":"BreadcrumbList","@id":"https:\/\/www.regionsaris.sk\/nabozensky-turizmus\/dreveny-greckokatolicky-chram-svateho-lukasa-evanjelistu-brezany\/#breadcrumb","itemListElement":[{"@type":"ListItem","position":1,"name":"Domov","item":"https:\/\/www.regionsaris.sk\/"},{"@type":"ListItem","position":2,"name":"N\u00e1bo\u017eensk\u00fd turizmus v regi\u00f3ne","item":"https:\/\/www.regionsaris.sk\/nabozensky-turizmus-v-regione\/"},{"@type":"ListItem","position":3,"name":"Dreven\u00fd gr\u00e9ckokatol\u00edcky chr\u00e1m sv\u00e4t\u00e9ho Luk\u00e1\u0161a Evanjelistu, Bre\u017eany"}]},{"@type":"WebSite","@id":"https:\/\/www.regionsaris.sk\/#website","url":"https:\/\/www.regionsaris.sk\/","name":"OOCR \u0160ari\u0161","description":"","potentialAction":[{"@type":"SearchAction","target":{"@type":"EntryPoint","urlTemplate":"https:\/\/www.regionsaris.sk\/?s={search_term_string}"},"query-input":{"@type":"PropertyValueSpecification","valueRequired":true,"valueName":"search_term_string"}}],"inLanguage":"hu"}]}},"_links":{"self":[{"href":"https:\/\/www.regionsaris.sk\/hu\/wp-json\/wp\/v2\/nabozensky-turizmus\/2553","targetHints":{"allow":["GET"]}}],"collection":[{"href":"https:\/\/www.regionsaris.sk\/hu\/wp-json\/wp\/v2\/nabozensky-turizmus"}],"about":[{"href":"https:\/\/www.regionsaris.sk\/hu\/wp-json\/wp\/v2\/types\/nabozensky-turizmus"}],"wp:featuredmedia":[{"embeddable":true,"href":"https:\/\/www.regionsaris.sk\/hu\/wp-json\/wp\/v2\/media\/2556"}],"wp:attachment":[{"href":"https:\/\/www.regionsaris.sk\/hu\/wp-json\/wp\/v2\/media?parent=2553"}],"wp:term":[{"taxonomy":"kategoria-poi","embeddable":true,"href":"https:\/\/www.regionsaris.sk\/hu\/wp-json\/wp\/v2\/kategoria-poi?post=2553"},{"taxonomy":"lokalita","embeddable":true,"href":"https:\/\/www.regionsaris.sk\/hu\/wp-json\/wp\/v2\/lokalita?post=2553"},{"taxonomy":"sezona-poi","embeddable":true,"href":"https:\/\/www.regionsaris.sk\/hu\/wp-json\/wp\/v2\/sezona-poi?post=2553"},{"taxonomy":"trvanie-vyletu","embeddable":true,"href":"https:\/\/www.regionsaris.sk\/hu\/wp-json\/wp\/v2\/trvanie-vyletu?post=2553"}],"curies":[{"name":"wp","href":"https:\/\/api.w.org\/{rel}","templated":true}]}}