{"id":2549,"date":"2026-01-07T12:45:07","date_gmt":"2026-01-07T11:45:07","guid":{"rendered":"https:\/\/www.regionsaris.sk\/?post_type=nabozensky-turizmus&#038;p=2549"},"modified":"2026-02-05T13:39:44","modified_gmt":"2026-02-05T12:39:44","slug":"dreveny-greckokatolicky-chram-svateho-lukasa-trocany","status":"publish","type":"nabozensky-turizmus","link":"https:\/\/www.regionsaris.sk\/hu\/nabozensky-turizmus\/dreveny-greckokatolicky-chram-svateho-lukasa-trocany\/","title":{"rendered":"Szent Luk\u00e1cs g\u00f6r\u00f6gkatolikus fatemplom, Tro\u010dany"},"content":{"rendered":"<p>A tro\u010danyi fatemplomot Luk\u00e1cs apostol \u00e9s evang\u00e9lista tisztelet\u00e9re szentelt\u00e9k. Val\u00f3sz\u00edn\u0171leg a k\u00f6zeli Resov falub\u00f3l hozt\u00e1k, amit a fagerend\u00e1kon l\u00e9v\u0151 keretek \u00e9s a keresztre fesz\u00edt\u00e9st \u00e1br\u00e1zol\u00f3 ikonon l\u00e9v\u0151 eml\u00e9kfelirat is bizony\u00edt. Val\u00f3sz\u00edn\u0171leg ez a legr\u00e9gebbi keleti r\u00edtus\u00fa fatemplom nemcsak Szlov\u00e1ki\u00e1ban, hanem az eg\u00e9sz K\u00e1rp\u00e1talj\u00e1n. A templom st\u00edlusa alapj\u00e1n egy\u00e9rtelm\u0171en legk\u00e9s\u0151bb a 15-16. sz\u00e1zadba tartozik.<br>A templom h\u00e1romr\u00e9szes, h\u00e1romter\u0171, k\u00e9ttorny\u00fa, h\u00e1rom kereszttel. Alacsony alapzaton \u00e1ll. A templom torny\u00e1ban k\u00e9t harang van felf\u00fcggesztve. A torony f\u00f6l\u00f6tt h\u00e1romkar\u00e9jos kereszt, a haj\u00f3 f\u00f6l\u00f6tt d\u00edszes egykar\u00e9jos kereszt, a szent\u00e9ly v\u00e9ge f\u00f6l\u00f6tt pedig egyszer\u0171 egykar\u00e9jos kereszt tal\u00e1lhat\u00f3.<br>A templomban tal\u00e1lhat\u00f3 egy hi\u00e1nyos ikonoszt\u00e1z, amely a nemzeti kultur\u00e1lis eml\u00e9kek k\u00f6z\u00e9 tartozik. K\u00e9t sorb\u00f3l \u00e1ll, \u00e9s a 17. sz\u00e1zadb\u00f3l sz\u00e1rmazik. Az ikonoszt\u00e1z k\u00f6zep\u00e9n tal\u00e1lhat\u00f3 a c\u00e1ri ajt\u00f3, amelyet kir\u00e1lyi, szent vagy f\u0151ajt\u00f3nak is neveznek, \u00e9s a szent\u00e9lybe vezet. A templomban t\u00f6bb m\u00e1s ritka ikon is tal\u00e1lhat\u00f3, amelyeket az ikonoszt\u00e1z oldalain v\u00e1szonra festettek. A tro\u010danyi fatemplomot 1968-ban nemzeti kultur\u00e1lis m\u0171eml\u00e9kk\u00e9 nyilv\u00e1n\u00edtott\u00e1k. A templom k\u00fcl\u00f6nb\u00f6z\u0151 jav\u00edt\u00e1sait 1897-ben, 1933-ban \u00e9s 1968-ban v\u00e9gezt\u00e9k el. 2010-2011-ben a templomot az Eur\u00f3pai Region\u00e1lis Fejleszt\u00e9si Alap \u00e1ltal finansz\u00edrozott, a Nemzetk\u00f6zi fatemplomok megment\u00e9se a f\u00e1b\u00f3l k\u00e9sz\u00fclt utakon c\u00edm\u0171 projekt keret\u00e9ben teljesen kijav\u00edtott\u00e1k \u00e9s restaur\u00e1lt\u00e1k.<\/p>\n\n\n\n<p>Fot\u00f3: Tro\u010dany falu, \u013dubo\u0161 Repta<\/p>","protected":false},"featured_media":2550,"template":"","meta":{"_acf_changed":false},"kategoria-poi":[186,168],"lokalita":[178],"sezona-poi":[12],"trvanie-vyletu":[180],"class_list":["post-2549","nabozensky-turizmus","type-nabozensky-turizmus","status-publish","has-post-thumbnail","hentry","kategoria-poi-drevene-chramy","kategoria-poi-nabozensky-turizmus","lokalita-bardejov-a-okolie","sezona-poi-celorocne","trvanie-vyletu-poldenne-vylety"],"acf":[],"yoast_head":"<!-- This site is optimized with the Yoast SEO Premium plugin v26.3 (Yoast SEO v26.8) - https:\/\/yoast.com\/product\/yoast-seo-premium-wordpress\/ -->\n<title>Dreven\u00fd gr\u00e9ckokatol\u00edcky chr\u00e1m sv\u00e4t\u00e9ho Luk\u00e1\u0161a, Tro\u010dany - OOCR \u0160ari\u0161<\/title>\n<meta name=\"robots\" content=\"index, follow, max-snippet:-1, max-image-preview:large, max-video-preview:-1\" \/>\n<link rel=\"canonical\" href=\"https:\/\/www.regionsaris.sk\/hu\/nabozensky-turizmus\/dreveny-greckokatolicky-chram-svateho-lukasa-trocany\/\" \/>\n<meta property=\"og:locale\" content=\"hu_HU\" \/>\n<meta property=\"og:type\" content=\"article\" \/>\n<meta property=\"og:title\" content=\"Dreven\u00fd gr\u00e9ckokatol\u00edcky chr\u00e1m sv\u00e4t\u00e9ho Luk\u00e1\u0161a, Tro\u010dany\" \/>\n<meta property=\"og:description\" content=\"Dreven\u00fd chr\u00e1m v Tro\u010danoch je zasv\u00e4ten\u00fd sv\u00e4t\u00e9mu apo\u0161tolovi a evanjelistovi Luk\u00e1\u0161ovi. Bol zrejme privezen\u00fd z...\" \/>\n<meta property=\"og:url\" content=\"https:\/\/www.regionsaris.sk\/hu\/nabozensky-turizmus\/dreveny-greckokatolicky-chram-svateho-lukasa-trocany\/\" \/>\n<meta property=\"og:site_name\" content=\"OOCR \u0160ari\u0161\" \/>\n<meta property=\"article:modified_time\" content=\"2026-02-05T12:39:44+00:00\" \/>\n<meta property=\"og:image\" content=\"https:\/\/www.regionsaris.sk\/wp-content\/uploads\/2026\/01\/trocany-148-thumb.jpg\" \/>\n\t<meta property=\"og:image:width\" content=\"600\" \/>\n\t<meta property=\"og:image:height\" content=\"400\" \/>\n\t<meta property=\"og:image:type\" content=\"image\/jpeg\" \/>\n<meta name=\"twitter:card\" content=\"summary_large_image\" \/>\n<meta name=\"twitter:label1\" content=\"Becs\u00fclt olvas\u00e1si id\u0151\" \/>\n\t<meta name=\"twitter:data1\" content=\"1 perc\" \/>\n<script type=\"application\/ld+json\" class=\"yoast-schema-graph\">{\"@context\":\"https:\/\/schema.org\",\"@graph\":[{\"@type\":\"WebPage\",\"@id\":\"https:\/\/www.regionsaris.sk\/nabozensky-turizmus\/dreveny-greckokatolicky-chram-svateho-lukasa-trocany\/\",\"url\":\"https:\/\/www.regionsaris.sk\/nabozensky-turizmus\/dreveny-greckokatolicky-chram-svateho-lukasa-trocany\/\",\"name\":\"Dreven\u00fd gr\u00e9ckokatol\u00edcky chr\u00e1m sv\u00e4t\u00e9ho Luk\u00e1\u0161a, Tro\u010dany - OOCR \u0160ari\u0161\",\"isPartOf\":{\"@id\":\"https:\/\/www.regionsaris.sk\/#website\"},\"primaryImageOfPage\":{\"@id\":\"https:\/\/www.regionsaris.sk\/nabozensky-turizmus\/dreveny-greckokatolicky-chram-svateho-lukasa-trocany\/#primaryimage\"},\"image\":{\"@id\":\"https:\/\/www.regionsaris.sk\/nabozensky-turizmus\/dreveny-greckokatolicky-chram-svateho-lukasa-trocany\/#primaryimage\"},\"thumbnailUrl\":\"https:\/\/www.regionsaris.sk\/wp-content\/uploads\/2026\/01\/trocany-148-thumb.jpg\",\"datePublished\":\"2026-01-07T11:45:07+00:00\",\"dateModified\":\"2026-02-05T12:39:44+00:00\",\"breadcrumb\":{\"@id\":\"https:\/\/www.regionsaris.sk\/nabozensky-turizmus\/dreveny-greckokatolicky-chram-svateho-lukasa-trocany\/#breadcrumb\"},\"inLanguage\":\"hu\",\"potentialAction\":[{\"@type\":\"ReadAction\",\"target\":[\"https:\/\/www.regionsaris.sk\/nabozensky-turizmus\/dreveny-greckokatolicky-chram-svateho-lukasa-trocany\/\"]}]},{\"@type\":\"ImageObject\",\"inLanguage\":\"hu\",\"@id\":\"https:\/\/www.regionsaris.sk\/nabozensky-turizmus\/dreveny-greckokatolicky-chram-svateho-lukasa-trocany\/#primaryimage\",\"url\":\"https:\/\/www.regionsaris.sk\/wp-content\/uploads\/2026\/01\/trocany-148-thumb.jpg\",\"contentUrl\":\"https:\/\/www.regionsaris.sk\/wp-content\/uploads\/2026\/01\/trocany-148-thumb.jpg\",\"width\":600,\"height\":400},{\"@type\":\"BreadcrumbList\",\"@id\":\"https:\/\/www.regionsaris.sk\/nabozensky-turizmus\/dreveny-greckokatolicky-chram-svateho-lukasa-trocany\/#breadcrumb\",\"itemListElement\":[{\"@type\":\"ListItem\",\"position\":1,\"name\":\"Domov\",\"item\":\"https:\/\/www.regionsaris.sk\/\"},{\"@type\":\"ListItem\",\"position\":2,\"name\":\"N\u00e1bo\u017eensk\u00fd turizmus v regi\u00f3ne\",\"item\":\"https:\/\/www.regionsaris.sk\/nabozensky-turizmus-v-regione\/\"},{\"@type\":\"ListItem\",\"position\":3,\"name\":\"Dreven\u00fd gr\u00e9ckokatol\u00edcky chr\u00e1m sv\u00e4t\u00e9ho Luk\u00e1\u0161a, Tro\u010dany\"}]},{\"@type\":\"WebSite\",\"@id\":\"https:\/\/www.regionsaris.sk\/#website\",\"url\":\"https:\/\/www.regionsaris.sk\/\",\"name\":\"OOCR \u0160ari\u0161\",\"description\":\"\",\"potentialAction\":[{\"@type\":\"SearchAction\",\"target\":{\"@type\":\"EntryPoint\",\"urlTemplate\":\"https:\/\/www.regionsaris.sk\/?s={search_term_string}\"},\"query-input\":{\"@type\":\"PropertyValueSpecification\",\"valueRequired\":true,\"valueName\":\"search_term_string\"}}],\"inLanguage\":\"hu\"}]}<\/script>\n<!-- \/ Yoast SEO Premium plugin. -->","yoast_head_json":{"title":"Dreven\u00fd gr\u00e9ckokatol\u00edcky chr\u00e1m sv\u00e4t\u00e9ho Luk\u00e1\u0161a, Tro\u010dany - OOCR \u0160ari\u0161","robots":{"index":"index","follow":"follow","max-snippet":"max-snippet:-1","max-image-preview":"max-image-preview:large","max-video-preview":"max-video-preview:-1"},"canonical":"https:\/\/www.regionsaris.sk\/hu\/nabozensky-turizmus\/dreveny-greckokatolicky-chram-svateho-lukasa-trocany\/","og_locale":"hu_HU","og_type":"article","og_title":"Dreven\u00fd gr\u00e9ckokatol\u00edcky chr\u00e1m sv\u00e4t\u00e9ho Luk\u00e1\u0161a, Tro\u010dany","og_description":"Dreven\u00fd chr\u00e1m v Tro\u010danoch je zasv\u00e4ten\u00fd sv\u00e4t\u00e9mu apo\u0161tolovi a evanjelistovi Luk\u00e1\u0161ovi. Bol zrejme privezen\u00fd z...","og_url":"https:\/\/www.regionsaris.sk\/hu\/nabozensky-turizmus\/dreveny-greckokatolicky-chram-svateho-lukasa-trocany\/","og_site_name":"OOCR \u0160ari\u0161","article_modified_time":"2026-02-05T12:39:44+00:00","og_image":[{"width":600,"height":400,"url":"https:\/\/www.regionsaris.sk\/wp-content\/uploads\/2026\/01\/trocany-148-thumb.jpg","type":"image\/jpeg"}],"twitter_card":"summary_large_image","twitter_misc":{"Becs\u00fclt olvas\u00e1si id\u0151":"1 perc"},"schema":{"@context":"https:\/\/schema.org","@graph":[{"@type":"WebPage","@id":"https:\/\/www.regionsaris.sk\/nabozensky-turizmus\/dreveny-greckokatolicky-chram-svateho-lukasa-trocany\/","url":"https:\/\/www.regionsaris.sk\/nabozensky-turizmus\/dreveny-greckokatolicky-chram-svateho-lukasa-trocany\/","name":"Dreven\u00fd gr\u00e9ckokatol\u00edcky chr\u00e1m sv\u00e4t\u00e9ho Luk\u00e1\u0161a, Tro\u010dany - OOCR \u0160ari\u0161","isPartOf":{"@id":"https:\/\/www.regionsaris.sk\/#website"},"primaryImageOfPage":{"@id":"https:\/\/www.regionsaris.sk\/nabozensky-turizmus\/dreveny-greckokatolicky-chram-svateho-lukasa-trocany\/#primaryimage"},"image":{"@id":"https:\/\/www.regionsaris.sk\/nabozensky-turizmus\/dreveny-greckokatolicky-chram-svateho-lukasa-trocany\/#primaryimage"},"thumbnailUrl":"https:\/\/www.regionsaris.sk\/wp-content\/uploads\/2026\/01\/trocany-148-thumb.jpg","datePublished":"2026-01-07T11:45:07+00:00","dateModified":"2026-02-05T12:39:44+00:00","breadcrumb":{"@id":"https:\/\/www.regionsaris.sk\/nabozensky-turizmus\/dreveny-greckokatolicky-chram-svateho-lukasa-trocany\/#breadcrumb"},"inLanguage":"hu","potentialAction":[{"@type":"ReadAction","target":["https:\/\/www.regionsaris.sk\/nabozensky-turizmus\/dreveny-greckokatolicky-chram-svateho-lukasa-trocany\/"]}]},{"@type":"ImageObject","inLanguage":"hu","@id":"https:\/\/www.regionsaris.sk\/nabozensky-turizmus\/dreveny-greckokatolicky-chram-svateho-lukasa-trocany\/#primaryimage","url":"https:\/\/www.regionsaris.sk\/wp-content\/uploads\/2026\/01\/trocany-148-thumb.jpg","contentUrl":"https:\/\/www.regionsaris.sk\/wp-content\/uploads\/2026\/01\/trocany-148-thumb.jpg","width":600,"height":400},{"@type":"BreadcrumbList","@id":"https:\/\/www.regionsaris.sk\/nabozensky-turizmus\/dreveny-greckokatolicky-chram-svateho-lukasa-trocany\/#breadcrumb","itemListElement":[{"@type":"ListItem","position":1,"name":"Domov","item":"https:\/\/www.regionsaris.sk\/"},{"@type":"ListItem","position":2,"name":"N\u00e1bo\u017eensk\u00fd turizmus v regi\u00f3ne","item":"https:\/\/www.regionsaris.sk\/nabozensky-turizmus-v-regione\/"},{"@type":"ListItem","position":3,"name":"Dreven\u00fd gr\u00e9ckokatol\u00edcky chr\u00e1m sv\u00e4t\u00e9ho Luk\u00e1\u0161a, Tro\u010dany"}]},{"@type":"WebSite","@id":"https:\/\/www.regionsaris.sk\/#website","url":"https:\/\/www.regionsaris.sk\/","name":"OOCR \u0160ari\u0161","description":"","potentialAction":[{"@type":"SearchAction","target":{"@type":"EntryPoint","urlTemplate":"https:\/\/www.regionsaris.sk\/?s={search_term_string}"},"query-input":{"@type":"PropertyValueSpecification","valueRequired":true,"valueName":"search_term_string"}}],"inLanguage":"hu"}]}},"_links":{"self":[{"href":"https:\/\/www.regionsaris.sk\/hu\/wp-json\/wp\/v2\/nabozensky-turizmus\/2549","targetHints":{"allow":["GET"]}}],"collection":[{"href":"https:\/\/www.regionsaris.sk\/hu\/wp-json\/wp\/v2\/nabozensky-turizmus"}],"about":[{"href":"https:\/\/www.regionsaris.sk\/hu\/wp-json\/wp\/v2\/types\/nabozensky-turizmus"}],"wp:featuredmedia":[{"embeddable":true,"href":"https:\/\/www.regionsaris.sk\/hu\/wp-json\/wp\/v2\/media\/2550"}],"wp:attachment":[{"href":"https:\/\/www.regionsaris.sk\/hu\/wp-json\/wp\/v2\/media?parent=2549"}],"wp:term":[{"taxonomy":"kategoria-poi","embeddable":true,"href":"https:\/\/www.regionsaris.sk\/hu\/wp-json\/wp\/v2\/kategoria-poi?post=2549"},{"taxonomy":"lokalita","embeddable":true,"href":"https:\/\/www.regionsaris.sk\/hu\/wp-json\/wp\/v2\/lokalita?post=2549"},{"taxonomy":"sezona-poi","embeddable":true,"href":"https:\/\/www.regionsaris.sk\/hu\/wp-json\/wp\/v2\/sezona-poi?post=2549"},{"taxonomy":"trvanie-vyletu","embeddable":true,"href":"https:\/\/www.regionsaris.sk\/hu\/wp-json\/wp\/v2\/trvanie-vyletu?post=2549"}],"curies":[{"name":"wp","href":"https:\/\/api.w.org\/{rel}","templated":true}]}}