{"id":2537,"date":"2026-01-07T12:45:11","date_gmt":"2026-01-07T11:45:11","guid":{"rendered":"https:\/\/www.regionsaris.sk\/?post_type=nabozensky-turizmus&#038;p=2537"},"modified":"2026-02-05T13:34:55","modified_gmt":"2026-02-05T12:34:55","slug":"ortodoxna-synagoga","status":"publish","type":"nabozensky-turizmus","link":"https:\/\/www.regionsaris.sk\/hu\/nabozensky-turizmus\/ortodoxna-synagoga\/","title":{"rendered":"Ortodox zsinag\u00f3ga Pre\u0161ovban"},"content":{"rendered":"<h2>Ortodox zsinag\u00f3ga Pre\u0161ovban<\/h2>\nA templomot 1898-ban Kollacsek \u00e9s Wirth \u00e9p\u00edtette k\u00e9tszintes, torony n\u00e9lk\u00fcli \u00e9p\u00fcletk\u00e9nt, a tokaji zsinag\u00f3ga tervei alapj\u00e1n, m\u00f3r st\u00edlusban, sz\u00e1mos orientaliz\u00e1l\u00f3 elemmel. A bels\u0151 berendez\u00e9s k\u00f6z\u00fcl az almemor mellett k\u00fcl\u00f6n\u00f6sen \u00e9rt\u00e9kes a m\u0171v\u00e9szi tabern\u00e1kulum (aron hakodesh). Az eg\u00e9sz bels\u0151 teret pomp\u00e1s d\u00edsz\u00edt\u0151festm\u00e9nyek d\u00edsz\u00edtik, amelyek az \u00e9p\u00fcletet \u00e9rt jelent\u0151s k\u00e1rok ellen\u00e9re \u00e9s nagyobb \u00e1talak\u00edt\u00e1sok n\u00e9lk\u00fcl is meg\u0151rizt\u00e9k eredeti gazdags\u00e1gukat, kifejez\u0151erej\u00fcket \u00e9s form\u00e1jukat.  A viszonylag szigor\u00fa, neorom\u00e1n st\u00edlus\u00fa<wbr \/>A m\u00f3r homlokzatok sz\u00f3 szerint a zsinag\u00f3ga\u00e9p\u00edt\u00e9szet kincs\u00e9t rejtik. Az ortodox zsinag\u00f3ga 1942-ig szolg\u00e1lta rendeltet\u00e9s\u00e9t. Annak az \u00e9vnek a tavasz\u00e1n \u00e9s nyar\u00e1n a szomsz\u00e9dos ter\u00fclettel egy\u00fctt a deport\u00e1l\u00e1sok el\u0151tt k\u00f6zvetlen\u00fcl a pre\u0161ovi zsid\u00f3k gy\u00fclekez\u0151hely\u00e9v\u00e9 v\u00e1lt. Innen vitt\u00e9k a g\u00e1rdist\u00e1k a v\u00e1ros t\u00f6bb ezer polg\u00e1r\u00e1t a koncentr\u00e1ci\u00f3s t\u00e1borokba tart\u00f3 transzportokra. Pre\u0161ov megsz\u00e1ll\u00e1sa idej\u00e9n a n\u00e9met hadsereg a zsinag\u00f3g\u00e1ban ist\u00e1ll\u00f3kat \u00e9s gar\u00e1zsokat alak\u00edtott ki. A sz\u00fcks\u00e9ges jav\u00edt\u00e1sok \u00e9s a bels\u0151 berendez\u00e9s kieg\u00e9sz\u00edt\u00e9se ut\u00e1n 1948 okt\u00f3ber\u00e9ben szentelt\u00e9k fel. A gazdagon d\u00edsz\u00edtett bels\u0151 terek, a teljes m\u00e9rt\u00e9kben meg\u0151rz\u00f6tt lelt\u00e1rral Szlov\u00e1kia legvonz\u00f3bb zsid\u00f3 m\u0171eml\u00e9kei k\u00f6z\u00e9 tartoznak. 1989-1990-ben Los Angeles-i zsid\u00f3k sikertelen\u00fcl pr\u00f3b\u00e1lt\u00e1k megszerezni \u00e9s az USA-ba sz\u00e1ll\u00edtani. 1991 augusztus\u00e1ban a zsinag\u00f3ga bej\u00e1rata el\u0151tti udvaron a szlov\u00e1k \u00e1llam legmagasabb rang\u00fa tiszts\u00e9gvisel\u0151inek jelenl\u00e9t\u00e9ben felavatt\u00e1k a holokauszt t\u00f6bb mint hatezer pre\u0161ovi \u00e9s k\u00f6rny\u00e9kbeli \u00e1ldozat\u00e1nak eml\u00e9km\u0171v\u00e9t.\n<h3>Jelen a zsinag\u00f3g\u00e1ban<\/h3>\nAz ortodox zsinag\u00f3g\u00e1t ma is imah\u00e1zk\u00e9nt haszn\u00e1lj\u00e1k. A n\u0151i gal\u00e9ri\u00e1n tal\u00e1lhat\u00f3 az \u00fagynevezett Bark\u00e1ny-gy\u0171jtem\u00e9ny.<wbr \/> a Zsid\u00f3 Kult\u00fara M\u00fazeum\u00e1nak ki\u00e1ll\u00edt\u00e1sa. A zsinag\u00f3ga a zsid\u00f3 k\u00f6z\u00f6ss\u00e9gi int\u00e9zm\u00e9nyek \u00e9rt\u00e9kes komplexum\u00e1nak (imaterem, cheder - zsid\u00f3 iskola, rabbin\u00e1tus, ritu\u00e1lis v\u00e1g\u00f3h\u00edd) r\u00e9sze, amelyet a v\u00e1rosfalak m\u00f6g\u00f6tti ter\u00fcleten az 1880-as \u00e9vekt\u0151l \u00e9p\u00edtett az ortodox k\u00f6z\u00f6ss\u00e9g.\n\n<span style=\"font-weight: 400;\">Ha m\u00e1r Pre\u0161ov v\u00e1ros\u00e1ban j\u00e1r, sz\u00e1mos m\u00e1s egyed\u00fcl\u00e1ll\u00f3 l\u00e1tnival\u00f3t is felkereshet. Aj\u00e1nljuk p\u00e9ld\u00e1ul<\/span><a href=\"https:\/\/www.regionsaris.sk\/hu\/historia\/katedralny-chram-sv-jana-krstitela\/\"> <span style=\"font-weight: 400;\">Keresztel\u0151 Szent J\u00e1nos katedr\u00e1lis temploma<\/span><\/a><span style=\"font-weight: 400;\">, <a href=\"https:\/\/www.regionsaris.sk\/hu\/kultura-a-umenie\/solivar-narodna-kulturna-pamiatka\/\">Solivar <\/a><\/span><span style=\"font-weight: 400;\">,<\/span><a href=\"https:\/\/www.regionsaris.sk\/hu\/historia\/konkatedrala-sv-mikulasa\/\"> <span style=\"font-weight: 400;\">Szent Mikl\u00f3s sz\u00e9kesegyh\u00e1z<\/span><\/a><span style=\"font-weight: 400;\">,<\/span><a href=\"https:\/\/www.regionsaris.sk\/hu\/historia\/florianova-brana\/\"> <span style=\"font-weight: 400;\">Fl\u00f3ri\u00e1n kapuja<\/span><\/a><span style=\"font-weight: 400;\">,<\/span><a href=\"https:\/\/www.regionsaris.sk\/hu\/historia\/kostol-sv-jozefa\/\"> <span style=\"font-weight: 400;\">Szent J\u00f3zsef templom<\/span><\/a><span style=\"font-weight: 400;\">,<\/span><a href=\"https:\/\/www.regionsaris.sk\/hu\/historia\/vodarenska-veza\/\"> <span style=\"font-weight: 400;\">V\u00edztorony<\/span><\/a><span style=\"font-weight: 400;\">,<\/span><a href=\"https:\/\/www.regionsaris.sk\/hu\/nabozensky_turizmus\/kalvaria\/\"> <span style=\"font-weight: 400;\">K\u00e1lv\u00e1ria<\/span><\/a><span style=\"font-weight: 400;\"> stb.<\/span>\n\nA pre\u0161ovi ortodox zsinag\u00f3g\u00e1r\u00f3l t\u00f6bbet megtudhat a weboldalon. <a href=\"http:\/\/www.synagoga-presov.sk\/\">Zsid\u00f3 Kultur\u00e1lis M\u00fazeum<\/a>.\n\nF\u00e9nyk\u00e9p: Mgr. Mgr. Jozef Kotuli\u010d, OOCR r\u00e9gi\u00f3 \u0160ari\u0161","protected":false},"featured_media":2538,"template":"","meta":{"_acf_changed":false},"kategoria-poi":[168,206],"lokalita":[26],"sezona-poi":[12],"trvanie-vyletu":[180,194],"class_list":["post-2537","nabozensky-turizmus","type-nabozensky-turizmus","status-publish","has-post-thumbnail","hentry","kategoria-poi-nabozensky-turizmus","kategoria-poi-synagogy","lokalita-mesto-presov","sezona-poi-celorocne","trvanie-vyletu-poldenne-vylety","trvanie-vyletu-skolske-vylety"],"acf":[],"yoast_head":"<!-- This site is optimized with the Yoast SEO Premium plugin v26.3 (Yoast SEO v26.8) - https:\/\/yoast.com\/product\/yoast-seo-premium-wordpress\/ -->\n<title>Ortodoxn\u00e1 synag\u00f3ga v Pre\u0161ove - OOCR \u0160ari\u0161<\/title>\n<meta name=\"robots\" content=\"index, follow, max-snippet:-1, max-image-preview:large, max-video-preview:-1\" \/>\n<link rel=\"canonical\" href=\"https:\/\/www.regionsaris.sk\/hu\/nabozensky-turizmus\/ortodoxna-synagoga\/\" \/>\n<meta property=\"og:locale\" content=\"hu_HU\" \/>\n<meta property=\"og:type\" content=\"article\" \/>\n<meta property=\"og:title\" content=\"Ortodoxn\u00e1 synag\u00f3ga v Pre\u0161ove\" \/>\n<meta property=\"og:description\" content=\"Ortodoxn\u00e1 synag\u00f3ga v Pre\u0161ove Postaven\u00e1 bola v roku 1898 firmou Kollacsek a Wirth ako dvojpodla\u017en\u00e1...\" \/>\n<meta property=\"og:url\" content=\"https:\/\/www.regionsaris.sk\/hu\/nabozensky-turizmus\/ortodoxna-synagoga\/\" \/>\n<meta property=\"og:site_name\" content=\"OOCR \u0160ari\u0161\" \/>\n<meta property=\"article:modified_time\" content=\"2026-02-05T12:34:55+00:00\" \/>\n<meta property=\"og:image\" content=\"https:\/\/www.regionsaris.sk\/wp-content\/uploads\/2026\/01\/ortodoxna-synagoga-po-55-thumb.jpg\" \/>\n\t<meta property=\"og:image:width\" content=\"600\" \/>\n\t<meta property=\"og:image:height\" content=\"400\" \/>\n\t<meta property=\"og:image:type\" content=\"image\/jpeg\" \/>\n<meta name=\"twitter:card\" content=\"summary_large_image\" \/>\n<meta name=\"twitter:label1\" content=\"Becs\u00fclt olvas\u00e1si id\u0151\" \/>\n\t<meta name=\"twitter:data1\" content=\"2 perc\" \/>\n<script type=\"application\/ld+json\" class=\"yoast-schema-graph\">{\"@context\":\"https:\/\/schema.org\",\"@graph\":[{\"@type\":\"WebPage\",\"@id\":\"https:\/\/www.regionsaris.sk\/nabozensky-turizmus\/ortodoxna-synagoga\/\",\"url\":\"https:\/\/www.regionsaris.sk\/nabozensky-turizmus\/ortodoxna-synagoga\/\",\"name\":\"Ortodoxn\u00e1 synag\u00f3ga v Pre\u0161ove - OOCR \u0160ari\u0161\",\"isPartOf\":{\"@id\":\"https:\/\/www.regionsaris.sk\/#website\"},\"primaryImageOfPage\":{\"@id\":\"https:\/\/www.regionsaris.sk\/nabozensky-turizmus\/ortodoxna-synagoga\/#primaryimage\"},\"image\":{\"@id\":\"https:\/\/www.regionsaris.sk\/nabozensky-turizmus\/ortodoxna-synagoga\/#primaryimage\"},\"thumbnailUrl\":\"https:\/\/www.regionsaris.sk\/wp-content\/uploads\/2026\/01\/ortodoxna-synagoga-po-55-thumb.jpg\",\"datePublished\":\"2026-01-07T11:45:11+00:00\",\"dateModified\":\"2026-02-05T12:34:55+00:00\",\"breadcrumb\":{\"@id\":\"https:\/\/www.regionsaris.sk\/nabozensky-turizmus\/ortodoxna-synagoga\/#breadcrumb\"},\"inLanguage\":\"hu\",\"potentialAction\":[{\"@type\":\"ReadAction\",\"target\":[\"https:\/\/www.regionsaris.sk\/nabozensky-turizmus\/ortodoxna-synagoga\/\"]}]},{\"@type\":\"ImageObject\",\"inLanguage\":\"hu\",\"@id\":\"https:\/\/www.regionsaris.sk\/nabozensky-turizmus\/ortodoxna-synagoga\/#primaryimage\",\"url\":\"https:\/\/www.regionsaris.sk\/wp-content\/uploads\/2026\/01\/ortodoxna-synagoga-po-55-thumb.jpg\",\"contentUrl\":\"https:\/\/www.regionsaris.sk\/wp-content\/uploads\/2026\/01\/ortodoxna-synagoga-po-55-thumb.jpg\",\"width\":600,\"height\":400},{\"@type\":\"BreadcrumbList\",\"@id\":\"https:\/\/www.regionsaris.sk\/nabozensky-turizmus\/ortodoxna-synagoga\/#breadcrumb\",\"itemListElement\":[{\"@type\":\"ListItem\",\"position\":1,\"name\":\"Domov\",\"item\":\"https:\/\/www.regionsaris.sk\/\"},{\"@type\":\"ListItem\",\"position\":2,\"name\":\"N\u00e1bo\u017eensk\u00fd turizmus v regi\u00f3ne\",\"item\":\"https:\/\/www.regionsaris.sk\/nabozensky-turizmus-v-regione\/\"},{\"@type\":\"ListItem\",\"position\":3,\"name\":\"Ortodoxn\u00e1 synag\u00f3ga v Pre\u0161ove\"}]},{\"@type\":\"WebSite\",\"@id\":\"https:\/\/www.regionsaris.sk\/#website\",\"url\":\"https:\/\/www.regionsaris.sk\/\",\"name\":\"OOCR \u0160ari\u0161\",\"description\":\"\",\"potentialAction\":[{\"@type\":\"SearchAction\",\"target\":{\"@type\":\"EntryPoint\",\"urlTemplate\":\"https:\/\/www.regionsaris.sk\/?s={search_term_string}\"},\"query-input\":{\"@type\":\"PropertyValueSpecification\",\"valueRequired\":true,\"valueName\":\"search_term_string\"}}],\"inLanguage\":\"hu\"}]}<\/script>\n<!-- \/ Yoast SEO Premium plugin. -->","yoast_head_json":{"title":"Ortodoxn\u00e1 synag\u00f3ga v Pre\u0161ove - OOCR \u0160ari\u0161","robots":{"index":"index","follow":"follow","max-snippet":"max-snippet:-1","max-image-preview":"max-image-preview:large","max-video-preview":"max-video-preview:-1"},"canonical":"https:\/\/www.regionsaris.sk\/hu\/nabozensky-turizmus\/ortodoxna-synagoga\/","og_locale":"hu_HU","og_type":"article","og_title":"Ortodoxn\u00e1 synag\u00f3ga v Pre\u0161ove","og_description":"Ortodoxn\u00e1 synag\u00f3ga v Pre\u0161ove Postaven\u00e1 bola v roku 1898 firmou Kollacsek a Wirth ako dvojpodla\u017en\u00e1...","og_url":"https:\/\/www.regionsaris.sk\/hu\/nabozensky-turizmus\/ortodoxna-synagoga\/","og_site_name":"OOCR \u0160ari\u0161","article_modified_time":"2026-02-05T12:34:55+00:00","og_image":[{"width":600,"height":400,"url":"https:\/\/www.regionsaris.sk\/wp-content\/uploads\/2026\/01\/ortodoxna-synagoga-po-55-thumb.jpg","type":"image\/jpeg"}],"twitter_card":"summary_large_image","twitter_misc":{"Becs\u00fclt olvas\u00e1si id\u0151":"2 perc"},"schema":{"@context":"https:\/\/schema.org","@graph":[{"@type":"WebPage","@id":"https:\/\/www.regionsaris.sk\/nabozensky-turizmus\/ortodoxna-synagoga\/","url":"https:\/\/www.regionsaris.sk\/nabozensky-turizmus\/ortodoxna-synagoga\/","name":"Ortodoxn\u00e1 synag\u00f3ga v Pre\u0161ove - OOCR \u0160ari\u0161","isPartOf":{"@id":"https:\/\/www.regionsaris.sk\/#website"},"primaryImageOfPage":{"@id":"https:\/\/www.regionsaris.sk\/nabozensky-turizmus\/ortodoxna-synagoga\/#primaryimage"},"image":{"@id":"https:\/\/www.regionsaris.sk\/nabozensky-turizmus\/ortodoxna-synagoga\/#primaryimage"},"thumbnailUrl":"https:\/\/www.regionsaris.sk\/wp-content\/uploads\/2026\/01\/ortodoxna-synagoga-po-55-thumb.jpg","datePublished":"2026-01-07T11:45:11+00:00","dateModified":"2026-02-05T12:34:55+00:00","breadcrumb":{"@id":"https:\/\/www.regionsaris.sk\/nabozensky-turizmus\/ortodoxna-synagoga\/#breadcrumb"},"inLanguage":"hu","potentialAction":[{"@type":"ReadAction","target":["https:\/\/www.regionsaris.sk\/nabozensky-turizmus\/ortodoxna-synagoga\/"]}]},{"@type":"ImageObject","inLanguage":"hu","@id":"https:\/\/www.regionsaris.sk\/nabozensky-turizmus\/ortodoxna-synagoga\/#primaryimage","url":"https:\/\/www.regionsaris.sk\/wp-content\/uploads\/2026\/01\/ortodoxna-synagoga-po-55-thumb.jpg","contentUrl":"https:\/\/www.regionsaris.sk\/wp-content\/uploads\/2026\/01\/ortodoxna-synagoga-po-55-thumb.jpg","width":600,"height":400},{"@type":"BreadcrumbList","@id":"https:\/\/www.regionsaris.sk\/nabozensky-turizmus\/ortodoxna-synagoga\/#breadcrumb","itemListElement":[{"@type":"ListItem","position":1,"name":"Domov","item":"https:\/\/www.regionsaris.sk\/"},{"@type":"ListItem","position":2,"name":"N\u00e1bo\u017eensk\u00fd turizmus v regi\u00f3ne","item":"https:\/\/www.regionsaris.sk\/nabozensky-turizmus-v-regione\/"},{"@type":"ListItem","position":3,"name":"Ortodoxn\u00e1 synag\u00f3ga v Pre\u0161ove"}]},{"@type":"WebSite","@id":"https:\/\/www.regionsaris.sk\/#website","url":"https:\/\/www.regionsaris.sk\/","name":"OOCR \u0160ari\u0161","description":"","potentialAction":[{"@type":"SearchAction","target":{"@type":"EntryPoint","urlTemplate":"https:\/\/www.regionsaris.sk\/?s={search_term_string}"},"query-input":{"@type":"PropertyValueSpecification","valueRequired":true,"valueName":"search_term_string"}}],"inLanguage":"hu"}]}},"_links":{"self":[{"href":"https:\/\/www.regionsaris.sk\/hu\/wp-json\/wp\/v2\/nabozensky-turizmus\/2537","targetHints":{"allow":["GET"]}}],"collection":[{"href":"https:\/\/www.regionsaris.sk\/hu\/wp-json\/wp\/v2\/nabozensky-turizmus"}],"about":[{"href":"https:\/\/www.regionsaris.sk\/hu\/wp-json\/wp\/v2\/types\/nabozensky-turizmus"}],"wp:featuredmedia":[{"embeddable":true,"href":"https:\/\/www.regionsaris.sk\/hu\/wp-json\/wp\/v2\/media\/2538"}],"wp:attachment":[{"href":"https:\/\/www.regionsaris.sk\/hu\/wp-json\/wp\/v2\/media?parent=2537"}],"wp:term":[{"taxonomy":"kategoria-poi","embeddable":true,"href":"https:\/\/www.regionsaris.sk\/hu\/wp-json\/wp\/v2\/kategoria-poi?post=2537"},{"taxonomy":"lokalita","embeddable":true,"href":"https:\/\/www.regionsaris.sk\/hu\/wp-json\/wp\/v2\/lokalita?post=2537"},{"taxonomy":"sezona-poi","embeddable":true,"href":"https:\/\/www.regionsaris.sk\/hu\/wp-json\/wp\/v2\/sezona-poi?post=2537"},{"taxonomy":"trvanie-vyletu","embeddable":true,"href":"https:\/\/www.regionsaris.sk\/hu\/wp-json\/wp\/v2\/trvanie-vyletu?post=2537"}],"curies":[{"name":"wp","href":"https:\/\/api.w.org\/{rel}","templated":true}]}}