{"id":2527,"date":"2026-01-07T12:45:13","date_gmt":"2026-01-07T11:45:13","guid":{"rendered":"https:\/\/www.regionsaris.sk\/?post_type=nabozensky-turizmus&#038;p=2527"},"modified":"2026-02-05T13:32:37","modified_gmt":"2026-02-05T12:32:37","slug":"dreveny-chram-ochrany-bohorodicky-nizny-komarnik","status":"publish","type":"nabozensky-turizmus","link":"https:\/\/www.regionsaris.sk\/hu\/nabozensky-turizmus\/dreveny-chram-ochrany-bohorodicky-nizny-komarnik\/","title":{"rendered":"Istensz\u00fcl\u0151 oltalm\u00e1nak fatemploma, Ni\u017en\u00fd Kom\u00e1rnik"},"content":{"rendered":"<h2>Istensz\u00fcl\u0151 oltalm\u00e1nak fatemploma, Ni\u017en\u00fd Kom\u00e1rnik<\/h2>\nA falu eredeti g\u00f6r\u00f6gkatolikus fatemploma<strong> Nyizsnyij Kom\u00e1rnik<\/strong> val\u00f3sz\u00edn\u0171leg a 18. sz\u00e1zad k\u00f6zep\u00e9n \u00e9p\u00fclt. Ez a fatemplom az els\u0151 vil\u00e1gh\u00e1bor\u00fa alatt \u00e9gett le. A mai fatemplomot 1938-ban \u00e9p\u00edtett\u00e9k, \u00e9s a Legszentebb Sz\u0171zanya \u00fcnnep\u00e9re szentelt\u00e9k \u00fajra. A Legszentebb Sz\u0171zanya oltalmazza f\u00f6ld\u00fcnket. V\u00e9delme pajzs a gonosz szellemek t\u00e1mad\u00e1sai \u00e9s a szerencs\u00e9tlens\u00e9g ellen. Az Istenanya seg\u00edts\u00e9g\u00fcnkre van j\u00f3 cselekedeteinkben \u00e9s kereszt\u00e9ny \u00e9let\u00fcnkben.\n<h3>Egyedi \u00e9p\u00fclet<\/h3>\nA mai templom olyan volt, mint<strong>\u00a0Szlov\u00e1kia egyetlen g\u00f6r\u00f6gkatolikus temploma, amely r\u00f6nk st\u00edlusban \u00e9p\u00fclt.\u00a0<\/strong>\u00e9p\u00edt\u00e9sz fel\u00fcgyelete mellett. A m\u00e1sodik vil\u00e1gh\u00e1bor\u00fa v\u00e9g\u00e9n, 1944-ben az eg\u00e9sz falu teljesen elpusztult, \u00e9s a templom is megs\u00e9r\u00fclt. A h\u00e1bor\u00fa befejez\u00e9se ut\u00e1n, 1946-ban a templomot helyre\u00e1ll\u00edtott\u00e1k, majd az 1960-as \u00e9vek k\u00f6zep\u00e9n tov\u00e1bbi nagyobb jav\u00edt\u00e1sokat v\u00e9geztek rajta. A templom egy szent\u00e9lyb\u0151l, egy haj\u00f3b\u00f3l \u00e9s egy el\u0151csarnokb\u00f3l \u00e1ll. Mindegyik \u00e9p\u00fcletr\u00e9szhez egy-egy torony tartozik, kupol\u00e1val \u00e9s kereszttel. A templom egyes r\u00e9szeinek teteje nyolcsz\u00f6g alak\u00fa, \u00e9s fazsindellyel fedett. Ennek a fatemplomnak k\u00e9t bej\u00e1rata van: a szent\u00e9lyb\u0151l ny\u00edl\u00f3 d\u00e9li bej\u00e1rat \u00e9s a narthexb\u0151l ny\u00edl\u00f3 nyugati bej\u00e1rat. A templom belseje j\u00f3l megvil\u00e1g\u00edtott a templomhaj\u00f3 \u00e9s a szent\u00e9ly nagy ablakainak k\u00f6sz\u00f6nhet\u0151en.\n<h3>F\u00e1b\u00f3l k\u00e9sz\u00fclt templom tele ikonokkal<\/h3>\nA templomnak van egy ikonokkal d\u00edsz\u00edtett, h\u00e1rom ajt\u00f3val ell\u00e1tott fala, amely a templomhaj\u00f3 \u00e9s a szent\u00e9ly k\u00f6z\u00f6tt \u00e1ll. Ez az ikonoszt\u00e1z a 18. sz\u00e1zad els\u0151 fel\u00e9b\u0151l sz\u00e1rmazik. Atipikus h\u00e1romhaj\u00f3s \u00e9p\u00edt\u00e9szet\u0171. Az ikonoszt\u00e1zb\u00f3l hi\u00e1nyoznak a f\u0151bb biz\u00e1nci \u00fcnnepek ikonjai. A szent\u00e9ly fal\u00e1n pr\u00f3f\u00e9t\u00e1k ikonjai f\u00fcggenek. Az ikonoszt\u00e1z f\u0151 sor\u00e1ban a k\u00f6vetkez\u0151 ikonok tal\u00e1lhat\u00f3k: Myriai Szent Mikl\u00f3s, Szent Hodegetria (az \u00datjelz\u0151), Krisztus mint Tan\u00edt\u00f3 \u00e9s Mester, valamint a Legszentebb Sz\u0171zanya v\u00e9d\u0151szentj\u00e9nek, a Legszentebb Sz\u0171zanya oltalmaz\u00f3j\u00e1nak ikonja. A C\u00e1rkapu k\u00e9t sz\u00e1rnyb\u00f3l \u00e1ll, a n\u00e9gy evang\u00e9lista \u00e1br\u00e1zol\u00e1s\u00e1val.\n<h3>Ikonoszt\u00e1z<\/h3>\nA c\u00e1ri ajt\u00f3 f\u00f6l\u00f6tt az Utols\u00f3 vacsora ikonja l\u00e1that\u00f3. Az ikonoszt\u00e1z f\u0151 sor\u00e1ban a Szent Apostolok sora tal\u00e1lhat\u00f3 Krisztus f\u0151pap ikonj\u00e1val. Az ikonoszt\u00e1zon v\u00e9gig Krisztus keresztre fesz\u00edt\u00e9s\u00e9nek ikonja l\u00e1that\u00f3, amelynek oldalain a Sz\u0171zanya \u00e9s Szent J\u00e1nos evang\u00e9lista l\u00e1that\u00f3. Ezt az ikonoszt\u00e1ziont faragott n\u00f6v\u00e9nyk\u00e9pek d\u00edsz\u00edtik. A templom falain a Szent Szuver\u00e9n Urunk, az Istenanya, M\u00e1ria, az \u00f6r\u00f6kk\u00e9 sz\u0171z, templomba val\u00f3 bevonul\u00e1s\u00e1nak, a Szent Szuver\u00e9n Urunk, az Istenanya, az \u00f6r\u00f6kk\u00e9 sz\u0171z, sz\u00fclet\u00e9s\u00e9nek, az \u00dar mennybemenetel\u00e9nek \u00e9s a tiszteletrem\u00e9lt\u00f3 \u00e9s \u00e9letad\u00f3 Keresztnek az eg\u00e9sz vil\u00e1g f\u00f6l\u00e9 emel\u00e9s\u00e9nek ikonjai f\u00fcggnek.\nA templom \u00e9szaki oldal\u00e1n egy f\u00e1b\u00f3l k\u00e9sz\u00fclt harangtorony \u00e1ll egy haranggal. A h\u00e1romkar\u00e9jos keresztet \u00e1br\u00e1zol\u00f3 harangtorony torny\u00e1t f\u00e9mlemezzel bor\u00edtott\u00e1k.\nAz ikonoszt\u00e1z 2002 \u00e9s 2005 k\u00f6z\u00f6tt ker\u00fclt fel\u00faj\u00edt\u00e1sra. A fatemplom teljes restaur\u00e1l\u00e1s\u00e1ra 2003-2004-ben ker\u00fclt sor.\n\nA t\u00e9rs\u00e9gben m\u00e1s fatemplomok is tal\u00e1lhat\u00f3k. Ilyen p\u00e9ld\u00e1ul a II: <a href=\"https:\/\/www.regionsaris.sk\/hu\/nabozensky_turizmus\/dreveny-chram-sv-michala-archanjela-unesco-ladomirova\/\">Szent Mih\u00e1ly arkangyal UNESCO fatemplom Ladom\u00edrov\u00f3ban<\/a>, <a href=\"https:\/\/www.regionsaris.sk\/hu\/nabozensky_turizmus\/dreveny-chram-ochrany-presvatej-bohorodicky-hunkovce\/\">Hunkovcei Sz\u0171z M\u00e1ria oltalm\u00e1nak fatemploma<\/a>, <a href=\"https:\/\/www.regionsaris.sk\/hu\/nabozensky_turizmus\/dreveny-chram-svateho-mikulasa-bodruzal\/\">Szent Mikl\u00f3s fatemplom Bodru\u017ealban<\/a>, <a href=\"https:\/\/www.regionsaris.sk\/hu\/nabozensky_turizmus\/dreveny-chram-svatej-paraskevy-nova-polianka-svidnik\/\">Svidn\u00edk-i Szent Paraszkeva fatemplom<\/a>, <a href=\"https:\/\/www.regionsaris.sk\/hu\/nabozensky_turizmus\/dreveny-chram-sv-velkomucenika-dimitrija-solunskeho-medvedie\/\">Szaloniki Szent Dimitriosz nagym\u00e1rt\u00edr fatemploma Medvediben<\/a>\u00a0vagy <a href=\"https:\/\/www.regionsaris.sk\/hu\/nabozensky_turizmus\/dreveny-greckokatolicky-chram-stretnutia-pana-so-simeonom-kozany\/\">Az \u00dar \u00e9s Simeon tal\u00e1lkoz\u00e1s\u00e1nak f\u00e1b\u00f3l k\u00e9sz\u00fclt g\u00f6r\u00f6gkatolikus templom Ko\u017eanyban<\/a>.\n\nA fatemplomok list\u00e1ja megtal\u00e1lhat\u00f3 a k\u00f6vetkez\u0151 aloldalon <a href=\"https:\/\/www.regionsaris.sk\/hu\/kategoria-aktivity\/nabozensky-turizmus\/drevene-chramy\/\">fatemplomok<\/a>.\n\nForr\u00e1s: <a href=\"http:\/\/www.drevenchramy.sk\/\">www.drevenchramy.sk<\/a>\n\nF\u00e9nyk\u00e9p:<strong>\u00a0<\/strong>Pierre Bona","protected":false},"featured_media":2528,"template":"","meta":{"_acf_changed":true},"kategoria-poi":[186,168,102,205,107],"lokalita":[115],"sezona-poi":[12],"trvanie-vyletu":[180,194],"class_list":["post-2527","nabozensky-turizmus","type-nabozensky-turizmus","status-publish","has-post-thumbnail","hentry","kategoria-poi-drevene-chramy","kategoria-poi-nabozensky-turizmus","kategoria-poi-prirodne-krasy","kategoria-poi-pute","kategoria-poi-turistika","lokalita-svidnik-a-okolie","sezona-poi-celorocne","trvanie-vyletu-poldenne-vylety","trvanie-vyletu-skolske-vylety"],"acf":[],"yoast_head":"<!-- This site is optimized with the Yoast SEO Premium plugin v26.3 (Yoast SEO v26.8) - https:\/\/yoast.com\/product\/yoast-seo-premium-wordpress\/ -->\n<title>Dreven\u00fd kostol\u00edk Ochrany Bohorodi\u010dky, Ni\u017en\u00fd Kom\u00e1rnik - OOCR \u0160ari\u0161<\/title>\n<meta name=\"robots\" content=\"index, follow, max-snippet:-1, max-image-preview:large, max-video-preview:-1\" \/>\n<link rel=\"canonical\" href=\"https:\/\/www.regionsaris.sk\/hu\/nabozensky-turizmus\/dreveny-chram-ochrany-bohorodicky-nizny-komarnik\/\" \/>\n<meta property=\"og:locale\" content=\"hu_HU\" \/>\n<meta property=\"og:type\" content=\"article\" \/>\n<meta property=\"og:title\" content=\"Dreven\u00fd kostol\u00edk Ochrany Bohorodi\u010dky, Ni\u017en\u00fd Kom\u00e1rnik\" \/>\n<meta property=\"og:description\" content=\"Dreven\u00fd kostol\u00edk Ochrany Bohorodi\u010dky, Ni\u017en\u00fd Kom\u00e1rnik P\u00f4vodn\u00fd gr\u00e9ckokatol\u00edcky dreven\u00fd kostol\u00edk v obci Ni\u017en\u00fd Kom\u00e1rnik bol...\" \/>\n<meta property=\"og:url\" content=\"https:\/\/www.regionsaris.sk\/hu\/nabozensky-turizmus\/dreveny-chram-ochrany-bohorodicky-nizny-komarnik\/\" \/>\n<meta property=\"og:site_name\" content=\"OOCR \u0160ari\u0161\" \/>\n<meta property=\"article:modified_time\" content=\"2026-02-05T12:32:37+00:00\" \/>\n<meta property=\"og:image\" content=\"https:\/\/www.regionsaris.sk\/wp-content\/uploads\/2026\/01\/drevenny-chram-komarnik.jpg\" \/>\n\t<meta property=\"og:image:width\" content=\"600\" \/>\n\t<meta property=\"og:image:height\" content=\"400\" \/>\n\t<meta property=\"og:image:type\" content=\"image\/jpeg\" \/>\n<meta name=\"twitter:card\" content=\"summary_large_image\" \/>\n<meta name=\"twitter:label1\" content=\"Becs\u00fclt olvas\u00e1si id\u0151\" \/>\n\t<meta name=\"twitter:data1\" content=\"3 perc\" \/>\n<script type=\"application\/ld+json\" class=\"yoast-schema-graph\">{\"@context\":\"https:\/\/schema.org\",\"@graph\":[{\"@type\":\"WebPage\",\"@id\":\"https:\/\/www.regionsaris.sk\/nabozensky-turizmus\/dreveny-chram-ochrany-bohorodicky-nizny-komarnik\/\",\"url\":\"https:\/\/www.regionsaris.sk\/nabozensky-turizmus\/dreveny-chram-ochrany-bohorodicky-nizny-komarnik\/\",\"name\":\"Dreven\u00fd kostol\u00edk Ochrany Bohorodi\u010dky, Ni\u017en\u00fd Kom\u00e1rnik - OOCR \u0160ari\u0161\",\"isPartOf\":{\"@id\":\"https:\/\/www.regionsaris.sk\/#website\"},\"primaryImageOfPage\":{\"@id\":\"https:\/\/www.regionsaris.sk\/nabozensky-turizmus\/dreveny-chram-ochrany-bohorodicky-nizny-komarnik\/#primaryimage\"},\"image\":{\"@id\":\"https:\/\/www.regionsaris.sk\/nabozensky-turizmus\/dreveny-chram-ochrany-bohorodicky-nizny-komarnik\/#primaryimage\"},\"thumbnailUrl\":\"https:\/\/www.regionsaris.sk\/wp-content\/uploads\/2026\/01\/drevenny-chram-komarnik.jpg\",\"datePublished\":\"2026-01-07T11:45:13+00:00\",\"dateModified\":\"2026-02-05T12:32:37+00:00\",\"breadcrumb\":{\"@id\":\"https:\/\/www.regionsaris.sk\/nabozensky-turizmus\/dreveny-chram-ochrany-bohorodicky-nizny-komarnik\/#breadcrumb\"},\"inLanguage\":\"hu\",\"potentialAction\":[{\"@type\":\"ReadAction\",\"target\":[\"https:\/\/www.regionsaris.sk\/nabozensky-turizmus\/dreveny-chram-ochrany-bohorodicky-nizny-komarnik\/\"]}]},{\"@type\":\"ImageObject\",\"inLanguage\":\"hu\",\"@id\":\"https:\/\/www.regionsaris.sk\/nabozensky-turizmus\/dreveny-chram-ochrany-bohorodicky-nizny-komarnik\/#primaryimage\",\"url\":\"https:\/\/www.regionsaris.sk\/wp-content\/uploads\/2026\/01\/drevenny-chram-komarnik.jpg\",\"contentUrl\":\"https:\/\/www.regionsaris.sk\/wp-content\/uploads\/2026\/01\/drevenny-chram-komarnik.jpg\",\"width\":600,\"height\":400},{\"@type\":\"BreadcrumbList\",\"@id\":\"https:\/\/www.regionsaris.sk\/nabozensky-turizmus\/dreveny-chram-ochrany-bohorodicky-nizny-komarnik\/#breadcrumb\",\"itemListElement\":[{\"@type\":\"ListItem\",\"position\":1,\"name\":\"Domov\",\"item\":\"https:\/\/www.regionsaris.sk\/\"},{\"@type\":\"ListItem\",\"position\":2,\"name\":\"N\u00e1bo\u017eensk\u00fd turizmus v regi\u00f3ne\",\"item\":\"https:\/\/www.regionsaris.sk\/nabozensky-turizmus-v-regione\/\"},{\"@type\":\"ListItem\",\"position\":3,\"name\":\"Dreven\u00fd kostol\u00edk Ochrany Bohorodi\u010dky, Ni\u017en\u00fd Kom\u00e1rnik\"}]},{\"@type\":\"WebSite\",\"@id\":\"https:\/\/www.regionsaris.sk\/#website\",\"url\":\"https:\/\/www.regionsaris.sk\/\",\"name\":\"OOCR \u0160ari\u0161\",\"description\":\"\",\"potentialAction\":[{\"@type\":\"SearchAction\",\"target\":{\"@type\":\"EntryPoint\",\"urlTemplate\":\"https:\/\/www.regionsaris.sk\/?s={search_term_string}\"},\"query-input\":{\"@type\":\"PropertyValueSpecification\",\"valueRequired\":true,\"valueName\":\"search_term_string\"}}],\"inLanguage\":\"hu\"}]}<\/script>\n<!-- \/ Yoast SEO Premium plugin. -->","yoast_head_json":{"title":"Dreven\u00fd kostol\u00edk Ochrany Bohorodi\u010dky, Ni\u017en\u00fd Kom\u00e1rnik - OOCR \u0160ari\u0161","robots":{"index":"index","follow":"follow","max-snippet":"max-snippet:-1","max-image-preview":"max-image-preview:large","max-video-preview":"max-video-preview:-1"},"canonical":"https:\/\/www.regionsaris.sk\/hu\/nabozensky-turizmus\/dreveny-chram-ochrany-bohorodicky-nizny-komarnik\/","og_locale":"hu_HU","og_type":"article","og_title":"Dreven\u00fd kostol\u00edk Ochrany Bohorodi\u010dky, Ni\u017en\u00fd Kom\u00e1rnik","og_description":"Dreven\u00fd kostol\u00edk Ochrany Bohorodi\u010dky, Ni\u017en\u00fd Kom\u00e1rnik P\u00f4vodn\u00fd gr\u00e9ckokatol\u00edcky dreven\u00fd kostol\u00edk v obci Ni\u017en\u00fd Kom\u00e1rnik bol...","og_url":"https:\/\/www.regionsaris.sk\/hu\/nabozensky-turizmus\/dreveny-chram-ochrany-bohorodicky-nizny-komarnik\/","og_site_name":"OOCR \u0160ari\u0161","article_modified_time":"2026-02-05T12:32:37+00:00","og_image":[{"width":600,"height":400,"url":"https:\/\/www.regionsaris.sk\/wp-content\/uploads\/2026\/01\/drevenny-chram-komarnik.jpg","type":"image\/jpeg"}],"twitter_card":"summary_large_image","twitter_misc":{"Becs\u00fclt olvas\u00e1si id\u0151":"3 perc"},"schema":{"@context":"https:\/\/schema.org","@graph":[{"@type":"WebPage","@id":"https:\/\/www.regionsaris.sk\/nabozensky-turizmus\/dreveny-chram-ochrany-bohorodicky-nizny-komarnik\/","url":"https:\/\/www.regionsaris.sk\/nabozensky-turizmus\/dreveny-chram-ochrany-bohorodicky-nizny-komarnik\/","name":"Dreven\u00fd kostol\u00edk Ochrany Bohorodi\u010dky, Ni\u017en\u00fd Kom\u00e1rnik - OOCR \u0160ari\u0161","isPartOf":{"@id":"https:\/\/www.regionsaris.sk\/#website"},"primaryImageOfPage":{"@id":"https:\/\/www.regionsaris.sk\/nabozensky-turizmus\/dreveny-chram-ochrany-bohorodicky-nizny-komarnik\/#primaryimage"},"image":{"@id":"https:\/\/www.regionsaris.sk\/nabozensky-turizmus\/dreveny-chram-ochrany-bohorodicky-nizny-komarnik\/#primaryimage"},"thumbnailUrl":"https:\/\/www.regionsaris.sk\/wp-content\/uploads\/2026\/01\/drevenny-chram-komarnik.jpg","datePublished":"2026-01-07T11:45:13+00:00","dateModified":"2026-02-05T12:32:37+00:00","breadcrumb":{"@id":"https:\/\/www.regionsaris.sk\/nabozensky-turizmus\/dreveny-chram-ochrany-bohorodicky-nizny-komarnik\/#breadcrumb"},"inLanguage":"hu","potentialAction":[{"@type":"ReadAction","target":["https:\/\/www.regionsaris.sk\/nabozensky-turizmus\/dreveny-chram-ochrany-bohorodicky-nizny-komarnik\/"]}]},{"@type":"ImageObject","inLanguage":"hu","@id":"https:\/\/www.regionsaris.sk\/nabozensky-turizmus\/dreveny-chram-ochrany-bohorodicky-nizny-komarnik\/#primaryimage","url":"https:\/\/www.regionsaris.sk\/wp-content\/uploads\/2026\/01\/drevenny-chram-komarnik.jpg","contentUrl":"https:\/\/www.regionsaris.sk\/wp-content\/uploads\/2026\/01\/drevenny-chram-komarnik.jpg","width":600,"height":400},{"@type":"BreadcrumbList","@id":"https:\/\/www.regionsaris.sk\/nabozensky-turizmus\/dreveny-chram-ochrany-bohorodicky-nizny-komarnik\/#breadcrumb","itemListElement":[{"@type":"ListItem","position":1,"name":"Domov","item":"https:\/\/www.regionsaris.sk\/"},{"@type":"ListItem","position":2,"name":"N\u00e1bo\u017eensk\u00fd turizmus v regi\u00f3ne","item":"https:\/\/www.regionsaris.sk\/nabozensky-turizmus-v-regione\/"},{"@type":"ListItem","position":3,"name":"Dreven\u00fd kostol\u00edk Ochrany Bohorodi\u010dky, Ni\u017en\u00fd Kom\u00e1rnik"}]},{"@type":"WebSite","@id":"https:\/\/www.regionsaris.sk\/#website","url":"https:\/\/www.regionsaris.sk\/","name":"OOCR \u0160ari\u0161","description":"","potentialAction":[{"@type":"SearchAction","target":{"@type":"EntryPoint","urlTemplate":"https:\/\/www.regionsaris.sk\/?s={search_term_string}"},"query-input":{"@type":"PropertyValueSpecification","valueRequired":true,"valueName":"search_term_string"}}],"inLanguage":"hu"}]}},"_links":{"self":[{"href":"https:\/\/www.regionsaris.sk\/hu\/wp-json\/wp\/v2\/nabozensky-turizmus\/2527","targetHints":{"allow":["GET"]}}],"collection":[{"href":"https:\/\/www.regionsaris.sk\/hu\/wp-json\/wp\/v2\/nabozensky-turizmus"}],"about":[{"href":"https:\/\/www.regionsaris.sk\/hu\/wp-json\/wp\/v2\/types\/nabozensky-turizmus"}],"wp:featuredmedia":[{"embeddable":true,"href":"https:\/\/www.regionsaris.sk\/hu\/wp-json\/wp\/v2\/media\/2528"}],"wp:attachment":[{"href":"https:\/\/www.regionsaris.sk\/hu\/wp-json\/wp\/v2\/media?parent=2527"}],"wp:term":[{"taxonomy":"kategoria-poi","embeddable":true,"href":"https:\/\/www.regionsaris.sk\/hu\/wp-json\/wp\/v2\/kategoria-poi?post=2527"},{"taxonomy":"lokalita","embeddable":true,"href":"https:\/\/www.regionsaris.sk\/hu\/wp-json\/wp\/v2\/lokalita?post=2527"},{"taxonomy":"sezona-poi","embeddable":true,"href":"https:\/\/www.regionsaris.sk\/hu\/wp-json\/wp\/v2\/sezona-poi?post=2527"},{"taxonomy":"trvanie-vyletu","embeddable":true,"href":"https:\/\/www.regionsaris.sk\/hu\/wp-json\/wp\/v2\/trvanie-vyletu?post=2527"}],"curies":[{"name":"wp","href":"https:\/\/api.w.org\/{rel}","templated":true}]}}