{"id":2243,"date":"2026-01-07T12:43:46","date_gmt":"2026-01-07T11:43:46","guid":{"rendered":"https:\/\/www.regionsaris.sk\/?post_type=kultura-a-umenie&#038;p=2243"},"modified":"2026-02-05T13:15:07","modified_gmt":"2026-02-05T12:15:07","slug":"krajska-galeria","status":"publish","type":"kultura-a-umenie","link":"https:\/\/www.regionsaris.sk\/hu\/kultura-a-umenie\/krajska-galeria\/","title":{"rendered":"Region\u00e1lis Gal\u00e9ria Pre\u0161ovban"},"content":{"rendered":"<p><strong>Region\u00e1lis Gal\u00e9ria Pre\u0161ovban<\/strong> 1956-ban alap\u00edtott\u00e1k. Szlov\u00e1kia legr\u00e9gebbi region\u00e1lis gal\u00e9ri\u00e1i k\u00f6z\u00e9 tartozik. Ki\u00e1ll\u00edt\u00e1si tev\u00e9kenys\u00e9g\u00e9t 1957-ben kezdte meg. Eredetileg az egykori evang\u00e9likus koll\u00e9gium \u00e9p\u00fclet\u00e9ben (nemzeti kultur\u00e1lis m\u0171eml\u00e9k) volt elhelyezve a f\u0151t\u00e9r \u00e9szaki r\u00e9sz\u00e9n. 1981-ben k\u00e9t m\u0171eml\u00e9k \u00e9p\u00fcletet, egykori polg\u00e1rh\u00e1zakat (eredetileg g\u00f3tikusak, renesz\u00e1nsz \u00e9s barokk \u00e1t\u00e9p\u00edt\u00e9sekkel) szerzett meg a v\u00e1ros term\u00e9szetv\u00e9delmi ter\u00fclet\u00e9n, amelyeket a gal\u00e9ria ig\u00e9nyei szerint \u00e1t\u00e9p\u00edtettek, az 1980-as \u00e9vek k\u00f6zep\u00e9n pedig egy m\u00e1sik \u00e9p\u00fcletet szerzett a szomsz\u00e9ds\u00e1gban (Hlavn\u00e1 49), amely a fel\u00faj\u00edt\u00e1s ut\u00e1n (2015-2020) a \u201eXV-XIX. sz\u00e1zadi szakr\u00e1lis m\u0171v\u00e9szet\u201c c\u00edm\u0171 \u00e1lland\u00f3 ki\u00e1ll\u00edt\u00e1snak ad otthont.<\/p>\n\n\n\n<p>A gal\u00e9ria a gy\u0171jtem\u00e9ny\u00e9t az alapokt\u00f3l kezdve saj\u00e1t kutat\u00e1sai \u00e9s gy\u0171jt\u00e9sei r\u00e9v\u00e9n, f\u0151k\u00e9nt v\u00e1s\u00e1rl\u00e1sok r\u00e9v\u00e9n \u00e9p\u00edtette fel. Jelenleg t\u00f6bb mint 4500 festm\u00e9ny, rajz, szobor \u00e9s grafika tal\u00e1lhat\u00f3 a 15. sz\u00e1zadt\u00f3l a 20. sz\u00e1zadig. Els\u0151sorban \u00c9szakkelet-Szlov\u00e1ki\u00e1ra \u00f6sszpontos\u00edt, de felkutatja, megv\u00e1s\u00e1rolja \u00e9s szakszer\u0171en feldolgozza Kelet-Szlov\u00e1kia eg\u00e9sz ter\u00fclet\u00e9r\u0151l sz\u00e1rmaz\u00f3 m\u0171v\u00e9szek, a modern szlov\u00e1k m\u0171v\u00e9szet jelent\u0151s k\u00e9pvisel\u0151inek \u00e9s a r\u00e9gi\u00f3hoz k\u00f6t\u0151d\u0151 szem\u00e9lyis\u00e9gek munk\u00e1it is. A r\u00e9gebbi m\u0171v\u00e9szeti gy\u0171jtem\u00e9nyek k\u00f6z\u00f6tt figyelemre m\u00e9lt\u00f3ak a 16-18. sz\u00e1zadi ikonok (a leg\u00e9rt\u00e9kesebb egy 16. sz\u00e1zadi f\u00e1ra festett tempera - Szent Mih\u00e1ly arkangyal), a 18-19. sz\u00e1zadi portr\u00e9k, a 18-19. sz\u00e1zadi portr\u00e9k \u00e9s a 19. sz\u00e1zadi portr\u00e9k. sz\u00e1zadb\u00f3l (k\u00f6zt\u00fck a k\u00f6z\u00e9p-eur\u00f3pai portr\u00e9fest\u0151, J\u00e1n Rombauer m\u0171veinek gy\u0171jtem\u00e9nye), valamint a 19-20. sz\u00e1zad fordul\u00f3j\u00e1r\u00f3l \u00e9s a 20. sz\u00e1zad els\u0151 fel\u00e9b\u0151l sz\u00e1rmaz\u00f3 pre\u0161ovi fest\u0151k (Max Kurth, Ernest R\u00e1ko\u0161i, J\u00falius T\u00f6rok, Jozef Bend\u00edk) m\u0171veinek gy\u0171jtem\u00e9nye. K\u00fcl\u00f6n\u00f6sen gazdag a 20. sz\u00e1zad m\u00e1sodik fel\u00e9nek m\u0171v\u00e9szeti gy\u0171jtem\u00e9nye. A gy\u0171jtem\u00e9nyt rendszeresen kieg\u00e9sz\u00edtik kort\u00e1rs m\u0171v\u00e9szek alkot\u00e1saival is.<\/p>\n\n\n\n<p>A gal\u00e9ria v\u00e1ltoz\u00f3 ki\u00e1ll\u00edt\u00e1sokkal, r\u00e9gi \u00e9s kort\u00e1rs m\u0171v\u00e9szeti gy\u0171jtem\u00e9nyekkel, valamint \u00e1lland\u00f3 ki\u00e1ll\u00edt\u00e1ssal v\u00e1rja a l\u00e1togat\u00f3kat. El\u0151ad\u00e1sokat, tal\u00e1lkoz\u00f3kat \u00e9s besz\u00e9lget\u00e9seket k\u00e9sz\u00edt \u00e9s val\u00f3s\u00edt meg szerz\u0151kkel, munk\u00e1t v\u00e9gez gyerekekkel, m\u0171helymunk\u00e1kat \u00e9s m\u0171v\u00e9szeti nevel\u00e9si \u00f3r\u00e1kat, m\u0171tereml\u00e1togat\u00e1sokat, koncerteket, klubfoglalkoz\u00e1sokat, tan\u00e1csad\u00e1st, konzult\u00e1ci\u00f3kat \u00e9s m\u00f3dszertani seg\u00edts\u00e9get a k\u00e9pz\u0151m\u0171v\u00e9szet ter\u00fclet\u00e9n, nappali tagozatos tanulm\u00e1nyokat az arch\u00edvumban, egy\u00fcttm\u0171k\u00f6dik m\u0171v\u00e9szeti iskol\u00e1kkal, egyetemekkel, a kult\u00fara ter\u00fclet\u00e9n m\u0171k\u00f6d\u0151 m\u00e1s szervezetekkel. A kort\u00e1rs m\u0171v\u00e9szet \u00e9s a bevett \u00e9s nem bevett kult\u00fara szeml\u00e9letv\u00e1lt\u00e1sa kapcs\u00e1n, amely f\u0151k\u00e9nt hazai viszonyaink k\u00f6z\u00f6tt nem r\u00e9szv\u00e9teli jelleg\u0171 volt, akt\u00edv r\u00e9szv\u00e9tel\u00e9vel igyekszik \u00f6sszekapcsolni ezeket az entit\u00e1sokat a kort\u00e1rs m\u0171v\u00e9szet behatol\u00e1s\u00e1ban \u00e9s \u00e9rtelmez\u00e9s\u00e9ben, valamint a region\u00e1lis \u00e9s szupraregion\u00e1lis szc\u00e9na felt\u00e9rk\u00e9pez\u00e9s\u00e9ben.<\/p>\n\n\n\n<p>A gal\u00e9ria 2002-ben alakult\u00a0<a href=\"https:\/\/www.po-kraj.sk\/sk\/\">Pre\u0161ov \u00f6nkorm\u00e1nyzati r\u00e9gi\u00f3<\/a>.<\/p>\n\n\n\n<p>Forr\u00e1s: krajskagaleria.sk<\/p>","protected":false},"featured_media":2245,"template":"","meta":{"_acf_changed":false},"kategoria-poi":[185,108],"lokalita":[26],"sezona-poi":[12],"trvanie-vyletu":[180,194],"class_list":["post-2243","kultura-a-umenie","type-kultura-a-umenie","status-publish","has-post-thumbnail","hentry","kategoria-poi-galerie","kategoria-poi-kultura-a-umenie","lokalita-mesto-presov","sezona-poi-celorocne","trvanie-vyletu-poldenne-vylety","trvanie-vyletu-skolske-vylety"],"acf":[],"yoast_head":"<!-- This site is optimized with the Yoast SEO Premium plugin v26.3 (Yoast SEO v26.8) - https:\/\/yoast.com\/product\/yoast-seo-premium-wordpress\/ -->\n<title>Krajsk\u00e1 gal\u00e9ria v Pre\u0161ove - OOCR \u0160ari\u0161<\/title>\n<meta name=\"robots\" content=\"index, follow, max-snippet:-1, max-image-preview:large, max-video-preview:-1\" \/>\n<link rel=\"canonical\" href=\"https:\/\/www.regionsaris.sk\/hu\/kultura-a-umenie\/krajska-galeria\/\" \/>\n<meta property=\"og:locale\" content=\"hu_HU\" \/>\n<meta property=\"og:type\" content=\"article\" \/>\n<meta property=\"og:title\" content=\"Krajsk\u00e1 gal\u00e9ria v Pre\u0161ove\" \/>\n<meta property=\"og:description\" content=\"Krajsk\u00e1 gal\u00e9ria v Pre\u0161ove bola zalo\u017een\u00e1 v roku 1956. Patr\u00ed k najstar\u0161\u00edm region\u00e1lnym gal\u00e9ri\u00e1m na...\" \/>\n<meta property=\"og:url\" content=\"https:\/\/www.regionsaris.sk\/hu\/kultura-a-umenie\/krajska-galeria\/\" \/>\n<meta property=\"og:site_name\" content=\"OOCR \u0160ari\u0161\" \/>\n<meta property=\"article:modified_time\" content=\"2026-02-05T12:15:07+00:00\" \/>\n<meta property=\"og:image\" content=\"https:\/\/www.regionsaris.sk\/wp-content\/uploads\/2026\/01\/sarisskagal85-thumb.jpg\" \/>\n\t<meta property=\"og:image:width\" content=\"600\" \/>\n\t<meta property=\"og:image:height\" content=\"400\" \/>\n\t<meta property=\"og:image:type\" content=\"image\/jpeg\" \/>\n<meta name=\"twitter:card\" content=\"summary_large_image\" \/>\n<meta name=\"twitter:label1\" content=\"Becs\u00fclt olvas\u00e1si id\u0151\" \/>\n\t<meta name=\"twitter:data1\" content=\"2 perc\" \/>\n<script type=\"application\/ld+json\" class=\"yoast-schema-graph\">{\"@context\":\"https:\/\/schema.org\",\"@graph\":[{\"@type\":\"WebPage\",\"@id\":\"https:\/\/www.regionsaris.sk\/kultura-a-umenie\/krajska-galeria\/\",\"url\":\"https:\/\/www.regionsaris.sk\/kultura-a-umenie\/krajska-galeria\/\",\"name\":\"Krajsk\u00e1 gal\u00e9ria v Pre\u0161ove - OOCR \u0160ari\u0161\",\"isPartOf\":{\"@id\":\"https:\/\/www.regionsaris.sk\/#website\"},\"primaryImageOfPage\":{\"@id\":\"https:\/\/www.regionsaris.sk\/kultura-a-umenie\/krajska-galeria\/#primaryimage\"},\"image\":{\"@id\":\"https:\/\/www.regionsaris.sk\/kultura-a-umenie\/krajska-galeria\/#primaryimage\"},\"thumbnailUrl\":\"https:\/\/www.regionsaris.sk\/wp-content\/uploads\/2026\/01\/sarisskagal85-thumb.jpg\",\"datePublished\":\"2026-01-07T11:43:46+00:00\",\"dateModified\":\"2026-02-05T12:15:07+00:00\",\"breadcrumb\":{\"@id\":\"https:\/\/www.regionsaris.sk\/kultura-a-umenie\/krajska-galeria\/#breadcrumb\"},\"inLanguage\":\"hu\",\"potentialAction\":[{\"@type\":\"ReadAction\",\"target\":[\"https:\/\/www.regionsaris.sk\/kultura-a-umenie\/krajska-galeria\/\"]}]},{\"@type\":\"ImageObject\",\"inLanguage\":\"hu\",\"@id\":\"https:\/\/www.regionsaris.sk\/kultura-a-umenie\/krajska-galeria\/#primaryimage\",\"url\":\"https:\/\/www.regionsaris.sk\/wp-content\/uploads\/2026\/01\/sarisskagal85-thumb.jpg\",\"contentUrl\":\"https:\/\/www.regionsaris.sk\/wp-content\/uploads\/2026\/01\/sarisskagal85-thumb.jpg\",\"width\":600,\"height\":400},{\"@type\":\"BreadcrumbList\",\"@id\":\"https:\/\/www.regionsaris.sk\/kultura-a-umenie\/krajska-galeria\/#breadcrumb\",\"itemListElement\":[{\"@type\":\"ListItem\",\"position\":1,\"name\":\"Domov\",\"item\":\"https:\/\/www.regionsaris.sk\/\"},{\"@type\":\"ListItem\",\"position\":2,\"name\":\"Kult\u00fara a umenie v regi\u00f3ne\",\"item\":\"https:\/\/www.regionsaris.sk\/kultura-a-umenie-v-regione\/\"},{\"@type\":\"ListItem\",\"position\":3,\"name\":\"Krajsk\u00e1 gal\u00e9ria v Pre\u0161ove\"}]},{\"@type\":\"WebSite\",\"@id\":\"https:\/\/www.regionsaris.sk\/#website\",\"url\":\"https:\/\/www.regionsaris.sk\/\",\"name\":\"OOCR \u0160ari\u0161\",\"description\":\"\",\"potentialAction\":[{\"@type\":\"SearchAction\",\"target\":{\"@type\":\"EntryPoint\",\"urlTemplate\":\"https:\/\/www.regionsaris.sk\/?s={search_term_string}\"},\"query-input\":{\"@type\":\"PropertyValueSpecification\",\"valueRequired\":true,\"valueName\":\"search_term_string\"}}],\"inLanguage\":\"hu\"}]}<\/script>\n<!-- \/ Yoast SEO Premium plugin. -->","yoast_head_json":{"title":"Krajsk\u00e1 gal\u00e9ria v Pre\u0161ove - OOCR \u0160ari\u0161","robots":{"index":"index","follow":"follow","max-snippet":"max-snippet:-1","max-image-preview":"max-image-preview:large","max-video-preview":"max-video-preview:-1"},"canonical":"https:\/\/www.regionsaris.sk\/hu\/kultura-a-umenie\/krajska-galeria\/","og_locale":"hu_HU","og_type":"article","og_title":"Krajsk\u00e1 gal\u00e9ria v Pre\u0161ove","og_description":"Krajsk\u00e1 gal\u00e9ria v Pre\u0161ove bola zalo\u017een\u00e1 v roku 1956. Patr\u00ed k najstar\u0161\u00edm region\u00e1lnym gal\u00e9ri\u00e1m na...","og_url":"https:\/\/www.regionsaris.sk\/hu\/kultura-a-umenie\/krajska-galeria\/","og_site_name":"OOCR \u0160ari\u0161","article_modified_time":"2026-02-05T12:15:07+00:00","og_image":[{"width":600,"height":400,"url":"https:\/\/www.regionsaris.sk\/wp-content\/uploads\/2026\/01\/sarisskagal85-thumb.jpg","type":"image\/jpeg"}],"twitter_card":"summary_large_image","twitter_misc":{"Becs\u00fclt olvas\u00e1si id\u0151":"2 perc"},"schema":{"@context":"https:\/\/schema.org","@graph":[{"@type":"WebPage","@id":"https:\/\/www.regionsaris.sk\/kultura-a-umenie\/krajska-galeria\/","url":"https:\/\/www.regionsaris.sk\/kultura-a-umenie\/krajska-galeria\/","name":"Krajsk\u00e1 gal\u00e9ria v Pre\u0161ove - OOCR \u0160ari\u0161","isPartOf":{"@id":"https:\/\/www.regionsaris.sk\/#website"},"primaryImageOfPage":{"@id":"https:\/\/www.regionsaris.sk\/kultura-a-umenie\/krajska-galeria\/#primaryimage"},"image":{"@id":"https:\/\/www.regionsaris.sk\/kultura-a-umenie\/krajska-galeria\/#primaryimage"},"thumbnailUrl":"https:\/\/www.regionsaris.sk\/wp-content\/uploads\/2026\/01\/sarisskagal85-thumb.jpg","datePublished":"2026-01-07T11:43:46+00:00","dateModified":"2026-02-05T12:15:07+00:00","breadcrumb":{"@id":"https:\/\/www.regionsaris.sk\/kultura-a-umenie\/krajska-galeria\/#breadcrumb"},"inLanguage":"hu","potentialAction":[{"@type":"ReadAction","target":["https:\/\/www.regionsaris.sk\/kultura-a-umenie\/krajska-galeria\/"]}]},{"@type":"ImageObject","inLanguage":"hu","@id":"https:\/\/www.regionsaris.sk\/kultura-a-umenie\/krajska-galeria\/#primaryimage","url":"https:\/\/www.regionsaris.sk\/wp-content\/uploads\/2026\/01\/sarisskagal85-thumb.jpg","contentUrl":"https:\/\/www.regionsaris.sk\/wp-content\/uploads\/2026\/01\/sarisskagal85-thumb.jpg","width":600,"height":400},{"@type":"BreadcrumbList","@id":"https:\/\/www.regionsaris.sk\/kultura-a-umenie\/krajska-galeria\/#breadcrumb","itemListElement":[{"@type":"ListItem","position":1,"name":"Domov","item":"https:\/\/www.regionsaris.sk\/"},{"@type":"ListItem","position":2,"name":"Kult\u00fara a umenie v regi\u00f3ne","item":"https:\/\/www.regionsaris.sk\/kultura-a-umenie-v-regione\/"},{"@type":"ListItem","position":3,"name":"Krajsk\u00e1 gal\u00e9ria v Pre\u0161ove"}]},{"@type":"WebSite","@id":"https:\/\/www.regionsaris.sk\/#website","url":"https:\/\/www.regionsaris.sk\/","name":"OOCR \u0160ari\u0161","description":"","potentialAction":[{"@type":"SearchAction","target":{"@type":"EntryPoint","urlTemplate":"https:\/\/www.regionsaris.sk\/?s={search_term_string}"},"query-input":{"@type":"PropertyValueSpecification","valueRequired":true,"valueName":"search_term_string"}}],"inLanguage":"hu"}]}},"_links":{"self":[{"href":"https:\/\/www.regionsaris.sk\/hu\/wp-json\/wp\/v2\/kultura-a-umenie\/2243","targetHints":{"allow":["GET"]}}],"collection":[{"href":"https:\/\/www.regionsaris.sk\/hu\/wp-json\/wp\/v2\/kultura-a-umenie"}],"about":[{"href":"https:\/\/www.regionsaris.sk\/hu\/wp-json\/wp\/v2\/types\/kultura-a-umenie"}],"wp:featuredmedia":[{"embeddable":true,"href":"https:\/\/www.regionsaris.sk\/hu\/wp-json\/wp\/v2\/media\/2245"}],"wp:attachment":[{"href":"https:\/\/www.regionsaris.sk\/hu\/wp-json\/wp\/v2\/media?parent=2243"}],"wp:term":[{"taxonomy":"kategoria-poi","embeddable":true,"href":"https:\/\/www.regionsaris.sk\/hu\/wp-json\/wp\/v2\/kategoria-poi?post=2243"},{"taxonomy":"lokalita","embeddable":true,"href":"https:\/\/www.regionsaris.sk\/hu\/wp-json\/wp\/v2\/lokalita?post=2243"},{"taxonomy":"sezona-poi","embeddable":true,"href":"https:\/\/www.regionsaris.sk\/hu\/wp-json\/wp\/v2\/sezona-poi?post=2243"},{"taxonomy":"trvanie-vyletu","embeddable":true,"href":"https:\/\/www.regionsaris.sk\/hu\/wp-json\/wp\/v2\/trvanie-vyletu?post=2243"}],"curies":[{"name":"wp","href":"https:\/\/api.w.org\/{rel}","templated":true}]}}