{"id":2191,"date":"2026-01-07T12:43:51","date_gmt":"2026-01-07T11:43:51","guid":{"rendered":"https:\/\/www.regionsaris.sk\/?post_type=kultura-a-umenie&#038;p=2191"},"modified":"2026-02-05T13:03:27","modified_gmt":"2026-02-05T12:03:27","slug":"muzeum-solivar-slovenske-technicke-muzeum","status":"publish","type":"kultura-a-umenie","link":"https:\/\/www.regionsaris.sk\/hu\/kultura-a-umenie\/muzeum-solivar-slovenske-technicke-muzeum\/","title":{"rendered":"Solivar M\u00fazeum (Szlov\u00e1k M\u0171szaki M\u00fazeum)"},"content":{"rendered":"<h2>Solivar M\u00fazeum (Szlov\u00e1k M\u0171szaki M\u00fazeum)<\/h2>\n<strong>Solivar M\u00fazeum, Nemzeti Kultur\u00e1lis Eml\u00e9khely<\/strong> Szlov\u00e1kia egyik legfontosabb m\u0171szaki m\u0171eml\u00e9ke. A 17. sz\u00e1zadb\u00f3l sz\u00e1rmaz\u00f3 komplexum a s\u00f3 s\u00f3s l\u00e9b\u0151l val\u00f3 szivatty\u00faz\u00e1s\u00e1ra \u00e9s forr\u00e1z\u00e1s\u00e1ra szolg\u00e1l\u00f3 m\u0171szaki \u00e9p\u00fcletek egyed\u00fcl\u00e1ll\u00f3 komplexuma, amelynek nincs p\u00e1rja a hasonl\u00f3 jelleg\u0171 m\u0171szaki m\u0171eml\u00e9kek ter\u00e9n Szlov\u00e1ki\u00e1ban. A s\u00f3f\u0151zde \u00e9p\u00fcleteiben a szolyvai s\u00f3b\u00e1ny\u00e1szat \u00e9s s\u00f3gy\u00e1rt\u00e1s t\u00f6rt\u00e9nete c\u00edm\u0171 ki\u00e1ll\u00edt\u00e1s l\u00e1that\u00f3. A s\u00f3lakt\u00e1rat k\u00f6zel 30 \u00e9v ut\u00e1n rekonstru\u00e1lt\u00e1k, \u00e9s 2015 szeptembere \u00f3ta a helyis\u00e9geit nemcsak a s\u00f3b\u00e1ny\u00e1szat ki\u00e1ll\u00edt\u00e1s\u00e1ra, hanem ki\u00e1ll\u00edt\u00e1sokra, el\u0151ad\u00e1sokra, kongresszusokra \u00e9s oktat\u00e1si tev\u00e9kenys\u00e9gekre is haszn\u00e1lj\u00e1k.\n\nA pre\u0161ovi s\u00f3b\u00e1ny\u00e1r\u00f3l sok \u00e9rdekes inform\u00e1ci\u00f3 tal\u00e1lhat\u00f3 a k\u00f6vetkez\u0151 weboldalon <a href=\"https:\/\/muzeumsolivar.sk\/\">muzeumsolivar.sk<\/a>.\n\nPre\u0161ovban m\u00e1s l\u00e1tnival\u00f3kat is megl\u00e1togathat, mint pl. <a href=\"https:\/\/www.regionsaris.sk\/hu\/historia\/katedralny-chram-sv-jana-krstitela\/\"><span style=\"font-weight: 400;\">Keresztel\u0151 Szent J\u00e1nos katedr\u00e1lis temploma<\/span><\/a><span style=\"font-weight: 400;\">,<\/span><a href=\"https:\/\/www.regionsaris.sk\/hu\/nabozensky_turizmus\/muzeum-zidovskej-kultury-slovenske-narodne-muzeum\/\"> <span style=\"font-weight: 400;\">Zsid\u00f3 Kultur\u00e1lis M\u00fazeum<\/span><\/a><span style=\"font-weight: 400;\">,<\/span><a href=\"https:\/\/www.regionsaris.sk\/hu\/historia\/konkatedrala-sv-mikulasa\/\"> <span style=\"font-weight: 400;\">Szent Mikl\u00f3s sz\u00e9kesegyh\u00e1z<\/span><\/a><span style=\"font-weight: 400;\">,<\/span><a href=\"https:\/\/www.regionsaris.sk\/hu\/historia\/florianova-brana\/\"> <span style=\"font-weight: 400;\">Fl\u00f3ri\u00e1n kapuja<\/span><\/a><span style=\"font-weight: 400;\">,<\/span><a href=\"https:\/\/www.regionsaris.sk\/hu\/historia\/kostol-sv-jozefa\/\"> <span style=\"font-weight: 400;\">Szent J\u00f3zsef templom<\/span><\/a><span style=\"font-weight: 400;\">,<\/span><a href=\"https:\/\/www.regionsaris.sk\/hu\/historia\/vodarenska-veza\/\"> <span style=\"font-weight: 400;\">V\u00edztorony<\/span><\/a><span style=\"font-weight: 400;\">,<\/span><a href=\"https:\/\/www.regionsaris.sk\/hu\/nabozensky_turizmus\/kalvaria\/\"> <span style=\"font-weight: 400;\">K\u00e1lv\u00e1ria<\/span><\/a><span style=\"font-weight: 400;\"> stb.<\/span>","protected":false},"featured_media":2194,"template":"","meta":{"_acf_changed":true},"kategoria-poi":[108,182],"lokalita":[26],"sezona-poi":[12],"trvanie-vyletu":[180,194],"class_list":["post-2191","kultura-a-umenie","type-kultura-a-umenie","status-publish","has-post-thumbnail","hentry","kategoria-poi-kultura-a-umenie","kategoria-poi-muzea-kultura-a-umenie","lokalita-mesto-presov","sezona-poi-celorocne","trvanie-vyletu-poldenne-vylety","trvanie-vyletu-skolske-vylety"],"acf":[],"yoast_head":"<!-- This site is optimized with the Yoast SEO Premium plugin v26.3 (Yoast SEO v26.8) - https:\/\/yoast.com\/product\/yoast-seo-premium-wordpress\/ -->\n<title>M\u00fazeum Solivar (Slovensk\u00e9 technick\u00e9 m\u00fazeum) - OOCR \u0160ari\u0161<\/title>\n<meta name=\"robots\" content=\"index, follow, max-snippet:-1, max-image-preview:large, max-video-preview:-1\" \/>\n<link rel=\"canonical\" href=\"https:\/\/www.regionsaris.sk\/hu\/kultura-a-umenie\/muzeum-solivar-slovenske-technicke-muzeum\/\" \/>\n<meta property=\"og:locale\" content=\"hu_HU\" \/>\n<meta property=\"og:type\" content=\"article\" \/>\n<meta property=\"og:title\" content=\"M\u00fazeum Solivar (Slovensk\u00e9 technick\u00e9 m\u00fazeum)\" \/>\n<meta property=\"og:description\" content=\"M\u00fazeum Solivar (Slovensk\u00e9 technick\u00e9 m\u00fazeum) M\u00fazeum Solivar, N\u00e1rodn\u00e1 kult\u00farna pamiatka patr\u00ed medzi najv\u00fdznamnej\u0161ie technick\u00e9 pamiatky...\" \/>\n<meta property=\"og:url\" content=\"https:\/\/www.regionsaris.sk\/hu\/kultura-a-umenie\/muzeum-solivar-slovenske-technicke-muzeum\/\" \/>\n<meta property=\"og:site_name\" content=\"OOCR \u0160ari\u0161\" \/>\n<meta property=\"article:modified_time\" content=\"2026-02-05T12:03:27+00:00\" \/>\n<meta property=\"og:image\" content=\"https:\/\/www.regionsaris.sk\/wp-content\/uploads\/2026\/01\/muzsolivar83-thumb.jpg\" \/>\n\t<meta property=\"og:image:width\" content=\"600\" \/>\n\t<meta property=\"og:image:height\" content=\"400\" \/>\n\t<meta property=\"og:image:type\" content=\"image\/jpeg\" \/>\n<meta name=\"twitter:card\" content=\"summary_large_image\" \/>\n<meta name=\"twitter:label1\" content=\"Becs\u00fclt olvas\u00e1si id\u0151\" \/>\n\t<meta name=\"twitter:data1\" content=\"1 perc\" \/>\n<script type=\"application\/ld+json\" class=\"yoast-schema-graph\">{\"@context\":\"https:\/\/schema.org\",\"@graph\":[{\"@type\":\"WebPage\",\"@id\":\"https:\/\/www.regionsaris.sk\/kultura-a-umenie\/muzeum-solivar-slovenske-technicke-muzeum\/\",\"url\":\"https:\/\/www.regionsaris.sk\/kultura-a-umenie\/muzeum-solivar-slovenske-technicke-muzeum\/\",\"name\":\"M\u00fazeum Solivar (Slovensk\u00e9 technick\u00e9 m\u00fazeum) - OOCR \u0160ari\u0161\",\"isPartOf\":{\"@id\":\"https:\/\/www.regionsaris.sk\/#website\"},\"primaryImageOfPage\":{\"@id\":\"https:\/\/www.regionsaris.sk\/kultura-a-umenie\/muzeum-solivar-slovenske-technicke-muzeum\/#primaryimage\"},\"image\":{\"@id\":\"https:\/\/www.regionsaris.sk\/kultura-a-umenie\/muzeum-solivar-slovenske-technicke-muzeum\/#primaryimage\"},\"thumbnailUrl\":\"https:\/\/www.regionsaris.sk\/wp-content\/uploads\/2026\/01\/muzsolivar83-thumb.jpg\",\"datePublished\":\"2026-01-07T11:43:51+00:00\",\"dateModified\":\"2026-02-05T12:03:27+00:00\",\"breadcrumb\":{\"@id\":\"https:\/\/www.regionsaris.sk\/kultura-a-umenie\/muzeum-solivar-slovenske-technicke-muzeum\/#breadcrumb\"},\"inLanguage\":\"hu\",\"potentialAction\":[{\"@type\":\"ReadAction\",\"target\":[\"https:\/\/www.regionsaris.sk\/kultura-a-umenie\/muzeum-solivar-slovenske-technicke-muzeum\/\"]}]},{\"@type\":\"ImageObject\",\"inLanguage\":\"hu\",\"@id\":\"https:\/\/www.regionsaris.sk\/kultura-a-umenie\/muzeum-solivar-slovenske-technicke-muzeum\/#primaryimage\",\"url\":\"https:\/\/www.regionsaris.sk\/wp-content\/uploads\/2026\/01\/muzsolivar83-thumb.jpg\",\"contentUrl\":\"https:\/\/www.regionsaris.sk\/wp-content\/uploads\/2026\/01\/muzsolivar83-thumb.jpg\",\"width\":600,\"height\":400},{\"@type\":\"BreadcrumbList\",\"@id\":\"https:\/\/www.regionsaris.sk\/kultura-a-umenie\/muzeum-solivar-slovenske-technicke-muzeum\/#breadcrumb\",\"itemListElement\":[{\"@type\":\"ListItem\",\"position\":1,\"name\":\"Domov\",\"item\":\"https:\/\/www.regionsaris.sk\/\"},{\"@type\":\"ListItem\",\"position\":2,\"name\":\"Kult\u00fara a umenie v regi\u00f3ne\",\"item\":\"https:\/\/www.regionsaris.sk\/kultura-a-umenie-v-regione\/\"},{\"@type\":\"ListItem\",\"position\":3,\"name\":\"M\u00fazeum Solivar (Slovensk\u00e9 technick\u00e9 m\u00fazeum)\"}]},{\"@type\":\"WebSite\",\"@id\":\"https:\/\/www.regionsaris.sk\/#website\",\"url\":\"https:\/\/www.regionsaris.sk\/\",\"name\":\"OOCR \u0160ari\u0161\",\"description\":\"\",\"potentialAction\":[{\"@type\":\"SearchAction\",\"target\":{\"@type\":\"EntryPoint\",\"urlTemplate\":\"https:\/\/www.regionsaris.sk\/?s={search_term_string}\"},\"query-input\":{\"@type\":\"PropertyValueSpecification\",\"valueRequired\":true,\"valueName\":\"search_term_string\"}}],\"inLanguage\":\"hu\"}]}<\/script>\n<!-- \/ Yoast SEO Premium plugin. -->","yoast_head_json":{"title":"M\u00fazeum Solivar (Slovensk\u00e9 technick\u00e9 m\u00fazeum) - OOCR \u0160ari\u0161","robots":{"index":"index","follow":"follow","max-snippet":"max-snippet:-1","max-image-preview":"max-image-preview:large","max-video-preview":"max-video-preview:-1"},"canonical":"https:\/\/www.regionsaris.sk\/hu\/kultura-a-umenie\/muzeum-solivar-slovenske-technicke-muzeum\/","og_locale":"hu_HU","og_type":"article","og_title":"M\u00fazeum Solivar (Slovensk\u00e9 technick\u00e9 m\u00fazeum)","og_description":"M\u00fazeum Solivar (Slovensk\u00e9 technick\u00e9 m\u00fazeum) M\u00fazeum Solivar, N\u00e1rodn\u00e1 kult\u00farna pamiatka patr\u00ed medzi najv\u00fdznamnej\u0161ie technick\u00e9 pamiatky...","og_url":"https:\/\/www.regionsaris.sk\/hu\/kultura-a-umenie\/muzeum-solivar-slovenske-technicke-muzeum\/","og_site_name":"OOCR \u0160ari\u0161","article_modified_time":"2026-02-05T12:03:27+00:00","og_image":[{"width":600,"height":400,"url":"https:\/\/www.regionsaris.sk\/wp-content\/uploads\/2026\/01\/muzsolivar83-thumb.jpg","type":"image\/jpeg"}],"twitter_card":"summary_large_image","twitter_misc":{"Becs\u00fclt olvas\u00e1si id\u0151":"1 perc"},"schema":{"@context":"https:\/\/schema.org","@graph":[{"@type":"WebPage","@id":"https:\/\/www.regionsaris.sk\/kultura-a-umenie\/muzeum-solivar-slovenske-technicke-muzeum\/","url":"https:\/\/www.regionsaris.sk\/kultura-a-umenie\/muzeum-solivar-slovenske-technicke-muzeum\/","name":"M\u00fazeum Solivar (Slovensk\u00e9 technick\u00e9 m\u00fazeum) - OOCR \u0160ari\u0161","isPartOf":{"@id":"https:\/\/www.regionsaris.sk\/#website"},"primaryImageOfPage":{"@id":"https:\/\/www.regionsaris.sk\/kultura-a-umenie\/muzeum-solivar-slovenske-technicke-muzeum\/#primaryimage"},"image":{"@id":"https:\/\/www.regionsaris.sk\/kultura-a-umenie\/muzeum-solivar-slovenske-technicke-muzeum\/#primaryimage"},"thumbnailUrl":"https:\/\/www.regionsaris.sk\/wp-content\/uploads\/2026\/01\/muzsolivar83-thumb.jpg","datePublished":"2026-01-07T11:43:51+00:00","dateModified":"2026-02-05T12:03:27+00:00","breadcrumb":{"@id":"https:\/\/www.regionsaris.sk\/kultura-a-umenie\/muzeum-solivar-slovenske-technicke-muzeum\/#breadcrumb"},"inLanguage":"hu","potentialAction":[{"@type":"ReadAction","target":["https:\/\/www.regionsaris.sk\/kultura-a-umenie\/muzeum-solivar-slovenske-technicke-muzeum\/"]}]},{"@type":"ImageObject","inLanguage":"hu","@id":"https:\/\/www.regionsaris.sk\/kultura-a-umenie\/muzeum-solivar-slovenske-technicke-muzeum\/#primaryimage","url":"https:\/\/www.regionsaris.sk\/wp-content\/uploads\/2026\/01\/muzsolivar83-thumb.jpg","contentUrl":"https:\/\/www.regionsaris.sk\/wp-content\/uploads\/2026\/01\/muzsolivar83-thumb.jpg","width":600,"height":400},{"@type":"BreadcrumbList","@id":"https:\/\/www.regionsaris.sk\/kultura-a-umenie\/muzeum-solivar-slovenske-technicke-muzeum\/#breadcrumb","itemListElement":[{"@type":"ListItem","position":1,"name":"Domov","item":"https:\/\/www.regionsaris.sk\/"},{"@type":"ListItem","position":2,"name":"Kult\u00fara a umenie v regi\u00f3ne","item":"https:\/\/www.regionsaris.sk\/kultura-a-umenie-v-regione\/"},{"@type":"ListItem","position":3,"name":"M\u00fazeum Solivar (Slovensk\u00e9 technick\u00e9 m\u00fazeum)"}]},{"@type":"WebSite","@id":"https:\/\/www.regionsaris.sk\/#website","url":"https:\/\/www.regionsaris.sk\/","name":"OOCR \u0160ari\u0161","description":"","potentialAction":[{"@type":"SearchAction","target":{"@type":"EntryPoint","urlTemplate":"https:\/\/www.regionsaris.sk\/?s={search_term_string}"},"query-input":{"@type":"PropertyValueSpecification","valueRequired":true,"valueName":"search_term_string"}}],"inLanguage":"hu"}]}},"_links":{"self":[{"href":"https:\/\/www.regionsaris.sk\/hu\/wp-json\/wp\/v2\/kultura-a-umenie\/2191","targetHints":{"allow":["GET"]}}],"collection":[{"href":"https:\/\/www.regionsaris.sk\/hu\/wp-json\/wp\/v2\/kultura-a-umenie"}],"about":[{"href":"https:\/\/www.regionsaris.sk\/hu\/wp-json\/wp\/v2\/types\/kultura-a-umenie"}],"wp:featuredmedia":[{"embeddable":true,"href":"https:\/\/www.regionsaris.sk\/hu\/wp-json\/wp\/v2\/media\/2194"}],"wp:attachment":[{"href":"https:\/\/www.regionsaris.sk\/hu\/wp-json\/wp\/v2\/media?parent=2191"}],"wp:term":[{"taxonomy":"kategoria-poi","embeddable":true,"href":"https:\/\/www.regionsaris.sk\/hu\/wp-json\/wp\/v2\/kategoria-poi?post=2191"},{"taxonomy":"lokalita","embeddable":true,"href":"https:\/\/www.regionsaris.sk\/hu\/wp-json\/wp\/v2\/lokalita?post=2191"},{"taxonomy":"sezona-poi","embeddable":true,"href":"https:\/\/www.regionsaris.sk\/hu\/wp-json\/wp\/v2\/sezona-poi?post=2191"},{"taxonomy":"trvanie-vyletu","embeddable":true,"href":"https:\/\/www.regionsaris.sk\/hu\/wp-json\/wp\/v2\/trvanie-vyletu?post=2191"}],"curies":[{"name":"wp","href":"https:\/\/api.w.org\/{rel}","templated":true}]}}