{"id":2181,"date":"2026-01-07T12:43:52","date_gmt":"2026-01-07T11:43:52","guid":{"rendered":"https:\/\/www.regionsaris.sk\/?post_type=kultura-a-umenie&#038;p=2181"},"modified":"2026-02-05T13:00:23","modified_gmt":"2026-02-05T12:00:23","slug":"caraffova-vaznica","status":"publish","type":"kultura-a-umenie","link":"https:\/\/www.regionsaris.sk\/hu\/kultura-a-umenie\/caraffova-vaznica\/","title":{"rendered":"Caraffa b\u00f6rt\u00f6n"},"content":{"rendered":"<p>A kev\u00e9s fennmaradt g\u00f3tikus m\u0171eml\u00e9k egyike Pre\u0161ovban, amely 1504 \u00e9s 1509 k\u00f6z\u00f6tt \u00e9p\u00fclt. Az \u00e9p\u00fclet val\u00f3sz\u00edn\u0171leg a 17. sz\u00e1zad v\u00e9g\u00e9ig hord\u00f3k \u00e9s egy\u00e9b kell\u00e9kek rakt\u00e1rak\u00e9nt szolg\u00e1lta a borb\u00e1rat, de az 1530-as lev\u00e9lt\u00e1ri feljegyz\u00e9sekben a v\u00e1rosh\u00e1z\u00e1hoz val\u00f3 k\u00f6zels\u00e9ge miatt Pre\u0161ov egyik b\u00f6rt\u00f6nek\u00e9nt is eml\u00edtik. Nev\u00e9t az 1687-es pre\u0161ovi v\u00e9res m\u00e9sz\u00e1rl\u00e1sr\u00f3l kapta, amikor 24 magyar f\u00f6ldbirtokost \u00e9s v\u00e1roslak\u00f3t gyal\u00e1zatosan kiv\u00e9geztek az Ev. Koll\u00e9gium melletti t\u00e9ren Antonio Caraffa n\u00e1polyi cs\u00e1sz\u00e1ri t\u00e1bornok igazs\u00e1gtalan pere alapj\u00e1n. Az egyik pre\u0161ovi k\u00ednz\u00f3kamra, amelyet Caraffa a v\u00e1dlottak kihallgat\u00e1s\u00e1ra rendezett be, szint\u00e9n a mai v\u00e1rosh\u00e1za f\u00f6ldalatti helyis\u00e9geiben volt, amely akkoriban az \u00e9p\u00fclettel egy \u00e9p\u00edt\u00e9szeti egys\u00e9get alkotott. Egyes \u00edr\u00e1sos feljegyz\u00e9sek szerint az \u00e9p\u00fcletben t\u00e1rolt\u00e1k a v\u00e1rosi m\u00e9rlegeket \u00e9s m\u00e9r\u0151eszk\u00f6z\u00f6ket, \u00e9s egy ideig a v\u00e1rosi fegyvert\u00e1r is helyet kapott benne. A 19. sz\u00e1zad m\u00e1sodik fel\u00e9ben a v\u00e1rosi b\u00f6rt\u00f6n volt. A 20. sz\u00e1zad elej\u00e9t\u0151l kezdve az \u00e9p\u00fcletet v\u00e1rosi dokumentumok archiv\u00e1l\u00e1s\u00e1ra kezdt\u00e9k haszn\u00e1lni. Napjainkban v\u00e1rosi gal\u00e9riak\u00e9nt szolg\u00e1l.<\/p>","protected":false},"featured_media":2186,"template":"","meta":{"_acf_changed":true},"kategoria-poi":[185,108,182],"lokalita":[26],"sezona-poi":[12],"trvanie-vyletu":[217,194],"class_list":["post-2181","kultura-a-umenie","type-kultura-a-umenie","status-publish","has-post-thumbnail","hentry","kategoria-poi-galerie","kategoria-poi-kultura-a-umenie","kategoria-poi-muzea-kultura-a-umenie","lokalita-mesto-presov","sezona-poi-celorocne","trvanie-vyletu-kratke-vylety","trvanie-vyletu-skolske-vylety"],"acf":[],"yoast_head":"<!-- This site is optimized with the Yoast SEO Premium plugin v26.3 (Yoast SEO v26.8) - https:\/\/yoast.com\/product\/yoast-seo-premium-wordpress\/ -->\n<title>Caraffova v\u00e4znica - OOCR \u0160ari\u0161<\/title>\n<meta name=\"robots\" content=\"index, follow, max-snippet:-1, max-image-preview:large, max-video-preview:-1\" \/>\n<link rel=\"canonical\" href=\"https:\/\/www.regionsaris.sk\/hu\/kultura-a-umenie\/caraffova-vaznica\/\" \/>\n<meta property=\"og:locale\" content=\"hu_HU\" \/>\n<meta property=\"og:type\" content=\"article\" \/>\n<meta property=\"og:title\" content=\"Caraffova v\u00e4znica\" \/>\n<meta property=\"og:description\" content=\"Jedna z m\u00e1la zachovan\u00fdch gotick\u00fdch pamiatok v Pre\u0161ove, ktor\u00e1 bola postaven\u00e1 v rokoch 1504 \u2013...\" \/>\n<meta property=\"og:url\" content=\"https:\/\/www.regionsaris.sk\/hu\/kultura-a-umenie\/caraffova-vaznica\/\" \/>\n<meta property=\"og:site_name\" content=\"OOCR \u0160ari\u0161\" \/>\n<meta property=\"article:modified_time\" content=\"2026-02-05T12:00:23+00:00\" \/>\n<meta property=\"og:image\" content=\"https:\/\/www.regionsaris.sk\/wp-content\/uploads\/2026\/01\/carafova52-thumb.jpg\" \/>\n\t<meta property=\"og:image:width\" content=\"600\" \/>\n\t<meta property=\"og:image:height\" content=\"400\" \/>\n\t<meta property=\"og:image:type\" content=\"image\/jpeg\" \/>\n<meta name=\"twitter:card\" content=\"summary_large_image\" \/>\n<meta name=\"twitter:label1\" content=\"Becs\u00fclt olvas\u00e1si id\u0151\" \/>\n\t<meta name=\"twitter:data1\" content=\"2 perc\" \/>\n<script type=\"application\/ld+json\" class=\"yoast-schema-graph\">{\"@context\":\"https:\/\/schema.org\",\"@graph\":[{\"@type\":\"WebPage\",\"@id\":\"https:\/\/www.regionsaris.sk\/kultura-a-umenie\/caraffova-vaznica\/\",\"url\":\"https:\/\/www.regionsaris.sk\/kultura-a-umenie\/caraffova-vaznica\/\",\"name\":\"Caraffova v\u00e4znica - OOCR \u0160ari\u0161\",\"isPartOf\":{\"@id\":\"https:\/\/www.regionsaris.sk\/#website\"},\"primaryImageOfPage\":{\"@id\":\"https:\/\/www.regionsaris.sk\/kultura-a-umenie\/caraffova-vaznica\/#primaryimage\"},\"image\":{\"@id\":\"https:\/\/www.regionsaris.sk\/kultura-a-umenie\/caraffova-vaznica\/#primaryimage\"},\"thumbnailUrl\":\"https:\/\/www.regionsaris.sk\/wp-content\/uploads\/2026\/01\/carafova52-thumb.jpg\",\"datePublished\":\"2026-01-07T11:43:52+00:00\",\"dateModified\":\"2026-02-05T12:00:23+00:00\",\"breadcrumb\":{\"@id\":\"https:\/\/www.regionsaris.sk\/kultura-a-umenie\/caraffova-vaznica\/#breadcrumb\"},\"inLanguage\":\"hu\",\"potentialAction\":[{\"@type\":\"ReadAction\",\"target\":[\"https:\/\/www.regionsaris.sk\/kultura-a-umenie\/caraffova-vaznica\/\"]}]},{\"@type\":\"ImageObject\",\"inLanguage\":\"hu\",\"@id\":\"https:\/\/www.regionsaris.sk\/kultura-a-umenie\/caraffova-vaznica\/#primaryimage\",\"url\":\"https:\/\/www.regionsaris.sk\/wp-content\/uploads\/2026\/01\/carafova52-thumb.jpg\",\"contentUrl\":\"https:\/\/www.regionsaris.sk\/wp-content\/uploads\/2026\/01\/carafova52-thumb.jpg\",\"width\":600,\"height\":400},{\"@type\":\"BreadcrumbList\",\"@id\":\"https:\/\/www.regionsaris.sk\/kultura-a-umenie\/caraffova-vaznica\/#breadcrumb\",\"itemListElement\":[{\"@type\":\"ListItem\",\"position\":1,\"name\":\"Domov\",\"item\":\"https:\/\/www.regionsaris.sk\/\"},{\"@type\":\"ListItem\",\"position\":2,\"name\":\"Kult\u00fara a umenie v regi\u00f3ne\",\"item\":\"https:\/\/www.regionsaris.sk\/kultura-a-umenie-v-regione\/\"},{\"@type\":\"ListItem\",\"position\":3,\"name\":\"Caraffova v\u00e4znica\"}]},{\"@type\":\"WebSite\",\"@id\":\"https:\/\/www.regionsaris.sk\/#website\",\"url\":\"https:\/\/www.regionsaris.sk\/\",\"name\":\"OOCR \u0160ari\u0161\",\"description\":\"\",\"potentialAction\":[{\"@type\":\"SearchAction\",\"target\":{\"@type\":\"EntryPoint\",\"urlTemplate\":\"https:\/\/www.regionsaris.sk\/?s={search_term_string}\"},\"query-input\":{\"@type\":\"PropertyValueSpecification\",\"valueRequired\":true,\"valueName\":\"search_term_string\"}}],\"inLanguage\":\"hu\"}]}<\/script>\n<!-- \/ Yoast SEO Premium plugin. -->","yoast_head_json":{"title":"Caraffova v\u00e4znica - OOCR \u0160ari\u0161","robots":{"index":"index","follow":"follow","max-snippet":"max-snippet:-1","max-image-preview":"max-image-preview:large","max-video-preview":"max-video-preview:-1"},"canonical":"https:\/\/www.regionsaris.sk\/hu\/kultura-a-umenie\/caraffova-vaznica\/","og_locale":"hu_HU","og_type":"article","og_title":"Caraffova v\u00e4znica","og_description":"Jedna z m\u00e1la zachovan\u00fdch gotick\u00fdch pamiatok v Pre\u0161ove, ktor\u00e1 bola postaven\u00e1 v rokoch 1504 \u2013...","og_url":"https:\/\/www.regionsaris.sk\/hu\/kultura-a-umenie\/caraffova-vaznica\/","og_site_name":"OOCR \u0160ari\u0161","article_modified_time":"2026-02-05T12:00:23+00:00","og_image":[{"width":600,"height":400,"url":"https:\/\/www.regionsaris.sk\/wp-content\/uploads\/2026\/01\/carafova52-thumb.jpg","type":"image\/jpeg"}],"twitter_card":"summary_large_image","twitter_misc":{"Becs\u00fclt olvas\u00e1si id\u0151":"2 perc"},"schema":{"@context":"https:\/\/schema.org","@graph":[{"@type":"WebPage","@id":"https:\/\/www.regionsaris.sk\/kultura-a-umenie\/caraffova-vaznica\/","url":"https:\/\/www.regionsaris.sk\/kultura-a-umenie\/caraffova-vaznica\/","name":"Caraffova v\u00e4znica - OOCR \u0160ari\u0161","isPartOf":{"@id":"https:\/\/www.regionsaris.sk\/#website"},"primaryImageOfPage":{"@id":"https:\/\/www.regionsaris.sk\/kultura-a-umenie\/caraffova-vaznica\/#primaryimage"},"image":{"@id":"https:\/\/www.regionsaris.sk\/kultura-a-umenie\/caraffova-vaznica\/#primaryimage"},"thumbnailUrl":"https:\/\/www.regionsaris.sk\/wp-content\/uploads\/2026\/01\/carafova52-thumb.jpg","datePublished":"2026-01-07T11:43:52+00:00","dateModified":"2026-02-05T12:00:23+00:00","breadcrumb":{"@id":"https:\/\/www.regionsaris.sk\/kultura-a-umenie\/caraffova-vaznica\/#breadcrumb"},"inLanguage":"hu","potentialAction":[{"@type":"ReadAction","target":["https:\/\/www.regionsaris.sk\/kultura-a-umenie\/caraffova-vaznica\/"]}]},{"@type":"ImageObject","inLanguage":"hu","@id":"https:\/\/www.regionsaris.sk\/kultura-a-umenie\/caraffova-vaznica\/#primaryimage","url":"https:\/\/www.regionsaris.sk\/wp-content\/uploads\/2026\/01\/carafova52-thumb.jpg","contentUrl":"https:\/\/www.regionsaris.sk\/wp-content\/uploads\/2026\/01\/carafova52-thumb.jpg","width":600,"height":400},{"@type":"BreadcrumbList","@id":"https:\/\/www.regionsaris.sk\/kultura-a-umenie\/caraffova-vaznica\/#breadcrumb","itemListElement":[{"@type":"ListItem","position":1,"name":"Domov","item":"https:\/\/www.regionsaris.sk\/"},{"@type":"ListItem","position":2,"name":"Kult\u00fara a umenie v regi\u00f3ne","item":"https:\/\/www.regionsaris.sk\/kultura-a-umenie-v-regione\/"},{"@type":"ListItem","position":3,"name":"Caraffova v\u00e4znica"}]},{"@type":"WebSite","@id":"https:\/\/www.regionsaris.sk\/#website","url":"https:\/\/www.regionsaris.sk\/","name":"OOCR \u0160ari\u0161","description":"","potentialAction":[{"@type":"SearchAction","target":{"@type":"EntryPoint","urlTemplate":"https:\/\/www.regionsaris.sk\/?s={search_term_string}"},"query-input":{"@type":"PropertyValueSpecification","valueRequired":true,"valueName":"search_term_string"}}],"inLanguage":"hu"}]}},"_links":{"self":[{"href":"https:\/\/www.regionsaris.sk\/hu\/wp-json\/wp\/v2\/kultura-a-umenie\/2181","targetHints":{"allow":["GET"]}}],"collection":[{"href":"https:\/\/www.regionsaris.sk\/hu\/wp-json\/wp\/v2\/kultura-a-umenie"}],"about":[{"href":"https:\/\/www.regionsaris.sk\/hu\/wp-json\/wp\/v2\/types\/kultura-a-umenie"}],"wp:featuredmedia":[{"embeddable":true,"href":"https:\/\/www.regionsaris.sk\/hu\/wp-json\/wp\/v2\/media\/2186"}],"wp:attachment":[{"href":"https:\/\/www.regionsaris.sk\/hu\/wp-json\/wp\/v2\/media?parent=2181"}],"wp:term":[{"taxonomy":"kategoria-poi","embeddable":true,"href":"https:\/\/www.regionsaris.sk\/hu\/wp-json\/wp\/v2\/kategoria-poi?post=2181"},{"taxonomy":"lokalita","embeddable":true,"href":"https:\/\/www.regionsaris.sk\/hu\/wp-json\/wp\/v2\/lokalita?post=2181"},{"taxonomy":"sezona-poi","embeddable":true,"href":"https:\/\/www.regionsaris.sk\/hu\/wp-json\/wp\/v2\/sezona-poi?post=2181"},{"taxonomy":"trvanie-vyletu","embeddable":true,"href":"https:\/\/www.regionsaris.sk\/hu\/wp-json\/wp\/v2\/trvanie-vyletu?post=2181"}],"curies":[{"name":"wp","href":"https:\/\/api.w.org\/{rel}","templated":true}]}}