{"id":2144,"date":"2020-11-19T09:03:04","date_gmt":"2020-11-19T08:03:04","guid":{"rendered":"https:\/\/www.regionsaris.sk\/historia\/kastiel-tulcik\/"},"modified":"2020-11-19T09:03:04","modified_gmt":"2020-11-19T08:03:04","slug":"kastiel-tulcik","status":"publish","type":"historia","link":"https:\/\/www.regionsaris.sk\/hu\/historia\/kastiel-tulcik\/","title":{"rendered":"Tul\u010d\u00edk kast\u00e9ly"},"content":{"rendered":"<p><strong>Tul\u010d\u00edk telep\u00fcl\u00e9s<\/strong> a Pre\u0161ovi ker\u00fclet \u00e9szaki r\u00e9sz\u00e9n, az Alacsony-Beszkidek d\u00e9lnyugati perem\u00e9n, a Szekcsov foly\u00f3 v\u00f6lgy\u00e9ben fekszik. A k\u00f6rnyez\u0151 falvakhoz hasonl\u00f3an a 11. sz\u00e1zadt\u00f3l a magyar kir\u00e1lyok birtoka volt, amelyet a kir\u00e1lyok a helyi mond\u00e1val egy\u00fctt megtartottak. A 15. sz\u00e1zad k\u00f6zep\u00e9n a rozsny\u00f3i \u00e9s a perini nemesek fokozatosan \u00e9rdekl\u0151dtek a tul\u010dicei birtokok birtokl\u00e1sa, valamint a helyi jobb\u00e1gyok \u00e9s a v\u00e1mb\u00f3l sz\u00e1rmaz\u00f3 j\u00f6vedelmek ir\u00e1nt. B\u00e1r a magyar kir\u00e1lyok Tul\u010d\u00edkot adt\u00e1k nekik, nem \u0151k lettek Tul\u010d\u00edk val\u00f3di tulajdonosai. A kapu\u0161iany-i nemesek megv\u00e9dt\u00e9k Tul\u010d\u00edk tulajdonjog\u00e1t.<\/p>\n\n\n\n<p>A csal\u00e1d \u0151sei <strong>A Kapis,<\/strong> aki a 19. sz\u00e1zadig Tul\u010d\u00edk \u00e9s Kapu\u0161iany k\u00f6rny\u00e9k\u00e9n birtokos volt, Andrej, Mikul\u00e1\u0161 fia volt, aki eredetileg a Pe\u0161t'any sz\u00e9kb\u0151l sz\u00e1rmazott. Zsigmond kir\u00e1ly 1410-ben Andrejnek adom\u00e1nyozta, majd megengedte neki, hogy v\u00e1rat \u00e9p\u00edtsen (a mai Kapu\u0161ian v\u00e1r\u00e1t). A csal\u00e1d legjelent\u0151sebb k\u00e9pvisel\u0151je, Gabriel Kapi, akit a vizit\u00e1ci\u00f3kban is a legt\u00f6bbet emlegetnek. A 18. sz\u00e1zad elej\u00e9n t\u00f6bb \u0160ari\u0161 k\u00f6zs\u00e9gben is birtokos volt, a csal\u00e1di birtokok k\u00f6z\u00f6tt volt a Tul\u010d\u00edkban l\u00e9v\u0151 birtok, mint a pl\u00e9b\u00e1nia sz\u00e9khelye, valamint az egyik Tul\u010di\u010d filia, Kapu\u0161any is. A pl\u00e9b\u00e1nos a Kapi csal\u00e1dn\u00e1l sz\u00e1llt meg. Kapu\u0161anyban megeml\u00edtik, hogy k\u00e9t sz\u00e1nt\u00f3f\u00f6ld az egyh\u00e1zhoz tartozott, de ma m\u00e1r a f\u00f6ldbirtokos f\u00f6ldjeihez vannak csatolva. A patr\u00f3nusoknak tizedet kellene adniuk a pl\u00e9b\u00e1nosnak, de nem teszik. 1703-ban a helyzet jobbnak t\u0171nik. A tul\u010d\u00edki pl\u00e9b\u00e1nos a f\u00f6ldes\u00fart\u00f3l a tized egynegyed\u00e9t \u00e9s a tized egynegyed\u00e9t kapta, emellett megeml\u00edtik, hogy Gabriel Kapi \u00far birtok\u00e1n lakott, volt egy szolg\u00e1ja \u00e9s k\u00e9t l\u00f3 ell\u00e1t\u00e1sa is. Ezen k\u00edv\u00fcl azonban volt itt egy pl\u00e9b\u00e1niah\u00e1za is, amely mellett egy kert volt \u00fcltetett szilvaf\u00e1kkal \u00e9s egy ott kiszolg\u00e1lt glebe. E feljegyz\u00e9sek szerint a faluban is volt egy vita, ugyanis m\u00e1s falvakb\u00f3l sz\u00e1rmaz\u00f3 pl\u00e9b\u00e1nosok \u00e9s nemesek azt vallott\u00e1k a vizit\u00e1tornak, hogy a pl\u00e9b\u00e1nos hajlamos az alkoholfogyaszt\u00e1sra, de Kapi G\u00e1briel ezt tagadta. A k\u00f6vetkez\u0151, 1712-es vizit\u00e1ci\u00f3n m\u00e1r csak azt eml\u00edtik, hogy a Kapi csal\u00e1d birtokolta a falut. A tul\u010dicei pl\u00e9b\u00e1niatemplomra vonatkoz\u00f3 \u00e1h\u00edtati hagyat\u00e9kot Klobu\u0161ick\u00fd \u00f6zvegye adom\u00e1nyozta, aki Kapi Kl\u00e1ra, Gabriel Kapi n\u0151v\u00e9re volt. A pl\u00e9b\u00e1nos a Tul\u010dicei uradalmi h\u00e1zban is naponta \u00e9tkezett, arr\u00f3l nem esik sz\u00f3, hogy ott lakott-e. Ezenk\u00edv\u00fcl a f\u00f6ldbirtokosok h\u00e9t falu tized\u00e9nek egynegyed\u00e9t adt\u00e1k neki. A f\u00f6ldesurakr\u00f3l Kapusanyra vonatkoz\u00f3an nincs tov\u00e1bbi inform\u00e1ci\u00f3. Stefan Kapi 1843-ban elz\u00e1logos\u00edtotta Tul\u010d\u00edkban l\u00e9v\u0151 birtok\u00e1t Anton Ghill\u00e1nyinak, de a z\u00e1logot soha nem tudta bev\u00e1ltani. K\u00e9s\u0151bb a Ghill\u00e1nyi-birtokok k\u00f6z\u00f6tt eml\u00edtenek m\u00e1s Kapi-birtokokat is Fuliank\u00e1n, Demjat\u00e1ban \u00e9s Nemcovc\u00e9n, ami arra utal, hogy fokozatosan az \u00f6sszes Kapi-birtokjog a Ghill\u00e1nyi csal\u00e1dra sz\u00e1llt \u00e1t.<\/p>\n\n\n\n<p>A Kapi csal\u00e1d c\u00edmere aranysz\u00edn\u0171 pajzs volt. Ebben egyik l\u00e1b\u00e1n egy sisakos daru \u00e1ll. Ebb\u0151l kiemelkedik a daru feje, amelynek nyaka f\u00e9lig a test\u00e9ig \u00e9r.<\/p>\n\n\n\n<p>A 16. sz\u00e1zad els\u0151 fel\u00e9ben a Tul\u010d\u00edkban \u00e9l\u0151 nemesi Kapi csal\u00e1d <strong>hogy kast\u00e9lyt \u00e9p\u00edtsen,<\/strong> amely megfelelt a nemess\u00e9g akkori ig\u00e9nyeinek a k\u00e9nyelmes \u00e9lethez. Arr\u00f3l azonban nem maradtak fenn dokumentumok, hogy mikor \u00e9p\u00fclt a kast\u00e9ly. A 18. sz\u00e1zad k\u00f6zep\u00e9n a Kapi csal\u00e1d \u00e9p\u00edttetett egy kast\u00e9lyt Tul\u010d\u00edkban. <strong>a m\u00e1sodik kast\u00e9ly,<\/strong> de nem ismerj\u00fck r\u00e9szletesen az \u00e9p\u00edt\u00e9s k\u00f6r\u00fclm\u00e9nyeit. Mindk\u00e9t kast\u00e9ly a mai napig fennmaradt.<br>A 18. sz\u00e1zad k\u00f6zep\u00e9r\u0151l sz\u00e1rmaz\u00f3 barokk kast\u00e9ly egy t\u00e9glalap alaprajz\u00fa, manz\u00e1rdtet\u0151s, k\u00e9tszintes, h\u00e1romtraktusos \u00e9p\u00fclet. A homlokzatot a f\u00f6ldszinten rusztikus tagol\u00e1s, az els\u0151 emeleten pilaszterek \u00e9s s\u00e1vozott ablakok, a parapeten pedig sima l\u00e1bazat \u00e9s lambrequin tagolja. A kast\u00e9ly modern h\u00e1zak k\u00f6z\u00f6tt \u00e1ll. Mag\u00e1ntulajdonban van.<\/p>\n\n\n\n<p>A m\u00e1sodik kast\u00e9lyt a faluban nagy vagy als\u00f3 kast\u00e9lyk\u00e9nt ismerik. A falu k\u00f6zpontj\u00e1ban, a templom mellett \u00e1ll.<\/p>\n\n\n\n<p>Tul\u010d\u00edk Manor r\u00e9sze a\u00a0<a href=\"https:\/\/www.sarisskahradnacesta.sk\/\">\u0160ari\u0161 v\u00e1r \u00fatjai<\/a>.<\/p>\n\n\n\n<p>&nbsp;<\/p>\n\n\n\n<p>Forr\u00e1s\/fot\u00f3: pamiatkynaslovensku.sk, Mariana Kosma\u010dov\u00e1, Jozef Kotuli\u010d, Ing.<\/p>","protected":false},"featured_media":1926,"template":"","meta":{"_acf_changed":false},"kategoria-poi":[105,173],"lokalita":[28],"sezona-poi":[],"trvanie-vyletu":[],"class_list":["post-2144","historia","type-historia","status-publish","has-post-thumbnail","hentry","kategoria-poi-historia","kategoria-poi-kastiele-a-kurie","lokalita-presov-a-okolie"],"acf":[],"yoast_head":"<!-- This site is optimized with the Yoast SEO Premium plugin v26.3 (Yoast SEO v26.8) - https:\/\/yoast.com\/product\/yoast-seo-premium-wordpress\/ -->\n<title>Ka\u0161tie\u013e Tul\u010d\u00edk - OOCR \u0160ari\u0161<\/title>\n<meta name=\"robots\" content=\"index, follow, max-snippet:-1, max-image-preview:large, max-video-preview:-1\" \/>\n<link rel=\"canonical\" href=\"https:\/\/www.regionsaris.sk\/hu\/historia\/kastiel-tulcik\/\" \/>\n<meta property=\"og:locale\" content=\"hu_HU\" \/>\n<meta property=\"og:type\" content=\"article\" \/>\n<meta property=\"og:title\" content=\"Ka\u0161tie\u013e Tul\u010d\u00edk\" \/>\n<meta property=\"og:description\" content=\"Obec Tul\u010d\u00edk le\u017e\u00ed v severnej \u010dasti okresu Pre\u0161ov, na juhoz\u00e1padnom okraji pohoria N\u00edzke Beskydy, v...\" \/>\n<meta property=\"og:url\" content=\"https:\/\/www.regionsaris.sk\/hu\/historia\/kastiel-tulcik\/\" \/>\n<meta property=\"og:site_name\" content=\"OOCR \u0160ari\u0161\" \/>\n<meta property=\"og:image\" content=\"https:\/\/www.regionsaris.sk\/wp-content\/uploads\/2026\/01\/Tulcik-kastiel.jpg\" \/>\n\t<meta property=\"og:image:width\" content=\"800\" \/>\n\t<meta property=\"og:image:height\" content=\"600\" \/>\n\t<meta property=\"og:image:type\" content=\"image\/jpeg\" \/>\n<meta name=\"twitter:card\" content=\"summary_large_image\" \/>\n<meta name=\"twitter:label1\" content=\"Becs\u00fclt olvas\u00e1si id\u0151\" \/>\n\t<meta name=\"twitter:data1\" content=\"4 perc\" \/>\n<script type=\"application\/ld+json\" class=\"yoast-schema-graph\">{\"@context\":\"https:\/\/schema.org\",\"@graph\":[{\"@type\":\"WebPage\",\"@id\":\"https:\/\/www.regionsaris.sk\/historia\/kastiel-tulcik\/\",\"url\":\"https:\/\/www.regionsaris.sk\/historia\/kastiel-tulcik\/\",\"name\":\"Ka\u0161tie\u013e Tul\u010d\u00edk - OOCR \u0160ari\u0161\",\"isPartOf\":{\"@id\":\"https:\/\/www.regionsaris.sk\/#website\"},\"primaryImageOfPage\":{\"@id\":\"https:\/\/www.regionsaris.sk\/historia\/kastiel-tulcik\/#primaryimage\"},\"image\":{\"@id\":\"https:\/\/www.regionsaris.sk\/historia\/kastiel-tulcik\/#primaryimage\"},\"thumbnailUrl\":\"https:\/\/www.regionsaris.sk\/wp-content\/uploads\/2026\/01\/Tulcik-kastiel.jpg\",\"datePublished\":\"2020-11-19T08:03:04+00:00\",\"breadcrumb\":{\"@id\":\"https:\/\/www.regionsaris.sk\/historia\/kastiel-tulcik\/#breadcrumb\"},\"inLanguage\":\"hu\",\"potentialAction\":[{\"@type\":\"ReadAction\",\"target\":[\"https:\/\/www.regionsaris.sk\/historia\/kastiel-tulcik\/\"]}]},{\"@type\":\"ImageObject\",\"inLanguage\":\"hu\",\"@id\":\"https:\/\/www.regionsaris.sk\/historia\/kastiel-tulcik\/#primaryimage\",\"url\":\"https:\/\/www.regionsaris.sk\/wp-content\/uploads\/2026\/01\/Tulcik-kastiel.jpg\",\"contentUrl\":\"https:\/\/www.regionsaris.sk\/wp-content\/uploads\/2026\/01\/Tulcik-kastiel.jpg\",\"width\":800,\"height\":600},{\"@type\":\"BreadcrumbList\",\"@id\":\"https:\/\/www.regionsaris.sk\/historia\/kastiel-tulcik\/#breadcrumb\",\"itemListElement\":[{\"@type\":\"ListItem\",\"position\":1,\"name\":\"Domov\",\"item\":\"https:\/\/www.regionsaris.sk\/\"},{\"@type\":\"ListItem\",\"position\":2,\"name\":\"Hist\u00f3ria regi\u00f3nu\",\"item\":\"https:\/\/www.regionsaris.sk\/historia-regionu\/\"},{\"@type\":\"ListItem\",\"position\":3,\"name\":\"Ka\u0161tie\u013e Tul\u010d\u00edk\"}]},{\"@type\":\"WebSite\",\"@id\":\"https:\/\/www.regionsaris.sk\/#website\",\"url\":\"https:\/\/www.regionsaris.sk\/\",\"name\":\"OOCR \u0160ari\u0161\",\"description\":\"\",\"potentialAction\":[{\"@type\":\"SearchAction\",\"target\":{\"@type\":\"EntryPoint\",\"urlTemplate\":\"https:\/\/www.regionsaris.sk\/?s={search_term_string}\"},\"query-input\":{\"@type\":\"PropertyValueSpecification\",\"valueRequired\":true,\"valueName\":\"search_term_string\"}}],\"inLanguage\":\"hu\"}]}<\/script>\n<!-- \/ Yoast SEO Premium plugin. -->","yoast_head_json":{"title":"Ka\u0161tie\u013e Tul\u010d\u00edk - OOCR \u0160ari\u0161","robots":{"index":"index","follow":"follow","max-snippet":"max-snippet:-1","max-image-preview":"max-image-preview:large","max-video-preview":"max-video-preview:-1"},"canonical":"https:\/\/www.regionsaris.sk\/hu\/historia\/kastiel-tulcik\/","og_locale":"hu_HU","og_type":"article","og_title":"Ka\u0161tie\u013e Tul\u010d\u00edk","og_description":"Obec Tul\u010d\u00edk le\u017e\u00ed v severnej \u010dasti okresu Pre\u0161ov, na juhoz\u00e1padnom okraji pohoria N\u00edzke Beskydy, v...","og_url":"https:\/\/www.regionsaris.sk\/hu\/historia\/kastiel-tulcik\/","og_site_name":"OOCR \u0160ari\u0161","og_image":[{"width":800,"height":600,"url":"https:\/\/www.regionsaris.sk\/wp-content\/uploads\/2026\/01\/Tulcik-kastiel.jpg","type":"image\/jpeg"}],"twitter_card":"summary_large_image","twitter_misc":{"Becs\u00fclt olvas\u00e1si id\u0151":"4 perc"},"schema":{"@context":"https:\/\/schema.org","@graph":[{"@type":"WebPage","@id":"https:\/\/www.regionsaris.sk\/historia\/kastiel-tulcik\/","url":"https:\/\/www.regionsaris.sk\/historia\/kastiel-tulcik\/","name":"Ka\u0161tie\u013e Tul\u010d\u00edk - OOCR \u0160ari\u0161","isPartOf":{"@id":"https:\/\/www.regionsaris.sk\/#website"},"primaryImageOfPage":{"@id":"https:\/\/www.regionsaris.sk\/historia\/kastiel-tulcik\/#primaryimage"},"image":{"@id":"https:\/\/www.regionsaris.sk\/historia\/kastiel-tulcik\/#primaryimage"},"thumbnailUrl":"https:\/\/www.regionsaris.sk\/wp-content\/uploads\/2026\/01\/Tulcik-kastiel.jpg","datePublished":"2020-11-19T08:03:04+00:00","breadcrumb":{"@id":"https:\/\/www.regionsaris.sk\/historia\/kastiel-tulcik\/#breadcrumb"},"inLanguage":"hu","potentialAction":[{"@type":"ReadAction","target":["https:\/\/www.regionsaris.sk\/historia\/kastiel-tulcik\/"]}]},{"@type":"ImageObject","inLanguage":"hu","@id":"https:\/\/www.regionsaris.sk\/historia\/kastiel-tulcik\/#primaryimage","url":"https:\/\/www.regionsaris.sk\/wp-content\/uploads\/2026\/01\/Tulcik-kastiel.jpg","contentUrl":"https:\/\/www.regionsaris.sk\/wp-content\/uploads\/2026\/01\/Tulcik-kastiel.jpg","width":800,"height":600},{"@type":"BreadcrumbList","@id":"https:\/\/www.regionsaris.sk\/historia\/kastiel-tulcik\/#breadcrumb","itemListElement":[{"@type":"ListItem","position":1,"name":"Domov","item":"https:\/\/www.regionsaris.sk\/"},{"@type":"ListItem","position":2,"name":"Hist\u00f3ria regi\u00f3nu","item":"https:\/\/www.regionsaris.sk\/historia-regionu\/"},{"@type":"ListItem","position":3,"name":"Ka\u0161tie\u013e Tul\u010d\u00edk"}]},{"@type":"WebSite","@id":"https:\/\/www.regionsaris.sk\/#website","url":"https:\/\/www.regionsaris.sk\/","name":"OOCR \u0160ari\u0161","description":"","potentialAction":[{"@type":"SearchAction","target":{"@type":"EntryPoint","urlTemplate":"https:\/\/www.regionsaris.sk\/?s={search_term_string}"},"query-input":{"@type":"PropertyValueSpecification","valueRequired":true,"valueName":"search_term_string"}}],"inLanguage":"hu"}]}},"_links":{"self":[{"href":"https:\/\/www.regionsaris.sk\/hu\/wp-json\/wp\/v2\/historia\/2144","targetHints":{"allow":["GET"]}}],"collection":[{"href":"https:\/\/www.regionsaris.sk\/hu\/wp-json\/wp\/v2\/historia"}],"about":[{"href":"https:\/\/www.regionsaris.sk\/hu\/wp-json\/wp\/v2\/types\/historia"}],"wp:featuredmedia":[{"embeddable":true,"href":"https:\/\/www.regionsaris.sk\/hu\/wp-json\/wp\/v2\/media\/1926"}],"wp:attachment":[{"href":"https:\/\/www.regionsaris.sk\/hu\/wp-json\/wp\/v2\/media?parent=2144"}],"wp:term":[{"taxonomy":"kategoria-poi","embeddable":true,"href":"https:\/\/www.regionsaris.sk\/hu\/wp-json\/wp\/v2\/kategoria-poi?post=2144"},{"taxonomy":"lokalita","embeddable":true,"href":"https:\/\/www.regionsaris.sk\/hu\/wp-json\/wp\/v2\/lokalita?post=2144"},{"taxonomy":"sezona-poi","embeddable":true,"href":"https:\/\/www.regionsaris.sk\/hu\/wp-json\/wp\/v2\/sezona-poi?post=2144"},{"taxonomy":"trvanie-vyletu","embeddable":true,"href":"https:\/\/www.regionsaris.sk\/hu\/wp-json\/wp\/v2\/trvanie-vyletu?post=2144"}],"curies":[{"name":"wp","href":"https:\/\/api.w.org\/{rel}","templated":true}]}}