{"id":2143,"date":"2020-11-18T14:33:21","date_gmt":"2020-11-18T13:33:21","guid":{"rendered":"https:\/\/www.regionsaris.sk\/historia\/szirmayov-palac-presov\/"},"modified":"2020-11-18T14:33:21","modified_gmt":"2020-11-18T13:33:21","slug":"szirmayov-palac-presov","status":"publish","type":"historia","link":"https:\/\/www.regionsaris.sk\/hu\/historia\/szirmayov-palac-presov\/","title":{"rendered":"Szirmay-palota Pre\u0161ov"},"content":{"rendered":"<p>Szirmayovszky kast\u00e9ly - palota Pre\u0161ov (Pre\u0161ov)<\/p>\n\n\n\n<p>A palot\u00e1t Tom\u00e1\u0161 Szirmay \u00e9p\u00edttette, majd v\u00e1ltozott a k\u00fclseje \u00e9s a tulajdonosai, \u00edgy az eredeti neve fokozatosan feled\u00e9sbe mer\u00fclt, \u00e9s a mai gener\u00e1ci\u00f3k vagy Ortodox Isteni Kar, vagy az \u00datt\u00f6r\u0151k \u00e9s Ifjak H\u00e1za n\u00e9ven ismerik, a k\u00f6znyelvben \u201epi\u0148\u010fak\u201c n\u00e9ven.<\/p>\n\n\n\n<p>A kast\u00e9ly vagy palota a 18. sz\u00e1zad els\u0151 fel\u00e9ben \u00e9p\u00fclt Pre\u0161ov v\u00e1ros\u00e1nak sz\u00e9l\u00e9n, uradalmi rezidenciak\u00e9nt, vil\u00e1g\u00edt\u00f3toronnyal. Alaprajza L alak\u00fa, egyemeletes k\u0151\u00e9p\u00fclet volt, h\u00e9t kamr\u00e1val, k\u00e9t szob\u00e1val \u00e9s egy kamr\u00e1val. A kast\u00e9lyt m\u0171v\u00e9szi b\u00fatorokkal \u00e9s olasz mesterek \u00e9rt\u00e9kes festm\u00e9nyeivel rendezt\u00e9k be. A k\u00fari\u00e1ban \u00e9l\u00e9nk zenei \u00e9let folyt. \u00c1ll\u00edt\u00f3lag 38 tag\u00fa k\u00f3rus m\u0171k\u00f6d\u00f6tt. K\u00e9s\u0151bb az \u00e9p\u00fcletet a mai form\u00e1j\u00e1ra alak\u00edtott\u00e1k \u00e1t, \u00e9s amikor b\u00e1r\u00f3 Spl\u00e9nyi J\u00e1nos tulajdon\u00e1ba ker\u00fclt, reprezentat\u00edvabb k\u00fcls\u0151t kapott. A k\u00f6rny\u00e9k terep\u00e9t \u00e9rt\u00e9kes parkk\u00e1 \u00e9s gy\u00fcm\u00f6lcs\u00f6skertt\u00e9 alak\u00edtott\u00e1k \u00e1t, amely d\u00e9lre a vas\u00fatvonalig, nyugatra pedig a mai Fekete h\u00eddig terjedt. Ma ez a cs\u00fazli kett\u00e9osztott, de az \u00e9szaki udvaron m\u00e9g mindig megcsod\u00e1lhat\u00f3 egy figyelemre m\u00e9lt\u00f3, k\u00f6zel k\u00e9tsz\u00e1z \u00e9ves l\u00f3gesztenye p\u00e9ld\u00e1ny. A park parkos\u00edt\u00e1shoz, ahogy a barokk \u00f3ta szok\u00e1s, az udvari homlokzat el\u0151tt egy parterre, vagyis szab\u00e1lyos d\u00edsz\u00edt\u00e9s\u0171 ter\u00fclet tartozott, amelynek egykor sz\u00f6k\u0151k\u00fattal d\u00edsz\u00edtett t\u00e1mpill\u00e9rje volt.<\/p>\n\n\n\n<p>Az ut\u00f3bbi \u00e1talak\u00edt\u00e1s sor\u00e1n gazdag k\u00e9s\u0151 barokk elemek \u00e9s stukk\u00f3d\u00edszek jelentek meg a homlokzatokon. A d\u00e9li oldalon egy pomp\u00e1s, h\u00e1romsz\u00f6glet\u0171 nyeregtet\u0151vel ell\u00e1tott \u00f6b\u00f6l kapott helyet, \u00e9s az eg\u00e9sz kuri\u00f3zumh\u00e1z manz\u00e1rdtet\u0151t kapott. A rizalitot pilaszterek kvartettje tagolja, k\u00f6z\u00e9pen bej\u00e1rattal. Az eg\u00e9sz \u00e9p\u00fclet ablakait kov\u00e1csoltvas r\u00e1csok d\u00edsz\u00edtik, amelyeken k\u00f6r\u00f6k, \u00e1szan\u00e1k, vir\u00e1gok \u00e9s vir\u00e1gf\u00fcz\u00e9rek mot\u00edvuma l\u00e1that\u00f3. A lak\u00f3terek porosz boltozattal rendelkeznek, az egyikben f\u00e9lk\u00f6r\u00edves f\u00fclk\u00e9k vannak, amelyekben a k\u00e1lyh\u00e1t helyezt\u00e9k el. Az eredeti bels\u0151 t\u00e9rb\u0151l k\u00e9t ajt\u00f3 maradt meg. A kuri\u00f3zum alatt van egy f\u00f6ldalatti, k\u00edv\u00fclr\u0151l megk\u00f6zel\u00edthet\u0151, bolt\u00edves mennyezet\u0171 t\u00e9r. Feltehet\u0151en van egy m\u00e1sik pince is, amelybe a folyos\u00f3r\u00f3l lehetett bejutni, a sz\u00e1rnyak keresztez\u0151d\u00e9s\u00e9n\u00e9l. A K\u00fari\u00e1t, vagyis a Szirama-palot\u00e1t t\u00f6bb c\u00e9lra is haszn\u00e1lt\u00e1k. Ezek k\u00f6z\u00fcl sokat hom\u00e1ly fed el. \u00c1ll\u00edt\u00f3lag az els\u0151 vil\u00e1gh\u00e1bor\u00fa alatt \u00fagynevezett t\u00edfuszbarakk volt, ahol t\u00edfuszt kezeltek, a m\u00e1sodik vil\u00e1gh\u00e1bor\u00faban a n\u00e9metek foglalt\u00e1k el az \u00e9p\u00fcletet, a h\u00e1bor\u00fa ut\u00e1n pedig katonai laktanya volt. K\u00e9s\u0151bb \u00fatt\u00f6r\u0151k telepedtek le itt, \u00e9rdemes megeml\u00edteni a Tarj\u00e1nyi Vilmos vezette \u00fatt\u00f6r\u0151 f\u00fav\u00f3szenekart, akinek a homlokzaton eml\u00e9kt\u00e1bla is van.<\/p>\n\n\n\n<p>A Szirmay-palota r\u00e9sze a\u00a0<a href=\"https:\/\/www.sarisskahradnacesta.sk\/\">\u0160ari\u0161 v\u00e1r \u00fatjai<\/a>.<\/p>\n\n\n\n<p>Forr\u00e1s: Pre\u0161ov felfedez\u00e9se<\/p>\n\n\n\n<p>F\u00e9nyk\u00e9p: Jozef Kouli\u010d, Ing, pamiatkynaslovensku.sk<\/p>","protected":false},"featured_media":1920,"template":"","meta":{"_acf_changed":false},"kategoria-poi":[105,173],"lokalita":[26],"sezona-poi":[],"trvanie-vyletu":[],"class_list":["post-2143","historia","type-historia","status-publish","has-post-thumbnail","hentry","kategoria-poi-historia","kategoria-poi-kastiele-a-kurie","lokalita-mesto-presov"],"acf":[],"yoast_head":"<!-- This site is optimized with the Yoast SEO Premium plugin v26.3 (Yoast SEO v26.8) - https:\/\/yoast.com\/product\/yoast-seo-premium-wordpress\/ -->\n<title>Szirmayov pal\u00e1c Pre\u0161ov - OOCR \u0160ari\u0161<\/title>\n<meta name=\"robots\" content=\"index, follow, max-snippet:-1, max-image-preview:large, max-video-preview:-1\" \/>\n<link rel=\"canonical\" href=\"https:\/\/www.regionsaris.sk\/hu\/historia\/szirmayov-palac-presov\/\" \/>\n<meta property=\"og:locale\" content=\"hu_HU\" \/>\n<meta property=\"og:type\" content=\"article\" \/>\n<meta property=\"og:title\" content=\"Szirmayov pal\u00e1c Pre\u0161ov\" \/>\n<meta property=\"og:description\" content=\"Szirmayovsk\u00fd ka\u0161tie\u013e \u2013 pal\u00e1c Pre\u0161ov Pal\u00e1c dal postavi\u0165 Tom\u00e1\u0161 Szirmay a\u00a0menil svoj vzh\u013ead aj majite\u013eov...\" \/>\n<meta property=\"og:url\" content=\"https:\/\/www.regionsaris.sk\/hu\/historia\/szirmayov-palac-presov\/\" \/>\n<meta property=\"og:site_name\" content=\"OOCR \u0160ari\u0161\" \/>\n<meta property=\"og:image\" content=\"https:\/\/www.regionsaris.sk\/wp-content\/uploads\/2026\/01\/Szirmaiova-kuria_1.jpg\" \/>\n\t<meta property=\"og:image:width\" content=\"1066\" \/>\n\t<meta property=\"og:image:height\" content=\"800\" \/>\n\t<meta property=\"og:image:type\" content=\"image\/jpeg\" \/>\n<meta name=\"twitter:card\" content=\"summary_large_image\" \/>\n<meta name=\"twitter:label1\" content=\"Becs\u00fclt olvas\u00e1si id\u0151\" \/>\n\t<meta name=\"twitter:data1\" content=\"2 perc\" \/>\n<script type=\"application\/ld+json\" class=\"yoast-schema-graph\">{\"@context\":\"https:\/\/schema.org\",\"@graph\":[{\"@type\":\"WebPage\",\"@id\":\"https:\/\/www.regionsaris.sk\/historia\/szirmayov-palac-presov\/\",\"url\":\"https:\/\/www.regionsaris.sk\/historia\/szirmayov-palac-presov\/\",\"name\":\"Szirmayov pal\u00e1c Pre\u0161ov - OOCR \u0160ari\u0161\",\"isPartOf\":{\"@id\":\"https:\/\/www.regionsaris.sk\/#website\"},\"primaryImageOfPage\":{\"@id\":\"https:\/\/www.regionsaris.sk\/historia\/szirmayov-palac-presov\/#primaryimage\"},\"image\":{\"@id\":\"https:\/\/www.regionsaris.sk\/historia\/szirmayov-palac-presov\/#primaryimage\"},\"thumbnailUrl\":\"https:\/\/www.regionsaris.sk\/wp-content\/uploads\/2026\/01\/Szirmaiova-kuria_1.jpg\",\"datePublished\":\"2020-11-18T13:33:21+00:00\",\"breadcrumb\":{\"@id\":\"https:\/\/www.regionsaris.sk\/historia\/szirmayov-palac-presov\/#breadcrumb\"},\"inLanguage\":\"hu\",\"potentialAction\":[{\"@type\":\"ReadAction\",\"target\":[\"https:\/\/www.regionsaris.sk\/historia\/szirmayov-palac-presov\/\"]}]},{\"@type\":\"ImageObject\",\"inLanguage\":\"hu\",\"@id\":\"https:\/\/www.regionsaris.sk\/historia\/szirmayov-palac-presov\/#primaryimage\",\"url\":\"https:\/\/www.regionsaris.sk\/wp-content\/uploads\/2026\/01\/Szirmaiova-kuria_1.jpg\",\"contentUrl\":\"https:\/\/www.regionsaris.sk\/wp-content\/uploads\/2026\/01\/Szirmaiova-kuria_1.jpg\",\"width\":1066,\"height\":800},{\"@type\":\"BreadcrumbList\",\"@id\":\"https:\/\/www.regionsaris.sk\/historia\/szirmayov-palac-presov\/#breadcrumb\",\"itemListElement\":[{\"@type\":\"ListItem\",\"position\":1,\"name\":\"Domov\",\"item\":\"https:\/\/www.regionsaris.sk\/\"},{\"@type\":\"ListItem\",\"position\":2,\"name\":\"Hist\u00f3ria regi\u00f3nu\",\"item\":\"https:\/\/www.regionsaris.sk\/historia-regionu\/\"},{\"@type\":\"ListItem\",\"position\":3,\"name\":\"Szirmayov pal\u00e1c Pre\u0161ov\"}]},{\"@type\":\"WebSite\",\"@id\":\"https:\/\/www.regionsaris.sk\/#website\",\"url\":\"https:\/\/www.regionsaris.sk\/\",\"name\":\"OOCR \u0160ari\u0161\",\"description\":\"\",\"potentialAction\":[{\"@type\":\"SearchAction\",\"target\":{\"@type\":\"EntryPoint\",\"urlTemplate\":\"https:\/\/www.regionsaris.sk\/?s={search_term_string}\"},\"query-input\":{\"@type\":\"PropertyValueSpecification\",\"valueRequired\":true,\"valueName\":\"search_term_string\"}}],\"inLanguage\":\"hu\"}]}<\/script>\n<!-- \/ Yoast SEO Premium plugin. -->","yoast_head_json":{"title":"Szirmayov pal\u00e1c Pre\u0161ov - OOCR \u0160ari\u0161","robots":{"index":"index","follow":"follow","max-snippet":"max-snippet:-1","max-image-preview":"max-image-preview:large","max-video-preview":"max-video-preview:-1"},"canonical":"https:\/\/www.regionsaris.sk\/hu\/historia\/szirmayov-palac-presov\/","og_locale":"hu_HU","og_type":"article","og_title":"Szirmayov pal\u00e1c Pre\u0161ov","og_description":"Szirmayovsk\u00fd ka\u0161tie\u013e \u2013 pal\u00e1c Pre\u0161ov Pal\u00e1c dal postavi\u0165 Tom\u00e1\u0161 Szirmay a\u00a0menil svoj vzh\u013ead aj majite\u013eov...","og_url":"https:\/\/www.regionsaris.sk\/hu\/historia\/szirmayov-palac-presov\/","og_site_name":"OOCR \u0160ari\u0161","og_image":[{"width":1066,"height":800,"url":"https:\/\/www.regionsaris.sk\/wp-content\/uploads\/2026\/01\/Szirmaiova-kuria_1.jpg","type":"image\/jpeg"}],"twitter_card":"summary_large_image","twitter_misc":{"Becs\u00fclt olvas\u00e1si id\u0151":"2 perc"},"schema":{"@context":"https:\/\/schema.org","@graph":[{"@type":"WebPage","@id":"https:\/\/www.regionsaris.sk\/historia\/szirmayov-palac-presov\/","url":"https:\/\/www.regionsaris.sk\/historia\/szirmayov-palac-presov\/","name":"Szirmayov pal\u00e1c Pre\u0161ov - OOCR \u0160ari\u0161","isPartOf":{"@id":"https:\/\/www.regionsaris.sk\/#website"},"primaryImageOfPage":{"@id":"https:\/\/www.regionsaris.sk\/historia\/szirmayov-palac-presov\/#primaryimage"},"image":{"@id":"https:\/\/www.regionsaris.sk\/historia\/szirmayov-palac-presov\/#primaryimage"},"thumbnailUrl":"https:\/\/www.regionsaris.sk\/wp-content\/uploads\/2026\/01\/Szirmaiova-kuria_1.jpg","datePublished":"2020-11-18T13:33:21+00:00","breadcrumb":{"@id":"https:\/\/www.regionsaris.sk\/historia\/szirmayov-palac-presov\/#breadcrumb"},"inLanguage":"hu","potentialAction":[{"@type":"ReadAction","target":["https:\/\/www.regionsaris.sk\/historia\/szirmayov-palac-presov\/"]}]},{"@type":"ImageObject","inLanguage":"hu","@id":"https:\/\/www.regionsaris.sk\/historia\/szirmayov-palac-presov\/#primaryimage","url":"https:\/\/www.regionsaris.sk\/wp-content\/uploads\/2026\/01\/Szirmaiova-kuria_1.jpg","contentUrl":"https:\/\/www.regionsaris.sk\/wp-content\/uploads\/2026\/01\/Szirmaiova-kuria_1.jpg","width":1066,"height":800},{"@type":"BreadcrumbList","@id":"https:\/\/www.regionsaris.sk\/historia\/szirmayov-palac-presov\/#breadcrumb","itemListElement":[{"@type":"ListItem","position":1,"name":"Domov","item":"https:\/\/www.regionsaris.sk\/"},{"@type":"ListItem","position":2,"name":"Hist\u00f3ria regi\u00f3nu","item":"https:\/\/www.regionsaris.sk\/historia-regionu\/"},{"@type":"ListItem","position":3,"name":"Szirmayov pal\u00e1c Pre\u0161ov"}]},{"@type":"WebSite","@id":"https:\/\/www.regionsaris.sk\/#website","url":"https:\/\/www.regionsaris.sk\/","name":"OOCR \u0160ari\u0161","description":"","potentialAction":[{"@type":"SearchAction","target":{"@type":"EntryPoint","urlTemplate":"https:\/\/www.regionsaris.sk\/?s={search_term_string}"},"query-input":{"@type":"PropertyValueSpecification","valueRequired":true,"valueName":"search_term_string"}}],"inLanguage":"hu"}]}},"_links":{"self":[{"href":"https:\/\/www.regionsaris.sk\/hu\/wp-json\/wp\/v2\/historia\/2143","targetHints":{"allow":["GET"]}}],"collection":[{"href":"https:\/\/www.regionsaris.sk\/hu\/wp-json\/wp\/v2\/historia"}],"about":[{"href":"https:\/\/www.regionsaris.sk\/hu\/wp-json\/wp\/v2\/types\/historia"}],"wp:featuredmedia":[{"embeddable":true,"href":"https:\/\/www.regionsaris.sk\/hu\/wp-json\/wp\/v2\/media\/1920"}],"wp:attachment":[{"href":"https:\/\/www.regionsaris.sk\/hu\/wp-json\/wp\/v2\/media?parent=2143"}],"wp:term":[{"taxonomy":"kategoria-poi","embeddable":true,"href":"https:\/\/www.regionsaris.sk\/hu\/wp-json\/wp\/v2\/kategoria-poi?post=2143"},{"taxonomy":"lokalita","embeddable":true,"href":"https:\/\/www.regionsaris.sk\/hu\/wp-json\/wp\/v2\/lokalita?post=2143"},{"taxonomy":"sezona-poi","embeddable":true,"href":"https:\/\/www.regionsaris.sk\/hu\/wp-json\/wp\/v2\/sezona-poi?post=2143"},{"taxonomy":"trvanie-vyletu","embeddable":true,"href":"https:\/\/www.regionsaris.sk\/hu\/wp-json\/wp\/v2\/trvanie-vyletu?post=2143"}],"curies":[{"name":"wp","href":"https:\/\/api.w.org\/{rel}","templated":true}]}}