{"id":2142,"date":"2020-11-04T14:17:35","date_gmt":"2020-11-04T13:17:35","guid":{"rendered":"https:\/\/www.regionsaris.sk\/historia\/hradisko-varhegy-varhed-jarovnice-uzovsky-salgov\/"},"modified":"2020-11-04T14:17:35","modified_gmt":"2020-11-04T13:17:35","slug":"hradisko-varhegy-varhed-jarovnice-uzovsky-salgov","status":"publish","type":"historia","link":"https:\/\/www.regionsaris.sk\/hu\/historia\/hradisko-varhegy-varhed-jarovnice-uzovsky-salgov\/","title":{"rendered":"V\u00e1rhegy v\u00e1ra - V\u00e1rhe\u010f (Jarovnice\/Uzovsky \u0160algov)"},"content":{"rendered":"<p>\u0150skori dombv\u00e1r a neolitikumb\u00f3l, az eneolitikumb\u00f3l, a hallstatti \u00e9s a k\u00f6z\u00e9pkorb\u00f3l. A Mo\u010did\u013eany szelv\u00e9nyt\u0151l \u00e9szaknyugatra, 503,0 m magass\u00e1gban, egy meredek dombon tal\u00e1lhat\u00f3.\u00a0<strong>A s\u00f6rf\u0151zde\u00a0<\/strong>(513 m tengerszint feletti magass\u00e1g), Uzovsk\u00fd \u0160algov k\u00f6zs\u00e9gt\u0151l d\u00e9lre, amelyet Dr. Jozef Rep\u010d\u00e1k fedezett fel. Maga a hegyv\u00e1r Jarovnice k\u00f6zs\u00e9g kataszter\u00e9nek \u00e9szaknyugati sz\u00e9l\u00e9n tal\u00e1lhat\u00f3. A r\u00e9g\u00e9szeti szakirodalomban V\u00e1rhe\u010f (gyakran V\u00e1rhegy is) hely\u00e9t nemcsak Jarovnice vagy Mo\u010did\u013eany, amely ma Jarovnice helyi r\u00e9sze, hanem gyakran Uzovsk\u00fd \u0160algov (Uzovszk\u00fd \u0160algov) telep\u00fcl\u00e9ssel is \u00f6sszef\u00fcgg\u00e9sbe hozz\u00e1k. Ennek egyszer\u0171 magyar\u00e1zata van, V\u00e1rhe\u010f az Uzovsk\u00e9 \u0160algovb\u00f3l V\u00e1rhe\u010fhez \u00e1ll a legk\u00f6zelebb, \u00e9s a k\u00f6z\u00e9pkorban egy bizonyos ideig V\u00e1rhe\u010f is Uzovsk\u00e9 \u0160algov birtokosaihoz tartozott. A mai napig a V\u00e1rhegyi erd\u0151 tulajdonosai Uzovsk\u00e9 \u0160algov polg\u00e1rai, vagy legal\u00e1bbis \u0151slakosai.<\/p>\n\n\n\n<p>A V\u00e1rhegyen l\u00e9v\u0151 hegyi er\u0151d ov\u00e1lis emelv\u00e9ny\u00e9t el\u0151sz\u00f6r a V\u00e1rhegyen lakt\u00e1k. <strong>a fiatalabb k\u0151korszakban\u00a0<\/strong>(neolitikum; Kr. e. 6000-3300). Els\u0151k\u00e9nt a keleti vonalas ker\u00e1mi\u00e1val rendelkez\u0151 kult\u00fara n\u00e9pe, annak fiatalabb szakasza, amelyet Tiszadob csoportnak neveznek. Az els\u0151 parasztok leteleped\u00e9s\u00e9t nagyj\u00e1b\u00f3l a Kr. e. 5. \u00e9vezred 2. fel\u00e9re dat\u00e1lhatjuk. V\u00e1rhe\u010f telep\u00fcl\u00e9s\u00e9nek legintenz\u00edvebb neolitikus szakasza azonban a bukov-hegyi kult\u00fara n\u00e9p\u00e9hez k\u00f6thet\u0151, amit a Szlov\u00e1k Tudom\u00e1nyos Akad\u00e9mia R\u00e9g\u00e9szeti Int\u00e9zet\u00e9nek munkat\u00e1rsa, Vojtech Budinsk\u00fd-Kri\u010dka 1954-ben v\u00e9gzett felder\u00edt\u0151 kutat\u00e1sai sor\u00e1n felt\u00e1rt telep\u00fcl\u00e9si leletek bizony\u00edtanak. A bukovohorszki kult\u00fara a Kr. e. 5. \u00e9vezred utols\u00f3 \u00e9vsz\u00e1zadaiban alakult ki a \u0160ari\u0161sk\u00e9 Podol\u00ed r\u00e9gi\u00f3ban a Tiszadob-csoport alapk\u0151zet\u00e9n, egyre intenz\u00edvebb telep\u00fcl\u00e9sekkel. A Bukov-hegyi kult\u00fara telep\u00fcl\u00e9si leleteit az Uzovsk\u00e9 \u0160algovhoz k\u00f6zeli falvak kataszter\u00e9ben is megtal\u00e1lt\u00e1k, pl. Jarovnice, Ra\u017e\u0148any \u00e9s Ostrovany telep\u00fcl\u00e9seken.<\/p>\n\n\n\n<p>A bukov-hegyi kult\u00fara n\u00e9pe kihaszn\u00e1lta a V\u00e1rhe\u010f-hegy magaslati helyzet\u00e9t, \u00e9s a kutat\u00e1si eredm\u00e9nyek szerint k\u00e9t mesters\u00e9ges telep\u00fcl\u00e9s-teraszt hoztak l\u00e9tre a hegy d\u00e9li oldal\u00e1n, az akropolisz alatt. V\u00e1rhe\u010f legal\u00e1bbis refugiumk\u00e9nt funkcion\u00e1lt, \u00e9s csak vesz\u00e9ly idej\u00e9n szolg\u00e1lt ideiglenes telep\u00fcl\u00e9sk\u00e9nt, mened\u00e9khelyk\u00e9nt.<\/p>\n\n\n\n<p>Az \u0151skor k\u00f6vetkez\u0151 szakasz\u00e1ban sem V\u00e1rhe\u010f, sem \u0160ari\u0161sk\u00e9 podolie nem volt lakott. Az \u00fajb\u00f3li ben\u00e9pes\u00fcl\u00e9s a k\u00e9s\u0151 k\u0151korszakra (eneolitikum; i. e. 3300-1900) dat\u00e1l\u00f3dik, a badeni kult\u00fara n\u00e9pe \u00e1ltal az eneolitikum k\u00f6z\u00e9ps\u0151 szakasz\u00e1ban. A badeni kult\u00fara leletei a szomsz\u00e9dos Ra\u017e\u0148any k\u00f6zs\u00e9g kataszter\u00e9ben is el\u0151ker\u00fcltek, ahol a rep\u00fcl\u0151t\u00e9r ter\u00fclet\u00e9n felt\u00e9telezhet\u0151en egy nagy kiterjed\u00e9s\u0171 ny\u00edlt telep\u00fcl\u00e9s volt.<\/p>\n\n\n\n<p>V\u00e1rhe\u010f sokkal intenz\u00edvebben volt lakott.\u00a0<strong>a korai \u00e9s k\u00e9s\u0151 bronzkorban<\/strong>\u00a0(I. E. 1200 - 700). Az itt letelepedett emberek \u00e1ll\u00edt\u00f3lag a visszah\u00faz\u00f3d\u00f3 Pilin-kult\u00fara hordoz\u00f3i voltak, amely a lusz\u00e1ci kult\u00farkomplexum \u00e9s a g\u00e1v kult\u00fara hat\u00e1sa alatt \u00e1llt. A V\u00e1rhe\u010f-hegy megteleped\u00e9s\u00e9nek k\u00f6vetkez\u0151 szakasz\u00e1t a kor\u00e1bbi vaskorban (Hallstatt-korszak; i. e. 700-400) felt\u00e9telezik. Az als\u00f3 d\u00e9li teraszon egy massz\u00edv \u00e1rok \u00e9p\u00edt\u00e9se is ennek a f\u00e1zisnak tulajdon\u00edthat\u00f3, \u00e9s egy halom l\u00e9tez\u00e9se is felt\u00e9telezhet\u0151.<\/p>\n\n\n\n<p>A k\u00e9s\u0151 bronzkori \u00e9s a kora vaskori telep\u00fcl\u00e9sek k\u00f6z\u00f6tti kapcsolat nem el\u00e9gg\u00e9 egy\u00e9rtelm\u0171, mivel a felm\u00e9r\u00e9si kutat\u00e1sok eredm\u00e9nyeit nem publik\u00e1lt\u00e1k k\u00fcl\u00f6n, illetve csak az V. cikkben eml\u00edtik. Budinsk\u00fd-Kri\u010dka in Slovak Archaeology (1961), ahol a \u201ehallstatti korszak\u201c leleteik\u00e9nt eml\u00edti \u0151ket. Lehets\u00e9ges azonban, hogy ezek ugyanazokr\u00f3l a leletekr\u0151l van sz\u00f3, amelyeket csak k\u00fcl\u00f6nb\u00f6z\u0151 kult\u00far\u00e1khoz rendeltek.<\/p>\n\n\n\n<p>A r\u00f3mai kor (Kr. u. 0 - 400) megismer\u00e9se szempontj\u00e1b\u00f3l nagyon fontos helysz\u00edn a Nad Imunou helys\u00e9gben, Ostrovany \u00e9s Medzany k\u00f6zs\u00e9gek hat\u00e1r\u00e1n tal\u00e1lhat\u00f3 lel\u0151hely. Ez egy olyan telep\u00fcl\u00e9s, amely a fiatalabb r\u00f3mai korban egy t\u00e1gabb ter\u00fclet (legal\u00e1bbis a Fels\u0151- \u00e9s K\u00f6z\u00e9ps\u0151-Torz\u00f3 ter\u00fclet\u00e9nek) k\u00e9zm\u0171ves \u00e9s val\u00f3sz\u00edn\u0171leg politikai k\u00f6zpontja is volt. Jelent\u0151s\u00e9g\u00e9t nemcsak az 1983, 1986-1992 k\u00f6z\u00f6tti szisztematikus r\u00e9g\u00e9szeti \u00e1sat\u00e1sok telep\u00fcl\u00e9sleletei bizony\u00edtj\u00e1k. A k\u00e9t ostrov\u00e1nyi fejedelmi s\u00edrban felt\u00e1rt, sajnos m\u00e1r 1790-ben \u00e9s 1865-ben megtal\u00e1lt \u00e9rt\u00e9kes eml\u00e9kek (a b\u00e9csi Kunsthistorisches Museum \u00e9s a budapesti Magyar Nemzeti M\u00fazeum gy\u0171jtem\u00e9ny\u00e9ben vannak) \u00f6nmagukban is nagy tan\u00fas\u00e1gt\u00e9teli \u00e9rt\u00e9kkel b\u00edrnak. Mindk\u00e9t s\u00edr tartalma nemcsak egy fejedelmi r\u00e9teg l\u00e9tez\u00e9s\u00e9r\u0151l tan\u00faskodik, hanem a t\u00e9rs\u00e9g kora r\u00f3mai kori gazdas\u00e1gi prosperit\u00e1s\u00e1t is bizony\u00edtja. Felt\u00e9telezhet\u0151, hogy a Torysa foly\u00f3 jobb oldali terasza ment\u00e9n Medzianyt\u00f3l Ostrovanyon \u00e1t Osztrovanyig \u00e9s Ra\u017e\u0148anyig t\u00f6bb kilom\u00e9ter hosszan h\u00faz\u00f3dott egy jelent\u0151s telep\u00fcl\u00e9s \u00e9s gazdas\u00e1gi \u201eagglomer\u00e1ci\u00f3\u201c. A Nad Imunou hely\u00e9n l\u00e9v\u0151 telep\u00fcl\u00e9s lak\u00f3inak legfontosabb gazdas\u00e1gi tev\u00e9kenys\u00e9ge az \u00fagynevezett sz\u00fcrke ker\u00e1mia (a f\u00e9ny\u0171z\u0151 r\u00f3mai terra sigillata hazai p\u00e1rhuzama) \u00e9s a koh\u00e1szati tev\u00e9kenys\u00e9g volt. A szigeti telep\u00fcl\u00e9snek a R\u00f3mai Birodalom ter\u00fclet\u00e9vel val\u00f3 kapcsolat\u00e1t egy idegen tartom\u00e1ny term\u00e9kei (terra sigillata, csattok) \u00e9s a R\u00f3mai Birodalom idej\u00e9b\u0151l sz\u00e1rmaz\u00f3 \u00e9rm\u00e9k bizony\u00edtj\u00e1k.<\/p>\n\n\n\n<p>Forr\u00e1s: Uzovsk\u00fd \u0160algov telep\u00fcl\u00e9s<\/p>\n\n\n\n<p>Fot\u00f3:hiking.sk<\/p>","protected":false},"featured_media":1917,"template":"","meta":{"_acf_changed":false},"kategoria-poi":[105,106,171],"lokalita":[27],"sezona-poi":[],"trvanie-vyletu":[],"class_list":["post-2142","historia","type-historia","status-publish","has-post-thumbnail","hentry","kategoria-poi-historia","kategoria-poi-hrady","kategoria-poi-ine-vyznamne-pamiatky","lokalita-sabinov-a-okolie"],"acf":[],"yoast_head":"<!-- This site is optimized with the Yoast SEO Premium plugin v26.3 (Yoast SEO v26.8) - https:\/\/yoast.com\/product\/yoast-seo-premium-wordpress\/ -->\n<title>Hradisko V\u00e1rhegy - V\u00e1rhe\u010f (Jarovnice\/Uzovsk\u00fd \u0160algov) - OOCR \u0160ari\u0161<\/title>\n<meta name=\"robots\" content=\"index, follow, max-snippet:-1, max-image-preview:large, max-video-preview:-1\" \/>\n<link rel=\"canonical\" href=\"https:\/\/www.regionsaris.sk\/hu\/historia\/hradisko-varhegy-varhed-jarovnice-uzovsky-salgov\/\" \/>\n<meta property=\"og:locale\" content=\"hu_HU\" \/>\n<meta property=\"og:type\" content=\"article\" \/>\n<meta property=\"og:title\" content=\"Hradisko V\u00e1rhegy - V\u00e1rhe\u010f (Jarovnice\/Uzovsk\u00fd \u0160algov)\" \/>\n<meta property=\"og:description\" content=\"Pravek\u00e9 hradisko z\u00a0obdobia neolitu, eneolitu, doby hal\u0161tatskej a\u00a0stredoveku. Nach\u00e1dza sa severoz\u00e1padne od \u010dasti Mo\u010did\u013eany na...\" \/>\n<meta property=\"og:url\" content=\"https:\/\/www.regionsaris.sk\/hu\/historia\/hradisko-varhegy-varhed-jarovnice-uzovsky-salgov\/\" \/>\n<meta property=\"og:site_name\" content=\"OOCR \u0160ari\u0161\" \/>\n<meta property=\"og:image\" content=\"https:\/\/www.regionsaris.sk\/wp-content\/uploads\/2026\/01\/Hradisko-Varhegy-Varhed.jpg\" \/>\n\t<meta property=\"og:image:width\" content=\"494\" \/>\n\t<meta property=\"og:image:height\" content=\"370\" \/>\n\t<meta property=\"og:image:type\" content=\"image\/jpeg\" \/>\n<meta name=\"twitter:card\" content=\"summary_large_image\" \/>\n<meta name=\"twitter:label1\" content=\"Becs\u00fclt olvas\u00e1si id\u0151\" \/>\n\t<meta name=\"twitter:data1\" content=\"4 perc\" \/>\n<script type=\"application\/ld+json\" class=\"yoast-schema-graph\">{\"@context\":\"https:\/\/schema.org\",\"@graph\":[{\"@type\":\"WebPage\",\"@id\":\"https:\/\/www.regionsaris.sk\/historia\/hradisko-varhegy-varhed-jarovnice-uzovsky-salgov\/\",\"url\":\"https:\/\/www.regionsaris.sk\/historia\/hradisko-varhegy-varhed-jarovnice-uzovsky-salgov\/\",\"name\":\"Hradisko V\u00e1rhegy - V\u00e1rhe\u010f (Jarovnice\/Uzovsk\u00fd \u0160algov) - OOCR \u0160ari\u0161\",\"isPartOf\":{\"@id\":\"https:\/\/www.regionsaris.sk\/#website\"},\"primaryImageOfPage\":{\"@id\":\"https:\/\/www.regionsaris.sk\/historia\/hradisko-varhegy-varhed-jarovnice-uzovsky-salgov\/#primaryimage\"},\"image\":{\"@id\":\"https:\/\/www.regionsaris.sk\/historia\/hradisko-varhegy-varhed-jarovnice-uzovsky-salgov\/#primaryimage\"},\"thumbnailUrl\":\"https:\/\/www.regionsaris.sk\/wp-content\/uploads\/2026\/01\/Hradisko-Varhegy-Varhed.jpg\",\"datePublished\":\"2020-11-04T13:17:35+00:00\",\"breadcrumb\":{\"@id\":\"https:\/\/www.regionsaris.sk\/historia\/hradisko-varhegy-varhed-jarovnice-uzovsky-salgov\/#breadcrumb\"},\"inLanguage\":\"hu\",\"potentialAction\":[{\"@type\":\"ReadAction\",\"target\":[\"https:\/\/www.regionsaris.sk\/historia\/hradisko-varhegy-varhed-jarovnice-uzovsky-salgov\/\"]}]},{\"@type\":\"ImageObject\",\"inLanguage\":\"hu\",\"@id\":\"https:\/\/www.regionsaris.sk\/historia\/hradisko-varhegy-varhed-jarovnice-uzovsky-salgov\/#primaryimage\",\"url\":\"https:\/\/www.regionsaris.sk\/wp-content\/uploads\/2026\/01\/Hradisko-Varhegy-Varhed.jpg\",\"contentUrl\":\"https:\/\/www.regionsaris.sk\/wp-content\/uploads\/2026\/01\/Hradisko-Varhegy-Varhed.jpg\",\"width\":494,\"height\":370},{\"@type\":\"BreadcrumbList\",\"@id\":\"https:\/\/www.regionsaris.sk\/historia\/hradisko-varhegy-varhed-jarovnice-uzovsky-salgov\/#breadcrumb\",\"itemListElement\":[{\"@type\":\"ListItem\",\"position\":1,\"name\":\"Domov\",\"item\":\"https:\/\/www.regionsaris.sk\/\"},{\"@type\":\"ListItem\",\"position\":2,\"name\":\"Hist\u00f3ria regi\u00f3nu\",\"item\":\"https:\/\/www.regionsaris.sk\/historia-regionu\/\"},{\"@type\":\"ListItem\",\"position\":3,\"name\":\"Hradisko V\u00e1rhegy - V\u00e1rhe\u010f (Jarovnice\/Uzovsk\u00fd \u0160algov)\"}]},{\"@type\":\"WebSite\",\"@id\":\"https:\/\/www.regionsaris.sk\/#website\",\"url\":\"https:\/\/www.regionsaris.sk\/\",\"name\":\"OOCR \u0160ari\u0161\",\"description\":\"\",\"potentialAction\":[{\"@type\":\"SearchAction\",\"target\":{\"@type\":\"EntryPoint\",\"urlTemplate\":\"https:\/\/www.regionsaris.sk\/?s={search_term_string}\"},\"query-input\":{\"@type\":\"PropertyValueSpecification\",\"valueRequired\":true,\"valueName\":\"search_term_string\"}}],\"inLanguage\":\"hu\"}]}<\/script>\n<!-- \/ Yoast SEO Premium plugin. -->","yoast_head_json":{"title":"Hradisko V\u00e1rhegy - V\u00e1rhe\u010f (Jarovnice\/Uzovsk\u00fd \u0160algov) - OOCR \u0160ari\u0161","robots":{"index":"index","follow":"follow","max-snippet":"max-snippet:-1","max-image-preview":"max-image-preview:large","max-video-preview":"max-video-preview:-1"},"canonical":"https:\/\/www.regionsaris.sk\/hu\/historia\/hradisko-varhegy-varhed-jarovnice-uzovsky-salgov\/","og_locale":"hu_HU","og_type":"article","og_title":"Hradisko V\u00e1rhegy - V\u00e1rhe\u010f (Jarovnice\/Uzovsk\u00fd \u0160algov)","og_description":"Pravek\u00e9 hradisko z\u00a0obdobia neolitu, eneolitu, doby hal\u0161tatskej a\u00a0stredoveku. Nach\u00e1dza sa severoz\u00e1padne od \u010dasti Mo\u010did\u013eany na...","og_url":"https:\/\/www.regionsaris.sk\/hu\/historia\/hradisko-varhegy-varhed-jarovnice-uzovsky-salgov\/","og_site_name":"OOCR \u0160ari\u0161","og_image":[{"width":494,"height":370,"url":"https:\/\/www.regionsaris.sk\/wp-content\/uploads\/2026\/01\/Hradisko-Varhegy-Varhed.jpg","type":"image\/jpeg"}],"twitter_card":"summary_large_image","twitter_misc":{"Becs\u00fclt olvas\u00e1si id\u0151":"4 perc"},"schema":{"@context":"https:\/\/schema.org","@graph":[{"@type":"WebPage","@id":"https:\/\/www.regionsaris.sk\/historia\/hradisko-varhegy-varhed-jarovnice-uzovsky-salgov\/","url":"https:\/\/www.regionsaris.sk\/historia\/hradisko-varhegy-varhed-jarovnice-uzovsky-salgov\/","name":"Hradisko V\u00e1rhegy - V\u00e1rhe\u010f (Jarovnice\/Uzovsk\u00fd \u0160algov) - OOCR \u0160ari\u0161","isPartOf":{"@id":"https:\/\/www.regionsaris.sk\/#website"},"primaryImageOfPage":{"@id":"https:\/\/www.regionsaris.sk\/historia\/hradisko-varhegy-varhed-jarovnice-uzovsky-salgov\/#primaryimage"},"image":{"@id":"https:\/\/www.regionsaris.sk\/historia\/hradisko-varhegy-varhed-jarovnice-uzovsky-salgov\/#primaryimage"},"thumbnailUrl":"https:\/\/www.regionsaris.sk\/wp-content\/uploads\/2026\/01\/Hradisko-Varhegy-Varhed.jpg","datePublished":"2020-11-04T13:17:35+00:00","breadcrumb":{"@id":"https:\/\/www.regionsaris.sk\/historia\/hradisko-varhegy-varhed-jarovnice-uzovsky-salgov\/#breadcrumb"},"inLanguage":"hu","potentialAction":[{"@type":"ReadAction","target":["https:\/\/www.regionsaris.sk\/historia\/hradisko-varhegy-varhed-jarovnice-uzovsky-salgov\/"]}]},{"@type":"ImageObject","inLanguage":"hu","@id":"https:\/\/www.regionsaris.sk\/historia\/hradisko-varhegy-varhed-jarovnice-uzovsky-salgov\/#primaryimage","url":"https:\/\/www.regionsaris.sk\/wp-content\/uploads\/2026\/01\/Hradisko-Varhegy-Varhed.jpg","contentUrl":"https:\/\/www.regionsaris.sk\/wp-content\/uploads\/2026\/01\/Hradisko-Varhegy-Varhed.jpg","width":494,"height":370},{"@type":"BreadcrumbList","@id":"https:\/\/www.regionsaris.sk\/historia\/hradisko-varhegy-varhed-jarovnice-uzovsky-salgov\/#breadcrumb","itemListElement":[{"@type":"ListItem","position":1,"name":"Domov","item":"https:\/\/www.regionsaris.sk\/"},{"@type":"ListItem","position":2,"name":"Hist\u00f3ria regi\u00f3nu","item":"https:\/\/www.regionsaris.sk\/historia-regionu\/"},{"@type":"ListItem","position":3,"name":"Hradisko V\u00e1rhegy - V\u00e1rhe\u010f (Jarovnice\/Uzovsk\u00fd \u0160algov)"}]},{"@type":"WebSite","@id":"https:\/\/www.regionsaris.sk\/#website","url":"https:\/\/www.regionsaris.sk\/","name":"OOCR \u0160ari\u0161","description":"","potentialAction":[{"@type":"SearchAction","target":{"@type":"EntryPoint","urlTemplate":"https:\/\/www.regionsaris.sk\/?s={search_term_string}"},"query-input":{"@type":"PropertyValueSpecification","valueRequired":true,"valueName":"search_term_string"}}],"inLanguage":"hu"}]}},"_links":{"self":[{"href":"https:\/\/www.regionsaris.sk\/hu\/wp-json\/wp\/v2\/historia\/2142","targetHints":{"allow":["GET"]}}],"collection":[{"href":"https:\/\/www.regionsaris.sk\/hu\/wp-json\/wp\/v2\/historia"}],"about":[{"href":"https:\/\/www.regionsaris.sk\/hu\/wp-json\/wp\/v2\/types\/historia"}],"wp:featuredmedia":[{"embeddable":true,"href":"https:\/\/www.regionsaris.sk\/hu\/wp-json\/wp\/v2\/media\/1917"}],"wp:attachment":[{"href":"https:\/\/www.regionsaris.sk\/hu\/wp-json\/wp\/v2\/media?parent=2142"}],"wp:term":[{"taxonomy":"kategoria-poi","embeddable":true,"href":"https:\/\/www.regionsaris.sk\/hu\/wp-json\/wp\/v2\/kategoria-poi?post=2142"},{"taxonomy":"lokalita","embeddable":true,"href":"https:\/\/www.regionsaris.sk\/hu\/wp-json\/wp\/v2\/lokalita?post=2142"},{"taxonomy":"sezona-poi","embeddable":true,"href":"https:\/\/www.regionsaris.sk\/hu\/wp-json\/wp\/v2\/sezona-poi?post=2142"},{"taxonomy":"trvanie-vyletu","embeddable":true,"href":"https:\/\/www.regionsaris.sk\/hu\/wp-json\/wp\/v2\/trvanie-vyletu?post=2142"}],"curies":[{"name":"wp","href":"https:\/\/api.w.org\/{rel}","templated":true}]}}