{"id":2140,"date":"2020-11-04T11:07:03","date_gmt":"2020-11-04T10:07:03","guid":{"rendered":"https:\/\/www.regionsaris.sk\/historia\/hrad-sokol-zaniknuty\/"},"modified":"2020-11-04T11:07:03","modified_gmt":"2020-11-04T10:07:03","slug":"hrad-sokol-zaniknuty","status":"publish","type":"historia","link":"https:\/\/www.regionsaris.sk\/hu\/historia\/hrad-sokol-zaniknuty\/","title":{"rendered":"Sokole kast\u00e9ly - kihalt"},"content":{"rendered":"<p>A kast\u00e9ly keletkez\u00e9s\u00e9nek k\u00f6r\u00fclm\u00e9nyei nem tiszt\u00e1zottak. Az egyik elm\u00e9let szerint az eredet a s\u00f3lymokkal folytatott kir\u00e1lyi vad\u00e1szattal f\u00fcgg \u00f6ssze. Egy m\u00e1sik lehet\u0151s\u00e9g szerint a v\u00e1r alap\u00edt\u00e1sa a tat\u00e1rj\u00e1r\u00e1ssal f\u00fcgg \u00f6ssze. A tat\u00e1rj\u00e1r\u00e1s ut\u00e1ni id\u0151szakban, azaz 1241 ut\u00e1n fellend\u00fclt a k\u0151v\u00e1rak \u00e9p\u00edt\u00e9se, k\u00fcl\u00f6n\u00f6sen a megk\u00f6zel\u00edthetetlen terepen. Sokole v\u00e1ra tipol\u00f3gi\u00e1j\u00e1val, elrendez\u00e9s\u00e9vel \u00e9s \u00e9p\u00edt\u00e9szeti szintj\u00e9vel a 13. sz\u00e1zad m\u00e1sodik fel\u00e9ben \u00e9p\u00fclt v\u00e1rak k\u00f6z\u00e9 tartozik. Mivel magasan a hegyekben, s\u0171r\u0171 erd\u0151ben rejt\u0151zik, strat\u00e9giai elhelyezked\u00e9s\u00e9r\u0151l sz\u00f3 sem lehet. Ink\u00e1bb a mongol csapatok hirtelen visszat\u00e9r\u00e9se eset\u00e9n nemcsak a helyi f\u00f6ldesurak, hanem a nagysz\u00e1m\u00fa lakoss\u00e1g sz\u00e1m\u00e1ra is mened\u00e9kjelleg\u0171 volt (ilyen volt az obisovcei, sk\u00e1rosi \u00e9s slansk\u00e9 vrchy-i v\u00e1rak jellege is).<br>A v\u00e1r els\u0151 eddig tal\u00e1lt \u00edr\u00e1sos eml\u00edt\u00e9se egy 1299-b\u0151l sz\u00e1rmaz\u00f3 oklev\u00e9lben \u00e9s az Omodei csal\u00e1d 1311-b\u0151l sz\u00e1rmaz\u00f3 h\u00e1tlapj\u00e1n tal\u00e1lhat\u00f3, amelyben a montenegr\u00f3i hegys\u00e9g egyik hat\u00e1rv\u00e1rak\u00e9nt eml\u00edtik.<br>Zsigmond kir\u00e1ly 1405-ben kir\u00e1lyi v\u00e1rr\u00e1 nyilv\u00e1n\u00edtotta a v\u00e1rat. Egy 1423-as oklev\u00e9l szerint Zsigmond kir\u00e1ly a v\u00e1rat a pavlovicei Mat\u00fa\u0161nak \u00e9s Imrichnek adom\u00e1nyozta. <strong>A kast\u00e9ly (akkoriban a \u0160ari\u0161sk\u00e1 stoica<\/strong>) minden tartoz\u00e9k\u00e1val egy\u00fctt \u00e1tadta nekik (kiv\u00e9ve Kave\u010dany falut, amelyet Kass\u00e1nak adott). Sokole v\u00e1r\u00e1nak tulajdonjog\u00e1hoz tartozott Sokole (Zakolya), Kosto\u013eany nad Horn\u00e1dom (Zenthestwan), Mal\u00e1 Vieska (Wyfalu), Tepli\u010dany (Tapilczan), Rokycany (Berky), Bisk\u00e1d (Bykzad), egy ismeretlen helyen fekv\u0151, kihalt falu, Ru\u017e\u00edn (Rwsynch), Mal\u00e1 Lodina (Felsew Landa) \u00e9s Ve\u013ek\u00e1 Lodina (Ve\u013ek\u00e1 Lodina) (szint\u00e9n Landa). Az 1423-as oklev\u00e9l szerint mind a v\u00e1r, mind Sokole falu kereskedelmi jelent\u0151s\u00e9ggel is b\u00edrt. A faluban v\u00e1mot fizettek a Horn\u00e1don \u00fasz\u00f3 fa - tutajok\u00e9rt.<br>Ezt k\u00f6vet\u0151en Zsigmond kir\u00e1ly 1429-ben Kassa v\u00e1ros\u00e1nak adom\u00e1nyozta a v\u00e1rat. Az adom\u00e1nyoz\u00e1s felt\u00e9tele az volt, hogy a v\u00e1r \u00f6sszeomlik. Ez\u00e9rt val\u00f3sz\u00edn\u0171leg felgy\u00fajtott\u00e1k \u00e9s r\u00e9szben lerombolt\u00e1k, hogy p\u00e9ld\u00e1ul rabl\u00f3band\u00e1k csoportjai ne tudjanak benne mened\u00e9ket tal\u00e1lni. A v\u00e1rat 1440-ben m\u00e1r romk\u00e9nt eml\u00edtik.<\/p>\n\n\n\n<p>A tal\u00e1lt maradv\u00e1nyok alapj\u00e1n arra lehet k\u00f6vetkeztetni, hogy egy kis v\u00e1r volt, amelyhez \u0151rtorony \u00e9s v\u00e1rpalota tartozott. Az udvaron j\u00f3l l\u00e1that\u00f3 egy k\u00f6z\u00e9pkori k\u00fat. Val\u00f3sz\u00edn\u0171leg s\u00f3lyomvad\u00e1szok lakt\u00e1k, akik s\u00f3lymokat szel\u00edd\u00edtettek \u00e9s teny\u00e9sztettek a kir\u00e1lyi vad\u00e1szatokhoz. Napjainkban Szokolov v\u00e1ra csak egy felt\u0171n\u00e9smentes s\u00e1ncra hasonl\u00edt, \u00e1rokkal \u00e9s apr\u00f3 k\u00f6vekb\u0151l \u00e1ll\u00f3 torz\u00f3val. A v\u00e1r\u00e1rok a legfigyelemrem\u00e9lt\u00f3bb maradv\u00e1ny.<\/p>\n\n\n\n<p>A v\u00e1r alatt tal\u00e1lhat\u00f3 a v\u00e1rbarlang, amely k\u00f6r\u00fclbel\u00fcl 27 m\u00e9ter hossz\u00fa. A barlang az \u00e9szakkeleti lejt\u0151n tal\u00e1lhat\u00f3, k\u00f6r\u00fclbel\u00fcl 10-12 m\u00e9terrel a v\u00e1r alatt. Ez egy mesters\u00e9ges alag\u00fat \u00e9s egy barlang kombin\u00e1lt \u00fcrege. A v\u00e1rbarlang val\u00f3sz\u00edn\u0171leg nagyr\u00e9szt mesters\u00e9gesen v\u00e1gott j\u00e1rat, amely nagyj\u00e1b\u00f3l a v\u00e1r k\u00f6zepe fel\u00e9, a torony al\u00e1 vezet. Val\u00f3sz\u00edn\u0171leg pincek\u00e9nt szolg\u00e1lt. T\u00e9len denev\u00e9reknek ad otthont.<\/p>\n\n\n\n<p>Jelenleg a kast\u00e9lyt \u00e9s a pincebarlangot az al\u00e1bbi szem\u00e9lyek gondozz\u00e1k <strong>Sokole \u00f6nkorm\u00e1nyzat \u00e9s a Dedinka Polg\u00e1ri T\u00e1rsul\u00e1s<\/strong>, akik egy\u00fctt \u00e9p\u00edtettek egy tan\u00f6sv\u00e9nyt, amely Sokole falub\u00f3l indul.<\/p>\n\n\n\n<p>F\u00e9nyk\u00e9p: VKA, FB Sokol kast\u00e9ly<\/p>","protected":false},"featured_media":1904,"template":"","meta":{"_acf_changed":false},"kategoria-poi":[105,106],"lokalita":[28],"sezona-poi":[],"trvanie-vyletu":[],"class_list":["post-2140","historia","type-historia","status-publish","has-post-thumbnail","hentry","kategoria-poi-historia","kategoria-poi-hrady","lokalita-presov-a-okolie"],"acf":[],"yoast_head":"<!-- This site is optimized with the Yoast SEO Premium plugin v26.3 (Yoast SEO v26.8) - https:\/\/yoast.com\/product\/yoast-seo-premium-wordpress\/ -->\n<title>Hrad Soko\u013e - zaniknut\u00fd - OOCR \u0160ari\u0161<\/title>\n<meta name=\"robots\" content=\"index, follow, max-snippet:-1, max-image-preview:large, max-video-preview:-1\" \/>\n<link rel=\"canonical\" href=\"https:\/\/www.regionsaris.sk\/hu\/historia\/hrad-sokol-zaniknuty\/\" \/>\n<meta property=\"og:locale\" content=\"hu_HU\" \/>\n<meta property=\"og:type\" content=\"article\" \/>\n<meta property=\"og:title\" content=\"Hrad Soko\u013e - zaniknut\u00fd\" \/>\n<meta property=\"og:description\" content=\"Okolnosti vzniku hradu nie s\u00fa jasn\u00e9. Jedna z te\u00f3ri\u00ed tvrd\u00ed, \u017ee vznik s\u00favis\u00ed s konan\u00edm...\" \/>\n<meta property=\"og:url\" content=\"https:\/\/www.regionsaris.sk\/hu\/historia\/hrad-sokol-zaniknuty\/\" \/>\n<meta property=\"og:site_name\" content=\"OOCR \u0160ari\u0161\" \/>\n<meta property=\"og:image\" content=\"https:\/\/www.regionsaris.sk\/wp-content\/uploads\/2026\/01\/sokol1.jpg\" \/>\n\t<meta property=\"og:image:width\" content=\"667\" \/>\n\t<meta property=\"og:image:height\" content=\"500\" \/>\n\t<meta property=\"og:image:type\" content=\"image\/jpeg\" \/>\n<meta name=\"twitter:card\" content=\"summary_large_image\" \/>\n<meta name=\"twitter:label1\" content=\"Becs\u00fclt olvas\u00e1si id\u0151\" \/>\n\t<meta name=\"twitter:data1\" content=\"3 perc\" \/>\n<script type=\"application\/ld+json\" class=\"yoast-schema-graph\">{\"@context\":\"https:\/\/schema.org\",\"@graph\":[{\"@type\":\"WebPage\",\"@id\":\"https:\/\/www.regionsaris.sk\/historia\/hrad-sokol-zaniknuty\/\",\"url\":\"https:\/\/www.regionsaris.sk\/historia\/hrad-sokol-zaniknuty\/\",\"name\":\"Hrad Soko\u013e - zaniknut\u00fd - OOCR \u0160ari\u0161\",\"isPartOf\":{\"@id\":\"https:\/\/www.regionsaris.sk\/#website\"},\"primaryImageOfPage\":{\"@id\":\"https:\/\/www.regionsaris.sk\/historia\/hrad-sokol-zaniknuty\/#primaryimage\"},\"image\":{\"@id\":\"https:\/\/www.regionsaris.sk\/historia\/hrad-sokol-zaniknuty\/#primaryimage\"},\"thumbnailUrl\":\"https:\/\/www.regionsaris.sk\/wp-content\/uploads\/2026\/01\/sokol1.jpg\",\"datePublished\":\"2020-11-04T10:07:03+00:00\",\"breadcrumb\":{\"@id\":\"https:\/\/www.regionsaris.sk\/historia\/hrad-sokol-zaniknuty\/#breadcrumb\"},\"inLanguage\":\"hu\",\"potentialAction\":[{\"@type\":\"ReadAction\",\"target\":[\"https:\/\/www.regionsaris.sk\/historia\/hrad-sokol-zaniknuty\/\"]}]},{\"@type\":\"ImageObject\",\"inLanguage\":\"hu\",\"@id\":\"https:\/\/www.regionsaris.sk\/historia\/hrad-sokol-zaniknuty\/#primaryimage\",\"url\":\"https:\/\/www.regionsaris.sk\/wp-content\/uploads\/2026\/01\/sokol1.jpg\",\"contentUrl\":\"https:\/\/www.regionsaris.sk\/wp-content\/uploads\/2026\/01\/sokol1.jpg\",\"width\":667,\"height\":500},{\"@type\":\"BreadcrumbList\",\"@id\":\"https:\/\/www.regionsaris.sk\/historia\/hrad-sokol-zaniknuty\/#breadcrumb\",\"itemListElement\":[{\"@type\":\"ListItem\",\"position\":1,\"name\":\"Domov\",\"item\":\"https:\/\/www.regionsaris.sk\/\"},{\"@type\":\"ListItem\",\"position\":2,\"name\":\"Hist\u00f3ria regi\u00f3nu\",\"item\":\"https:\/\/www.regionsaris.sk\/historia-regionu\/\"},{\"@type\":\"ListItem\",\"position\":3,\"name\":\"Hrad Soko\u013e - zaniknut\u00fd\"}]},{\"@type\":\"WebSite\",\"@id\":\"https:\/\/www.regionsaris.sk\/#website\",\"url\":\"https:\/\/www.regionsaris.sk\/\",\"name\":\"OOCR \u0160ari\u0161\",\"description\":\"\",\"potentialAction\":[{\"@type\":\"SearchAction\",\"target\":{\"@type\":\"EntryPoint\",\"urlTemplate\":\"https:\/\/www.regionsaris.sk\/?s={search_term_string}\"},\"query-input\":{\"@type\":\"PropertyValueSpecification\",\"valueRequired\":true,\"valueName\":\"search_term_string\"}}],\"inLanguage\":\"hu\"}]}<\/script>\n<!-- \/ Yoast SEO Premium plugin. -->","yoast_head_json":{"title":"Hrad Soko\u013e - zaniknut\u00fd - OOCR \u0160ari\u0161","robots":{"index":"index","follow":"follow","max-snippet":"max-snippet:-1","max-image-preview":"max-image-preview:large","max-video-preview":"max-video-preview:-1"},"canonical":"https:\/\/www.regionsaris.sk\/hu\/historia\/hrad-sokol-zaniknuty\/","og_locale":"hu_HU","og_type":"article","og_title":"Hrad Soko\u013e - zaniknut\u00fd","og_description":"Okolnosti vzniku hradu nie s\u00fa jasn\u00e9. Jedna z te\u00f3ri\u00ed tvrd\u00ed, \u017ee vznik s\u00favis\u00ed s konan\u00edm...","og_url":"https:\/\/www.regionsaris.sk\/hu\/historia\/hrad-sokol-zaniknuty\/","og_site_name":"OOCR \u0160ari\u0161","og_image":[{"width":667,"height":500,"url":"https:\/\/www.regionsaris.sk\/wp-content\/uploads\/2026\/01\/sokol1.jpg","type":"image\/jpeg"}],"twitter_card":"summary_large_image","twitter_misc":{"Becs\u00fclt olvas\u00e1si id\u0151":"3 perc"},"schema":{"@context":"https:\/\/schema.org","@graph":[{"@type":"WebPage","@id":"https:\/\/www.regionsaris.sk\/historia\/hrad-sokol-zaniknuty\/","url":"https:\/\/www.regionsaris.sk\/historia\/hrad-sokol-zaniknuty\/","name":"Hrad Soko\u013e - zaniknut\u00fd - OOCR \u0160ari\u0161","isPartOf":{"@id":"https:\/\/www.regionsaris.sk\/#website"},"primaryImageOfPage":{"@id":"https:\/\/www.regionsaris.sk\/historia\/hrad-sokol-zaniknuty\/#primaryimage"},"image":{"@id":"https:\/\/www.regionsaris.sk\/historia\/hrad-sokol-zaniknuty\/#primaryimage"},"thumbnailUrl":"https:\/\/www.regionsaris.sk\/wp-content\/uploads\/2026\/01\/sokol1.jpg","datePublished":"2020-11-04T10:07:03+00:00","breadcrumb":{"@id":"https:\/\/www.regionsaris.sk\/historia\/hrad-sokol-zaniknuty\/#breadcrumb"},"inLanguage":"hu","potentialAction":[{"@type":"ReadAction","target":["https:\/\/www.regionsaris.sk\/historia\/hrad-sokol-zaniknuty\/"]}]},{"@type":"ImageObject","inLanguage":"hu","@id":"https:\/\/www.regionsaris.sk\/historia\/hrad-sokol-zaniknuty\/#primaryimage","url":"https:\/\/www.regionsaris.sk\/wp-content\/uploads\/2026\/01\/sokol1.jpg","contentUrl":"https:\/\/www.regionsaris.sk\/wp-content\/uploads\/2026\/01\/sokol1.jpg","width":667,"height":500},{"@type":"BreadcrumbList","@id":"https:\/\/www.regionsaris.sk\/historia\/hrad-sokol-zaniknuty\/#breadcrumb","itemListElement":[{"@type":"ListItem","position":1,"name":"Domov","item":"https:\/\/www.regionsaris.sk\/"},{"@type":"ListItem","position":2,"name":"Hist\u00f3ria regi\u00f3nu","item":"https:\/\/www.regionsaris.sk\/historia-regionu\/"},{"@type":"ListItem","position":3,"name":"Hrad Soko\u013e - zaniknut\u00fd"}]},{"@type":"WebSite","@id":"https:\/\/www.regionsaris.sk\/#website","url":"https:\/\/www.regionsaris.sk\/","name":"OOCR \u0160ari\u0161","description":"","potentialAction":[{"@type":"SearchAction","target":{"@type":"EntryPoint","urlTemplate":"https:\/\/www.regionsaris.sk\/?s={search_term_string}"},"query-input":{"@type":"PropertyValueSpecification","valueRequired":true,"valueName":"search_term_string"}}],"inLanguage":"hu"}]}},"_links":{"self":[{"href":"https:\/\/www.regionsaris.sk\/hu\/wp-json\/wp\/v2\/historia\/2140","targetHints":{"allow":["GET"]}}],"collection":[{"href":"https:\/\/www.regionsaris.sk\/hu\/wp-json\/wp\/v2\/historia"}],"about":[{"href":"https:\/\/www.regionsaris.sk\/hu\/wp-json\/wp\/v2\/types\/historia"}],"wp:featuredmedia":[{"embeddable":true,"href":"https:\/\/www.regionsaris.sk\/hu\/wp-json\/wp\/v2\/media\/1904"}],"wp:attachment":[{"href":"https:\/\/www.regionsaris.sk\/hu\/wp-json\/wp\/v2\/media?parent=2140"}],"wp:term":[{"taxonomy":"kategoria-poi","embeddable":true,"href":"https:\/\/www.regionsaris.sk\/hu\/wp-json\/wp\/v2\/kategoria-poi?post=2140"},{"taxonomy":"lokalita","embeddable":true,"href":"https:\/\/www.regionsaris.sk\/hu\/wp-json\/wp\/v2\/lokalita?post=2140"},{"taxonomy":"sezona-poi","embeddable":true,"href":"https:\/\/www.regionsaris.sk\/hu\/wp-json\/wp\/v2\/sezona-poi?post=2140"},{"taxonomy":"trvanie-vyletu","embeddable":true,"href":"https:\/\/www.regionsaris.sk\/hu\/wp-json\/wp\/v2\/trvanie-vyletu?post=2140"}],"curies":[{"name":"wp","href":"https:\/\/api.w.org\/{rel}","templated":true}]}}