{"id":2137,"date":"2020-10-28T13:54:46","date_gmt":"2020-10-28T12:54:46","guid":{"rendered":"https:\/\/www.regionsaris.sk\/historia\/mestske-opevnenie-mesta-bardejov-unesco\/"},"modified":"2020-10-28T13:54:46","modified_gmt":"2020-10-28T12:54:46","slug":"mestske-opevnenie-mesta-bardejov-unesco","status":"publish","type":"historia","link":"https:\/\/www.regionsaris.sk\/hu\/historia\/mestske-opevnenie-mesta-bardejov-unesco\/","title":{"rendered":"Bardejov v\u00e1ros er\u0151d\u00edtm\u00e9nyei (UNESCO)"},"content":{"rendered":"A b\u00e1rtfai v\u00e1roser\u0151d\u00edt\u00e9s \u00e9p\u00edt\u00e9s\u00e9nek kezdetei szorosan kapcsol\u00f3dnak a 14. sz\u00e1zad els\u0151 fel\u00e9nek v\u00e1rosfejl\u0151d\u00e9s\u00e9hez \u00e9s a r\u00e9gi piaci falu fokozatos \u00e1talakul\u00e1s\u00e1hoz. <strong>k\u00f6z\u00e9pkori v\u00e1ros<\/strong>, amelyet a vir\u00e1gz\u00f3 mez\u0151gazdas\u00e1g, a k\u00e9zm\u0171vess\u00e9g \u00e9s a kereskedelem seg\u00edtett. A magyar-lengyel hat\u00e1rvid\u00e9ken strat\u00e9giai gazdas\u00e1gi, politikai \u00e9s kultur\u00e1lis jelent\u0151s\u00e9gre szert tev\u0151 v\u00e1ros sokoldal\u00fa fejl\u0151d\u00e9s\u00e9t a magyar uralkod\u00f3k is t\u00e1mogatt\u00e1k.\n1352-ben I. Ludov\u00edt kir\u00e1ly 1352-ben I. <strong>megparancsolta Bardejov n\u00e9p\u00e9nek.<\/strong> a v\u00e1ros meger\u0151s\u00edt\u00e9se \u00e9s meger\u0151s\u00edt\u00e9se falakkal \u00e9s tornyokkal. <strong>P<\/strong><strong>rivil\u00e9giom<\/strong> megteremtett\u00e9k a v\u00e1rosfalakon bel\u00fcli ter\u00fclet k\u00e9s\u0151bbi integr\u00e1lt v\u00e1ros\u00e9p\u00edt\u00e9szeti fejleszt\u00e9s\u00e9nek el\u0151felt\u00e9tel\u00e9t. A mai Fels\u0151 kapu ter\u00fclet\u00e9n volt a v\u00e1ros a legvesz\u00e9lyeztetettebb. A t\u00f6rt\u00e9n\u00e9szek ezen a r\u00e9szen helyezt\u00e9k el a t\u00f6bbsz\u00f6r eml\u00edtett v\u00e1rosi v\u00e1rat, amely a harmincad (v\u00e1m)\u00e1llom\u00e1s v\u00e9delm\u00e9t szolg\u00e1lta. A 15. sz\u00e1zad m\u00e1sodik fel\u00e9ben t\u0171nt el, amikor a Fels\u0151 kaput \u00e9s l\u00e9tes\u00edtm\u00e9nyeit \u00fajj\u00e1\u00e9p\u00edtett\u00e9k, \u00e9s k\u00e9s\u0151bb be\u00e9p\u00edtett\u00e9k a v\u00e1ros er\u0151d\u00edtm\u00e9nyeibe. A Fels\u0151 kapu egy d\u00e9l fel\u00e9 vezet\u0151 \u00fatra vezetett. <strong>Pre\u0161ovba<\/strong>, Als\u00f3 \u00e9szakkeleti kapu az \u00e9szak fel\u00e9 vezet\u0151 \u00fatra <strong>Zborovnak<\/strong> \u00e9s tov\u00e1bb <strong>Lengyelorsz\u00e1gba<\/strong> hasonl\u00f3k\u00e9ppen, mint a nyugati kapu Valla az \u00fatra, amely vezetett <strong>a Tople-v\u00f6lgy\u00f6n \u00e9s a Beszkidi-h\u00e1g\u00f3n kereszt\u00fcl<\/strong> is folytat\u00f3dott <strong>Lengyelorsz\u00e1gba<\/strong>. A v\u00e1ros \u00e9szaki r\u00e9sz\u00e9t egy term\u00e9szetes v\u00e9dm\u0171 v\u00e9dte. <strong>Tople terasza<\/strong>, amelyre a falakat \u00e9p\u00edtett\u00e9k. A l\u00e1b\u00e1n\u00e1l egy malomg\u00e1tat \u00e9p\u00edtettek, amely egy\u00fattal malomg\u00e1tk\u00e9nt is szolg\u00e1lt. <strong>d\u00fas\u00edt\u00e1si funkci\u00f3<\/strong>. Hasonl\u00f3k\u00e9ppen, a keleti r\u00e9szt hat\u00e9konyan v\u00e9dte a \u0160ibsk\u00fd-patak term\u00e9szetes, magasan fekv\u0151 terasz\u00e1n \u00e9p\u00edtett er\u0151d\u00edtm\u00e9nyfal.\nA 15. sz\u00e1zadban a huszita fenyeget\u00e9s \u00e9s Magyarorsz\u00e1g \u00e9szaki hat\u00e1rainak lengyel csapatok \u00e1ltali megsz\u00e1ll\u00e1sa k\u00f6vetkezt\u00e9ben a falak befejez\u00e9se \u00e9s az \u00faj, modern elemek (ochodze, \u00faj b\u00e1sty\u00e1k, egy parcani vonal, egy el\u0151retolt er\u0151d\u00edtm\u00e9ny az \u00e9szaki oldalon ) modern, hat\u00e9kony er\u0151d\u00edtm\u00e9nyt adtak Bardejovnak. <strong>er\u0151d\u00edt\u00e9si rendszer<\/strong>. Ez a nagylelk\u0171 \u00fajj\u00e1\u00e9p\u00edt\u00e9s egyr\u00e9szt a k\u00f6vetkez\u0151 felt\u00e9telekkel t\u00f6rt\u00e9nt <strong>k\u00fclpolitika<\/strong> Zsigmond kir\u00e1ly, k\u00fcl\u00f6n\u00f6sen Lengyelorsz\u00e1ggal \u00e9s a huszita Csehorsz\u00e1ggal kapcsolatban Zsigmond uralkod\u00e1s\u00e1nak v\u00e9g\u00e9n. M\u00e1sr\u00e9szt reakci\u00f3 volt a haditechnika fejl\u0151d\u00e9s\u00e9re \u00e9s a l\u0151fegyverek arzen\u00e1lba val\u00f3 bevezet\u00e9s\u00e9re. A v\u00e1ros strat\u00e9giai helyzet\u00e9t a lengyel-magyar hat\u00e1rvid\u00e9ken bizony\u00edtja, hogy maga Zsigmond kir\u00e1ly is r\u00e9szt vett az er\u0151d\u00edtm\u00e9nyek korszer\u0171s\u00edt\u00e9s\u00e9ben. A v\u00e1rosfalak v\u00e9delm\u00e9nek hat\u00e9konys\u00e1g\u00e1t n\u00f6velte a szinte az eg\u00e9sz v\u00e1rost k\u00f6r\u00fclvev\u0151 \u00e1rkok ki\u00e1s\u00e1sa. A munk\u00e1latokat a <strong>Bardejov polg\u00e1r, Mikul\u00e1\u0161 mester<\/strong>. A v\u00e1r\u00e1rkot t\u00f6bb szakaszra osztott\u00e1k, amelyek mindegyik\u00e9nek saj\u00e1t neve volt, pl. Fels\u0151-t\u00f3, Als\u00f3-t\u00f3, Nagy-\u00e1rok-domb. Vesz\u00e9lyes id\u0151kben a k\u00f6zeli v\u00edzforr\u00e1sokb\u00f3l vagy a v\u00e1rosi v\u00edzvezet\u00e9kb\u0151l sz\u00e1rmaz\u00f3 v\u00edzzel t\u00f6lt\u00f6tt\u00e9k fel \u0151ket.\nA kapukkal, b\u00e1sty\u00e1kkal \u00e9s v\u00e1r\u00e1rokkal ell\u00e1tott v\u00e1rfalat fokozatosan meger\u0151s\u00edtett\u00e9k egy falt\u00f6r\u0151 kossal, egy el\u0151retolt parcella vonallal \u00e9s egy k\u00fcls\u0151 v\u00e1r\u00e1rokfallal. A bej\u00e1rati kapukat felvon\u00f3h\u00edd, a 16. sz\u00e1zadt\u00f3l pedig k\u00f6r alak\u00fa barbak\u00e1n is v\u00e9dte. N\u00e9gy kapu volt \u00e9s\u00a0<strong>a fert\u0151z\u00e9s vesz\u00e9lye miatt<\/strong> Minden nap m\u00e1ssal mentek be a v\u00e1rosba. Azt, hogy melyik kapun kereszt\u00fcl l\u00e9pnek be, mindig az d\u00f6nt\u00f6tte el. <strong>a nap reggel\u00e9n<\/strong>.\n<strong>Bardejov mai er\u0151d\u00edt\u00e9se<\/strong> a falak, b\u00e1sty\u00e1k \u00e9s kapuk egyed\u00fcl\u00e1ll\u00f3 komplexum\u00e1t alkotja, amely szinte eredeti form\u00e1j\u00e1ban \u00e9s nagyr\u00e9szt a terep felett maradt fenn. Kihalt szakaszai bizony\u00edthat\u00f3an a talajszint alatt dokument\u00e1ltak. Szinte az eredeti profilban, a <strong>tart\u00f3s\u00edtott<\/strong> i <strong>\u00e1rkok<\/strong> a keleti \u00e9s d\u00e9lnyugati oldalon. A v\u00e1roskapuk nem maradtak fenn; ma m\u00e1r csak a k\u00fcls\u0151 falak maradv\u00e1nyai l\u00e1that\u00f3k. A fennmaradt <strong>k\u00f6z\u00e9pkori b\u00e1sty\u00e1k: kilenc<\/strong> szinte eredeti form\u00e1j\u00e1ban maradtak fenn, kett\u0151t k\u00f6z\u00fcl\u00fck a k\u00e9s\u0151bbiekben \u00fajabb \u00e9p\u00fcletekbe \u00e9p\u00edtettek be. Bardejov v\u00e1ros er\u0151d\u00edtm\u00e9nye a maga er\u0151drendszer\u00e9vel az egyik legjelent\u0151sebb er\u0151d\u00edtm\u00e9nyrendszerhez tartozik.<strong>jobb k\u00f6z\u00e9pkori v\u00e1roser\u0151d\u00edt\u00e9sek<\/strong>Szlov\u00e1ki\u00e1ban, \u00e9s jogosan tartozik a<strong>\u00a0a legjobban meg\u0151rz\u00f6tt Eur\u00f3p\u00e1ban.<\/strong>\n\n<hr \/>\n\nA v\u00e1ros er\u0151d\u00edtm\u00e9nyeinek r\u00e9szei:\n<strong>A v\u00e1ros er\u0151d\u00edtm\u00e9nyeinek b\u00e1sty\u00e1i<\/strong> a legfigyelemrem\u00e9lt\u00f3bb maradv\u00e1nyok. Mindegyik b\u00e1sty\u00e1nak emelete volt, amelyeken a falakon a haszn\u00e1lt fegyvert\u00edpusnak megfelel\u0151 t\u00fczel\u0151pontok voltak. Az egyes b\u00e1sty\u00e1k v\u00e9delm\u00e9t megfelel\u0151 sz\u00e1m\u00fa polg\u00e1r biztos\u00edtotta, akik \u00e1ltal\u00e1ban egy-egy c\u00e9h tagjai voltak, \u00e9s a b\u00e1sty\u00e1kat alakjukr\u00f3l, a helyr\u0151l, amelyen \u00e1lltak, vagy a v\u00e1ros n\u00e9h\u00e1ny kiemelked\u0151 lakos\u00e1r\u00f3l nevezt\u00e9k el. Mindegyiknek a v\u00e1rosi tan\u00e1cs egy-egy tagja volt a parancsnoka. N\u00e1la volt a b\u00e1stya kulcsa is, ahol a l\u0151szert \u00e9s a fegyvereket t\u00e1rolt\u00e1k. A lev\u00e9lt\u00e1ri feljegyz\u00e9sek szerint 1536-ban a v\u00e1rosnak volt <strong>480 puska, 609 kard, 89 ny\u00edlpuska, 390 l\u00e1ndzsa \u00e9s 160 g\u00f3rcs\u0151.<\/strong>. Az \u00e1gy\u00fak sz\u00e1ma nem ismert, de az ismert, hogy az \u00e1gy\u00fasok voltak a legjobban fizetett zsoldosok a v\u00e1rosban. Bardejov mindig j\u00f3l fel volt fegyverezve. A v\u00e1rosban t\u00f6bb fegyvergy\u00e1rt\u00f3 \u00e9s fegyverkov\u00e1cs is m\u0171k\u00f6d\u00f6tt. A magyar uralkod\u00f3k gyakran nem haboztak fegyvert, l\u0151szert \u00e9s j\u00f3 t\u00fcz\u00e9reket k\u00e9rni a v\u00e1rost\u00f3l. A v\u00e1ros 1673-ban kapott fegyvereinek lelt\u00e1ra is fennmaradt. <strong>Kassa v\u00e9delm\u00e9re felvett k\u00f6lcs\u00f6n.\nIskolab\u00e1stya -<\/strong> a legnyugatibb n\u00e9gyemeletes b\u00e1stya lencse alak\u00fa alaprajzzal \u00e9s \u00faj k\u00fapos tet\u0151vel. A v\u00e1ros fel\u0151l egy k\u0151kapuval ell\u00e1tott bej\u00e1raton kereszt\u00fcl k\u00f6zel\u00edthet\u0151 meg. A v\u00e1rosfal mindk\u00e9t oldal\u00e1n m\u00e9g mindig l\u00e1that\u00f3ak a v\u00e9d\u0151falhoz val\u00f3 csatlakoz\u00e1s nyomai, a v\u00e1rost\u00f3l t\u00e1volod\u00f3 oldalon pedig az ochodzsa sz\u00e1m\u00e1ra kialak\u00edtott reped\u00e9sek. K\u00edv\u00fclr\u0151l megnagyobb\u00edtott renesz\u00e1nsz ablakok l\u00e1that\u00f3k, amelyek az eredeti \u00e1gy\u00faport\u00e1lok hely\u00e9re ker\u00fcltek. A b\u00e1stya k\u00f6zel\u00e9ben v\u00edzvezet\u00e9k futott, ez\u00e9rt egyes dokumentumokban v\u00edzb\u00e1styak\u00e9nt van felt\u00fcntetve. A v\u00edz egy forr\u00e1sb\u00f3l sz\u00e1rmazott a <strong><em>Rurna<\/em>.<\/strong> A forr\u00e1ssal kapcsolatban egy v\u00e1rosi alkalmazottat eml\u00edtenek a v\u00e1rosi f\u0151k\u00f6nyvekben.\u00a0<strong><em>R\u00f6hrmeister<\/em>,<\/strong> aki a v\u00e1ros v\u00edzell\u00e1t\u00e1s\u00e1\u00e9rt felelt.\n<strong>N\u00e9gyzetes b\u00e1stya - <\/strong>a legd\u00e9lebbi b\u00e1stya, amely n\u00e9gyzetes alaprajz\u00fa, cs\u00fccsk\u00f6s tet\u0151vel \u00e9s nyeregtet\u0151kkel rendelkezik, \u00e9s funkcion\u00e1lisan a strat\u00e9giai fontoss\u00e1g\u00fa Fels\u0151 kapu v\u00e9delm\u00e9nek meger\u0151s\u00edt\u00e9s\u00e9re tervezt\u00e9k. Egyes forr\u00e1sokban a k\u00f6vetkez\u0151 n\u00e9ven eml\u00edtik <strong>Poros b\u00e1stya<\/strong>, ami arra utal, hogy fegyver- \u00e9s l\u0151porgy\u00e1rk\u00e9nt \u00e9s rakt\u00e1rk\u00e9nt szolg\u00e1lt. Az 1950-es \u00e9vekben a \u0160ari\u0161 M\u00fazeum rakt\u00e1r\u00e1nak c\u00e9ljaira alak\u00edtott\u00e1k \u00e1t.\n<strong>Kolostor b\u00e1stya - <\/strong>A ferences kolostor kertj\u00e9ben \u00e1ll a h\u00e1romemeletes b\u00e1stya, a fal k\u00f6r\u00fcli p\u00e1rk\u00e1ny r\u00f6gz\u00edt\u00e9s\u00e9re szolg\u00e1l\u00f3 konzolokkal. Az als\u00f3 szinteken megmaradtak az eredeti g\u00f3tikus boltozatok.\n<strong>Renesz\u00e1nsz b\u00e1stya - <\/strong>a v\u00e1ros leg\u00e9szakibb b\u00e1sty\u00e1ja, kiv\u00e9ve az \u00e9szaki b\u00e1sty\u00e1t (amely nem szerves r\u00e9sze az er\u0151d\u00edtm\u00e9nynek). Nev\u00e9t a renesz\u00e1nsz kori d\u00edsz\u00edt\u00e9sr\u0151l kapta. <strong>Padl\u00e1sok<\/strong> 1582-b\u0151l, sgraffit\u00f3val d\u00edsz\u00edtve, amelynek szerz\u0151i a k\u00f6vetkez\u0151k voltak <strong>a lugan\u00f3i Pel testv\u00e9rek.<\/strong> Ez egyfajta nyitott (fedetlen) b\u00e1sty\u00e1t jelent.\n<strong>V\u00f6r\u00f6s b\u00e1stya -<\/strong>m\u00e1s n\u00e9ven <strong>Royal<\/strong>, nev\u00e9t a v\u00f6r\u00f6s blokkol\u00e1s\u00e1nak k\u00f6sz\u00f6nheti. Az \u00e9szakkeleti oldalon l\u00e9v\u0151 \u00e1gy\u00faport\u00e1lok k\u00f6z\u00f6tt egy 1597-b\u0151l sz\u00e1rmaz\u00f3 festm\u00e9ny maradv\u00e1nya tal\u00e1lhat\u00f3.\n<strong>\u00c9szaki b\u00e1stya - a<\/strong>Az \u00e9szaki (egyben lev\u00e9lt\u00e1ri) b\u00e1stya, egy h\u00e1romszintes torony a v\u00e1ros \u00e9szaki sz\u00e9l\u00e9n, a v\u00edztorony el\u0151tt, szint\u00e9n a v\u00e1ros er\u0151d\u00edtm\u00e9ny\u00e9nek r\u00e9sze. M\u00e1sodik nev\u00e9t az itt t\u00e1rolt lev\u00e9lt\u00e1ri p\u00e9nzeszk\u00f6z\u00f6kr\u0151l kapta.\n<strong>A nagy b\u00e1stya - <\/strong>\u00a0k\u00f6zvetlen\u00fcl az \u00e1rokba \u00e9p\u00fclt. F\u00e9lk\u00f6r\u00edves alaprajz\u00fa, cser\u00e9ptet\u0151vel fedett. Az als\u00f3 kapu v\u00e9delm\u00e9t er\u0151s\u00edtette. A fels\u0151 p\u00e1rk\u00e1ny alatt, a k\u00fcls\u0151 h\u00e9jon, az e<strong>a v\u00e1ros c\u00edmere \u00e9s Magyarorsz\u00e1g c\u00edmere<\/strong>, amelyet 1597-ben festett az akkori richt\u00e1r <strong>Leonard Glatz<\/strong>. Ma a \u0160ari\u0161 M\u00fazeum rakt\u00e1ra.\n<strong>Rough Bastion - a<\/strong>A v\u00e1ros d\u00e9lkeleti perem\u00e9n tal\u00e1lhat\u00f3. Fontos strat\u00e9giai \u00e9s v\u00e9delmi funkci\u00f3j\u00e1t bizony\u00edtja, hogy a falazat vastags\u00e1ga el\u00e9ri a 3,5 m\u00e9tert, \u00edgy ez a v\u00e1ros er\u0151d\u00edtm\u00e9nyeinek legvastagabb b\u00e1sty\u00e1ja. A v\u00e9delmet az els\u0151 \u00e9s m\u00e1sodik emeleten l\u00e9v\u0151 \u00e1gy\u00fakamr\u00e1kban elhelyezett \u00e1gy\u00fak biztos\u00edtott\u00e1k.\n<strong>Kis b\u00e1stya - <\/strong>egy \u00e9p\u00fcletegys\u00e9get alkot a Rough Bastionnal, \u00e9s l\u0151szerrakt\u00e1rk\u00e9nt szolg\u00e1lt.\nA m\u00e1ig fennmaradt v\u00e1rosi b\u00e1sty\u00e1kon k\u00edv\u00fcl m\u00e1s, ma m\u00e1r nem l\u00e9tez\u0151 b\u00e1sty\u00e1k is r\u00e9szei voltak a v\u00e9delmi rendszernek. T\u00f6bbs\u00e9g\u00fck m\u00e1r egy\u00e1ltal\u00e1n nem l\u00e9tezik, n\u00e9melyiknek megmaradtak a terepalapjai (pl. N\u00e1ro\u017en\u00e1 b\u00e1stya). N\u00e9melyik\u00fck a 19. sz\u00e1zad k\u00f6zepe t\u00e1j\u00e1n t\u0171nt el, m\u00e1sok a 20. sz\u00e1zadban \u00e9p\u00edtkez\u00e9seknek adt\u00e1k \u00e1t a hely\u00fcket.\n<strong>A v\u00e1ros er\u0151d\u00edtm\u00e9ny\u00e9nek kapui<\/strong> - A k\u00f6z\u00e9pkori Bardejov eredetileg h\u00e1rom f\u0151kapun \u00e9s t\u00f6bb kisebb gyalogkapun kereszt\u00fcl volt megk\u00f6zel\u00edthet\u0151. Meg\u00e9p\u00edt\u00e9s\u00fck a v\u00e1ros er\u0151d\u00edt\u00e9si munk\u00e1latainak egyik priorit\u00e1sa volt. A v\u00e1roskapuk egyike sem maradt meg a mai napig teljes pomp\u00e1j\u00e1ban.\n<strong>Als\u00f3 kapu - <\/strong>A v\u00e1ros \u00e9szakkeleti r\u00e9sz\u00e9n helyezkedett el, \u00e9s egy barbak\u00e1nnal \u00e9s egy patk\u00f3 alak\u00fa vizes\u00e1rokkal rendelkezett. Egy kett\u0151s \u00edv\u0171 k\u0151h\u00edd maradt fenn f\u00f6l\u00f6tte, amely az eredeti f\u00e1b\u00f3l k\u00e9sz\u00fclt emel\u0151h\u00edd hely\u00e9be l\u00e9pett. A kaput 1426 \u00e9s 1427 k\u00f6z\u00f6tt \u00e9p\u00edtett\u00e9k \u00e1t. <strong>Hoop (<em>Reuffertor<\/em>)<\/strong> 1821 k\u00f6r\u00fcl lebontott\u00e1k.\n<strong>Fels\u0151 kapu<\/strong> - amely a v\u00e1ros d\u00e9li bej\u00e1rat\u00e1t z\u00e1rta le, \u00e9s amelyet 1405-1407-ben M\u00e1ty\u00e1s n\u00fcrnbergi mester \u00e9p\u00edttetett \u00e1t az \u00fan. <strong>harminc kast\u00e9ly<\/strong>. V\u00e9delmi okokb\u00f3l a kaput a barbak\u00e1nnal der\u00e9ksz\u00f6gben t\u00f6rt\u00e9k meg. A barbak\u00e1nr\u00f3l egy felvon\u00f3h\u00eddon kereszt\u00fcl lehetett bejutni, \u00e9s onnan egy m\u00e1sik h\u00eddon kereszt\u00fcl a pre\u0161ovi \u00fatra. A hidat 1770-ben k\u0151h\u00eddra cser\u00e9lt\u00e9k. A kaput 1843-ban elt\u00e1vol\u00edtott\u00e1k. A Fels\u0151 kapu barbak\u00e1nj\u00e1b\u00f3l megmaradt a falazat egy r\u00e9sze \u00e9s egy k\u0151vel meger\u0151s\u00edtett vizes\u00e1rok. A falazat maradv\u00e1nyai a talajszint alatt is megtal\u00e1lhat\u00f3k.\n<strong>Nyugati kapu<\/strong> - a kapu a nyugati oldalr\u00f3l biztos\u00edtotta a v\u00e1ros bej\u00e1rat\u00e1t. Csillagnak is nevezt\u00e9k<strong>\u00e1 vagy Wallova (<em>Wallentor<\/em>)<\/strong> egy k\u00f6zelben \u00e9l\u0151 v\u00e1roslak\u00f3 szerint <strong>Shimon Wallu<\/strong>. H\u00e1romszintes, n\u00e9gyzet alak\u00fa torony volt, tet\u0151vel \u00e9s \u00f6bl\u00f6s ablakkal. 1725-t\u0151l egy torony\u00f3r\u00e1t helyeztek el rajta. Mint a <strong>\u201eAz \u00d3ra Kapuja\u201c<\/strong> A templom 1878-ig szolg\u00e1lt, amikor egy t\u0171zv\u00e9sz ut\u00e1n elt\u00e1vol\u00edtott\u00e1k.\n<strong>\u00c1tj\u00e1r\u00f3<\/strong> -az utols\u00f3 a f\u0151 v\u00e1roskapuk k\u00f6z\u00fcl. Ez egy kisebb \u00e1tj\u00e1r\u00f3 volt az \u00e9szaki falakon, amelyet egyszer\u0171en csak kapunak neveztek (<em>T\u00f6rlein<\/em>), amely a pl\u00e9b\u00e1niatemplom \u00e9s a par\u00f3kia k\u00f6z\u00f6tt \u00e9p\u00fclt.\n<pre><em>Forr\u00e1s: Bardejov v\u00e1rosa, wikipedia<\/em>\n<em>Fot\u00f3 forr\u00e1sa: wikipedia, severovychod.sk,archinfo.sk(chllophoto)<\/em><\/pre>","protected":false},"featured_media":1881,"template":"","meta":{"_acf_changed":false},"kategoria-poi":[105,106],"lokalita":[178],"sezona-poi":[],"trvanie-vyletu":[],"class_list":["post-2137","historia","type-historia","status-publish","has-post-thumbnail","hentry","kategoria-poi-historia","kategoria-poi-hrady","lokalita-bardejov-a-okolie"],"acf":[],"yoast_head":"<!-- This site is optimized with the Yoast SEO Premium plugin v26.3 (Yoast SEO v26.8) - https:\/\/yoast.com\/product\/yoast-seo-premium-wordpress\/ -->\n<title>Mestsk\u00e9 opevnenie mesta Bardejov (UNESCO) - OOCR \u0160ari\u0161<\/title>\n<meta name=\"robots\" content=\"index, follow, max-snippet:-1, max-image-preview:large, max-video-preview:-1\" \/>\n<link rel=\"canonical\" href=\"https:\/\/www.regionsaris.sk\/hu\/historia\/mestske-opevnenie-mesta-bardejov-unesco\/\" \/>\n<meta property=\"og:locale\" content=\"hu_HU\" \/>\n<meta property=\"og:type\" content=\"article\" \/>\n<meta property=\"og:title\" content=\"Mestsk\u00e9 opevnenie mesta Bardejov (UNESCO)\" \/>\n<meta property=\"og:description\" content=\"Po\u010diatky v\u00fdstavby mestsk\u00e9ho opevnenia mesta Bardejov \u00fazko s\u00favisia s urbaniza\u010dn\u00fdm rozvojom v prvej polovici 14....\" \/>\n<meta property=\"og:url\" content=\"https:\/\/www.regionsaris.sk\/hu\/historia\/mestske-opevnenie-mesta-bardejov-unesco\/\" \/>\n<meta property=\"og:site_name\" content=\"OOCR \u0160ari\u0161\" \/>\n<meta property=\"og:image\" content=\"https:\/\/www.regionsaris.sk\/wp-content\/uploads\/2026\/01\/Juzyn-barbkan-chello-photo.jpg\" \/>\n\t<meta property=\"og:image:width\" content=\"1872\" \/>\n\t<meta property=\"og:image:height\" content=\"1052\" \/>\n\t<meta property=\"og:image:type\" content=\"image\/jpeg\" \/>\n<meta name=\"twitter:card\" content=\"summary_large_image\" \/>\n<meta name=\"twitter:label1\" content=\"Becs\u00fclt olvas\u00e1si id\u0151\" \/>\n\t<meta name=\"twitter:data1\" content=\"9 perc\" \/>\n<script type=\"application\/ld+json\" class=\"yoast-schema-graph\">{\"@context\":\"https:\/\/schema.org\",\"@graph\":[{\"@type\":\"WebPage\",\"@id\":\"https:\/\/www.regionsaris.sk\/historia\/mestske-opevnenie-mesta-bardejov-unesco\/\",\"url\":\"https:\/\/www.regionsaris.sk\/historia\/mestske-opevnenie-mesta-bardejov-unesco\/\",\"name\":\"Mestsk\u00e9 opevnenie mesta Bardejov (UNESCO) - OOCR \u0160ari\u0161\",\"isPartOf\":{\"@id\":\"https:\/\/www.regionsaris.sk\/#website\"},\"primaryImageOfPage\":{\"@id\":\"https:\/\/www.regionsaris.sk\/historia\/mestske-opevnenie-mesta-bardejov-unesco\/#primaryimage\"},\"image\":{\"@id\":\"https:\/\/www.regionsaris.sk\/historia\/mestske-opevnenie-mesta-bardejov-unesco\/#primaryimage\"},\"thumbnailUrl\":\"https:\/\/www.regionsaris.sk\/wp-content\/uploads\/2026\/01\/Juzyn-barbkan-chello-photo.jpg\",\"datePublished\":\"2020-10-28T12:54:46+00:00\",\"breadcrumb\":{\"@id\":\"https:\/\/www.regionsaris.sk\/historia\/mestske-opevnenie-mesta-bardejov-unesco\/#breadcrumb\"},\"inLanguage\":\"hu\",\"potentialAction\":[{\"@type\":\"ReadAction\",\"target\":[\"https:\/\/www.regionsaris.sk\/historia\/mestske-opevnenie-mesta-bardejov-unesco\/\"]}]},{\"@type\":\"ImageObject\",\"inLanguage\":\"hu\",\"@id\":\"https:\/\/www.regionsaris.sk\/historia\/mestske-opevnenie-mesta-bardejov-unesco\/#primaryimage\",\"url\":\"https:\/\/www.regionsaris.sk\/wp-content\/uploads\/2026\/01\/Juzyn-barbkan-chello-photo.jpg\",\"contentUrl\":\"https:\/\/www.regionsaris.sk\/wp-content\/uploads\/2026\/01\/Juzyn-barbkan-chello-photo.jpg\",\"width\":1872,\"height\":1052},{\"@type\":\"BreadcrumbList\",\"@id\":\"https:\/\/www.regionsaris.sk\/historia\/mestske-opevnenie-mesta-bardejov-unesco\/#breadcrumb\",\"itemListElement\":[{\"@type\":\"ListItem\",\"position\":1,\"name\":\"Domov\",\"item\":\"https:\/\/www.regionsaris.sk\/\"},{\"@type\":\"ListItem\",\"position\":2,\"name\":\"Hist\u00f3ria regi\u00f3nu\",\"item\":\"https:\/\/www.regionsaris.sk\/historia-regionu\/\"},{\"@type\":\"ListItem\",\"position\":3,\"name\":\"Mestsk\u00e9 opevnenie mesta Bardejov (UNESCO)\"}]},{\"@type\":\"WebSite\",\"@id\":\"https:\/\/www.regionsaris.sk\/#website\",\"url\":\"https:\/\/www.regionsaris.sk\/\",\"name\":\"OOCR \u0160ari\u0161\",\"description\":\"\",\"potentialAction\":[{\"@type\":\"SearchAction\",\"target\":{\"@type\":\"EntryPoint\",\"urlTemplate\":\"https:\/\/www.regionsaris.sk\/?s={search_term_string}\"},\"query-input\":{\"@type\":\"PropertyValueSpecification\",\"valueRequired\":true,\"valueName\":\"search_term_string\"}}],\"inLanguage\":\"hu\"}]}<\/script>\n<!-- \/ Yoast SEO Premium plugin. -->","yoast_head_json":{"title":"Mestsk\u00e9 opevnenie mesta Bardejov (UNESCO) - OOCR \u0160ari\u0161","robots":{"index":"index","follow":"follow","max-snippet":"max-snippet:-1","max-image-preview":"max-image-preview:large","max-video-preview":"max-video-preview:-1"},"canonical":"https:\/\/www.regionsaris.sk\/hu\/historia\/mestske-opevnenie-mesta-bardejov-unesco\/","og_locale":"hu_HU","og_type":"article","og_title":"Mestsk\u00e9 opevnenie mesta Bardejov (UNESCO)","og_description":"Po\u010diatky v\u00fdstavby mestsk\u00e9ho opevnenia mesta Bardejov \u00fazko s\u00favisia s urbaniza\u010dn\u00fdm rozvojom v prvej polovici 14....","og_url":"https:\/\/www.regionsaris.sk\/hu\/historia\/mestske-opevnenie-mesta-bardejov-unesco\/","og_site_name":"OOCR \u0160ari\u0161","og_image":[{"width":1872,"height":1052,"url":"https:\/\/www.regionsaris.sk\/wp-content\/uploads\/2026\/01\/Juzyn-barbkan-chello-photo.jpg","type":"image\/jpeg"}],"twitter_card":"summary_large_image","twitter_misc":{"Becs\u00fclt olvas\u00e1si id\u0151":"9 perc"},"schema":{"@context":"https:\/\/schema.org","@graph":[{"@type":"WebPage","@id":"https:\/\/www.regionsaris.sk\/historia\/mestske-opevnenie-mesta-bardejov-unesco\/","url":"https:\/\/www.regionsaris.sk\/historia\/mestske-opevnenie-mesta-bardejov-unesco\/","name":"Mestsk\u00e9 opevnenie mesta Bardejov (UNESCO) - OOCR \u0160ari\u0161","isPartOf":{"@id":"https:\/\/www.regionsaris.sk\/#website"},"primaryImageOfPage":{"@id":"https:\/\/www.regionsaris.sk\/historia\/mestske-opevnenie-mesta-bardejov-unesco\/#primaryimage"},"image":{"@id":"https:\/\/www.regionsaris.sk\/historia\/mestske-opevnenie-mesta-bardejov-unesco\/#primaryimage"},"thumbnailUrl":"https:\/\/www.regionsaris.sk\/wp-content\/uploads\/2026\/01\/Juzyn-barbkan-chello-photo.jpg","datePublished":"2020-10-28T12:54:46+00:00","breadcrumb":{"@id":"https:\/\/www.regionsaris.sk\/historia\/mestske-opevnenie-mesta-bardejov-unesco\/#breadcrumb"},"inLanguage":"hu","potentialAction":[{"@type":"ReadAction","target":["https:\/\/www.regionsaris.sk\/historia\/mestske-opevnenie-mesta-bardejov-unesco\/"]}]},{"@type":"ImageObject","inLanguage":"hu","@id":"https:\/\/www.regionsaris.sk\/historia\/mestske-opevnenie-mesta-bardejov-unesco\/#primaryimage","url":"https:\/\/www.regionsaris.sk\/wp-content\/uploads\/2026\/01\/Juzyn-barbkan-chello-photo.jpg","contentUrl":"https:\/\/www.regionsaris.sk\/wp-content\/uploads\/2026\/01\/Juzyn-barbkan-chello-photo.jpg","width":1872,"height":1052},{"@type":"BreadcrumbList","@id":"https:\/\/www.regionsaris.sk\/historia\/mestske-opevnenie-mesta-bardejov-unesco\/#breadcrumb","itemListElement":[{"@type":"ListItem","position":1,"name":"Domov","item":"https:\/\/www.regionsaris.sk\/"},{"@type":"ListItem","position":2,"name":"Hist\u00f3ria regi\u00f3nu","item":"https:\/\/www.regionsaris.sk\/historia-regionu\/"},{"@type":"ListItem","position":3,"name":"Mestsk\u00e9 opevnenie mesta Bardejov (UNESCO)"}]},{"@type":"WebSite","@id":"https:\/\/www.regionsaris.sk\/#website","url":"https:\/\/www.regionsaris.sk\/","name":"OOCR \u0160ari\u0161","description":"","potentialAction":[{"@type":"SearchAction","target":{"@type":"EntryPoint","urlTemplate":"https:\/\/www.regionsaris.sk\/?s={search_term_string}"},"query-input":{"@type":"PropertyValueSpecification","valueRequired":true,"valueName":"search_term_string"}}],"inLanguage":"hu"}]}},"_links":{"self":[{"href":"https:\/\/www.regionsaris.sk\/hu\/wp-json\/wp\/v2\/historia\/2137","targetHints":{"allow":["GET"]}}],"collection":[{"href":"https:\/\/www.regionsaris.sk\/hu\/wp-json\/wp\/v2\/historia"}],"about":[{"href":"https:\/\/www.regionsaris.sk\/hu\/wp-json\/wp\/v2\/types\/historia"}],"wp:featuredmedia":[{"embeddable":true,"href":"https:\/\/www.regionsaris.sk\/hu\/wp-json\/wp\/v2\/media\/1881"}],"wp:attachment":[{"href":"https:\/\/www.regionsaris.sk\/hu\/wp-json\/wp\/v2\/media?parent=2137"}],"wp:term":[{"taxonomy":"kategoria-poi","embeddable":true,"href":"https:\/\/www.regionsaris.sk\/hu\/wp-json\/wp\/v2\/kategoria-poi?post=2137"},{"taxonomy":"lokalita","embeddable":true,"href":"https:\/\/www.regionsaris.sk\/hu\/wp-json\/wp\/v2\/lokalita?post=2137"},{"taxonomy":"sezona-poi","embeddable":true,"href":"https:\/\/www.regionsaris.sk\/hu\/wp-json\/wp\/v2\/sezona-poi?post=2137"},{"taxonomy":"trvanie-vyletu","embeddable":true,"href":"https:\/\/www.regionsaris.sk\/hu\/wp-json\/wp\/v2\/trvanie-vyletu?post=2137"}],"curies":[{"name":"wp","href":"https:\/\/api.w.org\/{rel}","templated":true}]}}