{"id":2134,"date":"2020-05-29T12:16:03","date_gmt":"2020-05-29T11:16:03","guid":{"rendered":"https:\/\/www.regionsaris.sk\/historia\/pamatnik-vychodoslovenskeho-rolnickeho-povstania\/"},"modified":"2020-05-29T12:16:03","modified_gmt":"2020-05-29T11:16:03","slug":"pamatnik-vychodoslovenskeho-rolnickeho-povstania","status":"publish","type":"historia","link":"https:\/\/www.regionsaris.sk\/hu\/historia\/pamatnik-vychodoslovenskeho-rolnickeho-povstania\/","title":{"rendered":"A kelet-szlov\u00e1kiai parasztfelkel\u00e9s eml\u00e9km\u0171ve"},"content":{"rendered":"<p>A kelet-szlov\u00e1kiai parasztfelkel\u00e9s vagy m\u00e1s n\u00e9ven kolerafelkel\u00e9s 1831 j\u00falius\u00e1ban \u00e9s augusztus\u00e1ban zajlott Zempl\u00edn, Abovska, \u0160ari\u0161 \u00e9s Szepes megy\u00e9ben. A felkel\u00e9s 150 falut \u00e9s v\u00e1rost \u00e9rintett 40 000 felkel\u0151vel. A felkel\u00e9s k\u00f6zvetlen kiv\u00e1lt\u00f3 oka egy nagyar\u00e1ny\u00fa term\u00e9skies\u00e9s \u00e9s koleraj\u00e1rv\u00e1ny volt. A n\u00e9p az el\u0151vigy\u00e1zatoss\u00e1gi int\u00e9zked\u00e9seket a jobb\u00e1gyok megm\u00e9rgez\u00e9s\u00e9nek \u00e9s vagyonuk elkobz\u00e1s\u00e1nak sz\u00e1nd\u00e9kak\u00e9nt \u00e9rtelmezte. A l\u00e1zad\u00e1st levert\u00e9k, \u00e9s az \u00e1llami b\u00edr\u00f3s\u00e1gok azonnal v\u00e9grehajtott\u00e1k az akaszt\u00e1ssal j\u00e1r\u00f3 hal\u00e1los \u00edt\u00e9leteket. \u00d6sszesen 119 ilyen \u00edt\u00e9letet hoztak. B\u00e1r a felkel\u00e9st levert\u00e9k, az 1832-1836-os magyar orsz\u00e1ggy\u0171l\u00e9sen \u00e9s a magyar orsz\u00e1ggy\u0171l\u00e9sen visszhangra tal\u00e1lt, amely foglalkozott a jobb\u00e1gyk\u00e9rd\u00e9ssel, \u00e9s bizonyos, b\u00e1r csek\u00e9ly jogokat biztos\u00edtott a jobb\u00e1gyoknak.<\/p>\n\n\n\n<p>Az \u00e9vben <strong>1938-ban eml\u00e9km\u0171vet \u00e1ll\u00edtottak<\/strong>, amelynek f\u0151 t\u00e9m\u00e1ja <strong>bronzszobor egy diadalmasan s\u00e9t\u00e1l\u00f3 f\u00e9rfir\u00f3l<\/strong>, egy magas hengeres oszlopon elhelyezve. A talapzaton egy 7 felkel\u0151t \u00e1br\u00e1zol\u00f3 szobor \u00e1ll, amely szimbolikusan a felkel\u00e9sben r\u00e9sztvev\u0151k foglalkoz\u00e1si st\u00e1tusz\u00e1t jelk\u00e9pezi. Ezek k\u00f6z\u00f6tt f\u0151k\u00e9nt f\u00f6ldbirtokosok, polg\u00e1r, f\u00f6ldbirtokosok, r\u00e9szv\u00e9nyesek, b\u00e1ny\u00e1szok, szeg\u00e9nyek (v\u00e1rosi \u00e9s vid\u00e9ki) \u00e9s \u00e1llami alkalmazottak (richt\u00e1rok, tan\u00e1rok, hajd\u00fak) voltak.<\/p>\n\n\n\n<p>\u00d6sszesen <strong>az eml\u00e9km\u0171 magass\u00e1ga 20 m<\/strong>. A szobor alakjai ak\u00e1r 3,2 m magasak is lehetnek. A pilonon \u00e1ll\u00f3 bronzszobor 4,2 m magas. Jobb kez\u00e9ben egy 0,4 m hossz\u00fa \u00e1gat tart. A szobor szobrai homokk\u0151b\u0151l vannak faragva.<\/p>\n\n\n\n<p>Forr\u00e1s\/Fot\u00f3: www.obechaniska.sk<\/p>","protected":false},"featured_media":1835,"template":"","meta":{"_acf_changed":false},"kategoria-poi":[105,171],"lokalita":[28],"sezona-poi":[],"trvanie-vyletu":[],"class_list":["post-2134","historia","type-historia","status-publish","has-post-thumbnail","hentry","kategoria-poi-historia","kategoria-poi-ine-vyznamne-pamiatky","lokalita-presov-a-okolie"],"acf":[],"yoast_head":"<!-- This site is optimized with the Yoast SEO Premium plugin v26.3 (Yoast SEO v26.8) - https:\/\/yoast.com\/product\/yoast-seo-premium-wordpress\/ -->\n<title>Pam\u00e4tn\u00edk v\u00fdchodoslovensk\u00e9ho ro\u013en\u00edckeho povstania - OOCR \u0160ari\u0161<\/title>\n<meta name=\"robots\" content=\"index, follow, max-snippet:-1, max-image-preview:large, max-video-preview:-1\" \/>\n<link rel=\"canonical\" href=\"https:\/\/www.regionsaris.sk\/hu\/historia\/pamatnik-vychodoslovenskeho-rolnickeho-povstania\/\" \/>\n<meta property=\"og:locale\" content=\"hu_HU\" \/>\n<meta property=\"og:type\" content=\"article\" \/>\n<meta property=\"og:title\" content=\"Pam\u00e4tn\u00edk v\u00fdchodoslovensk\u00e9ho ro\u013en\u00edckeho povstania\" \/>\n<meta property=\"og:description\" content=\"V\u00fdchodoslovensk\u00e9 ro\u013en\u00edcke povstanie alebo aj cholerov\u00e9 povstanie sa odohralo v j\u00fali a auguste 1831 v...\" \/>\n<meta property=\"og:url\" content=\"https:\/\/www.regionsaris.sk\/hu\/historia\/pamatnik-vychodoslovenskeho-rolnickeho-povstania\/\" \/>\n<meta property=\"og:site_name\" content=\"OOCR \u0160ari\u0161\" \/>\n<meta property=\"og:image\" content=\"https:\/\/www.regionsaris.sk\/wp-content\/uploads\/2026\/01\/i_5714602.jpg\" \/>\n\t<meta property=\"og:image:width\" content=\"1600\" \/>\n\t<meta property=\"og:image:height\" content=\"1067\" \/>\n\t<meta property=\"og:image:type\" content=\"image\/jpeg\" \/>\n<meta name=\"twitter:card\" content=\"summary_large_image\" \/>\n<meta name=\"twitter:label1\" content=\"Becs\u00fclt olvas\u00e1si id\u0151\" \/>\n\t<meta name=\"twitter:data1\" content=\"1 perc\" \/>\n<script type=\"application\/ld+json\" class=\"yoast-schema-graph\">{\"@context\":\"https:\/\/schema.org\",\"@graph\":[{\"@type\":\"WebPage\",\"@id\":\"https:\/\/www.regionsaris.sk\/historia\/pamatnik-vychodoslovenskeho-rolnickeho-povstania\/\",\"url\":\"https:\/\/www.regionsaris.sk\/historia\/pamatnik-vychodoslovenskeho-rolnickeho-povstania\/\",\"name\":\"Pam\u00e4tn\u00edk v\u00fdchodoslovensk\u00e9ho ro\u013en\u00edckeho povstania - OOCR \u0160ari\u0161\",\"isPartOf\":{\"@id\":\"https:\/\/www.regionsaris.sk\/#website\"},\"primaryImageOfPage\":{\"@id\":\"https:\/\/www.regionsaris.sk\/historia\/pamatnik-vychodoslovenskeho-rolnickeho-povstania\/#primaryimage\"},\"image\":{\"@id\":\"https:\/\/www.regionsaris.sk\/historia\/pamatnik-vychodoslovenskeho-rolnickeho-povstania\/#primaryimage\"},\"thumbnailUrl\":\"https:\/\/www.regionsaris.sk\/wp-content\/uploads\/2026\/01\/i_5714602.jpg\",\"datePublished\":\"2020-05-29T11:16:03+00:00\",\"breadcrumb\":{\"@id\":\"https:\/\/www.regionsaris.sk\/historia\/pamatnik-vychodoslovenskeho-rolnickeho-povstania\/#breadcrumb\"},\"inLanguage\":\"hu\",\"potentialAction\":[{\"@type\":\"ReadAction\",\"target\":[\"https:\/\/www.regionsaris.sk\/historia\/pamatnik-vychodoslovenskeho-rolnickeho-povstania\/\"]}]},{\"@type\":\"ImageObject\",\"inLanguage\":\"hu\",\"@id\":\"https:\/\/www.regionsaris.sk\/historia\/pamatnik-vychodoslovenskeho-rolnickeho-povstania\/#primaryimage\",\"url\":\"https:\/\/www.regionsaris.sk\/wp-content\/uploads\/2026\/01\/i_5714602.jpg\",\"contentUrl\":\"https:\/\/www.regionsaris.sk\/wp-content\/uploads\/2026\/01\/i_5714602.jpg\",\"width\":1600,\"height\":1067},{\"@type\":\"BreadcrumbList\",\"@id\":\"https:\/\/www.regionsaris.sk\/historia\/pamatnik-vychodoslovenskeho-rolnickeho-povstania\/#breadcrumb\",\"itemListElement\":[{\"@type\":\"ListItem\",\"position\":1,\"name\":\"Domov\",\"item\":\"https:\/\/www.regionsaris.sk\/\"},{\"@type\":\"ListItem\",\"position\":2,\"name\":\"Hist\u00f3ria regi\u00f3nu\",\"item\":\"https:\/\/www.regionsaris.sk\/historia-regionu\/\"},{\"@type\":\"ListItem\",\"position\":3,\"name\":\"Pam\u00e4tn\u00edk v\u00fdchodoslovensk\u00e9ho ro\u013en\u00edckeho povstania\"}]},{\"@type\":\"WebSite\",\"@id\":\"https:\/\/www.regionsaris.sk\/#website\",\"url\":\"https:\/\/www.regionsaris.sk\/\",\"name\":\"OOCR \u0160ari\u0161\",\"description\":\"\",\"potentialAction\":[{\"@type\":\"SearchAction\",\"target\":{\"@type\":\"EntryPoint\",\"urlTemplate\":\"https:\/\/www.regionsaris.sk\/?s={search_term_string}\"},\"query-input\":{\"@type\":\"PropertyValueSpecification\",\"valueRequired\":true,\"valueName\":\"search_term_string\"}}],\"inLanguage\":\"hu\"}]}<\/script>\n<!-- \/ Yoast SEO Premium plugin. -->","yoast_head_json":{"title":"Pam\u00e4tn\u00edk v\u00fdchodoslovensk\u00e9ho ro\u013en\u00edckeho povstania - OOCR \u0160ari\u0161","robots":{"index":"index","follow":"follow","max-snippet":"max-snippet:-1","max-image-preview":"max-image-preview:large","max-video-preview":"max-video-preview:-1"},"canonical":"https:\/\/www.regionsaris.sk\/hu\/historia\/pamatnik-vychodoslovenskeho-rolnickeho-povstania\/","og_locale":"hu_HU","og_type":"article","og_title":"Pam\u00e4tn\u00edk v\u00fdchodoslovensk\u00e9ho ro\u013en\u00edckeho povstania","og_description":"V\u00fdchodoslovensk\u00e9 ro\u013en\u00edcke povstanie alebo aj cholerov\u00e9 povstanie sa odohralo v j\u00fali a auguste 1831 v...","og_url":"https:\/\/www.regionsaris.sk\/hu\/historia\/pamatnik-vychodoslovenskeho-rolnickeho-povstania\/","og_site_name":"OOCR \u0160ari\u0161","og_image":[{"width":1600,"height":1067,"url":"https:\/\/www.regionsaris.sk\/wp-content\/uploads\/2026\/01\/i_5714602.jpg","type":"image\/jpeg"}],"twitter_card":"summary_large_image","twitter_misc":{"Becs\u00fclt olvas\u00e1si id\u0151":"1 perc"},"schema":{"@context":"https:\/\/schema.org","@graph":[{"@type":"WebPage","@id":"https:\/\/www.regionsaris.sk\/historia\/pamatnik-vychodoslovenskeho-rolnickeho-povstania\/","url":"https:\/\/www.regionsaris.sk\/historia\/pamatnik-vychodoslovenskeho-rolnickeho-povstania\/","name":"Pam\u00e4tn\u00edk v\u00fdchodoslovensk\u00e9ho ro\u013en\u00edckeho povstania - OOCR \u0160ari\u0161","isPartOf":{"@id":"https:\/\/www.regionsaris.sk\/#website"},"primaryImageOfPage":{"@id":"https:\/\/www.regionsaris.sk\/historia\/pamatnik-vychodoslovenskeho-rolnickeho-povstania\/#primaryimage"},"image":{"@id":"https:\/\/www.regionsaris.sk\/historia\/pamatnik-vychodoslovenskeho-rolnickeho-povstania\/#primaryimage"},"thumbnailUrl":"https:\/\/www.regionsaris.sk\/wp-content\/uploads\/2026\/01\/i_5714602.jpg","datePublished":"2020-05-29T11:16:03+00:00","breadcrumb":{"@id":"https:\/\/www.regionsaris.sk\/historia\/pamatnik-vychodoslovenskeho-rolnickeho-povstania\/#breadcrumb"},"inLanguage":"hu","potentialAction":[{"@type":"ReadAction","target":["https:\/\/www.regionsaris.sk\/historia\/pamatnik-vychodoslovenskeho-rolnickeho-povstania\/"]}]},{"@type":"ImageObject","inLanguage":"hu","@id":"https:\/\/www.regionsaris.sk\/historia\/pamatnik-vychodoslovenskeho-rolnickeho-povstania\/#primaryimage","url":"https:\/\/www.regionsaris.sk\/wp-content\/uploads\/2026\/01\/i_5714602.jpg","contentUrl":"https:\/\/www.regionsaris.sk\/wp-content\/uploads\/2026\/01\/i_5714602.jpg","width":1600,"height":1067},{"@type":"BreadcrumbList","@id":"https:\/\/www.regionsaris.sk\/historia\/pamatnik-vychodoslovenskeho-rolnickeho-povstania\/#breadcrumb","itemListElement":[{"@type":"ListItem","position":1,"name":"Domov","item":"https:\/\/www.regionsaris.sk\/"},{"@type":"ListItem","position":2,"name":"Hist\u00f3ria regi\u00f3nu","item":"https:\/\/www.regionsaris.sk\/historia-regionu\/"},{"@type":"ListItem","position":3,"name":"Pam\u00e4tn\u00edk v\u00fdchodoslovensk\u00e9ho ro\u013en\u00edckeho povstania"}]},{"@type":"WebSite","@id":"https:\/\/www.regionsaris.sk\/#website","url":"https:\/\/www.regionsaris.sk\/","name":"OOCR \u0160ari\u0161","description":"","potentialAction":[{"@type":"SearchAction","target":{"@type":"EntryPoint","urlTemplate":"https:\/\/www.regionsaris.sk\/?s={search_term_string}"},"query-input":{"@type":"PropertyValueSpecification","valueRequired":true,"valueName":"search_term_string"}}],"inLanguage":"hu"}]}},"_links":{"self":[{"href":"https:\/\/www.regionsaris.sk\/hu\/wp-json\/wp\/v2\/historia\/2134","targetHints":{"allow":["GET"]}}],"collection":[{"href":"https:\/\/www.regionsaris.sk\/hu\/wp-json\/wp\/v2\/historia"}],"about":[{"href":"https:\/\/www.regionsaris.sk\/hu\/wp-json\/wp\/v2\/types\/historia"}],"wp:featuredmedia":[{"embeddable":true,"href":"https:\/\/www.regionsaris.sk\/hu\/wp-json\/wp\/v2\/media\/1835"}],"wp:attachment":[{"href":"https:\/\/www.regionsaris.sk\/hu\/wp-json\/wp\/v2\/media?parent=2134"}],"wp:term":[{"taxonomy":"kategoria-poi","embeddable":true,"href":"https:\/\/www.regionsaris.sk\/hu\/wp-json\/wp\/v2\/kategoria-poi?post=2134"},{"taxonomy":"lokalita","embeddable":true,"href":"https:\/\/www.regionsaris.sk\/hu\/wp-json\/wp\/v2\/lokalita?post=2134"},{"taxonomy":"sezona-poi","embeddable":true,"href":"https:\/\/www.regionsaris.sk\/hu\/wp-json\/wp\/v2\/sezona-poi?post=2134"},{"taxonomy":"trvanie-vyletu","embeddable":true,"href":"https:\/\/www.regionsaris.sk\/hu\/wp-json\/wp\/v2\/trvanie-vyletu?post=2134"}],"curies":[{"name":"wp","href":"https:\/\/api.w.org\/{rel}","templated":true}]}}