{"id":2087,"date":"2020-06-04T07:26:09","date_gmt":"2020-06-04T06:26:09","guid":{"rendered":"https:\/\/www.regionsaris.sk\/historia\/kastiel-uzovce\/"},"modified":"2020-06-04T07:26:09","modified_gmt":"2020-06-04T06:26:09","slug":"kastiel-uzovce","status":"publish","type":"historia","link":"https:\/\/www.regionsaris.sk\/hu\/historia\/kastiel-uzovce\/","title":{"rendered":"Uzovce Manor House"},"content":{"rendered":"<p>A 13. sz\u00e1zad m\u00e1sodik fel\u00e9ben \u00e9s a 14. sz\u00e1zad elej\u00e9n \u00e9lt a f\u00f6ldbirtokos Uz. Fia, J\u00e1n 1337-ben \u00f6r\u00f6k\u00f6lte a Tekul csal\u00e1d, a magyar sz\u00e1rmaz\u00e1s\u00fa f\u00f6ldbirtokosok \u00f6r\u00f6k\u00f6s birtokainak egy r\u00e9sz\u00e9t. J\u00e1n \u00e9s J\u00e1n fiai Uzovc\u00e9n \u00e9ltek, \u00e9s 1370 k\u00f6r\u00fcl a falu magyar nev\u00e9t haszn\u00e1lt\u00e1k vezet\u00e9knev\u00fckben. Az oklevelek tartalm\u00e1b\u00f3l egy\u00e9rtelm\u0171en kider\u00fcl, hogy Uzovce falu m\u00e1r 1370 el\u0151tt is l\u00e9tezett. Uzovce a 15-16. sz\u00e1zadban az Uzovce f\u00f6ldesurak, az Uz f\u00f6ldes\u00far lesz\u00e1rmazottai birtok\u00e1ban maradt. A faluban kuri\u00f3zumokat tartottak, \u00e9s val\u00f3sz\u00edn\u0171leg a 14. sz\u00e1zad els\u0151 fel\u00e9ben templomot \u00e9p\u00edttettek a faluban.<\/p>\n\n\n\n<p>A kast\u00e9lyt el\u0151sz\u00f6r kast\u00e9lyk\u00e9nt eml\u00edtik. A 16-17. sz\u00e1zad fordul\u00f3j\u00e1r\u00f3l sz\u00e1rmaz\u00f3, feltehet\u0151en renesz\u00e1nsz st\u00edlus\u00fa kast\u00e9ly st\u00edlus\u00e1ban \u00e9p\u00fclt nemesi rezidenci\u00e1t k\u00e9s\u0151bb, a 18-19. sz\u00e1zadban \u00e1t\u00e9p\u00edtett\u00e9k. Az eredeti renesz\u00e1nsz k\u00faria barokk \u00e1talak\u00edt\u00e1s\u00e1r\u00f3l tan\u00faskodnak az \u00e9p\u00fclet \u00e9szaknyugati r\u00e9sz\u00e9n fennmaradt barokk boltozatok. A f\u0151 (d\u00e9li) homlokzat azonban a 19-20. sz\u00e1zad fordul\u00f3j\u00e1n jelent\u0151s historiz\u00e1l\u00f3 st\u00edlus\u00fa \u00e1talak\u00edt\u00e1sr\u00f3l tan\u00faskodik. A kast\u00e9ly egyszintes, szab\u00e1lytalan t\u00e9glalap alaprajz\u00fa \u00e9p\u00fclet, amely egy h\u00e1romszintes, prizma alak\u00fa bej\u00e1rati tornyot \u00e9s k\u00e9t k\u00e9temeletes, hengeres (keleti torony) vagy prizma alak\u00fa (nyugati torony) saroktornyot foglal mag\u00e1ban. A f\u00f6ldszinti bels\u0151 t\u00e9rben a boltozatok megmaradtak, az eredeti boltozatokt\u00f3l kezdve a k\u00fcl\u00f6nb\u00f6z\u0151 \u00e1t\u00e9p\u00edt\u00e9si id\u0151szakokb\u00f3l sz\u00e1rmaz\u00f3 boltozatokon \u00e1t a legfiatalabb s\u00edkmennyezetekig. A legr\u00e9gebbi \u00e9s leg\u00e9rt\u00e9kesebb boltozat a keleti hengeres toronyban maradt fenn, amely egy renesz\u00e1nsz kupol\u00e1b\u00f3l \u00e1ll, traceriummal, c\u00edmerrel \u00e9s stukk\u00f3d\u00edsz\u00edt\u00e9ssel (rozett\u00e1kkal). A legt\u00f6bb ablak- \u00e9s bej\u00e1rati ny\u00edl\u00e1son megmaradtak az eredeti szegmens alak\u00fa, ferde b\u00e9l\u00e9ssel ell\u00e1tott zsalug\u00e1terek. A legt\u00f6bb d\u00edsz\u00edt\u0151elem a homlokzatokon maradt meg, k\u00fcl\u00f6n\u00f6sen a f\u0151- \u00e9s a d\u00e9li homlokzaton. A homlokzatot v\u00edzszintesen form\u00e1zott p\u00e1rk\u00e1nyok, s\u00e1vos rostacs\u00edkok, f\u00fcgg\u0151legesen sarokb\u00e1stya \u00e9s pilaszterek tagolj\u00e1k. A magas k\u00f6zponti torony ny\u00edl\u00e1sai f\u00f6l\u00f6tt profilozott, stukk\u00f3d\u00edszes oromzatok tal\u00e1lhat\u00f3k, a tornyokon pedig a tet\u0151 alatti ny\u00edl\u00e1sokon pilaszterekkel \u00e9s volut\u00e1kkal d\u00edsz\u00edtett bolt\u00edvek vannak. Az \u00e9p\u00fclet teljes eg\u00e9sz\u00e9ben al\u00e1pinc\u00e9zett.<\/p>\n\n\n\n<p>A kast\u00e9ly \u00e9rdekes p\u00e9ld\u00e1ja a kelet-szlov\u00e1kiai r\u00e9gebbi kast\u00e9lyok \u00e1talak\u00edt\u00e1s\u00e1n\u00e1l alkalmazott historiz\u00e1l\u00f3 st\u00edlus elemeinek.<\/p>\n\n\n\n<p>Uzovce kast\u00e9ly r\u00e9sze\u00a0<a href=\"https:\/\/www.sarisskahradnacesta.sk\/\">\u0160ari\u0161 v\u00e1r \u00fatjai<\/a>.<\/p>\n\n\n\n<p>Forr\u00e1s: pamiatkynaslovensku.sk<\/p>\n\n\n\n<p>Fot\u00f3: Uzovce falu<\/p>","protected":false},"featured_media":1513,"template":"","meta":{"_acf_changed":false},"kategoria-poi":[105,173],"lokalita":[27],"sezona-poi":[],"trvanie-vyletu":[],"class_list":["post-2087","historia","type-historia","status-publish","has-post-thumbnail","hentry","kategoria-poi-historia","kategoria-poi-kastiele-a-kurie","lokalita-sabinov-a-okolie"],"acf":[],"yoast_head":"<!-- This site is optimized with the Yoast SEO Premium plugin v26.3 (Yoast SEO v26.8) - https:\/\/yoast.com\/product\/yoast-seo-premium-wordpress\/ -->\n<title>Ka\u0161tie\u013e Uzovce - OOCR \u0160ari\u0161<\/title>\n<meta name=\"robots\" content=\"index, follow, max-snippet:-1, max-image-preview:large, max-video-preview:-1\" \/>\n<link rel=\"canonical\" href=\"https:\/\/www.regionsaris.sk\/hu\/historia\/kastiel-uzovce\/\" \/>\n<meta property=\"og:locale\" content=\"hu_HU\" \/>\n<meta property=\"og:type\" content=\"article\" \/>\n<meta property=\"og:title\" content=\"Ka\u0161tie\u013e Uzovce\" \/>\n<meta property=\"og:description\" content=\"V druhej polovici 13. a za\u010diatkom 14. storo\u010dia \u017eil zeman Uz. Jeho synovi J\u00e1novi v...\" \/>\n<meta property=\"og:url\" content=\"https:\/\/www.regionsaris.sk\/hu\/historia\/kastiel-uzovce\/\" \/>\n<meta property=\"og:site_name\" content=\"OOCR \u0160ari\u0161\" \/>\n<meta property=\"og:image\" content=\"https:\/\/www.regionsaris.sk\/wp-content\/uploads\/2026\/01\/Kastiel-Uzovce-600x400-1.jpg\" \/>\n\t<meta property=\"og:image:width\" content=\"600\" \/>\n\t<meta property=\"og:image:height\" content=\"400\" \/>\n\t<meta property=\"og:image:type\" content=\"image\/jpeg\" \/>\n<meta name=\"twitter:card\" content=\"summary_large_image\" \/>\n<meta name=\"twitter:label1\" content=\"Becs\u00fclt olvas\u00e1si id\u0151\" \/>\n\t<meta name=\"twitter:data1\" content=\"2 perc\" \/>\n<script type=\"application\/ld+json\" class=\"yoast-schema-graph\">{\"@context\":\"https:\/\/schema.org\",\"@graph\":[{\"@type\":\"WebPage\",\"@id\":\"https:\/\/www.regionsaris.sk\/historia\/kastiel-uzovce\/\",\"url\":\"https:\/\/www.regionsaris.sk\/historia\/kastiel-uzovce\/\",\"name\":\"Ka\u0161tie\u013e Uzovce - OOCR \u0160ari\u0161\",\"isPartOf\":{\"@id\":\"https:\/\/www.regionsaris.sk\/#website\"},\"primaryImageOfPage\":{\"@id\":\"https:\/\/www.regionsaris.sk\/historia\/kastiel-uzovce\/#primaryimage\"},\"image\":{\"@id\":\"https:\/\/www.regionsaris.sk\/historia\/kastiel-uzovce\/#primaryimage\"},\"thumbnailUrl\":\"https:\/\/www.regionsaris.sk\/wp-content\/uploads\/2026\/01\/Kastiel-Uzovce-600x400-1.jpg\",\"datePublished\":\"2020-06-04T06:26:09+00:00\",\"breadcrumb\":{\"@id\":\"https:\/\/www.regionsaris.sk\/historia\/kastiel-uzovce\/#breadcrumb\"},\"inLanguage\":\"hu\",\"potentialAction\":[{\"@type\":\"ReadAction\",\"target\":[\"https:\/\/www.regionsaris.sk\/historia\/kastiel-uzovce\/\"]}]},{\"@type\":\"ImageObject\",\"inLanguage\":\"hu\",\"@id\":\"https:\/\/www.regionsaris.sk\/historia\/kastiel-uzovce\/#primaryimage\",\"url\":\"https:\/\/www.regionsaris.sk\/wp-content\/uploads\/2026\/01\/Kastiel-Uzovce-600x400-1.jpg\",\"contentUrl\":\"https:\/\/www.regionsaris.sk\/wp-content\/uploads\/2026\/01\/Kastiel-Uzovce-600x400-1.jpg\",\"width\":600,\"height\":400},{\"@type\":\"BreadcrumbList\",\"@id\":\"https:\/\/www.regionsaris.sk\/historia\/kastiel-uzovce\/#breadcrumb\",\"itemListElement\":[{\"@type\":\"ListItem\",\"position\":1,\"name\":\"Domov\",\"item\":\"https:\/\/www.regionsaris.sk\/\"},{\"@type\":\"ListItem\",\"position\":2,\"name\":\"Hist\u00f3ria regi\u00f3nu\",\"item\":\"https:\/\/www.regionsaris.sk\/historia-regionu\/\"},{\"@type\":\"ListItem\",\"position\":3,\"name\":\"Ka\u0161tie\u013e Uzovce\"}]},{\"@type\":\"WebSite\",\"@id\":\"https:\/\/www.regionsaris.sk\/#website\",\"url\":\"https:\/\/www.regionsaris.sk\/\",\"name\":\"OOCR \u0160ari\u0161\",\"description\":\"\",\"potentialAction\":[{\"@type\":\"SearchAction\",\"target\":{\"@type\":\"EntryPoint\",\"urlTemplate\":\"https:\/\/www.regionsaris.sk\/?s={search_term_string}\"},\"query-input\":{\"@type\":\"PropertyValueSpecification\",\"valueRequired\":true,\"valueName\":\"search_term_string\"}}],\"inLanguage\":\"hu\"}]}<\/script>\n<!-- \/ Yoast SEO Premium plugin. -->","yoast_head_json":{"title":"Ka\u0161tie\u013e Uzovce - OOCR \u0160ari\u0161","robots":{"index":"index","follow":"follow","max-snippet":"max-snippet:-1","max-image-preview":"max-image-preview:large","max-video-preview":"max-video-preview:-1"},"canonical":"https:\/\/www.regionsaris.sk\/hu\/historia\/kastiel-uzovce\/","og_locale":"hu_HU","og_type":"article","og_title":"Ka\u0161tie\u013e Uzovce","og_description":"V druhej polovici 13. a za\u010diatkom 14. storo\u010dia \u017eil zeman Uz. Jeho synovi J\u00e1novi v...","og_url":"https:\/\/www.regionsaris.sk\/hu\/historia\/kastiel-uzovce\/","og_site_name":"OOCR \u0160ari\u0161","og_image":[{"width":600,"height":400,"url":"https:\/\/www.regionsaris.sk\/wp-content\/uploads\/2026\/01\/Kastiel-Uzovce-600x400-1.jpg","type":"image\/jpeg"}],"twitter_card":"summary_large_image","twitter_misc":{"Becs\u00fclt olvas\u00e1si id\u0151":"2 perc"},"schema":{"@context":"https:\/\/schema.org","@graph":[{"@type":"WebPage","@id":"https:\/\/www.regionsaris.sk\/historia\/kastiel-uzovce\/","url":"https:\/\/www.regionsaris.sk\/historia\/kastiel-uzovce\/","name":"Ka\u0161tie\u013e Uzovce - OOCR \u0160ari\u0161","isPartOf":{"@id":"https:\/\/www.regionsaris.sk\/#website"},"primaryImageOfPage":{"@id":"https:\/\/www.regionsaris.sk\/historia\/kastiel-uzovce\/#primaryimage"},"image":{"@id":"https:\/\/www.regionsaris.sk\/historia\/kastiel-uzovce\/#primaryimage"},"thumbnailUrl":"https:\/\/www.regionsaris.sk\/wp-content\/uploads\/2026\/01\/Kastiel-Uzovce-600x400-1.jpg","datePublished":"2020-06-04T06:26:09+00:00","breadcrumb":{"@id":"https:\/\/www.regionsaris.sk\/historia\/kastiel-uzovce\/#breadcrumb"},"inLanguage":"hu","potentialAction":[{"@type":"ReadAction","target":["https:\/\/www.regionsaris.sk\/historia\/kastiel-uzovce\/"]}]},{"@type":"ImageObject","inLanguage":"hu","@id":"https:\/\/www.regionsaris.sk\/historia\/kastiel-uzovce\/#primaryimage","url":"https:\/\/www.regionsaris.sk\/wp-content\/uploads\/2026\/01\/Kastiel-Uzovce-600x400-1.jpg","contentUrl":"https:\/\/www.regionsaris.sk\/wp-content\/uploads\/2026\/01\/Kastiel-Uzovce-600x400-1.jpg","width":600,"height":400},{"@type":"BreadcrumbList","@id":"https:\/\/www.regionsaris.sk\/historia\/kastiel-uzovce\/#breadcrumb","itemListElement":[{"@type":"ListItem","position":1,"name":"Domov","item":"https:\/\/www.regionsaris.sk\/"},{"@type":"ListItem","position":2,"name":"Hist\u00f3ria regi\u00f3nu","item":"https:\/\/www.regionsaris.sk\/historia-regionu\/"},{"@type":"ListItem","position":3,"name":"Ka\u0161tie\u013e Uzovce"}]},{"@type":"WebSite","@id":"https:\/\/www.regionsaris.sk\/#website","url":"https:\/\/www.regionsaris.sk\/","name":"OOCR \u0160ari\u0161","description":"","potentialAction":[{"@type":"SearchAction","target":{"@type":"EntryPoint","urlTemplate":"https:\/\/www.regionsaris.sk\/?s={search_term_string}"},"query-input":{"@type":"PropertyValueSpecification","valueRequired":true,"valueName":"search_term_string"}}],"inLanguage":"hu"}]}},"_links":{"self":[{"href":"https:\/\/www.regionsaris.sk\/hu\/wp-json\/wp\/v2\/historia\/2087","targetHints":{"allow":["GET"]}}],"collection":[{"href":"https:\/\/www.regionsaris.sk\/hu\/wp-json\/wp\/v2\/historia"}],"about":[{"href":"https:\/\/www.regionsaris.sk\/hu\/wp-json\/wp\/v2\/types\/historia"}],"wp:featuredmedia":[{"embeddable":true,"href":"https:\/\/www.regionsaris.sk\/hu\/wp-json\/wp\/v2\/media\/1513"}],"wp:attachment":[{"href":"https:\/\/www.regionsaris.sk\/hu\/wp-json\/wp\/v2\/media?parent=2087"}],"wp:term":[{"taxonomy":"kategoria-poi","embeddable":true,"href":"https:\/\/www.regionsaris.sk\/hu\/wp-json\/wp\/v2\/kategoria-poi?post=2087"},{"taxonomy":"lokalita","embeddable":true,"href":"https:\/\/www.regionsaris.sk\/hu\/wp-json\/wp\/v2\/lokalita?post=2087"},{"taxonomy":"sezona-poi","embeddable":true,"href":"https:\/\/www.regionsaris.sk\/hu\/wp-json\/wp\/v2\/sezona-poi?post=2087"},{"taxonomy":"trvanie-vyletu","embeddable":true,"href":"https:\/\/www.regionsaris.sk\/hu\/wp-json\/wp\/v2\/trvanie-vyletu?post=2087"}],"curies":[{"name":"wp","href":"https:\/\/api.w.org\/{rel}","templated":true}]}}