{"id":2068,"date":"2020-06-03T08:12:15","date_gmt":"2020-06-03T07:12:15","guid":{"rendered":"https:\/\/www.regionsaris.sk\/historia\/obisovsky-hrad\/"},"modified":"2020-06-03T08:12:15","modified_gmt":"2020-06-03T07:12:15","slug":"obisovsky-hrad","status":"publish","type":"historia","link":"https:\/\/www.regionsaris.sk\/hu\/historia\/obisovsky-hrad\/","title":{"rendered":"Obisov kast\u00e9ly"},"content":{"rendered":"<p>Drienov az Abov csal\u00e1d Drienov \u00e1g\u00e1nak sz\u00e9khelye lett, \u00e9s az uraknak egy kast\u00e9lyuk vagy f\u00f6ldes\u00fari v\u00e1ruk is volt k\u00f6zvetlen\u00fcl a faluban, nyilv\u00e1nval\u00f3an a falu k\u00f6zep\u00e9n l\u00e9v\u0151 dombon. Tal\u00e1n fa\u00e9p\u00fclet volt, tal\u00e1n f\u00f6ldes-f\u00e1s \u00e9p\u00fclet. Az azonban biztos, hogy nem ny\u00fajthatta a k\u00edv\u00e1nt biztons\u00e1got. K\u00fcl\u00f6n\u00f6sen nem a k\u00e9t tat\u00e1rj\u00e1r\u00e1s idej\u00e9n. Az els\u0151re 1241-ben, a m\u00e1sodikra 1285-ben ker\u00fclt sor, amelyben Ivanka - a drienovi Juraj \u00far fia - elpusztult. \u00dagy t\u0171nik, az els\u0151 tat\u00e1rj\u00e1r\u00e1s arra k\u00e9nyszer\u00edtette a csal\u00e1dot, hogy egy biztons\u00e1gosabb rezidenci\u00e1t \u00e9p\u00edtsen, amely k\u00e9pes megv\u00e9deni \u0151ket az ellens\u00e9gt\u0151l. A Svinka foly\u00f3 v\u00f6lgye f\u00f6l\u00f6tti erd\u0151s dombos hegyvonulatot v\u00e1lasztott\u00e1k. A ma Z\u00e1m\u010disko (360 m tengerszint feletti magass\u00e1gban) nev\u0171, felt\u0171n\u00e9smentes dombnak meredek lejt\u0151i vannak, \u00e9s csak a keleti oldalr\u00f3l k\u00f6zel\u00edthet\u0151 meg.<br>A v\u00e1rnak nem volt v\u00e1rfala, \u00edgy nem rendelkezett gazdas\u00e1gi b\u00e1zissal. Nyilv\u00e1n ez is az ideiglenes lakhat\u00f3s\u00e1g\u00e1r\u00f3l tan\u00faskodik. Az egyszer\u0171 udvari elrendez\u00e9s nem haladja meg a 25 x 30 m\u00e9tert. Tipikus p\u00e9ld\u00e1ja a v\u00f6lgy m\u00e9ly\u00e9n megb\u00faj\u00f3 mened\u00e9kv\u00e1rnak. B\u00e1r j\u00f3 kil\u00e1t\u00e1ssal rendelkezik Obi\u0161ovce egy r\u00e9sz\u00e9re \u00e9s a Svinka foly\u00f3 v\u00f6lgy\u00e9re, de a Horn\u00e1d-medenc\u00e9re nincs r\u00e1l\u00e1t\u00e1sa, \u00e9s a Torysa foly\u00f3 medenc\u00e9j\u00e9nek ellen\u0151rz\u00e9s\u00e9re csak korl\u00e1tozottan van lehet\u0151s\u00e9ge. A v\u00e1rudvarr\u00f3l a kapu\u0161iai v\u00e1rat lehet l\u00e1tni. Az Ab csal\u00e1d 1300-b\u00f3l sz\u00e1rmaz\u00f3 megosztott birtokai k\u00f6z\u00f6tt szerepel egy bizonyos Sumus (Drienov) v\u00e1r \u00e9p\u00edt\u00e9s\u00e9nek k\u00f6lts\u00e9ge, amely 70 m\u00e1rka (hrivnya) ez\u00fcst\u00f6t tett ki. Hogy ez egy Z\u00e1m\u010disko melletti v\u00e1r volt-e, vagy ink\u00e1bb egy Kysak feletti v\u00e1r, tov\u00e1bbra is vita t\u00e1rgy\u00e1t k\u00e9pezi, de a t\u00f6rt\u00e9n\u00e9szek ink\u00e1bb hajlanak arra a v\u00e9lem\u00e9nyre, hogy ez az oklev\u00e9l mag\u00e1ra Kysak v\u00e1r\u00e1ra vonatkozik.<br>Obi\u0161ovsk\u00fd hradok majdnem elt\u0171nt. Err\u0151l tan\u00faskodik a r\u00e9g\u00e9szeti anyag, amely nem ny\u00falik t\u00fal a 15. sz\u00e1zad k\u00f6zep\u00e9n. Ekkor m\u00e1r a k\u00f6z\u00e9pkorban \u00e1llt egy k\u00e9nyelmesebb \u00e9s nagyobb v\u00e1r Kiszak f\u00f6l\u00f6tt egy v\u00e1rudvarral rendelkez\u0151 v\u00e1r. Elhelyezked\u00e9se az obi\u0161ovi v\u00e1rral ellent\u00e9tben strat\u00e9giai jelent\u0151s\u00e9g\u0171 volt. Lehet\u0151v\u00e9 tette a Horn\u00e1d-v\u00f6lgy, a Tory-v\u00f6lgy egy r\u00e9sz\u00e9nek, a Svinka \u00e9s a Horn\u00e1d \u00f6sszefoly\u00e1s\u00e1nak, valamint a Torysa \u00e9s a Horn\u00e1d k\u00f6z\u00f6tti \u00e1tj\u00e1r\u00f3 ellen\u0151rz\u00e9s\u00e9t. Az Obi\u0161ovce m\u00f6g\u00f6tti v\u00e1r semmilyen k\u00f6r\u00fclm\u00e9nyek k\u00f6z\u00f6tt nem tudta bet\u00f6lteni ezt a szerepet, ez\u00e9rt pusztul\u00e1sa ut\u00e1n soha nem \u00e9p\u00edtett\u00e9k \u00fajj\u00e1.<br>Az urak sz\u00e1m\u00e1ra egy egyemeletes, h\u00e1romemeletes palota biztos\u00edtott sz\u00e1ll\u00e1st, amelyet a k\u00f6r\u00edt\u0151falhoz csatoltak. A palota szab\u00e1lytalan, a k\u00f6r\u00fclm\u00e9nyekhez alkalmazkodott, tal\u00e1n gyorsabban \u00e9p\u00fclt, mint a v\u00e1r\u00e9p\u00fclet. A v\u00e1r kiterjed\u00e9s\u00e9t el\u0151re meghat\u00e1rozta a domb domborzat\u00e1nak kialak\u00edt\u00e1sa, amelyet egy 2,5 m m\u00e9ly vizes\u00e1rokkal ell\u00e1tott, ki\u00e1sott v\u00e9d\u0151b\u00e1stya vett k\u00f6r\u00fcl. A domboldalon felfel\u00e9 vezet\u0151 \u00fat a s\u00e1nc egy meghosszabb\u00edtott r\u00e9sz\u00e9hez vezetett, ahol egy egyszer\u0171 f\u00e1b\u00f3l k\u00e9sz\u00fclt felvon\u00f3h\u00edd \u00edvelte \u00e1t a v\u00e1r\u00e1rkot. Ezen kereszt\u00fcl egy kapun kereszt\u00fcl lehetett bejutni a v\u00e1r udvar\u00e1ra.<\/p>\n\n\n\n<p>A v\u00e1rkomplexum egy k\u00f6z\u00e9pkori bek\u00f6t\u0151\u00fatb\u00f3l, egy bej\u00e1rati kapuval ell\u00e1tott v\u00e1rfalb\u00f3l, egy k\u00fcls\u0151 b\u00e1sty\u00e1b\u00f3l, bels\u0151 v\u00e1r\u00e1rokkal, egy \u0151rszob\u00e1b\u00f3l, egy palotatoronyb\u00f3l \u00e9s egy cisztern\u00e1val ell\u00e1tott udvarb\u00f3l \u00e1ll. A kast\u00e9lyban egy t\u0171zrak\u00f3hely padokkal \u00e9s egy f\u00e1b\u00f3l k\u00e9sz\u00fclt mened\u00e9kh\u00e1zzal kellemes pihen\u0151helyet teremt az eg\u00e9sz csal\u00e1d sz\u00e1m\u00e1ra. A k\u00f6zeli kil\u00e1t\u00f3pont a kanyarg\u00f3s Svinka foly\u00f3 f\u00f6l\u00e9 magasod\u00f3 szikl\u00e1kon gy\u00f6ny\u00f6r\u0171 kil\u00e1t\u00e1ssal \u00f6rvendeztet meg.<em>\u00a0<\/em>A v\u00e1rat az a kit\u00fcntet\u00e9s is megilleti, hogy ez az els\u0151 olyan v\u00e1r, amelyet teljes eg\u00e9sz\u00e9ben r\u00e9g\u00e9szeti kutat\u00e1snak vetettek al\u00e1. A hatvanas \u00e9vekben t\u00f6rt\u00e9nt, amikor Belo Polla t\u00f6rt\u00e9n\u00e9sz \u00e9s r\u00e9g\u00e9sz felt\u00e1rta \u00e9s dokument\u00e1lta.<br>Obisov kast\u00e9ly r\u00e9sze<a href=\"http:\/\/www.sarisskahradnacesta.sk\/\">\u00a0\u0160ari\u0161 v\u00e1r \u00fat<\/a>.<\/p>\n\n\n\n<p>Fot\u00f3: Obi\u0161ovce falu<\/p>","protected":false},"featured_media":1354,"template":"","meta":{"_acf_changed":false},"kategoria-poi":[105,106,102,107],"lokalita":[181],"sezona-poi":[],"trvanie-vyletu":[],"class_list":["post-2068","historia","type-historia","status-publish","has-post-thumbnail","hentry","kategoria-poi-historia","kategoria-poi-hrady","kategoria-poi-prirodne-krasy","kategoria-poi-turistika","lokalita-kysak-a-okolie"],"acf":[],"yoast_head":"<!-- This site is optimized with the Yoast SEO Premium plugin v26.3 (Yoast SEO v26.8) - https:\/\/yoast.com\/product\/yoast-seo-premium-wordpress\/ -->\n<title>Obi\u0161ovsk\u00fd hrad - OOCR \u0160ari\u0161<\/title>\n<meta name=\"robots\" content=\"index, follow, max-snippet:-1, max-image-preview:large, max-video-preview:-1\" \/>\n<link rel=\"canonical\" href=\"https:\/\/www.regionsaris.sk\/hu\/historia\/obisovsky-hrad\/\" \/>\n<meta property=\"og:locale\" content=\"hu_HU\" \/>\n<meta property=\"og:type\" content=\"article\" \/>\n<meta property=\"og:title\" content=\"Obi\u0161ovsk\u00fd hrad\" \/>\n<meta property=\"og:description\" content=\"S\u00eddlom drienovskej vetvy Abovcov sa stal Drienov a priamo v obci mali p\u00e1ni aj k\u00fariu,...\" \/>\n<meta property=\"og:url\" content=\"https:\/\/www.regionsaris.sk\/hu\/historia\/obisovsky-hrad\/\" \/>\n<meta property=\"og:site_name\" content=\"OOCR \u0160ari\u0161\" \/>\n<meta property=\"og:image\" content=\"https:\/\/www.regionsaris.sk\/wp-content\/uploads\/2026\/01\/Obisovsky-hrad_7-1.jpg\" \/>\n\t<meta property=\"og:image:width\" content=\"933\" \/>\n\t<meta property=\"og:image:height\" content=\"700\" \/>\n\t<meta property=\"og:image:type\" content=\"image\/jpeg\" \/>\n<meta name=\"twitter:card\" content=\"summary_large_image\" \/>\n<meta name=\"twitter:label1\" content=\"Becs\u00fclt olvas\u00e1si id\u0151\" \/>\n\t<meta name=\"twitter:data1\" content=\"3 perc\" \/>\n<script type=\"application\/ld+json\" class=\"yoast-schema-graph\">{\"@context\":\"https:\/\/schema.org\",\"@graph\":[{\"@type\":\"WebPage\",\"@id\":\"https:\/\/www.regionsaris.sk\/historia\/obisovsky-hrad\/\",\"url\":\"https:\/\/www.regionsaris.sk\/historia\/obisovsky-hrad\/\",\"name\":\"Obi\u0161ovsk\u00fd hrad - OOCR \u0160ari\u0161\",\"isPartOf\":{\"@id\":\"https:\/\/www.regionsaris.sk\/#website\"},\"primaryImageOfPage\":{\"@id\":\"https:\/\/www.regionsaris.sk\/historia\/obisovsky-hrad\/#primaryimage\"},\"image\":{\"@id\":\"https:\/\/www.regionsaris.sk\/historia\/obisovsky-hrad\/#primaryimage\"},\"thumbnailUrl\":\"https:\/\/www.regionsaris.sk\/wp-content\/uploads\/2026\/01\/Obisovsky-hrad_7-1.jpg\",\"datePublished\":\"2020-06-03T07:12:15+00:00\",\"breadcrumb\":{\"@id\":\"https:\/\/www.regionsaris.sk\/historia\/obisovsky-hrad\/#breadcrumb\"},\"inLanguage\":\"hu\",\"potentialAction\":[{\"@type\":\"ReadAction\",\"target\":[\"https:\/\/www.regionsaris.sk\/historia\/obisovsky-hrad\/\"]}]},{\"@type\":\"ImageObject\",\"inLanguage\":\"hu\",\"@id\":\"https:\/\/www.regionsaris.sk\/historia\/obisovsky-hrad\/#primaryimage\",\"url\":\"https:\/\/www.regionsaris.sk\/wp-content\/uploads\/2026\/01\/Obisovsky-hrad_7-1.jpg\",\"contentUrl\":\"https:\/\/www.regionsaris.sk\/wp-content\/uploads\/2026\/01\/Obisovsky-hrad_7-1.jpg\",\"width\":933,\"height\":700},{\"@type\":\"BreadcrumbList\",\"@id\":\"https:\/\/www.regionsaris.sk\/historia\/obisovsky-hrad\/#breadcrumb\",\"itemListElement\":[{\"@type\":\"ListItem\",\"position\":1,\"name\":\"Domov\",\"item\":\"https:\/\/www.regionsaris.sk\/\"},{\"@type\":\"ListItem\",\"position\":2,\"name\":\"Hist\u00f3ria regi\u00f3nu\",\"item\":\"https:\/\/www.regionsaris.sk\/historia-regionu\/\"},{\"@type\":\"ListItem\",\"position\":3,\"name\":\"Obi\u0161ovsk\u00fd hrad\"}]},{\"@type\":\"WebSite\",\"@id\":\"https:\/\/www.regionsaris.sk\/#website\",\"url\":\"https:\/\/www.regionsaris.sk\/\",\"name\":\"OOCR \u0160ari\u0161\",\"description\":\"\",\"potentialAction\":[{\"@type\":\"SearchAction\",\"target\":{\"@type\":\"EntryPoint\",\"urlTemplate\":\"https:\/\/www.regionsaris.sk\/?s={search_term_string}\"},\"query-input\":{\"@type\":\"PropertyValueSpecification\",\"valueRequired\":true,\"valueName\":\"search_term_string\"}}],\"inLanguage\":\"hu\"}]}<\/script>\n<!-- \/ Yoast SEO Premium plugin. -->","yoast_head_json":{"title":"Obi\u0161ovsk\u00fd hrad - OOCR \u0160ari\u0161","robots":{"index":"index","follow":"follow","max-snippet":"max-snippet:-1","max-image-preview":"max-image-preview:large","max-video-preview":"max-video-preview:-1"},"canonical":"https:\/\/www.regionsaris.sk\/hu\/historia\/obisovsky-hrad\/","og_locale":"hu_HU","og_type":"article","og_title":"Obi\u0161ovsk\u00fd hrad","og_description":"S\u00eddlom drienovskej vetvy Abovcov sa stal Drienov a priamo v obci mali p\u00e1ni aj k\u00fariu,...","og_url":"https:\/\/www.regionsaris.sk\/hu\/historia\/obisovsky-hrad\/","og_site_name":"OOCR \u0160ari\u0161","og_image":[{"width":933,"height":700,"url":"https:\/\/www.regionsaris.sk\/wp-content\/uploads\/2026\/01\/Obisovsky-hrad_7-1.jpg","type":"image\/jpeg"}],"twitter_card":"summary_large_image","twitter_misc":{"Becs\u00fclt olvas\u00e1si id\u0151":"3 perc"},"schema":{"@context":"https:\/\/schema.org","@graph":[{"@type":"WebPage","@id":"https:\/\/www.regionsaris.sk\/historia\/obisovsky-hrad\/","url":"https:\/\/www.regionsaris.sk\/historia\/obisovsky-hrad\/","name":"Obi\u0161ovsk\u00fd hrad - OOCR \u0160ari\u0161","isPartOf":{"@id":"https:\/\/www.regionsaris.sk\/#website"},"primaryImageOfPage":{"@id":"https:\/\/www.regionsaris.sk\/historia\/obisovsky-hrad\/#primaryimage"},"image":{"@id":"https:\/\/www.regionsaris.sk\/historia\/obisovsky-hrad\/#primaryimage"},"thumbnailUrl":"https:\/\/www.regionsaris.sk\/wp-content\/uploads\/2026\/01\/Obisovsky-hrad_7-1.jpg","datePublished":"2020-06-03T07:12:15+00:00","breadcrumb":{"@id":"https:\/\/www.regionsaris.sk\/historia\/obisovsky-hrad\/#breadcrumb"},"inLanguage":"hu","potentialAction":[{"@type":"ReadAction","target":["https:\/\/www.regionsaris.sk\/historia\/obisovsky-hrad\/"]}]},{"@type":"ImageObject","inLanguage":"hu","@id":"https:\/\/www.regionsaris.sk\/historia\/obisovsky-hrad\/#primaryimage","url":"https:\/\/www.regionsaris.sk\/wp-content\/uploads\/2026\/01\/Obisovsky-hrad_7-1.jpg","contentUrl":"https:\/\/www.regionsaris.sk\/wp-content\/uploads\/2026\/01\/Obisovsky-hrad_7-1.jpg","width":933,"height":700},{"@type":"BreadcrumbList","@id":"https:\/\/www.regionsaris.sk\/historia\/obisovsky-hrad\/#breadcrumb","itemListElement":[{"@type":"ListItem","position":1,"name":"Domov","item":"https:\/\/www.regionsaris.sk\/"},{"@type":"ListItem","position":2,"name":"Hist\u00f3ria regi\u00f3nu","item":"https:\/\/www.regionsaris.sk\/historia-regionu\/"},{"@type":"ListItem","position":3,"name":"Obi\u0161ovsk\u00fd hrad"}]},{"@type":"WebSite","@id":"https:\/\/www.regionsaris.sk\/#website","url":"https:\/\/www.regionsaris.sk\/","name":"OOCR \u0160ari\u0161","description":"","potentialAction":[{"@type":"SearchAction","target":{"@type":"EntryPoint","urlTemplate":"https:\/\/www.regionsaris.sk\/?s={search_term_string}"},"query-input":{"@type":"PropertyValueSpecification","valueRequired":true,"valueName":"search_term_string"}}],"inLanguage":"hu"}]}},"_links":{"self":[{"href":"https:\/\/www.regionsaris.sk\/hu\/wp-json\/wp\/v2\/historia\/2068","targetHints":{"allow":["GET"]}}],"collection":[{"href":"https:\/\/www.regionsaris.sk\/hu\/wp-json\/wp\/v2\/historia"}],"about":[{"href":"https:\/\/www.regionsaris.sk\/hu\/wp-json\/wp\/v2\/types\/historia"}],"wp:featuredmedia":[{"embeddable":true,"href":"https:\/\/www.regionsaris.sk\/hu\/wp-json\/wp\/v2\/media\/1354"}],"wp:attachment":[{"href":"https:\/\/www.regionsaris.sk\/hu\/wp-json\/wp\/v2\/media?parent=2068"}],"wp:term":[{"taxonomy":"kategoria-poi","embeddable":true,"href":"https:\/\/www.regionsaris.sk\/hu\/wp-json\/wp\/v2\/kategoria-poi?post=2068"},{"taxonomy":"lokalita","embeddable":true,"href":"https:\/\/www.regionsaris.sk\/hu\/wp-json\/wp\/v2\/lokalita?post=2068"},{"taxonomy":"sezona-poi","embeddable":true,"href":"https:\/\/www.regionsaris.sk\/hu\/wp-json\/wp\/v2\/sezona-poi?post=2068"},{"taxonomy":"trvanie-vyletu","embeddable":true,"href":"https:\/\/www.regionsaris.sk\/hu\/wp-json\/wp\/v2\/trvanie-vyletu?post=2068"}],"curies":[{"name":"wp","href":"https:\/\/api.w.org\/{rel}","templated":true}]}}