{"id":2065,"date":"2020-05-01T11:22:15","date_gmt":"2020-05-01T10:22:15","guid":{"rendered":"https:\/\/www.regionsaris.sk\/historia\/hrad-saris\/"},"modified":"2026-04-14T11:41:45","modified_gmt":"2026-04-14T10:41:45","slug":"hrad-saris","status":"publish","type":"historia","link":"https:\/\/www.regionsaris.sk\/hu\/historia\/hrad-saris\/","title":{"rendered":"\u0160ari\u0161 v\u00e1r"},"content":{"rendered":"<h2 class=\"wp-block-heading\" id=\"h-hrad-saris-nbsp-najznamejsi-hrad-v-regione\">\u0160ari\u0161 v\u00e1r - a r\u00e9gi\u00f3 legh\u00edresebb v\u00e1ra<\/h2>\n\n\n\n<p>\u0160ari\u0161 v\u00e1r (Ve\u013ek\u00fd \u0160ari\u0161, Pre\u0161ov r\u00e9gi\u00f3) Szlov\u00e1kia egyik legnagyobb v\u00e1rkomplexuma \u00e9s a \u0160ari\u0161 r\u00e9gi\u00f3 egyik legfontosabb nevezetess\u00e9ge. Ve\u013ek\u00fd \u0160ari\u0161 v\u00e1ros f\u00f6l\u00f6tt egy dombon tal\u00e1lhat\u00f3, \u00e9s a t\u00f6rt\u00e9nelem, a kil\u00e1t\u00e1s \u00e9s az \u00e9lm\u00e9nyek egyed\u00fcl\u00e1ll\u00f3 kombin\u00e1ci\u00f3j\u00e1t k\u00edn\u00e1lja.<\/p>\n\n\n\n<h3 class=\"wp-block-heading\" id=\"h-z-historie\">A t\u00f6rt\u00e9nelemb\u0151l<\/h3>\n\n\n\n<p>\u0160ari\u0161 v\u00e1r\u00e1t a magyar kir\u00e1ly kezdem\u00e9nyez\u00e9s\u00e9re \u00e9p\u00edtett\u00e9k, strat\u00e9giailag fontos helyen, \u0160ari\u0161 hatalmas ter\u00fclet\u00e9t uralva. Elhelyezked\u00e9se nemcsak a k\u00f6rny\u00e9k katonai ellen\u0151rz\u00e9s\u00e9t jelentette, hanem mindenekel\u0151tt a Szepess\u00e9g \u00e9s Lengyelorsz\u00e1g fel\u00e9 vezet\u0151 fontos region\u00e1lis \u00e9s kereskedelmi \u00f6sszek\u00f6ttet\u00e9sek ellen\u0151rz\u00e9s\u00e9t. <\/p>\n\n\n\n<p id=\"h-v-priebehu-storoci-sa-stal-majetkom-viacerych-vyznamnych-slachtickych-rodov-a-zohral-dolezitu-ulohu-aj-pocas-protitureckych-bojov\">Az \u00e9vsz\u00e1zadok sor\u00e1n t\u00f6bb jelent\u0151s nemesi csal\u00e1d tulajdon\u00e1ba ker\u00fclt, \u00e9s fontos szerepet j\u00e1tszott a t\u00f6r\u00f6kellenes harcok sor\u00e1n. T\u00f6rt\u00e9nete sor\u00e1n t\u00f6bb magyar kir\u00e1ly is megl\u00e1togatta a v\u00e1rat, k\u00f6zt\u00fck IV B\u00e9la \u00e9s Corvin M\u00e1ty\u00e1s. K\u00e9s\u0151bb fokozatosan elvesztette jelent\u0151s\u00e9g\u00e9t, \u00e9s egy puskaporrobban\u00e1s ut\u00e1n pusztulni kezdett.<\/p>\n\n\n\n<h3 class=\"wp-block-heading\" id=\"h-sucasnost-hradu\">A v\u00e1r aj\u00e1nd\u00e9ka<\/h3>\n\n\n\n<p>A kast\u00e9lyt jelenleg lassan fel\u00faj\u00edtj\u00e1k, \u00e9s eg\u00e9sz \u00e9vben naponta l\u00e1togathat\u00f3. \u00c1lland\u00f3 idegenvezet\u00e9st k\u00edn\u00e1l, a fel\u00faj\u00edtott Donjon-tornyot ural\u00f3 toronnyal. J\u00f3 id\u0151j\u00e1r\u00e1s \u00e9s l\u00e1t\u00e1si viszonyok eset\u00e9n a l\u00e1togat\u00f3k h\u00e1rom szomsz\u00e9dos t\u00e1jra, t\u00f6bb mint 6 k\u00f6rny\u00e9kbeli v\u00e1rromra \u00e9s a Magas-T\u00e1tr\u00e1ra ny\u00edlik kil\u00e1t\u00e1s.<\/p>\n\n\n\n<p>A \u0160ari\u0161-v\u00e1r panor\u00e1m\u00e1s kil\u00e1t\u00e1st k\u00edn\u00e1l \u0160ari\u0161 t\u00e1gas k\u00f6rny\u00e9k\u00e9re, a kiterjedt, autentikus hangulat\u00fa v\u00e1rparkban tett t\u00far\u00e1t, eg\u00e9sz \u00e9vben sz\u00e1mos rendezv\u00e9nyt (k\u00f6z\u00e9pkori napok, k\u00e9zm\u0171ves m\u0171helyek, tematikus rendezv\u00e9nyek) \u00e9s \u00e9lm\u00e9nyszer\u0171 tev\u00e9kenys\u00e9geket csal\u00e1doknak, iskol\u00e1knak \u00e9s turist\u00e1knak. A v\u00e1r al\u00e9p\u00edtm\u00e9ny\u00e9ben tal\u00e1lhat\u00f3 R\u00e9g\u00e9szeti Parkhoz kapcsol\u00f3dik, amely k\u00f6zelebb hozza \u0151seink \u00e9let\u00e9t, \u00e9s \u00edgy teljess\u00e9 teszi a m\u00faltban val\u00f3 \u00e9letr\u0151l alkotott elk\u00e9pzel\u00e9st. <\/p>\n\n\n\n<p>A kast\u00e9ly nagy el\u0151nye a kiv\u00e1l\u00f3 megk\u00f6zel\u00edthet\u0151s\u00e9g - mind\u00f6ssze n\u00e9h\u00e1ny percre tal\u00e1lhat\u00f3 a region\u00e1lis v\u00e1rost\u00f3l, Pre\u0161ovt\u00f3l vagy Kass\u00e1t\u00f3l, a kast\u00e9lyban parkol\u00e1si lehet\u0151s\u00e9ggel \u00e9s a kast\u00e9lyhoz vezet\u0151 kellemes t\u00fara\u00fatvonallal.<\/p>\n\n\n\n<p><strong>A \u0160ari\u0161-kast\u00e9ly nagyon j\u00f3l megk\u00f6zel\u00edthet\u0151:<\/strong><br>- gyalog (s\u00e1rga t\u00fara\u00fatvonal - kb. 1 \u00f3ra)<br>- ker\u00e9kp\u00e1rosok sz\u00e1m\u00e1ra is alkalmas (aszfaltozott bek\u00f6t\u0151\u00fat)<br>- aut\u00f3val a kast\u00e9ly alatti parkol\u00f3ba + gyalogosan<br><strong>Hozz\u00e1f\u00e9r\u00e9si lehet\u0151s\u00e9gek:<\/strong><br>- a \u201eVe\u013ek\u00fd \u0160ari\u0161\u201c t\u00f6megk\u00f6zleked\u00e9si meg\u00e1ll\u00f3helyt\u0151l\u201c<br>- a Ve\u013ek\u00fd \u0160ari\u0161 vas\u00fat\u00e1llom\u00e1sr\u00f3l<br>- Pre\u0161ov fel\u0151l (S\u00eddlisko III - ker\u00e9kp\u00e1r\u00fat)<br>- a kast\u00e9ly alatti parkol\u00f3b\u00f3l<br>A bek\u00f6t\u0151\u00fat egyben egy 5. szint\u0171 v\u00e9detts\u00e9g\u0171 nemzeti term\u00e9szetv\u00e9delmi ter\u00fcleten bel\u00fcli tan\u00f6sv\u00e9ny is.<\/p>\n\n\n\n<p>A \u0160ari\u0161-kast\u00e9ly a <a href=\"http:\/\/www.sarisskahradnacesta.sk\/\">\u0160ari\u0161 v\u00e1r \u00fat<\/a>.<\/p>\n\n\n\n<p><strong>Ha a \u0160ari\u0161 r\u00e9gi\u00f3ban j\u00e1r, m\u00e1s kast\u00e9lyokat is megl\u00e1togathat - <a href=\"https:\/\/www.regionsaris.sk\/hu\/kategoria-aktivity\/historia\/hrady\/solnohrad\/\">S\u00f3b\u00e1nya<\/a>, <a href=\"https:\/\/www.regionsaris.sk\/hu\/kategoria-aktivity\/historia\/hrady\/hrad-sebes\/\">Shebes kast\u00e9ly<\/a>, <a href=\"https:\/\/www.regionsaris.sk\/hu\/kategoria-aktivity\/historia\/hrady\/kapusiansky-hrad\/\">Kapu\u0161ian v\u00e1r<\/a>, <a href=\"https:\/\/www.regionsaris.sk\/hu\/kategoria-aktivity\/historia\/hrady\/lipovsky-hrad\/\">Lipov kast\u00e9ly<\/a>, <a href=\"https:\/\/www.regionsaris.sk\/hu\/kategoria-aktivity\/historia\/hrady\/hrad-zborov\/\">Zborov kast\u00e9ly<\/a>, <a href=\"https:\/\/www.regionsaris.sk\/hu\/kategoria-aktivity\/historia\/hrady\/hrad-plavec\/\">Plave\u010d kast\u00e9ly<\/a>, <a href=\"https:\/\/www.regionsaris.sk\/hu\/kategoria-aktivity\/historia\/hrady\/hrad-kysak\/\">Kysak kast\u00e9ly<\/a><\/strong> <strong>\u00e9s m\u00e1sok.<\/strong><\/p>\n\n\n\n<p><\/p>","protected":false},"featured_media":4341,"template":"","meta":{"_acf_changed":true},"kategoria-poi":[105,106,172,102,107],"lokalita":[28],"sezona-poi":[],"trvanie-vyletu":[],"class_list":["post-2065","historia","type-historia","status-publish","has-post-thumbnail","hentry","kategoria-poi-historia","kategoria-poi-hrady","kategoria-poi-prehliadky-so-sprievodcom","kategoria-poi-prirodne-krasy","kategoria-poi-turistika","lokalita-presov-a-okolie"],"acf":[],"yoast_head":"<!-- This site is optimized with the Yoast SEO Premium plugin v26.3 (Yoast SEO v26.8) - https:\/\/yoast.com\/product\/yoast-seo-premium-wordpress\/ -->\n<title>Hrad \u0160ari\u0161 - OOCR \u0160ari\u0161<\/title>\n<meta name=\"robots\" content=\"index, follow, max-snippet:-1, max-image-preview:large, max-video-preview:-1\" \/>\n<link rel=\"canonical\" href=\"https:\/\/www.regionsaris.sk\/hu\/historia\/hrad-saris\/\" \/>\n<meta property=\"og:locale\" content=\"hu_HU\" \/>\n<meta property=\"og:type\" content=\"article\" \/>\n<meta property=\"og:title\" content=\"Hrad \u0160ari\u0161\" \/>\n<meta property=\"og:description\" content=\"Hrad \u0160ari\u0161&nbsp; - najzn\u00e1mej\u0161\u00ed hrad v regi\u00f3ne Hrad \u0160ari\u0161 (Ve\u013ek\u00fd \u0160ari\u0161, Pre\u0161ovsk\u00fd kraj) patr\u00ed medzi...\" \/>\n<meta property=\"og:url\" content=\"https:\/\/www.regionsaris.sk\/hu\/historia\/hrad-saris\/\" \/>\n<meta property=\"og:site_name\" content=\"OOCR \u0160ari\u0161\" \/>\n<meta property=\"article:modified_time\" content=\"2026-04-14T10:41:45+00:00\" \/>\n<meta property=\"og:image\" content=\"https:\/\/www.regionsaris.sk\/wp-content\/uploads\/2020\/05\/HradnSAris_OOCR-Region-Saris-scaled.jpg\" \/>\n\t<meta property=\"og:image:width\" content=\"2560\" \/>\n\t<meta property=\"og:image:height\" content=\"1440\" \/>\n\t<meta property=\"og:image:type\" content=\"image\/jpeg\" \/>\n<meta name=\"twitter:card\" content=\"summary_large_image\" \/>\n<meta name=\"twitter:label1\" content=\"Becs\u00fclt olvas\u00e1si id\u0151\" \/>\n\t<meta name=\"twitter:data1\" content=\"3 perc\" \/>\n<script type=\"application\/ld+json\" class=\"yoast-schema-graph\">{\"@context\":\"https:\/\/schema.org\",\"@graph\":[{\"@type\":\"WebPage\",\"@id\":\"https:\/\/www.regionsaris.sk\/historia\/hrad-saris\/\",\"url\":\"https:\/\/www.regionsaris.sk\/historia\/hrad-saris\/\",\"name\":\"Hrad \u0160ari\u0161 - OOCR \u0160ari\u0161\",\"isPartOf\":{\"@id\":\"https:\/\/www.regionsaris.sk\/#website\"},\"primaryImageOfPage\":{\"@id\":\"https:\/\/www.regionsaris.sk\/historia\/hrad-saris\/#primaryimage\"},\"image\":{\"@id\":\"https:\/\/www.regionsaris.sk\/historia\/hrad-saris\/#primaryimage\"},\"thumbnailUrl\":\"https:\/\/www.regionsaris.sk\/wp-content\/uploads\/2020\/05\/HradnSAris_OOCR-Region-Saris-scaled.jpg\",\"datePublished\":\"2020-05-01T10:22:15+00:00\",\"dateModified\":\"2026-04-14T10:41:45+00:00\",\"breadcrumb\":{\"@id\":\"https:\/\/www.regionsaris.sk\/historia\/hrad-saris\/#breadcrumb\"},\"inLanguage\":\"hu\",\"potentialAction\":[{\"@type\":\"ReadAction\",\"target\":[\"https:\/\/www.regionsaris.sk\/historia\/hrad-saris\/\"]}]},{\"@type\":\"ImageObject\",\"inLanguage\":\"hu\",\"@id\":\"https:\/\/www.regionsaris.sk\/historia\/hrad-saris\/#primaryimage\",\"url\":\"https:\/\/www.regionsaris.sk\/wp-content\/uploads\/2020\/05\/HradnSAris_OOCR-Region-Saris-scaled.jpg\",\"contentUrl\":\"https:\/\/www.regionsaris.sk\/wp-content\/uploads\/2020\/05\/HradnSAris_OOCR-Region-Saris-scaled.jpg\",\"width\":2560,\"height\":1440},{\"@type\":\"BreadcrumbList\",\"@id\":\"https:\/\/www.regionsaris.sk\/historia\/hrad-saris\/#breadcrumb\",\"itemListElement\":[{\"@type\":\"ListItem\",\"position\":1,\"name\":\"Domov\",\"item\":\"https:\/\/www.regionsaris.sk\/\"},{\"@type\":\"ListItem\",\"position\":2,\"name\":\"Hist\u00f3ria regi\u00f3nu\",\"item\":\"https:\/\/www.regionsaris.sk\/historia-regionu\/\"},{\"@type\":\"ListItem\",\"position\":3,\"name\":\"Hrad \u0160ari\u0161\"}]},{\"@type\":\"WebSite\",\"@id\":\"https:\/\/www.regionsaris.sk\/#website\",\"url\":\"https:\/\/www.regionsaris.sk\/\",\"name\":\"OOCR \u0160ari\u0161\",\"description\":\"\",\"potentialAction\":[{\"@type\":\"SearchAction\",\"target\":{\"@type\":\"EntryPoint\",\"urlTemplate\":\"https:\/\/www.regionsaris.sk\/?s={search_term_string}\"},\"query-input\":{\"@type\":\"PropertyValueSpecification\",\"valueRequired\":true,\"valueName\":\"search_term_string\"}}],\"inLanguage\":\"hu\"}]}<\/script>\n<!-- \/ Yoast SEO Premium plugin. -->","yoast_head_json":{"title":"Hrad \u0160ari\u0161 - OOCR \u0160ari\u0161","robots":{"index":"index","follow":"follow","max-snippet":"max-snippet:-1","max-image-preview":"max-image-preview:large","max-video-preview":"max-video-preview:-1"},"canonical":"https:\/\/www.regionsaris.sk\/hu\/historia\/hrad-saris\/","og_locale":"hu_HU","og_type":"article","og_title":"Hrad \u0160ari\u0161","og_description":"Hrad \u0160ari\u0161&nbsp; - najzn\u00e1mej\u0161\u00ed hrad v regi\u00f3ne Hrad \u0160ari\u0161 (Ve\u013ek\u00fd \u0160ari\u0161, Pre\u0161ovsk\u00fd kraj) patr\u00ed medzi...","og_url":"https:\/\/www.regionsaris.sk\/hu\/historia\/hrad-saris\/","og_site_name":"OOCR \u0160ari\u0161","article_modified_time":"2026-04-14T10:41:45+00:00","og_image":[{"width":2560,"height":1440,"url":"https:\/\/www.regionsaris.sk\/wp-content\/uploads\/2020\/05\/HradnSAris_OOCR-Region-Saris-scaled.jpg","type":"image\/jpeg"}],"twitter_card":"summary_large_image","twitter_misc":{"Becs\u00fclt olvas\u00e1si id\u0151":"3 perc"},"schema":{"@context":"https:\/\/schema.org","@graph":[{"@type":"WebPage","@id":"https:\/\/www.regionsaris.sk\/historia\/hrad-saris\/","url":"https:\/\/www.regionsaris.sk\/historia\/hrad-saris\/","name":"Hrad \u0160ari\u0161 - OOCR \u0160ari\u0161","isPartOf":{"@id":"https:\/\/www.regionsaris.sk\/#website"},"primaryImageOfPage":{"@id":"https:\/\/www.regionsaris.sk\/historia\/hrad-saris\/#primaryimage"},"image":{"@id":"https:\/\/www.regionsaris.sk\/historia\/hrad-saris\/#primaryimage"},"thumbnailUrl":"https:\/\/www.regionsaris.sk\/wp-content\/uploads\/2020\/05\/HradnSAris_OOCR-Region-Saris-scaled.jpg","datePublished":"2020-05-01T10:22:15+00:00","dateModified":"2026-04-14T10:41:45+00:00","breadcrumb":{"@id":"https:\/\/www.regionsaris.sk\/historia\/hrad-saris\/#breadcrumb"},"inLanguage":"hu","potentialAction":[{"@type":"ReadAction","target":["https:\/\/www.regionsaris.sk\/historia\/hrad-saris\/"]}]},{"@type":"ImageObject","inLanguage":"hu","@id":"https:\/\/www.regionsaris.sk\/historia\/hrad-saris\/#primaryimage","url":"https:\/\/www.regionsaris.sk\/wp-content\/uploads\/2020\/05\/HradnSAris_OOCR-Region-Saris-scaled.jpg","contentUrl":"https:\/\/www.regionsaris.sk\/wp-content\/uploads\/2020\/05\/HradnSAris_OOCR-Region-Saris-scaled.jpg","width":2560,"height":1440},{"@type":"BreadcrumbList","@id":"https:\/\/www.regionsaris.sk\/historia\/hrad-saris\/#breadcrumb","itemListElement":[{"@type":"ListItem","position":1,"name":"Domov","item":"https:\/\/www.regionsaris.sk\/"},{"@type":"ListItem","position":2,"name":"Hist\u00f3ria regi\u00f3nu","item":"https:\/\/www.regionsaris.sk\/historia-regionu\/"},{"@type":"ListItem","position":3,"name":"Hrad \u0160ari\u0161"}]},{"@type":"WebSite","@id":"https:\/\/www.regionsaris.sk\/#website","url":"https:\/\/www.regionsaris.sk\/","name":"OOCR \u0160ari\u0161","description":"","potentialAction":[{"@type":"SearchAction","target":{"@type":"EntryPoint","urlTemplate":"https:\/\/www.regionsaris.sk\/?s={search_term_string}"},"query-input":{"@type":"PropertyValueSpecification","valueRequired":true,"valueName":"search_term_string"}}],"inLanguage":"hu"}]}},"_links":{"self":[{"href":"https:\/\/www.regionsaris.sk\/hu\/wp-json\/wp\/v2\/historia\/2065","targetHints":{"allow":["GET"]}}],"collection":[{"href":"https:\/\/www.regionsaris.sk\/hu\/wp-json\/wp\/v2\/historia"}],"about":[{"href":"https:\/\/www.regionsaris.sk\/hu\/wp-json\/wp\/v2\/types\/historia"}],"wp:featuredmedia":[{"embeddable":true,"href":"https:\/\/www.regionsaris.sk\/hu\/wp-json\/wp\/v2\/media\/4341"}],"wp:attachment":[{"href":"https:\/\/www.regionsaris.sk\/hu\/wp-json\/wp\/v2\/media?parent=2065"}],"wp:term":[{"taxonomy":"kategoria-poi","embeddable":true,"href":"https:\/\/www.regionsaris.sk\/hu\/wp-json\/wp\/v2\/kategoria-poi?post=2065"},{"taxonomy":"lokalita","embeddable":true,"href":"https:\/\/www.regionsaris.sk\/hu\/wp-json\/wp\/v2\/lokalita?post=2065"},{"taxonomy":"sezona-poi","embeddable":true,"href":"https:\/\/www.regionsaris.sk\/hu\/wp-json\/wp\/v2\/sezona-poi?post=2065"},{"taxonomy":"trvanie-vyletu","embeddable":true,"href":"https:\/\/www.regionsaris.sk\/hu\/wp-json\/wp\/v2\/trvanie-vyletu?post=2065"}],"curies":[{"name":"wp","href":"https:\/\/api.w.org\/{rel}","templated":true}]}}