{"id":4176,"date":"2026-03-23T08:15:46","date_gmt":"2026-03-23T07:15:46","guid":{"rendered":"https:\/\/www.regionsaris.sk\/?post_type=vyznamna-tvar&#038;p=4176"},"modified":"2026-03-25T14:32:18","modified_gmt":"2026-03-25T13:32:18","slug":"peter-nagy","status":"publish","type":"vyznamna-tvar","link":"https:\/\/www.regionsaris.sk\/es\/vyznamna-tvar\/peter-nagy\/","title":{"rendered":"Peter Nagy"},"content":{"rendered":"<p>Peter Nagy naci\u00f3 el 9 de abril de 1959 en Pre\u0161ov y es uno de los cantantes de m\u00e1s \u00e9xito de la m\u00fasica popular eslovaca de los a\u00f1os ochenta y la primera mitad de los noventa. Tras graduarse en el Gimnasio de J\u00e1n Adam Rayman de Pre\u0161ov, se licenci\u00f3 en la Facultad de Arte de la Universidad de Artes Esc\u00e9nicas de Ko\u0161ice.&nbsp;<\/p>\n\n\n\n<p>La primera canci\u00f3n de \u00e9xito con la que Peter Nagy llam\u00f3 la atenci\u00f3n del p\u00fablico fue \u201eProfessor Indigo\u201c. La grab\u00f3 en agosto de 1982 en el estudio de Ko\u0161ice Radio junto con el guitarrista Karl Witz, que m\u00e1s tarde colabor\u00f3 con los grupos Modus y Collegium musicum. La composici\u00f3n se public\u00f3 un a\u00f1o despu\u00e9s. En 1982-1983, Nagy complet\u00f3 el servicio militar b\u00e1sico como vocalista en el Conjunto Art\u00edstico Militar de Bratislava, donde fund\u00f3 su primer grupo musical profesional, llamado Indigo. Durante este periodo le ofrecieron cantar con el grupo Modus.&nbsp;<\/p>\n\n\n\n<p>Tras la publicaci\u00f3n de su tercer \u00e1lbum Are You Thinking What I'm Thinking? Peter Nagy recibi\u00f3 la Cresta de Oro del Opus de manos del entonces director de la discogr\u00e1fica Opus, Ivan Stanislav, por vender el disco un mill\u00f3n. Entre las canciones de m\u00e1s \u00e9xito de este \u00e1lbum estaba la canci\u00f3n \u201eLove is here with you\u201c, que gan\u00f3 tres veces en la lista de \u00e9xitos de Triangel TV. En 1987, en el momento de su cuarto aniversario, Peter Nagy y su banda Indigo hab\u00edan dado m\u00e1s de 500 conciertos, dos de ellos ante un Lucerna de Praga con las entradas agotadas.<\/p>\n\n\n\n<p>Desde la segunda mitad de los a\u00f1os ochenta, Peter Nagy tambi\u00e9n ha participado en singulares proyectos de \u00e1lbumes infantiles destinados a descubrir j\u00f3venes talentos del canto. El primero de una serie de estos \u00e1lbumes fue el titulado Peter, Va\u0161o y Be\u00e1ta para ni\u00f1os, que prepar\u00f3 con Beata Dubasov\u00e1 y Vasa Patejdl. En la primera mitad de la d\u00e9cada de 1990, Peter Nagy present\u00f3 el programa juvenil Fany en la Televisi\u00f3n Eslovaca.<\/p>\n\n\n\n<p><strong>Fuente:<\/strong> https:\/\/sk.wikipedia.org\/wiki\/Peter_Nagy<br><strong>Fuente de la foto:<\/strong> Por User:Richenza - File:Peter Nagy (20).jpg, CC BY-SA 4.0, https:\/\/commons.wikimedia.org\/w\/index.php?curid=58069418<\/p>","protected":false},"featured_media":4232,"template":"","meta":{"_acf_changed":true},"kategoria-vyznamnych-tvari":[244],"oblast-posobenia":[247,236,256],"class_list":["post-4176","vyznamna-tvar","type-vyznamna-tvar","status-publish","has-post-thumbnail","hentry","kategoria-vyznamnych-tvari-sucasna-osobnost","oblast-posobenia-fotografia","oblast-posobenia-hudba","oblast-posobenia-spev"],"acf":[],"yoast_head":"<!-- This site is optimized with the Yoast SEO Premium plugin v26.3 (Yoast SEO v26.8) - https:\/\/yoast.com\/product\/yoast-seo-premium-wordpress\/ -->\n<title>Peter Nagy - OOCR \u0160ari\u0161<\/title>\n<meta name=\"description\" content=\"Peter Nagy je zn\u00e1my hlavne ako spev\u00e1k, hudobn\u00fd skladate\u013e, hudobn\u00edk, text\u00e1r, hudobn\u00fd producent a fotograf r\u00f4znych \u0161t\u00fdlov.\" \/>\n<meta name=\"robots\" content=\"index, follow, max-snippet:-1, max-image-preview:large, max-video-preview:-1\" \/>\n<link rel=\"canonical\" href=\"https:\/\/www.regionsaris.sk\/es\/vyznamna-tvar\/peter-nagy\/\" \/>\n<meta property=\"og:locale\" content=\"es_ES\" \/>\n<meta property=\"og:type\" content=\"article\" \/>\n<meta property=\"og:title\" content=\"Peter Nagy\" \/>\n<meta property=\"og:description\" content=\"Peter Nagy je zn\u00e1my hlavne ako spev\u00e1k, hudobn\u00fd skladate\u013e, hudobn\u00edk, text\u00e1r, hudobn\u00fd producent a fotograf r\u00f4znych \u0161t\u00fdlov.\" \/>\n<meta property=\"og:url\" content=\"https:\/\/www.regionsaris.sk\/es\/vyznamna-tvar\/peter-nagy\/\" \/>\n<meta property=\"og:site_name\" content=\"OOCR \u0160ari\u0161\" \/>\n<meta property=\"article:modified_time\" content=\"2026-03-25T13:32:18+00:00\" \/>\n<meta property=\"og:image\" content=\"https:\/\/www.regionsaris.sk\/wp-content\/uploads\/2026\/03\/peter-nagy-vyznamne-tvare-regionu-oocrrs.png\" \/>\n\t<meta property=\"og:image:width\" content=\"500\" \/>\n\t<meta property=\"og:image:height\" content=\"500\" \/>\n\t<meta property=\"og:image:type\" content=\"image\/png\" \/>\n<meta name=\"twitter:card\" content=\"summary_large_image\" \/>\n<meta name=\"twitter:label1\" content=\"Tiempo de lectura\" \/>\n\t<meta name=\"twitter:data1\" content=\"2 minutos\" \/>\n<script type=\"application\/ld+json\" class=\"yoast-schema-graph\">{\"@context\":\"https:\/\/schema.org\",\"@graph\":[{\"@type\":\"WebPage\",\"@id\":\"https:\/\/www.regionsaris.sk\/vyznamna-tvar\/peter-nagy\/\",\"url\":\"https:\/\/www.regionsaris.sk\/vyznamna-tvar\/peter-nagy\/\",\"name\":\"Peter Nagy - OOCR \u0160ari\u0161\",\"isPartOf\":{\"@id\":\"https:\/\/www.regionsaris.sk\/#website\"},\"primaryImageOfPage\":{\"@id\":\"https:\/\/www.regionsaris.sk\/vyznamna-tvar\/peter-nagy\/#primaryimage\"},\"image\":{\"@id\":\"https:\/\/www.regionsaris.sk\/vyznamna-tvar\/peter-nagy\/#primaryimage\"},\"thumbnailUrl\":\"https:\/\/www.regionsaris.sk\/wp-content\/uploads\/2026\/03\/peter-nagy-vyznamne-tvare-regionu-oocrrs.png\",\"datePublished\":\"2026-03-23T07:15:46+00:00\",\"dateModified\":\"2026-03-25T13:32:18+00:00\",\"description\":\"Peter Nagy je zn\u00e1my hlavne ako spev\u00e1k, hudobn\u00fd skladate\u013e, hudobn\u00edk, text\u00e1r, hudobn\u00fd producent a fotograf r\u00f4znych \u0161t\u00fdlov.\",\"breadcrumb\":{\"@id\":\"https:\/\/www.regionsaris.sk\/vyznamna-tvar\/peter-nagy\/#breadcrumb\"},\"inLanguage\":\"es\",\"potentialAction\":[{\"@type\":\"ReadAction\",\"target\":[\"https:\/\/www.regionsaris.sk\/vyznamna-tvar\/peter-nagy\/\"]}]},{\"@type\":\"ImageObject\",\"inLanguage\":\"es\",\"@id\":\"https:\/\/www.regionsaris.sk\/vyznamna-tvar\/peter-nagy\/#primaryimage\",\"url\":\"https:\/\/www.regionsaris.sk\/wp-content\/uploads\/2026\/03\/peter-nagy-vyznamne-tvare-regionu-oocrrs.png\",\"contentUrl\":\"https:\/\/www.regionsaris.sk\/wp-content\/uploads\/2026\/03\/peter-nagy-vyznamne-tvare-regionu-oocrrs.png\",\"width\":500,\"height\":500},{\"@type\":\"BreadcrumbList\",\"@id\":\"https:\/\/www.regionsaris.sk\/vyznamna-tvar\/peter-nagy\/#breadcrumb\",\"itemListElement\":[{\"@type\":\"ListItem\",\"position\":1,\"name\":\"Domov\",\"item\":\"https:\/\/www.regionsaris.sk\/\"},{\"@type\":\"ListItem\",\"position\":2,\"name\":\"V\u00fdznamn\u00e9 tv\u00e1re regi\u00f3nu\",\"item\":\"https:\/\/www.regionsaris.sk\/vyznamne-tvare-regionu\/\"},{\"@type\":\"ListItem\",\"position\":3,\"name\":\"Peter Nagy\"}]},{\"@type\":\"WebSite\",\"@id\":\"https:\/\/www.regionsaris.sk\/#website\",\"url\":\"https:\/\/www.regionsaris.sk\/\",\"name\":\"OOCR \u0160ari\u0161\",\"description\":\"\",\"potentialAction\":[{\"@type\":\"SearchAction\",\"target\":{\"@type\":\"EntryPoint\",\"urlTemplate\":\"https:\/\/www.regionsaris.sk\/?s={search_term_string}\"},\"query-input\":{\"@type\":\"PropertyValueSpecification\",\"valueRequired\":true,\"valueName\":\"search_term_string\"}}],\"inLanguage\":\"es\"}]}<\/script>\n<!-- \/ Yoast SEO Premium plugin. -->","yoast_head_json":{"title":"Peter Nagy - OOCR \u0160ari\u0161","description":"Peter Nagy je zn\u00e1my hlavne ako spev\u00e1k, hudobn\u00fd skladate\u013e, hudobn\u00edk, text\u00e1r, hudobn\u00fd producent a fotograf r\u00f4znych \u0161t\u00fdlov.","robots":{"index":"index","follow":"follow","max-snippet":"max-snippet:-1","max-image-preview":"max-image-preview:large","max-video-preview":"max-video-preview:-1"},"canonical":"https:\/\/www.regionsaris.sk\/es\/vyznamna-tvar\/peter-nagy\/","og_locale":"es_ES","og_type":"article","og_title":"Peter Nagy","og_description":"Peter Nagy je zn\u00e1my hlavne ako spev\u00e1k, hudobn\u00fd skladate\u013e, hudobn\u00edk, text\u00e1r, hudobn\u00fd producent a fotograf r\u00f4znych \u0161t\u00fdlov.","og_url":"https:\/\/www.regionsaris.sk\/es\/vyznamna-tvar\/peter-nagy\/","og_site_name":"OOCR \u0160ari\u0161","article_modified_time":"2026-03-25T13:32:18+00:00","og_image":[{"width":500,"height":500,"url":"https:\/\/www.regionsaris.sk\/wp-content\/uploads\/2026\/03\/peter-nagy-vyznamne-tvare-regionu-oocrrs.png","type":"image\/png"}],"twitter_card":"summary_large_image","twitter_misc":{"Tiempo de lectura":"2 minutos"},"schema":{"@context":"https:\/\/schema.org","@graph":[{"@type":"WebPage","@id":"https:\/\/www.regionsaris.sk\/vyznamna-tvar\/peter-nagy\/","url":"https:\/\/www.regionsaris.sk\/vyznamna-tvar\/peter-nagy\/","name":"Peter Nagy - OOCR \u0160ari\u0161","isPartOf":{"@id":"https:\/\/www.regionsaris.sk\/#website"},"primaryImageOfPage":{"@id":"https:\/\/www.regionsaris.sk\/vyznamna-tvar\/peter-nagy\/#primaryimage"},"image":{"@id":"https:\/\/www.regionsaris.sk\/vyznamna-tvar\/peter-nagy\/#primaryimage"},"thumbnailUrl":"https:\/\/www.regionsaris.sk\/wp-content\/uploads\/2026\/03\/peter-nagy-vyznamne-tvare-regionu-oocrrs.png","datePublished":"2026-03-23T07:15:46+00:00","dateModified":"2026-03-25T13:32:18+00:00","description":"Peter Nagy je zn\u00e1my hlavne ako spev\u00e1k, hudobn\u00fd skladate\u013e, hudobn\u00edk, text\u00e1r, hudobn\u00fd producent a fotograf r\u00f4znych \u0161t\u00fdlov.","breadcrumb":{"@id":"https:\/\/www.regionsaris.sk\/vyznamna-tvar\/peter-nagy\/#breadcrumb"},"inLanguage":"es","potentialAction":[{"@type":"ReadAction","target":["https:\/\/www.regionsaris.sk\/vyznamna-tvar\/peter-nagy\/"]}]},{"@type":"ImageObject","inLanguage":"es","@id":"https:\/\/www.regionsaris.sk\/vyznamna-tvar\/peter-nagy\/#primaryimage","url":"https:\/\/www.regionsaris.sk\/wp-content\/uploads\/2026\/03\/peter-nagy-vyznamne-tvare-regionu-oocrrs.png","contentUrl":"https:\/\/www.regionsaris.sk\/wp-content\/uploads\/2026\/03\/peter-nagy-vyznamne-tvare-regionu-oocrrs.png","width":500,"height":500},{"@type":"BreadcrumbList","@id":"https:\/\/www.regionsaris.sk\/vyznamna-tvar\/peter-nagy\/#breadcrumb","itemListElement":[{"@type":"ListItem","position":1,"name":"Domov","item":"https:\/\/www.regionsaris.sk\/"},{"@type":"ListItem","position":2,"name":"V\u00fdznamn\u00e9 tv\u00e1re regi\u00f3nu","item":"https:\/\/www.regionsaris.sk\/vyznamne-tvare-regionu\/"},{"@type":"ListItem","position":3,"name":"Peter Nagy"}]},{"@type":"WebSite","@id":"https:\/\/www.regionsaris.sk\/#website","url":"https:\/\/www.regionsaris.sk\/","name":"OOCR \u0160ari\u0161","description":"","potentialAction":[{"@type":"SearchAction","target":{"@type":"EntryPoint","urlTemplate":"https:\/\/www.regionsaris.sk\/?s={search_term_string}"},"query-input":{"@type":"PropertyValueSpecification","valueRequired":true,"valueName":"search_term_string"}}],"inLanguage":"es"}]}},"_links":{"self":[{"href":"https:\/\/www.regionsaris.sk\/es\/wp-json\/wp\/v2\/vyznamna-tvar\/4176","targetHints":{"allow":["GET"]}}],"collection":[{"href":"https:\/\/www.regionsaris.sk\/es\/wp-json\/wp\/v2\/vyznamna-tvar"}],"about":[{"href":"https:\/\/www.regionsaris.sk\/es\/wp-json\/wp\/v2\/types\/vyznamna-tvar"}],"wp:featuredmedia":[{"embeddable":true,"href":"https:\/\/www.regionsaris.sk\/es\/wp-json\/wp\/v2\/media\/4232"}],"wp:attachment":[{"href":"https:\/\/www.regionsaris.sk\/es\/wp-json\/wp\/v2\/media?parent=4176"}],"wp:term":[{"taxonomy":"kategoria-vyznamnych-tvari","embeddable":true,"href":"https:\/\/www.regionsaris.sk\/es\/wp-json\/wp\/v2\/kategoria-vyznamnych-tvari?post=4176"},{"taxonomy":"oblast-posobenia","embeddable":true,"href":"https:\/\/www.regionsaris.sk\/es\/wp-json\/wp\/v2\/oblast-posobenia?post=4176"}],"curies":[{"name":"wp","href":"https:\/\/api.w.org\/{rel}","templated":true}]}}