{"id":4168,"date":"2026-03-23T08:04:26","date_gmt":"2026-03-23T07:04:26","guid":{"rendered":"https:\/\/www.regionsaris.sk\/?post_type=vyznamna-tvar&#038;p=4168"},"modified":"2026-03-25T14:43:46","modified_gmt":"2026-03-25T13:43:46","slug":"marcel-merciak","status":"publish","type":"vyznamna-tvar","link":"https:\/\/www.regionsaris.sk\/es\/vyznamna-tvar\/marcel-merciak\/","title":{"rendered":"Marcel Merciak"},"content":{"rendered":"<p>Marcel Mer\u010diak naci\u00f3 el 31 de agosto de 1975 en Pre\u0161ov. Tras graduarse en el Gimnasio de la calle Tarasa \u0160ev\u010denka (actual Gimnasio Jan Adam Rayman) de Pre\u0161ov, en 1993 empez\u00f3 a estudiar Periodismo en la Facultad de Letras de la Universidad Carolina de Bratislava. Tras licenciarse con un m\u00e1ster, el 1 de julio de 1997 entr\u00f3 a trabajar en la Televisi\u00f3n Eslovaca, donde comenta las retransmisiones deportivas (principalmente f\u00fatbol o biatl\u00f3n).&nbsp;<\/p>\n\n\n\n<p>De 1996 a 2024, particip\u00f3 en los quince Juegos Ol\u00edmpicos (8 de verano y 7 de invierno). En sus admirables estad\u00edsticas profesionales destacan los r\u00e9cords de comentar partidos en siete Mundiales y siete Eurocopas de f\u00fatbol, 12 veces coment\u00f3 la final de la Liga de Campeones.<\/p>\n\n\n\n<p>Tras la creaci\u00f3n de RTVS en enero de 2011, la direcci\u00f3n del Director General V\u00e1clav Mika le confi\u00f3 la gesti\u00f3n del Departamento de Deportes de RTVS. Desempe\u00f1\u00f3 este cargo de Redactor Jefe de Deportes durante 4 a\u00f1os y 11 meses (desde el 1 de febrero de 2013 hasta finales de 2017). En 2021, se le confi\u00f3 el cargo de Jefe de Programa del circuito de Deportes de los medios p\u00fablicos.&nbsp;<\/p>\n\n\n\n<p>Es ganador del Premio Semanal Zivot, ganador del Premio Gab Zelenay de la Uni\u00f3n de Periodistas Eslovacos, 13 veces ganador de la encuesta OTO (3 veces en la categor\u00eda de presentador deportivo, 8 veces en la categor\u00eda de comentarista deportivo y dos veces \u201eOTO Absoluto\u201c). En 2014, la direcci\u00f3n de la entonces RTVS le confi\u00f3 la moderaci\u00f3n del concurso-espect\u00e1culo de conocimientos \u201eLo que s\u00e9\u201c. Desde 2013, es miembro de la Comisi\u00f3n de Deportes de los prestigiosos premios Ala de Cristal. Marcel Merciak se ha convertido en una personalidad period\u00edstica \u00edntegra, un aut\u00e9ntico profesional.<\/p>\n\n\n\n<p>Adem\u00e1s de su trabajo televisivo, el gran periodista se ha convertido en colaborador freelance del diario en l\u00ednea Standard, donde enriquece a los lectores con sus comentarios, puntos de vista y entrevistas a deportistas famosos.<\/p>\n\n\n\n<p><strong>Fuente:<\/strong> https:\/\/www.stvr.sk\/historia\/osobnosti\/marcel-merciak<br><strong>Fuente de la foto:<\/strong> Autor: el Condado de Bratislava de Bratislava, Eslovaquia - Crystal Wing 2016, CC BY 2.0, https:\/\/commons.wikimedia.org\/w\/index.php?curid=46672694<\/p>","protected":false},"featured_media":4236,"template":"","meta":{"_acf_changed":true},"kategoria-vyznamnych-tvari":[244],"oblast-posobenia":[241,237,263],"class_list":["post-4168","vyznamna-tvar","type-vyznamna-tvar","status-publish","has-post-thumbnail","hentry","kategoria-vyznamnych-tvari-sucasna-osobnost","oblast-posobenia-publicistika","oblast-posobenia-sport","oblast-posobenia-televizia"],"acf":[],"yoast_head":"<!-- This site is optimized with the Yoast SEO Premium plugin v26.3 (Yoast SEO v26.8) - https:\/\/yoast.com\/product\/yoast-seo-premium-wordpress\/ -->\n<title>Marcel Mer\u010diak - OOCR \u0160ari\u0161<\/title>\n<meta name=\"description\" content=\"Marcel Mer\u010diak je zn\u00e1my slovensk\u00fd \u0161portov\u00fd koment\u00e1tor a novin\u00e1r. Taktie\u017e je extern\u00fdm spolupracovn\u00edkov denn\u00edka \u0160tandard.\" \/>\n<meta name=\"robots\" content=\"index, follow, max-snippet:-1, max-image-preview:large, max-video-preview:-1\" \/>\n<link rel=\"canonical\" href=\"https:\/\/www.regionsaris.sk\/es\/vyznamna-tvar\/marcel-merciak\/\" \/>\n<meta property=\"og:locale\" content=\"es_ES\" \/>\n<meta property=\"og:type\" content=\"article\" \/>\n<meta property=\"og:title\" content=\"Marcel Mer\u010diak\" \/>\n<meta property=\"og:description\" content=\"Marcel Mer\u010diak je zn\u00e1my slovensk\u00fd \u0161portov\u00fd koment\u00e1tor a novin\u00e1r. Taktie\u017e je extern\u00fdm spolupracovn\u00edkov denn\u00edka \u0160tandard.\" \/>\n<meta property=\"og:url\" content=\"https:\/\/www.regionsaris.sk\/es\/vyznamna-tvar\/marcel-merciak\/\" \/>\n<meta property=\"og:site_name\" content=\"OOCR \u0160ari\u0161\" \/>\n<meta property=\"article:modified_time\" content=\"2026-03-25T13:43:46+00:00\" \/>\n<meta property=\"og:image\" content=\"https:\/\/www.regionsaris.sk\/wp-content\/uploads\/2026\/03\/marcel-merciak-vyznamne-tvare-regionu-oocrrs.png\" \/>\n\t<meta property=\"og:image:width\" content=\"500\" \/>\n\t<meta property=\"og:image:height\" content=\"500\" \/>\n\t<meta property=\"og:image:type\" content=\"image\/png\" \/>\n<meta name=\"twitter:card\" content=\"summary_large_image\" \/>\n<meta name=\"twitter:label1\" content=\"Tiempo de lectura\" \/>\n\t<meta name=\"twitter:data1\" content=\"2 minutos\" \/>\n<script type=\"application\/ld+json\" class=\"yoast-schema-graph\">{\"@context\":\"https:\/\/schema.org\",\"@graph\":[{\"@type\":\"WebPage\",\"@id\":\"https:\/\/www.regionsaris.sk\/vyznamna-tvar\/marcel-merciak\/\",\"url\":\"https:\/\/www.regionsaris.sk\/vyznamna-tvar\/marcel-merciak\/\",\"name\":\"Marcel Mer\u010diak - OOCR \u0160ari\u0161\",\"isPartOf\":{\"@id\":\"https:\/\/www.regionsaris.sk\/#website\"},\"primaryImageOfPage\":{\"@id\":\"https:\/\/www.regionsaris.sk\/vyznamna-tvar\/marcel-merciak\/#primaryimage\"},\"image\":{\"@id\":\"https:\/\/www.regionsaris.sk\/vyznamna-tvar\/marcel-merciak\/#primaryimage\"},\"thumbnailUrl\":\"https:\/\/www.regionsaris.sk\/wp-content\/uploads\/2026\/03\/marcel-merciak-vyznamne-tvare-regionu-oocrrs.png\",\"datePublished\":\"2026-03-23T07:04:26+00:00\",\"dateModified\":\"2026-03-25T13:43:46+00:00\",\"description\":\"Marcel Mer\u010diak je zn\u00e1my slovensk\u00fd \u0161portov\u00fd koment\u00e1tor a novin\u00e1r. Taktie\u017e je extern\u00fdm spolupracovn\u00edkov denn\u00edka \u0160tandard.\",\"breadcrumb\":{\"@id\":\"https:\/\/www.regionsaris.sk\/vyznamna-tvar\/marcel-merciak\/#breadcrumb\"},\"inLanguage\":\"es\",\"potentialAction\":[{\"@type\":\"ReadAction\",\"target\":[\"https:\/\/www.regionsaris.sk\/vyznamna-tvar\/marcel-merciak\/\"]}]},{\"@type\":\"ImageObject\",\"inLanguage\":\"es\",\"@id\":\"https:\/\/www.regionsaris.sk\/vyznamna-tvar\/marcel-merciak\/#primaryimage\",\"url\":\"https:\/\/www.regionsaris.sk\/wp-content\/uploads\/2026\/03\/marcel-merciak-vyznamne-tvare-regionu-oocrrs.png\",\"contentUrl\":\"https:\/\/www.regionsaris.sk\/wp-content\/uploads\/2026\/03\/marcel-merciak-vyznamne-tvare-regionu-oocrrs.png\",\"width\":500,\"height\":500},{\"@type\":\"BreadcrumbList\",\"@id\":\"https:\/\/www.regionsaris.sk\/vyznamna-tvar\/marcel-merciak\/#breadcrumb\",\"itemListElement\":[{\"@type\":\"ListItem\",\"position\":1,\"name\":\"Domov\",\"item\":\"https:\/\/www.regionsaris.sk\/\"},{\"@type\":\"ListItem\",\"position\":2,\"name\":\"V\u00fdznamn\u00e9 tv\u00e1re regi\u00f3nu\",\"item\":\"https:\/\/www.regionsaris.sk\/vyznamne-tvare-regionu\/\"},{\"@type\":\"ListItem\",\"position\":3,\"name\":\"Marcel Mer\u010diak\"}]},{\"@type\":\"WebSite\",\"@id\":\"https:\/\/www.regionsaris.sk\/#website\",\"url\":\"https:\/\/www.regionsaris.sk\/\",\"name\":\"OOCR \u0160ari\u0161\",\"description\":\"\",\"potentialAction\":[{\"@type\":\"SearchAction\",\"target\":{\"@type\":\"EntryPoint\",\"urlTemplate\":\"https:\/\/www.regionsaris.sk\/?s={search_term_string}\"},\"query-input\":{\"@type\":\"PropertyValueSpecification\",\"valueRequired\":true,\"valueName\":\"search_term_string\"}}],\"inLanguage\":\"es\"}]}<\/script>\n<!-- \/ Yoast SEO Premium plugin. -->","yoast_head_json":{"title":"Marcel Mer\u010diak - OOCR \u0160ari\u0161","description":"Marcel Mer\u010diak je zn\u00e1my slovensk\u00fd \u0161portov\u00fd koment\u00e1tor a novin\u00e1r. Taktie\u017e je extern\u00fdm spolupracovn\u00edkov denn\u00edka \u0160tandard.","robots":{"index":"index","follow":"follow","max-snippet":"max-snippet:-1","max-image-preview":"max-image-preview:large","max-video-preview":"max-video-preview:-1"},"canonical":"https:\/\/www.regionsaris.sk\/es\/vyznamna-tvar\/marcel-merciak\/","og_locale":"es_ES","og_type":"article","og_title":"Marcel Mer\u010diak","og_description":"Marcel Mer\u010diak je zn\u00e1my slovensk\u00fd \u0161portov\u00fd koment\u00e1tor a novin\u00e1r. Taktie\u017e je extern\u00fdm spolupracovn\u00edkov denn\u00edka \u0160tandard.","og_url":"https:\/\/www.regionsaris.sk\/es\/vyznamna-tvar\/marcel-merciak\/","og_site_name":"OOCR \u0160ari\u0161","article_modified_time":"2026-03-25T13:43:46+00:00","og_image":[{"width":500,"height":500,"url":"https:\/\/www.regionsaris.sk\/wp-content\/uploads\/2026\/03\/marcel-merciak-vyznamne-tvare-regionu-oocrrs.png","type":"image\/png"}],"twitter_card":"summary_large_image","twitter_misc":{"Tiempo de lectura":"2 minutos"},"schema":{"@context":"https:\/\/schema.org","@graph":[{"@type":"WebPage","@id":"https:\/\/www.regionsaris.sk\/vyznamna-tvar\/marcel-merciak\/","url":"https:\/\/www.regionsaris.sk\/vyznamna-tvar\/marcel-merciak\/","name":"Marcel Mer\u010diak - OOCR \u0160ari\u0161","isPartOf":{"@id":"https:\/\/www.regionsaris.sk\/#website"},"primaryImageOfPage":{"@id":"https:\/\/www.regionsaris.sk\/vyznamna-tvar\/marcel-merciak\/#primaryimage"},"image":{"@id":"https:\/\/www.regionsaris.sk\/vyznamna-tvar\/marcel-merciak\/#primaryimage"},"thumbnailUrl":"https:\/\/www.regionsaris.sk\/wp-content\/uploads\/2026\/03\/marcel-merciak-vyznamne-tvare-regionu-oocrrs.png","datePublished":"2026-03-23T07:04:26+00:00","dateModified":"2026-03-25T13:43:46+00:00","description":"Marcel Mer\u010diak je zn\u00e1my slovensk\u00fd \u0161portov\u00fd koment\u00e1tor a novin\u00e1r. Taktie\u017e je extern\u00fdm spolupracovn\u00edkov denn\u00edka \u0160tandard.","breadcrumb":{"@id":"https:\/\/www.regionsaris.sk\/vyznamna-tvar\/marcel-merciak\/#breadcrumb"},"inLanguage":"es","potentialAction":[{"@type":"ReadAction","target":["https:\/\/www.regionsaris.sk\/vyznamna-tvar\/marcel-merciak\/"]}]},{"@type":"ImageObject","inLanguage":"es","@id":"https:\/\/www.regionsaris.sk\/vyznamna-tvar\/marcel-merciak\/#primaryimage","url":"https:\/\/www.regionsaris.sk\/wp-content\/uploads\/2026\/03\/marcel-merciak-vyznamne-tvare-regionu-oocrrs.png","contentUrl":"https:\/\/www.regionsaris.sk\/wp-content\/uploads\/2026\/03\/marcel-merciak-vyznamne-tvare-regionu-oocrrs.png","width":500,"height":500},{"@type":"BreadcrumbList","@id":"https:\/\/www.regionsaris.sk\/vyznamna-tvar\/marcel-merciak\/#breadcrumb","itemListElement":[{"@type":"ListItem","position":1,"name":"Domov","item":"https:\/\/www.regionsaris.sk\/"},{"@type":"ListItem","position":2,"name":"V\u00fdznamn\u00e9 tv\u00e1re regi\u00f3nu","item":"https:\/\/www.regionsaris.sk\/vyznamne-tvare-regionu\/"},{"@type":"ListItem","position":3,"name":"Marcel Mer\u010diak"}]},{"@type":"WebSite","@id":"https:\/\/www.regionsaris.sk\/#website","url":"https:\/\/www.regionsaris.sk\/","name":"OOCR \u0160ari\u0161","description":"","potentialAction":[{"@type":"SearchAction","target":{"@type":"EntryPoint","urlTemplate":"https:\/\/www.regionsaris.sk\/?s={search_term_string}"},"query-input":{"@type":"PropertyValueSpecification","valueRequired":true,"valueName":"search_term_string"}}],"inLanguage":"es"}]}},"_links":{"self":[{"href":"https:\/\/www.regionsaris.sk\/es\/wp-json\/wp\/v2\/vyznamna-tvar\/4168","targetHints":{"allow":["GET"]}}],"collection":[{"href":"https:\/\/www.regionsaris.sk\/es\/wp-json\/wp\/v2\/vyznamna-tvar"}],"about":[{"href":"https:\/\/www.regionsaris.sk\/es\/wp-json\/wp\/v2\/types\/vyznamna-tvar"}],"wp:featuredmedia":[{"embeddable":true,"href":"https:\/\/www.regionsaris.sk\/es\/wp-json\/wp\/v2\/media\/4236"}],"wp:attachment":[{"href":"https:\/\/www.regionsaris.sk\/es\/wp-json\/wp\/v2\/media?parent=4168"}],"wp:term":[{"taxonomy":"kategoria-vyznamnych-tvari","embeddable":true,"href":"https:\/\/www.regionsaris.sk\/es\/wp-json\/wp\/v2\/kategoria-vyznamnych-tvari?post=4168"},{"taxonomy":"oblast-posobenia","embeddable":true,"href":"https:\/\/www.regionsaris.sk\/es\/wp-json\/wp\/v2\/oblast-posobenia?post=4168"}],"curies":[{"name":"wp","href":"https:\/\/api.w.org\/{rel}","templated":true}]}}