{"id":4164,"date":"2026-03-23T07:59:37","date_gmt":"2026-03-23T06:59:37","guid":{"rendered":"https:\/\/www.regionsaris.sk\/?post_type=vyznamna-tvar&#038;p=4164"},"modified":"2026-03-25T14:48:50","modified_gmt":"2026-03-25T13:48:50","slug":"katarina-knechtova","status":"publish","type":"vyznamna-tvar","link":"https:\/\/www.regionsaris.sk\/es\/vyznamna-tvar\/katarina-knechtova\/","title":{"rendered":"Katar\u00edna Knechtov\u00e1"},"content":{"rendered":"<p>Katar\u00edna Knechtov\u00e1 es una cantante, compositora y letrista eslovaca, adem\u00e1s de pianista, guitarrista y bater\u00eda. Procede de Pre\u0161ov, se gradu\u00f3 en el Gimnasio de Jan Adam Rayman y tambi\u00e9n en la Escuela de Arte Popular en piano y cant\u00f3 en el conjunto Pre\u0161ovch\u010dat\u00e1 .<\/p>\n\n\n\n<p>A los quince a\u00f1os comenz\u00f3 su carrera musical en el grupo IMT Smile. Ivan T\u00e1sler, que entonces ten\u00eda diecisiete a\u00f1os y era el l\u00edder de la banda, se interes\u00f3 por ella durante sus estudios en el gimnasio de Pre\u0161ov y le ofreci\u00f3 un puesto como vocalista. Poco despu\u00e9s, el grupo emprendi\u00f3 una importante gira checoslovaca como telonero de los legendarios Olympik .<\/p>\n\n\n\n<p>En 1997 funda un nuevo grupo, Peha, con el bater\u00eda Martin Migas y el guitarrista Karel Sivak. El \u00e9xito es inmediato y la canci\u00f3n \u201eRemote Control\u201c se convierte en la m\u00e1s reproducida en Eslovaquia. El Aurel de 2005 se convierte en un triunfo para Peha, donde ganan cuatro premios: mejor cantante, mejor grupo, mejor canci\u00f3n \u201eZa tebou\u201c y mejor \u00e1lbum.<\/p>\n\n\n\n<p>En 2008, Knechtov\u00e1 abandon\u00f3 Peha y emprendi\u00f3 una carrera en solitario. Para la pel\u00edcula BATHORY, de Juraj Jakubisko, compuso en 2007 la canci\u00f3n \u201eMuoj Bo\u017ee\u201c , inspirada en salmos medievales y parcialmente en eslavo antiguo. El director Jakubisko tambi\u00e9n realiz\u00f3 un v\u00eddeo musical para la canci\u00f3n con Katarina. La canci\u00f3n fue extremadamente popular, triunfando en las listas musicales eslovacas y ganando el prestigioso premio Aurel a la mejor canci\u00f3n del a\u00f1o. A pesar de ello, no se incluy\u00f3 en la pel\u00edcula final.<\/p>\n\n\n\n<p>Adem\u00e1s de conciertos en Eslovaquia y la Rep\u00fablica Checa, Katar\u00edna tambi\u00e9n ha compuesto m\u00fasica de cine, por ejemplo para la pel\u00edcula ISABEL y la pel\u00edcula de estudiantes ZEM JE GU\u013dAT\u00c1 (LA TIERRA ES GULAT\u00c1). Su proyecto so\u00f1ado era fundar un grupo de chicas, The Cubes, pero no cant\u00f3 en \u00e9l. Seg\u00fan sus propias palabras, lo fund\u00f3 para poder tocar la bater\u00eda en \u00e9l. El grupo public\u00f3 un \u00e1lbum y un v\u00eddeo musical del mismo nombre \u201eTomorrow\u201c en 2012. The Cubes telonearon al grupo Garbage y la propia Knechtova telone\u00f3 a The Cranberries y Depeche Mode en conciertos en Bratislava y Praga. .<\/p>\n\n\n\n<p>Katar\u00edna ha recibido numerosos premios, como el Aurel y el OTO a la mejor cantante femenina del a\u00f1o, o el Ruise\u00f1or de Plata. Aparte de su m\u00fasica, tambi\u00e9n le gusta experimentar con su aspecto y a menudo sorprende especialmente con el color y la longitud de su pelo. Aunque su \u00faltimo \u00e1lbum tiene una versi\u00f3n en ingl\u00e9s, prefiere el eslovaco en su trabajo, participa en proyectos de promoci\u00f3n de productos eslovacos y sigue viviendo en su Pre\u0161ov natal.<\/p>\n\n\n\n<p><strong>Fuente: <\/strong>https:\/\/www.csfd.sk\/tvorca\/101063-katarina-knechtova\/biografia\/<br><strong>Fuente de la foto: <\/strong>Por Fishfrog - Obra propia, CC BY-SA 3.0, https:\/\/commons.wikimedia.org\/w\/index.php?curid=29706592<\/p>","protected":false},"featured_media":4238,"template":"","meta":{"_acf_changed":true},"kategoria-vyznamnych-tvari":[244],"oblast-posobenia":[236,256],"class_list":["post-4164","vyznamna-tvar","type-vyznamna-tvar","status-publish","has-post-thumbnail","hentry","kategoria-vyznamnych-tvari-sucasna-osobnost","oblast-posobenia-hudba","oblast-posobenia-spev"],"acf":[],"yoast_head":"<!-- This site is optimized with the Yoast SEO Premium plugin v26.3 (Yoast SEO v26.8) - https:\/\/yoast.com\/product\/yoast-seo-premium-wordpress\/ -->\n<title>Katar\u00edna Knechtov\u00e1 - OOCR \u0160ari\u0161<\/title>\n<meta name=\"description\" content=\"Katar\u00edna Knechtov\u00e1 je slovensk\u00e1 spev\u00e1\u010dka, klaviristka, gitaristka a skladate\u013eka piesn\u00ed. Bola s\u00fa\u010das\u0165ou skupiny Peha.\" \/>\n<meta name=\"robots\" content=\"index, follow, max-snippet:-1, max-image-preview:large, max-video-preview:-1\" \/>\n<link rel=\"canonical\" href=\"https:\/\/www.regionsaris.sk\/es\/vyznamna-tvar\/katarina-knechtova\/\" \/>\n<meta property=\"og:locale\" content=\"es_ES\" \/>\n<meta property=\"og:type\" content=\"article\" \/>\n<meta property=\"og:title\" content=\"Katar\u00edna Knechtov\u00e1\" \/>\n<meta property=\"og:description\" content=\"Katar\u00edna Knechtov\u00e1 je slovensk\u00e1 spev\u00e1\u010dka, klaviristka, gitaristka a skladate\u013eka piesn\u00ed. Bola s\u00fa\u010das\u0165ou skupiny Peha.\" \/>\n<meta property=\"og:url\" content=\"https:\/\/www.regionsaris.sk\/es\/vyznamna-tvar\/katarina-knechtova\/\" \/>\n<meta property=\"og:site_name\" content=\"OOCR \u0160ari\u0161\" \/>\n<meta property=\"article:modified_time\" content=\"2026-03-25T13:48:50+00:00\" \/>\n<meta property=\"og:image\" content=\"https:\/\/www.regionsaris.sk\/wp-content\/uploads\/2026\/03\/katarina-knechtova-vyznamne-tvare-regionu-oocrrs.png\" \/>\n\t<meta property=\"og:image:width\" content=\"500\" \/>\n\t<meta property=\"og:image:height\" content=\"500\" \/>\n\t<meta property=\"og:image:type\" content=\"image\/png\" \/>\n<meta name=\"twitter:card\" content=\"summary_large_image\" \/>\n<meta name=\"twitter:label1\" content=\"Tiempo de lectura\" \/>\n\t<meta name=\"twitter:data1\" content=\"3 minutos\" \/>\n<script type=\"application\/ld+json\" class=\"yoast-schema-graph\">{\"@context\":\"https:\/\/schema.org\",\"@graph\":[{\"@type\":\"WebPage\",\"@id\":\"https:\/\/www.regionsaris.sk\/vyznamna-tvar\/katarina-knechtova\/\",\"url\":\"https:\/\/www.regionsaris.sk\/vyznamna-tvar\/katarina-knechtova\/\",\"name\":\"Katar\u00edna Knechtov\u00e1 - OOCR \u0160ari\u0161\",\"isPartOf\":{\"@id\":\"https:\/\/www.regionsaris.sk\/#website\"},\"primaryImageOfPage\":{\"@id\":\"https:\/\/www.regionsaris.sk\/vyznamna-tvar\/katarina-knechtova\/#primaryimage\"},\"image\":{\"@id\":\"https:\/\/www.regionsaris.sk\/vyznamna-tvar\/katarina-knechtova\/#primaryimage\"},\"thumbnailUrl\":\"https:\/\/www.regionsaris.sk\/wp-content\/uploads\/2026\/03\/katarina-knechtova-vyznamne-tvare-regionu-oocrrs.png\",\"datePublished\":\"2026-03-23T06:59:37+00:00\",\"dateModified\":\"2026-03-25T13:48:50+00:00\",\"description\":\"Katar\u00edna Knechtov\u00e1 je slovensk\u00e1 spev\u00e1\u010dka, klaviristka, gitaristka a skladate\u013eka piesn\u00ed. Bola s\u00fa\u010das\u0165ou skupiny Peha.\",\"breadcrumb\":{\"@id\":\"https:\/\/www.regionsaris.sk\/vyznamna-tvar\/katarina-knechtova\/#breadcrumb\"},\"inLanguage\":\"es\",\"potentialAction\":[{\"@type\":\"ReadAction\",\"target\":[\"https:\/\/www.regionsaris.sk\/vyznamna-tvar\/katarina-knechtova\/\"]}]},{\"@type\":\"ImageObject\",\"inLanguage\":\"es\",\"@id\":\"https:\/\/www.regionsaris.sk\/vyznamna-tvar\/katarina-knechtova\/#primaryimage\",\"url\":\"https:\/\/www.regionsaris.sk\/wp-content\/uploads\/2026\/03\/katarina-knechtova-vyznamne-tvare-regionu-oocrrs.png\",\"contentUrl\":\"https:\/\/www.regionsaris.sk\/wp-content\/uploads\/2026\/03\/katarina-knechtova-vyznamne-tvare-regionu-oocrrs.png\",\"width\":500,\"height\":500},{\"@type\":\"BreadcrumbList\",\"@id\":\"https:\/\/www.regionsaris.sk\/vyznamna-tvar\/katarina-knechtova\/#breadcrumb\",\"itemListElement\":[{\"@type\":\"ListItem\",\"position\":1,\"name\":\"Domov\",\"item\":\"https:\/\/www.regionsaris.sk\/\"},{\"@type\":\"ListItem\",\"position\":2,\"name\":\"V\u00fdznamn\u00e9 tv\u00e1re regi\u00f3nu\",\"item\":\"https:\/\/www.regionsaris.sk\/vyznamne-tvare-regionu\/\"},{\"@type\":\"ListItem\",\"position\":3,\"name\":\"Katar\u00edna Knechtov\u00e1\"}]},{\"@type\":\"WebSite\",\"@id\":\"https:\/\/www.regionsaris.sk\/#website\",\"url\":\"https:\/\/www.regionsaris.sk\/\",\"name\":\"OOCR \u0160ari\u0161\",\"description\":\"\",\"potentialAction\":[{\"@type\":\"SearchAction\",\"target\":{\"@type\":\"EntryPoint\",\"urlTemplate\":\"https:\/\/www.regionsaris.sk\/?s={search_term_string}\"},\"query-input\":{\"@type\":\"PropertyValueSpecification\",\"valueRequired\":true,\"valueName\":\"search_term_string\"}}],\"inLanguage\":\"es\"}]}<\/script>\n<!-- \/ Yoast SEO Premium plugin. -->","yoast_head_json":{"title":"Katar\u00edna Knechtov\u00e1 - OOCR \u0160ari\u0161","description":"Katar\u00edna Knechtov\u00e1 je slovensk\u00e1 spev\u00e1\u010dka, klaviristka, gitaristka a skladate\u013eka piesn\u00ed. Bola s\u00fa\u010das\u0165ou skupiny Peha.","robots":{"index":"index","follow":"follow","max-snippet":"max-snippet:-1","max-image-preview":"max-image-preview:large","max-video-preview":"max-video-preview:-1"},"canonical":"https:\/\/www.regionsaris.sk\/es\/vyznamna-tvar\/katarina-knechtova\/","og_locale":"es_ES","og_type":"article","og_title":"Katar\u00edna Knechtov\u00e1","og_description":"Katar\u00edna Knechtov\u00e1 je slovensk\u00e1 spev\u00e1\u010dka, klaviristka, gitaristka a skladate\u013eka piesn\u00ed. Bola s\u00fa\u010das\u0165ou skupiny Peha.","og_url":"https:\/\/www.regionsaris.sk\/es\/vyznamna-tvar\/katarina-knechtova\/","og_site_name":"OOCR \u0160ari\u0161","article_modified_time":"2026-03-25T13:48:50+00:00","og_image":[{"width":500,"height":500,"url":"https:\/\/www.regionsaris.sk\/wp-content\/uploads\/2026\/03\/katarina-knechtova-vyznamne-tvare-regionu-oocrrs.png","type":"image\/png"}],"twitter_card":"summary_large_image","twitter_misc":{"Tiempo de lectura":"3 minutos"},"schema":{"@context":"https:\/\/schema.org","@graph":[{"@type":"WebPage","@id":"https:\/\/www.regionsaris.sk\/vyznamna-tvar\/katarina-knechtova\/","url":"https:\/\/www.regionsaris.sk\/vyznamna-tvar\/katarina-knechtova\/","name":"Katar\u00edna Knechtov\u00e1 - OOCR \u0160ari\u0161","isPartOf":{"@id":"https:\/\/www.regionsaris.sk\/#website"},"primaryImageOfPage":{"@id":"https:\/\/www.regionsaris.sk\/vyznamna-tvar\/katarina-knechtova\/#primaryimage"},"image":{"@id":"https:\/\/www.regionsaris.sk\/vyznamna-tvar\/katarina-knechtova\/#primaryimage"},"thumbnailUrl":"https:\/\/www.regionsaris.sk\/wp-content\/uploads\/2026\/03\/katarina-knechtova-vyznamne-tvare-regionu-oocrrs.png","datePublished":"2026-03-23T06:59:37+00:00","dateModified":"2026-03-25T13:48:50+00:00","description":"Katar\u00edna Knechtov\u00e1 je slovensk\u00e1 spev\u00e1\u010dka, klaviristka, gitaristka a skladate\u013eka piesn\u00ed. Bola s\u00fa\u010das\u0165ou skupiny Peha.","breadcrumb":{"@id":"https:\/\/www.regionsaris.sk\/vyznamna-tvar\/katarina-knechtova\/#breadcrumb"},"inLanguage":"es","potentialAction":[{"@type":"ReadAction","target":["https:\/\/www.regionsaris.sk\/vyznamna-tvar\/katarina-knechtova\/"]}]},{"@type":"ImageObject","inLanguage":"es","@id":"https:\/\/www.regionsaris.sk\/vyznamna-tvar\/katarina-knechtova\/#primaryimage","url":"https:\/\/www.regionsaris.sk\/wp-content\/uploads\/2026\/03\/katarina-knechtova-vyznamne-tvare-regionu-oocrrs.png","contentUrl":"https:\/\/www.regionsaris.sk\/wp-content\/uploads\/2026\/03\/katarina-knechtova-vyznamne-tvare-regionu-oocrrs.png","width":500,"height":500},{"@type":"BreadcrumbList","@id":"https:\/\/www.regionsaris.sk\/vyznamna-tvar\/katarina-knechtova\/#breadcrumb","itemListElement":[{"@type":"ListItem","position":1,"name":"Domov","item":"https:\/\/www.regionsaris.sk\/"},{"@type":"ListItem","position":2,"name":"V\u00fdznamn\u00e9 tv\u00e1re regi\u00f3nu","item":"https:\/\/www.regionsaris.sk\/vyznamne-tvare-regionu\/"},{"@type":"ListItem","position":3,"name":"Katar\u00edna Knechtov\u00e1"}]},{"@type":"WebSite","@id":"https:\/\/www.regionsaris.sk\/#website","url":"https:\/\/www.regionsaris.sk\/","name":"OOCR \u0160ari\u0161","description":"","potentialAction":[{"@type":"SearchAction","target":{"@type":"EntryPoint","urlTemplate":"https:\/\/www.regionsaris.sk\/?s={search_term_string}"},"query-input":{"@type":"PropertyValueSpecification","valueRequired":true,"valueName":"search_term_string"}}],"inLanguage":"es"}]}},"_links":{"self":[{"href":"https:\/\/www.regionsaris.sk\/es\/wp-json\/wp\/v2\/vyznamna-tvar\/4164","targetHints":{"allow":["GET"]}}],"collection":[{"href":"https:\/\/www.regionsaris.sk\/es\/wp-json\/wp\/v2\/vyznamna-tvar"}],"about":[{"href":"https:\/\/www.regionsaris.sk\/es\/wp-json\/wp\/v2\/types\/vyznamna-tvar"}],"wp:featuredmedia":[{"embeddable":true,"href":"https:\/\/www.regionsaris.sk\/es\/wp-json\/wp\/v2\/media\/4238"}],"wp:attachment":[{"href":"https:\/\/www.regionsaris.sk\/es\/wp-json\/wp\/v2\/media?parent=4164"}],"wp:term":[{"taxonomy":"kategoria-vyznamnych-tvari","embeddable":true,"href":"https:\/\/www.regionsaris.sk\/es\/wp-json\/wp\/v2\/kategoria-vyznamnych-tvari?post=4164"},{"taxonomy":"oblast-posobenia","embeddable":true,"href":"https:\/\/www.regionsaris.sk\/es\/wp-json\/wp\/v2\/oblast-posobenia?post=4164"}],"curies":[{"name":"wp","href":"https:\/\/api.w.org\/{rel}","templated":true}]}}