{"id":4162,"date":"2026-03-23T07:57:36","date_gmt":"2026-03-23T06:57:36","guid":{"rendered":"https:\/\/www.regionsaris.sk\/?post_type=vyznamna-tvar&#038;p=4162"},"modified":"2026-03-25T14:51:20","modified_gmt":"2026-03-25T13:51:20","slug":"juraj-kukura","status":"publish","type":"vyznamna-tvar","link":"https:\/\/www.regionsaris.sk\/es\/vyznamna-tvar\/juraj-kukura\/","title":{"rendered":"Juraj Kukura"},"content":{"rendered":"<p>Juraj Kukura naci\u00f3 el 15 de marzo de 1947 en Pre\u0161ov. Tras graduarse en la escuela de la industria de la construcci\u00f3n de Bratislava, estudi\u00f3 interpretaci\u00f3n en la Academia de Artes Esc\u00e9nicas de Bratislava. Empez\u00f3 en el Teatro Korze, m\u00e1s tarde en el Nuevo Escenario, y de 1976 a 1984 trabaj\u00f3 en el Teatro Dram\u00e1tico del Teatro Nacional Eslovaco de Bratislava hasta que se march\u00f3 a Alemania. Al principio actu\u00f3 en el Kammerspiele de M\u00fanich, m\u00e1s tarde en Basilea, Bonn y desde 1985 en el Schauspielhaus de Hamburgo, donde sigue viviendo actualmente.&nbsp;<\/p>\n\n\n\n<p>En 2002 fue nombrado director del Teatro Ar\u00e9na de Bratislava. Est\u00e1 casado y tiene un hijo. Es uno de los actores de teatro y televisi\u00f3n m\u00e1s populares de Alemania. Ha protagonizado varios episodios de la serie Escena del crimen, en las series Via Mala, Hotel Raj Helicops, Kobra 11.&nbsp;<\/p>\n\n\n\n<p><strong>Premios:<\/strong><\/p>\n\n\n\n<p>- Por su interpretaci\u00f3n de Martin en La cabra o Qui\u00e9n es Sylvia, fue galardonado con el Premio Slabs 2004 al Mejor Actor de Teatro.&nbsp;<\/p>\n\n\n\n<p>- Por su papel protagonista en la producci\u00f3n del Club Dram\u00e1tico de Praga de Los hermanos Karamazov, gan\u00f3 el prestigioso premio Divadeln\u00edch noviny a la mejor interpretaci\u00f3n de la temporada 2014\/2015, que se concede independientemente del g\u00e9nero.&nbsp;<\/p>\n\n\n\n<p>- Por su interpretaci\u00f3n de Fi\u00f3dor Karam\u00e1zov fue nominado al premio anual Thalia de la Asociaci\u00f3n Checa de Actores y al Premio de la Cr\u00edtica Teatral 2015, concedido por la renombrada revista checa Sv\u011bt a divadlo (Mundo y Teatro).&nbsp;<\/p>\n\n\n\n<p>- En 2017, recibi\u00f3 la Medalla al M\u00e9rito de manos del presidente checo Milo\u0161 Zeman.&nbsp;<\/p>\n\n\n\n<p>- En 2025, el Presidente Peter Pellegrini le concedi\u00f3 la Cruz Pribina de Primera Clase, por m\u00e9ritos excepcionales para el desarrollo cultural de la Rep\u00fablica Eslovaca.<\/p>\n\n\n\n<p><strong>Fuente:<\/strong> https:\/\/sk.wikipedia.org\/wiki\/Juraj_Kukura<br><strong>Fuente de la foto:<\/strong> Por Pavol Fre\u0161o - flickr.com, CC BY 2.0, https:\/\/commons.wikimedia.org\/w\/index.php?curid=40943290<\/p>\n\n\n\n<p><\/p>","protected":false},"featured_media":4239,"template":"","meta":{"_acf_changed":true},"kategoria-vyznamnych-tvari":[244],"oblast-posobenia":[238,251],"class_list":["post-4162","vyznamna-tvar","type-vyznamna-tvar","status-publish","has-post-thumbnail","hentry","kategoria-vyznamnych-tvari-sucasna-osobnost","oblast-posobenia-divadlo","oblast-posobenia-film"],"acf":[],"yoast_head":"<!-- This site is optimized with the Yoast SEO Premium plugin v26.3 (Yoast SEO v26.8) - https:\/\/yoast.com\/product\/yoast-seo-premium-wordpress\/ -->\n<title>Juraj Kukura - OOCR \u0160ari\u0161<\/title>\n<meta name=\"robots\" content=\"index, follow, max-snippet:-1, max-image-preview:large, max-video-preview:-1\" \/>\n<link rel=\"canonical\" href=\"https:\/\/www.regionsaris.sk\/es\/vyznamna-tvar\/juraj-kukura\/\" \/>\n<meta property=\"og:locale\" content=\"es_ES\" \/>\n<meta property=\"og:type\" content=\"article\" \/>\n<meta property=\"og:title\" content=\"Juraj Kukura\" \/>\n<meta property=\"og:description\" content=\"Juraj Kukura sa narodil 15. marca 1947 v Pre\u0161ove. Po ukon\u010den\u00ed stavebnej priemyslovky v Bratislave...\" \/>\n<meta property=\"og:url\" content=\"https:\/\/www.regionsaris.sk\/es\/vyznamna-tvar\/juraj-kukura\/\" \/>\n<meta property=\"og:site_name\" content=\"OOCR \u0160ari\u0161\" \/>\n<meta property=\"article:modified_time\" content=\"2026-03-25T13:51:20+00:00\" \/>\n<meta property=\"og:image\" content=\"https:\/\/www.regionsaris.sk\/wp-content\/uploads\/2026\/03\/juraj-kukura-vyznamne-tvare-regionu-oocrrs.png\" \/>\n\t<meta property=\"og:image:width\" content=\"500\" \/>\n\t<meta property=\"og:image:height\" content=\"500\" \/>\n\t<meta property=\"og:image:type\" content=\"image\/png\" \/>\n<meta name=\"twitter:card\" content=\"summary_large_image\" \/>\n<meta name=\"twitter:label1\" content=\"Tiempo de lectura\" \/>\n\t<meta name=\"twitter:data1\" content=\"2 minutos\" \/>\n<script type=\"application\/ld+json\" class=\"yoast-schema-graph\">{\"@context\":\"https:\/\/schema.org\",\"@graph\":[{\"@type\":\"WebPage\",\"@id\":\"https:\/\/www.regionsaris.sk\/vyznamna-tvar\/juraj-kukura\/\",\"url\":\"https:\/\/www.regionsaris.sk\/vyznamna-tvar\/juraj-kukura\/\",\"name\":\"Juraj Kukura - OOCR \u0160ari\u0161\",\"isPartOf\":{\"@id\":\"https:\/\/www.regionsaris.sk\/#website\"},\"primaryImageOfPage\":{\"@id\":\"https:\/\/www.regionsaris.sk\/vyznamna-tvar\/juraj-kukura\/#primaryimage\"},\"image\":{\"@id\":\"https:\/\/www.regionsaris.sk\/vyznamna-tvar\/juraj-kukura\/#primaryimage\"},\"thumbnailUrl\":\"https:\/\/www.regionsaris.sk\/wp-content\/uploads\/2026\/03\/juraj-kukura-vyznamne-tvare-regionu-oocrrs.png\",\"datePublished\":\"2026-03-23T06:57:36+00:00\",\"dateModified\":\"2026-03-25T13:51:20+00:00\",\"breadcrumb\":{\"@id\":\"https:\/\/www.regionsaris.sk\/vyznamna-tvar\/juraj-kukura\/#breadcrumb\"},\"inLanguage\":\"es\",\"potentialAction\":[{\"@type\":\"ReadAction\",\"target\":[\"https:\/\/www.regionsaris.sk\/vyznamna-tvar\/juraj-kukura\/\"]}]},{\"@type\":\"ImageObject\",\"inLanguage\":\"es\",\"@id\":\"https:\/\/www.regionsaris.sk\/vyznamna-tvar\/juraj-kukura\/#primaryimage\",\"url\":\"https:\/\/www.regionsaris.sk\/wp-content\/uploads\/2026\/03\/juraj-kukura-vyznamne-tvare-regionu-oocrrs.png\",\"contentUrl\":\"https:\/\/www.regionsaris.sk\/wp-content\/uploads\/2026\/03\/juraj-kukura-vyznamne-tvare-regionu-oocrrs.png\",\"width\":500,\"height\":500},{\"@type\":\"BreadcrumbList\",\"@id\":\"https:\/\/www.regionsaris.sk\/vyznamna-tvar\/juraj-kukura\/#breadcrumb\",\"itemListElement\":[{\"@type\":\"ListItem\",\"position\":1,\"name\":\"Domov\",\"item\":\"https:\/\/www.regionsaris.sk\/\"},{\"@type\":\"ListItem\",\"position\":2,\"name\":\"V\u00fdznamn\u00e9 tv\u00e1re regi\u00f3nu\",\"item\":\"https:\/\/www.regionsaris.sk\/vyznamne-tvare-regionu\/\"},{\"@type\":\"ListItem\",\"position\":3,\"name\":\"Juraj Kukura\"}]},{\"@type\":\"WebSite\",\"@id\":\"https:\/\/www.regionsaris.sk\/#website\",\"url\":\"https:\/\/www.regionsaris.sk\/\",\"name\":\"OOCR \u0160ari\u0161\",\"description\":\"\",\"potentialAction\":[{\"@type\":\"SearchAction\",\"target\":{\"@type\":\"EntryPoint\",\"urlTemplate\":\"https:\/\/www.regionsaris.sk\/?s={search_term_string}\"},\"query-input\":{\"@type\":\"PropertyValueSpecification\",\"valueRequired\":true,\"valueName\":\"search_term_string\"}}],\"inLanguage\":\"es\"}]}<\/script>\n<!-- \/ Yoast SEO Premium plugin. -->","yoast_head_json":{"title":"Juraj Kukura - OOCR \u0160ari\u0161","robots":{"index":"index","follow":"follow","max-snippet":"max-snippet:-1","max-image-preview":"max-image-preview:large","max-video-preview":"max-video-preview:-1"},"canonical":"https:\/\/www.regionsaris.sk\/es\/vyznamna-tvar\/juraj-kukura\/","og_locale":"es_ES","og_type":"article","og_title":"Juraj Kukura","og_description":"Juraj Kukura sa narodil 15. marca 1947 v Pre\u0161ove. Po ukon\u010den\u00ed stavebnej priemyslovky v Bratislave...","og_url":"https:\/\/www.regionsaris.sk\/es\/vyznamna-tvar\/juraj-kukura\/","og_site_name":"OOCR \u0160ari\u0161","article_modified_time":"2026-03-25T13:51:20+00:00","og_image":[{"width":500,"height":500,"url":"https:\/\/www.regionsaris.sk\/wp-content\/uploads\/2026\/03\/juraj-kukura-vyznamne-tvare-regionu-oocrrs.png","type":"image\/png"}],"twitter_card":"summary_large_image","twitter_misc":{"Tiempo de lectura":"2 minutos"},"schema":{"@context":"https:\/\/schema.org","@graph":[{"@type":"WebPage","@id":"https:\/\/www.regionsaris.sk\/vyznamna-tvar\/juraj-kukura\/","url":"https:\/\/www.regionsaris.sk\/vyznamna-tvar\/juraj-kukura\/","name":"Juraj Kukura - OOCR \u0160ari\u0161","isPartOf":{"@id":"https:\/\/www.regionsaris.sk\/#website"},"primaryImageOfPage":{"@id":"https:\/\/www.regionsaris.sk\/vyznamna-tvar\/juraj-kukura\/#primaryimage"},"image":{"@id":"https:\/\/www.regionsaris.sk\/vyznamna-tvar\/juraj-kukura\/#primaryimage"},"thumbnailUrl":"https:\/\/www.regionsaris.sk\/wp-content\/uploads\/2026\/03\/juraj-kukura-vyznamne-tvare-regionu-oocrrs.png","datePublished":"2026-03-23T06:57:36+00:00","dateModified":"2026-03-25T13:51:20+00:00","breadcrumb":{"@id":"https:\/\/www.regionsaris.sk\/vyznamna-tvar\/juraj-kukura\/#breadcrumb"},"inLanguage":"es","potentialAction":[{"@type":"ReadAction","target":["https:\/\/www.regionsaris.sk\/vyznamna-tvar\/juraj-kukura\/"]}]},{"@type":"ImageObject","inLanguage":"es","@id":"https:\/\/www.regionsaris.sk\/vyznamna-tvar\/juraj-kukura\/#primaryimage","url":"https:\/\/www.regionsaris.sk\/wp-content\/uploads\/2026\/03\/juraj-kukura-vyznamne-tvare-regionu-oocrrs.png","contentUrl":"https:\/\/www.regionsaris.sk\/wp-content\/uploads\/2026\/03\/juraj-kukura-vyznamne-tvare-regionu-oocrrs.png","width":500,"height":500},{"@type":"BreadcrumbList","@id":"https:\/\/www.regionsaris.sk\/vyznamna-tvar\/juraj-kukura\/#breadcrumb","itemListElement":[{"@type":"ListItem","position":1,"name":"Domov","item":"https:\/\/www.regionsaris.sk\/"},{"@type":"ListItem","position":2,"name":"V\u00fdznamn\u00e9 tv\u00e1re regi\u00f3nu","item":"https:\/\/www.regionsaris.sk\/vyznamne-tvare-regionu\/"},{"@type":"ListItem","position":3,"name":"Juraj Kukura"}]},{"@type":"WebSite","@id":"https:\/\/www.regionsaris.sk\/#website","url":"https:\/\/www.regionsaris.sk\/","name":"OOCR \u0160ari\u0161","description":"","potentialAction":[{"@type":"SearchAction","target":{"@type":"EntryPoint","urlTemplate":"https:\/\/www.regionsaris.sk\/?s={search_term_string}"},"query-input":{"@type":"PropertyValueSpecification","valueRequired":true,"valueName":"search_term_string"}}],"inLanguage":"es"}]}},"_links":{"self":[{"href":"https:\/\/www.regionsaris.sk\/es\/wp-json\/wp\/v2\/vyznamna-tvar\/4162","targetHints":{"allow":["GET"]}}],"collection":[{"href":"https:\/\/www.regionsaris.sk\/es\/wp-json\/wp\/v2\/vyznamna-tvar"}],"about":[{"href":"https:\/\/www.regionsaris.sk\/es\/wp-json\/wp\/v2\/types\/vyznamna-tvar"}],"wp:featuredmedia":[{"embeddable":true,"href":"https:\/\/www.regionsaris.sk\/es\/wp-json\/wp\/v2\/media\/4239"}],"wp:attachment":[{"href":"https:\/\/www.regionsaris.sk\/es\/wp-json\/wp\/v2\/media?parent=4162"}],"wp:term":[{"taxonomy":"kategoria-vyznamnych-tvari","embeddable":true,"href":"https:\/\/www.regionsaris.sk\/es\/wp-json\/wp\/v2\/kategoria-vyznamnych-tvari?post=4162"},{"taxonomy":"oblast-posobenia","embeddable":true,"href":"https:\/\/www.regionsaris.sk\/es\/wp-json\/wp\/v2\/oblast-posobenia?post=4162"}],"curies":[{"name":"wp","href":"https:\/\/api.w.org\/{rel}","templated":true}]}}