{"id":4136,"date":"2026-03-22T16:39:27","date_gmt":"2026-03-22T15:39:27","guid":{"rendered":"https:\/\/www.regionsaris.sk\/?post_type=vyznamna-tvar&#038;p=4136"},"modified":"2026-04-01T10:03:13","modified_gmt":"2026-04-01T09:03:13","slug":"pavol-szinyei-merse","status":"publish","type":"vyznamna-tvar","link":"https:\/\/www.regionsaris.sk\/es\/vyznamna-tvar\/pavol-szinyei-merse\/","title":{"rendered":"Pavol Szinyei Merse"},"content":{"rendered":"<p>Una de las personalidades m\u00e1s importantes que trabajaron en nuestros alrededores fue el pintor Pavol Szinyei Merse, que naci\u00f3 el 4 de julio de 1845 en Chminiansk\u00e1 Nov\u00e1 Ves como el tercero de ocho hermanos de una familia noble.&nbsp;<\/p>\n\n\n\n<p>Su madre Val\u00e9ria, nacida Jekelfalussy, ya ten\u00eda una gran formaci\u00f3n art\u00edstica y as\u00ed se lo inculc\u00f3 a su hijo desde peque\u00f1o. Se form\u00f3 art\u00edsticamente estudiando en la Academia de Bellas Artes de M\u00fanich. Su obra m\u00e1s importante, \u201eDesayuno en la naturaleza\u201c, fue malinterpretada por sus contempor\u00e1neos y provoc\u00f3 un esc\u00e1ndalo. La ofreci\u00f3 gratuitamente al Museo Nacional de Budapest, que la rechaz\u00f3. Por ello, Merse se retir\u00f3 a la reclusi\u00f3n y dej\u00f3 de pintar durante un tiempo. Vivi\u00f3 la vida de un noble h\u00fangaro, ocupando un esca\u00f1o en el Parlamento h\u00fangaro, donde trabaj\u00f3 para modernizar la educaci\u00f3n. Con breves interrupciones, vivi\u00f3 toda su vida en una gran finca en Jarovnice, en \u0160ari\u0161.<\/p>\n\n\n\n<p>El b\u00e1lsamo para su trauma psicol\u00f3gico por la incomprensi\u00f3n de su obra fue la compa\u00f1\u00eda de su esposa \u017dofie Probstner. Sin embargo, ella acab\u00f3 abandon\u00e1ndole por amor con Imrich Ghil\u00e1nyi, que se la llev\u00f3 a la mansi\u00f3n de Fri\u010dovce.<\/p>\n\n\n\n<p>El tema dominante de su obra era la naturaleza y la gente de nuestra regi\u00f3n. Sin embargo, le resultaba muy dif\u00edcil conseguir modelos para pintar, porque entre los aldeanos exist\u00eda la superstici\u00f3n de que quien pintara morir\u00eda pronto. Tuvo \u00e9xito en Par\u00eds, M\u00fanich y Berl\u00edn, y sus amigos le convencieron para que volviera a exponer Desayuno en Budapest, donde el p\u00fablico lo recibi\u00f3 con entusiasmo. En 1905 fue nombrado director de la Escuela Superior de Bellas Artes de Budapest. Adem\u00e1s de sus cuadros de paisajes, Szinyei pint\u00f3 tambi\u00e9n el retablo de San Juan el Ermita\u00f1o que se encuentra en la iglesia de Jarovnice y su \u00fanico autorretrato de un campesino con abrigo de piel, cuya \u00fanica copia cuelga en la casa solariega de Fri\u010dovce. El autor de este cuadro es el pintor acad\u00e9mico \u0160tefan Filep. El original adorna una de las salas de la Galer\u00eda de los Uffizi de Florencia.&nbsp;<\/p>\n\n\n\n<p>Paul Szinyei Merse fallece el 20 de febrero de 1920 en brazos de su hija en Jarovnice. Su ex esposa \u017dofia vivi\u00f3 hasta los 101 a\u00f1os.<\/p>\n\n\n\n<p><strong>Fuente: <\/strong>https:\/\/ovcie.info\/2014\/08\/18\/pavol-szinyei-merse\/<br><strong>Fuente fotogr\u00e1fica<\/strong>CC BY-SA 2.0, https:\/\/commons.wikimedia.org\/w\/index.php?curid=223899<\/p>\n\n\n\n<p><\/p>","protected":false},"featured_media":4265,"template":"","meta":{"_acf_changed":true},"kategoria-vyznamnych-tvari":[230],"oblast-posobenia":[255,253],"class_list":["post-4136","vyznamna-tvar","type-vyznamna-tvar","status-publish","has-post-thumbnail","hentry","kategoria-vyznamnych-tvari-historicka-osobnost","oblast-posobenia-maliarstvo","oblast-posobenia-vytvarne-umenie"],"acf":[],"yoast_head":"<!-- This site is optimized with the Yoast SEO Premium plugin v26.3 (Yoast SEO v26.8) - https:\/\/yoast.com\/product\/yoast-seo-premium-wordpress\/ -->\n<title>Pavol Szinyei Merse - OOCR \u0160ari\u0161<\/title>\n<meta name=\"description\" content=\"Pavol Szinyei Merse - maliar svetovej \u00farovne z regi\u00f3nu \u0160ari\u0161. P\u00f4sobil preva\u017ene na v\u00fdchodnom Slovensku, no jeho obrazy pozn\u00e1 cel\u00fd svet.\" \/>\n<meta name=\"robots\" content=\"index, follow, max-snippet:-1, max-image-preview:large, max-video-preview:-1\" \/>\n<link rel=\"canonical\" href=\"https:\/\/www.regionsaris.sk\/es\/vyznamna-tvar\/pavol-szinyei-merse\/\" \/>\n<meta property=\"og:locale\" content=\"es_ES\" \/>\n<meta property=\"og:type\" content=\"article\" \/>\n<meta property=\"og:title\" content=\"Pavol Szinyei Merse\" \/>\n<meta property=\"og:description\" content=\"Pavol Szinyei Merse - maliar svetovej \u00farovne z regi\u00f3nu \u0160ari\u0161. P\u00f4sobil preva\u017ene na v\u00fdchodnom Slovensku, no jeho obrazy pozn\u00e1 cel\u00fd svet.\" \/>\n<meta property=\"og:url\" content=\"https:\/\/www.regionsaris.sk\/es\/vyznamna-tvar\/pavol-szinyei-merse\/\" \/>\n<meta property=\"og:site_name\" content=\"OOCR \u0160ari\u0161\" \/>\n<meta property=\"article:modified_time\" content=\"2026-04-01T09:03:13+00:00\" \/>\n<meta property=\"og:image\" content=\"https:\/\/www.regionsaris.sk\/wp-content\/uploads\/2026\/03\/pavol-szinyei-merse-vyznamne-tvare-regionu-oocrrs.jpg\" \/>\n\t<meta property=\"og:image:width\" content=\"500\" \/>\n\t<meta property=\"og:image:height\" content=\"500\" \/>\n\t<meta property=\"og:image:type\" content=\"image\/jpeg\" \/>\n<meta name=\"twitter:card\" content=\"summary_large_image\" \/>\n<meta name=\"twitter:label1\" content=\"Tiempo de lectura\" \/>\n\t<meta name=\"twitter:data1\" content=\"2 minutos\" \/>\n<script type=\"application\/ld+json\" class=\"yoast-schema-graph\">{\"@context\":\"https:\/\/schema.org\",\"@graph\":[{\"@type\":\"WebPage\",\"@id\":\"https:\/\/www.regionsaris.sk\/vyznamna-tvar\/pavol-szinyei-merse\/\",\"url\":\"https:\/\/www.regionsaris.sk\/vyznamna-tvar\/pavol-szinyei-merse\/\",\"name\":\"Pavol Szinyei Merse - OOCR \u0160ari\u0161\",\"isPartOf\":{\"@id\":\"https:\/\/www.regionsaris.sk\/#website\"},\"primaryImageOfPage\":{\"@id\":\"https:\/\/www.regionsaris.sk\/vyznamna-tvar\/pavol-szinyei-merse\/#primaryimage\"},\"image\":{\"@id\":\"https:\/\/www.regionsaris.sk\/vyznamna-tvar\/pavol-szinyei-merse\/#primaryimage\"},\"thumbnailUrl\":\"https:\/\/www.regionsaris.sk\/wp-content\/uploads\/2026\/03\/pavol-szinyei-merse-vyznamne-tvare-regionu-oocrrs.jpg\",\"datePublished\":\"2026-03-22T15:39:27+00:00\",\"dateModified\":\"2026-04-01T09:03:13+00:00\",\"description\":\"Pavol Szinyei Merse - maliar svetovej \u00farovne z regi\u00f3nu \u0160ari\u0161. P\u00f4sobil preva\u017ene na v\u00fdchodnom Slovensku, no jeho obrazy pozn\u00e1 cel\u00fd svet.\",\"breadcrumb\":{\"@id\":\"https:\/\/www.regionsaris.sk\/vyznamna-tvar\/pavol-szinyei-merse\/#breadcrumb\"},\"inLanguage\":\"es\",\"potentialAction\":[{\"@type\":\"ReadAction\",\"target\":[\"https:\/\/www.regionsaris.sk\/vyznamna-tvar\/pavol-szinyei-merse\/\"]}]},{\"@type\":\"ImageObject\",\"inLanguage\":\"es\",\"@id\":\"https:\/\/www.regionsaris.sk\/vyznamna-tvar\/pavol-szinyei-merse\/#primaryimage\",\"url\":\"https:\/\/www.regionsaris.sk\/wp-content\/uploads\/2026\/03\/pavol-szinyei-merse-vyznamne-tvare-regionu-oocrrs.jpg\",\"contentUrl\":\"https:\/\/www.regionsaris.sk\/wp-content\/uploads\/2026\/03\/pavol-szinyei-merse-vyznamne-tvare-regionu-oocrrs.jpg\",\"width\":500,\"height\":500},{\"@type\":\"BreadcrumbList\",\"@id\":\"https:\/\/www.regionsaris.sk\/vyznamna-tvar\/pavol-szinyei-merse\/#breadcrumb\",\"itemListElement\":[{\"@type\":\"ListItem\",\"position\":1,\"name\":\"Domov\",\"item\":\"https:\/\/www.regionsaris.sk\/\"},{\"@type\":\"ListItem\",\"position\":2,\"name\":\"V\u00fdznamn\u00e9 tv\u00e1re regi\u00f3nu\",\"item\":\"https:\/\/www.regionsaris.sk\/vyznamne-tvare-regionu\/\"},{\"@type\":\"ListItem\",\"position\":3,\"name\":\"Pavol Szinyei Merse\"}]},{\"@type\":\"WebSite\",\"@id\":\"https:\/\/www.regionsaris.sk\/#website\",\"url\":\"https:\/\/www.regionsaris.sk\/\",\"name\":\"OOCR \u0160ari\u0161\",\"description\":\"\",\"potentialAction\":[{\"@type\":\"SearchAction\",\"target\":{\"@type\":\"EntryPoint\",\"urlTemplate\":\"https:\/\/www.regionsaris.sk\/?s={search_term_string}\"},\"query-input\":{\"@type\":\"PropertyValueSpecification\",\"valueRequired\":true,\"valueName\":\"search_term_string\"}}],\"inLanguage\":\"es\"}]}<\/script>\n<!-- \/ Yoast SEO Premium plugin. -->","yoast_head_json":{"title":"Pavol Szinyei Merse - OOCR \u0160ari\u0161","description":"Pavol Szinyei Merse - maliar svetovej \u00farovne z regi\u00f3nu \u0160ari\u0161. P\u00f4sobil preva\u017ene na v\u00fdchodnom Slovensku, no jeho obrazy pozn\u00e1 cel\u00fd svet.","robots":{"index":"index","follow":"follow","max-snippet":"max-snippet:-1","max-image-preview":"max-image-preview:large","max-video-preview":"max-video-preview:-1"},"canonical":"https:\/\/www.regionsaris.sk\/es\/vyznamna-tvar\/pavol-szinyei-merse\/","og_locale":"es_ES","og_type":"article","og_title":"Pavol Szinyei Merse","og_description":"Pavol Szinyei Merse - maliar svetovej \u00farovne z regi\u00f3nu \u0160ari\u0161. P\u00f4sobil preva\u017ene na v\u00fdchodnom Slovensku, no jeho obrazy pozn\u00e1 cel\u00fd svet.","og_url":"https:\/\/www.regionsaris.sk\/es\/vyznamna-tvar\/pavol-szinyei-merse\/","og_site_name":"OOCR \u0160ari\u0161","article_modified_time":"2026-04-01T09:03:13+00:00","og_image":[{"width":500,"height":500,"url":"https:\/\/www.regionsaris.sk\/wp-content\/uploads\/2026\/03\/pavol-szinyei-merse-vyznamne-tvare-regionu-oocrrs.jpg","type":"image\/jpeg"}],"twitter_card":"summary_large_image","twitter_misc":{"Tiempo de lectura":"2 minutos"},"schema":{"@context":"https:\/\/schema.org","@graph":[{"@type":"WebPage","@id":"https:\/\/www.regionsaris.sk\/vyznamna-tvar\/pavol-szinyei-merse\/","url":"https:\/\/www.regionsaris.sk\/vyznamna-tvar\/pavol-szinyei-merse\/","name":"Pavol Szinyei Merse - OOCR \u0160ari\u0161","isPartOf":{"@id":"https:\/\/www.regionsaris.sk\/#website"},"primaryImageOfPage":{"@id":"https:\/\/www.regionsaris.sk\/vyznamna-tvar\/pavol-szinyei-merse\/#primaryimage"},"image":{"@id":"https:\/\/www.regionsaris.sk\/vyznamna-tvar\/pavol-szinyei-merse\/#primaryimage"},"thumbnailUrl":"https:\/\/www.regionsaris.sk\/wp-content\/uploads\/2026\/03\/pavol-szinyei-merse-vyznamne-tvare-regionu-oocrrs.jpg","datePublished":"2026-03-22T15:39:27+00:00","dateModified":"2026-04-01T09:03:13+00:00","description":"Pavol Szinyei Merse - maliar svetovej \u00farovne z regi\u00f3nu \u0160ari\u0161. P\u00f4sobil preva\u017ene na v\u00fdchodnom Slovensku, no jeho obrazy pozn\u00e1 cel\u00fd svet.","breadcrumb":{"@id":"https:\/\/www.regionsaris.sk\/vyznamna-tvar\/pavol-szinyei-merse\/#breadcrumb"},"inLanguage":"es","potentialAction":[{"@type":"ReadAction","target":["https:\/\/www.regionsaris.sk\/vyznamna-tvar\/pavol-szinyei-merse\/"]}]},{"@type":"ImageObject","inLanguage":"es","@id":"https:\/\/www.regionsaris.sk\/vyznamna-tvar\/pavol-szinyei-merse\/#primaryimage","url":"https:\/\/www.regionsaris.sk\/wp-content\/uploads\/2026\/03\/pavol-szinyei-merse-vyznamne-tvare-regionu-oocrrs.jpg","contentUrl":"https:\/\/www.regionsaris.sk\/wp-content\/uploads\/2026\/03\/pavol-szinyei-merse-vyznamne-tvare-regionu-oocrrs.jpg","width":500,"height":500},{"@type":"BreadcrumbList","@id":"https:\/\/www.regionsaris.sk\/vyznamna-tvar\/pavol-szinyei-merse\/#breadcrumb","itemListElement":[{"@type":"ListItem","position":1,"name":"Domov","item":"https:\/\/www.regionsaris.sk\/"},{"@type":"ListItem","position":2,"name":"V\u00fdznamn\u00e9 tv\u00e1re regi\u00f3nu","item":"https:\/\/www.regionsaris.sk\/vyznamne-tvare-regionu\/"},{"@type":"ListItem","position":3,"name":"Pavol Szinyei Merse"}]},{"@type":"WebSite","@id":"https:\/\/www.regionsaris.sk\/#website","url":"https:\/\/www.regionsaris.sk\/","name":"OOCR \u0160ari\u0161","description":"","potentialAction":[{"@type":"SearchAction","target":{"@type":"EntryPoint","urlTemplate":"https:\/\/www.regionsaris.sk\/?s={search_term_string}"},"query-input":{"@type":"PropertyValueSpecification","valueRequired":true,"valueName":"search_term_string"}}],"inLanguage":"es"}]}},"_links":{"self":[{"href":"https:\/\/www.regionsaris.sk\/es\/wp-json\/wp\/v2\/vyznamna-tvar\/4136","targetHints":{"allow":["GET"]}}],"collection":[{"href":"https:\/\/www.regionsaris.sk\/es\/wp-json\/wp\/v2\/vyznamna-tvar"}],"about":[{"href":"https:\/\/www.regionsaris.sk\/es\/wp-json\/wp\/v2\/types\/vyznamna-tvar"}],"wp:featuredmedia":[{"embeddable":true,"href":"https:\/\/www.regionsaris.sk\/es\/wp-json\/wp\/v2\/media\/4265"}],"wp:attachment":[{"href":"https:\/\/www.regionsaris.sk\/es\/wp-json\/wp\/v2\/media?parent=4136"}],"wp:term":[{"taxonomy":"kategoria-vyznamnych-tvari","embeddable":true,"href":"https:\/\/www.regionsaris.sk\/es\/wp-json\/wp\/v2\/kategoria-vyznamnych-tvari?post=4136"},{"taxonomy":"oblast-posobenia","embeddable":true,"href":"https:\/\/www.regionsaris.sk\/es\/wp-json\/wp\/v2\/oblast-posobenia?post=4136"}],"curies":[{"name":"wp","href":"https:\/\/api.w.org\/{rel}","templated":true}]}}