{"id":4113,"date":"2026-03-22T11:35:25","date_gmt":"2026-03-22T10:35:25","guid":{"rendered":"https:\/\/www.regionsaris.sk\/?post_type=vyznamna-tvar&#038;p=4113"},"modified":"2026-04-01T10:19:40","modified_gmt":"2026-04-01T09:19:40","slug":"rudolf-dilong","status":"publish","type":"vyznamna-tvar","link":"https:\/\/www.regionsaris.sk\/es\/vyznamna-tvar\/rudolf-dilong\/","title":{"rendered":"Rudolf Dilong"},"content":{"rendered":"<p>Naci\u00f3 el 1 de agosto de 1905 en Trstena, Orava, donde se gradu\u00f3 en el gimnasio. Tras graduarse, se hizo monje de la Orden Franciscana y trabaj\u00f3 en monasterios de Kremnica, Hlohovec, Malacky y \u017dilina. Estudi\u00f3 teolog\u00eda cat\u00f3lica y se hizo sacerdote. Posteriormente, trabaj\u00f3 como profesor de religi\u00f3n de secundaria en varias ciudades, incluido un colegio evang\u00e9lico en Pre\u0161ov en la segunda mitad de la d\u00e9cada de 1930. Tras el estallido de la Segunda Guerra Mundial, se ofreci\u00f3 voluntario como conservador de campo en el Frente Oriental.&nbsp;<\/p>\n\n\n\n<p>De regreso del frente, en oto\u00f1o de 1944, pas\u00f3 cinco meses en el monasterio franciscano de Ni\u017en\u00e1 \u0160ebastov\u00e1, cerca de Pre\u0161ov. Despu\u00e9s de la guerra emigr\u00f3, primero a Roma y de all\u00ed a Argentina, donde desde 1947 fue sacerdote de los emigrantes eslovacos en Buenos Aires y dirigi\u00f3 la revista Slovensk\u00e9 zvesti (Noticias eslovacas). A partir de 1965 vivi\u00f3 en un monasterio de Pittsburgh (EE.UU.), donde fue redactor de las Cartas de San Francisco, pero tambi\u00e9n funcionario del Congreso Mundial de Eslovacos. En 1969 visit\u00f3 Eslovaquia con la intenci\u00f3n de quedarse, pero finalmente regres\u00f3 a EE UU. Muri\u00f3 en Pittsburgh el 7 de abril de 1986.<\/p>\n\n\n\n<p>Dilong es uno de los principales representantes del modernismo cat\u00f3lico eslovaco, cuya obra incluye m\u00e1s de cien poemarios. Su vida y su obra estuvieron marcadas por su amor \u201eprohibido\u201c por una mujer de origen jud\u00edo, Vali, en la \u00e9poca del antisemitismo. Se introdujo en la literatura como cofundador de la revista Postup. \u00a1En sus tres primeros poemarios, Future People, Gloriously on stilts, Breathe lazy! retrat\u00f3 el tema de la naturaleza y la vida campesina a trav\u00e9s de una visi\u00f3n r\u00fastica tradicional. En las colecciones Helena lleva un lirio y El joven novio se pueden identificar las influencias del poetismo checo. M\u00e1s tarde, golpeado por los horrores de la guerra, Dilong recurri\u00f3 en sus colecciones a los temas de la infancia y de su Orava natal, que ve\u00eda como una seguridad en tiempos de guerra.&nbsp;<\/p>\n\n\n\n<p>Su obra fue de car\u00e1cter espiritual meditativo, y su libro Yo, San Francisco se considera su culminaci\u00f3n. En el exilio public\u00f3 m\u00e1s de 70 colecciones. Una selecci\u00f3n de sus obras exiliadas se public\u00f3 despu\u00e9s de 1989 con el t\u00edtulo I, Rudolf Dilong, trovador, y da testimonio de su amarga situaci\u00f3n como proscrito y separado de su patria. Entre sus obras m\u00e1s recientes figura la obra en prosa inacabada Ru\u017ea Dagmar.&nbsp;<\/p>\n\n\n\n<p>En Pre\u0161ov hay una calle con su nombre.<\/p>\n\n\n\n<p><strong>Fuente: <\/strong>Biblioteca Regional P. O. Hviezdoslav en Pre\u0161ov; Microproyecto.<br><strong>Fuente de la foto: <\/strong>Autor Librer\u00eda eslovaca, Praga - The Pictures of Slovak Writers Serie, vol. 1 (The Pictures of Slovak Writers Series, Serie 1), Obras libres, https:\/\/commons.wikimedia.org\/w\/index.php?curid=10679310<\/p>\n\n\n\n<p><\/p>","protected":false},"featured_media":4268,"template":"","meta":{"_acf_changed":true},"kategoria-vyznamnych-tvari":[230],"oblast-posobenia":[233,231],"class_list":["post-4113","vyznamna-tvar","type-vyznamna-tvar","status-publish","has-post-thumbnail","hentry","kategoria-vyznamnych-tvari-historicka-osobnost","oblast-posobenia-literatura","oblast-posobenia-teologia"],"acf":[],"yoast_head":"<!-- This site is optimized with the Yoast SEO Premium plugin v26.3 (Yoast SEO v26.8) - https:\/\/yoast.com\/product\/yoast-seo-premium-wordpress\/ -->\n<title>Rudolf Dilong - OOCR \u0160ari\u0161<\/title>\n<meta name=\"description\" content=\"Rudolf Dilong ur\u010dit\u00fd \u010das p\u00f4sobil v Pre\u0161ove, no pres\u0165ahoval sa do Ameriky. Bol popredn\u00fdm predstavite\u013eom katol\u00edckej moderny.\" \/>\n<meta name=\"robots\" content=\"index, follow, max-snippet:-1, max-image-preview:large, max-video-preview:-1\" \/>\n<link rel=\"canonical\" href=\"https:\/\/www.regionsaris.sk\/es\/vyznamna-tvar\/rudolf-dilong\/\" \/>\n<meta property=\"og:locale\" content=\"es_ES\" \/>\n<meta property=\"og:type\" content=\"article\" \/>\n<meta property=\"og:title\" content=\"Rudolf Dilong\" \/>\n<meta property=\"og:description\" content=\"Rudolf Dilong ur\u010dit\u00fd \u010das p\u00f4sobil v Pre\u0161ove, no pres\u0165ahoval sa do Ameriky. Bol popredn\u00fdm predstavite\u013eom katol\u00edckej moderny.\" \/>\n<meta property=\"og:url\" content=\"https:\/\/www.regionsaris.sk\/es\/vyznamna-tvar\/rudolf-dilong\/\" \/>\n<meta property=\"og:site_name\" content=\"OOCR \u0160ari\u0161\" \/>\n<meta property=\"article:modified_time\" content=\"2026-04-01T09:19:40+00:00\" \/>\n<meta property=\"og:image\" content=\"https:\/\/www.regionsaris.sk\/wp-content\/uploads\/2026\/03\/rudolf-dilong-vyznamne-tvare-regionu-oocrrs.jpg\" \/>\n\t<meta property=\"og:image:width\" content=\"500\" \/>\n\t<meta property=\"og:image:height\" content=\"500\" \/>\n\t<meta property=\"og:image:type\" content=\"image\/jpeg\" \/>\n<meta name=\"twitter:card\" content=\"summary_large_image\" \/>\n<meta name=\"twitter:label1\" content=\"Tiempo de lectura\" \/>\n\t<meta name=\"twitter:data1\" content=\"3 minutos\" \/>\n<script type=\"application\/ld+json\" class=\"yoast-schema-graph\">{\"@context\":\"https:\/\/schema.org\",\"@graph\":[{\"@type\":\"WebPage\",\"@id\":\"https:\/\/www.regionsaris.sk\/vyznamna-tvar\/rudolf-dilong\/\",\"url\":\"https:\/\/www.regionsaris.sk\/vyznamna-tvar\/rudolf-dilong\/\",\"name\":\"Rudolf Dilong - OOCR \u0160ari\u0161\",\"isPartOf\":{\"@id\":\"https:\/\/www.regionsaris.sk\/#website\"},\"primaryImageOfPage\":{\"@id\":\"https:\/\/www.regionsaris.sk\/vyznamna-tvar\/rudolf-dilong\/#primaryimage\"},\"image\":{\"@id\":\"https:\/\/www.regionsaris.sk\/vyznamna-tvar\/rudolf-dilong\/#primaryimage\"},\"thumbnailUrl\":\"https:\/\/www.regionsaris.sk\/wp-content\/uploads\/2026\/03\/rudolf-dilong-vyznamne-tvare-regionu-oocrrs.jpg\",\"datePublished\":\"2026-03-22T10:35:25+00:00\",\"dateModified\":\"2026-04-01T09:19:40+00:00\",\"description\":\"Rudolf Dilong ur\u010dit\u00fd \u010das p\u00f4sobil v Pre\u0161ove, no pres\u0165ahoval sa do Ameriky. Bol popredn\u00fdm predstavite\u013eom katol\u00edckej moderny.\",\"breadcrumb\":{\"@id\":\"https:\/\/www.regionsaris.sk\/vyznamna-tvar\/rudolf-dilong\/#breadcrumb\"},\"inLanguage\":\"es\",\"potentialAction\":[{\"@type\":\"ReadAction\",\"target\":[\"https:\/\/www.regionsaris.sk\/vyznamna-tvar\/rudolf-dilong\/\"]}]},{\"@type\":\"ImageObject\",\"inLanguage\":\"es\",\"@id\":\"https:\/\/www.regionsaris.sk\/vyznamna-tvar\/rudolf-dilong\/#primaryimage\",\"url\":\"https:\/\/www.regionsaris.sk\/wp-content\/uploads\/2026\/03\/rudolf-dilong-vyznamne-tvare-regionu-oocrrs.jpg\",\"contentUrl\":\"https:\/\/www.regionsaris.sk\/wp-content\/uploads\/2026\/03\/rudolf-dilong-vyznamne-tvare-regionu-oocrrs.jpg\",\"width\":500,\"height\":500},{\"@type\":\"BreadcrumbList\",\"@id\":\"https:\/\/www.regionsaris.sk\/vyznamna-tvar\/rudolf-dilong\/#breadcrumb\",\"itemListElement\":[{\"@type\":\"ListItem\",\"position\":1,\"name\":\"Domov\",\"item\":\"https:\/\/www.regionsaris.sk\/\"},{\"@type\":\"ListItem\",\"position\":2,\"name\":\"V\u00fdznamn\u00e9 tv\u00e1re regi\u00f3nu\",\"item\":\"https:\/\/www.regionsaris.sk\/vyznamne-tvare-regionu\/\"},{\"@type\":\"ListItem\",\"position\":3,\"name\":\"Rudolf Dilong\"}]},{\"@type\":\"WebSite\",\"@id\":\"https:\/\/www.regionsaris.sk\/#website\",\"url\":\"https:\/\/www.regionsaris.sk\/\",\"name\":\"OOCR \u0160ari\u0161\",\"description\":\"\",\"potentialAction\":[{\"@type\":\"SearchAction\",\"target\":{\"@type\":\"EntryPoint\",\"urlTemplate\":\"https:\/\/www.regionsaris.sk\/?s={search_term_string}\"},\"query-input\":{\"@type\":\"PropertyValueSpecification\",\"valueRequired\":true,\"valueName\":\"search_term_string\"}}],\"inLanguage\":\"es\"}]}<\/script>\n<!-- \/ Yoast SEO Premium plugin. -->","yoast_head_json":{"title":"Rudolf Dilong - OOCR \u0160ari\u0161","description":"Rudolf Dilong ur\u010dit\u00fd \u010das p\u00f4sobil v Pre\u0161ove, no pres\u0165ahoval sa do Ameriky. Bol popredn\u00fdm predstavite\u013eom katol\u00edckej moderny.","robots":{"index":"index","follow":"follow","max-snippet":"max-snippet:-1","max-image-preview":"max-image-preview:large","max-video-preview":"max-video-preview:-1"},"canonical":"https:\/\/www.regionsaris.sk\/es\/vyznamna-tvar\/rudolf-dilong\/","og_locale":"es_ES","og_type":"article","og_title":"Rudolf Dilong","og_description":"Rudolf Dilong ur\u010dit\u00fd \u010das p\u00f4sobil v Pre\u0161ove, no pres\u0165ahoval sa do Ameriky. Bol popredn\u00fdm predstavite\u013eom katol\u00edckej moderny.","og_url":"https:\/\/www.regionsaris.sk\/es\/vyznamna-tvar\/rudolf-dilong\/","og_site_name":"OOCR \u0160ari\u0161","article_modified_time":"2026-04-01T09:19:40+00:00","og_image":[{"width":500,"height":500,"url":"https:\/\/www.regionsaris.sk\/wp-content\/uploads\/2026\/03\/rudolf-dilong-vyznamne-tvare-regionu-oocrrs.jpg","type":"image\/jpeg"}],"twitter_card":"summary_large_image","twitter_misc":{"Tiempo de lectura":"3 minutos"},"schema":{"@context":"https:\/\/schema.org","@graph":[{"@type":"WebPage","@id":"https:\/\/www.regionsaris.sk\/vyznamna-tvar\/rudolf-dilong\/","url":"https:\/\/www.regionsaris.sk\/vyznamna-tvar\/rudolf-dilong\/","name":"Rudolf Dilong - OOCR \u0160ari\u0161","isPartOf":{"@id":"https:\/\/www.regionsaris.sk\/#website"},"primaryImageOfPage":{"@id":"https:\/\/www.regionsaris.sk\/vyznamna-tvar\/rudolf-dilong\/#primaryimage"},"image":{"@id":"https:\/\/www.regionsaris.sk\/vyznamna-tvar\/rudolf-dilong\/#primaryimage"},"thumbnailUrl":"https:\/\/www.regionsaris.sk\/wp-content\/uploads\/2026\/03\/rudolf-dilong-vyznamne-tvare-regionu-oocrrs.jpg","datePublished":"2026-03-22T10:35:25+00:00","dateModified":"2026-04-01T09:19:40+00:00","description":"Rudolf Dilong ur\u010dit\u00fd \u010das p\u00f4sobil v Pre\u0161ove, no pres\u0165ahoval sa do Ameriky. Bol popredn\u00fdm predstavite\u013eom katol\u00edckej moderny.","breadcrumb":{"@id":"https:\/\/www.regionsaris.sk\/vyznamna-tvar\/rudolf-dilong\/#breadcrumb"},"inLanguage":"es","potentialAction":[{"@type":"ReadAction","target":["https:\/\/www.regionsaris.sk\/vyznamna-tvar\/rudolf-dilong\/"]}]},{"@type":"ImageObject","inLanguage":"es","@id":"https:\/\/www.regionsaris.sk\/vyznamna-tvar\/rudolf-dilong\/#primaryimage","url":"https:\/\/www.regionsaris.sk\/wp-content\/uploads\/2026\/03\/rudolf-dilong-vyznamne-tvare-regionu-oocrrs.jpg","contentUrl":"https:\/\/www.regionsaris.sk\/wp-content\/uploads\/2026\/03\/rudolf-dilong-vyznamne-tvare-regionu-oocrrs.jpg","width":500,"height":500},{"@type":"BreadcrumbList","@id":"https:\/\/www.regionsaris.sk\/vyznamna-tvar\/rudolf-dilong\/#breadcrumb","itemListElement":[{"@type":"ListItem","position":1,"name":"Domov","item":"https:\/\/www.regionsaris.sk\/"},{"@type":"ListItem","position":2,"name":"V\u00fdznamn\u00e9 tv\u00e1re regi\u00f3nu","item":"https:\/\/www.regionsaris.sk\/vyznamne-tvare-regionu\/"},{"@type":"ListItem","position":3,"name":"Rudolf Dilong"}]},{"@type":"WebSite","@id":"https:\/\/www.regionsaris.sk\/#website","url":"https:\/\/www.regionsaris.sk\/","name":"OOCR \u0160ari\u0161","description":"","potentialAction":[{"@type":"SearchAction","target":{"@type":"EntryPoint","urlTemplate":"https:\/\/www.regionsaris.sk\/?s={search_term_string}"},"query-input":{"@type":"PropertyValueSpecification","valueRequired":true,"valueName":"search_term_string"}}],"inLanguage":"es"}]}},"_links":{"self":[{"href":"https:\/\/www.regionsaris.sk\/es\/wp-json\/wp\/v2\/vyznamna-tvar\/4113","targetHints":{"allow":["GET"]}}],"collection":[{"href":"https:\/\/www.regionsaris.sk\/es\/wp-json\/wp\/v2\/vyznamna-tvar"}],"about":[{"href":"https:\/\/www.regionsaris.sk\/es\/wp-json\/wp\/v2\/types\/vyznamna-tvar"}],"wp:featuredmedia":[{"embeddable":true,"href":"https:\/\/www.regionsaris.sk\/es\/wp-json\/wp\/v2\/media\/4268"}],"wp:attachment":[{"href":"https:\/\/www.regionsaris.sk\/es\/wp-json\/wp\/v2\/media?parent=4113"}],"wp:term":[{"taxonomy":"kategoria-vyznamnych-tvari","embeddable":true,"href":"https:\/\/www.regionsaris.sk\/es\/wp-json\/wp\/v2\/kategoria-vyznamnych-tvari?post=4113"},{"taxonomy":"oblast-posobenia","embeddable":true,"href":"https:\/\/www.regionsaris.sk\/es\/wp-json\/wp\/v2\/oblast-posobenia?post=4113"}],"curies":[{"name":"wp","href":"https:\/\/api.w.org\/{rel}","templated":true}]}}