{"id":4105,"date":"2026-03-22T11:05:40","date_gmt":"2026-03-22T10:05:40","guid":{"rendered":"https:\/\/www.regionsaris.sk\/?post_type=vyznamna-tvar&#038;p=4105"},"modified":"2026-04-01T10:41:16","modified_gmt":"2026-04-01T09:41:16","slug":"jan-jesensky","status":"publish","type":"vyznamna-tvar","link":"https:\/\/www.regionsaris.sk\/es\/vyznamna-tvar\/jan-jesensky\/","title":{"rendered":"J\u00e1n Jesensk\u00fd"},"content":{"rendered":"<p>Naci\u00f3 el 30 de diciembre de 1874 en Martin. Tras cursar el bachillerato en Ke\u017emarok, se licenci\u00f3 en Derecho en el Colegio Evang\u00e9lico de Pre\u0161ov (1893 - 1896). Se doctor\u00f3 en Derecho en Cluj (Ruman\u00eda) y aprob\u00f3 el examen de abogado en 1905 en Budapest. Trabaj\u00f3 como abogado en B\u00e1novce nad Bebravou.&nbsp;<\/p>\n\n\n\n<p>Tras el estallido de la Primera Guerra Mundial estuvo en el frente ruso, donde se alist\u00f3 en las legiones checoslovacas. En 1922 fue alcalde de Rimavsk\u00e1 Sobota y luego gran alcalde de Nitra. A partir de 1929 fue consejero del gobierno en Bratislava y m\u00e1s tarde vicepresidente de la Oficina Regional. De 1930 a 1939 fue vicepresidente de la Asociaci\u00f3n de Escritores Eslovacos y desde 1933 redactor jefe de la revista Slovensk\u00e9 smery umeleck\u00e9 a kritick\u00e9 (Direcciones eslovacas de arte y cr\u00edtica). En noviembre de 1945 fue el primer eslovaco en recibir el t\u00edtulo de artista nacional. Muri\u00f3 el 27 de diciembre de 1945 en Bratislava.<\/p>\n\n\n\n<p>Comenz\u00f3 a dedicarse a la literatura durante sus estudios en Ke\u017emarok. Fue poeta y prosista. Durante su estancia en Pre\u0161ov escribi\u00f3 60 poemas, entre otros Na shohu Torysy, Na rumoch \u0160ari\u0161a, Na Kapu\u0161ianskom hrade, y dos obras de teatro hilarantes, Besos de lucha y Trabajos de medicina. M\u00e1s tarde escribi\u00f3 tambi\u00e9n la novela Karol Ketzer. En poes\u00eda abord\u00f3 temas de emoci\u00f3n amorosa vivida personalmente y public\u00f3 varias colecciones de Versos.&nbsp;<\/p>\n\n\n\n<p>Como poeta de tipo intelectual, tambi\u00e9n respondi\u00f3 a cuestiones sociales en sus colecciones Nuestro h\u00e9roe, D\u00edas negros y Sobre la maldad del d\u00eda. En su obra en prosa, comenz\u00f3 con relatos anecd\u00f3ticos sat\u00edricos y humor\u00edsticos de ambiente pueblerino, que public\u00f3 bajo el t\u00edtulo Cuentos pueblerinos. La culminaci\u00f3n de la obra en prosa de Jesensk\u00fd es la extensa novela Los dem\u00f3cratas, en la que plasm\u00f3 su experiencia de toda una vida de compromiso p\u00fablico en la esfera pol\u00edtico-administrativa. Sus obras se han publicado en varios idiomas y algunas han sido objeto de adaptaciones cinematogr\u00e1ficas y televisivas. Tambi\u00e9n ha traducido poes\u00eda rusa de Pushkin, Yesenin y Blok, y escrito periodismo literario y cultural. Su obra le ha convertido en un importante representante de la literatura eslovaca moderna.<\/p>\n\n\n\n<p>La estancia de Jesensky en Pre\u0161ov se recuerda con una placa conmemorativa en el Colegio Evang\u00e9lico y en una de las calles.<\/p>\n\n\n\n<p><strong>Fuente: <\/strong>Biblioteca Regional P. O. Hviezdoslav en Pre\u0161ov; Microproyecto.<br><strong>Fuente de la foto:<\/strong> Autor Librer\u00eda eslovaca, Praga - The Pictures of Slovak Writers Serie, vol. 1 (The Pictures of Slovak Writers Series, Serie 1), Trabajo libre, https:\/\/commons.wikimedia.org\/w\/index.php?curid=10680412<\/p>\n\n\n\n<p><\/p>","protected":false},"featured_media":4271,"template":"","meta":{"_acf_changed":true},"kategoria-vyznamnych-tvari":[230],"oblast-posobenia":[233,250],"class_list":["post-4105","vyznamna-tvar","type-vyznamna-tvar","status-publish","has-post-thumbnail","hentry","kategoria-vyznamnych-tvari-historicka-osobnost","oblast-posobenia-literatura","oblast-posobenia-pravo"],"acf":[],"yoast_head":"<!-- This site is optimized with the Yoast SEO Premium plugin v26.3 (Yoast SEO v26.8) - https:\/\/yoast.com\/product\/yoast-seo-premium-wordpress\/ -->\n<title>J\u00e1n Jesensk\u00fd - OOCR \u0160ari\u0161<\/title>\n<meta name=\"description\" content=\"J\u00e1n Jesensk\u00fd bol v\u00fdznamn\u00fdm predstavite\u013eom liter\u00e1rnej tvorby. Z\u00e1rove\u0148 bol vy\u0161tudovan\u00fdm pr\u00e1vnikom a bol na fronte p\u00fao\u010das 1. svetovej vojny.\" \/>\n<meta name=\"robots\" content=\"index, follow, max-snippet:-1, max-image-preview:large, max-video-preview:-1\" \/>\n<link rel=\"canonical\" href=\"https:\/\/www.regionsaris.sk\/es\/vyznamna-tvar\/jan-jesensky\/\" \/>\n<meta property=\"og:locale\" content=\"es_ES\" \/>\n<meta property=\"og:type\" content=\"article\" \/>\n<meta property=\"og:title\" content=\"J\u00e1n Jesensk\u00fd\" \/>\n<meta property=\"og:description\" content=\"J\u00e1n Jesensk\u00fd bol v\u00fdznamn\u00fdm predstavite\u013eom liter\u00e1rnej tvorby. Z\u00e1rove\u0148 bol vy\u0161tudovan\u00fdm pr\u00e1vnikom a bol na fronte p\u00fao\u010das 1. svetovej vojny.\" \/>\n<meta property=\"og:url\" content=\"https:\/\/www.regionsaris.sk\/es\/vyznamna-tvar\/jan-jesensky\/\" \/>\n<meta property=\"og:site_name\" content=\"OOCR \u0160ari\u0161\" \/>\n<meta property=\"article:modified_time\" content=\"2026-04-01T09:41:16+00:00\" \/>\n<meta property=\"og:image\" content=\"https:\/\/www.regionsaris.sk\/wp-content\/uploads\/2026\/03\/jan-jesensky-vyznamne-tvare-regionu-oocrrs.jpg\" \/>\n\t<meta property=\"og:image:width\" content=\"500\" \/>\n\t<meta property=\"og:image:height\" content=\"500\" \/>\n\t<meta property=\"og:image:type\" content=\"image\/jpeg\" \/>\n<meta name=\"twitter:card\" content=\"summary_large_image\" \/>\n<meta name=\"twitter:label1\" content=\"Tiempo de lectura\" \/>\n\t<meta name=\"twitter:data1\" content=\"3 minutos\" \/>\n<script type=\"application\/ld+json\" class=\"yoast-schema-graph\">{\"@context\":\"https:\/\/schema.org\",\"@graph\":[{\"@type\":\"WebPage\",\"@id\":\"https:\/\/www.regionsaris.sk\/vyznamna-tvar\/jan-jesensky\/\",\"url\":\"https:\/\/www.regionsaris.sk\/vyznamna-tvar\/jan-jesensky\/\",\"name\":\"J\u00e1n Jesensk\u00fd - OOCR \u0160ari\u0161\",\"isPartOf\":{\"@id\":\"https:\/\/www.regionsaris.sk\/#website\"},\"primaryImageOfPage\":{\"@id\":\"https:\/\/www.regionsaris.sk\/vyznamna-tvar\/jan-jesensky\/#primaryimage\"},\"image\":{\"@id\":\"https:\/\/www.regionsaris.sk\/vyznamna-tvar\/jan-jesensky\/#primaryimage\"},\"thumbnailUrl\":\"https:\/\/www.regionsaris.sk\/wp-content\/uploads\/2026\/03\/jan-jesensky-vyznamne-tvare-regionu-oocrrs.jpg\",\"datePublished\":\"2026-03-22T10:05:40+00:00\",\"dateModified\":\"2026-04-01T09:41:16+00:00\",\"description\":\"J\u00e1n Jesensk\u00fd bol v\u00fdznamn\u00fdm predstavite\u013eom liter\u00e1rnej tvorby. Z\u00e1rove\u0148 bol vy\u0161tudovan\u00fdm pr\u00e1vnikom a bol na fronte p\u00fao\u010das 1. svetovej vojny.\",\"breadcrumb\":{\"@id\":\"https:\/\/www.regionsaris.sk\/vyznamna-tvar\/jan-jesensky\/#breadcrumb\"},\"inLanguage\":\"es\",\"potentialAction\":[{\"@type\":\"ReadAction\",\"target\":[\"https:\/\/www.regionsaris.sk\/vyznamna-tvar\/jan-jesensky\/\"]}]},{\"@type\":\"ImageObject\",\"inLanguage\":\"es\",\"@id\":\"https:\/\/www.regionsaris.sk\/vyznamna-tvar\/jan-jesensky\/#primaryimage\",\"url\":\"https:\/\/www.regionsaris.sk\/wp-content\/uploads\/2026\/03\/jan-jesensky-vyznamne-tvare-regionu-oocrrs.jpg\",\"contentUrl\":\"https:\/\/www.regionsaris.sk\/wp-content\/uploads\/2026\/03\/jan-jesensky-vyznamne-tvare-regionu-oocrrs.jpg\",\"width\":500,\"height\":500},{\"@type\":\"BreadcrumbList\",\"@id\":\"https:\/\/www.regionsaris.sk\/vyznamna-tvar\/jan-jesensky\/#breadcrumb\",\"itemListElement\":[{\"@type\":\"ListItem\",\"position\":1,\"name\":\"Domov\",\"item\":\"https:\/\/www.regionsaris.sk\/\"},{\"@type\":\"ListItem\",\"position\":2,\"name\":\"V\u00fdznamn\u00e9 tv\u00e1re regi\u00f3nu\",\"item\":\"https:\/\/www.regionsaris.sk\/vyznamne-tvare-regionu\/\"},{\"@type\":\"ListItem\",\"position\":3,\"name\":\"J\u00e1n Jesensk\u00fd\"}]},{\"@type\":\"WebSite\",\"@id\":\"https:\/\/www.regionsaris.sk\/#website\",\"url\":\"https:\/\/www.regionsaris.sk\/\",\"name\":\"OOCR \u0160ari\u0161\",\"description\":\"\",\"potentialAction\":[{\"@type\":\"SearchAction\",\"target\":{\"@type\":\"EntryPoint\",\"urlTemplate\":\"https:\/\/www.regionsaris.sk\/?s={search_term_string}\"},\"query-input\":{\"@type\":\"PropertyValueSpecification\",\"valueRequired\":true,\"valueName\":\"search_term_string\"}}],\"inLanguage\":\"es\"}]}<\/script>\n<!-- \/ Yoast SEO Premium plugin. -->","yoast_head_json":{"title":"J\u00e1n Jesensk\u00fd - OOCR \u0160ari\u0161","description":"J\u00e1n Jesensk\u00fd bol v\u00fdznamn\u00fdm predstavite\u013eom liter\u00e1rnej tvorby. Z\u00e1rove\u0148 bol vy\u0161tudovan\u00fdm pr\u00e1vnikom a bol na fronte p\u00fao\u010das 1. svetovej vojny.","robots":{"index":"index","follow":"follow","max-snippet":"max-snippet:-1","max-image-preview":"max-image-preview:large","max-video-preview":"max-video-preview:-1"},"canonical":"https:\/\/www.regionsaris.sk\/es\/vyznamna-tvar\/jan-jesensky\/","og_locale":"es_ES","og_type":"article","og_title":"J\u00e1n Jesensk\u00fd","og_description":"J\u00e1n Jesensk\u00fd bol v\u00fdznamn\u00fdm predstavite\u013eom liter\u00e1rnej tvorby. Z\u00e1rove\u0148 bol vy\u0161tudovan\u00fdm pr\u00e1vnikom a bol na fronte p\u00fao\u010das 1. svetovej vojny.","og_url":"https:\/\/www.regionsaris.sk\/es\/vyznamna-tvar\/jan-jesensky\/","og_site_name":"OOCR \u0160ari\u0161","article_modified_time":"2026-04-01T09:41:16+00:00","og_image":[{"width":500,"height":500,"url":"https:\/\/www.regionsaris.sk\/wp-content\/uploads\/2026\/03\/jan-jesensky-vyznamne-tvare-regionu-oocrrs.jpg","type":"image\/jpeg"}],"twitter_card":"summary_large_image","twitter_misc":{"Tiempo de lectura":"3 minutos"},"schema":{"@context":"https:\/\/schema.org","@graph":[{"@type":"WebPage","@id":"https:\/\/www.regionsaris.sk\/vyznamna-tvar\/jan-jesensky\/","url":"https:\/\/www.regionsaris.sk\/vyznamna-tvar\/jan-jesensky\/","name":"J\u00e1n Jesensk\u00fd - OOCR \u0160ari\u0161","isPartOf":{"@id":"https:\/\/www.regionsaris.sk\/#website"},"primaryImageOfPage":{"@id":"https:\/\/www.regionsaris.sk\/vyznamna-tvar\/jan-jesensky\/#primaryimage"},"image":{"@id":"https:\/\/www.regionsaris.sk\/vyznamna-tvar\/jan-jesensky\/#primaryimage"},"thumbnailUrl":"https:\/\/www.regionsaris.sk\/wp-content\/uploads\/2026\/03\/jan-jesensky-vyznamne-tvare-regionu-oocrrs.jpg","datePublished":"2026-03-22T10:05:40+00:00","dateModified":"2026-04-01T09:41:16+00:00","description":"J\u00e1n Jesensk\u00fd bol v\u00fdznamn\u00fdm predstavite\u013eom liter\u00e1rnej tvorby. Z\u00e1rove\u0148 bol vy\u0161tudovan\u00fdm pr\u00e1vnikom a bol na fronte p\u00fao\u010das 1. svetovej vojny.","breadcrumb":{"@id":"https:\/\/www.regionsaris.sk\/vyznamna-tvar\/jan-jesensky\/#breadcrumb"},"inLanguage":"es","potentialAction":[{"@type":"ReadAction","target":["https:\/\/www.regionsaris.sk\/vyznamna-tvar\/jan-jesensky\/"]}]},{"@type":"ImageObject","inLanguage":"es","@id":"https:\/\/www.regionsaris.sk\/vyznamna-tvar\/jan-jesensky\/#primaryimage","url":"https:\/\/www.regionsaris.sk\/wp-content\/uploads\/2026\/03\/jan-jesensky-vyznamne-tvare-regionu-oocrrs.jpg","contentUrl":"https:\/\/www.regionsaris.sk\/wp-content\/uploads\/2026\/03\/jan-jesensky-vyznamne-tvare-regionu-oocrrs.jpg","width":500,"height":500},{"@type":"BreadcrumbList","@id":"https:\/\/www.regionsaris.sk\/vyznamna-tvar\/jan-jesensky\/#breadcrumb","itemListElement":[{"@type":"ListItem","position":1,"name":"Domov","item":"https:\/\/www.regionsaris.sk\/"},{"@type":"ListItem","position":2,"name":"V\u00fdznamn\u00e9 tv\u00e1re regi\u00f3nu","item":"https:\/\/www.regionsaris.sk\/vyznamne-tvare-regionu\/"},{"@type":"ListItem","position":3,"name":"J\u00e1n Jesensk\u00fd"}]},{"@type":"WebSite","@id":"https:\/\/www.regionsaris.sk\/#website","url":"https:\/\/www.regionsaris.sk\/","name":"OOCR \u0160ari\u0161","description":"","potentialAction":[{"@type":"SearchAction","target":{"@type":"EntryPoint","urlTemplate":"https:\/\/www.regionsaris.sk\/?s={search_term_string}"},"query-input":{"@type":"PropertyValueSpecification","valueRequired":true,"valueName":"search_term_string"}}],"inLanguage":"es"}]}},"_links":{"self":[{"href":"https:\/\/www.regionsaris.sk\/es\/wp-json\/wp\/v2\/vyznamna-tvar\/4105","targetHints":{"allow":["GET"]}}],"collection":[{"href":"https:\/\/www.regionsaris.sk\/es\/wp-json\/wp\/v2\/vyznamna-tvar"}],"about":[{"href":"https:\/\/www.regionsaris.sk\/es\/wp-json\/wp\/v2\/types\/vyznamna-tvar"}],"wp:featuredmedia":[{"embeddable":true,"href":"https:\/\/www.regionsaris.sk\/es\/wp-json\/wp\/v2\/media\/4271"}],"wp:attachment":[{"href":"https:\/\/www.regionsaris.sk\/es\/wp-json\/wp\/v2\/media?parent=4105"}],"wp:term":[{"taxonomy":"kategoria-vyznamnych-tvari","embeddable":true,"href":"https:\/\/www.regionsaris.sk\/es\/wp-json\/wp\/v2\/kategoria-vyznamnych-tvari?post=4105"},{"taxonomy":"oblast-posobenia","embeddable":true,"href":"https:\/\/www.regionsaris.sk\/es\/wp-json\/wp\/v2\/oblast-posobenia?post=4105"}],"curies":[{"name":"wp","href":"https:\/\/api.w.org\/{rel}","templated":true}]}}