{"id":4082,"date":"2026-03-20T11:33:55","date_gmt":"2026-03-20T10:33:55","guid":{"rendered":"https:\/\/www.regionsaris.sk\/?post_type=vyznamna-tvar&#038;p=4082"},"modified":"2026-04-01T10:52:23","modified_gmt":"2026-04-01T09:52:23","slug":"pavol-petro-gojdic","status":"publish","type":"vyznamna-tvar","link":"https:\/\/www.regionsaris.sk\/es\/vyznamna-tvar\/pavol-petro-gojdic\/","title":{"rendered":"Pavol Petro Gojdi\u010d"},"content":{"rendered":"<p>Naci\u00f3 el 17 de julio de 1888 en Ruske Pek\u013eany, en el seno de la familia del sacerdote greco-cat\u00f3lico Stefan Gojdi\u010d y su esposa Anne Gerbery. Estudi\u00f3 teolog\u00eda en Pre\u0161ov y Budapest. En 1911 fue ordenado sacerdote en la catedral de San Juan Bautista de Pre\u0161ov. Posteriormente trabaj\u00f3 en Cige\u013eka y Pre\u0161ov. El 20 de julio de 1922 ingres\u00f3 en el monasterio basiliano de la monta\u00f1a \u010cerne\u010d, cerca de Muka\u010devo, donde tom\u00f3 el nombre mon\u00e1stico de \u201ePavel\u201c.<\/p>\n\n\n\n<p>En 1926 fue nombrado administrador apost\u00f3lico de la eparqu\u00eda de Pre\u0161ov. Fue consagrado obispo el 25 de marzo de 1927 en la bas\u00edlica de San Clemente de Roma por el obispo Dion\u00fdz Ny\u00e1radi de Kri\u017eevac, hasta entonces administrador apost\u00f3lico de Pre\u0161ov. El 8 de agosto de 1940 fue entronizado en Pre\u0161ov como obispo residente de Pre\u0161ov, y el 15 de enero de 1946 se confirm\u00f3 su jurisdicci\u00f3n sobre los greco-cat\u00f3licos de toda Checoslovaquia.<\/p>\n\n\n\n<p>Cuando despu\u00e9s de 1948 el Partido Comunista de Checoslovaquia emprendi\u00f3 la abolici\u00f3n de la Iglesia greco-cat\u00f3lica en Eslovaquia, siguiendo el ejemplo de la URSS, el 28 de abril de 1950, durante la acci\u00f3n antieclesi\u00e1stica denominada \u201ePre\u0161ov Sobor\u201c, la vladyka Gojdi\u010d fue detenida e internada, y al mismo tiempo la Iglesia greco-cat\u00f3lica tambi\u00e9n fue abolida administrativamente. En un juicio inventado, Gojdi\u010d fue condenado a cadena perpetua junto con los obispos Vojta\u0161\u0161\u00e1k y Buzalek por traici\u00f3n.&nbsp;<\/p>\n\n\n\n<p>Muri\u00f3 a consecuencia de torturas y malos tratos en la prisi\u00f3n de Leopold el 17 de julio de 1960, el d\u00eda en que cumpl\u00eda 72 a\u00f1os. Fue enterrado en el cementerio de la prisi\u00f3n y su tumba s\u00f3lo estaba marcada con el n\u00famero 681.<\/p>\n\n\n\n<p>El 29 de octubre de 1968, sus restos fueron exhumados, trasladados a Pre\u0161ov y depositados en la Capilla de los Ap\u00f3stoles Pedro y Pablo. Desde 1990 se conservan en un sarc\u00f3fago en la capilla de la catedral greco-cat\u00f3lica de San Juan Bautista de Pre\u0161ov. El 4 de noviembre de 2001, Paul Petro Gojdi\u010d fue beatificado por el Papa Juan Pablo II en la plaza de San Pedro del Vaticano. Con ocasi\u00f3n del 7\u00ba aniversario del establecimiento de la Eslovaquia independiente, el Gobierno de la Rep\u00fablica Eslovaca concedi\u00f3 al obispo Pavol Petro Gojdi\u010d la Cruz Pribina de Primera Clase in memoriam.<\/p>\n\n\n\n<p><strong>Fuente:<\/strong> https:\/\/sk.wikipedia.org\/wiki\/Pavol_Petro_Gojdi\u010d<br><strong>Fuente de la foto:<\/strong> Autor desconocido - Erzeparchie Prestov - www.grkatpo.sk\/historia_biskupi, CC BY-SA 3.0, https:\/\/commons.wikimedia.org\/w\/index.php?curid=8551906<\/p>","protected":false},"featured_media":4274,"template":"","meta":{"_acf_changed":true},"kategoria-vyznamnych-tvari":[230],"oblast-posobenia":[231],"class_list":["post-4082","vyznamna-tvar","type-vyznamna-tvar","status-publish","has-post-thumbnail","hentry","kategoria-vyznamnych-tvari-historicka-osobnost","oblast-posobenia-teologia"],"acf":[],"yoast_head":"<!-- This site is optimized with the Yoast SEO Premium plugin v26.3 (Yoast SEO v26.8) - https:\/\/yoast.com\/product\/yoast-seo-premium-wordpress\/ -->\n<title>Pavol Petro Gojdi\u010d - OOCR \u0160ari\u0161<\/title>\n<meta name=\"description\" content=\"Pavol Petro Gojdi\u010d bol gr\u00e9ckokatol\u00edcky k\u0148az, biskup. Po n\u00e1silnej smrti bol vyhl\u00e1sen\u00fd za blahoslaven\u00e9ho mu\u010den\u00edka.\" \/>\n<meta name=\"robots\" content=\"index, follow, max-snippet:-1, max-image-preview:large, max-video-preview:-1\" \/>\n<link rel=\"canonical\" href=\"https:\/\/www.regionsaris.sk\/es\/vyznamna-tvar\/pavol-petro-gojdic\/\" \/>\n<meta property=\"og:locale\" content=\"es_ES\" \/>\n<meta property=\"og:type\" content=\"article\" \/>\n<meta property=\"og:title\" content=\"Pavol Petro Gojdi\u010d\" \/>\n<meta property=\"og:description\" content=\"Pavol Petro Gojdi\u010d bol gr\u00e9ckokatol\u00edcky k\u0148az, biskup. Po n\u00e1silnej smrti bol vyhl\u00e1sen\u00fd za blahoslaven\u00e9ho mu\u010den\u00edka.\" \/>\n<meta property=\"og:url\" content=\"https:\/\/www.regionsaris.sk\/es\/vyznamna-tvar\/pavol-petro-gojdic\/\" \/>\n<meta property=\"og:site_name\" content=\"OOCR \u0160ari\u0161\" \/>\n<meta property=\"article:modified_time\" content=\"2026-04-01T09:52:23+00:00\" \/>\n<meta property=\"og:image\" content=\"https:\/\/www.regionsaris.sk\/wp-content\/uploads\/2026\/03\/pavol-petro-gojdic-vyznamne-tvare-regionu-oocrrs.jpg\" \/>\n\t<meta property=\"og:image:width\" content=\"500\" \/>\n\t<meta property=\"og:image:height\" content=\"500\" \/>\n\t<meta property=\"og:image:type\" content=\"image\/jpeg\" \/>\n<meta name=\"twitter:card\" content=\"summary_large_image\" \/>\n<meta name=\"twitter:label1\" content=\"Tiempo de lectura\" \/>\n\t<meta name=\"twitter:data1\" content=\"2 minutos\" \/>\n<script type=\"application\/ld+json\" class=\"yoast-schema-graph\">{\"@context\":\"https:\/\/schema.org\",\"@graph\":[{\"@type\":\"WebPage\",\"@id\":\"https:\/\/www.regionsaris.sk\/vyznamna-tvar\/pavol-petro-gojdic\/\",\"url\":\"https:\/\/www.regionsaris.sk\/vyznamna-tvar\/pavol-petro-gojdic\/\",\"name\":\"Pavol Petro Gojdi\u010d - OOCR \u0160ari\u0161\",\"isPartOf\":{\"@id\":\"https:\/\/www.regionsaris.sk\/#website\"},\"primaryImageOfPage\":{\"@id\":\"https:\/\/www.regionsaris.sk\/vyznamna-tvar\/pavol-petro-gojdic\/#primaryimage\"},\"image\":{\"@id\":\"https:\/\/www.regionsaris.sk\/vyznamna-tvar\/pavol-petro-gojdic\/#primaryimage\"},\"thumbnailUrl\":\"https:\/\/www.regionsaris.sk\/wp-content\/uploads\/2026\/03\/pavol-petro-gojdic-vyznamne-tvare-regionu-oocrrs.jpg\",\"datePublished\":\"2026-03-20T10:33:55+00:00\",\"dateModified\":\"2026-04-01T09:52:23+00:00\",\"description\":\"Pavol Petro Gojdi\u010d bol gr\u00e9ckokatol\u00edcky k\u0148az, biskup. Po n\u00e1silnej smrti bol vyhl\u00e1sen\u00fd za blahoslaven\u00e9ho mu\u010den\u00edka.\",\"breadcrumb\":{\"@id\":\"https:\/\/www.regionsaris.sk\/vyznamna-tvar\/pavol-petro-gojdic\/#breadcrumb\"},\"inLanguage\":\"es\",\"potentialAction\":[{\"@type\":\"ReadAction\",\"target\":[\"https:\/\/www.regionsaris.sk\/vyznamna-tvar\/pavol-petro-gojdic\/\"]}]},{\"@type\":\"ImageObject\",\"inLanguage\":\"es\",\"@id\":\"https:\/\/www.regionsaris.sk\/vyznamna-tvar\/pavol-petro-gojdic\/#primaryimage\",\"url\":\"https:\/\/www.regionsaris.sk\/wp-content\/uploads\/2026\/03\/pavol-petro-gojdic-vyznamne-tvare-regionu-oocrrs.jpg\",\"contentUrl\":\"https:\/\/www.regionsaris.sk\/wp-content\/uploads\/2026\/03\/pavol-petro-gojdic-vyznamne-tvare-regionu-oocrrs.jpg\",\"width\":500,\"height\":500},{\"@type\":\"BreadcrumbList\",\"@id\":\"https:\/\/www.regionsaris.sk\/vyznamna-tvar\/pavol-petro-gojdic\/#breadcrumb\",\"itemListElement\":[{\"@type\":\"ListItem\",\"position\":1,\"name\":\"Domov\",\"item\":\"https:\/\/www.regionsaris.sk\/\"},{\"@type\":\"ListItem\",\"position\":2,\"name\":\"V\u00fdznamn\u00e9 tv\u00e1re regi\u00f3nu\",\"item\":\"https:\/\/www.regionsaris.sk\/vyznamne-tvare-regionu\/\"},{\"@type\":\"ListItem\",\"position\":3,\"name\":\"Pavol Petro Gojdi\u010d\"}]},{\"@type\":\"WebSite\",\"@id\":\"https:\/\/www.regionsaris.sk\/#website\",\"url\":\"https:\/\/www.regionsaris.sk\/\",\"name\":\"OOCR \u0160ari\u0161\",\"description\":\"\",\"potentialAction\":[{\"@type\":\"SearchAction\",\"target\":{\"@type\":\"EntryPoint\",\"urlTemplate\":\"https:\/\/www.regionsaris.sk\/?s={search_term_string}\"},\"query-input\":{\"@type\":\"PropertyValueSpecification\",\"valueRequired\":true,\"valueName\":\"search_term_string\"}}],\"inLanguage\":\"es\"}]}<\/script>\n<!-- \/ Yoast SEO Premium plugin. -->","yoast_head_json":{"title":"Pavol Petro Gojdi\u010d - OOCR \u0160ari\u0161","description":"Pavol Petro Gojdi\u010d bol gr\u00e9ckokatol\u00edcky k\u0148az, biskup. Po n\u00e1silnej smrti bol vyhl\u00e1sen\u00fd za blahoslaven\u00e9ho mu\u010den\u00edka.","robots":{"index":"index","follow":"follow","max-snippet":"max-snippet:-1","max-image-preview":"max-image-preview:large","max-video-preview":"max-video-preview:-1"},"canonical":"https:\/\/www.regionsaris.sk\/es\/vyznamna-tvar\/pavol-petro-gojdic\/","og_locale":"es_ES","og_type":"article","og_title":"Pavol Petro Gojdi\u010d","og_description":"Pavol Petro Gojdi\u010d bol gr\u00e9ckokatol\u00edcky k\u0148az, biskup. Po n\u00e1silnej smrti bol vyhl\u00e1sen\u00fd za blahoslaven\u00e9ho mu\u010den\u00edka.","og_url":"https:\/\/www.regionsaris.sk\/es\/vyznamna-tvar\/pavol-petro-gojdic\/","og_site_name":"OOCR \u0160ari\u0161","article_modified_time":"2026-04-01T09:52:23+00:00","og_image":[{"width":500,"height":500,"url":"https:\/\/www.regionsaris.sk\/wp-content\/uploads\/2026\/03\/pavol-petro-gojdic-vyznamne-tvare-regionu-oocrrs.jpg","type":"image\/jpeg"}],"twitter_card":"summary_large_image","twitter_misc":{"Tiempo de lectura":"2 minutos"},"schema":{"@context":"https:\/\/schema.org","@graph":[{"@type":"WebPage","@id":"https:\/\/www.regionsaris.sk\/vyznamna-tvar\/pavol-petro-gojdic\/","url":"https:\/\/www.regionsaris.sk\/vyznamna-tvar\/pavol-petro-gojdic\/","name":"Pavol Petro Gojdi\u010d - OOCR \u0160ari\u0161","isPartOf":{"@id":"https:\/\/www.regionsaris.sk\/#website"},"primaryImageOfPage":{"@id":"https:\/\/www.regionsaris.sk\/vyznamna-tvar\/pavol-petro-gojdic\/#primaryimage"},"image":{"@id":"https:\/\/www.regionsaris.sk\/vyznamna-tvar\/pavol-petro-gojdic\/#primaryimage"},"thumbnailUrl":"https:\/\/www.regionsaris.sk\/wp-content\/uploads\/2026\/03\/pavol-petro-gojdic-vyznamne-tvare-regionu-oocrrs.jpg","datePublished":"2026-03-20T10:33:55+00:00","dateModified":"2026-04-01T09:52:23+00:00","description":"Pavol Petro Gojdi\u010d bol gr\u00e9ckokatol\u00edcky k\u0148az, biskup. Po n\u00e1silnej smrti bol vyhl\u00e1sen\u00fd za blahoslaven\u00e9ho mu\u010den\u00edka.","breadcrumb":{"@id":"https:\/\/www.regionsaris.sk\/vyznamna-tvar\/pavol-petro-gojdic\/#breadcrumb"},"inLanguage":"es","potentialAction":[{"@type":"ReadAction","target":["https:\/\/www.regionsaris.sk\/vyznamna-tvar\/pavol-petro-gojdic\/"]}]},{"@type":"ImageObject","inLanguage":"es","@id":"https:\/\/www.regionsaris.sk\/vyznamna-tvar\/pavol-petro-gojdic\/#primaryimage","url":"https:\/\/www.regionsaris.sk\/wp-content\/uploads\/2026\/03\/pavol-petro-gojdic-vyznamne-tvare-regionu-oocrrs.jpg","contentUrl":"https:\/\/www.regionsaris.sk\/wp-content\/uploads\/2026\/03\/pavol-petro-gojdic-vyznamne-tvare-regionu-oocrrs.jpg","width":500,"height":500},{"@type":"BreadcrumbList","@id":"https:\/\/www.regionsaris.sk\/vyznamna-tvar\/pavol-petro-gojdic\/#breadcrumb","itemListElement":[{"@type":"ListItem","position":1,"name":"Domov","item":"https:\/\/www.regionsaris.sk\/"},{"@type":"ListItem","position":2,"name":"V\u00fdznamn\u00e9 tv\u00e1re regi\u00f3nu","item":"https:\/\/www.regionsaris.sk\/vyznamne-tvare-regionu\/"},{"@type":"ListItem","position":3,"name":"Pavol Petro Gojdi\u010d"}]},{"@type":"WebSite","@id":"https:\/\/www.regionsaris.sk\/#website","url":"https:\/\/www.regionsaris.sk\/","name":"OOCR \u0160ari\u0161","description":"","potentialAction":[{"@type":"SearchAction","target":{"@type":"EntryPoint","urlTemplate":"https:\/\/www.regionsaris.sk\/?s={search_term_string}"},"query-input":{"@type":"PropertyValueSpecification","valueRequired":true,"valueName":"search_term_string"}}],"inLanguage":"es"}]}},"_links":{"self":[{"href":"https:\/\/www.regionsaris.sk\/es\/wp-json\/wp\/v2\/vyznamna-tvar\/4082","targetHints":{"allow":["GET"]}}],"collection":[{"href":"https:\/\/www.regionsaris.sk\/es\/wp-json\/wp\/v2\/vyznamna-tvar"}],"about":[{"href":"https:\/\/www.regionsaris.sk\/es\/wp-json\/wp\/v2\/types\/vyznamna-tvar"}],"wp:featuredmedia":[{"embeddable":true,"href":"https:\/\/www.regionsaris.sk\/es\/wp-json\/wp\/v2\/media\/4274"}],"wp:attachment":[{"href":"https:\/\/www.regionsaris.sk\/es\/wp-json\/wp\/v2\/media?parent=4082"}],"wp:term":[{"taxonomy":"kategoria-vyznamnych-tvari","embeddable":true,"href":"https:\/\/www.regionsaris.sk\/es\/wp-json\/wp\/v2\/kategoria-vyznamnych-tvari?post=4082"},{"taxonomy":"oblast-posobenia","embeddable":true,"href":"https:\/\/www.regionsaris.sk\/es\/wp-json\/wp\/v2\/oblast-posobenia?post=4082"}],"curies":[{"name":"wp","href":"https:\/\/api.w.org\/{rel}","templated":true}]}}