{"id":6189,"date":"2026-09-04T12:41:41","date_gmt":"2026-09-04T11:41:41","guid":{"rendered":"https:\/\/www.regionsaris.sk\/?post_type=prirodne-krasy&#038;p=6189"},"modified":"2026-09-04T12:41:41","modified_gmt":"2026-09-04T11:41:41","slug":"vrchol-lysa","status":"publish","type":"prirodne-krasy","link":"https:\/\/www.regionsaris.sk\/es\/prirodne-krasy\/vrchol-lysa\/","title":{"rendered":"La cima de Lys\u00e1"},"content":{"rendered":"<p class=\"wp-block-paragraph\"><strong>Lys\u00e1, cerca de Drienica<\/strong>\u00a0es uno de los picos tur\u00edsticos m\u00e1s destacados <a href=\"https:\/\/pohoriecergov.sk\" target=\"_blank\" rel=\"noopener\">la cordillera de \u010cergov<\/a> y, al mismo tiempo, uno de los destinos tur\u00edsticos m\u00e1s populares de los alrededores <a href=\"https:\/\/www.regionsaris.sk\/es\/lokalita\/sabinov-a-okolie\/\" data-type=\"lokalita\" data-id=\"27\">Sabinova<\/a> a <a href=\"https:\/\/www.regionsaris.sk\/es\/lokalita\/mesto-presov\/\" data-type=\"lokalita\" data-id=\"26\">Pre\u0161ov<\/a>. La cima alcanza una altitud de\u00a0<strong>1 067,9 m sobre el nivel del mar.<\/strong>\u00a0y es el pico de m\u00e1s de mil metros m\u00e1s meridional de \u010cergov. Se encuentra en una cresta lateral que se extiende hacia el suroeste desde el collado de \u010cergov, en el t\u00e9rmino municipal de los pueblos de Drienica y Olejn\u00edkov.\u00a0<\/p>\n\n\n\n<h2 class=\"wp-block-heading\">Vistas desde la cima de Lys\u00e1<\/h2>\n\n\n\n<p class=\"wp-block-paragraph\">Uno de los principales atractivos es&nbsp;<strong>vistas panor\u00e1micas de la cordillera de \u010cergov y las zonas monta\u00f1osas circundantes<\/strong>. Desde la cima se puede contemplar la cresta principal de \u010cergov, Ve\u013ek\u00e1 Javorina y Min\u010dol. Cuando la visibilidad es buena, tambi\u00e9n se divisan los Tatras a lo lejos. Hacia el norte se abre una vista de la cresta monta\u00f1osa que rodea Ve\u013ek\u00e1 Javorina.&nbsp;<\/p>\n\n\n\n<p class=\"wp-block-paragraph\">Adem\u00e1s, la cima ofrece una interesante combinaci\u00f3n de paisajes naturales con los vestigios del uso que se ha dado a la zona durante muchos a\u00f1os para actividades recreativas y deportes de invierno. En sus inmediaciones se encuentran las instalaciones t\u00e9cnicas de la estaci\u00f3n de esqu\u00ed y la estaci\u00f3n superior del remonte.<\/p>\n\n\n\n<h2 class=\"wp-block-heading\">Senderismo a Lys\u00e1<\/h2>\n\n\n\n<p class=\"wp-block-paragraph\">Hay varias rutas tur\u00edsticas que llevan a Lys\u00e1. Desde&nbsp;<strong>Drienice<\/strong>&nbsp;Una carretera asfaltada se dirige hacia el collado de Lys\u00e1 y, desde all\u00ed, contin\u00faa hasta la cima una ruta de senderismo se\u00f1alizada en verde. Tambi\u00e9n se puede llegar a la cima desde el collado de \u010cergov. Desde la estaci\u00f3n de esqu\u00ed de Drienica, una ruta de senderismo se\u00f1alizada en azul conduce a Lys\u00e1.&nbsp;<\/p>\n\n\n\n<p class=\"wp-block-paragraph\">La subida al Lys\u00e1 es f\u00e1cil y la zona es ideal para hacer excursiones durante todo el a\u00f1o. En verano es un destino muy popular entre los senderistas y ciclistas, mientras que en invierno la zona se asocia sobre todo con los deportes de invierno.\u00a0<\/p>\n\n\n\n<h2 class=\"wp-block-heading\">Ski Lys\u00e1 y actividades en los alrededores<\/h2>\n\n\n\n<p class=\"wp-block-paragraph\">El pico Lys\u00e1 forma parte del complejo deportivo y de ocio&nbsp;<strong>Drienica \u2013 Lys\u00e1<\/strong>, situado a los pies de las laderas meridionales del \u010cergov. La estaci\u00f3n de esqu\u00ed ofrece actividades de ocio invernal y, en los alrededores, tambi\u00e9n hay rutas para practicar senderismo, ciclismo, esqu\u00ed de fondo o esqu\u00ed de traves\u00eda.&nbsp;<\/p>\n\n\n\n<p class=\"wp-block-paragraph\">Cerca de la cima tambi\u00e9n se encuentra&nbsp;<strong>Piedra del altar<\/strong>, al que conduce un sendero se\u00f1alizado en verde. A unos 250 metros de la cima se encuentra una capilla dedicada a la Transfiguraci\u00f3n del Se\u00f1or, construida junto a la \u00abRoca del Altar\u00bb en el a\u00f1o 2001.&nbsp;<\/p>\n\n\n\n<h2 class=\"wp-block-heading\">Nuevas atracciones en Lys\u00e1<\/h2>\n\n\n\n<p class=\"wp-block-paragraph\">En los \u00faltimos a\u00f1os, Lys\u00e1 se ha ido consolidando tambi\u00e9n como destino para el turismo familiar y de actividades. En junio de 2026 se inaugur\u00f3, cerca de la cima,\u00a0<strong><a href=\"https:\/\/www.regionsaris.sk\/es\/pre-rodiny\/zabavno-naucny-chodnik-cergov\/\" data-type=\"pre-rodiny\" data-id=\"5093\">Ruta l\u00fadico-did\u00e1ctica de \u010cergov<\/a><\/strong>. El recorrido, de aproximadamente un kil\u00f3metro de longitud, discurre por el bosque y, a trav\u00e9s de elementos l\u00fadicos, acerca a los visitantes a la historia del pastor \u010cergov, as\u00ed como a las tradiciones y s\u00edmbolos locales, como la caba\u00f1a de pastores o la guarida del lobo.\u00a0<\/p>\n\n\n\n<p class=\"wp-block-paragraph\">Lys\u00e1 pri Drienici es, por tanto, un destino atractivo para una excursi\u00f3n de un d\u00eda que combina el entorno monta\u00f1oso, las vistas, las rutas de senderismo y la posibilidad de practicar actividades de ocio durante todo el a\u00f1o.<\/p>\n\n\n\n<p class=\"wp-block-paragraph\">Fuente: OOCR R\u0160<br>Fuente de las fotograf\u00edas: OOCR R\u0160<\/p>","protected":false},"featured_media":6190,"template":"","meta":{"_acf_changed":true},"kategoria-poi":[276,100,102,175,107],"lokalita":[27],"sezona-poi":[12],"trvanie-vyletu":[180,194],"class_list":["post-6189","prirodne-krasy","type-prirodne-krasy","status-publish","has-post-thumbnail","hentry","kategoria-poi-naucny-chodnik","kategoria-poi-pre-rodiny","kategoria-poi-prirodne-krasy","kategoria-poi-sporty","kategoria-poi-turistika","lokalita-sabinov-a-okolie","sezona-poi-celorocne","trvanie-vyletu-poldenne-vylety","trvanie-vyletu-skolske-vylety"],"acf":[],"_links":{"self":[{"href":"https:\/\/www.regionsaris.sk\/es\/wp-json\/wp\/v2\/prirodne-krasy\/6189","targetHints":{"allow":["GET"]}}],"collection":[{"href":"https:\/\/www.regionsaris.sk\/es\/wp-json\/wp\/v2\/prirodne-krasy"}],"about":[{"href":"https:\/\/www.regionsaris.sk\/es\/wp-json\/wp\/v2\/types\/prirodne-krasy"}],"wp:featuredmedia":[{"embeddable":true,"href":"https:\/\/www.regionsaris.sk\/es\/wp-json\/wp\/v2\/media\/6190"}],"wp:attachment":[{"href":"https:\/\/www.regionsaris.sk\/es\/wp-json\/wp\/v2\/media?parent=6189"}],"wp:term":[{"taxonomy":"kategoria-poi","embeddable":true,"href":"https:\/\/www.regionsaris.sk\/es\/wp-json\/wp\/v2\/kategoria-poi?post=6189"},{"taxonomy":"lokalita","embeddable":true,"href":"https:\/\/www.regionsaris.sk\/es\/wp-json\/wp\/v2\/lokalita?post=6189"},{"taxonomy":"sezona-poi","embeddable":true,"href":"https:\/\/www.regionsaris.sk\/es\/wp-json\/wp\/v2\/sezona-poi?post=6189"},{"taxonomy":"trvanie-vyletu","embeddable":true,"href":"https:\/\/www.regionsaris.sk\/es\/wp-json\/wp\/v2\/trvanie-vyletu?post=6189"}],"curies":[{"name":"wp","href":"https:\/\/api.w.org\/{rel}","templated":true}]}}