{"id":3387,"date":"2026-01-19T15:39:18","date_gmt":"2026-01-19T14:39:18","guid":{"rendered":"https:\/\/www.regionsaris.sk\/podujatie\/vyznamne-osobnosti-presovskeho-hudobneho-a-kulturneho-zivota\/"},"modified":"2026-02-03T10:53:23","modified_gmt":"2026-02-03T09:53:23","slug":"vyznamne-osobnosti-presovskeho-hudobneho-a-kulturneho-zivota","status":"publish","type":"podujatie","link":"https:\/\/www.regionsaris.sk\/es\/podujatie\/vyznamne-osobnosti-presovskeho-hudobneho-a-kulturneho-zivota\/","title":{"rendered":"PERSONALIDADES IMPORTANTES DE LA VIDA MUSICAL Y CULTURAL DE PRE\u0160OV"},"content":{"rendered":"<p>M\u00fasica que marc\u00f3 a generaciones\u00a0<span class=\"html-span xexx8yu xyri2b x18d9i69 x1c1uobl x1hl2dhg x16tdsg8 x1vvkbs x3nfvp2 x1j61x8r x1fcty0u xdj266r xat24cr xm2jcoa x1mpyi22 xxymvpz xlup9mm x1kky2od\"><img loading=\"lazy\" decoding=\"async\" class=\"xz74otr x15mokao x1ga7v0g x16uus16 xbiv7yw\" src=\"https:\/\/www.regionsaris.sk\/wp-content\/uploads\/2025\/12\/1f3b6.png\" alt=\" \" width=\"16\" height=\"16\" \/><\/span><br class=\"html-br\" \/><br class=\"html-br\" \/>Le invitamos cordialmente a la inauguraci\u00f3n de la nueva exposici\u00f3n \"PERSONALIDADES IMPORTANTES DE LA VIDA MUSICAL Y CULTURAL DE PRESOVSKY\".<br class=\"html-br\" \/><br class=\"html-br\" \/>La exposici\u00f3n presenta la vida y la trayectoria art\u00edstica de importantes personalidades de la m\u00fasica de viento eslovaca: los directores, compositores y profesores J\u00e1n P\u00f6schl y Viliam Tarj\u00e1nyi. A trav\u00e9s de paneles, materiales de archivo y objetos aut\u00e9nticos, acerca su legado musical y cultural y su importancia para la escena musical eslovaca.<br class=\"html-br\" \/><br class=\"html-br\" \/>La exposici\u00f3n tambi\u00e9n incluye piezas \u00fanicas del archivo privado de Viliam Tarj\u00e1nyi -manuscritos musicales, correspondencia, fotograf\u00edas, diplomas-, as\u00ed como piezas del fondo del Museo Regional de Pre\u0161ov.<br class=\"html-br\" \/><br class=\"html-br\" \/><span class=\"html-span xexx8yu xyri2b x18d9i69 x1c1uobl x1hl2dhg x16tdsg8 x1vvkbs x3nfvp2 x1j61x8r x1fcty0u xdj266r xat24cr xm2jcoa x1mpyi22 xxymvpz xlup9mm x1kky2od\"><img loading=\"lazy\" decoding=\"async\" class=\"xz74otr x15mokao x1ga7v0g x16uus16 xbiv7yw\" src=\"https:\/\/www.regionsaris.sk\/wp-content\/uploads\/2025\/12\/1f4cd.png\" alt=\" \" width=\"16\" height=\"16\" \/><\/span>\u00a0Museo Regional de Pre\u0161ov, Hlavn\u00e1 139<br class=\"html-br\" \/><br class=\"html-br\" \/><span class=\"html-span xexx8yu xyri2b x18d9i69 x1c1uobl x1hl2dhg x16tdsg8 x1vvkbs x3nfvp2 x1j61x8r x1fcty0u xdj266r xat24cr xm2jcoa x1mpyi22 xxymvpz xlup9mm x1kky2od\"><img loading=\"lazy\" decoding=\"async\" class=\"xz74otr x15mokao x1ga7v0g x16uus16 xbiv7yw\" src=\"https:\/\/www.regionsaris.sk\/wp-content\/uploads\/2025\/12\/1f5d3.png\" alt=\" \" width=\"16\" height=\"16\" \/><\/span>\u00a0Duraci\u00f3n de la exposici\u00f3n 22.1. - 27.2.2026<br class=\"html-br\" \/><br class=\"html-br\" \/><span class=\"html-span xexx8yu xyri2b x18d9i69 x1c1uobl x1hl2dhg x16tdsg8 x1vvkbs x3nfvp2 x1j61x8r x1fcty0u xdj266r xat24cr xm2jcoa x1mpyi22 xxymvpz xlup9mm x1kky2od\"><img loading=\"lazy\" decoding=\"async\" class=\"xz74otr x15mokao x1ga7v0g x16uus16 xbiv7yw\" src=\"https:\/\/www.regionsaris.sk\/wp-content\/uploads\/2025\/12\/1f389.png\" alt=\" \" width=\"16\" height=\"16\" \/><\/span>\u00a0Inauguraci\u00f3n: jueves 22 de enero de 2026 a las 17:00h.<br class=\"html-br\" \/><br class=\"html-br\" \/>La exposici\u00f3n fue preparada por Mgr. Igor Lazor\u00edk.<\/p>","protected":false},"featured_media":3388,"template":"","meta":{"_acf_changed":true},"kategoria-podujatia":[],"lokalita":[26],"class_list":["post-3387","podujatie","type-podujatie","status-publish","has-post-thumbnail","hentry","lokalita-mesto-presov"],"acf":[],"yoast_head":"<!-- This site is optimized with the Yoast SEO Premium plugin v26.3 (Yoast SEO v26.8) - https:\/\/yoast.com\/product\/yoast-seo-premium-wordpress\/ -->\n<title>V\u00ddZNAMN\u00c9 OSOBNOSTI PRE\u0160OVSK\u00c9HO HUDOBN\u00c9HO A KULT\u00daRNEHO \u017dIVOTA - OOCR \u0160ari\u0161<\/title>\n<meta name=\"robots\" content=\"index, follow, max-snippet:-1, max-image-preview:large, max-video-preview:-1\" \/>\n<link rel=\"canonical\" href=\"https:\/\/www.regionsaris.sk\/es\/podujatie\/vyznamne-osobnosti-presovskeho-hudobneho-a-kulturneho-zivota\/\" \/>\n<meta property=\"og:locale\" content=\"es_ES\" \/>\n<meta property=\"og:type\" content=\"article\" \/>\n<meta property=\"og:title\" content=\"V\u00ddZNAMN\u00c9 OSOBNOSTI PRE\u0160OVSK\u00c9HO HUDOBN\u00c9HO A KULT\u00daRNEHO \u017dIVOTA\" \/>\n<meta property=\"og:description\" content=\"Hudba, ktor\u00e1 formovala gener\u00e1cie\u00a0Srde\u010dne v\u00e1s poz\u00fdvame na vernis\u00e1\u017e novej v\u00fdstavy &quot;V\u00ddZNAMN\u00c9 OSOBNOSTI PRE\u0160OVSK\u00c9HO HUDOBN\u00c9HO A...\" \/>\n<meta property=\"og:url\" content=\"https:\/\/www.regionsaris.sk\/es\/podujatie\/vyznamne-osobnosti-presovskeho-hudobneho-a-kulturneho-zivota\/\" \/>\n<meta property=\"og:site_name\" content=\"OOCR \u0160ari\u0161\" \/>\n<meta property=\"article:modified_time\" content=\"2026-02-03T09:53:23+00:00\" \/>\n<meta property=\"og:image\" content=\"https:\/\/www.regionsaris.sk\/wp-content\/uploads\/2026\/01\/614688838_1468141725315663_1779222786280088632_n.jpg\" \/>\n\t<meta property=\"og:image:width\" content=\"1018\" \/>\n\t<meta property=\"og:image:height\" content=\"1440\" \/>\n\t<meta property=\"og:image:type\" content=\"image\/jpeg\" \/>\n<meta name=\"twitter:card\" content=\"summary_large_image\" \/>\n<script type=\"application\/ld+json\" class=\"yoast-schema-graph\">{\"@context\":\"https:\/\/schema.org\",\"@graph\":[{\"@type\":\"WebPage\",\"@id\":\"https:\/\/www.regionsaris.sk\/podujatie\/vyznamne-osobnosti-presovskeho-hudobneho-a-kulturneho-zivota\/\",\"url\":\"https:\/\/www.regionsaris.sk\/podujatie\/vyznamne-osobnosti-presovskeho-hudobneho-a-kulturneho-zivota\/\",\"name\":\"V\u00ddZNAMN\u00c9 OSOBNOSTI PRE\u0160OVSK\u00c9HO HUDOBN\u00c9HO A KULT\u00daRNEHO \u017dIVOTA - OOCR \u0160ari\u0161\",\"isPartOf\":{\"@id\":\"https:\/\/www.regionsaris.sk\/#website\"},\"primaryImageOfPage\":{\"@id\":\"https:\/\/www.regionsaris.sk\/podujatie\/vyznamne-osobnosti-presovskeho-hudobneho-a-kulturneho-zivota\/#primaryimage\"},\"image\":{\"@id\":\"https:\/\/www.regionsaris.sk\/podujatie\/vyznamne-osobnosti-presovskeho-hudobneho-a-kulturneho-zivota\/#primaryimage\"},\"thumbnailUrl\":\"https:\/\/www.regionsaris.sk\/wp-content\/uploads\/2026\/01\/614688838_1468141725315663_1779222786280088632_n.jpg\",\"datePublished\":\"2026-01-19T14:39:18+00:00\",\"dateModified\":\"2026-02-03T09:53:23+00:00\",\"breadcrumb\":{\"@id\":\"https:\/\/www.regionsaris.sk\/podujatie\/vyznamne-osobnosti-presovskeho-hudobneho-a-kulturneho-zivota\/#breadcrumb\"},\"inLanguage\":\"es\",\"potentialAction\":[{\"@type\":\"ReadAction\",\"target\":[\"https:\/\/www.regionsaris.sk\/podujatie\/vyznamne-osobnosti-presovskeho-hudobneho-a-kulturneho-zivota\/\"]}]},{\"@type\":\"ImageObject\",\"inLanguage\":\"es\",\"@id\":\"https:\/\/www.regionsaris.sk\/podujatie\/vyznamne-osobnosti-presovskeho-hudobneho-a-kulturneho-zivota\/#primaryimage\",\"url\":\"https:\/\/www.regionsaris.sk\/wp-content\/uploads\/2026\/01\/614688838_1468141725315663_1779222786280088632_n.jpg\",\"contentUrl\":\"https:\/\/www.regionsaris.sk\/wp-content\/uploads\/2026\/01\/614688838_1468141725315663_1779222786280088632_n.jpg\",\"width\":1018,\"height\":1440},{\"@type\":\"BreadcrumbList\",\"@id\":\"https:\/\/www.regionsaris.sk\/podujatie\/vyznamne-osobnosti-presovskeho-hudobneho-a-kulturneho-zivota\/#breadcrumb\",\"itemListElement\":[{\"@type\":\"ListItem\",\"position\":1,\"name\":\"Domov\",\"item\":\"https:\/\/www.regionsaris.sk\/\"},{\"@type\":\"ListItem\",\"position\":2,\"name\":\"Podujatia\",\"item\":\"https:\/\/www.regionsaris.sk\/vsetky-podujatia\/\"},{\"@type\":\"ListItem\",\"position\":3,\"name\":\"V\u00ddZNAMN\u00c9 OSOBNOSTI PRE\u0160OVSK\u00c9HO HUDOBN\u00c9HO A KULT\u00daRNEHO \u017dIVOTA\"}]},{\"@type\":\"WebSite\",\"@id\":\"https:\/\/www.regionsaris.sk\/#website\",\"url\":\"https:\/\/www.regionsaris.sk\/\",\"name\":\"OOCR \u0160ari\u0161\",\"description\":\"\",\"potentialAction\":[{\"@type\":\"SearchAction\",\"target\":{\"@type\":\"EntryPoint\",\"urlTemplate\":\"https:\/\/www.regionsaris.sk\/?s={search_term_string}\"},\"query-input\":{\"@type\":\"PropertyValueSpecification\",\"valueRequired\":true,\"valueName\":\"search_term_string\"}}],\"inLanguage\":\"es\"}]}<\/script>\n<!-- \/ Yoast SEO Premium plugin. -->","yoast_head_json":{"title":"V\u00ddZNAMN\u00c9 OSOBNOSTI PRE\u0160OVSK\u00c9HO HUDOBN\u00c9HO A KULT\u00daRNEHO \u017dIVOTA - OOCR \u0160ari\u0161","robots":{"index":"index","follow":"follow","max-snippet":"max-snippet:-1","max-image-preview":"max-image-preview:large","max-video-preview":"max-video-preview:-1"},"canonical":"https:\/\/www.regionsaris.sk\/es\/podujatie\/vyznamne-osobnosti-presovskeho-hudobneho-a-kulturneho-zivota\/","og_locale":"es_ES","og_type":"article","og_title":"V\u00ddZNAMN\u00c9 OSOBNOSTI PRE\u0160OVSK\u00c9HO HUDOBN\u00c9HO A KULT\u00daRNEHO \u017dIVOTA","og_description":"Hudba, ktor\u00e1 formovala gener\u00e1cie\u00a0Srde\u010dne v\u00e1s poz\u00fdvame na vernis\u00e1\u017e novej v\u00fdstavy \"V\u00ddZNAMN\u00c9 OSOBNOSTI PRE\u0160OVSK\u00c9HO HUDOBN\u00c9HO A...","og_url":"https:\/\/www.regionsaris.sk\/es\/podujatie\/vyznamne-osobnosti-presovskeho-hudobneho-a-kulturneho-zivota\/","og_site_name":"OOCR \u0160ari\u0161","article_modified_time":"2026-02-03T09:53:23+00:00","og_image":[{"width":1018,"height":1440,"url":"https:\/\/www.regionsaris.sk\/wp-content\/uploads\/2026\/01\/614688838_1468141725315663_1779222786280088632_n.jpg","type":"image\/jpeg"}],"twitter_card":"summary_large_image","schema":{"@context":"https:\/\/schema.org","@graph":[{"@type":"WebPage","@id":"https:\/\/www.regionsaris.sk\/podujatie\/vyznamne-osobnosti-presovskeho-hudobneho-a-kulturneho-zivota\/","url":"https:\/\/www.regionsaris.sk\/podujatie\/vyznamne-osobnosti-presovskeho-hudobneho-a-kulturneho-zivota\/","name":"V\u00ddZNAMN\u00c9 OSOBNOSTI PRE\u0160OVSK\u00c9HO HUDOBN\u00c9HO A KULT\u00daRNEHO \u017dIVOTA - OOCR \u0160ari\u0161","isPartOf":{"@id":"https:\/\/www.regionsaris.sk\/#website"},"primaryImageOfPage":{"@id":"https:\/\/www.regionsaris.sk\/podujatie\/vyznamne-osobnosti-presovskeho-hudobneho-a-kulturneho-zivota\/#primaryimage"},"image":{"@id":"https:\/\/www.regionsaris.sk\/podujatie\/vyznamne-osobnosti-presovskeho-hudobneho-a-kulturneho-zivota\/#primaryimage"},"thumbnailUrl":"https:\/\/www.regionsaris.sk\/wp-content\/uploads\/2026\/01\/614688838_1468141725315663_1779222786280088632_n.jpg","datePublished":"2026-01-19T14:39:18+00:00","dateModified":"2026-02-03T09:53:23+00:00","breadcrumb":{"@id":"https:\/\/www.regionsaris.sk\/podujatie\/vyznamne-osobnosti-presovskeho-hudobneho-a-kulturneho-zivota\/#breadcrumb"},"inLanguage":"es","potentialAction":[{"@type":"ReadAction","target":["https:\/\/www.regionsaris.sk\/podujatie\/vyznamne-osobnosti-presovskeho-hudobneho-a-kulturneho-zivota\/"]}]},{"@type":"ImageObject","inLanguage":"es","@id":"https:\/\/www.regionsaris.sk\/podujatie\/vyznamne-osobnosti-presovskeho-hudobneho-a-kulturneho-zivota\/#primaryimage","url":"https:\/\/www.regionsaris.sk\/wp-content\/uploads\/2026\/01\/614688838_1468141725315663_1779222786280088632_n.jpg","contentUrl":"https:\/\/www.regionsaris.sk\/wp-content\/uploads\/2026\/01\/614688838_1468141725315663_1779222786280088632_n.jpg","width":1018,"height":1440},{"@type":"BreadcrumbList","@id":"https:\/\/www.regionsaris.sk\/podujatie\/vyznamne-osobnosti-presovskeho-hudobneho-a-kulturneho-zivota\/#breadcrumb","itemListElement":[{"@type":"ListItem","position":1,"name":"Domov","item":"https:\/\/www.regionsaris.sk\/"},{"@type":"ListItem","position":2,"name":"Podujatia","item":"https:\/\/www.regionsaris.sk\/vsetky-podujatia\/"},{"@type":"ListItem","position":3,"name":"V\u00ddZNAMN\u00c9 OSOBNOSTI PRE\u0160OVSK\u00c9HO HUDOBN\u00c9HO A KULT\u00daRNEHO \u017dIVOTA"}]},{"@type":"WebSite","@id":"https:\/\/www.regionsaris.sk\/#website","url":"https:\/\/www.regionsaris.sk\/","name":"OOCR \u0160ari\u0161","description":"","potentialAction":[{"@type":"SearchAction","target":{"@type":"EntryPoint","urlTemplate":"https:\/\/www.regionsaris.sk\/?s={search_term_string}"},"query-input":{"@type":"PropertyValueSpecification","valueRequired":true,"valueName":"search_term_string"}}],"inLanguage":"es"}]}},"_links":{"self":[{"href":"https:\/\/www.regionsaris.sk\/es\/wp-json\/wp\/v2\/podujatie\/3387","targetHints":{"allow":["GET"]}}],"collection":[{"href":"https:\/\/www.regionsaris.sk\/es\/wp-json\/wp\/v2\/podujatie"}],"about":[{"href":"https:\/\/www.regionsaris.sk\/es\/wp-json\/wp\/v2\/types\/podujatie"}],"wp:featuredmedia":[{"embeddable":true,"href":"https:\/\/www.regionsaris.sk\/es\/wp-json\/wp\/v2\/media\/3388"}],"wp:attachment":[{"href":"https:\/\/www.regionsaris.sk\/es\/wp-json\/wp\/v2\/media?parent=3387"}],"wp:term":[{"taxonomy":"kategoria-podujatia","embeddable":true,"href":"https:\/\/www.regionsaris.sk\/es\/wp-json\/wp\/v2\/kategoria-podujatia?post=3387"},{"taxonomy":"lokalita","embeddable":true,"href":"https:\/\/www.regionsaris.sk\/es\/wp-json\/wp\/v2\/lokalita?post=3387"}],"curies":[{"name":"wp","href":"https:\/\/api.w.org\/{rel}","templated":true}]}}