{"id":3258,"date":"2026-01-11T17:16:26","date_gmt":"2026-01-11T16:16:26","guid":{"rendered":"https:\/\/www.regionsaris.sk\/?page_id=3258"},"modified":"2026-04-27T10:52:57","modified_gmt":"2026-04-27T09:52:57","slug":"ochrana-osobnych-udajov","status":"publish","type":"page","link":"https:\/\/www.regionsaris.sk\/es\/ochrana-osobnych-udajov\/","title":{"rendered":"GDPR"},"content":{"rendered":"<p><strong>Informaci\u00f3n sobre el tratamiento de los datos personales de los interesados con arreglo a los art\u00edculos 19 y 20 de la Ley n.\u00ba 18\/2018Z.z. relativa a la protecci\u00f3n de datos personales y por la que se modifican y completan determinadas leyes (en lo sucesivo, \u201ela Ley\u201c) y los art\u00edculos 13 y 14 del Reglamento (UE) 2016\/679 del Parlamento Europeo y del Consejo relativo a la protecci\u00f3n de las personas f\u00edsicas en lo que respecta al tratamiento de datos personales y a la libre circulaci\u00f3n de estos datos (en lo sucesivo, \u201eel Reglamento\u201c).<\/strong><\/p>\n\n\n\n<p>El objetivo de esta informaci\u00f3n es informarle sobre qu\u00e9 datos personales tratamos, c\u00f3mo los tratamos, para qu\u00e9 los utilizamos, a qui\u00e9n podemos revelarlos, d\u00f3nde puede obtener informaci\u00f3n sobre datos personales y ejercer sus derechos en relaci\u00f3n con el tratamiento de datos personales.<\/p>\n\n\n\n<p><strong>1.<\/strong>&nbsp;<strong>Identificaci\u00f3n y datos de contacto:<\/strong><\/p>\n\n\n\n<p>El responsable del tratamiento de los datos personales es la ORGANIZACI\u00d3N REGIONAL DEL TR\u00c1FICO DE VIAJES, Main 73, 080 01 Pre\u0161ov, DNI: 50076515, +421 910 847 011,&nbsp;<a href=\"mailto:info@regionsaris.sk\">info@regionsaris.sk<\/a><\/p>\n\n\n\n<p><strong>2.<\/strong>&nbsp;<strong>Datos de contacto de la persona responsable del Operador<\/strong><\/p>\n\n\n\n<p>Para cuestiones relacionadas con el tratamiento y la protecci\u00f3n de los datos personales, puede ponerse en contacto con el responsable del tratamiento por correo electr\u00f3nico en la direcci\u00f3n siguiente&nbsp;<a href=\"mailto:info@regionsaris.sk\">info@regionsaris.sk<\/a><\/p>\n\n\n\n<p><strong>3.<\/strong>&nbsp;<strong>Informaci\u00f3n general<\/strong><\/p>\n\n\n\n<p>El responsable del tratamiento proceder\u00e1 al tratamiento de los datos personales de conformidad con el Reglamento y tambi\u00e9n con la Ley.<\/p>\n\n\n\n<p>El responsable del tratamiento obtendr\u00e1 los datos personales directamente del interesado o de otra persona que se los facilite. Todos los datos personales tratados por el responsable del tratamiento sobre el interesado se tratar\u00e1n \u00fanicamente con fines justificados, durante un per\u00edodo de tiempo limitado y utilizando el m\u00e1ximo nivel de seguridad posible, para lo cual el responsable del tratamiento ha adoptado las medidas t\u00e9cnicas, organizativas y de personal adecuadas para garantizar el nivel de seguridad y protecci\u00f3n de los datos personales tratados.<\/p>\n\n\n\n<p><strong>4.<\/strong>&nbsp;<strong>Fines del tratamiento de datos personales<\/strong><\/p>\n\n\n\n<p>El responsable del tratamiento trata los datos personales de los interesados \u00fanicamente de conformidad con el principio de licitud, sobre la base de los siguientes fundamentos jur\u00eddicos y para los siguientes fines:<\/p>\n\n\n\n<p><strong>Cumplimiento de las obligaciones contractuales<\/strong>&nbsp;- El responsable del tratamiento trata los datos personales en la ejecuci\u00f3n del contrato con el interesado, en la medida necesaria para el cumplimiento de las obligaciones contractuales. El tratamiento de datos personales en la ejecuci\u00f3n de obligaciones contractuales se produce, por ejemplo, en relaci\u00f3n con la celebraci\u00f3n de contratos de trabajo u otros acuerdos en virtud del C\u00f3digo Laboral con los empleados del Operador y su ejecuci\u00f3n, contratos para el desempe\u00f1o de funciones celebrados con miembros de los \u00f3rganos del Operador y su ejecuci\u00f3n, la celebraci\u00f3n de diversos tipos de contratos en virtud del C\u00f3digo de Comercio, el C\u00f3digo Civil y la Ley de Propiedad Intelectual con los proveedores o socios del Operador y su ejecuci\u00f3n, la celebraci\u00f3n de contratos de subvenci\u00f3n con el Ministerio de Transporte de la Rep\u00fablica Eslovaca o contratos de compra.<\/p>\n\n\n\n<p><strong>Cumplir las obligaciones legales<\/strong>&nbsp;- El responsable del tratamiento tambi\u00e9n tratar\u00e1 los datos personales del interesado en cumplimiento de sus obligaciones legales. Estas obligaciones legales son, por ejemplo, las obligaciones derivadas de la legislaci\u00f3n laboral y fiscal, la normativa relacionada con las auditor\u00edas, la contabilidad, en relaci\u00f3n con los miembros del responsable del tratamiento, en particular las obligaciones derivadas de la Ley n.\u00ba 91\/2010 Coll. sobre la promoci\u00f3n del turismo.<\/p>\n\n\n\n<p><strong>Protecci\u00f3n de intereses vitales<\/strong>&nbsp;- el tratamiento de los datos personales del interesado tambi\u00e9n puede producirse si el responsable del tratamiento protege los intereses vitales del interesado.<\/p>\n\n\n\n<p><strong>Inter\u00e9s leg\u00edtimo<\/strong>&nbsp;Responsable del tratamiento - El Responsable del tratamiento tambi\u00e9n trata datos personales sobre la base de un inter\u00e9s leg\u00edtimo, pero s\u00f3lo si el tratamiento es necesario para la consecuci\u00f3n de los intereses leg\u00edtimos del Responsable del tratamiento o de un tercero, y si sobre dichos intereses no prevalecen los intereses o los derechos y libertades fundamentales del interesado. El inter\u00e9s leg\u00edtimo es aplicado por el Responsable del tratamiento, por ejemplo, al vigilar los locales de explotaci\u00f3n del Responsable del tratamiento para la protecci\u00f3n de la propiedad, en actividades relacionadas con la presentaci\u00f3n y promoci\u00f3n de la entidad del Responsable del tratamiento, en la realizaci\u00f3n de marketing directo.<\/p>\n\n\n\n<p><strong>Si el interesado se opone al tratamiento de sus datos personales con fines de mercadotecnia directa, el responsable del tratamiento dejar\u00e1 de tratarlos.<\/strong><\/p>\n\n\n\n<p><strong>Consentimiento para el tratamiento de datos personales<\/strong>&nbsp;- El responsable del tratamiento tambi\u00e9n tratar\u00e1 los datos personales del interesado sobre la base del consentimiento de \u00e9ste. El responsable del tratamiento obtendr\u00e1 el consentimiento del interesado siempre que sea necesario para el tratamiento de datos personales. El tratamiento de datos personales sobre la base del consentimiento se produce, por ejemplo, en relaci\u00f3n con una visita al sitio web del Operador cuando se utilizan cookies de preferencias, anal\u00edticas y de marketing, cuando se lleva a cabo marketing directo sobre la base del consentimiento del interesado, cuando se participa en el concurso del Operador.<\/p>\n\n\n\n<p><strong>5.<\/strong>&nbsp;<strong>Categor\u00edas de datos personales<\/strong><\/p>\n\n\n\n<p>El responsable del tratamiento trata los datos personales necesarios para el tratamiento de datos personales&nbsp;<strong>siempre de acuerdo con el principio de minimizaci\u00f3n<\/strong>&nbsp;para que el responsable del tratamiento pueda cumplir requisitos contractuales y legales, proteger intereses vitales, en caso necesario, realizar tareas de inter\u00e9s p\u00fablico, o tratar datos personales para los que el interesado haya dado su consentimiento, o tratar datos personales para cuyo tratamiento tenga un inter\u00e9s leg\u00edtimo.<\/p>\n\n\n\n<p>El responsable del tratamiento trata principalmente datos de identificaci\u00f3n de personas f\u00edsicas, representantes de personas jur\u00eddicas y sus datos de contacto - nombre, apellidos, direcci\u00f3n (residencia permanente \/ lugar de trabajo), fecha de nacimiento, n\u00famero de documento de identidad, firma, direcci\u00f3n de correo electr\u00f3nico, n\u00famero de tel\u00e9fono u otros datos necesarios.<\/p>\n\n\n\n<p><strong>6. Per\u00edodo de conservaci\u00f3n de los datos personales<\/strong><\/p>\n\n\n\n<p>El responsable del tratamiento conservar\u00e1 los datos personales en funci\u00f3n de la finalidad del tratamiento de los mismos. Para el per\u00edodo de conservaci\u00f3n, el responsable del tratamiento tendr\u00e1 en cuenta&nbsp;<strong>el principio de minimizaci\u00f3n<\/strong>&nbsp;conservaci\u00f3n de los datos personales, es decir, conservar\u00e1 los datos personales \u00fanicamente durante el per\u00edodo en que sea necesaria su conservaci\u00f3n.<\/p>\n\n\n\n<p>El responsable del tratamiento almacenar\u00e1 los datos personales de conformidad con&nbsp;<strong>los requisitos de la legislaci\u00f3n vigente de la Rep\u00fablica Eslovaca,&nbsp;<\/strong>en particular la Ley n\u00ba 395\/2002 Coll. sobre archivos y registros y sobre la modificaci\u00f3n de determinadas leyes, que estipula los periodos de conservaci\u00f3n de grupos individuales de datos personales de conformidad con la legislaci\u00f3n aplicable.<\/p>\n\n\n\n<p><strong>7. Derechos de las personas afectadas<\/strong><\/p>\n\n\n\n<p>La protecci\u00f3n de los datos personales de los interesados se rige por las disposiciones del Reglamento y, en determinados casos, por la Ley.<\/p>\n\n\n\n<p>El interesado podr\u00e1 ejercer los siguientes derechos ante el responsable del tratamiento mediante una solicitud:<\/p>\n\n\n\n<ul class=\"wp-block-list\">\n<li><strong>Derecho de acceso<\/strong><\/li>\n<\/ul>\n\n\n\n<p>El interesado tendr\u00e1 derecho a que se le facilite una copia de los datos personales que el responsable del tratamiento posea sobre \u00e9l, as\u00ed como informaci\u00f3n sobre la forma en que el responsable del tratamiento utiliza los datos personales.<\/p>\n\n\n\n<ul class=\"wp-block-list\">\n<li><strong>Derecho de recurso<\/strong><\/li>\n<\/ul>\n\n\n\n<p>El responsable del tratamiento adoptar\u00e1 las medidas adecuadas para garantizar la exactitud, exhaustividad y actualidad de la informaci\u00f3n que posea sobre el interesado. Si los datos personales que obran en poder del responsable del tratamiento son inexactos, incompletos o no est\u00e1n actualizados, el responsable del tratamiento modificar\u00e1, actualizar\u00e1 o completar\u00e1 dichos datos personales a iniciativa del interesado.<\/p>\n\n\n\n<ul class=\"wp-block-list\">\n<li><strong>Derecho de supresi\u00f3n<\/strong><\/li>\n<\/ul>\n\n\n\n<p>En determinadas circunstancias, el interesado tiene derecho a solicitar al responsable del tratamiento que suprima los datos personales del interesado, en particular si los datos personales que el responsable del tratamiento ha obtenido sobre el interesado ya no son necesarios para el cumplimiento de la finalidad original del tratamiento o si el interesado retira su consentimiento al tratamiento de los datos personales.  No obstante, el derecho del interesado debe evaluarse a la luz de todas las circunstancias pertinentes.<\/p>\n\n\n\n<ul class=\"wp-block-list\">\n<li><strong>Derecho a la limitaci\u00f3n del tratamiento<\/strong><\/li>\n<\/ul>\n\n\n\n<p>El interesado tiene derecho a solicitar al responsable del tratamiento que no siga tratando sus datos personales.<\/p>\n\n\n\n<ul class=\"wp-block-list\">\n<li><strong>Derecho a la portabilidad de los datos<\/strong><\/li>\n<\/ul>\n\n\n\n<p>En determinadas circunstancias, el interesado tiene derecho a transferir sus datos personales a otra entidad de su elecci\u00f3n. No obstante, el derecho de portabilidad solo se aplica a los datos personales tratados por el Responsable del tratamiento en virtud de un contrato en el que el interesado sea parte, sobre la base del consentimiento otorgado por el interesado al Responsable del tratamiento o cuando el Responsable del tratamiento trate datos personales por medios automatizados.<\/p>\n\n\n\n<ul class=\"wp-block-list\">\n<li><strong>Derecho de oposici\u00f3n<\/strong><\/li>\n<\/ul>\n\n\n\n<p>El interesado tiene derecho a oponerse al tratamiento de datos personales, por ejemplo, en caso de tratamiento de datos personales basado en el inter\u00e9s leg\u00edtimo (mercadotecnia directa) o en caso de tratamiento que implique la elaboraci\u00f3n de perfiles. Si el interesado se opone a dicho tratamiento de datos personales, el responsable del tratamiento dejar\u00e1 de tratar los datos personales del interesado.<\/p>\n\n\n\n<ul class=\"wp-block-list\">\n<li><strong>Derechos relacionados con la elaboraci\u00f3n de perfiles o la toma de decisiones automatizada<\/strong><\/li>\n<\/ul>\n\n\n\n<p>En caso de que el responsable del tratamiento trate datos personales mediante la elaboraci\u00f3n de perfiles o la toma de decisiones automatizada, el interesado tendr\u00e1 derecho a rechazar la toma de decisiones individuales automatizadas, incluida la elaboraci\u00f3n de perfiles, que produzcan un resultado jur\u00eddico o similar significativo para el interesado. En la actualidad, el responsable del tratamiento no utiliza la elaboraci\u00f3n de perfiles ni la toma de decisiones individuales automatizadas en el tratamiento de datos personales.<\/p>\n\n\n\n<ul class=\"wp-block-list\">\n<li><strong>Derecho a retirar el consentimiento<\/strong><\/li>\n<\/ul>\n\n\n\n<p>Si el responsable del tratamiento trata los datos personales del interesado sobre la base de su consentimiento, el interesado tendr\u00e1 derecho a retirar su consentimiento al tratamiento ulterior de sus datos personales. Podr\u00e1 retirar su consentimiento por escrito, por correo electr\u00f3nico o verbalmente (en persona).<\/p>\n\n\n\n<ul class=\"wp-block-list\">\n<li><strong>Derecho a presentar una queja o reclamaci\u00f3n<\/strong><\/li>\n<\/ul>\n\n\n\n<p>El interesado puede presentar una reclamaci\u00f3n ante la autoridad de control, que es&nbsp;<strong>Oficina de Protecci\u00f3n de Datos Personales de la Rep\u00fablica Eslovaca<\/strong>, con domicilio social en Hrani\u010dn\u00e1 12, 820 07 Bratislava 27; sitio web: dataprotection.gov.sk, n\u00famero de tel\u00e9fono: 02 3231 3214; correo electr\u00f3nico:&nbsp;<a href=\"mailto:statny.dozor@pdp.gov.sk\">statny.dozor@pdp.gov.sk<\/a>.<\/p>\n\n\n\n<p><strong>8. Ejercicio de los derechos del interesado<\/strong><\/p>\n\n\n\n<p>El interesado podr\u00e1 ejercer sus derechos ante el responsable del tratamiento:<\/p>\n\n\n\n<ul class=\"wp-block-list\">\n<li>por escrito, enviando una solicitud a<strong>\u00a0<\/strong>Organizaci\u00f3n Regional de Turismo Regi\u00f3n \u0160ari\u0161, Slovensk\u00e1 40, 080 01 Pre\u0161ov,<\/li>\n\n\n\n<li>electr\u00f3nicamente, a trav\u00e9s de la direcci\u00f3n de correo electr\u00f3nico info@regionsaris.sk<\/li>\n\n\n\n<li>oralmente, en los locales de la Organizaci\u00f3n Regional de Turismo Regi\u00f3n \u0160ari\u0161, Slovensk\u00e1 40, 080 01 Pre\u0161ov.<\/li>\n<\/ul>\n\n\n\n<p>A menos que el responsable del tratamiento notifique al interesado un plazo m\u00e1s largo en casos justificados, el responsable del tratamiento proporcionar\u00e1 al interesado una respuesta en el plazo de un mes a partir de la fecha en que el interesado ejerci\u00f3 sus derechos.<\/p>\n\n\n\n<p><strong>9. Perfil<\/strong><\/p>\n\n\n\n<p>El responsable del tratamiento no trata datos personales mediante la elaboraci\u00f3n de perfiles ni mediante ninguna forma de toma de decisiones individuales automatizadas.<\/p>\n\n\n\n<p><strong>10. Transferencias a terceros pa\u00edses y organizaciones internacionales<\/strong><\/p>\n\n\n\n<p>El responsable del tratamiento no transfiere activamente datos personales a terceros pa\u00edses ni a organizaciones internacionales.<\/p>\n\n\n\n<p>Con el fin de utilizar Google Analytics, los datos personales de los visitantes del sitio web del Operador se transfieren a servidores de EE.UU. El nivel de protecci\u00f3n de los datos personales en EE.UU. es comparable al nivel de protecci\u00f3n en la UE. El nivel de protecci\u00f3n de los datos personales en los EE.UU. es comparable al nivel de protecci\u00f3n en la U.E. El 12 de julio de 2016, la Comisi\u00f3n Europea dictamin\u00f3, de conformidad con el art\u00edculo 45 del Reglamento, que existe un nivel adecuado de protecci\u00f3n de los datos personales en los EE.UU., con sujeci\u00f3n a las condiciones y disposiciones del denominado \u201eEscudo de Privacidad U.E.-U.S.\u201c en los EE.UU..<\/p>\n\n\n\n<p><strong>11. Beneficiarios<\/strong><\/p>\n\n\n\n<p>En caso necesario, los datos personales de los interesados podr\u00e1n comunicarse a destinatarios, principalmente intermediarios, pero tambi\u00e9n a terceros. Entre los encargados del tratamiento figuran principalmente empresas con las que coopera el Responsable del tratamiento: empresas que prestan servicios inform\u00e1ticos, jur\u00eddicos, fiscales y contables, etc. El Responsable del tratamiento recurre exclusivamente a encargados del tratamiento que han adoptado las medidas t\u00e9cnicas y de seguridad adecuadas, mediante las cuales se cumplen los requisitos del Reglamento, la Ley y otras normativas relativas a la seguridad y la protecci\u00f3n de los datos personales, para garantizar la seguridad del tratamiento de los datos personales.<\/p>\n\n\n\n<p id=\"h-na-stranke-sa-pracuje\">Otros destinatarios son principalmente autoridades p\u00fablicas autorizadas a tratar datos personales obtenidos por el Responsable del Tratamiento.<\/p>\n\n\n\n<p><\/p>","protected":false},"excerpt":{"rendered":"<p>Inform\u00e1cia o sprac\u00favan\u00ed osobn\u00fdch \u00fadajov dotknut\u00fdch os\u00f4b pod\u013ea \u00a719 a \u00a720 Z\u00e1kona \u010d.18\/2018Z.z. o ochrane...<\/p>","protected":false},"author":1,"featured_media":0,"parent":0,"menu_order":0,"comment_status":"closed","ping_status":"closed","template":"","meta":{"_acf_changed":false,"footnotes":""},"class_list":["post-3258","page","type-page","status-publish","hentry"],"acf":[],"yoast_head":"<!-- This site is optimized with the Yoast SEO Premium plugin v26.3 (Yoast SEO v26.8) - https:\/\/yoast.com\/product\/yoast-seo-premium-wordpress\/ -->\n<title>GDPR - OOCR \u0160ari\u0161<\/title>\n<meta name=\"description\" content=\"Str\u00e1nka ochrany osobn\u00fdch \u00fadajov a pravidiel GDPR. Pr\u00e1va a povinnosti prev\u00e1dzkovate\u013ea vo\u010di ochrane a uchov\u00e1vaniu \u00fadajov.\" \/>\n<meta name=\"robots\" content=\"index, follow, max-snippet:-1, max-image-preview:large, max-video-preview:-1\" \/>\n<link rel=\"canonical\" href=\"https:\/\/www.regionsaris.sk\/es\/ochrana-osobnych-udajov\/\" \/>\n<meta property=\"og:locale\" content=\"es_ES\" \/>\n<meta property=\"og:type\" content=\"article\" \/>\n<meta property=\"og:title\" content=\"GDPR\" \/>\n<meta property=\"og:description\" content=\"Str\u00e1nka ochrany osobn\u00fdch \u00fadajov a pravidiel GDPR. Pr\u00e1va a povinnosti prev\u00e1dzkovate\u013ea vo\u010di ochrane a uchov\u00e1vaniu \u00fadajov.\" \/>\n<meta property=\"og:url\" content=\"https:\/\/www.regionsaris.sk\/es\/ochrana-osobnych-udajov\/\" \/>\n<meta property=\"og:site_name\" content=\"OOCR \u0160ari\u0161\" \/>\n<meta property=\"article:modified_time\" content=\"2026-04-27T09:52:57+00:00\" \/>\n<meta name=\"twitter:card\" content=\"summary_large_image\" \/>\n<meta name=\"twitter:label1\" content=\"Tiempo de lectura\" \/>\n\t<meta name=\"twitter:data1\" content=\"9 minutos\" \/>\n<script type=\"application\/ld+json\" class=\"yoast-schema-graph\">{\"@context\":\"https:\/\/schema.org\",\"@graph\":[{\"@type\":\"WebPage\",\"@id\":\"https:\/\/www.regionsaris.sk\/ochrana-osobnych-udajov\/\",\"url\":\"https:\/\/www.regionsaris.sk\/ochrana-osobnych-udajov\/\",\"name\":\"GDPR - OOCR \u0160ari\u0161\",\"isPartOf\":{\"@id\":\"https:\/\/www.regionsaris.sk\/#website\"},\"datePublished\":\"2026-01-11T16:16:26+00:00\",\"dateModified\":\"2026-04-27T09:52:57+00:00\",\"description\":\"Str\u00e1nka ochrany osobn\u00fdch \u00fadajov a pravidiel GDPR. Pr\u00e1va a povinnosti prev\u00e1dzkovate\u013ea vo\u010di ochrane a uchov\u00e1vaniu \u00fadajov.\",\"breadcrumb\":{\"@id\":\"https:\/\/www.regionsaris.sk\/ochrana-osobnych-udajov\/#breadcrumb\"},\"inLanguage\":\"es\",\"potentialAction\":[{\"@type\":\"ReadAction\",\"target\":[\"https:\/\/www.regionsaris.sk\/ochrana-osobnych-udajov\/\"]}]},{\"@type\":\"BreadcrumbList\",\"@id\":\"https:\/\/www.regionsaris.sk\/ochrana-osobnych-udajov\/#breadcrumb\",\"itemListElement\":[{\"@type\":\"ListItem\",\"position\":1,\"name\":\"Domov\",\"item\":\"https:\/\/www.regionsaris.sk\/\"},{\"@type\":\"ListItem\",\"position\":2,\"name\":\"GDPR\"}]},{\"@type\":\"WebSite\",\"@id\":\"https:\/\/www.regionsaris.sk\/#website\",\"url\":\"https:\/\/www.regionsaris.sk\/\",\"name\":\"OOCR \u0160ari\u0161\",\"description\":\"\",\"potentialAction\":[{\"@type\":\"SearchAction\",\"target\":{\"@type\":\"EntryPoint\",\"urlTemplate\":\"https:\/\/www.regionsaris.sk\/?s={search_term_string}\"},\"query-input\":{\"@type\":\"PropertyValueSpecification\",\"valueRequired\":true,\"valueName\":\"search_term_string\"}}],\"inLanguage\":\"es\"}]}<\/script>\n<!-- \/ Yoast SEO Premium plugin. -->","yoast_head_json":{"title":"GDPR - OOCR \u0160ari\u0161","description":"Str\u00e1nka ochrany osobn\u00fdch \u00fadajov a pravidiel GDPR. Pr\u00e1va a povinnosti prev\u00e1dzkovate\u013ea vo\u010di ochrane a uchov\u00e1vaniu \u00fadajov.","robots":{"index":"index","follow":"follow","max-snippet":"max-snippet:-1","max-image-preview":"max-image-preview:large","max-video-preview":"max-video-preview:-1"},"canonical":"https:\/\/www.regionsaris.sk\/es\/ochrana-osobnych-udajov\/","og_locale":"es_ES","og_type":"article","og_title":"GDPR","og_description":"Str\u00e1nka ochrany osobn\u00fdch \u00fadajov a pravidiel GDPR. Pr\u00e1va a povinnosti prev\u00e1dzkovate\u013ea vo\u010di ochrane a uchov\u00e1vaniu \u00fadajov.","og_url":"https:\/\/www.regionsaris.sk\/es\/ochrana-osobnych-udajov\/","og_site_name":"OOCR \u0160ari\u0161","article_modified_time":"2026-04-27T09:52:57+00:00","twitter_card":"summary_large_image","twitter_misc":{"Tiempo de lectura":"9 minutos"},"schema":{"@context":"https:\/\/schema.org","@graph":[{"@type":"WebPage","@id":"https:\/\/www.regionsaris.sk\/ochrana-osobnych-udajov\/","url":"https:\/\/www.regionsaris.sk\/ochrana-osobnych-udajov\/","name":"GDPR - OOCR \u0160ari\u0161","isPartOf":{"@id":"https:\/\/www.regionsaris.sk\/#website"},"datePublished":"2026-01-11T16:16:26+00:00","dateModified":"2026-04-27T09:52:57+00:00","description":"Str\u00e1nka ochrany osobn\u00fdch \u00fadajov a pravidiel GDPR. Pr\u00e1va a povinnosti prev\u00e1dzkovate\u013ea vo\u010di ochrane a uchov\u00e1vaniu \u00fadajov.","breadcrumb":{"@id":"https:\/\/www.regionsaris.sk\/ochrana-osobnych-udajov\/#breadcrumb"},"inLanguage":"es","potentialAction":[{"@type":"ReadAction","target":["https:\/\/www.regionsaris.sk\/ochrana-osobnych-udajov\/"]}]},{"@type":"BreadcrumbList","@id":"https:\/\/www.regionsaris.sk\/ochrana-osobnych-udajov\/#breadcrumb","itemListElement":[{"@type":"ListItem","position":1,"name":"Domov","item":"https:\/\/www.regionsaris.sk\/"},{"@type":"ListItem","position":2,"name":"GDPR"}]},{"@type":"WebSite","@id":"https:\/\/www.regionsaris.sk\/#website","url":"https:\/\/www.regionsaris.sk\/","name":"OOCR \u0160ari\u0161","description":"","potentialAction":[{"@type":"SearchAction","target":{"@type":"EntryPoint","urlTemplate":"https:\/\/www.regionsaris.sk\/?s={search_term_string}"},"query-input":{"@type":"PropertyValueSpecification","valueRequired":true,"valueName":"search_term_string"}}],"inLanguage":"es"}]}},"_links":{"self":[{"href":"https:\/\/www.regionsaris.sk\/es\/wp-json\/wp\/v2\/pages\/3258","targetHints":{"allow":["GET"]}}],"collection":[{"href":"https:\/\/www.regionsaris.sk\/es\/wp-json\/wp\/v2\/pages"}],"about":[{"href":"https:\/\/www.regionsaris.sk\/es\/wp-json\/wp\/v2\/types\/page"}],"author":[{"embeddable":true,"href":"https:\/\/www.regionsaris.sk\/es\/wp-json\/wp\/v2\/users\/1"}],"replies":[{"embeddable":true,"href":"https:\/\/www.regionsaris.sk\/es\/wp-json\/wp\/v2\/comments?post=3258"}],"version-history":[{"count":4,"href":"https:\/\/www.regionsaris.sk\/es\/wp-json\/wp\/v2\/pages\/3258\/revisions"}],"predecessor-version":[{"id":4463,"href":"https:\/\/www.regionsaris.sk\/es\/wp-json\/wp\/v2\/pages\/3258\/revisions\/4463"}],"wp:attachment":[{"href":"https:\/\/www.regionsaris.sk\/es\/wp-json\/wp\/v2\/media?parent=3258"}],"curies":[{"name":"wp","href":"https:\/\/api.w.org\/{rel}","templated":true}]}}