{"id":2589,"date":"2026-01-07T12:44:59","date_gmt":"2026-01-07T11:44:59","guid":{"rendered":"https:\/\/www.regionsaris.sk\/?post_type=nabozensky-turizmus&#038;p=2589"},"modified":"2026-02-05T13:47:27","modified_gmt":"2026-02-05T12:47:27","slug":"dreveny-greckokatolicky-chram-svateho-lukasa-krive","status":"publish","type":"nabozensky-turizmus","link":"https:\/\/www.regionsaris.sk\/es\/nabozensky-turizmus\/dreveny-greckokatolicky-chram-svateho-lukasa-krive\/","title":{"rendered":"Iglesia greco-cat\u00f3lica de madera de San Lucas, Krive"},"content":{"rendered":"<p>La iglesia greco-cat\u00f3lica de madera del pueblo de Kriv\u00e9, dedicada al Santo Ap\u00f3stol y Evangelista Lucas, es caracter\u00edstica por su masividad y sencillez.<br>La estructura de troncos se alza sobre unos cimientos de piedra, que desaparecen en el lado oeste. Todo el edificio tiene una planta rectangular unificada con un santuario poligonal, una nave alargada y una torre cuadrada. La torre se eleva desde el n\u00e1rtex, tiene paneles verticales y molduras, y est\u00e1 coronada por una linterna barroca con una amapola y una cruz. En el interior hay dos campanas. Una de las campanas data de 1826, a\u00f1o de construcci\u00f3n de la iglesia. El templo se cubri\u00f3 con un sencillo tejado a dos aguas, perdiendo as\u00ed el aspecto de tres torres tan t\u00edpico de los edificios circundantes de la zona. Como resultado del tejado de tejas del santuario y la nave y del chapado del n\u00e1rtex, el templo da la impresi\u00f3n de ser un edificio de una sola pieza.<br>De hecho, se trata de un edificio de tres espacios. La parte de la entrada se denomina vest\u00edbulo, popularmente llamado granero. Antiguamente era un lugar reservado a los catec\u00famenos y penitentes. Simb\u00f3licamente, representa el purgatorio o la Iglesia sufriente.<br>La siguiente parte es la barca. En ella se concentran los fieles que participan en las ceremonias. Simb\u00f3licamente, representa a la Iglesia errante, es decir, a los cristianos que viven en la tierra. La tercera parte, situada detr\u00e1s del iconostasio - la pared de la imagen, se llama el santuario. Representa el reino de los cielos, el para\u00edso, y tambi\u00e9n la Iglesia triunfante y glorificada en el cielo. El precioso iconostasio est\u00e1 formado por iconos de diferentes \u00e9pocas. En la fila principal, en el centro, hay puertas reales talladas con medallones de los Evangelistas y escenas de la Anunciaci\u00f3n. Junto con los iconos de San Nicol\u00e1s, la Madre de Dios Hodigitria, Cristo Maestro y San Lucas Ap\u00f3stol, datan de principios del siglo XVIII. El iconostasio tiene una arquitectura de cuatro naves distribuidas en cuatro pisos. Est\u00e1 entonado en color rojo ladrillo. Es inusual el marco azul de los marcos de la puerta del Zar. Las columnas y los marcos de los iconos est\u00e1n dorados, la puerta del Zar est\u00e1 decorada con racimos de uvas.<br>No existe en Eslovaquia ning\u00fan iconostasio similar de esta \u00e9poca en tan buen estado de conservaci\u00f3n y en tal cantidad. Tambi\u00e9n hay una cruz pintada en el siglo XVII, un icono de la Crucifixi\u00f3n del siglo XIX y un icono de la Pasi\u00f3n de Cristo del siglo XVIII. En el centro del icono est\u00e1 Cristo con las llagas de la Pasi\u00f3n y a su alrededor se representan objetos relacionados con su Pasi\u00f3n.<\/p>\n\n\n\n<p>Fuente : www.drevenchramy.sk<\/p>\n\n\n\n<p>Foto: Henryk Bielamowicz, cergov.sk<\/p>","protected":false},"featured_media":2590,"template":"","meta":{"_acf_changed":false},"kategoria-poi":[186,168],"lokalita":[178],"sezona-poi":[12],"trvanie-vyletu":[217],"class_list":["post-2589","nabozensky-turizmus","type-nabozensky-turizmus","status-publish","has-post-thumbnail","hentry","kategoria-poi-drevene-chramy","kategoria-poi-nabozensky-turizmus","lokalita-bardejov-a-okolie","sezona-poi-celorocne","trvanie-vyletu-kratke-vylety"],"acf":[],"yoast_head":"<!-- This site is optimized with the Yoast SEO Premium plugin v26.3 (Yoast SEO v26.8) - https:\/\/yoast.com\/product\/yoast-seo-premium-wordpress\/ -->\n<title>Dreven\u00fd gr\u00e9ckokatol\u00edcky chr\u00e1m sv\u00e4t\u00e9ho Luk\u00e1\u0161a, Kriv\u00e9 - OOCR \u0160ari\u0161<\/title>\n<meta name=\"robots\" content=\"index, follow, max-snippet:-1, max-image-preview:large, max-video-preview:-1\" \/>\n<link rel=\"canonical\" href=\"https:\/\/www.regionsaris.sk\/es\/nabozensky-turizmus\/dreveny-greckokatolicky-chram-svateho-lukasa-krive\/\" \/>\n<meta property=\"og:locale\" content=\"es_ES\" \/>\n<meta property=\"og:type\" content=\"article\" \/>\n<meta property=\"og:title\" content=\"Dreven\u00fd gr\u00e9ckokatol\u00edcky chr\u00e1m sv\u00e4t\u00e9ho Luk\u00e1\u0161a, Kriv\u00e9\" \/>\n<meta property=\"og:description\" content=\"Dreven\u00fd gr\u00e9ckokatol\u00edcky chr\u00e1m v obci Kriv\u00e9, zasv\u00e4ten\u00fd sv\u00e4t\u00e9mu apo\u0161tolovi a evanjelistovi Luk\u00e1\u0161ovi je charakteristicky svojou...\" \/>\n<meta property=\"og:url\" content=\"https:\/\/www.regionsaris.sk\/es\/nabozensky-turizmus\/dreveny-greckokatolicky-chram-svateho-lukasa-krive\/\" \/>\n<meta property=\"og:site_name\" content=\"OOCR \u0160ari\u0161\" \/>\n<meta property=\"article:modified_time\" content=\"2026-02-05T12:47:27+00:00\" \/>\n<meta property=\"og:image\" content=\"https:\/\/www.regionsaris.sk\/wp-content\/uploads\/2026\/01\/krive259-thumb.jpg\" \/>\n\t<meta property=\"og:image:width\" content=\"600\" \/>\n\t<meta property=\"og:image:height\" content=\"400\" \/>\n\t<meta property=\"og:image:type\" content=\"image\/jpeg\" \/>\n<meta name=\"twitter:card\" content=\"summary_large_image\" \/>\n<meta name=\"twitter:label1\" content=\"Tiempo de lectura\" \/>\n\t<meta name=\"twitter:data1\" content=\"2 minutos\" \/>\n<script type=\"application\/ld+json\" class=\"yoast-schema-graph\">{\"@context\":\"https:\/\/schema.org\",\"@graph\":[{\"@type\":\"WebPage\",\"@id\":\"https:\/\/www.regionsaris.sk\/nabozensky-turizmus\/dreveny-greckokatolicky-chram-svateho-lukasa-krive\/\",\"url\":\"https:\/\/www.regionsaris.sk\/nabozensky-turizmus\/dreveny-greckokatolicky-chram-svateho-lukasa-krive\/\",\"name\":\"Dreven\u00fd gr\u00e9ckokatol\u00edcky chr\u00e1m sv\u00e4t\u00e9ho Luk\u00e1\u0161a, Kriv\u00e9 - OOCR \u0160ari\u0161\",\"isPartOf\":{\"@id\":\"https:\/\/www.regionsaris.sk\/#website\"},\"primaryImageOfPage\":{\"@id\":\"https:\/\/www.regionsaris.sk\/nabozensky-turizmus\/dreveny-greckokatolicky-chram-svateho-lukasa-krive\/#primaryimage\"},\"image\":{\"@id\":\"https:\/\/www.regionsaris.sk\/nabozensky-turizmus\/dreveny-greckokatolicky-chram-svateho-lukasa-krive\/#primaryimage\"},\"thumbnailUrl\":\"https:\/\/www.regionsaris.sk\/wp-content\/uploads\/2026\/01\/krive259-thumb.jpg\",\"datePublished\":\"2026-01-07T11:44:59+00:00\",\"dateModified\":\"2026-02-05T12:47:27+00:00\",\"breadcrumb\":{\"@id\":\"https:\/\/www.regionsaris.sk\/nabozensky-turizmus\/dreveny-greckokatolicky-chram-svateho-lukasa-krive\/#breadcrumb\"},\"inLanguage\":\"es\",\"potentialAction\":[{\"@type\":\"ReadAction\",\"target\":[\"https:\/\/www.regionsaris.sk\/nabozensky-turizmus\/dreveny-greckokatolicky-chram-svateho-lukasa-krive\/\"]}]},{\"@type\":\"ImageObject\",\"inLanguage\":\"es\",\"@id\":\"https:\/\/www.regionsaris.sk\/nabozensky-turizmus\/dreveny-greckokatolicky-chram-svateho-lukasa-krive\/#primaryimage\",\"url\":\"https:\/\/www.regionsaris.sk\/wp-content\/uploads\/2026\/01\/krive259-thumb.jpg\",\"contentUrl\":\"https:\/\/www.regionsaris.sk\/wp-content\/uploads\/2026\/01\/krive259-thumb.jpg\",\"width\":600,\"height\":400},{\"@type\":\"BreadcrumbList\",\"@id\":\"https:\/\/www.regionsaris.sk\/nabozensky-turizmus\/dreveny-greckokatolicky-chram-svateho-lukasa-krive\/#breadcrumb\",\"itemListElement\":[{\"@type\":\"ListItem\",\"position\":1,\"name\":\"Domov\",\"item\":\"https:\/\/www.regionsaris.sk\/\"},{\"@type\":\"ListItem\",\"position\":2,\"name\":\"N\u00e1bo\u017eensk\u00fd turizmus v regi\u00f3ne\",\"item\":\"https:\/\/www.regionsaris.sk\/nabozensky-turizmus-v-regione\/\"},{\"@type\":\"ListItem\",\"position\":3,\"name\":\"Dreven\u00fd gr\u00e9ckokatol\u00edcky chr\u00e1m sv\u00e4t\u00e9ho Luk\u00e1\u0161a, Kriv\u00e9\"}]},{\"@type\":\"WebSite\",\"@id\":\"https:\/\/www.regionsaris.sk\/#website\",\"url\":\"https:\/\/www.regionsaris.sk\/\",\"name\":\"OOCR \u0160ari\u0161\",\"description\":\"\",\"potentialAction\":[{\"@type\":\"SearchAction\",\"target\":{\"@type\":\"EntryPoint\",\"urlTemplate\":\"https:\/\/www.regionsaris.sk\/?s={search_term_string}\"},\"query-input\":{\"@type\":\"PropertyValueSpecification\",\"valueRequired\":true,\"valueName\":\"search_term_string\"}}],\"inLanguage\":\"es\"}]}<\/script>\n<!-- \/ Yoast SEO Premium plugin. -->","yoast_head_json":{"title":"Dreven\u00fd gr\u00e9ckokatol\u00edcky chr\u00e1m sv\u00e4t\u00e9ho Luk\u00e1\u0161a, Kriv\u00e9 - OOCR \u0160ari\u0161","robots":{"index":"index","follow":"follow","max-snippet":"max-snippet:-1","max-image-preview":"max-image-preview:large","max-video-preview":"max-video-preview:-1"},"canonical":"https:\/\/www.regionsaris.sk\/es\/nabozensky-turizmus\/dreveny-greckokatolicky-chram-svateho-lukasa-krive\/","og_locale":"es_ES","og_type":"article","og_title":"Dreven\u00fd gr\u00e9ckokatol\u00edcky chr\u00e1m sv\u00e4t\u00e9ho Luk\u00e1\u0161a, Kriv\u00e9","og_description":"Dreven\u00fd gr\u00e9ckokatol\u00edcky chr\u00e1m v obci Kriv\u00e9, zasv\u00e4ten\u00fd sv\u00e4t\u00e9mu apo\u0161tolovi a evanjelistovi Luk\u00e1\u0161ovi je charakteristicky svojou...","og_url":"https:\/\/www.regionsaris.sk\/es\/nabozensky-turizmus\/dreveny-greckokatolicky-chram-svateho-lukasa-krive\/","og_site_name":"OOCR \u0160ari\u0161","article_modified_time":"2026-02-05T12:47:27+00:00","og_image":[{"width":600,"height":400,"url":"https:\/\/www.regionsaris.sk\/wp-content\/uploads\/2026\/01\/krive259-thumb.jpg","type":"image\/jpeg"}],"twitter_card":"summary_large_image","twitter_misc":{"Tiempo de lectura":"2 minutos"},"schema":{"@context":"https:\/\/schema.org","@graph":[{"@type":"WebPage","@id":"https:\/\/www.regionsaris.sk\/nabozensky-turizmus\/dreveny-greckokatolicky-chram-svateho-lukasa-krive\/","url":"https:\/\/www.regionsaris.sk\/nabozensky-turizmus\/dreveny-greckokatolicky-chram-svateho-lukasa-krive\/","name":"Dreven\u00fd gr\u00e9ckokatol\u00edcky chr\u00e1m sv\u00e4t\u00e9ho Luk\u00e1\u0161a, Kriv\u00e9 - OOCR \u0160ari\u0161","isPartOf":{"@id":"https:\/\/www.regionsaris.sk\/#website"},"primaryImageOfPage":{"@id":"https:\/\/www.regionsaris.sk\/nabozensky-turizmus\/dreveny-greckokatolicky-chram-svateho-lukasa-krive\/#primaryimage"},"image":{"@id":"https:\/\/www.regionsaris.sk\/nabozensky-turizmus\/dreveny-greckokatolicky-chram-svateho-lukasa-krive\/#primaryimage"},"thumbnailUrl":"https:\/\/www.regionsaris.sk\/wp-content\/uploads\/2026\/01\/krive259-thumb.jpg","datePublished":"2026-01-07T11:44:59+00:00","dateModified":"2026-02-05T12:47:27+00:00","breadcrumb":{"@id":"https:\/\/www.regionsaris.sk\/nabozensky-turizmus\/dreveny-greckokatolicky-chram-svateho-lukasa-krive\/#breadcrumb"},"inLanguage":"es","potentialAction":[{"@type":"ReadAction","target":["https:\/\/www.regionsaris.sk\/nabozensky-turizmus\/dreveny-greckokatolicky-chram-svateho-lukasa-krive\/"]}]},{"@type":"ImageObject","inLanguage":"es","@id":"https:\/\/www.regionsaris.sk\/nabozensky-turizmus\/dreveny-greckokatolicky-chram-svateho-lukasa-krive\/#primaryimage","url":"https:\/\/www.regionsaris.sk\/wp-content\/uploads\/2026\/01\/krive259-thumb.jpg","contentUrl":"https:\/\/www.regionsaris.sk\/wp-content\/uploads\/2026\/01\/krive259-thumb.jpg","width":600,"height":400},{"@type":"BreadcrumbList","@id":"https:\/\/www.regionsaris.sk\/nabozensky-turizmus\/dreveny-greckokatolicky-chram-svateho-lukasa-krive\/#breadcrumb","itemListElement":[{"@type":"ListItem","position":1,"name":"Domov","item":"https:\/\/www.regionsaris.sk\/"},{"@type":"ListItem","position":2,"name":"N\u00e1bo\u017eensk\u00fd turizmus v regi\u00f3ne","item":"https:\/\/www.regionsaris.sk\/nabozensky-turizmus-v-regione\/"},{"@type":"ListItem","position":3,"name":"Dreven\u00fd gr\u00e9ckokatol\u00edcky chr\u00e1m sv\u00e4t\u00e9ho Luk\u00e1\u0161a, Kriv\u00e9"}]},{"@type":"WebSite","@id":"https:\/\/www.regionsaris.sk\/#website","url":"https:\/\/www.regionsaris.sk\/","name":"OOCR \u0160ari\u0161","description":"","potentialAction":[{"@type":"SearchAction","target":{"@type":"EntryPoint","urlTemplate":"https:\/\/www.regionsaris.sk\/?s={search_term_string}"},"query-input":{"@type":"PropertyValueSpecification","valueRequired":true,"valueName":"search_term_string"}}],"inLanguage":"es"}]}},"_links":{"self":[{"href":"https:\/\/www.regionsaris.sk\/es\/wp-json\/wp\/v2\/nabozensky-turizmus\/2589","targetHints":{"allow":["GET"]}}],"collection":[{"href":"https:\/\/www.regionsaris.sk\/es\/wp-json\/wp\/v2\/nabozensky-turizmus"}],"about":[{"href":"https:\/\/www.regionsaris.sk\/es\/wp-json\/wp\/v2\/types\/nabozensky-turizmus"}],"wp:featuredmedia":[{"embeddable":true,"href":"https:\/\/www.regionsaris.sk\/es\/wp-json\/wp\/v2\/media\/2590"}],"wp:attachment":[{"href":"https:\/\/www.regionsaris.sk\/es\/wp-json\/wp\/v2\/media?parent=2589"}],"wp:term":[{"taxonomy":"kategoria-poi","embeddable":true,"href":"https:\/\/www.regionsaris.sk\/es\/wp-json\/wp\/v2\/kategoria-poi?post=2589"},{"taxonomy":"lokalita","embeddable":true,"href":"https:\/\/www.regionsaris.sk\/es\/wp-json\/wp\/v2\/lokalita?post=2589"},{"taxonomy":"sezona-poi","embeddable":true,"href":"https:\/\/www.regionsaris.sk\/es\/wp-json\/wp\/v2\/sezona-poi?post=2589"},{"taxonomy":"trvanie-vyletu","embeddable":true,"href":"https:\/\/www.regionsaris.sk\/es\/wp-json\/wp\/v2\/trvanie-vyletu?post=2589"}],"curies":[{"name":"wp","href":"https:\/\/api.w.org\/{rel}","templated":true}]}}