{"id":2567,"date":"2026-01-07T12:45:04","date_gmt":"2026-01-07T11:45:04","guid":{"rendered":"https:\/\/www.regionsaris.sk\/?post_type=nabozensky-turizmus&#038;p=2567"},"modified":"2026-02-05T13:43:32","modified_gmt":"2026-02-05T12:43:32","slug":"dreveny-chram-svatych-kozmu-a-damiana-vysny-komarnik","status":"publish","type":"nabozensky-turizmus","link":"https:\/\/www.regionsaris.sk\/es\/nabozensky-turizmus\/dreveny-chram-svatych-kozmu-a-damiana-vysny-komarnik\/","title":{"rendered":"Iglesia de madera de los Santos Cosme y Dami\u00e1n, Vy\u0161n\u00fd Kom\u00e1rnik"},"content":{"rendered":"<p>La iglesia de madera de 1924 se construy\u00f3 en el emplazamiento de una antigua iglesia de madera de 1700, destruida en la Primera Guerra Mundial.<\/p>\n\n\n\n<p>La iglesia est\u00e1 dedicada a los santos bizantinos, los hermanos curanderos Cosme y Dami\u00e1n. Tiene un gran n\u00e1rtex con una torre prism\u00e1tica protegida del exterior por tablas verticales. En la torre hay cuatro campanas. Los iconos individuales forman parte de la liturgia de la Iglesia oriental.<\/p>\n\n\n\n<p>El templo est\u00e1 construido con troncos y la torre con columnas. Est\u00e1 construido sobre unos cimientos bajos de piedra. El templo tiene tres partes, tres espacios y tres torres con tres cruces de metal. La entrada est\u00e1 en el lado oeste a trav\u00e9s del vest\u00edbulo. Carece de coro. La nave es la m\u00e1s ancha en planta. Los altos ventanales del santuario y la nave son una caracter\u00edstica interesante de esta iglesia.<\/p>\n\n\n\n<p>El iconostasio tiene una arquitectura de cuatro naves, en cuatro pisos. Los iconos son m\u00e1s recientes, probablemente de la \u00e9poca de la construcci\u00f3n de este segundo templo. Todo el iconostasio fue restaurado en 2006.<\/p>\n\n\n\n<p>Fuente : www.drevenchramy.sk<\/p>\n\n\n\n<p>Fotos de Henryk Bielamowicz<\/p>","protected":false},"featured_media":2568,"template":"","meta":{"_acf_changed":false},"kategoria-poi":[186,168],"lokalita":[115],"sezona-poi":[12],"trvanie-vyletu":[180],"class_list":["post-2567","nabozensky-turizmus","type-nabozensky-turizmus","status-publish","has-post-thumbnail","hentry","kategoria-poi-drevene-chramy","kategoria-poi-nabozensky-turizmus","lokalita-svidnik-a-okolie","sezona-poi-celorocne","trvanie-vyletu-poldenne-vylety"],"acf":[],"yoast_head":"<!-- This site is optimized with the Yoast SEO Premium plugin v26.3 (Yoast SEO v26.8) - https:\/\/yoast.com\/product\/yoast-seo-premium-wordpress\/ -->\n<title>Dreven\u00fd chr\u00e1m sv\u00e4t\u00fdch Kozmu a Dami\u00e1na, Vy\u0161n\u00fd Kom\u00e1rnik - OOCR \u0160ari\u0161<\/title>\n<meta name=\"robots\" content=\"index, follow, max-snippet:-1, max-image-preview:large, max-video-preview:-1\" \/>\n<link rel=\"canonical\" href=\"https:\/\/www.regionsaris.sk\/es\/nabozensky-turizmus\/dreveny-chram-svatych-kozmu-a-damiana-vysny-komarnik\/\" \/>\n<meta property=\"og:locale\" content=\"es_ES\" \/>\n<meta property=\"og:type\" content=\"article\" \/>\n<meta property=\"og:title\" content=\"Dreven\u00fd chr\u00e1m sv\u00e4t\u00fdch Kozmu a Dami\u00e1na, Vy\u0161n\u00fd Kom\u00e1rnik\" \/>\n<meta property=\"og:description\" content=\"Dreven\u00e1 cerkov z roku 1924 bola postaven\u00e1 na mieste star\u0161ej drevenej cerkvi z roku 1700,...\" \/>\n<meta property=\"og:url\" content=\"https:\/\/www.regionsaris.sk\/es\/nabozensky-turizmus\/dreveny-chram-svatych-kozmu-a-damiana-vysny-komarnik\/\" \/>\n<meta property=\"og:site_name\" content=\"OOCR \u0160ari\u0161\" \/>\n<meta property=\"article:modified_time\" content=\"2026-02-05T12:43:32+00:00\" \/>\n<meta property=\"og:image\" content=\"https:\/\/www.regionsaris.sk\/wp-content\/uploads\/2026\/01\/vysny-komarnik-kozmu248-thumb.jpg\" \/>\n\t<meta property=\"og:image:width\" content=\"600\" \/>\n\t<meta property=\"og:image:height\" content=\"400\" \/>\n\t<meta property=\"og:image:type\" content=\"image\/jpeg\" \/>\n<meta name=\"twitter:card\" content=\"summary_large_image\" \/>\n<meta name=\"twitter:label1\" content=\"Tiempo de lectura\" \/>\n\t<meta name=\"twitter:data1\" content=\"1 minuto\" \/>\n<script type=\"application\/ld+json\" class=\"yoast-schema-graph\">{\"@context\":\"https:\/\/schema.org\",\"@graph\":[{\"@type\":\"WebPage\",\"@id\":\"https:\/\/www.regionsaris.sk\/nabozensky-turizmus\/dreveny-chram-svatych-kozmu-a-damiana-vysny-komarnik\/\",\"url\":\"https:\/\/www.regionsaris.sk\/nabozensky-turizmus\/dreveny-chram-svatych-kozmu-a-damiana-vysny-komarnik\/\",\"name\":\"Dreven\u00fd chr\u00e1m sv\u00e4t\u00fdch Kozmu a Dami\u00e1na, Vy\u0161n\u00fd Kom\u00e1rnik - OOCR \u0160ari\u0161\",\"isPartOf\":{\"@id\":\"https:\/\/www.regionsaris.sk\/#website\"},\"primaryImageOfPage\":{\"@id\":\"https:\/\/www.regionsaris.sk\/nabozensky-turizmus\/dreveny-chram-svatych-kozmu-a-damiana-vysny-komarnik\/#primaryimage\"},\"image\":{\"@id\":\"https:\/\/www.regionsaris.sk\/nabozensky-turizmus\/dreveny-chram-svatych-kozmu-a-damiana-vysny-komarnik\/#primaryimage\"},\"thumbnailUrl\":\"https:\/\/www.regionsaris.sk\/wp-content\/uploads\/2026\/01\/vysny-komarnik-kozmu248-thumb.jpg\",\"datePublished\":\"2026-01-07T11:45:04+00:00\",\"dateModified\":\"2026-02-05T12:43:32+00:00\",\"breadcrumb\":{\"@id\":\"https:\/\/www.regionsaris.sk\/nabozensky-turizmus\/dreveny-chram-svatych-kozmu-a-damiana-vysny-komarnik\/#breadcrumb\"},\"inLanguage\":\"es\",\"potentialAction\":[{\"@type\":\"ReadAction\",\"target\":[\"https:\/\/www.regionsaris.sk\/nabozensky-turizmus\/dreveny-chram-svatych-kozmu-a-damiana-vysny-komarnik\/\"]}]},{\"@type\":\"ImageObject\",\"inLanguage\":\"es\",\"@id\":\"https:\/\/www.regionsaris.sk\/nabozensky-turizmus\/dreveny-chram-svatych-kozmu-a-damiana-vysny-komarnik\/#primaryimage\",\"url\":\"https:\/\/www.regionsaris.sk\/wp-content\/uploads\/2026\/01\/vysny-komarnik-kozmu248-thumb.jpg\",\"contentUrl\":\"https:\/\/www.regionsaris.sk\/wp-content\/uploads\/2026\/01\/vysny-komarnik-kozmu248-thumb.jpg\",\"width\":600,\"height\":400},{\"@type\":\"BreadcrumbList\",\"@id\":\"https:\/\/www.regionsaris.sk\/nabozensky-turizmus\/dreveny-chram-svatych-kozmu-a-damiana-vysny-komarnik\/#breadcrumb\",\"itemListElement\":[{\"@type\":\"ListItem\",\"position\":1,\"name\":\"Domov\",\"item\":\"https:\/\/www.regionsaris.sk\/\"},{\"@type\":\"ListItem\",\"position\":2,\"name\":\"N\u00e1bo\u017eensk\u00fd turizmus v regi\u00f3ne\",\"item\":\"https:\/\/www.regionsaris.sk\/nabozensky-turizmus-v-regione\/\"},{\"@type\":\"ListItem\",\"position\":3,\"name\":\"Dreven\u00fd chr\u00e1m sv\u00e4t\u00fdch Kozmu a Dami\u00e1na, Vy\u0161n\u00fd Kom\u00e1rnik\"}]},{\"@type\":\"WebSite\",\"@id\":\"https:\/\/www.regionsaris.sk\/#website\",\"url\":\"https:\/\/www.regionsaris.sk\/\",\"name\":\"OOCR \u0160ari\u0161\",\"description\":\"\",\"potentialAction\":[{\"@type\":\"SearchAction\",\"target\":{\"@type\":\"EntryPoint\",\"urlTemplate\":\"https:\/\/www.regionsaris.sk\/?s={search_term_string}\"},\"query-input\":{\"@type\":\"PropertyValueSpecification\",\"valueRequired\":true,\"valueName\":\"search_term_string\"}}],\"inLanguage\":\"es\"}]}<\/script>\n<!-- \/ Yoast SEO Premium plugin. -->","yoast_head_json":{"title":"Dreven\u00fd chr\u00e1m sv\u00e4t\u00fdch Kozmu a Dami\u00e1na, Vy\u0161n\u00fd Kom\u00e1rnik - OOCR \u0160ari\u0161","robots":{"index":"index","follow":"follow","max-snippet":"max-snippet:-1","max-image-preview":"max-image-preview:large","max-video-preview":"max-video-preview:-1"},"canonical":"https:\/\/www.regionsaris.sk\/es\/nabozensky-turizmus\/dreveny-chram-svatych-kozmu-a-damiana-vysny-komarnik\/","og_locale":"es_ES","og_type":"article","og_title":"Dreven\u00fd chr\u00e1m sv\u00e4t\u00fdch Kozmu a Dami\u00e1na, Vy\u0161n\u00fd Kom\u00e1rnik","og_description":"Dreven\u00e1 cerkov z roku 1924 bola postaven\u00e1 na mieste star\u0161ej drevenej cerkvi z roku 1700,...","og_url":"https:\/\/www.regionsaris.sk\/es\/nabozensky-turizmus\/dreveny-chram-svatych-kozmu-a-damiana-vysny-komarnik\/","og_site_name":"OOCR \u0160ari\u0161","article_modified_time":"2026-02-05T12:43:32+00:00","og_image":[{"width":600,"height":400,"url":"https:\/\/www.regionsaris.sk\/wp-content\/uploads\/2026\/01\/vysny-komarnik-kozmu248-thumb.jpg","type":"image\/jpeg"}],"twitter_card":"summary_large_image","twitter_misc":{"Tiempo de lectura":"1 minuto"},"schema":{"@context":"https:\/\/schema.org","@graph":[{"@type":"WebPage","@id":"https:\/\/www.regionsaris.sk\/nabozensky-turizmus\/dreveny-chram-svatych-kozmu-a-damiana-vysny-komarnik\/","url":"https:\/\/www.regionsaris.sk\/nabozensky-turizmus\/dreveny-chram-svatych-kozmu-a-damiana-vysny-komarnik\/","name":"Dreven\u00fd chr\u00e1m sv\u00e4t\u00fdch Kozmu a Dami\u00e1na, Vy\u0161n\u00fd Kom\u00e1rnik - OOCR \u0160ari\u0161","isPartOf":{"@id":"https:\/\/www.regionsaris.sk\/#website"},"primaryImageOfPage":{"@id":"https:\/\/www.regionsaris.sk\/nabozensky-turizmus\/dreveny-chram-svatych-kozmu-a-damiana-vysny-komarnik\/#primaryimage"},"image":{"@id":"https:\/\/www.regionsaris.sk\/nabozensky-turizmus\/dreveny-chram-svatych-kozmu-a-damiana-vysny-komarnik\/#primaryimage"},"thumbnailUrl":"https:\/\/www.regionsaris.sk\/wp-content\/uploads\/2026\/01\/vysny-komarnik-kozmu248-thumb.jpg","datePublished":"2026-01-07T11:45:04+00:00","dateModified":"2026-02-05T12:43:32+00:00","breadcrumb":{"@id":"https:\/\/www.regionsaris.sk\/nabozensky-turizmus\/dreveny-chram-svatych-kozmu-a-damiana-vysny-komarnik\/#breadcrumb"},"inLanguage":"es","potentialAction":[{"@type":"ReadAction","target":["https:\/\/www.regionsaris.sk\/nabozensky-turizmus\/dreveny-chram-svatych-kozmu-a-damiana-vysny-komarnik\/"]}]},{"@type":"ImageObject","inLanguage":"es","@id":"https:\/\/www.regionsaris.sk\/nabozensky-turizmus\/dreveny-chram-svatych-kozmu-a-damiana-vysny-komarnik\/#primaryimage","url":"https:\/\/www.regionsaris.sk\/wp-content\/uploads\/2026\/01\/vysny-komarnik-kozmu248-thumb.jpg","contentUrl":"https:\/\/www.regionsaris.sk\/wp-content\/uploads\/2026\/01\/vysny-komarnik-kozmu248-thumb.jpg","width":600,"height":400},{"@type":"BreadcrumbList","@id":"https:\/\/www.regionsaris.sk\/nabozensky-turizmus\/dreveny-chram-svatych-kozmu-a-damiana-vysny-komarnik\/#breadcrumb","itemListElement":[{"@type":"ListItem","position":1,"name":"Domov","item":"https:\/\/www.regionsaris.sk\/"},{"@type":"ListItem","position":2,"name":"N\u00e1bo\u017eensk\u00fd turizmus v regi\u00f3ne","item":"https:\/\/www.regionsaris.sk\/nabozensky-turizmus-v-regione\/"},{"@type":"ListItem","position":3,"name":"Dreven\u00fd chr\u00e1m sv\u00e4t\u00fdch Kozmu a Dami\u00e1na, Vy\u0161n\u00fd Kom\u00e1rnik"}]},{"@type":"WebSite","@id":"https:\/\/www.regionsaris.sk\/#website","url":"https:\/\/www.regionsaris.sk\/","name":"OOCR \u0160ari\u0161","description":"","potentialAction":[{"@type":"SearchAction","target":{"@type":"EntryPoint","urlTemplate":"https:\/\/www.regionsaris.sk\/?s={search_term_string}"},"query-input":{"@type":"PropertyValueSpecification","valueRequired":true,"valueName":"search_term_string"}}],"inLanguage":"es"}]}},"_links":{"self":[{"href":"https:\/\/www.regionsaris.sk\/es\/wp-json\/wp\/v2\/nabozensky-turizmus\/2567","targetHints":{"allow":["GET"]}}],"collection":[{"href":"https:\/\/www.regionsaris.sk\/es\/wp-json\/wp\/v2\/nabozensky-turizmus"}],"about":[{"href":"https:\/\/www.regionsaris.sk\/es\/wp-json\/wp\/v2\/types\/nabozensky-turizmus"}],"wp:featuredmedia":[{"embeddable":true,"href":"https:\/\/www.regionsaris.sk\/es\/wp-json\/wp\/v2\/media\/2568"}],"wp:attachment":[{"href":"https:\/\/www.regionsaris.sk\/es\/wp-json\/wp\/v2\/media?parent=2567"}],"wp:term":[{"taxonomy":"kategoria-poi","embeddable":true,"href":"https:\/\/www.regionsaris.sk\/es\/wp-json\/wp\/v2\/kategoria-poi?post=2567"},{"taxonomy":"lokalita","embeddable":true,"href":"https:\/\/www.regionsaris.sk\/es\/wp-json\/wp\/v2\/lokalita?post=2567"},{"taxonomy":"sezona-poi","embeddable":true,"href":"https:\/\/www.regionsaris.sk\/es\/wp-json\/wp\/v2\/sezona-poi?post=2567"},{"taxonomy":"trvanie-vyletu","embeddable":true,"href":"https:\/\/www.regionsaris.sk\/es\/wp-json\/wp\/v2\/trvanie-vyletu?post=2567"}],"curies":[{"name":"wp","href":"https:\/\/api.w.org\/{rel}","templated":true}]}}