{"id":2565,"date":"2026-01-07T12:45:04","date_gmt":"2026-01-07T11:45:04","guid":{"rendered":"https:\/\/www.regionsaris.sk\/?post_type=nabozensky-turizmus&#038;p=2565"},"modified":"2026-02-05T13:43:09","modified_gmt":"2026-02-05T12:43:09","slug":"dreveny-chram-sv-bazila-velkeho-krajne-cierno","status":"publish","type":"nabozensky-turizmus","link":"https:\/\/www.regionsaris.sk\/es\/nabozensky-turizmus\/dreveny-chram-sv-bazila-velkeho-krajne-cierno\/","title":{"rendered":"Iglesia de madera de San Basilio el Grande, Krajn\u00e9 \u010cierno"},"content":{"rendered":"<p><strong>Iglesia de San Basilio el Grande<\/strong> es una iglesia greco-cat\u00f3lica situada en el pueblo de Krajn\u00e9 \u010cierno, en el distrito de Svidn\u00edk.<\/p>\n\n\n\n<p>La iglesia de troncos de San Basilio el Grande, de tres cuerpos, se construy\u00f3 a finales del siglo XVIII. El exterior de la caba\u00f1a de troncos est\u00e1 cubierto de tejas. El tejado tambi\u00e9n es de tejas hechas con troncos de con\u00edferas cortados a mano. La planta de la iglesia consta de tres cuadrados dispuestos en una sola l\u00ednea, que comienza en el lado este con el presbiterio, una nave cuadrada, y termina en el oeste con la nave. La anchura de la nave es id\u00e9ntica a la de la cabecera. En el santuario y la nave hay un sistema de troncos de disposici\u00f3n interna. Ambos espacios est\u00e1n coronados por c\u00fapulas en forma de agujas truncadas. La torre sobre la nave tiene aproximadamente las mismas dimensiones que la anchura del presbiterio. La protecci\u00f3n de la torre se realiza mediante tablas verticales de madera de con\u00edfera y no de tejas como en otras partes de la iglesia. Estos dos espacios, separados entre s\u00ed por la nave, armonizan entre s\u00ed y crean un sistema \u00f3pticamente unificado de todo el edificio.<\/p>\n\n\n\n<p>El tejado cuadrangular de dos niveles sobre la nave en la cumbrera tiene un peque\u00f1o tejado c\u00f3nico (no con extensiones de cebolla como en Ladomirova, Hunkovce, Bodru\u017eali y Miroli), sobre el que hay una cruz de metal forjado. El tejado sobre el presbiterio est\u00e1 modificado, a cuatro aguas en un lado, anclado a la nave, en la cumbrera con una superestructura cuadrada rematada con un tejado c\u00f3nico con una cruz.<\/p>\n\n\n\n<p>La arquitectura de la iglesia pertenece a los edificios sacros bizantinos donde se celebra el rito oriental y la liturgia eclesi\u00e1stica de Juan Cris\u00f3stomo. El interior de la iglesia consta de un iconostasio barroco con tallas de madera policromada e iconos realizados en el siglo XVIII. Tambi\u00e9n hay iconos de una \u00e9poca anterior. La iglesia est\u00e1 rodeada por un cerramiento de troncos de madera con tejado de tejas. La entrada al edificio de la iglesia se realiza a trav\u00e9s de una puerta con un tejado c\u00f3nico cubierto de tejas. La iglesia fue restaurada entre 1947 y 1948 y a principios del siglo XXI.<\/p>\n\n\n\n<p>Cabe destacar que al principio del pueblo todav\u00eda hay una iglesia de madera cubierta con tejado de hojalata.<\/p>\n\n\n\n<p>Una caracter\u00edstica interesante de las iglesias de madera de la regi\u00f3n de Svidnica es que fueron construidas durante el reinado de Mar\u00eda Teresa.<\/p>\n\n\n\n<p>Fuente: <a href=\"http:\/\/www.drevenchramy.sk\/\">www.drevenchramy.sk<\/a><\/p>\n\n\n\n<p>Fotos:<strong>\u00a0<\/strong>Henryk Bielamowicz<\/p>","protected":false},"featured_media":2566,"template":"","meta":{"_acf_changed":false},"kategoria-poi":[186,168],"lokalita":[115],"sezona-poi":[12],"trvanie-vyletu":[180],"class_list":["post-2565","nabozensky-turizmus","type-nabozensky-turizmus","status-publish","has-post-thumbnail","hentry","kategoria-poi-drevene-chramy","kategoria-poi-nabozensky-turizmus","lokalita-svidnik-a-okolie","sezona-poi-celorocne","trvanie-vyletu-poldenne-vylety"],"acf":[],"yoast_head":"<!-- This site is optimized with the Yoast SEO Premium plugin v26.3 (Yoast SEO v26.8) - https:\/\/yoast.com\/product\/yoast-seo-premium-wordpress\/ -->\n<title>Dreven\u00fd chr\u00e1m Sv. Bazila Ve\u013ek\u00e9ho, Krajn\u00e9 \u010cierno - OOCR \u0160ari\u0161<\/title>\n<meta name=\"robots\" content=\"index, follow, max-snippet:-1, max-image-preview:large, max-video-preview:-1\" \/>\n<link rel=\"canonical\" href=\"https:\/\/www.regionsaris.sk\/es\/nabozensky-turizmus\/dreveny-chram-sv-bazila-velkeho-krajne-cierno\/\" \/>\n<meta property=\"og:locale\" content=\"es_ES\" \/>\n<meta property=\"og:type\" content=\"article\" \/>\n<meta property=\"og:title\" content=\"Dreven\u00fd chr\u00e1m Sv. Bazila Ve\u013ek\u00e9ho, Krajn\u00e9 \u010cierno\" \/>\n<meta property=\"og:description\" content=\"Chr\u00e1m sv\u00e4t\u00e9ho Bazila Ve\u013ek\u00e9ho je gr\u00e9ckokatol\u00edcka cerkva v obci Krajn\u00e9 \u010cierno v okrese Svidn\u00edk. Trojdielna...\" \/>\n<meta property=\"og:url\" content=\"https:\/\/www.regionsaris.sk\/es\/nabozensky-turizmus\/dreveny-chram-sv-bazila-velkeho-krajne-cierno\/\" \/>\n<meta property=\"og:site_name\" content=\"OOCR \u0160ari\u0161\" \/>\n<meta property=\"article:modified_time\" content=\"2026-02-05T12:43:09+00:00\" \/>\n<meta property=\"og:image\" content=\"https:\/\/www.regionsaris.sk\/wp-content\/uploads\/2026\/01\/krajne-cierno245-thumb.jpg\" \/>\n\t<meta property=\"og:image:width\" content=\"600\" \/>\n\t<meta property=\"og:image:height\" content=\"400\" \/>\n\t<meta property=\"og:image:type\" content=\"image\/jpeg\" \/>\n<meta name=\"twitter:card\" content=\"summary_large_image\" \/>\n<meta name=\"twitter:label1\" content=\"Tiempo de lectura\" \/>\n\t<meta name=\"twitter:data1\" content=\"2 minutos\" \/>\n<script type=\"application\/ld+json\" class=\"yoast-schema-graph\">{\"@context\":\"https:\/\/schema.org\",\"@graph\":[{\"@type\":\"WebPage\",\"@id\":\"https:\/\/www.regionsaris.sk\/nabozensky-turizmus\/dreveny-chram-sv-bazila-velkeho-krajne-cierno\/\",\"url\":\"https:\/\/www.regionsaris.sk\/nabozensky-turizmus\/dreveny-chram-sv-bazila-velkeho-krajne-cierno\/\",\"name\":\"Dreven\u00fd chr\u00e1m Sv. Bazila Ve\u013ek\u00e9ho, Krajn\u00e9 \u010cierno - OOCR \u0160ari\u0161\",\"isPartOf\":{\"@id\":\"https:\/\/www.regionsaris.sk\/#website\"},\"primaryImageOfPage\":{\"@id\":\"https:\/\/www.regionsaris.sk\/nabozensky-turizmus\/dreveny-chram-sv-bazila-velkeho-krajne-cierno\/#primaryimage\"},\"image\":{\"@id\":\"https:\/\/www.regionsaris.sk\/nabozensky-turizmus\/dreveny-chram-sv-bazila-velkeho-krajne-cierno\/#primaryimage\"},\"thumbnailUrl\":\"https:\/\/www.regionsaris.sk\/wp-content\/uploads\/2026\/01\/krajne-cierno245-thumb.jpg\",\"datePublished\":\"2026-01-07T11:45:04+00:00\",\"dateModified\":\"2026-02-05T12:43:09+00:00\",\"breadcrumb\":{\"@id\":\"https:\/\/www.regionsaris.sk\/nabozensky-turizmus\/dreveny-chram-sv-bazila-velkeho-krajne-cierno\/#breadcrumb\"},\"inLanguage\":\"es\",\"potentialAction\":[{\"@type\":\"ReadAction\",\"target\":[\"https:\/\/www.regionsaris.sk\/nabozensky-turizmus\/dreveny-chram-sv-bazila-velkeho-krajne-cierno\/\"]}]},{\"@type\":\"ImageObject\",\"inLanguage\":\"es\",\"@id\":\"https:\/\/www.regionsaris.sk\/nabozensky-turizmus\/dreveny-chram-sv-bazila-velkeho-krajne-cierno\/#primaryimage\",\"url\":\"https:\/\/www.regionsaris.sk\/wp-content\/uploads\/2026\/01\/krajne-cierno245-thumb.jpg\",\"contentUrl\":\"https:\/\/www.regionsaris.sk\/wp-content\/uploads\/2026\/01\/krajne-cierno245-thumb.jpg\",\"width\":600,\"height\":400},{\"@type\":\"BreadcrumbList\",\"@id\":\"https:\/\/www.regionsaris.sk\/nabozensky-turizmus\/dreveny-chram-sv-bazila-velkeho-krajne-cierno\/#breadcrumb\",\"itemListElement\":[{\"@type\":\"ListItem\",\"position\":1,\"name\":\"Domov\",\"item\":\"https:\/\/www.regionsaris.sk\/\"},{\"@type\":\"ListItem\",\"position\":2,\"name\":\"N\u00e1bo\u017eensk\u00fd turizmus v regi\u00f3ne\",\"item\":\"https:\/\/www.regionsaris.sk\/nabozensky-turizmus-v-regione\/\"},{\"@type\":\"ListItem\",\"position\":3,\"name\":\"Dreven\u00fd chr\u00e1m Sv. Bazila Ve\u013ek\u00e9ho, Krajn\u00e9 \u010cierno\"}]},{\"@type\":\"WebSite\",\"@id\":\"https:\/\/www.regionsaris.sk\/#website\",\"url\":\"https:\/\/www.regionsaris.sk\/\",\"name\":\"OOCR \u0160ari\u0161\",\"description\":\"\",\"potentialAction\":[{\"@type\":\"SearchAction\",\"target\":{\"@type\":\"EntryPoint\",\"urlTemplate\":\"https:\/\/www.regionsaris.sk\/?s={search_term_string}\"},\"query-input\":{\"@type\":\"PropertyValueSpecification\",\"valueRequired\":true,\"valueName\":\"search_term_string\"}}],\"inLanguage\":\"es\"}]}<\/script>\n<!-- \/ Yoast SEO Premium plugin. -->","yoast_head_json":{"title":"Dreven\u00fd chr\u00e1m Sv. Bazila Ve\u013ek\u00e9ho, Krajn\u00e9 \u010cierno - OOCR \u0160ari\u0161","robots":{"index":"index","follow":"follow","max-snippet":"max-snippet:-1","max-image-preview":"max-image-preview:large","max-video-preview":"max-video-preview:-1"},"canonical":"https:\/\/www.regionsaris.sk\/es\/nabozensky-turizmus\/dreveny-chram-sv-bazila-velkeho-krajne-cierno\/","og_locale":"es_ES","og_type":"article","og_title":"Dreven\u00fd chr\u00e1m Sv. Bazila Ve\u013ek\u00e9ho, Krajn\u00e9 \u010cierno","og_description":"Chr\u00e1m sv\u00e4t\u00e9ho Bazila Ve\u013ek\u00e9ho je gr\u00e9ckokatol\u00edcka cerkva v obci Krajn\u00e9 \u010cierno v okrese Svidn\u00edk. Trojdielna...","og_url":"https:\/\/www.regionsaris.sk\/es\/nabozensky-turizmus\/dreveny-chram-sv-bazila-velkeho-krajne-cierno\/","og_site_name":"OOCR \u0160ari\u0161","article_modified_time":"2026-02-05T12:43:09+00:00","og_image":[{"width":600,"height":400,"url":"https:\/\/www.regionsaris.sk\/wp-content\/uploads\/2026\/01\/krajne-cierno245-thumb.jpg","type":"image\/jpeg"}],"twitter_card":"summary_large_image","twitter_misc":{"Tiempo de lectura":"2 minutos"},"schema":{"@context":"https:\/\/schema.org","@graph":[{"@type":"WebPage","@id":"https:\/\/www.regionsaris.sk\/nabozensky-turizmus\/dreveny-chram-sv-bazila-velkeho-krajne-cierno\/","url":"https:\/\/www.regionsaris.sk\/nabozensky-turizmus\/dreveny-chram-sv-bazila-velkeho-krajne-cierno\/","name":"Dreven\u00fd chr\u00e1m Sv. Bazila Ve\u013ek\u00e9ho, Krajn\u00e9 \u010cierno - OOCR \u0160ari\u0161","isPartOf":{"@id":"https:\/\/www.regionsaris.sk\/#website"},"primaryImageOfPage":{"@id":"https:\/\/www.regionsaris.sk\/nabozensky-turizmus\/dreveny-chram-sv-bazila-velkeho-krajne-cierno\/#primaryimage"},"image":{"@id":"https:\/\/www.regionsaris.sk\/nabozensky-turizmus\/dreveny-chram-sv-bazila-velkeho-krajne-cierno\/#primaryimage"},"thumbnailUrl":"https:\/\/www.regionsaris.sk\/wp-content\/uploads\/2026\/01\/krajne-cierno245-thumb.jpg","datePublished":"2026-01-07T11:45:04+00:00","dateModified":"2026-02-05T12:43:09+00:00","breadcrumb":{"@id":"https:\/\/www.regionsaris.sk\/nabozensky-turizmus\/dreveny-chram-sv-bazila-velkeho-krajne-cierno\/#breadcrumb"},"inLanguage":"es","potentialAction":[{"@type":"ReadAction","target":["https:\/\/www.regionsaris.sk\/nabozensky-turizmus\/dreveny-chram-sv-bazila-velkeho-krajne-cierno\/"]}]},{"@type":"ImageObject","inLanguage":"es","@id":"https:\/\/www.regionsaris.sk\/nabozensky-turizmus\/dreveny-chram-sv-bazila-velkeho-krajne-cierno\/#primaryimage","url":"https:\/\/www.regionsaris.sk\/wp-content\/uploads\/2026\/01\/krajne-cierno245-thumb.jpg","contentUrl":"https:\/\/www.regionsaris.sk\/wp-content\/uploads\/2026\/01\/krajne-cierno245-thumb.jpg","width":600,"height":400},{"@type":"BreadcrumbList","@id":"https:\/\/www.regionsaris.sk\/nabozensky-turizmus\/dreveny-chram-sv-bazila-velkeho-krajne-cierno\/#breadcrumb","itemListElement":[{"@type":"ListItem","position":1,"name":"Domov","item":"https:\/\/www.regionsaris.sk\/"},{"@type":"ListItem","position":2,"name":"N\u00e1bo\u017eensk\u00fd turizmus v regi\u00f3ne","item":"https:\/\/www.regionsaris.sk\/nabozensky-turizmus-v-regione\/"},{"@type":"ListItem","position":3,"name":"Dreven\u00fd chr\u00e1m Sv. Bazila Ve\u013ek\u00e9ho, Krajn\u00e9 \u010cierno"}]},{"@type":"WebSite","@id":"https:\/\/www.regionsaris.sk\/#website","url":"https:\/\/www.regionsaris.sk\/","name":"OOCR \u0160ari\u0161","description":"","potentialAction":[{"@type":"SearchAction","target":{"@type":"EntryPoint","urlTemplate":"https:\/\/www.regionsaris.sk\/?s={search_term_string}"},"query-input":{"@type":"PropertyValueSpecification","valueRequired":true,"valueName":"search_term_string"}}],"inLanguage":"es"}]}},"_links":{"self":[{"href":"https:\/\/www.regionsaris.sk\/es\/wp-json\/wp\/v2\/nabozensky-turizmus\/2565","targetHints":{"allow":["GET"]}}],"collection":[{"href":"https:\/\/www.regionsaris.sk\/es\/wp-json\/wp\/v2\/nabozensky-turizmus"}],"about":[{"href":"https:\/\/www.regionsaris.sk\/es\/wp-json\/wp\/v2\/types\/nabozensky-turizmus"}],"wp:featuredmedia":[{"embeddable":true,"href":"https:\/\/www.regionsaris.sk\/es\/wp-json\/wp\/v2\/media\/2566"}],"wp:attachment":[{"href":"https:\/\/www.regionsaris.sk\/es\/wp-json\/wp\/v2\/media?parent=2565"}],"wp:term":[{"taxonomy":"kategoria-poi","embeddable":true,"href":"https:\/\/www.regionsaris.sk\/es\/wp-json\/wp\/v2\/kategoria-poi?post=2565"},{"taxonomy":"lokalita","embeddable":true,"href":"https:\/\/www.regionsaris.sk\/es\/wp-json\/wp\/v2\/lokalita?post=2565"},{"taxonomy":"sezona-poi","embeddable":true,"href":"https:\/\/www.regionsaris.sk\/es\/wp-json\/wp\/v2\/sezona-poi?post=2565"},{"taxonomy":"trvanie-vyletu","embeddable":true,"href":"https:\/\/www.regionsaris.sk\/es\/wp-json\/wp\/v2\/trvanie-vyletu?post=2565"}],"curies":[{"name":"wp","href":"https:\/\/api.w.org\/{rel}","templated":true}]}}