{"id":2553,"date":"2026-01-07T12:45:06","date_gmt":"2026-01-07T11:45:06","guid":{"rendered":"https:\/\/www.regionsaris.sk\/?post_type=nabozensky-turizmus&#038;p=2553"},"modified":"2026-02-05T13:40:32","modified_gmt":"2026-02-05T12:40:32","slug":"dreveny-greckokatolicky-chram-svateho-lukasa-evanjelistu-brezany","status":"publish","type":"nabozensky-turizmus","link":"https:\/\/www.regionsaris.sk\/es\/nabozensky-turizmus\/dreveny-greckokatolicky-chram-svateho-lukasa-evanjelistu-brezany\/","title":{"rendered":"Iglesia greco-cat\u00f3lica de madera de San Lucas Evangelista, Bre\u017eany"},"content":{"rendered":"<p data-start=\"138\" data-end=\"428\"><strong data-start=\"138\" data-end=\"198\">Iglesia greco-cat\u00f3lica de madera de San Lucas en Bre\u017eany<\/strong> fechas del a\u00f1o <strong data-start=\"215\" data-end=\"223\">1727<\/strong>. V <strong data-start=\"227\" data-end=\"254\">1950s<\/strong>, cuando los creyentes locales se inclinaron hacia <strong data-start=\"292\" data-end=\"320\">al rito cat\u00f3lico romano<\/strong>, el templo comenz\u00f3 a utilizarse para su culto, aunque <strong data-start=\"370\" data-end=\"427\">sigui\u00f3 siendo propiedad de la Iglesia greco-cat\u00f3lica<\/strong>.<\/p>\n<p data-start=\"430\" data-end=\"917\">Desde el punto de vista arquitect\u00f3nico es <strong data-start=\"465\" data-end=\"516\">edificio de tres cuerpos, tres espacios y una torre<\/strong> s <strong data-start=\"519\" data-end=\"535\">por dos cruces<\/strong>. <strong data-start=\"537\" data-end=\"554\">Barco y santuario<\/strong> se construyen <strong data-start=\"568\" data-end=\"590\">t\u00e9cnica de la caba\u00f1a de troncos<\/strong>, mientras que <strong data-start=\"596\" data-end=\"627\">la torre tiene una estructura columnar<\/strong>. Los espacios entre las vigas son <strong data-start=\"654\" data-end=\"678\">rellenado y blanqueado<\/strong>, que da al edificio un aspecto r\u00fastico t\u00edpico. <strong data-start=\"724\" data-end=\"746\">Techo piramidal<\/strong> est\u00e1 cubierto <strong data-start=\"758\" data-end=\"770\">culebrilla<\/strong> y en <strong data-start=\"776\" data-end=\"784\">torres<\/strong> se suspenden <strong data-start=\"797\" data-end=\"810\">dos campanas<\/strong>. En su parte superior destaca <strong data-start=\"837\" data-end=\"865\">cruz decorativa de tres brazos<\/strong>, que pertenece a <strong data-start=\"885\" data-end=\"916\">la m\u00e1s bella de toda la eparqu\u00eda<\/strong>.<\/p>\n<p data-start=\"430\" data-end=\"917\"><\/p>\n<p data-start=\"430\" data-end=\"917\"><a href=\"https:\/\/www.regionsaris.sk\/wp-content\/uploads\/2026\/01\/REGIONSARIS_IMG_0014_zmensene.jpg\"><img loading=\"lazy\" decoding=\"async\" class=\"wp-image-34365 alignnone\" src=\"https:\/\/www.regionsaris.sk\/wp-content\/uploads\/2026\/01\/REGIONSARIS_IMG_0014_zmensene-300x200.jpg\" alt=\"\" width=\"914\" height=\"609\" \/><\/a><\/p>\n<p data-start=\"430\" data-end=\"917\"><\/p>\n<p data-start=\"919\" data-end=\"1257\">El templo pas\u00f3 <strong data-start=\"933\" data-end=\"976\">renovaci\u00f3n parcial en 1999 y 2001<\/strong>. Su <strong data-start=\"983\" data-end=\"1006\">equipo interno<\/strong> proviene de <strong data-start=\"1018\" data-end=\"1049\">primera mitad del siglo xviii<\/strong>. La caracter\u00edstica dominante es <strong data-start=\"1065\" data-end=\"1100\">iconostasio de cuatro filas de iconos<\/strong> del a\u00f1o <strong data-start=\"1108\" data-end=\"1116\">1733<\/strong>, que es excepcional en el sentido de que <strong data-start=\"1145\" data-end=\"1201\">carece de la representaci\u00f3n tradicional de la Crucifixi\u00f3n o la Cruz<\/strong> en la parte superior, algo inusual en la iconograf\u00eda de los templos.<\/p>\n<p data-start=\"919\" data-end=\"1257\"><strong data-start=\"1719\" data-end=\"1735\">Altar mayor<\/strong> fechas del a\u00f1o <strong data-start=\"1752\" data-end=\"1760\">1782<\/strong> y es <strong data-start=\"1766\" data-end=\"1778\">Barroco<\/strong>. Situado en la <strong data-start=\"1795\" data-end=\"1814\">comedor de ladrillo<\/strong> y adornado con <strong data-start=\"1826\" data-end=\"1859\">imagen de la Coronaci\u00f3n de la Virgen Mar\u00eda<\/strong> En <strong data-start=\"1863\" data-end=\"1896\">Francisco Fernando (1782)<\/strong>, establecido en <strong data-start=\"1910\" data-end=\"1944\">columna altar arquitectura<\/strong>. <strong data-start=\"1946\" data-end=\"1977\">Puertas Real y Di\u00e1cono<\/strong> han sido en el pasado <strong data-start=\"1995\" data-end=\"2027\">trasladado detr\u00e1s del altar mayor<\/strong>.<\/p>\n<p data-start=\"919\" data-end=\"1257\"><\/p>\n<p data-start=\"919\" data-end=\"1257\"><a href=\"https:\/\/www.regionsaris.sk\/wp-content\/uploads\/2026\/01\/REGIONSARIS_IMG_0013_zmensene.jpg\"><img loading=\"lazy\" decoding=\"async\" class=\"wp-image-34361 alignnone\" src=\"https:\/\/www.regionsaris.sk\/wp-content\/uploads\/2026\/01\/REGIONSARIS_IMG_0013_zmensene-300x200.jpg\" alt=\"\" width=\"918\" height=\"612\" \/><\/a><\/p>\n<p data-start=\"2032\" data-end=\"2309\">Las partes m\u00e1s valiosas de la decoraci\u00f3n son <strong data-start=\"2071\" data-end=\"2103\">Icono de San Lucas Evangelista<\/strong>, que representa al autor del Evangelio <strong data-start=\"2134\" data-end=\"2163\">en plena actividad creativa<\/strong> en la escritura de los textos sagrados. En la parte inferior del marco se representan <strong data-start=\"2232\" data-end=\"2261\">financiadores arrodillados del templo<\/strong>, que son <strong data-start=\"2272\" data-end=\"2306\">rezar a Cristo crucificado<\/strong>.<\/p>\n<p data-start=\"2311\" data-end=\"2766\">El templo forma parte del <strong data-start=\"2329\" data-end=\"2355\">cementerio hist\u00f3rico<\/strong>, donde se puede encontrar <strong data-start=\"2373\" data-end=\"2412\">tumbas y cruces de m\u00e1s de cien a\u00f1os<\/strong>. Especialmente <strong data-start=\"2421\" data-end=\"2437\">cruces met\u00e1licas<\/strong> son sumamente interesantes. Una parte del cementerio es <strong data-start=\"2492\" data-end=\"2530\">reservado para las tumbas de los reci\u00e9n nacidos<\/strong> - seis tumbas peque\u00f1as, <strong data-start=\"2553\" data-end=\"2581\">inferior a un metro<\/strong>, est\u00e1 marcado <strong data-start=\"2597\" data-end=\"2629\">peque\u00f1as cruces de madera<\/strong>, S\u00f3lo alto <strong data-start=\"2644\" data-end=\"2668\">unos 20 cent\u00edmetros<\/strong>. Este punto de vista es <strong data-start=\"2686\" data-end=\"2717\">conmovedor y escalofriante al mismo tiempo<\/strong> y recuerda <strong data-start=\"2730\" data-end=\"2763\">la fugacidad de la vida humana<\/strong>.<\/p>\n&nbsp;\n\n<span style=\"font-weight: 400;\">Tambi\u00e9n puede encontrar otras iglesias de madera en la regi\u00f3n. Merece la pena visitarlas, por ejemplo:<\/span><a href=\"https:\/\/www.regionsaris.sk\/es\/nabozensky_turizmus\/dreveny-chram-sv-michala-archanjela-unesco-ladomirova\/\"> <span style=\"font-weight: 400;\">Iglesia de madera de San Miguel Arc\u00e1ngel UNESCO en Ladom\u00edrovo<\/span><\/a><span style=\"font-weight: 400;\">,<\/span><a href=\"https:\/\/www.regionsaris.sk\/es\/nabozensky_turizmus\/dreveny-chram-ochrany-presvatej-bohorodicky-hunkovce\/\"> <span style=\"font-weight: 400;\">Iglesia de madera de la Protecci\u00f3n de la Sant\u00edsima Madre de Dios en Hunkovce<\/span><\/a><span style=\"font-weight: 400;\">,<\/span><a href=\"https:\/\/www.regionsaris.sk\/es\/nabozensky_turizmus\/dreveny-chram-svateho-mikulasa-bodruzal\/\"> <span style=\"font-weight: 400;\">Iglesia de madera de San Nicol\u00e1s en Bodru\u017eal<\/span><\/a><span style=\"font-weight: 400;\">,<\/span><a href=\"https:\/\/www.regionsaris.sk\/es\/nabozensky_turizmus\/dreveny-chram-svatej-paraskevy-nova-polianka-svidnik\/\"> <span style=\"font-weight: 400;\">Iglesia de madera de Santa Paraskeva en Svidn\u00edk<\/span><\/a><span style=\"font-weight: 400;\">,<\/span><a href=\"https:\/\/www.regionsaris.sk\/es\/nabozensky_turizmus\/dreveny-chram-sv-velkomucenika-dimitrija-solunskeho-medvedie\/\"> <span style=\"font-weight: 400;\">La iglesia de madera de San Dimitrios Gran M\u00e1rtir de Sal\u00f3nica en Medvedi<\/span><\/a><span style=\"font-weight: 400;\"> o<\/span><a href=\"https:\/\/www.regionsaris.sk\/es\/nabozensky_turizmus\/dreveny-greckokatolicky-chram-stretnutia-pana-so-simeonom-kozany\/\"> <span style=\"font-weight: 400;\">Iglesia greco-cat\u00f3lica de madera del Encuentro del Se\u00f1or con Sime\u00f3n en Ko\u017eany<\/span><\/a><span style=\"font-weight: 400;\">, etc.\u00a0<\/span>\n\n<span style=\"font-weight: 400;\">La lista de iglesias de madera puede consultarse en la subp\u00e1gina <a href=\"https:\/\/regionpoloniny.sk\/drevene-chramy\/\">de la regi\u00f3n de Poloniny<\/a>.<\/span>\n\n&nbsp;","protected":false},"featured_media":2556,"template":"","meta":{"_acf_changed":false},"kategoria-poi":[186,169,168],"lokalita":[28],"sezona-poi":[12],"trvanie-vyletu":[180],"class_list":["post-2553","nabozensky-turizmus","type-nabozensky-turizmus","status-publish","has-post-thumbnail","hentry","kategoria-poi-drevene-chramy","kategoria-poi-kostoly","kategoria-poi-nabozensky-turizmus","lokalita-presov-a-okolie","sezona-poi-celorocne","trvanie-vyletu-poldenne-vylety"],"acf":[],"yoast_head":"<!-- This site is optimized with the Yoast SEO Premium plugin v26.3 (Yoast SEO v26.8) - https:\/\/yoast.com\/product\/yoast-seo-premium-wordpress\/ -->\n<title>Dreven\u00fd gr\u00e9ckokatol\u00edcky chr\u00e1m sv\u00e4t\u00e9ho Luk\u00e1\u0161a Evanjelistu, Bre\u017eany - OOCR \u0160ari\u0161<\/title>\n<meta name=\"robots\" content=\"index, follow, max-snippet:-1, max-image-preview:large, max-video-preview:-1\" \/>\n<link rel=\"canonical\" href=\"https:\/\/www.regionsaris.sk\/es\/nabozensky-turizmus\/dreveny-greckokatolicky-chram-svateho-lukasa-evanjelistu-brezany\/\" \/>\n<meta property=\"og:locale\" content=\"es_ES\" \/>\n<meta property=\"og:type\" content=\"article\" \/>\n<meta property=\"og:title\" content=\"Dreven\u00fd gr\u00e9ckokatol\u00edcky chr\u00e1m sv\u00e4t\u00e9ho Luk\u00e1\u0161a Evanjelistu, Bre\u017eany\" \/>\n<meta property=\"og:description\" content=\"Gr\u00e9ckokatol\u00edcky dreven\u00fd chr\u00e1m sv\u00e4t\u00e9ho Luk\u00e1\u0161a v Bre\u017eanoch poch\u00e1dza z roku 1727. V 50. rokoch 20....\" \/>\n<meta property=\"og:url\" content=\"https:\/\/www.regionsaris.sk\/es\/nabozensky-turizmus\/dreveny-greckokatolicky-chram-svateho-lukasa-evanjelistu-brezany\/\" \/>\n<meta property=\"og:site_name\" content=\"OOCR \u0160ari\u0161\" \/>\n<meta property=\"article:modified_time\" content=\"2026-02-05T12:40:32+00:00\" \/>\n<meta property=\"og:image\" content=\"https:\/\/www.regionsaris.sk\/wp-content\/uploads\/2026\/01\/REGIONSARIS_IMG_0133.jpg\" \/>\n\t<meta property=\"og:image:width\" content=\"1024\" \/>\n\t<meta property=\"og:image:height\" content=\"576\" \/>\n\t<meta property=\"og:image:type\" content=\"image\/jpeg\" \/>\n<meta name=\"twitter:card\" content=\"summary_large_image\" \/>\n<meta name=\"twitter:label1\" content=\"Tiempo de lectura\" \/>\n\t<meta name=\"twitter:data1\" content=\"2 minutos\" \/>\n<script type=\"application\/ld+json\" class=\"yoast-schema-graph\">{\"@context\":\"https:\/\/schema.org\",\"@graph\":[{\"@type\":\"WebPage\",\"@id\":\"https:\/\/www.regionsaris.sk\/nabozensky-turizmus\/dreveny-greckokatolicky-chram-svateho-lukasa-evanjelistu-brezany\/\",\"url\":\"https:\/\/www.regionsaris.sk\/nabozensky-turizmus\/dreveny-greckokatolicky-chram-svateho-lukasa-evanjelistu-brezany\/\",\"name\":\"Dreven\u00fd gr\u00e9ckokatol\u00edcky chr\u00e1m sv\u00e4t\u00e9ho Luk\u00e1\u0161a Evanjelistu, Bre\u017eany - OOCR \u0160ari\u0161\",\"isPartOf\":{\"@id\":\"https:\/\/www.regionsaris.sk\/#website\"},\"primaryImageOfPage\":{\"@id\":\"https:\/\/www.regionsaris.sk\/nabozensky-turizmus\/dreveny-greckokatolicky-chram-svateho-lukasa-evanjelistu-brezany\/#primaryimage\"},\"image\":{\"@id\":\"https:\/\/www.regionsaris.sk\/nabozensky-turizmus\/dreveny-greckokatolicky-chram-svateho-lukasa-evanjelistu-brezany\/#primaryimage\"},\"thumbnailUrl\":\"https:\/\/www.regionsaris.sk\/wp-content\/uploads\/2026\/01\/REGIONSARIS_IMG_0133.jpg\",\"datePublished\":\"2026-01-07T11:45:06+00:00\",\"dateModified\":\"2026-02-05T12:40:32+00:00\",\"breadcrumb\":{\"@id\":\"https:\/\/www.regionsaris.sk\/nabozensky-turizmus\/dreveny-greckokatolicky-chram-svateho-lukasa-evanjelistu-brezany\/#breadcrumb\"},\"inLanguage\":\"es\",\"potentialAction\":[{\"@type\":\"ReadAction\",\"target\":[\"https:\/\/www.regionsaris.sk\/nabozensky-turizmus\/dreveny-greckokatolicky-chram-svateho-lukasa-evanjelistu-brezany\/\"]}]},{\"@type\":\"ImageObject\",\"inLanguage\":\"es\",\"@id\":\"https:\/\/www.regionsaris.sk\/nabozensky-turizmus\/dreveny-greckokatolicky-chram-svateho-lukasa-evanjelistu-brezany\/#primaryimage\",\"url\":\"https:\/\/www.regionsaris.sk\/wp-content\/uploads\/2026\/01\/REGIONSARIS_IMG_0133.jpg\",\"contentUrl\":\"https:\/\/www.regionsaris.sk\/wp-content\/uploads\/2026\/01\/REGIONSARIS_IMG_0133.jpg\",\"width\":1024,\"height\":576},{\"@type\":\"BreadcrumbList\",\"@id\":\"https:\/\/www.regionsaris.sk\/nabozensky-turizmus\/dreveny-greckokatolicky-chram-svateho-lukasa-evanjelistu-brezany\/#breadcrumb\",\"itemListElement\":[{\"@type\":\"ListItem\",\"position\":1,\"name\":\"Domov\",\"item\":\"https:\/\/www.regionsaris.sk\/\"},{\"@type\":\"ListItem\",\"position\":2,\"name\":\"N\u00e1bo\u017eensk\u00fd turizmus v regi\u00f3ne\",\"item\":\"https:\/\/www.regionsaris.sk\/nabozensky-turizmus-v-regione\/\"},{\"@type\":\"ListItem\",\"position\":3,\"name\":\"Dreven\u00fd gr\u00e9ckokatol\u00edcky chr\u00e1m sv\u00e4t\u00e9ho Luk\u00e1\u0161a Evanjelistu, Bre\u017eany\"}]},{\"@type\":\"WebSite\",\"@id\":\"https:\/\/www.regionsaris.sk\/#website\",\"url\":\"https:\/\/www.regionsaris.sk\/\",\"name\":\"OOCR \u0160ari\u0161\",\"description\":\"\",\"potentialAction\":[{\"@type\":\"SearchAction\",\"target\":{\"@type\":\"EntryPoint\",\"urlTemplate\":\"https:\/\/www.regionsaris.sk\/?s={search_term_string}\"},\"query-input\":{\"@type\":\"PropertyValueSpecification\",\"valueRequired\":true,\"valueName\":\"search_term_string\"}}],\"inLanguage\":\"es\"}]}<\/script>\n<!-- \/ Yoast SEO Premium plugin. -->","yoast_head_json":{"title":"Dreven\u00fd gr\u00e9ckokatol\u00edcky chr\u00e1m sv\u00e4t\u00e9ho Luk\u00e1\u0161a Evanjelistu, Bre\u017eany - OOCR \u0160ari\u0161","robots":{"index":"index","follow":"follow","max-snippet":"max-snippet:-1","max-image-preview":"max-image-preview:large","max-video-preview":"max-video-preview:-1"},"canonical":"https:\/\/www.regionsaris.sk\/es\/nabozensky-turizmus\/dreveny-greckokatolicky-chram-svateho-lukasa-evanjelistu-brezany\/","og_locale":"es_ES","og_type":"article","og_title":"Dreven\u00fd gr\u00e9ckokatol\u00edcky chr\u00e1m sv\u00e4t\u00e9ho Luk\u00e1\u0161a Evanjelistu, Bre\u017eany","og_description":"Gr\u00e9ckokatol\u00edcky dreven\u00fd chr\u00e1m sv\u00e4t\u00e9ho Luk\u00e1\u0161a v Bre\u017eanoch poch\u00e1dza z roku 1727. V 50. rokoch 20....","og_url":"https:\/\/www.regionsaris.sk\/es\/nabozensky-turizmus\/dreveny-greckokatolicky-chram-svateho-lukasa-evanjelistu-brezany\/","og_site_name":"OOCR \u0160ari\u0161","article_modified_time":"2026-02-05T12:40:32+00:00","og_image":[{"width":1024,"height":576,"url":"https:\/\/www.regionsaris.sk\/wp-content\/uploads\/2026\/01\/REGIONSARIS_IMG_0133.jpg","type":"image\/jpeg"}],"twitter_card":"summary_large_image","twitter_misc":{"Tiempo de lectura":"2 minutos"},"schema":{"@context":"https:\/\/schema.org","@graph":[{"@type":"WebPage","@id":"https:\/\/www.regionsaris.sk\/nabozensky-turizmus\/dreveny-greckokatolicky-chram-svateho-lukasa-evanjelistu-brezany\/","url":"https:\/\/www.regionsaris.sk\/nabozensky-turizmus\/dreveny-greckokatolicky-chram-svateho-lukasa-evanjelistu-brezany\/","name":"Dreven\u00fd gr\u00e9ckokatol\u00edcky chr\u00e1m sv\u00e4t\u00e9ho Luk\u00e1\u0161a Evanjelistu, Bre\u017eany - OOCR \u0160ari\u0161","isPartOf":{"@id":"https:\/\/www.regionsaris.sk\/#website"},"primaryImageOfPage":{"@id":"https:\/\/www.regionsaris.sk\/nabozensky-turizmus\/dreveny-greckokatolicky-chram-svateho-lukasa-evanjelistu-brezany\/#primaryimage"},"image":{"@id":"https:\/\/www.regionsaris.sk\/nabozensky-turizmus\/dreveny-greckokatolicky-chram-svateho-lukasa-evanjelistu-brezany\/#primaryimage"},"thumbnailUrl":"https:\/\/www.regionsaris.sk\/wp-content\/uploads\/2026\/01\/REGIONSARIS_IMG_0133.jpg","datePublished":"2026-01-07T11:45:06+00:00","dateModified":"2026-02-05T12:40:32+00:00","breadcrumb":{"@id":"https:\/\/www.regionsaris.sk\/nabozensky-turizmus\/dreveny-greckokatolicky-chram-svateho-lukasa-evanjelistu-brezany\/#breadcrumb"},"inLanguage":"es","potentialAction":[{"@type":"ReadAction","target":["https:\/\/www.regionsaris.sk\/nabozensky-turizmus\/dreveny-greckokatolicky-chram-svateho-lukasa-evanjelistu-brezany\/"]}]},{"@type":"ImageObject","inLanguage":"es","@id":"https:\/\/www.regionsaris.sk\/nabozensky-turizmus\/dreveny-greckokatolicky-chram-svateho-lukasa-evanjelistu-brezany\/#primaryimage","url":"https:\/\/www.regionsaris.sk\/wp-content\/uploads\/2026\/01\/REGIONSARIS_IMG_0133.jpg","contentUrl":"https:\/\/www.regionsaris.sk\/wp-content\/uploads\/2026\/01\/REGIONSARIS_IMG_0133.jpg","width":1024,"height":576},{"@type":"BreadcrumbList","@id":"https:\/\/www.regionsaris.sk\/nabozensky-turizmus\/dreveny-greckokatolicky-chram-svateho-lukasa-evanjelistu-brezany\/#breadcrumb","itemListElement":[{"@type":"ListItem","position":1,"name":"Domov","item":"https:\/\/www.regionsaris.sk\/"},{"@type":"ListItem","position":2,"name":"N\u00e1bo\u017eensk\u00fd turizmus v regi\u00f3ne","item":"https:\/\/www.regionsaris.sk\/nabozensky-turizmus-v-regione\/"},{"@type":"ListItem","position":3,"name":"Dreven\u00fd gr\u00e9ckokatol\u00edcky chr\u00e1m sv\u00e4t\u00e9ho Luk\u00e1\u0161a Evanjelistu, Bre\u017eany"}]},{"@type":"WebSite","@id":"https:\/\/www.regionsaris.sk\/#website","url":"https:\/\/www.regionsaris.sk\/","name":"OOCR \u0160ari\u0161","description":"","potentialAction":[{"@type":"SearchAction","target":{"@type":"EntryPoint","urlTemplate":"https:\/\/www.regionsaris.sk\/?s={search_term_string}"},"query-input":{"@type":"PropertyValueSpecification","valueRequired":true,"valueName":"search_term_string"}}],"inLanguage":"es"}]}},"_links":{"self":[{"href":"https:\/\/www.regionsaris.sk\/es\/wp-json\/wp\/v2\/nabozensky-turizmus\/2553","targetHints":{"allow":["GET"]}}],"collection":[{"href":"https:\/\/www.regionsaris.sk\/es\/wp-json\/wp\/v2\/nabozensky-turizmus"}],"about":[{"href":"https:\/\/www.regionsaris.sk\/es\/wp-json\/wp\/v2\/types\/nabozensky-turizmus"}],"wp:featuredmedia":[{"embeddable":true,"href":"https:\/\/www.regionsaris.sk\/es\/wp-json\/wp\/v2\/media\/2556"}],"wp:attachment":[{"href":"https:\/\/www.regionsaris.sk\/es\/wp-json\/wp\/v2\/media?parent=2553"}],"wp:term":[{"taxonomy":"kategoria-poi","embeddable":true,"href":"https:\/\/www.regionsaris.sk\/es\/wp-json\/wp\/v2\/kategoria-poi?post=2553"},{"taxonomy":"lokalita","embeddable":true,"href":"https:\/\/www.regionsaris.sk\/es\/wp-json\/wp\/v2\/lokalita?post=2553"},{"taxonomy":"sezona-poi","embeddable":true,"href":"https:\/\/www.regionsaris.sk\/es\/wp-json\/wp\/v2\/sezona-poi?post=2553"},{"taxonomy":"trvanie-vyletu","embeddable":true,"href":"https:\/\/www.regionsaris.sk\/es\/wp-json\/wp\/v2\/trvanie-vyletu?post=2553"}],"curies":[{"name":"wp","href":"https:\/\/api.w.org\/{rel}","templated":true}]}}