{"id":2208,"date":"2026-01-07T12:43:49","date_gmt":"2026-01-07T11:43:49","guid":{"rendered":"https:\/\/www.regionsaris.sk\/?post_type=kultura-a-umenie&#038;p=2208"},"modified":"2026-02-05T13:08:35","modified_gmt":"2026-02-05T12:08:35","slug":"dukla-pamatnik-cs-armadneho-zboru","status":"publish","type":"kultura-a-umenie","link":"https:\/\/www.regionsaris.sk\/es\/kultura-a-umenie\/dukla-pamatnik-cs-armadneho-zboru\/","title":{"rendered":"Dukla - monumento conmemorativo del Cuerpo del Ej\u00e9rcito Checoslovaco"},"content":{"rendered":"<p>El monumento se encuentra en el territorio catastral del pueblo de Vy\u0161n\u00fd Kom\u00e1rnik. Con su construcci\u00f3n en la zona de las batallas, el gobierno de la Rep\u00fablica Checo-Eslovaca rindi\u00f3 homenaje a los soldados ca\u00eddos del I Cuerpo del Ej\u00e9rcito Checo-Eslovaco. El monumento fue construido en 1949 seg\u00fan el dise\u00f1o arquitect\u00f3nico del Ing. arch. J. Grus, con una sala de ceremonias y una altura de 28 metros. Con motivo del 70 aniversario de la Operaci\u00f3n C\u00e1rpatos-Dukla, se coloc\u00f3 en la zona una copia art\u00edstica de la estatua original del soldado checoslovaco. Su forma original fue creada por el escultor J. A. V\u00edtek. La escultura de \u017dalju, creada por el escultor J. Kulich, fue colocada en los locales modernizados de la torre de observaci\u00f3n de Dukla. En la columnata que conduce al monumento hay placas de bronce grabadas con los nombres de 1256 soldados ca\u00eddos, miembros del I Cuerpo del Ej\u00e9rcito Checoslovaco en la URSS. El monumento incluye un cementerio conmemorativo donde est\u00e1n enterrados 565 miembros del 1er Cuerpo de Ej\u00e9rcito Checoslovaco en la URSS que murieron durante la operaci\u00f3n C\u00e1rpatos-Dukla. En el per\u00edmetro del cementerio hay bustos de los h\u00e9roes de Dukla. En 1961 el monumento fue declarado monumento cultural nacional.<\/p>","protected":false},"featured_media":2209,"template":"","meta":{"_acf_changed":false},"kategoria-poi":[108,182,107],"lokalita":[115],"sezona-poi":[12],"trvanie-vyletu":[180,194],"class_list":["post-2208","kultura-a-umenie","type-kultura-a-umenie","status-publish","has-post-thumbnail","hentry","kategoria-poi-kultura-a-umenie","kategoria-poi-muzea-kultura-a-umenie","kategoria-poi-turistika","lokalita-svidnik-a-okolie","sezona-poi-celorocne","trvanie-vyletu-poldenne-vylety","trvanie-vyletu-skolske-vylety"],"acf":[],"yoast_head":"<!-- This site is optimized with the Yoast SEO Premium plugin v26.3 (Yoast SEO v26.8) - https:\/\/yoast.com\/product\/yoast-seo-premium-wordpress\/ -->\n<title>Dukla - pam\u00e4tn\u00edk \u010ds. arm\u00e1dneho zboru - OOCR \u0160ari\u0161<\/title>\n<meta name=\"robots\" content=\"index, follow, max-snippet:-1, max-image-preview:large, max-video-preview:-1\" \/>\n<link rel=\"canonical\" href=\"https:\/\/www.regionsaris.sk\/es\/kultura-a-umenie\/dukla-pamatnik-cs-armadneho-zboru\/\" \/>\n<meta property=\"og:locale\" content=\"es_ES\" \/>\n<meta property=\"og:type\" content=\"article\" \/>\n<meta property=\"og:title\" content=\"Dukla - pam\u00e4tn\u00edk \u010ds. arm\u00e1dneho zboru\" \/>\n<meta property=\"og:description\" content=\"Pam\u00e4tn\u00edk sa nach\u00e1dza v katastr\u00e1lnom \u00fazem\u00ed obce Vy\u0161n\u00fd Kom\u00e1rnik. Jeho vybudovan\u00edm v priestore bojov vl\u00e1da...\" \/>\n<meta property=\"og:url\" content=\"https:\/\/www.regionsaris.sk\/es\/kultura-a-umenie\/dukla-pamatnik-cs-armadneho-zboru\/\" \/>\n<meta property=\"og:site_name\" content=\"OOCR \u0160ari\u0161\" \/>\n<meta property=\"article:modified_time\" content=\"2026-02-05T12:08:35+00:00\" \/>\n<meta property=\"og:image\" content=\"https:\/\/www.regionsaris.sk\/wp-content\/uploads\/2026\/01\/dukla144-thumb.jpg\" \/>\n\t<meta property=\"og:image:width\" content=\"600\" \/>\n\t<meta property=\"og:image:height\" content=\"400\" \/>\n\t<meta property=\"og:image:type\" content=\"image\/jpeg\" \/>\n<meta name=\"twitter:card\" content=\"summary_large_image\" \/>\n<meta name=\"twitter:label1\" content=\"Tiempo de lectura\" \/>\n\t<meta name=\"twitter:data1\" content=\"1 minuto\" \/>\n<script type=\"application\/ld+json\" class=\"yoast-schema-graph\">{\"@context\":\"https:\/\/schema.org\",\"@graph\":[{\"@type\":\"WebPage\",\"@id\":\"https:\/\/www.regionsaris.sk\/kultura-a-umenie\/dukla-pamatnik-cs-armadneho-zboru\/\",\"url\":\"https:\/\/www.regionsaris.sk\/kultura-a-umenie\/dukla-pamatnik-cs-armadneho-zboru\/\",\"name\":\"Dukla - pam\u00e4tn\u00edk \u010ds. arm\u00e1dneho zboru - OOCR \u0160ari\u0161\",\"isPartOf\":{\"@id\":\"https:\/\/www.regionsaris.sk\/#website\"},\"primaryImageOfPage\":{\"@id\":\"https:\/\/www.regionsaris.sk\/kultura-a-umenie\/dukla-pamatnik-cs-armadneho-zboru\/#primaryimage\"},\"image\":{\"@id\":\"https:\/\/www.regionsaris.sk\/kultura-a-umenie\/dukla-pamatnik-cs-armadneho-zboru\/#primaryimage\"},\"thumbnailUrl\":\"https:\/\/www.regionsaris.sk\/wp-content\/uploads\/2026\/01\/dukla144-thumb.jpg\",\"datePublished\":\"2026-01-07T11:43:49+00:00\",\"dateModified\":\"2026-02-05T12:08:35+00:00\",\"breadcrumb\":{\"@id\":\"https:\/\/www.regionsaris.sk\/kultura-a-umenie\/dukla-pamatnik-cs-armadneho-zboru\/#breadcrumb\"},\"inLanguage\":\"es\",\"potentialAction\":[{\"@type\":\"ReadAction\",\"target\":[\"https:\/\/www.regionsaris.sk\/kultura-a-umenie\/dukla-pamatnik-cs-armadneho-zboru\/\"]}]},{\"@type\":\"ImageObject\",\"inLanguage\":\"es\",\"@id\":\"https:\/\/www.regionsaris.sk\/kultura-a-umenie\/dukla-pamatnik-cs-armadneho-zboru\/#primaryimage\",\"url\":\"https:\/\/www.regionsaris.sk\/wp-content\/uploads\/2026\/01\/dukla144-thumb.jpg\",\"contentUrl\":\"https:\/\/www.regionsaris.sk\/wp-content\/uploads\/2026\/01\/dukla144-thumb.jpg\",\"width\":600,\"height\":400},{\"@type\":\"BreadcrumbList\",\"@id\":\"https:\/\/www.regionsaris.sk\/kultura-a-umenie\/dukla-pamatnik-cs-armadneho-zboru\/#breadcrumb\",\"itemListElement\":[{\"@type\":\"ListItem\",\"position\":1,\"name\":\"Domov\",\"item\":\"https:\/\/www.regionsaris.sk\/\"},{\"@type\":\"ListItem\",\"position\":2,\"name\":\"Kult\u00fara a umenie v regi\u00f3ne\",\"item\":\"https:\/\/www.regionsaris.sk\/kultura-a-umenie-v-regione\/\"},{\"@type\":\"ListItem\",\"position\":3,\"name\":\"Dukla - pam\u00e4tn\u00edk \u010ds. arm\u00e1dneho zboru\"}]},{\"@type\":\"WebSite\",\"@id\":\"https:\/\/www.regionsaris.sk\/#website\",\"url\":\"https:\/\/www.regionsaris.sk\/\",\"name\":\"OOCR \u0160ari\u0161\",\"description\":\"\",\"potentialAction\":[{\"@type\":\"SearchAction\",\"target\":{\"@type\":\"EntryPoint\",\"urlTemplate\":\"https:\/\/www.regionsaris.sk\/?s={search_term_string}\"},\"query-input\":{\"@type\":\"PropertyValueSpecification\",\"valueRequired\":true,\"valueName\":\"search_term_string\"}}],\"inLanguage\":\"es\"}]}<\/script>\n<!-- \/ Yoast SEO Premium plugin. -->","yoast_head_json":{"title":"Dukla - pam\u00e4tn\u00edk \u010ds. arm\u00e1dneho zboru - OOCR \u0160ari\u0161","robots":{"index":"index","follow":"follow","max-snippet":"max-snippet:-1","max-image-preview":"max-image-preview:large","max-video-preview":"max-video-preview:-1"},"canonical":"https:\/\/www.regionsaris.sk\/es\/kultura-a-umenie\/dukla-pamatnik-cs-armadneho-zboru\/","og_locale":"es_ES","og_type":"article","og_title":"Dukla - pam\u00e4tn\u00edk \u010ds. arm\u00e1dneho zboru","og_description":"Pam\u00e4tn\u00edk sa nach\u00e1dza v katastr\u00e1lnom \u00fazem\u00ed obce Vy\u0161n\u00fd Kom\u00e1rnik. Jeho vybudovan\u00edm v priestore bojov vl\u00e1da...","og_url":"https:\/\/www.regionsaris.sk\/es\/kultura-a-umenie\/dukla-pamatnik-cs-armadneho-zboru\/","og_site_name":"OOCR \u0160ari\u0161","article_modified_time":"2026-02-05T12:08:35+00:00","og_image":[{"width":600,"height":400,"url":"https:\/\/www.regionsaris.sk\/wp-content\/uploads\/2026\/01\/dukla144-thumb.jpg","type":"image\/jpeg"}],"twitter_card":"summary_large_image","twitter_misc":{"Tiempo de lectura":"1 minuto"},"schema":{"@context":"https:\/\/schema.org","@graph":[{"@type":"WebPage","@id":"https:\/\/www.regionsaris.sk\/kultura-a-umenie\/dukla-pamatnik-cs-armadneho-zboru\/","url":"https:\/\/www.regionsaris.sk\/kultura-a-umenie\/dukla-pamatnik-cs-armadneho-zboru\/","name":"Dukla - pam\u00e4tn\u00edk \u010ds. arm\u00e1dneho zboru - OOCR \u0160ari\u0161","isPartOf":{"@id":"https:\/\/www.regionsaris.sk\/#website"},"primaryImageOfPage":{"@id":"https:\/\/www.regionsaris.sk\/kultura-a-umenie\/dukla-pamatnik-cs-armadneho-zboru\/#primaryimage"},"image":{"@id":"https:\/\/www.regionsaris.sk\/kultura-a-umenie\/dukla-pamatnik-cs-armadneho-zboru\/#primaryimage"},"thumbnailUrl":"https:\/\/www.regionsaris.sk\/wp-content\/uploads\/2026\/01\/dukla144-thumb.jpg","datePublished":"2026-01-07T11:43:49+00:00","dateModified":"2026-02-05T12:08:35+00:00","breadcrumb":{"@id":"https:\/\/www.regionsaris.sk\/kultura-a-umenie\/dukla-pamatnik-cs-armadneho-zboru\/#breadcrumb"},"inLanguage":"es","potentialAction":[{"@type":"ReadAction","target":["https:\/\/www.regionsaris.sk\/kultura-a-umenie\/dukla-pamatnik-cs-armadneho-zboru\/"]}]},{"@type":"ImageObject","inLanguage":"es","@id":"https:\/\/www.regionsaris.sk\/kultura-a-umenie\/dukla-pamatnik-cs-armadneho-zboru\/#primaryimage","url":"https:\/\/www.regionsaris.sk\/wp-content\/uploads\/2026\/01\/dukla144-thumb.jpg","contentUrl":"https:\/\/www.regionsaris.sk\/wp-content\/uploads\/2026\/01\/dukla144-thumb.jpg","width":600,"height":400},{"@type":"BreadcrumbList","@id":"https:\/\/www.regionsaris.sk\/kultura-a-umenie\/dukla-pamatnik-cs-armadneho-zboru\/#breadcrumb","itemListElement":[{"@type":"ListItem","position":1,"name":"Domov","item":"https:\/\/www.regionsaris.sk\/"},{"@type":"ListItem","position":2,"name":"Kult\u00fara a umenie v regi\u00f3ne","item":"https:\/\/www.regionsaris.sk\/kultura-a-umenie-v-regione\/"},{"@type":"ListItem","position":3,"name":"Dukla - pam\u00e4tn\u00edk \u010ds. arm\u00e1dneho zboru"}]},{"@type":"WebSite","@id":"https:\/\/www.regionsaris.sk\/#website","url":"https:\/\/www.regionsaris.sk\/","name":"OOCR \u0160ari\u0161","description":"","potentialAction":[{"@type":"SearchAction","target":{"@type":"EntryPoint","urlTemplate":"https:\/\/www.regionsaris.sk\/?s={search_term_string}"},"query-input":{"@type":"PropertyValueSpecification","valueRequired":true,"valueName":"search_term_string"}}],"inLanguage":"es"}]}},"_links":{"self":[{"href":"https:\/\/www.regionsaris.sk\/es\/wp-json\/wp\/v2\/kultura-a-umenie\/2208","targetHints":{"allow":["GET"]}}],"collection":[{"href":"https:\/\/www.regionsaris.sk\/es\/wp-json\/wp\/v2\/kultura-a-umenie"}],"about":[{"href":"https:\/\/www.regionsaris.sk\/es\/wp-json\/wp\/v2\/types\/kultura-a-umenie"}],"wp:featuredmedia":[{"embeddable":true,"href":"https:\/\/www.regionsaris.sk\/es\/wp-json\/wp\/v2\/media\/2209"}],"wp:attachment":[{"href":"https:\/\/www.regionsaris.sk\/es\/wp-json\/wp\/v2\/media?parent=2208"}],"wp:term":[{"taxonomy":"kategoria-poi","embeddable":true,"href":"https:\/\/www.regionsaris.sk\/es\/wp-json\/wp\/v2\/kategoria-poi?post=2208"},{"taxonomy":"lokalita","embeddable":true,"href":"https:\/\/www.regionsaris.sk\/es\/wp-json\/wp\/v2\/lokalita?post=2208"},{"taxonomy":"sezona-poi","embeddable":true,"href":"https:\/\/www.regionsaris.sk\/es\/wp-json\/wp\/v2\/sezona-poi?post=2208"},{"taxonomy":"trvanie-vyletu","embeddable":true,"href":"https:\/\/www.regionsaris.sk\/es\/wp-json\/wp\/v2\/trvanie-vyletu?post=2208"}],"curies":[{"name":"wp","href":"https:\/\/api.w.org\/{rel}","templated":true}]}}