{"id":2181,"date":"2026-01-07T12:43:52","date_gmt":"2026-01-07T11:43:52","guid":{"rendered":"https:\/\/www.regionsaris.sk\/?post_type=kultura-a-umenie&#038;p=2181"},"modified":"2026-02-05T13:00:23","modified_gmt":"2026-02-05T12:00:23","slug":"caraffova-vaznica","status":"publish","type":"kultura-a-umenie","link":"https:\/\/www.regionsaris.sk\/es\/kultura-a-umenie\/caraffova-vaznica\/","title":{"rendered":"C\u00e1rcel de Caraffa"},"content":{"rendered":"<p>Uno de los pocos monumentos g\u00f3ticos conservados en Pre\u0161ov, que fue construido entre 1504 y 1509. El edificio sirvi\u00f3 a la vinater\u00eda como almac\u00e9n de barriles y otros accesorios probablemente hasta finales del siglo XVII, pero en registros de archivo de 1530 tambi\u00e9n se menciona como una de las prisiones de Pre\u0161ov, gracias a su proximidad al ayuntamiento. Su nombre se debe a la masacre sangrienta de Pre\u0161ov de 1687, cuando 24 terratenientes y ciudadanos h\u00fangaros fueron ejecutados ignominiosamente en la plaza cercana al Colegio Ev. a causa de un juicio injusto del general imperial Antonio Caraffa de N\u00e1poles. Una de las c\u00e1maras de tortura de Pre\u0161ov, que Caraffa hab\u00eda instalado para interrogar a los acusados, se encontraba tambi\u00e9n en los locales subterr\u00e1neos del actual ayuntamiento, que en aquella \u00e9poca formaba una unidad arquitect\u00f3nica con el edificio. Seg\u00fan algunos testimonios escritos, en el edificio se almacenaban las pesas y medidas de la ciudad, y durante un tiempo alberg\u00f3 tambi\u00e9n la armer\u00eda municipal. En la segunda mitad del siglo XIX fue la c\u00e1rcel municipal. Desde principios del siglo XX, el edificio comenz\u00f3 a utilizarse para archivar documentos municipales. Actualmente es la galer\u00eda municipal.<\/p>","protected":false},"featured_media":2186,"template":"","meta":{"_acf_changed":true},"kategoria-poi":[185,108,182],"lokalita":[26],"sezona-poi":[12],"trvanie-vyletu":[217,194],"class_list":["post-2181","kultura-a-umenie","type-kultura-a-umenie","status-publish","has-post-thumbnail","hentry","kategoria-poi-galerie","kategoria-poi-kultura-a-umenie","kategoria-poi-muzea-kultura-a-umenie","lokalita-mesto-presov","sezona-poi-celorocne","trvanie-vyletu-kratke-vylety","trvanie-vyletu-skolske-vylety"],"acf":[],"yoast_head":"<!-- This site is optimized with the Yoast SEO Premium plugin v26.3 (Yoast SEO v26.8) - https:\/\/yoast.com\/product\/yoast-seo-premium-wordpress\/ -->\n<title>Caraffova v\u00e4znica - OOCR \u0160ari\u0161<\/title>\n<meta name=\"robots\" content=\"index, follow, max-snippet:-1, max-image-preview:large, max-video-preview:-1\" \/>\n<link rel=\"canonical\" href=\"https:\/\/www.regionsaris.sk\/es\/kultura-a-umenie\/caraffova-vaznica\/\" \/>\n<meta property=\"og:locale\" content=\"es_ES\" \/>\n<meta property=\"og:type\" content=\"article\" \/>\n<meta property=\"og:title\" content=\"Caraffova v\u00e4znica\" \/>\n<meta property=\"og:description\" content=\"Jedna z m\u00e1la zachovan\u00fdch gotick\u00fdch pamiatok v Pre\u0161ove, ktor\u00e1 bola postaven\u00e1 v rokoch 1504 \u2013...\" \/>\n<meta property=\"og:url\" content=\"https:\/\/www.regionsaris.sk\/es\/kultura-a-umenie\/caraffova-vaznica\/\" \/>\n<meta property=\"og:site_name\" content=\"OOCR \u0160ari\u0161\" \/>\n<meta property=\"article:modified_time\" content=\"2026-02-05T12:00:23+00:00\" \/>\n<meta property=\"og:image\" content=\"https:\/\/www.regionsaris.sk\/wp-content\/uploads\/2026\/01\/carafova52-thumb.jpg\" \/>\n\t<meta property=\"og:image:width\" content=\"600\" \/>\n\t<meta property=\"og:image:height\" content=\"400\" \/>\n\t<meta property=\"og:image:type\" content=\"image\/jpeg\" \/>\n<meta name=\"twitter:card\" content=\"summary_large_image\" \/>\n<meta name=\"twitter:label1\" content=\"Tiempo de lectura\" \/>\n\t<meta name=\"twitter:data1\" content=\"2 minutos\" \/>\n<script type=\"application\/ld+json\" class=\"yoast-schema-graph\">{\"@context\":\"https:\/\/schema.org\",\"@graph\":[{\"@type\":\"WebPage\",\"@id\":\"https:\/\/www.regionsaris.sk\/kultura-a-umenie\/caraffova-vaznica\/\",\"url\":\"https:\/\/www.regionsaris.sk\/kultura-a-umenie\/caraffova-vaznica\/\",\"name\":\"Caraffova v\u00e4znica - OOCR \u0160ari\u0161\",\"isPartOf\":{\"@id\":\"https:\/\/www.regionsaris.sk\/#website\"},\"primaryImageOfPage\":{\"@id\":\"https:\/\/www.regionsaris.sk\/kultura-a-umenie\/caraffova-vaznica\/#primaryimage\"},\"image\":{\"@id\":\"https:\/\/www.regionsaris.sk\/kultura-a-umenie\/caraffova-vaznica\/#primaryimage\"},\"thumbnailUrl\":\"https:\/\/www.regionsaris.sk\/wp-content\/uploads\/2026\/01\/carafova52-thumb.jpg\",\"datePublished\":\"2026-01-07T11:43:52+00:00\",\"dateModified\":\"2026-02-05T12:00:23+00:00\",\"breadcrumb\":{\"@id\":\"https:\/\/www.regionsaris.sk\/kultura-a-umenie\/caraffova-vaznica\/#breadcrumb\"},\"inLanguage\":\"es\",\"potentialAction\":[{\"@type\":\"ReadAction\",\"target\":[\"https:\/\/www.regionsaris.sk\/kultura-a-umenie\/caraffova-vaznica\/\"]}]},{\"@type\":\"ImageObject\",\"inLanguage\":\"es\",\"@id\":\"https:\/\/www.regionsaris.sk\/kultura-a-umenie\/caraffova-vaznica\/#primaryimage\",\"url\":\"https:\/\/www.regionsaris.sk\/wp-content\/uploads\/2026\/01\/carafova52-thumb.jpg\",\"contentUrl\":\"https:\/\/www.regionsaris.sk\/wp-content\/uploads\/2026\/01\/carafova52-thumb.jpg\",\"width\":600,\"height\":400},{\"@type\":\"BreadcrumbList\",\"@id\":\"https:\/\/www.regionsaris.sk\/kultura-a-umenie\/caraffova-vaznica\/#breadcrumb\",\"itemListElement\":[{\"@type\":\"ListItem\",\"position\":1,\"name\":\"Domov\",\"item\":\"https:\/\/www.regionsaris.sk\/\"},{\"@type\":\"ListItem\",\"position\":2,\"name\":\"Kult\u00fara a umenie v regi\u00f3ne\",\"item\":\"https:\/\/www.regionsaris.sk\/kultura-a-umenie-v-regione\/\"},{\"@type\":\"ListItem\",\"position\":3,\"name\":\"Caraffova v\u00e4znica\"}]},{\"@type\":\"WebSite\",\"@id\":\"https:\/\/www.regionsaris.sk\/#website\",\"url\":\"https:\/\/www.regionsaris.sk\/\",\"name\":\"OOCR \u0160ari\u0161\",\"description\":\"\",\"potentialAction\":[{\"@type\":\"SearchAction\",\"target\":{\"@type\":\"EntryPoint\",\"urlTemplate\":\"https:\/\/www.regionsaris.sk\/?s={search_term_string}\"},\"query-input\":{\"@type\":\"PropertyValueSpecification\",\"valueRequired\":true,\"valueName\":\"search_term_string\"}}],\"inLanguage\":\"es\"}]}<\/script>\n<!-- \/ Yoast SEO Premium plugin. -->","yoast_head_json":{"title":"Caraffova v\u00e4znica - OOCR \u0160ari\u0161","robots":{"index":"index","follow":"follow","max-snippet":"max-snippet:-1","max-image-preview":"max-image-preview:large","max-video-preview":"max-video-preview:-1"},"canonical":"https:\/\/www.regionsaris.sk\/es\/kultura-a-umenie\/caraffova-vaznica\/","og_locale":"es_ES","og_type":"article","og_title":"Caraffova v\u00e4znica","og_description":"Jedna z m\u00e1la zachovan\u00fdch gotick\u00fdch pamiatok v Pre\u0161ove, ktor\u00e1 bola postaven\u00e1 v rokoch 1504 \u2013...","og_url":"https:\/\/www.regionsaris.sk\/es\/kultura-a-umenie\/caraffova-vaznica\/","og_site_name":"OOCR \u0160ari\u0161","article_modified_time":"2026-02-05T12:00:23+00:00","og_image":[{"width":600,"height":400,"url":"https:\/\/www.regionsaris.sk\/wp-content\/uploads\/2026\/01\/carafova52-thumb.jpg","type":"image\/jpeg"}],"twitter_card":"summary_large_image","twitter_misc":{"Tiempo de lectura":"2 minutos"},"schema":{"@context":"https:\/\/schema.org","@graph":[{"@type":"WebPage","@id":"https:\/\/www.regionsaris.sk\/kultura-a-umenie\/caraffova-vaznica\/","url":"https:\/\/www.regionsaris.sk\/kultura-a-umenie\/caraffova-vaznica\/","name":"Caraffova v\u00e4znica - OOCR \u0160ari\u0161","isPartOf":{"@id":"https:\/\/www.regionsaris.sk\/#website"},"primaryImageOfPage":{"@id":"https:\/\/www.regionsaris.sk\/kultura-a-umenie\/caraffova-vaznica\/#primaryimage"},"image":{"@id":"https:\/\/www.regionsaris.sk\/kultura-a-umenie\/caraffova-vaznica\/#primaryimage"},"thumbnailUrl":"https:\/\/www.regionsaris.sk\/wp-content\/uploads\/2026\/01\/carafova52-thumb.jpg","datePublished":"2026-01-07T11:43:52+00:00","dateModified":"2026-02-05T12:00:23+00:00","breadcrumb":{"@id":"https:\/\/www.regionsaris.sk\/kultura-a-umenie\/caraffova-vaznica\/#breadcrumb"},"inLanguage":"es","potentialAction":[{"@type":"ReadAction","target":["https:\/\/www.regionsaris.sk\/kultura-a-umenie\/caraffova-vaznica\/"]}]},{"@type":"ImageObject","inLanguage":"es","@id":"https:\/\/www.regionsaris.sk\/kultura-a-umenie\/caraffova-vaznica\/#primaryimage","url":"https:\/\/www.regionsaris.sk\/wp-content\/uploads\/2026\/01\/carafova52-thumb.jpg","contentUrl":"https:\/\/www.regionsaris.sk\/wp-content\/uploads\/2026\/01\/carafova52-thumb.jpg","width":600,"height":400},{"@type":"BreadcrumbList","@id":"https:\/\/www.regionsaris.sk\/kultura-a-umenie\/caraffova-vaznica\/#breadcrumb","itemListElement":[{"@type":"ListItem","position":1,"name":"Domov","item":"https:\/\/www.regionsaris.sk\/"},{"@type":"ListItem","position":2,"name":"Kult\u00fara a umenie v regi\u00f3ne","item":"https:\/\/www.regionsaris.sk\/kultura-a-umenie-v-regione\/"},{"@type":"ListItem","position":3,"name":"Caraffova v\u00e4znica"}]},{"@type":"WebSite","@id":"https:\/\/www.regionsaris.sk\/#website","url":"https:\/\/www.regionsaris.sk\/","name":"OOCR \u0160ari\u0161","description":"","potentialAction":[{"@type":"SearchAction","target":{"@type":"EntryPoint","urlTemplate":"https:\/\/www.regionsaris.sk\/?s={search_term_string}"},"query-input":{"@type":"PropertyValueSpecification","valueRequired":true,"valueName":"search_term_string"}}],"inLanguage":"es"}]}},"_links":{"self":[{"href":"https:\/\/www.regionsaris.sk\/es\/wp-json\/wp\/v2\/kultura-a-umenie\/2181","targetHints":{"allow":["GET"]}}],"collection":[{"href":"https:\/\/www.regionsaris.sk\/es\/wp-json\/wp\/v2\/kultura-a-umenie"}],"about":[{"href":"https:\/\/www.regionsaris.sk\/es\/wp-json\/wp\/v2\/types\/kultura-a-umenie"}],"wp:featuredmedia":[{"embeddable":true,"href":"https:\/\/www.regionsaris.sk\/es\/wp-json\/wp\/v2\/media\/2186"}],"wp:attachment":[{"href":"https:\/\/www.regionsaris.sk\/es\/wp-json\/wp\/v2\/media?parent=2181"}],"wp:term":[{"taxonomy":"kategoria-poi","embeddable":true,"href":"https:\/\/www.regionsaris.sk\/es\/wp-json\/wp\/v2\/kategoria-poi?post=2181"},{"taxonomy":"lokalita","embeddable":true,"href":"https:\/\/www.regionsaris.sk\/es\/wp-json\/wp\/v2\/lokalita?post=2181"},{"taxonomy":"sezona-poi","embeddable":true,"href":"https:\/\/www.regionsaris.sk\/es\/wp-json\/wp\/v2\/sezona-poi?post=2181"},{"taxonomy":"trvanie-vyletu","embeddable":true,"href":"https:\/\/www.regionsaris.sk\/es\/wp-json\/wp\/v2\/trvanie-vyletu?post=2181"}],"curies":[{"name":"wp","href":"https:\/\/api.w.org\/{rel}","templated":true}]}}