{"id":2045,"date":"2020-06-02T07:21:22","date_gmt":"2020-06-02T06:21:22","guid":{"rendered":"https:\/\/www.regionsaris.sk\/historia\/rakociho-palac-presov\/"},"modified":"2020-06-02T07:21:22","modified_gmt":"2020-06-02T06:21:22","slug":"rakociho-palac-presov","status":"publish","type":"historia","link":"https:\/\/www.regionsaris.sk\/es\/historia\/rakociho-palac-presov\/","title":{"rendered":"Palacio Rakoci Pre\u0161ov"},"content":{"rendered":"<p>El destino de Pre\u0161ov en los siglos XVII y XVIII estuvo m\u00e1s relacionado que el de cualquier otra ciudad de Eslovaquia oriental con la poderosa familia Rakoci y sus importantes personalidades. El palacio se construy\u00f3 reconstruyendo dos casas burguesas, una de las cuales pertenec\u00eda al librero Ga\u0161par G\u00fcttler. \u017digmund R\u00e1koci decidi\u00f3 comprarlas y reconstruirlas en un palacio representativo a finales del siglo XVI. La reconstrucci\u00f3n tuvo lugar a principios del siglo XVII. Se a\u00f1adi\u00f3 la caracter\u00edstica fachada con ventanales. La fachada se remat\u00f3 con un \u00e1tico compuesto por una combinaci\u00f3n de gabletes, arcos y arcadas ciegas. El palacio urbano m\u00e1s bello de Alta Hungr\u00eda: \u00e9ste era el t\u00edtulo del edificio renacentista situado en el lugar m\u00e1s lucrativo de Pre\u0161ov en la \u00e9poca de su construcci\u00f3n. Su elegante arquitectura y su rica pero sutil decoraci\u00f3n esgrafiada siguen siendo el orgullo de la calle Mayor y es uno de los ejemplos m\u00e1s bellos de arquitectura urbana renacentista que se conservan en Eslovaquia. La familia Rakoci consigui\u00f3 as\u00ed crear una verdadera joya de la arquitectura urbana renacentista.<br>La historia del palacio incluye intr\u00ednsecamente la firma del<strong> de la Paz de Presov en 1633<\/strong> entre el pr\u00edncipe de Transilvania <strong>Jorge I. Rakoczy y el emperador Fernando II.<\/strong> y los levantamientos contra los Habsburgo, cuando despu\u00e9s de 1701 <strong>se convirti\u00f3 en una prisi\u00f3n<\/strong> y m\u00e1s tarde residencia del l\u00edder de la rebeli\u00f3n, Francisco II. Rakoci. Despu\u00e9s de 1711 fue confiscado y cambi\u00f3 varias veces de propietario. Durante el siglo XVIII, el ala del patio fue reconstruida en estilo barroco. En el siglo XIX, el edificio tuvo varios propietarios o inquilinos que lo adaptaron para locales comerciales y talleres. En la d\u00e9cada de 1950 se llev\u00f3 a cabo una profunda reconstrucci\u00f3n del palacio para devolverle su aspecto renacentista original, completada con la restauraci\u00f3n de la decoraci\u00f3n de grafito de la fachada. Actualmente es la sede del Museo Regional de Pre\u0161ov.<\/p>\n\n\n\n<p>El Palacio Rakoci forma parte del\u00a0<a href=\"https:\/\/www.sarisskahradnacesta.sk\/\">Caminos del castillo de \u0160ari\u0161<\/a>.<br>Fuente\/Foto : OOCR Regi\u00f3n de \u0160ari\u0161, Museo Regional de Pre\u0161ov<\/p>","protected":false},"featured_media":1139,"template":"","meta":{"_acf_changed":false},"kategoria-poi":[105,173,104,102,107],"lokalita":[26],"sezona-poi":[],"trvanie-vyletu":[],"class_list":["post-2045","historia","type-historia","status-publish","has-post-thumbnail","hentry","kategoria-poi-historia","kategoria-poi-kastiele-a-kurie","kategoria-poi-mesta","kategoria-poi-prirodne-krasy","kategoria-poi-turistika","lokalita-mesto-presov"],"acf":[],"yoast_head":"<!-- This site is optimized with the Yoast SEO Premium plugin v26.3 (Yoast SEO v26.8) - https:\/\/yoast.com\/product\/yoast-seo-premium-wordpress\/ -->\n<title>R\u00e1kociho pal\u00e1c Pre\u0161ov - OOCR \u0160ari\u0161<\/title>\n<meta name=\"robots\" content=\"index, follow, max-snippet:-1, max-image-preview:large, max-video-preview:-1\" \/>\n<link rel=\"canonical\" href=\"https:\/\/www.regionsaris.sk\/es\/historia\/rakociho-palac-presov\/\" \/>\n<meta property=\"og:locale\" content=\"es_ES\" \/>\n<meta property=\"og:type\" content=\"article\" \/>\n<meta property=\"og:title\" content=\"R\u00e1kociho pal\u00e1c Pre\u0161ov\" \/>\n<meta property=\"og:description\" content=\"Osudy Pre\u0161ova v 17. \u2013 18. storo\u010d\u00ed boli viac ako v ktoromko\u013evek inom v\u00fdchodoslovenskom meste...\" \/>\n<meta property=\"og:url\" content=\"https:\/\/www.regionsaris.sk\/es\/historia\/rakociho-palac-presov\/\" \/>\n<meta property=\"og:site_name\" content=\"OOCR \u0160ari\u0161\" \/>\n<meta property=\"og:image\" content=\"https:\/\/www.regionsaris.sk\/wp-content\/uploads\/2026\/01\/Rakociho-palac-600x400-1.jpg\" \/>\n\t<meta property=\"og:image:width\" content=\"600\" \/>\n\t<meta property=\"og:image:height\" content=\"400\" \/>\n\t<meta property=\"og:image:type\" content=\"image\/jpeg\" \/>\n<meta name=\"twitter:card\" content=\"summary_large_image\" \/>\n<meta name=\"twitter:label1\" content=\"Tiempo de lectura\" \/>\n\t<meta name=\"twitter:data1\" content=\"2 minutos\" \/>\n<script type=\"application\/ld+json\" class=\"yoast-schema-graph\">{\"@context\":\"https:\/\/schema.org\",\"@graph\":[{\"@type\":\"WebPage\",\"@id\":\"https:\/\/www.regionsaris.sk\/historia\/rakociho-palac-presov\/\",\"url\":\"https:\/\/www.regionsaris.sk\/historia\/rakociho-palac-presov\/\",\"name\":\"R\u00e1kociho pal\u00e1c Pre\u0161ov - OOCR \u0160ari\u0161\",\"isPartOf\":{\"@id\":\"https:\/\/www.regionsaris.sk\/#website\"},\"primaryImageOfPage\":{\"@id\":\"https:\/\/www.regionsaris.sk\/historia\/rakociho-palac-presov\/#primaryimage\"},\"image\":{\"@id\":\"https:\/\/www.regionsaris.sk\/historia\/rakociho-palac-presov\/#primaryimage\"},\"thumbnailUrl\":\"https:\/\/www.regionsaris.sk\/wp-content\/uploads\/2026\/01\/Rakociho-palac-600x400-1.jpg\",\"datePublished\":\"2020-06-02T06:21:22+00:00\",\"breadcrumb\":{\"@id\":\"https:\/\/www.regionsaris.sk\/historia\/rakociho-palac-presov\/#breadcrumb\"},\"inLanguage\":\"es\",\"potentialAction\":[{\"@type\":\"ReadAction\",\"target\":[\"https:\/\/www.regionsaris.sk\/historia\/rakociho-palac-presov\/\"]}]},{\"@type\":\"ImageObject\",\"inLanguage\":\"es\",\"@id\":\"https:\/\/www.regionsaris.sk\/historia\/rakociho-palac-presov\/#primaryimage\",\"url\":\"https:\/\/www.regionsaris.sk\/wp-content\/uploads\/2026\/01\/Rakociho-palac-600x400-1.jpg\",\"contentUrl\":\"https:\/\/www.regionsaris.sk\/wp-content\/uploads\/2026\/01\/Rakociho-palac-600x400-1.jpg\",\"width\":600,\"height\":400},{\"@type\":\"BreadcrumbList\",\"@id\":\"https:\/\/www.regionsaris.sk\/historia\/rakociho-palac-presov\/#breadcrumb\",\"itemListElement\":[{\"@type\":\"ListItem\",\"position\":1,\"name\":\"Domov\",\"item\":\"https:\/\/www.regionsaris.sk\/\"},{\"@type\":\"ListItem\",\"position\":2,\"name\":\"Hist\u00f3ria regi\u00f3nu\",\"item\":\"https:\/\/www.regionsaris.sk\/historia-regionu\/\"},{\"@type\":\"ListItem\",\"position\":3,\"name\":\"R\u00e1kociho pal\u00e1c Pre\u0161ov\"}]},{\"@type\":\"WebSite\",\"@id\":\"https:\/\/www.regionsaris.sk\/#website\",\"url\":\"https:\/\/www.regionsaris.sk\/\",\"name\":\"OOCR \u0160ari\u0161\",\"description\":\"\",\"potentialAction\":[{\"@type\":\"SearchAction\",\"target\":{\"@type\":\"EntryPoint\",\"urlTemplate\":\"https:\/\/www.regionsaris.sk\/?s={search_term_string}\"},\"query-input\":{\"@type\":\"PropertyValueSpecification\",\"valueRequired\":true,\"valueName\":\"search_term_string\"}}],\"inLanguage\":\"es\"}]}<\/script>\n<!-- \/ Yoast SEO Premium plugin. -->","yoast_head_json":{"title":"R\u00e1kociho pal\u00e1c Pre\u0161ov - OOCR \u0160ari\u0161","robots":{"index":"index","follow":"follow","max-snippet":"max-snippet:-1","max-image-preview":"max-image-preview:large","max-video-preview":"max-video-preview:-1"},"canonical":"https:\/\/www.regionsaris.sk\/es\/historia\/rakociho-palac-presov\/","og_locale":"es_ES","og_type":"article","og_title":"R\u00e1kociho pal\u00e1c Pre\u0161ov","og_description":"Osudy Pre\u0161ova v 17. \u2013 18. storo\u010d\u00ed boli viac ako v ktoromko\u013evek inom v\u00fdchodoslovenskom meste...","og_url":"https:\/\/www.regionsaris.sk\/es\/historia\/rakociho-palac-presov\/","og_site_name":"OOCR \u0160ari\u0161","og_image":[{"width":600,"height":400,"url":"https:\/\/www.regionsaris.sk\/wp-content\/uploads\/2026\/01\/Rakociho-palac-600x400-1.jpg","type":"image\/jpeg"}],"twitter_card":"summary_large_image","twitter_misc":{"Tiempo de lectura":"2 minutos"},"schema":{"@context":"https:\/\/schema.org","@graph":[{"@type":"WebPage","@id":"https:\/\/www.regionsaris.sk\/historia\/rakociho-palac-presov\/","url":"https:\/\/www.regionsaris.sk\/historia\/rakociho-palac-presov\/","name":"R\u00e1kociho pal\u00e1c Pre\u0161ov - OOCR \u0160ari\u0161","isPartOf":{"@id":"https:\/\/www.regionsaris.sk\/#website"},"primaryImageOfPage":{"@id":"https:\/\/www.regionsaris.sk\/historia\/rakociho-palac-presov\/#primaryimage"},"image":{"@id":"https:\/\/www.regionsaris.sk\/historia\/rakociho-palac-presov\/#primaryimage"},"thumbnailUrl":"https:\/\/www.regionsaris.sk\/wp-content\/uploads\/2026\/01\/Rakociho-palac-600x400-1.jpg","datePublished":"2020-06-02T06:21:22+00:00","breadcrumb":{"@id":"https:\/\/www.regionsaris.sk\/historia\/rakociho-palac-presov\/#breadcrumb"},"inLanguage":"es","potentialAction":[{"@type":"ReadAction","target":["https:\/\/www.regionsaris.sk\/historia\/rakociho-palac-presov\/"]}]},{"@type":"ImageObject","inLanguage":"es","@id":"https:\/\/www.regionsaris.sk\/historia\/rakociho-palac-presov\/#primaryimage","url":"https:\/\/www.regionsaris.sk\/wp-content\/uploads\/2026\/01\/Rakociho-palac-600x400-1.jpg","contentUrl":"https:\/\/www.regionsaris.sk\/wp-content\/uploads\/2026\/01\/Rakociho-palac-600x400-1.jpg","width":600,"height":400},{"@type":"BreadcrumbList","@id":"https:\/\/www.regionsaris.sk\/historia\/rakociho-palac-presov\/#breadcrumb","itemListElement":[{"@type":"ListItem","position":1,"name":"Domov","item":"https:\/\/www.regionsaris.sk\/"},{"@type":"ListItem","position":2,"name":"Hist\u00f3ria regi\u00f3nu","item":"https:\/\/www.regionsaris.sk\/historia-regionu\/"},{"@type":"ListItem","position":3,"name":"R\u00e1kociho pal\u00e1c Pre\u0161ov"}]},{"@type":"WebSite","@id":"https:\/\/www.regionsaris.sk\/#website","url":"https:\/\/www.regionsaris.sk\/","name":"OOCR \u0160ari\u0161","description":"","potentialAction":[{"@type":"SearchAction","target":{"@type":"EntryPoint","urlTemplate":"https:\/\/www.regionsaris.sk\/?s={search_term_string}"},"query-input":{"@type":"PropertyValueSpecification","valueRequired":true,"valueName":"search_term_string"}}],"inLanguage":"es"}]}},"_links":{"self":[{"href":"https:\/\/www.regionsaris.sk\/es\/wp-json\/wp\/v2\/historia\/2045","targetHints":{"allow":["GET"]}}],"collection":[{"href":"https:\/\/www.regionsaris.sk\/es\/wp-json\/wp\/v2\/historia"}],"about":[{"href":"https:\/\/www.regionsaris.sk\/es\/wp-json\/wp\/v2\/types\/historia"}],"wp:featuredmedia":[{"embeddable":true,"href":"https:\/\/www.regionsaris.sk\/es\/wp-json\/wp\/v2\/media\/1139"}],"wp:attachment":[{"href":"https:\/\/www.regionsaris.sk\/es\/wp-json\/wp\/v2\/media?parent=2045"}],"wp:term":[{"taxonomy":"kategoria-poi","embeddable":true,"href":"https:\/\/www.regionsaris.sk\/es\/wp-json\/wp\/v2\/kategoria-poi?post=2045"},{"taxonomy":"lokalita","embeddable":true,"href":"https:\/\/www.regionsaris.sk\/es\/wp-json\/wp\/v2\/lokalita?post=2045"},{"taxonomy":"sezona-poi","embeddable":true,"href":"https:\/\/www.regionsaris.sk\/es\/wp-json\/wp\/v2\/sezona-poi?post=2045"},{"taxonomy":"trvanie-vyletu","embeddable":true,"href":"https:\/\/www.regionsaris.sk\/es\/wp-json\/wp\/v2\/trvanie-vyletu?post=2045"}],"curies":[{"name":"wp","href":"https:\/\/api.w.org\/{rel}","templated":true}]}}