{"id":2043,"date":"2020-05-29T12:22:15","date_gmt":"2020-05-29T11:22:15","guid":{"rendered":"https:\/\/www.regionsaris.sk\/historia\/ginko-v-zahrade-umenia\/"},"modified":"2020-05-29T12:22:15","modified_gmt":"2020-05-29T11:22:15","slug":"ginko-v-zahrade-umenia","status":"publish","type":"historia","link":"https:\/\/www.regionsaris.sk\/es\/historia\/ginko-v-zahrade-umenia\/","title":{"rendered":"Ginko en el Jard\u00edn del Arte"},"content":{"rendered":"<p>El ejemplar, que es una joya bot\u00e1nica del sistema verde de la ciudad, crece en el Jard\u00edn del Arte. Es un representante ins\u00f3lito de un g\u00e9nero vegetal que biol\u00f3gicamente no pertenece ni a las con\u00edferas ni a las caducifolias, pero que se considera una prueba de su interconexi\u00f3n evolutiva. Tiene un pedigr\u00ed antiguo, ya que su mayor difusi\u00f3n se remonta a la evoluci\u00f3n geol\u00f3gica de la Tierra en la Era Mesozoica. La mayor\u00eda de los f\u00f3siles de ginkgo se han encontrado en China, por lo que se considera que el Sudeste Asi\u00e1tico es su patria original. Se ha conservado gracias a los monjes chinos que lo cultivaban como una rareza en los jardines de los monasterios. Se import\u00f3 de Jap\u00f3n a Europa en la d\u00e9cada de 1730 y se cultiv\u00f3 en las colecciones de los jardines bot\u00e1nicos. Un representante de esta rara especie entr\u00f3 en el foso de Pre\u0161ov en el periodo de entreguerras del siglo XX y hasta hoy su copa sim\u00e9trica con un tronco continuo, bifurcado en la parte superior, domina el espacio central del Jard\u00edn del Arte. Es t\u00edpica la forma de sus hojas, que tienen un limbo en forma de abanico de agujas unidas y divididas en dos l\u00f3bulos. Su color es verde claro y en oto\u00f1o adquieren un luminoso amarillo dorado. No hay ning\u00fan otro representante de este g\u00e9nero de esta edad en el territorio de la ciudad de Pre\u0161ov.<\/p>","protected":false},"featured_media":1127,"template":"","meta":{"_acf_changed":false},"kategoria-poi":[105,104,102,174,107],"lokalita":[26],"sezona-poi":[],"trvanie-vyletu":[],"class_list":["post-2043","historia","type-historia","status-publish","has-post-thumbnail","hentry","kategoria-poi-historia","kategoria-poi-mesta","kategoria-poi-prirodne-krasy","kategoria-poi-prirodne-zaujimavosti","kategoria-poi-turistika","lokalita-mesto-presov"],"acf":[],"yoast_head":"<!-- This site is optimized with the Yoast SEO Premium plugin v26.3 (Yoast SEO v26.8) - https:\/\/yoast.com\/product\/yoast-seo-premium-wordpress\/ -->\n<title>Ginko v Z\u00e1hrade umenia - OOCR \u0160ari\u0161<\/title>\n<meta name=\"robots\" content=\"index, follow, max-snippet:-1, max-image-preview:large, max-video-preview:-1\" \/>\n<link rel=\"canonical\" href=\"https:\/\/www.regionsaris.sk\/es\/historia\/ginko-v-zahrade-umenia\/\" \/>\n<meta property=\"og:locale\" content=\"es_ES\" \/>\n<meta property=\"og:type\" content=\"article\" \/>\n<meta property=\"og:title\" content=\"Ginko v Z\u00e1hrade umenia\" \/>\n<meta property=\"og:description\" content=\"Stromov\u00fd jedinec, ktor\u00fd je botanick\u00fdm \u0161perkom v syst\u00e9me zelene mesta, rastie v Z\u00e1hrade umenia. Je...\" \/>\n<meta property=\"og:url\" content=\"https:\/\/www.regionsaris.sk\/es\/historia\/ginko-v-zahrade-umenia\/\" \/>\n<meta property=\"og:site_name\" content=\"OOCR \u0160ari\u0161\" \/>\n<meta property=\"og:image\" content=\"https:\/\/www.regionsaris.sk\/wp-content\/uploads\/2026\/01\/ginko-Presov_1.jpg\" \/>\n\t<meta property=\"og:image:width\" content=\"600\" \/>\n\t<meta property=\"og:image:height\" content=\"900\" \/>\n\t<meta property=\"og:image:type\" content=\"image\/jpeg\" \/>\n<meta name=\"twitter:card\" content=\"summary_large_image\" \/>\n<meta name=\"twitter:label1\" content=\"Tiempo de lectura\" \/>\n\t<meta name=\"twitter:data1\" content=\"1 minuto\" \/>\n<script type=\"application\/ld+json\" class=\"yoast-schema-graph\">{\"@context\":\"https:\/\/schema.org\",\"@graph\":[{\"@type\":\"WebPage\",\"@id\":\"https:\/\/www.regionsaris.sk\/historia\/ginko-v-zahrade-umenia\/\",\"url\":\"https:\/\/www.regionsaris.sk\/historia\/ginko-v-zahrade-umenia\/\",\"name\":\"Ginko v Z\u00e1hrade umenia - OOCR \u0160ari\u0161\",\"isPartOf\":{\"@id\":\"https:\/\/www.regionsaris.sk\/#website\"},\"primaryImageOfPage\":{\"@id\":\"https:\/\/www.regionsaris.sk\/historia\/ginko-v-zahrade-umenia\/#primaryimage\"},\"image\":{\"@id\":\"https:\/\/www.regionsaris.sk\/historia\/ginko-v-zahrade-umenia\/#primaryimage\"},\"thumbnailUrl\":\"https:\/\/www.regionsaris.sk\/wp-content\/uploads\/2026\/01\/ginko-Presov_1.jpg\",\"datePublished\":\"2020-05-29T11:22:15+00:00\",\"breadcrumb\":{\"@id\":\"https:\/\/www.regionsaris.sk\/historia\/ginko-v-zahrade-umenia\/#breadcrumb\"},\"inLanguage\":\"es\",\"potentialAction\":[{\"@type\":\"ReadAction\",\"target\":[\"https:\/\/www.regionsaris.sk\/historia\/ginko-v-zahrade-umenia\/\"]}]},{\"@type\":\"ImageObject\",\"inLanguage\":\"es\",\"@id\":\"https:\/\/www.regionsaris.sk\/historia\/ginko-v-zahrade-umenia\/#primaryimage\",\"url\":\"https:\/\/www.regionsaris.sk\/wp-content\/uploads\/2026\/01\/ginko-Presov_1.jpg\",\"contentUrl\":\"https:\/\/www.regionsaris.sk\/wp-content\/uploads\/2026\/01\/ginko-Presov_1.jpg\",\"width\":600,\"height\":900},{\"@type\":\"BreadcrumbList\",\"@id\":\"https:\/\/www.regionsaris.sk\/historia\/ginko-v-zahrade-umenia\/#breadcrumb\",\"itemListElement\":[{\"@type\":\"ListItem\",\"position\":1,\"name\":\"Domov\",\"item\":\"https:\/\/www.regionsaris.sk\/\"},{\"@type\":\"ListItem\",\"position\":2,\"name\":\"Hist\u00f3ria regi\u00f3nu\",\"item\":\"https:\/\/www.regionsaris.sk\/historia-regionu\/\"},{\"@type\":\"ListItem\",\"position\":3,\"name\":\"Ginko v Z\u00e1hrade umenia\"}]},{\"@type\":\"WebSite\",\"@id\":\"https:\/\/www.regionsaris.sk\/#website\",\"url\":\"https:\/\/www.regionsaris.sk\/\",\"name\":\"OOCR \u0160ari\u0161\",\"description\":\"\",\"potentialAction\":[{\"@type\":\"SearchAction\",\"target\":{\"@type\":\"EntryPoint\",\"urlTemplate\":\"https:\/\/www.regionsaris.sk\/?s={search_term_string}\"},\"query-input\":{\"@type\":\"PropertyValueSpecification\",\"valueRequired\":true,\"valueName\":\"search_term_string\"}}],\"inLanguage\":\"es\"}]}<\/script>\n<!-- \/ Yoast SEO Premium plugin. -->","yoast_head_json":{"title":"Ginko v Z\u00e1hrade umenia - OOCR \u0160ari\u0161","robots":{"index":"index","follow":"follow","max-snippet":"max-snippet:-1","max-image-preview":"max-image-preview:large","max-video-preview":"max-video-preview:-1"},"canonical":"https:\/\/www.regionsaris.sk\/es\/historia\/ginko-v-zahrade-umenia\/","og_locale":"es_ES","og_type":"article","og_title":"Ginko v Z\u00e1hrade umenia","og_description":"Stromov\u00fd jedinec, ktor\u00fd je botanick\u00fdm \u0161perkom v syst\u00e9me zelene mesta, rastie v Z\u00e1hrade umenia. Je...","og_url":"https:\/\/www.regionsaris.sk\/es\/historia\/ginko-v-zahrade-umenia\/","og_site_name":"OOCR \u0160ari\u0161","og_image":[{"width":600,"height":900,"url":"https:\/\/www.regionsaris.sk\/wp-content\/uploads\/2026\/01\/ginko-Presov_1.jpg","type":"image\/jpeg"}],"twitter_card":"summary_large_image","twitter_misc":{"Tiempo de lectura":"1 minuto"},"schema":{"@context":"https:\/\/schema.org","@graph":[{"@type":"WebPage","@id":"https:\/\/www.regionsaris.sk\/historia\/ginko-v-zahrade-umenia\/","url":"https:\/\/www.regionsaris.sk\/historia\/ginko-v-zahrade-umenia\/","name":"Ginko v Z\u00e1hrade umenia - OOCR \u0160ari\u0161","isPartOf":{"@id":"https:\/\/www.regionsaris.sk\/#website"},"primaryImageOfPage":{"@id":"https:\/\/www.regionsaris.sk\/historia\/ginko-v-zahrade-umenia\/#primaryimage"},"image":{"@id":"https:\/\/www.regionsaris.sk\/historia\/ginko-v-zahrade-umenia\/#primaryimage"},"thumbnailUrl":"https:\/\/www.regionsaris.sk\/wp-content\/uploads\/2026\/01\/ginko-Presov_1.jpg","datePublished":"2020-05-29T11:22:15+00:00","breadcrumb":{"@id":"https:\/\/www.regionsaris.sk\/historia\/ginko-v-zahrade-umenia\/#breadcrumb"},"inLanguage":"es","potentialAction":[{"@type":"ReadAction","target":["https:\/\/www.regionsaris.sk\/historia\/ginko-v-zahrade-umenia\/"]}]},{"@type":"ImageObject","inLanguage":"es","@id":"https:\/\/www.regionsaris.sk\/historia\/ginko-v-zahrade-umenia\/#primaryimage","url":"https:\/\/www.regionsaris.sk\/wp-content\/uploads\/2026\/01\/ginko-Presov_1.jpg","contentUrl":"https:\/\/www.regionsaris.sk\/wp-content\/uploads\/2026\/01\/ginko-Presov_1.jpg","width":600,"height":900},{"@type":"BreadcrumbList","@id":"https:\/\/www.regionsaris.sk\/historia\/ginko-v-zahrade-umenia\/#breadcrumb","itemListElement":[{"@type":"ListItem","position":1,"name":"Domov","item":"https:\/\/www.regionsaris.sk\/"},{"@type":"ListItem","position":2,"name":"Hist\u00f3ria regi\u00f3nu","item":"https:\/\/www.regionsaris.sk\/historia-regionu\/"},{"@type":"ListItem","position":3,"name":"Ginko v Z\u00e1hrade umenia"}]},{"@type":"WebSite","@id":"https:\/\/www.regionsaris.sk\/#website","url":"https:\/\/www.regionsaris.sk\/","name":"OOCR \u0160ari\u0161","description":"","potentialAction":[{"@type":"SearchAction","target":{"@type":"EntryPoint","urlTemplate":"https:\/\/www.regionsaris.sk\/?s={search_term_string}"},"query-input":{"@type":"PropertyValueSpecification","valueRequired":true,"valueName":"search_term_string"}}],"inLanguage":"es"}]}},"_links":{"self":[{"href":"https:\/\/www.regionsaris.sk\/es\/wp-json\/wp\/v2\/historia\/2043","targetHints":{"allow":["GET"]}}],"collection":[{"href":"https:\/\/www.regionsaris.sk\/es\/wp-json\/wp\/v2\/historia"}],"about":[{"href":"https:\/\/www.regionsaris.sk\/es\/wp-json\/wp\/v2\/types\/historia"}],"wp:featuredmedia":[{"embeddable":true,"href":"https:\/\/www.regionsaris.sk\/es\/wp-json\/wp\/v2\/media\/1127"}],"wp:attachment":[{"href":"https:\/\/www.regionsaris.sk\/es\/wp-json\/wp\/v2\/media?parent=2043"}],"wp:term":[{"taxonomy":"kategoria-poi","embeddable":true,"href":"https:\/\/www.regionsaris.sk\/es\/wp-json\/wp\/v2\/kategoria-poi?post=2043"},{"taxonomy":"lokalita","embeddable":true,"href":"https:\/\/www.regionsaris.sk\/es\/wp-json\/wp\/v2\/lokalita?post=2043"},{"taxonomy":"sezona-poi","embeddable":true,"href":"https:\/\/www.regionsaris.sk\/es\/wp-json\/wp\/v2\/sezona-poi?post=2043"},{"taxonomy":"trvanie-vyletu","embeddable":true,"href":"https:\/\/www.regionsaris.sk\/es\/wp-json\/wp\/v2\/trvanie-vyletu?post=2043"}],"curies":[{"name":"wp","href":"https:\/\/api.w.org\/{rel}","templated":true}]}}