{"id":2039,"date":"2020-05-29T11:56:50","date_gmt":"2020-05-29T10:56:50","guid":{"rendered":"https:\/\/www.regionsaris.sk\/historia\/greckokatolicky-biskupsky-palac\/"},"modified":"2020-05-29T11:56:50","modified_gmt":"2020-05-29T10:56:50","slug":"greckokatolicky-biskupsky-palac","status":"publish","type":"historia","link":"https:\/\/www.regionsaris.sk\/es\/historia\/greckokatolicky-biskupsky-palac\/","title":{"rendered":"Palacio episcopal greco-cat\u00f3lico"},"content":{"rendered":"<p>El Palacio Episcopal se construy\u00f3 a partir de un antiguo monasterio minorita. Su historia comenz\u00f3 con la conversi\u00f3n del hospital y el asilo de pobres de la ciudad en un nuevo monasterio, que fue adquirido por los minoritas en 1673. La actividad de los minoritas en Pre\u0161ov termin\u00f3 con el decreto del emperador Jos\u00e9 II del 12 de julio de 1787, por el que se disolvi\u00f3 el monasterio, a pesar de las s\u00faplicas del magistrado de la ciudad y del obispo de Jagiellon al propio monarca.<br>En 1791, la sede del vicariato greco-cat\u00f3lico se traslad\u00f3 de Ko\u0161ice a Pre\u0161ov, a las dependencias del antiguo monasterio minorita. El 22 de septiembre de 1818, el papa P\u00edo VII promulg\u00f3 la bula Relata semper, por la que se establec\u00eda el obispado greco-cat\u00f3lico en Pre\u0161ov. En 1821, todo el complejo del antiguo monasterio fue asignado al primer obispo de la reci\u00e9n creada di\u00f3cesis de Pre\u0161ov, Gregor Tarkovi\u010d. En 1848, Jozef Gaganec, segundo obispo de Pre\u0161ov, mand\u00f3 reconstruir ampliamente la residencia, dando lugar al actual edificio palaciego de dos plantas y fachada cl\u00e1sica. Sobre la entrada principal hab\u00eda un gran escudo triangular (t\u00edmpano) con la inscripci\u00f3n <strong>\u201eSu Majestad Fernando V, Rey de Hungr\u00eda, por gracia construido 1848\u201c<\/strong>, encima de la inscripci\u00f3n hay un escudo en relieve del obispado greco-cat\u00f3lico rodeado por una cadena episcopal y una cruz fijada sobre ella. La parte central del edificio est\u00e1 dominada por una gran c\u00fapula. El palacio es actualmente la sede del arzobispado greco-cat\u00f3lico.<\/p>\n\n\n\n<p>El Palacio Episcopal Grecocat\u00f3lico forma parte del\u00a0<a href=\"https:\/\/www.sarisskahradnacesta.sk\/\">Caminos del castillo de \u0160ari\u0161<\/a>.<\/p>\n\n\n\n<p>Foto: OOCR Regi\u00f3n \u0160ari\u0161, pis.sk, grtkapo.sk, Jozef Kotuli\u010d<\/p>","protected":false},"featured_media":1116,"template":"","meta":{"_acf_changed":false},"kategoria-poi":[105,173,104,102,107],"lokalita":[26],"sezona-poi":[],"trvanie-vyletu":[],"class_list":["post-2039","historia","type-historia","status-publish","has-post-thumbnail","hentry","kategoria-poi-historia","kategoria-poi-kastiele-a-kurie","kategoria-poi-mesta","kategoria-poi-prirodne-krasy","kategoria-poi-turistika","lokalita-mesto-presov"],"acf":[],"yoast_head":"<!-- This site is optimized with the Yoast SEO Premium plugin v26.3 (Yoast SEO v26.8) - https:\/\/yoast.com\/product\/yoast-seo-premium-wordpress\/ -->\n<title>Gr\u00e9ckokatol\u00edcky biskupsk\u00fd pal\u00e1c - OOCR \u0160ari\u0161<\/title>\n<meta name=\"robots\" content=\"index, follow, max-snippet:-1, max-image-preview:large, max-video-preview:-1\" \/>\n<link rel=\"canonical\" href=\"https:\/\/www.regionsaris.sk\/es\/historia\/greckokatolicky-biskupsky-palac\/\" \/>\n<meta property=\"og:locale\" content=\"es_ES\" \/>\n<meta property=\"og:type\" content=\"article\" \/>\n<meta property=\"og:title\" content=\"Gr\u00e9ckokatol\u00edcky biskupsk\u00fd pal\u00e1c\" \/>\n<meta property=\"og:description\" content=\"Biskupsk\u00fd pal\u00e1c vznikol z b\u00fdval\u00e9ho kl\u00e1\u0161tora minoritov. Jeho hist\u00f3ria sa za\u010dala p\u00edsa\u0165 prestavbou budovy mestsk\u00e9ho...\" \/>\n<meta property=\"og:url\" content=\"https:\/\/www.regionsaris.sk\/es\/historia\/greckokatolicky-biskupsky-palac\/\" \/>\n<meta property=\"og:site_name\" content=\"OOCR \u0160ari\u0161\" \/>\n<meta property=\"og:image\" content=\"https:\/\/www.regionsaris.sk\/wp-content\/uploads\/2026\/01\/GK-biskup-palac-600x400-1.jpg\" \/>\n\t<meta property=\"og:image:width\" content=\"600\" \/>\n\t<meta property=\"og:image:height\" content=\"400\" \/>\n\t<meta property=\"og:image:type\" content=\"image\/jpeg\" \/>\n<meta name=\"twitter:card\" content=\"summary_large_image\" \/>\n<meta name=\"twitter:label1\" content=\"Tiempo de lectura\" \/>\n\t<meta name=\"twitter:data1\" content=\"1 minuto\" \/>\n<script type=\"application\/ld+json\" class=\"yoast-schema-graph\">{\"@context\":\"https:\/\/schema.org\",\"@graph\":[{\"@type\":\"WebPage\",\"@id\":\"https:\/\/www.regionsaris.sk\/historia\/greckokatolicky-biskupsky-palac\/\",\"url\":\"https:\/\/www.regionsaris.sk\/historia\/greckokatolicky-biskupsky-palac\/\",\"name\":\"Gr\u00e9ckokatol\u00edcky biskupsk\u00fd pal\u00e1c - OOCR \u0160ari\u0161\",\"isPartOf\":{\"@id\":\"https:\/\/www.regionsaris.sk\/#website\"},\"primaryImageOfPage\":{\"@id\":\"https:\/\/www.regionsaris.sk\/historia\/greckokatolicky-biskupsky-palac\/#primaryimage\"},\"image\":{\"@id\":\"https:\/\/www.regionsaris.sk\/historia\/greckokatolicky-biskupsky-palac\/#primaryimage\"},\"thumbnailUrl\":\"https:\/\/www.regionsaris.sk\/wp-content\/uploads\/2026\/01\/GK-biskup-palac-600x400-1.jpg\",\"datePublished\":\"2020-05-29T10:56:50+00:00\",\"breadcrumb\":{\"@id\":\"https:\/\/www.regionsaris.sk\/historia\/greckokatolicky-biskupsky-palac\/#breadcrumb\"},\"inLanguage\":\"es\",\"potentialAction\":[{\"@type\":\"ReadAction\",\"target\":[\"https:\/\/www.regionsaris.sk\/historia\/greckokatolicky-biskupsky-palac\/\"]}]},{\"@type\":\"ImageObject\",\"inLanguage\":\"es\",\"@id\":\"https:\/\/www.regionsaris.sk\/historia\/greckokatolicky-biskupsky-palac\/#primaryimage\",\"url\":\"https:\/\/www.regionsaris.sk\/wp-content\/uploads\/2026\/01\/GK-biskup-palac-600x400-1.jpg\",\"contentUrl\":\"https:\/\/www.regionsaris.sk\/wp-content\/uploads\/2026\/01\/GK-biskup-palac-600x400-1.jpg\",\"width\":600,\"height\":400},{\"@type\":\"BreadcrumbList\",\"@id\":\"https:\/\/www.regionsaris.sk\/historia\/greckokatolicky-biskupsky-palac\/#breadcrumb\",\"itemListElement\":[{\"@type\":\"ListItem\",\"position\":1,\"name\":\"Domov\",\"item\":\"https:\/\/www.regionsaris.sk\/\"},{\"@type\":\"ListItem\",\"position\":2,\"name\":\"Hist\u00f3ria regi\u00f3nu\",\"item\":\"https:\/\/www.regionsaris.sk\/historia-regionu\/\"},{\"@type\":\"ListItem\",\"position\":3,\"name\":\"Gr\u00e9ckokatol\u00edcky biskupsk\u00fd pal\u00e1c\"}]},{\"@type\":\"WebSite\",\"@id\":\"https:\/\/www.regionsaris.sk\/#website\",\"url\":\"https:\/\/www.regionsaris.sk\/\",\"name\":\"OOCR \u0160ari\u0161\",\"description\":\"\",\"potentialAction\":[{\"@type\":\"SearchAction\",\"target\":{\"@type\":\"EntryPoint\",\"urlTemplate\":\"https:\/\/www.regionsaris.sk\/?s={search_term_string}\"},\"query-input\":{\"@type\":\"PropertyValueSpecification\",\"valueRequired\":true,\"valueName\":\"search_term_string\"}}],\"inLanguage\":\"es\"}]}<\/script>\n<!-- \/ Yoast SEO Premium plugin. -->","yoast_head_json":{"title":"Gr\u00e9ckokatol\u00edcky biskupsk\u00fd pal\u00e1c - OOCR \u0160ari\u0161","robots":{"index":"index","follow":"follow","max-snippet":"max-snippet:-1","max-image-preview":"max-image-preview:large","max-video-preview":"max-video-preview:-1"},"canonical":"https:\/\/www.regionsaris.sk\/es\/historia\/greckokatolicky-biskupsky-palac\/","og_locale":"es_ES","og_type":"article","og_title":"Gr\u00e9ckokatol\u00edcky biskupsk\u00fd pal\u00e1c","og_description":"Biskupsk\u00fd pal\u00e1c vznikol z b\u00fdval\u00e9ho kl\u00e1\u0161tora minoritov. Jeho hist\u00f3ria sa za\u010dala p\u00edsa\u0165 prestavbou budovy mestsk\u00e9ho...","og_url":"https:\/\/www.regionsaris.sk\/es\/historia\/greckokatolicky-biskupsky-palac\/","og_site_name":"OOCR \u0160ari\u0161","og_image":[{"width":600,"height":400,"url":"https:\/\/www.regionsaris.sk\/wp-content\/uploads\/2026\/01\/GK-biskup-palac-600x400-1.jpg","type":"image\/jpeg"}],"twitter_card":"summary_large_image","twitter_misc":{"Tiempo de lectura":"1 minuto"},"schema":{"@context":"https:\/\/schema.org","@graph":[{"@type":"WebPage","@id":"https:\/\/www.regionsaris.sk\/historia\/greckokatolicky-biskupsky-palac\/","url":"https:\/\/www.regionsaris.sk\/historia\/greckokatolicky-biskupsky-palac\/","name":"Gr\u00e9ckokatol\u00edcky biskupsk\u00fd pal\u00e1c - OOCR \u0160ari\u0161","isPartOf":{"@id":"https:\/\/www.regionsaris.sk\/#website"},"primaryImageOfPage":{"@id":"https:\/\/www.regionsaris.sk\/historia\/greckokatolicky-biskupsky-palac\/#primaryimage"},"image":{"@id":"https:\/\/www.regionsaris.sk\/historia\/greckokatolicky-biskupsky-palac\/#primaryimage"},"thumbnailUrl":"https:\/\/www.regionsaris.sk\/wp-content\/uploads\/2026\/01\/GK-biskup-palac-600x400-1.jpg","datePublished":"2020-05-29T10:56:50+00:00","breadcrumb":{"@id":"https:\/\/www.regionsaris.sk\/historia\/greckokatolicky-biskupsky-palac\/#breadcrumb"},"inLanguage":"es","potentialAction":[{"@type":"ReadAction","target":["https:\/\/www.regionsaris.sk\/historia\/greckokatolicky-biskupsky-palac\/"]}]},{"@type":"ImageObject","inLanguage":"es","@id":"https:\/\/www.regionsaris.sk\/historia\/greckokatolicky-biskupsky-palac\/#primaryimage","url":"https:\/\/www.regionsaris.sk\/wp-content\/uploads\/2026\/01\/GK-biskup-palac-600x400-1.jpg","contentUrl":"https:\/\/www.regionsaris.sk\/wp-content\/uploads\/2026\/01\/GK-biskup-palac-600x400-1.jpg","width":600,"height":400},{"@type":"BreadcrumbList","@id":"https:\/\/www.regionsaris.sk\/historia\/greckokatolicky-biskupsky-palac\/#breadcrumb","itemListElement":[{"@type":"ListItem","position":1,"name":"Domov","item":"https:\/\/www.regionsaris.sk\/"},{"@type":"ListItem","position":2,"name":"Hist\u00f3ria regi\u00f3nu","item":"https:\/\/www.regionsaris.sk\/historia-regionu\/"},{"@type":"ListItem","position":3,"name":"Gr\u00e9ckokatol\u00edcky biskupsk\u00fd pal\u00e1c"}]},{"@type":"WebSite","@id":"https:\/\/www.regionsaris.sk\/#website","url":"https:\/\/www.regionsaris.sk\/","name":"OOCR \u0160ari\u0161","description":"","potentialAction":[{"@type":"SearchAction","target":{"@type":"EntryPoint","urlTemplate":"https:\/\/www.regionsaris.sk\/?s={search_term_string}"},"query-input":{"@type":"PropertyValueSpecification","valueRequired":true,"valueName":"search_term_string"}}],"inLanguage":"es"}]}},"_links":{"self":[{"href":"https:\/\/www.regionsaris.sk\/es\/wp-json\/wp\/v2\/historia\/2039","targetHints":{"allow":["GET"]}}],"collection":[{"href":"https:\/\/www.regionsaris.sk\/es\/wp-json\/wp\/v2\/historia"}],"about":[{"href":"https:\/\/www.regionsaris.sk\/es\/wp-json\/wp\/v2\/types\/historia"}],"wp:featuredmedia":[{"embeddable":true,"href":"https:\/\/www.regionsaris.sk\/es\/wp-json\/wp\/v2\/media\/1116"}],"wp:attachment":[{"href":"https:\/\/www.regionsaris.sk\/es\/wp-json\/wp\/v2\/media?parent=2039"}],"wp:term":[{"taxonomy":"kategoria-poi","embeddable":true,"href":"https:\/\/www.regionsaris.sk\/es\/wp-json\/wp\/v2\/kategoria-poi?post=2039"},{"taxonomy":"lokalita","embeddable":true,"href":"https:\/\/www.regionsaris.sk\/es\/wp-json\/wp\/v2\/lokalita?post=2039"},{"taxonomy":"sezona-poi","embeddable":true,"href":"https:\/\/www.regionsaris.sk\/es\/wp-json\/wp\/v2\/sezona-poi?post=2039"},{"taxonomy":"trvanie-vyletu","embeddable":true,"href":"https:\/\/www.regionsaris.sk\/es\/wp-json\/wp\/v2\/trvanie-vyletu?post=2039"}],"curies":[{"name":"wp","href":"https:\/\/api.w.org\/{rel}","templated":true}]}}