{"id":2033,"date":"2020-05-29T10:48:41","date_gmt":"2020-05-29T09:48:41","guid":{"rendered":"https:\/\/www.regionsaris.sk\/historia\/radnica-v-presove\/"},"modified":"2020-05-29T10:48:41","modified_gmt":"2020-05-29T09:48:41","slug":"radnica-v-presove","status":"publish","type":"historia","link":"https:\/\/www.regionsaris.sk\/es\/historia\/radnica-v-presove\/","title":{"rendered":"Ayuntamiento de Pre\u0161ov"},"content":{"rendered":"El ayuntamiento de la ciudad medieval de Pre\u0161ov se encontraba originalmente en otro lugar. Era un edificio independiente de piedra de dos plantas, construido en alg\u00fan lugar del actual parque con un monumento al Ej\u00e9rcito Rojo. Sin embargo, durante el siglo XVII, por razones desconocidas (probablemente da\u00f1os durante incendios), el magistrado lo abandon\u00f3 y se traslad\u00f3 al edificio que a\u00fan hoy sirve a este prop\u00f3sito. Se desconoce el aspecto exacto del ayuntamiento original, del que s\u00f3lo se conserva el escudo de armas de piedra de la ciudad de la primera mitad del siglo XVI, situado en segundo t\u00e9rmino en el portal del ayuntamiento posterior. El nuevo edificio fue una espl\u00e9ndida casa consistorial en la Edad Media. A principios del siglo XVI, se convirti\u00f3 en bodega municipal, funci\u00f3n que desempe\u00f1\u00f3 durante casi dos siglos. Del periodo g\u00f3tico s\u00f3lo se conservan algunos fragmentos de los interiores, el portal y el revestimiento tardog\u00f3tico de la planta baja. En la segunda mitad del siglo XVI, la bodega se ampli\u00f3 mediante una extensi\u00f3n sobre el pasaje de la calle que conectaba los dos barrios de la plaza y se reconstruy\u00f3 en estilo renacentista. Los interiores se abovedaron entonces con arcos renacentistas y el edificio se remat\u00f3 con un rico \u00e1tico a dos aguas. El incendio de 1768 dio lugar a una profunda reconstrucci\u00f3n. Se termin\u00f3 en 1788, cuando se le dio un aspecto barroco tard\u00edo con una fachada t\u00edpica de ventanas altas y balc\u00f3n. La \u00faltima reconstrucci\u00f3n tuvo lugar tras el gran incendio de 1887. En esa \u00e9poca se a\u00f1adi\u00f3 el segundo piso. Tras la ocupaci\u00f3n de la ciudad y de gran parte de Eslovaquia oriental por el Ej\u00e9rcito Rojo h\u00fangaro, el 16 de junio de 1919 se proclam\u00f3 la Rep\u00fablica Eslovaca desde su balc\u00f3n. Desde 1945 el edificio alberg\u00f3 el Comit\u00e9 Nacional Municipal, despu\u00e9s de 1990 la Oficina Municipal. En 1961, el ayuntamiento fue inscrito en la lista de monumentos culturales nacionales.\n<div class=\"row mt-40 place-gallery\"><\/div>","protected":false},"featured_media":1086,"template":"","meta":{"_acf_changed":false},"kategoria-poi":[105,104,102,107],"lokalita":[26],"sezona-poi":[],"trvanie-vyletu":[],"class_list":["post-2033","historia","type-historia","status-publish","has-post-thumbnail","hentry","kategoria-poi-historia","kategoria-poi-mesta","kategoria-poi-prirodne-krasy","kategoria-poi-turistika","lokalita-mesto-presov"],"acf":[],"yoast_head":"<!-- This site is optimized with the Yoast SEO Premium plugin v26.3 (Yoast SEO v26.8) - https:\/\/yoast.com\/product\/yoast-seo-premium-wordpress\/ -->\n<title>Radnica v Pre\u0161ove - OOCR \u0160ari\u0161<\/title>\n<meta name=\"robots\" content=\"index, follow, max-snippet:-1, max-image-preview:large, max-video-preview:-1\" \/>\n<link rel=\"canonical\" href=\"https:\/\/www.regionsaris.sk\/es\/historia\/radnica-v-presove\/\" \/>\n<meta property=\"og:locale\" content=\"es_ES\" \/>\n<meta property=\"og:type\" content=\"article\" \/>\n<meta property=\"og:title\" content=\"Radnica v Pre\u0161ove\" \/>\n<meta property=\"og:description\" content=\"Radnica stredovek\u00e9ho Pre\u0161ova st\u00e1la p\u00f4vodne na inom mieste. Bola to samostatne stojaca dvojpodla\u017en\u00e1 kamenn\u00e1 budova,...\" \/>\n<meta property=\"og:url\" content=\"https:\/\/www.regionsaris.sk\/es\/historia\/radnica-v-presove\/\" \/>\n<meta property=\"og:site_name\" content=\"OOCR \u0160ari\u0161\" \/>\n<meta property=\"og:image\" content=\"https:\/\/www.regionsaris.sk\/wp-content\/uploads\/2026\/01\/Radnica-Presov-600x400-1.jpg\" \/>\n\t<meta property=\"og:image:width\" content=\"600\" \/>\n\t<meta property=\"og:image:height\" content=\"400\" \/>\n\t<meta property=\"og:image:type\" content=\"image\/jpeg\" \/>\n<meta name=\"twitter:card\" content=\"summary_large_image\" \/>\n<meta name=\"twitter:label1\" content=\"Tiempo de lectura\" \/>\n\t<meta name=\"twitter:data1\" content=\"2 minutos\" \/>\n<script type=\"application\/ld+json\" class=\"yoast-schema-graph\">{\"@context\":\"https:\/\/schema.org\",\"@graph\":[{\"@type\":\"WebPage\",\"@id\":\"https:\/\/www.regionsaris.sk\/historia\/radnica-v-presove\/\",\"url\":\"https:\/\/www.regionsaris.sk\/historia\/radnica-v-presove\/\",\"name\":\"Radnica v Pre\u0161ove - OOCR \u0160ari\u0161\",\"isPartOf\":{\"@id\":\"https:\/\/www.regionsaris.sk\/#website\"},\"primaryImageOfPage\":{\"@id\":\"https:\/\/www.regionsaris.sk\/historia\/radnica-v-presove\/#primaryimage\"},\"image\":{\"@id\":\"https:\/\/www.regionsaris.sk\/historia\/radnica-v-presove\/#primaryimage\"},\"thumbnailUrl\":\"https:\/\/www.regionsaris.sk\/wp-content\/uploads\/2026\/01\/Radnica-Presov-600x400-1.jpg\",\"datePublished\":\"2020-05-29T09:48:41+00:00\",\"breadcrumb\":{\"@id\":\"https:\/\/www.regionsaris.sk\/historia\/radnica-v-presove\/#breadcrumb\"},\"inLanguage\":\"es\",\"potentialAction\":[{\"@type\":\"ReadAction\",\"target\":[\"https:\/\/www.regionsaris.sk\/historia\/radnica-v-presove\/\"]}]},{\"@type\":\"ImageObject\",\"inLanguage\":\"es\",\"@id\":\"https:\/\/www.regionsaris.sk\/historia\/radnica-v-presove\/#primaryimage\",\"url\":\"https:\/\/www.regionsaris.sk\/wp-content\/uploads\/2026\/01\/Radnica-Presov-600x400-1.jpg\",\"contentUrl\":\"https:\/\/www.regionsaris.sk\/wp-content\/uploads\/2026\/01\/Radnica-Presov-600x400-1.jpg\",\"width\":600,\"height\":400},{\"@type\":\"BreadcrumbList\",\"@id\":\"https:\/\/www.regionsaris.sk\/historia\/radnica-v-presove\/#breadcrumb\",\"itemListElement\":[{\"@type\":\"ListItem\",\"position\":1,\"name\":\"Domov\",\"item\":\"https:\/\/www.regionsaris.sk\/\"},{\"@type\":\"ListItem\",\"position\":2,\"name\":\"Hist\u00f3ria regi\u00f3nu\",\"item\":\"https:\/\/www.regionsaris.sk\/historia-regionu\/\"},{\"@type\":\"ListItem\",\"position\":3,\"name\":\"Radnica v Pre\u0161ove\"}]},{\"@type\":\"WebSite\",\"@id\":\"https:\/\/www.regionsaris.sk\/#website\",\"url\":\"https:\/\/www.regionsaris.sk\/\",\"name\":\"OOCR \u0160ari\u0161\",\"description\":\"\",\"potentialAction\":[{\"@type\":\"SearchAction\",\"target\":{\"@type\":\"EntryPoint\",\"urlTemplate\":\"https:\/\/www.regionsaris.sk\/?s={search_term_string}\"},\"query-input\":{\"@type\":\"PropertyValueSpecification\",\"valueRequired\":true,\"valueName\":\"search_term_string\"}}],\"inLanguage\":\"es\"}]}<\/script>\n<!-- \/ Yoast SEO Premium plugin. -->","yoast_head_json":{"title":"Radnica v Pre\u0161ove - OOCR \u0160ari\u0161","robots":{"index":"index","follow":"follow","max-snippet":"max-snippet:-1","max-image-preview":"max-image-preview:large","max-video-preview":"max-video-preview:-1"},"canonical":"https:\/\/www.regionsaris.sk\/es\/historia\/radnica-v-presove\/","og_locale":"es_ES","og_type":"article","og_title":"Radnica v Pre\u0161ove","og_description":"Radnica stredovek\u00e9ho Pre\u0161ova st\u00e1la p\u00f4vodne na inom mieste. Bola to samostatne stojaca dvojpodla\u017en\u00e1 kamenn\u00e1 budova,...","og_url":"https:\/\/www.regionsaris.sk\/es\/historia\/radnica-v-presove\/","og_site_name":"OOCR \u0160ari\u0161","og_image":[{"width":600,"height":400,"url":"https:\/\/www.regionsaris.sk\/wp-content\/uploads\/2026\/01\/Radnica-Presov-600x400-1.jpg","type":"image\/jpeg"}],"twitter_card":"summary_large_image","twitter_misc":{"Tiempo de lectura":"2 minutos"},"schema":{"@context":"https:\/\/schema.org","@graph":[{"@type":"WebPage","@id":"https:\/\/www.regionsaris.sk\/historia\/radnica-v-presove\/","url":"https:\/\/www.regionsaris.sk\/historia\/radnica-v-presove\/","name":"Radnica v Pre\u0161ove - OOCR \u0160ari\u0161","isPartOf":{"@id":"https:\/\/www.regionsaris.sk\/#website"},"primaryImageOfPage":{"@id":"https:\/\/www.regionsaris.sk\/historia\/radnica-v-presove\/#primaryimage"},"image":{"@id":"https:\/\/www.regionsaris.sk\/historia\/radnica-v-presove\/#primaryimage"},"thumbnailUrl":"https:\/\/www.regionsaris.sk\/wp-content\/uploads\/2026\/01\/Radnica-Presov-600x400-1.jpg","datePublished":"2020-05-29T09:48:41+00:00","breadcrumb":{"@id":"https:\/\/www.regionsaris.sk\/historia\/radnica-v-presove\/#breadcrumb"},"inLanguage":"es","potentialAction":[{"@type":"ReadAction","target":["https:\/\/www.regionsaris.sk\/historia\/radnica-v-presove\/"]}]},{"@type":"ImageObject","inLanguage":"es","@id":"https:\/\/www.regionsaris.sk\/historia\/radnica-v-presove\/#primaryimage","url":"https:\/\/www.regionsaris.sk\/wp-content\/uploads\/2026\/01\/Radnica-Presov-600x400-1.jpg","contentUrl":"https:\/\/www.regionsaris.sk\/wp-content\/uploads\/2026\/01\/Radnica-Presov-600x400-1.jpg","width":600,"height":400},{"@type":"BreadcrumbList","@id":"https:\/\/www.regionsaris.sk\/historia\/radnica-v-presove\/#breadcrumb","itemListElement":[{"@type":"ListItem","position":1,"name":"Domov","item":"https:\/\/www.regionsaris.sk\/"},{"@type":"ListItem","position":2,"name":"Hist\u00f3ria regi\u00f3nu","item":"https:\/\/www.regionsaris.sk\/historia-regionu\/"},{"@type":"ListItem","position":3,"name":"Radnica v Pre\u0161ove"}]},{"@type":"WebSite","@id":"https:\/\/www.regionsaris.sk\/#website","url":"https:\/\/www.regionsaris.sk\/","name":"OOCR \u0160ari\u0161","description":"","potentialAction":[{"@type":"SearchAction","target":{"@type":"EntryPoint","urlTemplate":"https:\/\/www.regionsaris.sk\/?s={search_term_string}"},"query-input":{"@type":"PropertyValueSpecification","valueRequired":true,"valueName":"search_term_string"}}],"inLanguage":"es"}]}},"_links":{"self":[{"href":"https:\/\/www.regionsaris.sk\/es\/wp-json\/wp\/v2\/historia\/2033","targetHints":{"allow":["GET"]}}],"collection":[{"href":"https:\/\/www.regionsaris.sk\/es\/wp-json\/wp\/v2\/historia"}],"about":[{"href":"https:\/\/www.regionsaris.sk\/es\/wp-json\/wp\/v2\/types\/historia"}],"wp:featuredmedia":[{"embeddable":true,"href":"https:\/\/www.regionsaris.sk\/es\/wp-json\/wp\/v2\/media\/1086"}],"wp:attachment":[{"href":"https:\/\/www.regionsaris.sk\/es\/wp-json\/wp\/v2\/media?parent=2033"}],"wp:term":[{"taxonomy":"kategoria-poi","embeddable":true,"href":"https:\/\/www.regionsaris.sk\/es\/wp-json\/wp\/v2\/kategoria-poi?post=2033"},{"taxonomy":"lokalita","embeddable":true,"href":"https:\/\/www.regionsaris.sk\/es\/wp-json\/wp\/v2\/lokalita?post=2033"},{"taxonomy":"sezona-poi","embeddable":true,"href":"https:\/\/www.regionsaris.sk\/es\/wp-json\/wp\/v2\/sezona-poi?post=2033"},{"taxonomy":"trvanie-vyletu","embeddable":true,"href":"https:\/\/www.regionsaris.sk\/es\/wp-json\/wp\/v2\/trvanie-vyletu?post=2033"}],"curies":[{"name":"wp","href":"https:\/\/api.w.org\/{rel}","templated":true}]}}