{"id":2025,"date":"2020-05-29T08:46:31","date_gmt":"2020-05-29T07:46:31","guid":{"rendered":"https:\/\/www.regionsaris.sk\/historia\/konkatedrala-sv-mikulasa\/"},"modified":"2020-05-29T08:46:31","modified_gmt":"2020-05-29T07:46:31","slug":"konkatedrala-sv-mikulasa","status":"publish","type":"historia","link":"https:\/\/www.regionsaris.sk\/es\/historia\/konkatedrala-sv-mikulasa\/","title":{"rendered":"Catedral de San Nicol\u00e1s"},"content":{"rendered":"<p>Pertenece a los monumentos hist\u00f3ricos m\u00e1s importantes de Pre\u0161ov. Es el edificio m\u00e1s antiguo y el \u00fanico edificio sacro g\u00f3tico que se conserva en la ciudad. Se trata de una iglesia g\u00f3tica de tres naves, las llamadas iglesias de sal\u00f3n, que se extendieron sobre todo en zonas alemanas. En el pasado fue considerada una de las iglesias de sal\u00f3n m\u00e1s perfectas de la antigua Hungr\u00eda y entre los edificios del mismo tipo en Eslovaquia se sit\u00faa por sus dimensiones justo detr\u00e1s de la Iglesia de Santiago en Levoca y la Catedral de San Mart\u00edn en Bratislava. Sus or\u00edgenes se remontan a la \u00e9poca suburbana y, probablemente, desde el siglo XIII hubo en su emplazamiento una iglesia de un asentamiento alem\u00e1n. Su construcci\u00f3n se remonta a 1347, cuando la reina Isabel permiti\u00f3 a los habitantes de Pre\u0161ov extraer piedra para este fin en el territorio de \u0160ari\u0161. La iglesia se incendi\u00f3 seis veces, la \u00faltima en 1887. Fue parroquia cat\u00f3lica hasta 1531, cuando la mayor\u00eda de los habitantes y sacerdotes aceptaron las ense\u00f1anzas de Lutero. Durante los 140 a\u00f1os siguientes fue una iglesia evang\u00e9lica para ciudadanos de nacionalidad alemana. Tras la ocupaci\u00f3n de la ciudad por el ej\u00e9rcito de los Habsburgo en 1671, se convirti\u00f3 en iglesia cat\u00f3lica, y durante el levantamiento de Imrich T\u00f6k\u00f6li en 1682-1686, volvi\u00f3 a ser protestante. La \u00faltima vez que sirvi\u00f3 como iglesia evang\u00e9lica alemana fue durante el levantamiento de Francisco II. Rakoci en 1705 - 1711. Desde entonces ha sido una iglesia parroquial cat\u00f3lica romana hasta nuestros d\u00edas. Originalmente la iglesia ten\u00eda 12 altares g\u00f3ticos. La mayor parte fue destruida por incendios, pero sobre todo como consecuencia de las luchas religiosas durante los levantamientos contra los Habsburgo. De los dem\u00e1s objetos g\u00f3ticos de la iglesia, se conservan valios\u00edsimas esculturas del Crucificado de la primera mitad del siglo XIV, una estatua de Cristo sufriente de la obra del maestro Pablo de Levo\u010da y una escultura del arc\u00e1ngel Gabriel del siglo XV, que estuvo en la Exposici\u00f3n Universal de Viena de 1873. En 2008, la iglesia parroquial de San Nicol\u00e1s fue elevada a la categor\u00eda de catedral.<\/p>\n\n\n\n<p>Desde la torre de la iglesia tendr\u00e1 una vista inolvidable de la plaza hist\u00f3rica de Pre\u0161ov, los tejados de las casas medievales y la regi\u00f3n circundante. La torre de la Catedral de San Nicol\u00e1s est\u00e1 abierta todos los d\u00edas durante la temporada de verano para grupos e individuos.<\/p>\n\n\n\n<p>Fotograf\u00eda: chello foto, OOCR Regi\u00f3n de \u0160ari\u0161, Tibor \u0160ari\u0161sky Photography, Oficina Parroquial de Pre\u0161ov.<\/p>","protected":false},"featured_media":1056,"template":"","meta":{"_acf_changed":false},"kategoria-poi":[105,169,104,168,102,107],"lokalita":[26],"sezona-poi":[],"trvanie-vyletu":[],"class_list":["post-2025","historia","type-historia","status-publish","has-post-thumbnail","hentry","kategoria-poi-historia","kategoria-poi-kostoly","kategoria-poi-mesta","kategoria-poi-nabozensky-turizmus","kategoria-poi-prirodne-krasy","kategoria-poi-turistika","lokalita-mesto-presov"],"acf":[],"yoast_head":"<!-- This site is optimized with the Yoast SEO Premium plugin v26.3 (Yoast SEO v26.8) - https:\/\/yoast.com\/product\/yoast-seo-premium-wordpress\/ -->\n<title>Konkatedr\u00e1la sv. Mikul\u00e1\u0161a - OOCR \u0160ari\u0161<\/title>\n<meta name=\"robots\" content=\"index, follow, max-snippet:-1, max-image-preview:large, max-video-preview:-1\" \/>\n<link rel=\"canonical\" href=\"https:\/\/www.regionsaris.sk\/es\/historia\/konkatedrala-sv-mikulasa\/\" \/>\n<meta property=\"og:locale\" content=\"es_ES\" \/>\n<meta property=\"og:type\" content=\"article\" \/>\n<meta property=\"og:title\" content=\"Konkatedr\u00e1la sv. Mikul\u00e1\u0161a\" \/>\n<meta property=\"og:description\" content=\"Patr\u00ed k najv\u00fdznamnej\u0161\u00edm historick\u00fdm dominant\u00e1m Pre\u0161ova. Ide o najstar\u0161iu budovu a jedin\u00fa zachovan\u00fa gotick\u00fa sakr\u00e1lnu...\" \/>\n<meta property=\"og:url\" content=\"https:\/\/www.regionsaris.sk\/es\/historia\/konkatedrala-sv-mikulasa\/\" \/>\n<meta property=\"og:site_name\" content=\"OOCR \u0160ari\u0161\" \/>\n<meta property=\"og:image\" content=\"https:\/\/www.regionsaris.sk\/wp-content\/uploads\/2026\/01\/vezamikulasa.jpg\" \/>\n\t<meta property=\"og:image:width\" content=\"1152\" \/>\n\t<meta property=\"og:image:height\" content=\"1152\" \/>\n\t<meta property=\"og:image:type\" content=\"image\/jpeg\" \/>\n<meta name=\"twitter:card\" content=\"summary_large_image\" \/>\n<meta name=\"twitter:label1\" content=\"Tiempo de lectura\" \/>\n\t<meta name=\"twitter:data1\" content=\"2 minutos\" \/>\n<script type=\"application\/ld+json\" class=\"yoast-schema-graph\">{\"@context\":\"https:\/\/schema.org\",\"@graph\":[{\"@type\":\"WebPage\",\"@id\":\"https:\/\/www.regionsaris.sk\/historia\/konkatedrala-sv-mikulasa\/\",\"url\":\"https:\/\/www.regionsaris.sk\/historia\/konkatedrala-sv-mikulasa\/\",\"name\":\"Konkatedr\u00e1la sv. Mikul\u00e1\u0161a - OOCR \u0160ari\u0161\",\"isPartOf\":{\"@id\":\"https:\/\/www.regionsaris.sk\/#website\"},\"primaryImageOfPage\":{\"@id\":\"https:\/\/www.regionsaris.sk\/historia\/konkatedrala-sv-mikulasa\/#primaryimage\"},\"image\":{\"@id\":\"https:\/\/www.regionsaris.sk\/historia\/konkatedrala-sv-mikulasa\/#primaryimage\"},\"thumbnailUrl\":\"https:\/\/www.regionsaris.sk\/wp-content\/uploads\/2026\/01\/vezamikulasa.jpg\",\"datePublished\":\"2020-05-29T07:46:31+00:00\",\"breadcrumb\":{\"@id\":\"https:\/\/www.regionsaris.sk\/historia\/konkatedrala-sv-mikulasa\/#breadcrumb\"},\"inLanguage\":\"es\",\"potentialAction\":[{\"@type\":\"ReadAction\",\"target\":[\"https:\/\/www.regionsaris.sk\/historia\/konkatedrala-sv-mikulasa\/\"]}]},{\"@type\":\"ImageObject\",\"inLanguage\":\"es\",\"@id\":\"https:\/\/www.regionsaris.sk\/historia\/konkatedrala-sv-mikulasa\/#primaryimage\",\"url\":\"https:\/\/www.regionsaris.sk\/wp-content\/uploads\/2026\/01\/vezamikulasa.jpg\",\"contentUrl\":\"https:\/\/www.regionsaris.sk\/wp-content\/uploads\/2026\/01\/vezamikulasa.jpg\",\"width\":1152,\"height\":1152},{\"@type\":\"BreadcrumbList\",\"@id\":\"https:\/\/www.regionsaris.sk\/historia\/konkatedrala-sv-mikulasa\/#breadcrumb\",\"itemListElement\":[{\"@type\":\"ListItem\",\"position\":1,\"name\":\"Domov\",\"item\":\"https:\/\/www.regionsaris.sk\/\"},{\"@type\":\"ListItem\",\"position\":2,\"name\":\"Hist\u00f3ria regi\u00f3nu\",\"item\":\"https:\/\/www.regionsaris.sk\/historia-regionu\/\"},{\"@type\":\"ListItem\",\"position\":3,\"name\":\"Konkatedr\u00e1la sv. Mikul\u00e1\u0161a\"}]},{\"@type\":\"WebSite\",\"@id\":\"https:\/\/www.regionsaris.sk\/#website\",\"url\":\"https:\/\/www.regionsaris.sk\/\",\"name\":\"OOCR \u0160ari\u0161\",\"description\":\"\",\"potentialAction\":[{\"@type\":\"SearchAction\",\"target\":{\"@type\":\"EntryPoint\",\"urlTemplate\":\"https:\/\/www.regionsaris.sk\/?s={search_term_string}\"},\"query-input\":{\"@type\":\"PropertyValueSpecification\",\"valueRequired\":true,\"valueName\":\"search_term_string\"}}],\"inLanguage\":\"es\"}]}<\/script>\n<!-- \/ Yoast SEO Premium plugin. -->","yoast_head_json":{"title":"Konkatedr\u00e1la sv. Mikul\u00e1\u0161a - OOCR \u0160ari\u0161","robots":{"index":"index","follow":"follow","max-snippet":"max-snippet:-1","max-image-preview":"max-image-preview:large","max-video-preview":"max-video-preview:-1"},"canonical":"https:\/\/www.regionsaris.sk\/es\/historia\/konkatedrala-sv-mikulasa\/","og_locale":"es_ES","og_type":"article","og_title":"Konkatedr\u00e1la sv. Mikul\u00e1\u0161a","og_description":"Patr\u00ed k najv\u00fdznamnej\u0161\u00edm historick\u00fdm dominant\u00e1m Pre\u0161ova. Ide o najstar\u0161iu budovu a jedin\u00fa zachovan\u00fa gotick\u00fa sakr\u00e1lnu...","og_url":"https:\/\/www.regionsaris.sk\/es\/historia\/konkatedrala-sv-mikulasa\/","og_site_name":"OOCR \u0160ari\u0161","og_image":[{"width":1152,"height":1152,"url":"https:\/\/www.regionsaris.sk\/wp-content\/uploads\/2026\/01\/vezamikulasa.jpg","type":"image\/jpeg"}],"twitter_card":"summary_large_image","twitter_misc":{"Tiempo de lectura":"2 minutos"},"schema":{"@context":"https:\/\/schema.org","@graph":[{"@type":"WebPage","@id":"https:\/\/www.regionsaris.sk\/historia\/konkatedrala-sv-mikulasa\/","url":"https:\/\/www.regionsaris.sk\/historia\/konkatedrala-sv-mikulasa\/","name":"Konkatedr\u00e1la sv. Mikul\u00e1\u0161a - OOCR \u0160ari\u0161","isPartOf":{"@id":"https:\/\/www.regionsaris.sk\/#website"},"primaryImageOfPage":{"@id":"https:\/\/www.regionsaris.sk\/historia\/konkatedrala-sv-mikulasa\/#primaryimage"},"image":{"@id":"https:\/\/www.regionsaris.sk\/historia\/konkatedrala-sv-mikulasa\/#primaryimage"},"thumbnailUrl":"https:\/\/www.regionsaris.sk\/wp-content\/uploads\/2026\/01\/vezamikulasa.jpg","datePublished":"2020-05-29T07:46:31+00:00","breadcrumb":{"@id":"https:\/\/www.regionsaris.sk\/historia\/konkatedrala-sv-mikulasa\/#breadcrumb"},"inLanguage":"es","potentialAction":[{"@type":"ReadAction","target":["https:\/\/www.regionsaris.sk\/historia\/konkatedrala-sv-mikulasa\/"]}]},{"@type":"ImageObject","inLanguage":"es","@id":"https:\/\/www.regionsaris.sk\/historia\/konkatedrala-sv-mikulasa\/#primaryimage","url":"https:\/\/www.regionsaris.sk\/wp-content\/uploads\/2026\/01\/vezamikulasa.jpg","contentUrl":"https:\/\/www.regionsaris.sk\/wp-content\/uploads\/2026\/01\/vezamikulasa.jpg","width":1152,"height":1152},{"@type":"BreadcrumbList","@id":"https:\/\/www.regionsaris.sk\/historia\/konkatedrala-sv-mikulasa\/#breadcrumb","itemListElement":[{"@type":"ListItem","position":1,"name":"Domov","item":"https:\/\/www.regionsaris.sk\/"},{"@type":"ListItem","position":2,"name":"Hist\u00f3ria regi\u00f3nu","item":"https:\/\/www.regionsaris.sk\/historia-regionu\/"},{"@type":"ListItem","position":3,"name":"Konkatedr\u00e1la sv. Mikul\u00e1\u0161a"}]},{"@type":"WebSite","@id":"https:\/\/www.regionsaris.sk\/#website","url":"https:\/\/www.regionsaris.sk\/","name":"OOCR \u0160ari\u0161","description":"","potentialAction":[{"@type":"SearchAction","target":{"@type":"EntryPoint","urlTemplate":"https:\/\/www.regionsaris.sk\/?s={search_term_string}"},"query-input":{"@type":"PropertyValueSpecification","valueRequired":true,"valueName":"search_term_string"}}],"inLanguage":"es"}]}},"_links":{"self":[{"href":"https:\/\/www.regionsaris.sk\/es\/wp-json\/wp\/v2\/historia\/2025","targetHints":{"allow":["GET"]}}],"collection":[{"href":"https:\/\/www.regionsaris.sk\/es\/wp-json\/wp\/v2\/historia"}],"about":[{"href":"https:\/\/www.regionsaris.sk\/es\/wp-json\/wp\/v2\/types\/historia"}],"wp:featuredmedia":[{"embeddable":true,"href":"https:\/\/www.regionsaris.sk\/es\/wp-json\/wp\/v2\/media\/1056"}],"wp:attachment":[{"href":"https:\/\/www.regionsaris.sk\/es\/wp-json\/wp\/v2\/media?parent=2025"}],"wp:term":[{"taxonomy":"kategoria-poi","embeddable":true,"href":"https:\/\/www.regionsaris.sk\/es\/wp-json\/wp\/v2\/kategoria-poi?post=2025"},{"taxonomy":"lokalita","embeddable":true,"href":"https:\/\/www.regionsaris.sk\/es\/wp-json\/wp\/v2\/lokalita?post=2025"},{"taxonomy":"sezona-poi","embeddable":true,"href":"https:\/\/www.regionsaris.sk\/es\/wp-json\/wp\/v2\/sezona-poi?post=2025"},{"taxonomy":"trvanie-vyletu","embeddable":true,"href":"https:\/\/www.regionsaris.sk\/es\/wp-json\/wp\/v2\/trvanie-vyletu?post=2025"}],"curies":[{"name":"wp","href":"https:\/\/api.w.org\/{rel}","templated":true}]}}